{"id":10,"date":"2018-01-17T01:30:11","date_gmt":"2018-01-17T00:30:11","guid":{"rendered":"http:\/\/charita.sk\/_ute\/?page_id=10"},"modified":"2026-03-04T15:56:02","modified_gmt":"2026-03-04T14:56:02","slug":"kontakt","status":"publish","type":"page","link":"https:\/\/www.charita.sk\/svet\/kontakt\/","title":{"rendered":"Kontakt"},"content":{"rendered":"\n<div class=\"wp-block-columns is-layout-flex wp-container-core-columns-is-layout-9d6595d7 wp-block-columns-is-layout-flex\">\n<div class=\"wp-block-column is-layout-flow wp-block-column-is-layout-flow\"><div class=\"wp-block-image\">\n<figure class=\"aligncenter size-full is-resized\"><img fetchpriority=\"high\" decoding=\"async\" width=\"512\" height=\"512\" src=\"https:\/\/www.charita.sk\/svet\/wp-content\/uploads\/2022\/02\/location-2.png\" alt=\"\" class=\"wp-image-2008\" style=\"width:128px;height:128px\" srcset=\"https:\/\/www.charita.sk\/svet\/wp-content\/uploads\/2022\/02\/location-2.png 512w, https:\/\/www.charita.sk\/svet\/wp-content\/uploads\/2022\/02\/location-2-300x300.png 300w, https:\/\/www.charita.sk\/svet\/wp-content\/uploads\/2022\/02\/location-2-150x150.png 150w\" sizes=\"(max-width: 512px) 100vw, 512px\" \/><\/figure><\/div>\n\n\n<p class=\"has-text-align-center\"><em>Sekcia medzin\u00e1rodnej spolupr\u00e1ce<\/em><br><strong>Slovensk\u00e1 katol\u00edcka charita<\/strong><br>Kapitulsk\u00e1 18 (<a data-gallery=\"\" href=\"http:\/\/localhost\/wordpress-4.9.1-01\/wp-content\/uploads\/2018\/01\/page-ko-map.jpg\">mapa<\/a>)<br>814 15 Bratislava<\/p>\n<\/div>\n\n\n\n<div class=\"wp-block-column is-layout-flow wp-block-column-is-layout-flow\"><div class=\"wp-block-image\">\n<figure class=\"aligncenter size-full is-resized\"><img decoding=\"async\" width=\"512\" height=\"516\" src=\"https:\/\/www.charita.sk\/svet\/wp-content\/uploads\/2022\/02\/contact-us.png\" alt=\"\" class=\"wp-image-2009\" style=\"width:128px;height:129px\" srcset=\"https:\/\/www.charita.sk\/svet\/wp-content\/uploads\/2022\/02\/contact-us.png 512w, https:\/\/www.charita.sk\/svet\/wp-content\/uploads\/2022\/02\/contact-us-298x300.png 298w, https:\/\/www.charita.sk\/svet\/wp-content\/uploads\/2022\/02\/contact-us-150x150.png 150w\" sizes=\"(max-width: 512px) 100vw, 512px\" \/><\/figure><\/div>\n\n\n<p class=\"has-text-align-center\"><em>P\u00ed\u0161te pre viac inform\u00e1ci\u00ed<\/em><br><br><a href=\"mailto:zahranicie@charita.sk\">zahranicie@charita.sk<\/a><\/p>\n<\/div>\n\n\n\n<div class=\"wp-block-column is-layout-flow wp-block-column-is-layout-flow\"><div class=\"wp-block-image\">\n<figure class=\"aligncenter size-full is-resized\"><img decoding=\"async\" width=\"512\" height=\"512\" src=\"https:\/\/www.charita.sk\/svet\/wp-content\/uploads\/2022\/02\/love-2.png\" alt=\"\" class=\"wp-image-2030\" style=\"width:128px;height:128px\" srcset=\"https:\/\/www.charita.sk\/svet\/wp-content\/uploads\/2022\/02\/love-2.png 512w, https:\/\/www.charita.sk\/svet\/wp-content\/uploads\/2022\/02\/love-2-300x300.png 300w, https:\/\/www.charita.sk\/svet\/wp-content\/uploads\/2022\/02\/love-2-150x150.png 150w\" sizes=\"(max-width: 512px) 100vw, 512px\" \/><\/figure><\/div>\n\n\n<p class=\"has-text-align-center\">Podpori\u0165 na\u0161u pr\u00e1cu m\u00f4\u017eete darom na \u00fa\u010det verejnej zbierky \u010clovek v n\u00fadzi:<br><strong>SK93 1100 0000 0029 4546 3097<\/strong><\/p>\n\n\n\n<div class=\"wp-block-buttons is-horizontal is-content-justification-center is-layout-flex wp-container-core-buttons-is-layout-499968f5 wp-block-buttons-is-layout-flex\">\n<div class=\"wp-block-button\"><a class=\"wp-block-button__link has-white-color has-text-color has-background wp-element-button\" style=\"background-color:#c42f41\">\u010eakujeme<\/a><\/div>\n<\/div>\n<\/div>\n<\/div>\n\n\n\n<div class=\"wp-block-columns is-layout-flex wp-container-core-columns-is-layout-9d6595d7 wp-block-columns-is-layout-flex\">\n<div class=\"wp-block-column is-layout-flow wp-block-column-is-layout-flow\"><div class=\"wp-block-image is-style-rounded\">\n<figure class=\"aligncenter size-full is-resized\"><img loading=\"lazy\" decoding=\"async\" width=\"773\" height=\"888\" src=\"https:\/\/www.charita.sk\/svet\/wp-content\/uploads\/2025\/08\/Ninka.jpg\" alt=\"\" class=\"wp-image-3356\" style=\"width:150px;height:150px\" srcset=\"https:\/\/www.charita.sk\/svet\/wp-content\/uploads\/2025\/08\/Ninka.jpg 773w, https:\/\/www.charita.sk\/svet\/wp-content\/uploads\/2025\/08\/Ninka-261x300.jpg 261w, https:\/\/www.charita.sk\/svet\/wp-content\/uploads\/2025\/08\/Ninka-768x882.jpg 768w\" sizes=\"(max-width: 773px) 100vw, 773px\" \/><\/figure><\/div>\n\n\n<p class=\"has-text-align-center\"><strong>Projektov\u00e1 mana\u017e\u00e9rka<\/strong> <br><em>Ved\u00faca sekcie<\/em><br>Nina Remi\u0161ov\u00e1<br><a href=\"mailto:remisova@charita.sk\">remisova@charita.sk<\/a><\/p>\n<\/div>\n\n\n\n<div class=\"wp-block-column is-layout-flow wp-block-column-is-layout-flow\"><div class=\"wp-block-image is-style-rounded\">\n<figure class=\"aligncenter size-full is-resized\"><img loading=\"lazy\" decoding=\"async\" width=\"300\" height=\"300\" src=\"https:\/\/www.charita.sk\/svet\/wp-content\/uploads\/2025\/08\/kolegovia_kontakt.jpg\" alt=\"\" class=\"wp-image-3358\" style=\"width:150px;height:150px\" srcset=\"https:\/\/www.charita.sk\/svet\/wp-content\/uploads\/2025\/08\/kolegovia_kontakt.jpg 300w, https:\/\/www.charita.sk\/svet\/wp-content\/uploads\/2025\/08\/kolegovia_kontakt-150x150.jpg 150w\" sizes=\"(max-width: 300px) 100vw, 300px\" \/><\/figure><\/div>\n\n\n<p class=\"has-text-align-center\"><strong>Projektov\u00fd mana\u017e\u00e9r<\/strong><br>Jozef Ba\u0148as<br><a href=\"mailto:banas@charita.sk\">banas@charita.sk<\/a><\/p>\n<\/div>\n\n\n\n<div class=\"wp-block-column is-layout-flow wp-block-column-is-layout-flow\"><div class=\"wp-block-image is-style-rounded\">\n<figure class=\"aligncenter size-full is-resized\"><img loading=\"lazy\" decoding=\"async\" width=\"300\" height=\"300\" src=\"https:\/\/www.charita.sk\/svet\/wp-content\/uploads\/2025\/08\/kolegovia_kontakt.jpg\" alt=\"\" class=\"wp-image-3358\" style=\"width:150px;height:150px\" srcset=\"https:\/\/www.charita.sk\/svet\/wp-content\/uploads\/2025\/08\/kolegovia_kontakt.jpg 300w, https:\/\/www.charita.sk\/svet\/wp-content\/uploads\/2025\/08\/kolegovia_kontakt-150x150.jpg 150w\" sizes=\"(max-width: 300px) 100vw, 300px\" \/><\/figure><\/div>\n\n\n<p class=\"has-text-align-center\"><strong>Projektov\u00e1 mana\u017e\u00e9rka<\/strong> <br>Dominika&nbsp;Gabl\u00edkov\u00e1<br><a href=\"mailto:banas@charita.sk\">gablikova<\/a><a href=\"mailto:priezvisko@charita.sk\">@charita.sk<\/a><\/p>\n<\/div>\n<\/div>\n\n\n\n<div class=\"wp-block-columns is-layout-flex wp-container-core-columns-is-layout-9d6595d7 wp-block-columns-is-layout-flex\">\n<div class=\"wp-block-column is-layout-flow wp-block-column-is-layout-flow\">\n<p class=\"has-text-align-center\"><\/p>\n<\/div>\n\n\n\n<div class=\"wp-block-column is-layout-flow wp-block-column-is-layout-flow\">\n<p class=\"has-text-align-center\"><\/p>\n<\/div>\n\n\n\n<div class=\"wp-block-column is-layout-flow wp-block-column-is-layout-flow\">\n<p class=\"has-text-align-center\"><\/p>\n<\/div>\n<\/div>\n\n\n\n<div class=\"wp-block-columns is-layout-flex wp-container-core-columns-is-layout-9d6595d7 wp-block-columns-is-layout-flex\">\n<div class=\"wp-block-column is-layout-flow wp-block-column-is-layout-flow\">\n<p class=\"has-text-align-center\"><\/p>\n<\/div>\n\n\n\n<div class=\"wp-block-column is-layout-flow wp-block-column-is-layout-flow\">\n<p class=\"has-text-align-center\"><\/p>\n<\/div>\n\n\n\n<div class=\"wp-block-column is-layout-flow wp-block-column-is-layout-flow\">\n<p class=\"has-text-align-center\"><\/p>\n<\/div>\n<\/div>\n\n\n\n<p class=\"has-text-align-center\"><\/p>\n","protected":false},"excerpt":{"rendered":"<p>Sekcia medzin\u00e1rodnej spolupr\u00e1ceSlovensk\u00e1 katol\u00edcka charitaKapitulsk\u00e1 18 (mapa)814 15 Bratislava P\u00ed\u0161te pre viac [&hellip;]<\/p>\n","protected":false},"author":1,"featured_media":0,"parent":0,"menu_order":0,"comment_status":"closed","ping_status":"closed","template":"","meta":{"footnotes":""},"class_list":["post-10","page","type-page","status-publish","hentry"],"yoast_head":"<!-- This site is optimized with the Yoast SEO plugin v25.4 - https:\/\/yoast.com\/wordpress\/plugins\/seo\/ -->\n<title>Kontakt | Charita vo svete<\/title>\n<meta name=\"robots\" content=\"index, follow, max-snippet:-1, max-image-preview:large, max-video-preview:-1\" \/>\n<link rel=\"canonical\" href=\"https:\/\/www.charita.sk\/svet\/kontakt\/\" \/>\n<meta property=\"og:locale\" content=\"sk_SK\" \/>\n<meta property=\"og:type\" content=\"article\" \/>\n<meta property=\"og:title\" content=\"Kontakt | Charita vo svete\" \/>\n<meta property=\"og:description\" content=\"Sekcia medzin\u00e1rodnej spolupr\u00e1ceSlovensk\u00e1 katol\u00edcka charitaKapitulsk\u00e1 18 (mapa)814 15 Bratislava P\u00ed\u0161te pre viac [&hellip;]\" \/>\n<meta property=\"og:url\" content=\"https:\/\/www.charita.sk\/svet\/kontakt\/\" \/>\n<meta property=\"og:site_name\" content=\"Charita vo svete\" \/>\n<meta property=\"article:publisher\" content=\"https:\/\/www.facebook.com\/CaritasSlovakia\/\" \/>\n<meta property=\"article:modified_time\" content=\"2026-03-04T14:56:02+00:00\" \/>\n<meta property=\"og:image\" content=\"https:\/\/www.charita.sk\/svet\/wp-content\/uploads\/2022\/02\/location-2.png\" \/>\n\t<meta property=\"og:image:width\" content=\"512\" \/>\n\t<meta property=\"og:image:height\" content=\"512\" \/>\n\t<meta property=\"og:image:type\" content=\"image\/png\" \/>\n<meta name=\"twitter:card\" content=\"summary_large_image\" \/>\n<meta name=\"twitter:label1\" content=\"Predpokladan\u00fd \u010das \u010d\u00edtania\" \/>\n\t<meta name=\"twitter:data1\" content=\"2 min\u00faty\" \/>\n<script type=\"application\/ld+json\" class=\"yoast-schema-graph\">{\"@context\":\"https:\/\/schema.org\",\"@graph\":[{\"@type\":\"WebPage\",\"@id\":\"https:\/\/www.charita.sk\/svet\/kontakt\/\",\"url\":\"https:\/\/www.charita.sk\/svet\/kontakt\/\",\"name\":\"Kontakt | Charita vo svete\",\"isPartOf\":{\"@id\":\"https:\/\/www.charita.sk\/svet\/#website\"},\"primaryImageOfPage\":{\"@id\":\"https:\/\/www.charita.sk\/svet\/kontakt\/#primaryimage\"},\"image\":{\"@id\":\"https:\/\/www.charita.sk\/svet\/kontakt\/#primaryimage\"},\"thumbnailUrl\":\"https:\/\/www.charita.sk\/svet\/wp-content\/uploads\/2022\/02\/location-2.png\",\"datePublished\":\"2018-01-17T00:30:11+00:00\",\"dateModified\":\"2026-03-04T14:56:02+00:00\",\"breadcrumb\":{\"@id\":\"https:\/\/www.charita.sk\/svet\/kontakt\/#breadcrumb\"},\"inLanguage\":\"sk-SK\",\"potentialAction\":[{\"@type\":\"ReadAction\",\"target\":[\"https:\/\/www.charita.sk\/svet\/kontakt\/\"]}]},{\"@type\":\"ImageObject\",\"inLanguage\":\"sk-SK\",\"@id\":\"https:\/\/www.charita.sk\/svet\/kontakt\/#primaryimage\",\"url\":\"https:\/\/www.charita.sk\/svet\/wp-content\/uploads\/2022\/02\/location-2.png\",\"contentUrl\":\"https:\/\/www.charita.sk\/svet\/wp-content\/uploads\/2022\/02\/location-2.png\",\"width\":512,\"height\":512},{\"@type\":\"BreadcrumbList\",\"@id\":\"https:\/\/www.charita.sk\/svet\/kontakt\/#breadcrumb\",\"itemListElement\":[{\"@type\":\"ListItem\",\"position\":1,\"name\":\"Domovsk\u00e1 str\u00e1nka\",\"item\":\"https:\/\/www.charita.sk\/svet\/\"},{\"@type\":\"ListItem\",\"position\":2,\"name\":\"Kontakt\"}]},{\"@type\":\"WebSite\",\"@id\":\"https:\/\/www.charita.sk\/svet\/#website\",\"url\":\"https:\/\/www.charita.sk\/svet\/\",\"name\":\"Charita vo svete\",\"description\":\"Slovensk\u00e1 katol\u00edcka charita pom\u00e1ha \u013eu\u010fom v n\u00fadzi vo svete\",\"publisher\":{\"@id\":\"https:\/\/www.charita.sk\/svet\/#organization\"},\"potentialAction\":[{\"@type\":\"SearchAction\",\"target\":{\"@type\":\"EntryPoint\",\"urlTemplate\":\"https:\/\/www.charita.sk\/svet\/?s={search_term_string}\"},\"query-input\":{\"@type\":\"PropertyValueSpecification\",\"valueRequired\":true,\"valueName\":\"search_term_string\"}}],\"inLanguage\":\"sk-SK\"},{\"@type\":\"Organization\",\"@id\":\"https:\/\/www.charita.sk\/svet\/#organization\",\"name\":\"Slovensk\u00e1 katol\u00edcka charita\",\"url\":\"https:\/\/www.charita.sk\/svet\/\",\"logo\":{\"@type\":\"ImageObject\",\"inLanguage\":\"sk-SK\",\"@id\":\"https:\/\/www.charita.sk\/svet\/#\/schema\/logo\/image\/\",\"url\":\"https:\/\/www.charita.sk\/pomoc-utecencom\/wp-content\/uploads\/2020\/11\/logo_pomoc_utecencom.jpg\",\"contentUrl\":\"https:\/\/www.charita.sk\/pomoc-utecencom\/wp-content\/uploads\/2020\/11\/logo_pomoc_utecencom.jpg\",\"width\":1712,\"height\":480,\"caption\":\"Slovensk\u00e1 katol\u00edcka charita\"},\"image\":{\"@id\":\"https:\/\/www.charita.sk\/svet\/#\/schema\/logo\/image\/\"},\"sameAs\":[\"https:\/\/www.facebook.com\/CaritasSlovakia\/\",\"https:\/\/www.instagram.com\/caritas_slovakia\/\",\"https:\/\/www.linkedin.com\/company\/caritas-slovakia-skch-\",\"https:\/\/www.youtube.com\/user\/katolickacharita\"]}]}<\/script>\n<!-- \/ Yoast SEO plugin. -->","yoast_head_json":{"title":"Kontakt | Charita vo svete","robots":{"index":"index","follow":"follow","max-snippet":"max-snippet:-1","max-image-preview":"max-image-preview:large","max-video-preview":"max-video-preview:-1"},"canonical":"https:\/\/www.charita.sk\/svet\/kontakt\/","og_locale":"sk_SK","og_type":"article","og_title":"Kontakt | Charita vo svete","og_description":"Sekcia medzin\u00e1rodnej spolupr\u00e1ceSlovensk\u00e1 katol\u00edcka charitaKapitulsk\u00e1 18 (mapa)814 15 Bratislava P\u00ed\u0161te pre viac [&hellip;]","og_url":"https:\/\/www.charita.sk\/svet\/kontakt\/","og_site_name":"Charita vo svete","article_publisher":"https:\/\/www.facebook.com\/CaritasSlovakia\/","article_modified_time":"2026-03-04T14:56:02+00:00","og_image":[{"width":512,"height":512,"url":"https:\/\/www.charita.sk\/svet\/wp-content\/uploads\/2022\/02\/location-2.png","type":"image\/png"}],"twitter_card":"summary_large_image","twitter_misc":{"Predpokladan\u00fd \u010das \u010d\u00edtania":"2 min\u00faty"},"schema":{"@context":"https:\/\/schema.org","@graph":[{"@type":"WebPage","@id":"https:\/\/www.charita.sk\/svet\/kontakt\/","url":"https:\/\/www.charita.sk\/svet\/kontakt\/","name":"Kontakt | Charita vo svete","isPartOf":{"@id":"https:\/\/www.charita.sk\/svet\/#website"},"primaryImageOfPage":{"@id":"https:\/\/www.charita.sk\/svet\/kontakt\/#primaryimage"},"image":{"@id":"https:\/\/www.charita.sk\/svet\/kontakt\/#primaryimage"},"thumbnailUrl":"https:\/\/www.charita.sk\/svet\/wp-content\/uploads\/2022\/02\/location-2.png","datePublished":"2018-01-17T00:30:11+00:00","dateModified":"2026-03-04T14:56:02+00:00","breadcrumb":{"@id":"https:\/\/www.charita.sk\/svet\/kontakt\/#breadcrumb"},"inLanguage":"sk-SK","potentialAction":[{"@type":"ReadAction","target":["https:\/\/www.charita.sk\/svet\/kontakt\/"]}]},{"@type":"ImageObject","inLanguage":"sk-SK","@id":"https:\/\/www.charita.sk\/svet\/kontakt\/#primaryimage","url":"https:\/\/www.charita.sk\/svet\/wp-content\/uploads\/2022\/02\/location-2.png","contentUrl":"https:\/\/www.charita.sk\/svet\/wp-content\/uploads\/2022\/02\/location-2.png","width":512,"height":512},{"@type":"BreadcrumbList","@id":"https:\/\/www.charita.sk\/svet\/kontakt\/#breadcrumb","itemListElement":[{"@type":"ListItem","position":1,"name":"Domovsk\u00e1 str\u00e1nka","item":"https:\/\/www.charita.sk\/svet\/"},{"@type":"ListItem","position":2,"name":"Kontakt"}]},{"@type":"WebSite","@id":"https:\/\/www.charita.sk\/svet\/#website","url":"https:\/\/www.charita.sk\/svet\/","name":"Charita vo svete","description":"Slovensk\u00e1 katol\u00edcka charita pom\u00e1ha \u013eu\u010fom v n\u00fadzi vo svete","publisher":{"@id":"https:\/\/www.charita.sk\/svet\/#organization"},"potentialAction":[{"@type":"SearchAction","target":{"@type":"EntryPoint","urlTemplate":"https:\/\/www.charita.sk\/svet\/?s={search_term_string}"},"query-input":{"@type":"PropertyValueSpecification","valueRequired":true,"valueName":"search_term_string"}}],"inLanguage":"sk-SK"},{"@type":"Organization","@id":"https:\/\/www.charita.sk\/svet\/#organization","name":"Slovensk\u00e1 katol\u00edcka charita","url":"https:\/\/www.charita.sk\/svet\/","logo":{"@type":"ImageObject","inLanguage":"sk-SK","@id":"https:\/\/www.charita.sk\/svet\/#\/schema\/logo\/image\/","url":"https:\/\/www.charita.sk\/pomoc-utecencom\/wp-content\/uploads\/2020\/11\/logo_pomoc_utecencom.jpg","contentUrl":"https:\/\/www.charita.sk\/pomoc-utecencom\/wp-content\/uploads\/2020\/11\/logo_pomoc_utecencom.jpg","width":1712,"height":480,"caption":"Slovensk\u00e1 katol\u00edcka charita"},"image":{"@id":"https:\/\/www.charita.sk\/svet\/#\/schema\/logo\/image\/"},"sameAs":["https:\/\/www.facebook.com\/CaritasSlovakia\/","https:\/\/www.instagram.com\/caritas_slovakia\/","https:\/\/www.linkedin.com\/company\/caritas-slovakia-skch-","https:\/\/www.youtube.com\/user\/katolickacharita"]}]}},"featured_image_src":null,"featured_image_src_square":null,"_links":{"self":[{"href":"https:\/\/www.charita.sk\/svet\/wp-json\/wp\/v2\/pages\/10","targetHints":{"allow":["GET"]}}],"collection":[{"href":"https:\/\/www.charita.sk\/svet\/wp-json\/wp\/v2\/pages"}],"about":[{"href":"https:\/\/www.charita.sk\/svet\/wp-json\/wp\/v2\/types\/page"}],"author":[{"embeddable":true,"href":"https:\/\/www.charita.sk\/svet\/wp-json\/wp\/v2\/users\/1"}],"replies":[{"embeddable":true,"href":"https:\/\/www.charita.sk\/svet\/wp-json\/wp\/v2\/comments?post=10"}],"version-history":[{"count":50,"href":"https:\/\/www.charita.sk\/svet\/wp-json\/wp\/v2\/pages\/10\/revisions"}],"predecessor-version":[{"id":3553,"href":"https:\/\/www.charita.sk\/svet\/wp-json\/wp\/v2\/pages\/10\/revisions\/3553"}],"wp:attachment":[{"href":"https:\/\/www.charita.sk\/svet\/wp-json\/wp\/v2\/media?parent=10"}],"curies":[{"name":"wp","href":"https:\/\/api.w.org\/{rel}","templated":true}]}}