{"id":1010,"date":"2020-10-09T09:48:37","date_gmt":"2020-10-09T07:48:37","guid":{"rendered":"https:\/\/charita.sk\/pomoc-utecencom\/?page_id=1010"},"modified":"2025-01-23T10:53:38","modified_gmt":"2025-01-23T09:53:38","slug":"materialna-a-psychosocialna-podpora-pre-vnutorne-vysidlene-osoby-v-regione-dnipro","status":"publish","type":"page","link":"https:\/\/www.charita.sk\/svet\/materialna-a-psychosocialna-podpora-pre-vnutorne-vysidlene-osoby-v-regione-dnipro\/","title":{"rendered":"Materi\u00e1lna a psychosoci\u00e1lna podpora pre vn\u00fatorne vys\u00eddlen\u00e9 osoby v regi\u00f3ne Dnipro"},"content":{"rendered":"\n<p class=\"has-white-color has-text-color has-background\" style=\"background-color:#c42f41\"><strong>N\u00e1zov projektu:<\/strong>&nbsp;Materi\u00e1lna a psychosoci\u00e1lna podpora pre vn\u00fatorne vys\u00eddlen\u00e9 osoby v regi\u00f3ne Dnipro<br><strong>Miesto implement\u00e1cie:<\/strong>&nbsp;Dnipro, Ukrajina<br><strong>Obdobie podpory projektu:<\/strong>&nbsp;november 2020 \u2013 okt\u00f3ber 2021<br><strong>Partner:<\/strong> Caritas Donetsk<br><strong>Po\u010det pr\u00edjemcov pomoci:<\/strong>&nbsp;600 priamych + 1200 nepriamych prij\u00edmate\u013eov pomoci<\/p>\n\n\n\n<p class=\"has-text-align-center has-background\" style=\"background-color:#eeeeee\"><strong>Projekt je spolufinancovan\u00fd z programu ofici\u00e1lnej rozvojovej pomoci SR,&nbsp;<a href=\"http:\/\/slovakaid.sk\/\">SlovakAid<\/a>.<\/strong><\/p>\n\n\n\n<p>Cie\u013eom projektu je poskytn\u00fa\u0165 600 rodin\u00e1m IDPs (vn\u00fatorne vys\u00eddlen\u00e9 osoby) humanit\u00e1rnu pomoc prostredn\u00edctvom distrib\u00facie pouk\u00e1\u017eok na lieky, hygienick\u00e9 potreby, potraviny a pon\u00faknu\u0165 im psychologick\u00fa pomoc zameran\u00fa na posilnenie porozumenia v komunite, budovanie mieru, rie\u0161enie konfliktov a vyu\u017e\u00edvanie pozit\u00edvnych strat\u00e9gi\u00ed zvl\u00e1dania stresu.<\/p>\n\n\n\n<p>Po\u010das prv\u00e9ho mesiaca projektu lok\u00e1lny t\u00edm nav\u0161t\u00edvi v\u0161etky miesta, kde bude projekt realizovan\u00fd, aby mohol nadviaza\u0165 vz\u0165ahy s komunitami, \u0161\u00edri\u0165 inform\u00e1cie o projekte a vybera\u0165 pr\u00edjemcov pomoci.<\/p>\n\n\n\n<p>V priebehu mesiacov 2 &#8211; 11 sa projektov\u00e9 \u010dinnosti zrealizuj\u00fa na 10 miestach v najvzdialenej\u0161\u00edch \u010dastiach Dnipropetrovskej oblasti a bud\u00fa zah\u0155\u0148a\u0165 poskytovanie humanit\u00e1rnej pomoci a\u017e 600 rodin\u00e1m IDP (600 priamych + 1200 nepriamych prij\u00edmate\u013eov pomoci) vyd\u00e1van\u00edm pouk\u00e1\u017eok na potraviny s&nbsp;hygienick\u00fdmi potrebami a lieky a poskytovan\u00edm dvojd\u0148ov\u00fdch psychologick\u00fdch \u0161kolen\u00ed prostredn\u00edctvom sk\u00fasen\u00e9ho psychol\u00f3ga a&nbsp;soci\u00e1lenho pracovn\u00edka.<\/p>\n\n\n\n<p class=\"has-text-align-center has-background\" style=\"background-color:#eeeeee\">Psychologick\u00e9 \u0161kolenia realizujeme aj v\u010faka finan\u010dnej podpore projektu <a rel=\"noreferrer noopener\" href=\"https:\/\/adopcianadialku.sk\" target=\"_blank\">Adopcia na dia\u013eku\u00ae<\/a>.<\/p>\n\n\n\n<p>Syst\u00e9m pouk\u00e1\u017eok bol vybran\u00fd na z\u00e1klade predch\u00e1dzaj\u00facich pozit\u00edvnych sk\u00fasenost\u00ed s humanit\u00e1rnymi projektmi v&nbsp;danej oblasti. Pouk\u00e1\u017eky sa uprednost\u0148uj\u00fa pred balen\u00edm potrav\u00edn a hygienick\u00fdch bal\u00ed\u010dkov a so s\u00fapravou liekov, preto\u017ee pr\u00edjemcovia si m\u00f4\u017eu slobodne vybra\u0165, \u010do si k\u00fapia v z\u00e1vislosti od svojich potrieb. Pouk\u00e1\u017eky s\u00fa tie\u017e preferovan\u00e9 pred hotovos\u0165ou kv\u00f4li da\u0148ov\u00fdm predpisom v krajine.<\/p>\n\n\n\n<p>Hlavnou cie\u013eovou skupinou s\u00fa zranite\u013en\u00e9 \u200b\u200brodiny vn\u00fatorne vys\u00eddlen\u00fdch os\u00f4b s \u0165a\u017eko chor\u00fdmi rodinn\u00fdmi pr\u00edslu\u0161n\u00edkmi alebo rodiny s n\u00edzkym pr\u00edjmom, ktor\u00e9 nepokr\u00fdvaj\u00fa z\u00e1kladn\u00e9 potreby, osamel\u00e9 matky a rodiny, ktor\u00e9 sa staraj\u00fa o deti. Po\u010das posledn\u00e9ho &#8211; 12. mesiaca &#8211; projektu sa uskuto\u010dnia \u0161t\u00fadie zameran\u00e9 na cie\u013eov\u00e9 skupiny s pr\u00edjemcami ka\u017edej nav\u0161t\u00edvenej komunity IDP, aby sa vyhodnotila kvalita projektov\u00fdch slu\u017eieb a vplyv projektu na pr\u00edjemcov a z\u00e1rove\u0148 sa urobil hlb\u0161\u00ed monitoring potrieb sl\u00fa\u017eiaci pre \u010fal\u0161ie projekty.<\/p>\n\n\n\n<div class=\"wp-block-buttons is-content-justification-center is-layout-flex wp-container-core-buttons-is-layout-16018d1d wp-block-buttons-is-layout-flex\">\n<div class=\"wp-block-button\"><a class=\"wp-block-button__link has-white-color has-text-color has-background wp-element-button\" href=\"https:\/\/charita.darujme.sk\/pomozme-ukrajine\/\" style=\"background-color:#d9cb9e\" target=\"_blank\" rel=\"noreferrer noopener\">Posla\u0165 pouk\u00e1\u017eku<\/a><\/div>\n<\/div>\n\n\n\n<figure class=\"wp-block-gallery has-nested-images columns-default is-cropped wp-block-gallery-1 is-layout-flex wp-block-gallery-is-layout-flex\">\n<figure class=\"wp-block-image size-large\"><img decoding=\"async\" width=\"300\" height=\"125\" data-id=\"697\" src=\"https:\/\/www.charita.sk\/svet\/wp-content\/uploads\/2019\/11\/Partneri-3.png\" alt=\"\" class=\"wp-image-697\"\/><\/figure>\n\n\n\n<figure class=\"wp-block-image size-large\"><img decoding=\"async\" width=\"300\" height=\"125\" data-id=\"1013\" src=\"https:\/\/www.charita.sk\/svet\/wp-content\/uploads\/2020\/10\/caritas_donetsk_logo.png\" alt=\"\" class=\"wp-image-1013\"\/><\/figure>\n<\/figure>\n\n\n\n<p><strong>Fotografie od Caritas Donetsk z podobn\u00e9ho projektu<\/strong><\/p>\n\n\n\n<figure class=\"wp-block-gallery has-nested-images columns-default is-cropped wp-block-gallery-2 is-layout-flex wp-block-gallery-is-layout-flex\">\n<figure class=\"wp-block-image size-large\"><a href=\"https:\/\/www.charita.sk\/svet\/wp-content\/uploads\/2020\/10\/92947936_2725027814261706_8215418915577135104_o.jpg\"><img fetchpriority=\"high\" decoding=\"async\" width=\"1024\" height=\"760\" data-id=\"1016\" src=\"https:\/\/www.charita.sk\/svet\/wp-content\/uploads\/2020\/10\/92947936_2725027814261706_8215418915577135104_o-1024x760.jpg\" alt=\"\" class=\"wp-image-1016\" srcset=\"https:\/\/www.charita.sk\/svet\/wp-content\/uploads\/2020\/10\/92947936_2725027814261706_8215418915577135104_o-1024x760.jpg 1024w, https:\/\/www.charita.sk\/svet\/wp-content\/uploads\/2020\/10\/92947936_2725027814261706_8215418915577135104_o-300x223.jpg 300w, https:\/\/www.charita.sk\/svet\/wp-content\/uploads\/2020\/10\/92947936_2725027814261706_8215418915577135104_o-768x570.jpg 768w, https:\/\/www.charita.sk\/svet\/wp-content\/uploads\/2020\/10\/92947936_2725027814261706_8215418915577135104_o-1536x1140.jpg 1536w, https:\/\/www.charita.sk\/svet\/wp-content\/uploads\/2020\/10\/92947936_2725027814261706_8215418915577135104_o.jpg 1600w\" sizes=\"(max-width: 1024px) 100vw, 1024px\" \/><\/a><\/figure>\n\n\n\n<figure class=\"wp-block-image size-large\"><a href=\"https:\/\/www.charita.sk\/svet\/wp-content\/uploads\/2020\/10\/118864468_3107342052696945_2183571743162559766_n.jpg\"><img loading=\"lazy\" decoding=\"async\" width=\"960\" height=\"640\" data-id=\"1017\" src=\"https:\/\/www.charita.sk\/svet\/wp-content\/uploads\/2020\/10\/118864468_3107342052696945_2183571743162559766_n.jpg\" alt=\"\" class=\"wp-image-1017\" srcset=\"https:\/\/www.charita.sk\/svet\/wp-content\/uploads\/2020\/10\/118864468_3107342052696945_2183571743162559766_n.jpg 960w, https:\/\/www.charita.sk\/svet\/wp-content\/uploads\/2020\/10\/118864468_3107342052696945_2183571743162559766_n-300x200.jpg 300w, https:\/\/www.charita.sk\/svet\/wp-content\/uploads\/2020\/10\/118864468_3107342052696945_2183571743162559766_n-768x512.jpg 768w, https:\/\/www.charita.sk\/svet\/wp-content\/uploads\/2020\/10\/118864468_3107342052696945_2183571743162559766_n-600x400.jpg 600w\" sizes=\"(max-width: 960px) 100vw, 960px\" \/><\/a><\/figure>\n\n\n\n<figure class=\"wp-block-image size-large\"><a href=\"https:\/\/www.charita.sk\/svet\/wp-content\/uploads\/2020\/10\/116221604_2995440253887126_7837276906612263289_o.jpg\"><img loading=\"lazy\" decoding=\"async\" width=\"1024\" height=\"768\" data-id=\"1018\" src=\"https:\/\/www.charita.sk\/svet\/wp-content\/uploads\/2020\/10\/116221604_2995440253887126_7837276906612263289_o-1024x768.jpg\" alt=\"\" class=\"wp-image-1018\" srcset=\"https:\/\/www.charita.sk\/svet\/wp-content\/uploads\/2020\/10\/116221604_2995440253887126_7837276906612263289_o-1024x768.jpg 1024w, https:\/\/www.charita.sk\/svet\/wp-content\/uploads\/2020\/10\/116221604_2995440253887126_7837276906612263289_o-300x225.jpg 300w, https:\/\/www.charita.sk\/svet\/wp-content\/uploads\/2020\/10\/116221604_2995440253887126_7837276906612263289_o-768x576.jpg 768w, https:\/\/www.charita.sk\/svet\/wp-content\/uploads\/2020\/10\/116221604_2995440253887126_7837276906612263289_o-1536x1152.jpg 1536w, https:\/\/www.charita.sk\/svet\/wp-content\/uploads\/2020\/10\/116221604_2995440253887126_7837276906612263289_o.jpg 1600w\" sizes=\"(max-width: 1024px) 100vw, 1024px\" \/><\/a><\/figure>\n<\/figure>\n\n\n\n<p><\/p>\n","protected":false},"excerpt":{"rendered":"<p>N\u00e1zov projektu:&nbsp;Materi\u00e1lna a psychosoci\u00e1lna podpora pre vn\u00fatorne vys\u00eddlen\u00e9 osoby v regi\u00f3ne DniproMiesto [&hellip;]<\/p>\n","protected":false},"author":2,"featured_media":0,"parent":0,"menu_order":0,"comment_status":"closed","ping_status":"closed","template":"","meta":{"footnotes":""},"class_list":["post-1010","page","type-page","status-publish","hentry"],"yoast_head":"<!-- This site is optimized with the Yoast SEO plugin v25.4 - https:\/\/yoast.com\/wordpress\/plugins\/seo\/ -->\n<title>Materi\u00e1lna a psychosoci\u00e1lna podpora pre vn\u00fatorne vys\u00eddlen\u00e9 osoby v regi\u00f3ne Dnipro | Charita vo svete<\/title>\n<meta name=\"robots\" content=\"index, follow, max-snippet:-1, max-image-preview:large, max-video-preview:-1\" \/>\n<link rel=\"canonical\" href=\"https:\/\/www.charita.sk\/svet\/materialna-a-psychosocialna-podpora-pre-vnutorne-vysidlene-osoby-v-regione-dnipro\/\" \/>\n<meta property=\"og:locale\" content=\"sk_SK\" \/>\n<meta property=\"og:type\" content=\"article\" \/>\n<meta property=\"og:title\" content=\"Materi\u00e1lna a psychosoci\u00e1lna podpora pre vn\u00fatorne vys\u00eddlen\u00e9 osoby v regi\u00f3ne Dnipro | Charita vo svete\" \/>\n<meta property=\"og:description\" content=\"N\u00e1zov projektu:&nbsp;Materi\u00e1lna a psychosoci\u00e1lna podpora pre vn\u00fatorne vys\u00eddlen\u00e9 osoby v regi\u00f3ne DniproMiesto [&hellip;]\" \/>\n<meta property=\"og:url\" content=\"https:\/\/www.charita.sk\/svet\/materialna-a-psychosocialna-podpora-pre-vnutorne-vysidlene-osoby-v-regione-dnipro\/\" \/>\n<meta property=\"og:site_name\" content=\"Charita vo svete\" \/>\n<meta property=\"article:publisher\" content=\"https:\/\/www.facebook.com\/CaritasSlovakia\/\" \/>\n<meta property=\"article:modified_time\" content=\"2025-01-23T09:53:38+00:00\" \/>\n<meta property=\"og:image\" content=\"https:\/\/www.charita.sk\/svet\/wp-content\/uploads\/2019\/11\/Partneri-3.png\" \/>\n\t<meta property=\"og:image:width\" content=\"300\" \/>\n\t<meta property=\"og:image:height\" content=\"125\" \/>\n\t<meta property=\"og:image:type\" content=\"image\/png\" \/>\n<meta name=\"twitter:card\" content=\"summary_large_image\" \/>\n<meta name=\"twitter:label1\" content=\"Predpokladan\u00fd \u010das \u010d\u00edtania\" \/>\n\t<meta name=\"twitter:data1\" content=\"3 min\u00faty\" \/>\n<script type=\"application\/ld+json\" class=\"yoast-schema-graph\">{\"@context\":\"https:\/\/schema.org\",\"@graph\":[{\"@type\":\"WebPage\",\"@id\":\"https:\/\/www.charita.sk\/svet\/materialna-a-psychosocialna-podpora-pre-vnutorne-vysidlene-osoby-v-regione-dnipro\/\",\"url\":\"https:\/\/www.charita.sk\/svet\/materialna-a-psychosocialna-podpora-pre-vnutorne-vysidlene-osoby-v-regione-dnipro\/\",\"name\":\"Materi\u00e1lna a psychosoci\u00e1lna podpora pre vn\u00fatorne vys\u00eddlen\u00e9 osoby v regi\u00f3ne Dnipro | Charita vo svete\",\"isPartOf\":{\"@id\":\"https:\/\/www.charita.sk\/svet\/#website\"},\"primaryImageOfPage\":{\"@id\":\"https:\/\/www.charita.sk\/svet\/materialna-a-psychosocialna-podpora-pre-vnutorne-vysidlene-osoby-v-regione-dnipro\/#primaryimage\"},\"image\":{\"@id\":\"https:\/\/www.charita.sk\/svet\/materialna-a-psychosocialna-podpora-pre-vnutorne-vysidlene-osoby-v-regione-dnipro\/#primaryimage\"},\"thumbnailUrl\":\"https:\/\/www.charita.sk\/svet\/wp-content\/uploads\/2019\/11\/Partneri-3.png\",\"datePublished\":\"2020-10-09T07:48:37+00:00\",\"dateModified\":\"2025-01-23T09:53:38+00:00\",\"breadcrumb\":{\"@id\":\"https:\/\/www.charita.sk\/svet\/materialna-a-psychosocialna-podpora-pre-vnutorne-vysidlene-osoby-v-regione-dnipro\/#breadcrumb\"},\"inLanguage\":\"sk-SK\",\"potentialAction\":[{\"@type\":\"ReadAction\",\"target\":[\"https:\/\/www.charita.sk\/svet\/materialna-a-psychosocialna-podpora-pre-vnutorne-vysidlene-osoby-v-regione-dnipro\/\"]}]},{\"@type\":\"ImageObject\",\"inLanguage\":\"sk-SK\",\"@id\":\"https:\/\/www.charita.sk\/svet\/materialna-a-psychosocialna-podpora-pre-vnutorne-vysidlene-osoby-v-regione-dnipro\/#primaryimage\",\"url\":\"https:\/\/www.charita.sk\/svet\/wp-content\/uploads\/2019\/11\/Partneri-3.png\",\"contentUrl\":\"https:\/\/www.charita.sk\/svet\/wp-content\/uploads\/2019\/11\/Partneri-3.png\"},{\"@type\":\"BreadcrumbList\",\"@id\":\"https:\/\/www.charita.sk\/svet\/materialna-a-psychosocialna-podpora-pre-vnutorne-vysidlene-osoby-v-regione-dnipro\/#breadcrumb\",\"itemListElement\":[{\"@type\":\"ListItem\",\"position\":1,\"name\":\"Domovsk\u00e1 str\u00e1nka\",\"item\":\"https:\/\/www.charita.sk\/svet\/\"},{\"@type\":\"ListItem\",\"position\":2,\"name\":\"Materi\u00e1lna a psychosoci\u00e1lna podpora pre vn\u00fatorne vys\u00eddlen\u00e9 osoby v regi\u00f3ne Dnipro\"}]},{\"@type\":\"WebSite\",\"@id\":\"https:\/\/www.charita.sk\/svet\/#website\",\"url\":\"https:\/\/www.charita.sk\/svet\/\",\"name\":\"Charita vo svete\",\"description\":\"Slovensk\u00e1 katol\u00edcka charita pom\u00e1ha \u013eu\u010fom v n\u00fadzi vo svete\",\"publisher\":{\"@id\":\"https:\/\/www.charita.sk\/svet\/#organization\"},\"potentialAction\":[{\"@type\":\"SearchAction\",\"target\":{\"@type\":\"EntryPoint\",\"urlTemplate\":\"https:\/\/www.charita.sk\/svet\/?s={search_term_string}\"},\"query-input\":{\"@type\":\"PropertyValueSpecification\",\"valueRequired\":true,\"valueName\":\"search_term_string\"}}],\"inLanguage\":\"sk-SK\"},{\"@type\":\"Organization\",\"@id\":\"https:\/\/www.charita.sk\/svet\/#organization\",\"name\":\"Slovensk\u00e1 katol\u00edcka charita\",\"url\":\"https:\/\/www.charita.sk\/svet\/\",\"logo\":{\"@type\":\"ImageObject\",\"inLanguage\":\"sk-SK\",\"@id\":\"https:\/\/www.charita.sk\/svet\/#\/schema\/logo\/image\/\",\"url\":\"https:\/\/www.charita.sk\/pomoc-utecencom\/wp-content\/uploads\/2020\/11\/logo_pomoc_utecencom.jpg\",\"contentUrl\":\"https:\/\/www.charita.sk\/pomoc-utecencom\/wp-content\/uploads\/2020\/11\/logo_pomoc_utecencom.jpg\",\"width\":1712,\"height\":480,\"caption\":\"Slovensk\u00e1 katol\u00edcka charita\"},\"image\":{\"@id\":\"https:\/\/www.charita.sk\/svet\/#\/schema\/logo\/image\/\"},\"sameAs\":[\"https:\/\/www.facebook.com\/CaritasSlovakia\/\",\"https:\/\/www.instagram.com\/caritas_slovakia\/\",\"https:\/\/www.linkedin.com\/company\/caritas-slovakia-skch-\",\"https:\/\/www.youtube.com\/user\/katolickacharita\"]}]}<\/script>\n<!-- \/ Yoast SEO plugin. -->","yoast_head_json":{"title":"Materi\u00e1lna a psychosoci\u00e1lna podpora pre vn\u00fatorne vys\u00eddlen\u00e9 osoby v regi\u00f3ne Dnipro | Charita vo svete","robots":{"index":"index","follow":"follow","max-snippet":"max-snippet:-1","max-image-preview":"max-image-preview:large","max-video-preview":"max-video-preview:-1"},"canonical":"https:\/\/www.charita.sk\/svet\/materialna-a-psychosocialna-podpora-pre-vnutorne-vysidlene-osoby-v-regione-dnipro\/","og_locale":"sk_SK","og_type":"article","og_title":"Materi\u00e1lna a psychosoci\u00e1lna podpora pre vn\u00fatorne vys\u00eddlen\u00e9 osoby v regi\u00f3ne Dnipro | Charita vo svete","og_description":"N\u00e1zov projektu:&nbsp;Materi\u00e1lna a psychosoci\u00e1lna podpora pre vn\u00fatorne vys\u00eddlen\u00e9 osoby v regi\u00f3ne DniproMiesto [&hellip;]","og_url":"https:\/\/www.charita.sk\/svet\/materialna-a-psychosocialna-podpora-pre-vnutorne-vysidlene-osoby-v-regione-dnipro\/","og_site_name":"Charita vo svete","article_publisher":"https:\/\/www.facebook.com\/CaritasSlovakia\/","article_modified_time":"2025-01-23T09:53:38+00:00","og_image":[{"width":300,"height":125,"url":"https:\/\/www.charita.sk\/svet\/wp-content\/uploads\/2019\/11\/Partneri-3.png","type":"image\/png"}],"twitter_card":"summary_large_image","twitter_misc":{"Predpokladan\u00fd \u010das \u010d\u00edtania":"3 min\u00faty"},"schema":{"@context":"https:\/\/schema.org","@graph":[{"@type":"WebPage","@id":"https:\/\/www.charita.sk\/svet\/materialna-a-psychosocialna-podpora-pre-vnutorne-vysidlene-osoby-v-regione-dnipro\/","url":"https:\/\/www.charita.sk\/svet\/materialna-a-psychosocialna-podpora-pre-vnutorne-vysidlene-osoby-v-regione-dnipro\/","name":"Materi\u00e1lna a psychosoci\u00e1lna podpora pre vn\u00fatorne vys\u00eddlen\u00e9 osoby v regi\u00f3ne Dnipro | Charita vo svete","isPartOf":{"@id":"https:\/\/www.charita.sk\/svet\/#website"},"primaryImageOfPage":{"@id":"https:\/\/www.charita.sk\/svet\/materialna-a-psychosocialna-podpora-pre-vnutorne-vysidlene-osoby-v-regione-dnipro\/#primaryimage"},"image":{"@id":"https:\/\/www.charita.sk\/svet\/materialna-a-psychosocialna-podpora-pre-vnutorne-vysidlene-osoby-v-regione-dnipro\/#primaryimage"},"thumbnailUrl":"https:\/\/www.charita.sk\/svet\/wp-content\/uploads\/2019\/11\/Partneri-3.png","datePublished":"2020-10-09T07:48:37+00:00","dateModified":"2025-01-23T09:53:38+00:00","breadcrumb":{"@id":"https:\/\/www.charita.sk\/svet\/materialna-a-psychosocialna-podpora-pre-vnutorne-vysidlene-osoby-v-regione-dnipro\/#breadcrumb"},"inLanguage":"sk-SK","potentialAction":[{"@type":"ReadAction","target":["https:\/\/www.charita.sk\/svet\/materialna-a-psychosocialna-podpora-pre-vnutorne-vysidlene-osoby-v-regione-dnipro\/"]}]},{"@type":"ImageObject","inLanguage":"sk-SK","@id":"https:\/\/www.charita.sk\/svet\/materialna-a-psychosocialna-podpora-pre-vnutorne-vysidlene-osoby-v-regione-dnipro\/#primaryimage","url":"https:\/\/www.charita.sk\/svet\/wp-content\/uploads\/2019\/11\/Partneri-3.png","contentUrl":"https:\/\/www.charita.sk\/svet\/wp-content\/uploads\/2019\/11\/Partneri-3.png"},{"@type":"BreadcrumbList","@id":"https:\/\/www.charita.sk\/svet\/materialna-a-psychosocialna-podpora-pre-vnutorne-vysidlene-osoby-v-regione-dnipro\/#breadcrumb","itemListElement":[{"@type":"ListItem","position":1,"name":"Domovsk\u00e1 str\u00e1nka","item":"https:\/\/www.charita.sk\/svet\/"},{"@type":"ListItem","position":2,"name":"Materi\u00e1lna a psychosoci\u00e1lna podpora pre vn\u00fatorne vys\u00eddlen\u00e9 osoby v regi\u00f3ne Dnipro"}]},{"@type":"WebSite","@id":"https:\/\/www.charita.sk\/svet\/#website","url":"https:\/\/www.charita.sk\/svet\/","name":"Charita vo svete","description":"Slovensk\u00e1 katol\u00edcka charita pom\u00e1ha \u013eu\u010fom v n\u00fadzi vo svete","publisher":{"@id":"https:\/\/www.charita.sk\/svet\/#organization"},"potentialAction":[{"@type":"SearchAction","target":{"@type":"EntryPoint","urlTemplate":"https:\/\/www.charita.sk\/svet\/?s={search_term_string}"},"query-input":{"@type":"PropertyValueSpecification","valueRequired":true,"valueName":"search_term_string"}}],"inLanguage":"sk-SK"},{"@type":"Organization","@id":"https:\/\/www.charita.sk\/svet\/#organization","name":"Slovensk\u00e1 katol\u00edcka charita","url":"https:\/\/www.charita.sk\/svet\/","logo":{"@type":"ImageObject","inLanguage":"sk-SK","@id":"https:\/\/www.charita.sk\/svet\/#\/schema\/logo\/image\/","url":"https:\/\/www.charita.sk\/pomoc-utecencom\/wp-content\/uploads\/2020\/11\/logo_pomoc_utecencom.jpg","contentUrl":"https:\/\/www.charita.sk\/pomoc-utecencom\/wp-content\/uploads\/2020\/11\/logo_pomoc_utecencom.jpg","width":1712,"height":480,"caption":"Slovensk\u00e1 katol\u00edcka charita"},"image":{"@id":"https:\/\/www.charita.sk\/svet\/#\/schema\/logo\/image\/"},"sameAs":["https:\/\/www.facebook.com\/CaritasSlovakia\/","https:\/\/www.instagram.com\/caritas_slovakia\/","https:\/\/www.linkedin.com\/company\/caritas-slovakia-skch-","https:\/\/www.youtube.com\/user\/katolickacharita"]}]}},"featured_image_src":null,"featured_image_src_square":null,"_links":{"self":[{"href":"https:\/\/www.charita.sk\/svet\/wp-json\/wp\/v2\/pages\/1010","targetHints":{"allow":["GET"]}}],"collection":[{"href":"https:\/\/www.charita.sk\/svet\/wp-json\/wp\/v2\/pages"}],"about":[{"href":"https:\/\/www.charita.sk\/svet\/wp-json\/wp\/v2\/types\/page"}],"author":[{"embeddable":true,"href":"https:\/\/www.charita.sk\/svet\/wp-json\/wp\/v2\/users\/2"}],"replies":[{"embeddable":true,"href":"https:\/\/www.charita.sk\/svet\/wp-json\/wp\/v2\/comments?post=1010"}],"version-history":[{"count":10,"href":"https:\/\/www.charita.sk\/svet\/wp-json\/wp\/v2\/pages\/1010\/revisions"}],"predecessor-version":[{"id":3161,"href":"https:\/\/www.charita.sk\/svet\/wp-json\/wp\/v2\/pages\/1010\/revisions\/3161"}],"wp:attachment":[{"href":"https:\/\/www.charita.sk\/svet\/wp-json\/wp\/v2\/media?parent=1010"}],"curies":[{"name":"wp","href":"https:\/\/api.w.org\/{rel}","templated":true}]}}