{"id":1093,"date":"2020-11-06T15:12:00","date_gmt":"2020-11-06T14:12:00","guid":{"rendered":"https:\/\/charita.sk\/pomoc-utecencom\/?page_id=1093"},"modified":"2026-03-04T15:39:59","modified_gmt":"2026-03-04T14:39:59","slug":"ako-prispiet","status":"publish","type":"page","link":"https:\/\/www.charita.sk\/svet\/ako-prispiet\/","title":{"rendered":"Ako prispie\u0165"},"content":{"rendered":"\n<div class=\"wp-block-columns is-layout-flex wp-container-core-columns-is-layout-9d6595d7 wp-block-columns-is-layout-flex\">\n<div class=\"wp-block-column is-layout-flow wp-block-column-is-layout-flow\">\n<p class=\"has-text-align-center has-white-color has-vivid-red-background-color has-text-color has-background\"><strong>bankov\u00fdm prevodom<\/strong><\/p>\n\n\n\n<p class=\"has-text-align-center\">na \u00fa\u010det verejnej zbierky \u010clovek v n\u00fadzi:<\/p>\n\n\n\n<p class=\"has-text-align-center\"><strong>SK93 1100 0000 0029 4546 3097<\/strong><\/p>\n\n\n\n<p class=\"has-text-align-center\">Variabiln\u00e9 symboly:<\/p>\n\n\n\n<p class=\"has-text-align-center\"><strong>Ukrajina:<\/strong> 380<br><strong>Bl\u00edzky v\u00fdchod<\/strong> (S\u00fdria, Irak, Libanon,<br>Palest\u00edna): 5090<\/p>\n\n\n<div class=\"wp-block-image is-resized\">\n<figure class=\"aligncenter size-thumbnail\"><img decoding=\"async\" width=\"150\" height=\"150\" src=\"https:\/\/www.charita.sk\/svet\/wp-content\/uploads\/2023\/03\/clovek_v_nudzi_pbsqr-150x150.png\" alt=\"\" class=\"wp-image-2390\" style=\"aspect-ratio:1;object-fit:cover\"\/><\/figure><\/div><\/div>\n\n\n\n<div class=\"wp-block-column is-layout-flow wp-block-column-is-layout-flow\">\n<p class=\"has-text-align-center has-white-color has-vivid-red-background-color has-text-color has-background\"><strong>online<\/strong><\/p>\n\n\n\n<p class=\"has-text-align-center\">cez na\u0161e darcovsk\u00e9 v\u00fdzvy na darujme.sk<\/p>\n\n\n\n<p class=\"has-text-align-center\"><strong><a href=\"https:\/\/charita.darujme.sk\/svet\/\">Pomoc vo svete<\/a><\/strong><\/p>\n\n\n\n<p class=\"has-text-align-center\"><a href=\"https:\/\/charita.darujme.sk\/pomozme-ukrajine\/\" target=\"_blank\" rel=\"noreferrer noopener\"><strong>Pom\u00f4\u017eme Ukrajine<\/strong><\/a><\/p>\n\n\n<div class=\"wp-block-image is-resized\">\n<figure class=\"aligncenter size-large\"><img decoding=\"async\" width=\"300\" height=\"100\" src=\"https:\/\/www.charita.sk\/svet\/wp-content\/uploads\/2020\/11\/klik_online.png\" alt=\"\" class=\"wp-image-1126\"\/><\/figure><\/div><\/div>\n\n\n\n<div class=\"wp-block-column is-layout-flow wp-block-column-is-layout-flow\">\n<p class=\"has-text-align-center has-white-color has-vivid-red-background-color has-text-color has-background\"><strong>modlitbou<\/strong><\/p>\n\n\n\n<p class=\"has-text-align-center\">za \u013eud\u00ed vo svete, ktor\u00ed trpia akouko\u013evek n\u00fadzou<\/p>\n\n\n\n<p class=\"has-text-align-center\"><strong>\u010eakujeme<\/strong><\/p>\n\n\n<div class=\"wp-block-image is-resized\">\n<figure class=\"aligncenter size-thumbnail\"><img decoding=\"async\" width=\"150\" height=\"150\" src=\"https:\/\/www.charita.sk\/svet\/wp-content\/uploads\/2023\/03\/pray-3-150x150.png\" alt=\"\" class=\"wp-image-2393\" srcset=\"https:\/\/www.charita.sk\/svet\/wp-content\/uploads\/2023\/03\/pray-3-150x150.png 150w, https:\/\/www.charita.sk\/svet\/wp-content\/uploads\/2023\/03\/pray-3-300x300.png 300w, https:\/\/www.charita.sk\/svet\/wp-content\/uploads\/2023\/03\/pray-3.png 512w\" sizes=\"(max-width: 150px) 100vw, 150px\" \/><\/figure><\/div><\/div>\n<\/div>\n\n\n\n<p class=\"has-text-align-center\"><strong>Verejn\u00e1 zbierka \u010clovek v n\u00fadzi 2025 je registrovan\u00e1 na MV SR <a href=\"https:\/\/www.charita.sk\/svet\/wp-content\/uploads\/2025\/01\/Rozhodnutie_Clovek-v-nudzi_2025.pdf\">pod \u010d\u00edslom 000-2024-054873<\/a>.<\/strong><\/p>\n\n\n\n<p><\/p>\n","protected":false},"excerpt":{"rendered":"<p>bankov\u00fdm prevodom na \u00fa\u010det verejnej zbierky \u010clovek v n\u00fadzi: SK93 1100 0000 [&hellip;]<\/p>\n","protected":false},"author":2,"featured_media":0,"parent":0,"menu_order":0,"comment_status":"closed","ping_status":"closed","template":"","meta":{"footnotes":""},"class_list":["post-1093","page","type-page","status-publish","hentry"],"yoast_head":"<!-- This site is optimized with the Yoast SEO plugin v25.4 - https:\/\/yoast.com\/wordpress\/plugins\/seo\/ -->\n<title>Ako prispie\u0165 | Charita vo svete<\/title>\n<meta name=\"robots\" content=\"index, follow, max-snippet:-1, max-image-preview:large, max-video-preview:-1\" \/>\n<link rel=\"canonical\" href=\"https:\/\/www.charita.sk\/svet\/ako-prispiet\/\" \/>\n<meta property=\"og:locale\" content=\"sk_SK\" \/>\n<meta property=\"og:type\" content=\"article\" \/>\n<meta property=\"og:title\" content=\"Ako prispie\u0165 | Charita vo svete\" \/>\n<meta property=\"og:description\" content=\"bankov\u00fdm prevodom na \u00fa\u010det verejnej zbierky \u010clovek v n\u00fadzi: SK93 1100 0000 [&hellip;]\" \/>\n<meta property=\"og:url\" content=\"https:\/\/www.charita.sk\/svet\/ako-prispiet\/\" \/>\n<meta property=\"og:site_name\" content=\"Charita vo svete\" \/>\n<meta property=\"article:publisher\" content=\"https:\/\/www.facebook.com\/CaritasSlovakia\/\" \/>\n<meta property=\"article:modified_time\" content=\"2026-03-04T14:39:59+00:00\" \/>\n<meta property=\"og:image\" content=\"https:\/\/www.charita.sk\/svet\/wp-content\/uploads\/2023\/03\/clovek_v_nudzi_pbsqr.png\" \/>\n\t<meta property=\"og:image:width\" content=\"227\" \/>\n\t<meta property=\"og:image:height\" content=\"254\" \/>\n\t<meta property=\"og:image:type\" content=\"image\/png\" \/>\n<meta name=\"twitter:card\" content=\"summary_large_image\" \/>\n<meta name=\"twitter:label1\" content=\"Predpokladan\u00fd \u010das \u010d\u00edtania\" \/>\n\t<meta name=\"twitter:data1\" content=\"1 min\u00fata\" \/>\n<script type=\"application\/ld+json\" class=\"yoast-schema-graph\">{\"@context\":\"https:\/\/schema.org\",\"@graph\":[{\"@type\":\"WebPage\",\"@id\":\"https:\/\/www.charita.sk\/svet\/ako-prispiet\/\",\"url\":\"https:\/\/www.charita.sk\/svet\/ako-prispiet\/\",\"name\":\"Ako prispie\u0165 | Charita vo svete\",\"isPartOf\":{\"@id\":\"https:\/\/www.charita.sk\/svet\/#website\"},\"primaryImageOfPage\":{\"@id\":\"https:\/\/www.charita.sk\/svet\/ako-prispiet\/#primaryimage\"},\"image\":{\"@id\":\"https:\/\/www.charita.sk\/svet\/ako-prispiet\/#primaryimage\"},\"thumbnailUrl\":\"https:\/\/www.charita.sk\/svet\/wp-content\/uploads\/2023\/03\/clovek_v_nudzi_pbsqr-150x150.png\",\"datePublished\":\"2020-11-06T14:12:00+00:00\",\"dateModified\":\"2026-03-04T14:39:59+00:00\",\"breadcrumb\":{\"@id\":\"https:\/\/www.charita.sk\/svet\/ako-prispiet\/#breadcrumb\"},\"inLanguage\":\"sk-SK\",\"potentialAction\":[{\"@type\":\"ReadAction\",\"target\":[\"https:\/\/www.charita.sk\/svet\/ako-prispiet\/\"]}]},{\"@type\":\"ImageObject\",\"inLanguage\":\"sk-SK\",\"@id\":\"https:\/\/www.charita.sk\/svet\/ako-prispiet\/#primaryimage\",\"url\":\"https:\/\/www.charita.sk\/svet\/wp-content\/uploads\/2023\/03\/clovek_v_nudzi_pbsqr.png\",\"contentUrl\":\"https:\/\/www.charita.sk\/svet\/wp-content\/uploads\/2023\/03\/clovek_v_nudzi_pbsqr.png\",\"width\":227,\"height\":254},{\"@type\":\"BreadcrumbList\",\"@id\":\"https:\/\/www.charita.sk\/svet\/ako-prispiet\/#breadcrumb\",\"itemListElement\":[{\"@type\":\"ListItem\",\"position\":1,\"name\":\"Domovsk\u00e1 str\u00e1nka\",\"item\":\"https:\/\/www.charita.sk\/svet\/\"},{\"@type\":\"ListItem\",\"position\":2,\"name\":\"Ako prispie\u0165\"}]},{\"@type\":\"WebSite\",\"@id\":\"https:\/\/www.charita.sk\/svet\/#website\",\"url\":\"https:\/\/www.charita.sk\/svet\/\",\"name\":\"Charita vo svete\",\"description\":\"Slovensk\u00e1 katol\u00edcka charita pom\u00e1ha \u013eu\u010fom v n\u00fadzi vo svete\",\"publisher\":{\"@id\":\"https:\/\/www.charita.sk\/svet\/#organization\"},\"potentialAction\":[{\"@type\":\"SearchAction\",\"target\":{\"@type\":\"EntryPoint\",\"urlTemplate\":\"https:\/\/www.charita.sk\/svet\/?s={search_term_string}\"},\"query-input\":{\"@type\":\"PropertyValueSpecification\",\"valueRequired\":true,\"valueName\":\"search_term_string\"}}],\"inLanguage\":\"sk-SK\"},{\"@type\":\"Organization\",\"@id\":\"https:\/\/www.charita.sk\/svet\/#organization\",\"name\":\"Slovensk\u00e1 katol\u00edcka charita\",\"url\":\"https:\/\/www.charita.sk\/svet\/\",\"logo\":{\"@type\":\"ImageObject\",\"inLanguage\":\"sk-SK\",\"@id\":\"https:\/\/www.charita.sk\/svet\/#\/schema\/logo\/image\/\",\"url\":\"https:\/\/www.charita.sk\/pomoc-utecencom\/wp-content\/uploads\/2020\/11\/logo_pomoc_utecencom.jpg\",\"contentUrl\":\"https:\/\/www.charita.sk\/pomoc-utecencom\/wp-content\/uploads\/2020\/11\/logo_pomoc_utecencom.jpg\",\"width\":1712,\"height\":480,\"caption\":\"Slovensk\u00e1 katol\u00edcka charita\"},\"image\":{\"@id\":\"https:\/\/www.charita.sk\/svet\/#\/schema\/logo\/image\/\"},\"sameAs\":[\"https:\/\/www.facebook.com\/CaritasSlovakia\/\",\"https:\/\/www.instagram.com\/caritas_slovakia\/\",\"https:\/\/www.linkedin.com\/company\/caritas-slovakia-skch-\",\"https:\/\/www.youtube.com\/user\/katolickacharita\"]}]}<\/script>\n<!-- \/ Yoast SEO plugin. -->","yoast_head_json":{"title":"Ako prispie\u0165 | Charita vo svete","robots":{"index":"index","follow":"follow","max-snippet":"max-snippet:-1","max-image-preview":"max-image-preview:large","max-video-preview":"max-video-preview:-1"},"canonical":"https:\/\/www.charita.sk\/svet\/ako-prispiet\/","og_locale":"sk_SK","og_type":"article","og_title":"Ako prispie\u0165 | Charita vo svete","og_description":"bankov\u00fdm prevodom na \u00fa\u010det verejnej zbierky \u010clovek v n\u00fadzi: SK93 1100 0000 [&hellip;]","og_url":"https:\/\/www.charita.sk\/svet\/ako-prispiet\/","og_site_name":"Charita vo svete","article_publisher":"https:\/\/www.facebook.com\/CaritasSlovakia\/","article_modified_time":"2026-03-04T14:39:59+00:00","og_image":[{"width":227,"height":254,"url":"https:\/\/www.charita.sk\/svet\/wp-content\/uploads\/2023\/03\/clovek_v_nudzi_pbsqr.png","type":"image\/png"}],"twitter_card":"summary_large_image","twitter_misc":{"Predpokladan\u00fd \u010das \u010d\u00edtania":"1 min\u00fata"},"schema":{"@context":"https:\/\/schema.org","@graph":[{"@type":"WebPage","@id":"https:\/\/www.charita.sk\/svet\/ako-prispiet\/","url":"https:\/\/www.charita.sk\/svet\/ako-prispiet\/","name":"Ako prispie\u0165 | Charita vo svete","isPartOf":{"@id":"https:\/\/www.charita.sk\/svet\/#website"},"primaryImageOfPage":{"@id":"https:\/\/www.charita.sk\/svet\/ako-prispiet\/#primaryimage"},"image":{"@id":"https:\/\/www.charita.sk\/svet\/ako-prispiet\/#primaryimage"},"thumbnailUrl":"https:\/\/www.charita.sk\/svet\/wp-content\/uploads\/2023\/03\/clovek_v_nudzi_pbsqr-150x150.png","datePublished":"2020-11-06T14:12:00+00:00","dateModified":"2026-03-04T14:39:59+00:00","breadcrumb":{"@id":"https:\/\/www.charita.sk\/svet\/ako-prispiet\/#breadcrumb"},"inLanguage":"sk-SK","potentialAction":[{"@type":"ReadAction","target":["https:\/\/www.charita.sk\/svet\/ako-prispiet\/"]}]},{"@type":"ImageObject","inLanguage":"sk-SK","@id":"https:\/\/www.charita.sk\/svet\/ako-prispiet\/#primaryimage","url":"https:\/\/www.charita.sk\/svet\/wp-content\/uploads\/2023\/03\/clovek_v_nudzi_pbsqr.png","contentUrl":"https:\/\/www.charita.sk\/svet\/wp-content\/uploads\/2023\/03\/clovek_v_nudzi_pbsqr.png","width":227,"height":254},{"@type":"BreadcrumbList","@id":"https:\/\/www.charita.sk\/svet\/ako-prispiet\/#breadcrumb","itemListElement":[{"@type":"ListItem","position":1,"name":"Domovsk\u00e1 str\u00e1nka","item":"https:\/\/www.charita.sk\/svet\/"},{"@type":"ListItem","position":2,"name":"Ako prispie\u0165"}]},{"@type":"WebSite","@id":"https:\/\/www.charita.sk\/svet\/#website","url":"https:\/\/www.charita.sk\/svet\/","name":"Charita vo svete","description":"Slovensk\u00e1 katol\u00edcka charita pom\u00e1ha \u013eu\u010fom v n\u00fadzi vo svete","publisher":{"@id":"https:\/\/www.charita.sk\/svet\/#organization"},"potentialAction":[{"@type":"SearchAction","target":{"@type":"EntryPoint","urlTemplate":"https:\/\/www.charita.sk\/svet\/?s={search_term_string}"},"query-input":{"@type":"PropertyValueSpecification","valueRequired":true,"valueName":"search_term_string"}}],"inLanguage":"sk-SK"},{"@type":"Organization","@id":"https:\/\/www.charita.sk\/svet\/#organization","name":"Slovensk\u00e1 katol\u00edcka charita","url":"https:\/\/www.charita.sk\/svet\/","logo":{"@type":"ImageObject","inLanguage":"sk-SK","@id":"https:\/\/www.charita.sk\/svet\/#\/schema\/logo\/image\/","url":"https:\/\/www.charita.sk\/pomoc-utecencom\/wp-content\/uploads\/2020\/11\/logo_pomoc_utecencom.jpg","contentUrl":"https:\/\/www.charita.sk\/pomoc-utecencom\/wp-content\/uploads\/2020\/11\/logo_pomoc_utecencom.jpg","width":1712,"height":480,"caption":"Slovensk\u00e1 katol\u00edcka charita"},"image":{"@id":"https:\/\/www.charita.sk\/svet\/#\/schema\/logo\/image\/"},"sameAs":["https:\/\/www.facebook.com\/CaritasSlovakia\/","https:\/\/www.instagram.com\/caritas_slovakia\/","https:\/\/www.linkedin.com\/company\/caritas-slovakia-skch-","https:\/\/www.youtube.com\/user\/katolickacharita"]}]}},"featured_image_src":null,"featured_image_src_square":null,"_links":{"self":[{"href":"https:\/\/www.charita.sk\/svet\/wp-json\/wp\/v2\/pages\/1093","targetHints":{"allow":["GET"]}}],"collection":[{"href":"https:\/\/www.charita.sk\/svet\/wp-json\/wp\/v2\/pages"}],"about":[{"href":"https:\/\/www.charita.sk\/svet\/wp-json\/wp\/v2\/types\/page"}],"author":[{"embeddable":true,"href":"https:\/\/www.charita.sk\/svet\/wp-json\/wp\/v2\/users\/2"}],"replies":[{"embeddable":true,"href":"https:\/\/www.charita.sk\/svet\/wp-json\/wp\/v2\/comments?post=1093"}],"version-history":[{"count":42,"href":"https:\/\/www.charita.sk\/svet\/wp-json\/wp\/v2\/pages\/1093\/revisions"}],"predecessor-version":[{"id":3546,"href":"https:\/\/www.charita.sk\/svet\/wp-json\/wp\/v2\/pages\/1093\/revisions\/3546"}],"wp:attachment":[{"href":"https:\/\/www.charita.sk\/svet\/wp-json\/wp\/v2\/media?parent=1093"}],"curies":[{"name":"wp","href":"https:\/\/api.w.org\/{rel}","templated":true}]}}