{"id":1133,"date":"2020-11-24T16:35:01","date_gmt":"2020-11-24T15:35:01","guid":{"rendered":"https:\/\/www.charita.sk\/pomoc-utecencom\/?page_id=1133"},"modified":"2021-10-12T12:30:03","modified_gmt":"2021-10-12T10:30:03","slug":"vystavba-studne-v-obci-sreshka","status":"publish","type":"page","link":"https:\/\/www.charita.sk\/svet\/vystavba-studne-v-obci-sreshka\/","title":{"rendered":"V\u00fdstavba studne v obci Sreshka"},"content":{"rendered":"\n<p class=\"has-white-color has-vivid-red-background-color has-text-color has-background\"><strong>N\u00e1zov projektu:<\/strong> V\u00fdstavba studne v obci Sreshka<br><strong>Miesto implement\u00e1cie:<\/strong> Sreshka, provincia Mosul, Irak<br><strong>Obdobie podpory projektu:<\/strong> september 2020 &#8211; m\u00e1j 2021<br><strong>Po\u010det pr\u00edjemcov pomoci:<\/strong>&nbsp;pribli\u017ene 1 000 os\u00f4b<br><strong>Lok\u00e1lny partner:<\/strong> Shingala Azad<br><strong>Suma na podporu projektu:<\/strong>&nbsp;48 500 EUR + 24 000 EUR<\/p>\n\n\n\n<p>V roku 2014, ke\u010f \u00fazemie Iraku za\u010dali nap\u00e1da\u0165 teroristi tzv. Islamsk\u00e9ho \u0161t\u00e1tu, sa po\u010det obyvate\u013eov obce Sreshka zv\u00fd\u0161il o vn\u00fatorne vys\u00eddlen\u00e9 osoby z Ninivskej planiny a oblasti Sind\u017e\u00e1r \u2013 90 rod\u00edn hlavne jez\u00eddov. <strong>Nedostatok pitnej vody tr\u00e1pil \u013eud\u00ed v obci aj pred pr\u00edchodom vn\u00fatorn\u00fdm vys\u00eddlencov.<\/strong> Sta\u010dila iba pre 50 % zo 6000 obyvate\u013eov obce. Nach\u00e1dzali sa tu tri studne, dve studne poch\u00e1dzali e\u0161te z roku 1977 a vysychali. N\u00e1dr\u017e na vodu hrdzavela a voda cez neho vo\u013ene unikala. V roku 2014 bola postaven\u00e1 v obci \u010fal\u0161ia stud\u0148a, ktor\u00e1 bola napojen\u00e1 na rovnak\u00fa n\u00e1dr\u017e ako p\u00f4vodn\u00e9 dve studne. Od rady star\u0161\u00edch sme sa dozvedeli, \u017ee studne fungovali len vtedy, ke\u010f bola zapojen\u00e1 verejn\u00e1 elektick\u00e1 sie\u0165 (10-12 hod\u00edn\/denne). Z d\u00f4vodu dlhodob\u00e9ho vojnov\u00e9ho konfliktu nemala region\u00e1lna samospr\u00e1va a ani obec finan\u010dn\u00e9 prostriedky na vybudovanie \u010fal\u0161\u00edch studn\u00ed.<\/p>\n\n\n\n<figure class=\"wp-block-gallery columns-3 is-cropped wp-block-gallery-1 is-layout-flex wp-block-gallery-is-layout-flex\"><ul class=\"blocks-gallery-grid\"><li class=\"blocks-gallery-item\"><figure><img fetchpriority=\"high\" decoding=\"async\" width=\"1024\" height=\"683\" src=\"https:\/\/www.charita.sk\/svet\/wp-content\/uploads\/2021\/02\/Sreshka_starosta.jpg\" alt=\"\" data-id=\"1498\" data-full-url=\"https:\/\/www.charita.sk\/svet\/wp-content\/uploads\/2021\/02\/Sreshka_starosta.jpg\" data-link=\"https:\/\/www.charita.sk\/svet\/vystavba-studne-v-obci-sreshka\/sreshka_starosta\/\" class=\"wp-image-1498\" srcset=\"https:\/\/www.charita.sk\/svet\/wp-content\/uploads\/2021\/02\/Sreshka_starosta.jpg 1024w, https:\/\/www.charita.sk\/svet\/wp-content\/uploads\/2021\/02\/Sreshka_starosta-300x200.jpg 300w, https:\/\/www.charita.sk\/svet\/wp-content\/uploads\/2021\/02\/Sreshka_starosta-768x512.jpg 768w, https:\/\/www.charita.sk\/svet\/wp-content\/uploads\/2021\/02\/Sreshka_starosta-600x400.jpg 600w\" sizes=\"(max-width: 1024px) 100vw, 1024px\" \/><figcaption class=\"blocks-gallery-item__caption\">Starosta n\u00e1m zanietene rozpr\u00e1val o obci<\/figcaption><\/figure><\/li><li class=\"blocks-gallery-item\"><figure><img decoding=\"async\" width=\"1024\" height=\"683\" src=\"https:\/\/www.charita.sk\/svet\/wp-content\/uploads\/2021\/02\/Sreshka_deti.jpg\" alt=\"\" data-id=\"1499\" data-full-url=\"https:\/\/www.charita.sk\/svet\/wp-content\/uploads\/2021\/02\/Sreshka_deti.jpg\" data-link=\"https:\/\/www.charita.sk\/svet\/vystavba-studne-v-obci-sreshka\/sreshka_deti\/\" class=\"wp-image-1499\" srcset=\"https:\/\/www.charita.sk\/svet\/wp-content\/uploads\/2021\/02\/Sreshka_deti.jpg 1024w, https:\/\/www.charita.sk\/svet\/wp-content\/uploads\/2021\/02\/Sreshka_deti-300x200.jpg 300w, https:\/\/www.charita.sk\/svet\/wp-content\/uploads\/2021\/02\/Sreshka_deti-768x512.jpg 768w, https:\/\/www.charita.sk\/svet\/wp-content\/uploads\/2021\/02\/Sreshka_deti-600x400.jpg 600w\" sizes=\"(max-width: 1024px) 100vw, 1024px\" \/><figcaption class=\"blocks-gallery-item__caption\">Miestne deti dostali nov\u00fd d\u00f4vod na \u00fasmev<\/figcaption><\/figure><\/li><li class=\"blocks-gallery-item\"><figure><img decoding=\"async\" width=\"1024\" height=\"683\" src=\"https:\/\/www.charita.sk\/svet\/wp-content\/uploads\/2021\/02\/Sreshka_voda.jpg\" alt=\"\" data-id=\"1500\" data-full-url=\"https:\/\/www.charita.sk\/svet\/wp-content\/uploads\/2021\/02\/Sreshka_voda.jpg\" data-link=\"https:\/\/www.charita.sk\/svet\/vystavba-studne-v-obci-sreshka\/sreshka_voda\/\" class=\"wp-image-1500\" srcset=\"https:\/\/www.charita.sk\/svet\/wp-content\/uploads\/2021\/02\/Sreshka_voda.jpg 1024w, https:\/\/www.charita.sk\/svet\/wp-content\/uploads\/2021\/02\/Sreshka_voda-300x200.jpg 300w, https:\/\/www.charita.sk\/svet\/wp-content\/uploads\/2021\/02\/Sreshka_voda-768x512.jpg 768w, https:\/\/www.charita.sk\/svet\/wp-content\/uploads\/2021\/02\/Sreshka_voda-600x400.jpg 600w\" sizes=\"(max-width: 1024px) 100vw, 1024px\" \/><figcaption class=\"blocks-gallery-item__caption\">Pod hrdzavou n\u00e1dr\u017eou to vyzeralo ako po da\u017edi<\/figcaption><\/figure><\/li><\/ul><\/figure>\n\n\n\n<p><strong>Obyvatelia obce Sreshka tak z\u00edskali pr\u00edstup k pitnej vode a to aj v \u010dase v\u00fdpadku elektrickej energie.<\/strong> Projekt zah\u0155\u0148al nov\u00fa stud\u0148u spolu s gener\u00e1torom, vodnou n\u00e1dr\u017eou, potrub\u00edm a ochrann\u00fdm pr\u00edstre\u0161kom nad stud\u0148ou. V\u0155talo sa a\u017e do h\u013abky 200 metrov, aby sme zabezpe\u010dili dostatok pitnej vody z bohat\u00e9ho prame\u0148a.<\/p>\n\n\n\n<p class=\"has-text-align-center has-background\" style=\"background-color:#eeeeee\"><strong>Projekt finan\u010dne podporila <a rel=\"noreferrer noopener\" href=\"https:\/\/kbs.sk\" target=\"_blank\">Konferencia biskupov Slovenska<\/a><\/strong><\/p>\n\n\n\n<figure class=\"wp-block-gallery columns-1 is-cropped wp-block-gallery-2 is-layout-flex wp-block-gallery-is-layout-flex\"><ul class=\"blocks-gallery-grid\"><li class=\"blocks-gallery-item\"><figure><img loading=\"lazy\" decoding=\"async\" width=\"1024\" height=\"498\" src=\"https:\/\/www.charita.sk\/svet\/wp-content\/uploads\/2021\/04\/sreshka1-1024x498.jpeg\" alt=\"\" data-id=\"1683\" data-full-url=\"https:\/\/www.charita.sk\/svet\/wp-content\/uploads\/2021\/04\/sreshka1.jpeg\" data-link=\"https:\/\/www.charita.sk\/svet\/nova-studna-v-iraku-pitna-voda-prinesie-jezidom-lepsi-zivot\/sreshka1-2\/\" class=\"wp-image-1683\" srcset=\"https:\/\/www.charita.sk\/svet\/wp-content\/uploads\/2021\/04\/sreshka1-1024x498.jpeg 1024w, https:\/\/www.charita.sk\/svet\/wp-content\/uploads\/2021\/04\/sreshka1-300x146.jpeg 300w, https:\/\/www.charita.sk\/svet\/wp-content\/uploads\/2021\/04\/sreshka1-768x373.jpeg 768w, https:\/\/www.charita.sk\/svet\/wp-content\/uploads\/2021\/04\/sreshka1.jpeg 1280w\" sizes=\"(max-width: 1024px) 100vw, 1024px\" \/><figcaption class=\"blocks-gallery-item__caption\">Robotn\u00edci nama\u013eovali ochrann\u00fd dom\u010dek na bielo-modro<\/figcaption><\/figure><\/li><\/ul><\/figure>\n\n\n\n<p><strong>V\u0155tanie studne<\/strong><\/p>\n\n\n\n<figure class=\"wp-block-gallery columns-3 is-cropped wp-block-gallery-3 is-layout-flex wp-block-gallery-is-layout-flex\"><ul class=\"blocks-gallery-grid\"><li class=\"blocks-gallery-item\"><figure><a href=\"https:\/\/www.charita.sk\/svet\/wp-content\/uploads\/2020\/11\/Sreshka1.jpeg\"><img loading=\"lazy\" decoding=\"async\" width=\"1280\" height=\"622\" src=\"https:\/\/www.charita.sk\/svet\/wp-content\/uploads\/2020\/11\/Sreshka1.jpeg\" alt=\"\" data-id=\"1134\" data-full-url=\"https:\/\/www.charita.sk\/svet\/wp-content\/uploads\/2020\/11\/Sreshka1.jpeg\" data-link=\"https:\/\/www.charita.sk\/svet\/vystavba-studne-v-obci-derebune\/sreshka1\/\" class=\"wp-image-1134\" srcset=\"https:\/\/www.charita.sk\/svet\/wp-content\/uploads\/2020\/11\/Sreshka1.jpeg 1280w, https:\/\/www.charita.sk\/svet\/wp-content\/uploads\/2020\/11\/Sreshka1-300x146.jpeg 300w, https:\/\/www.charita.sk\/svet\/wp-content\/uploads\/2020\/11\/Sreshka1-1024x498.jpeg 1024w, https:\/\/www.charita.sk\/svet\/wp-content\/uploads\/2020\/11\/Sreshka1-768x373.jpeg 768w\" sizes=\"(max-width: 1280px) 100vw, 1280px\" \/><\/a><\/figure><\/li><li class=\"blocks-gallery-item\"><figure><a href=\"https:\/\/www.charita.sk\/svet\/wp-content\/uploads\/2020\/11\/Sreshka2.jpeg\"><img loading=\"lazy\" decoding=\"async\" width=\"1280\" height=\"622\" src=\"https:\/\/www.charita.sk\/svet\/wp-content\/uploads\/2020\/11\/Sreshka2.jpeg\" alt=\"\" data-id=\"1135\" data-full-url=\"https:\/\/www.charita.sk\/svet\/wp-content\/uploads\/2020\/11\/Sreshka2.jpeg\" data-link=\"https:\/\/www.charita.sk\/svet\/vystavba-studne-v-obci-derebune\/sreshka2\/\" class=\"wp-image-1135\" srcset=\"https:\/\/www.charita.sk\/svet\/wp-content\/uploads\/2020\/11\/Sreshka2.jpeg 1280w, https:\/\/www.charita.sk\/svet\/wp-content\/uploads\/2020\/11\/Sreshka2-300x146.jpeg 300w, https:\/\/www.charita.sk\/svet\/wp-content\/uploads\/2020\/11\/Sreshka2-1024x498.jpeg 1024w, https:\/\/www.charita.sk\/svet\/wp-content\/uploads\/2020\/11\/Sreshka2-768x373.jpeg 768w\" sizes=\"(max-width: 1280px) 100vw, 1280px\" \/><\/a><\/figure><\/li><li class=\"blocks-gallery-item\"><figure><a href=\"https:\/\/www.charita.sk\/svet\/wp-content\/uploads\/2020\/11\/Sreshka3.jpeg\"><img loading=\"lazy\" decoding=\"async\" width=\"1280\" height=\"622\" src=\"https:\/\/www.charita.sk\/svet\/wp-content\/uploads\/2020\/11\/Sreshka3.jpeg\" alt=\"\" data-id=\"1136\" data-full-url=\"https:\/\/www.charita.sk\/svet\/wp-content\/uploads\/2020\/11\/Sreshka3.jpeg\" data-link=\"https:\/\/www.charita.sk\/svet\/vystavba-studne-v-obci-derebune\/sreshka3\/\" class=\"wp-image-1136\" srcset=\"https:\/\/www.charita.sk\/svet\/wp-content\/uploads\/2020\/11\/Sreshka3.jpeg 1280w, https:\/\/www.charita.sk\/svet\/wp-content\/uploads\/2020\/11\/Sreshka3-300x146.jpeg 300w, https:\/\/www.charita.sk\/svet\/wp-content\/uploads\/2020\/11\/Sreshka3-1024x498.jpeg 1024w, https:\/\/www.charita.sk\/svet\/wp-content\/uploads\/2020\/11\/Sreshka3-768x373.jpeg 768w\" sizes=\"(max-width: 1280px) 100vw, 1280px\" \/><\/a><\/figure><\/li><\/ul><\/figure>\n\n\n\n<p><strong>Posledn\u00e1 f\u00e1za v\u00fdstavby<\/strong><\/p>\n\n\n\n<figure class=\"wp-block-gallery columns-3 is-cropped wp-block-gallery-4 is-layout-flex wp-block-gallery-is-layout-flex\"><ul class=\"blocks-gallery-grid\"><li class=\"blocks-gallery-item\"><figure><img loading=\"lazy\" decoding=\"async\" width=\"1024\" height=\"498\" src=\"https:\/\/www.charita.sk\/svet\/wp-content\/uploads\/2021\/04\/sreshka4-1024x498.jpeg\" alt=\"\" data-id=\"1681\" data-full-url=\"https:\/\/www.charita.sk\/svet\/wp-content\/uploads\/2021\/04\/sreshka4.jpeg\" data-link=\"https:\/\/www.charita.sk\/svet\/nova-studna-v-iraku-pitna-voda-prinesie-jezidom-lepsi-zivot\/sreshka4\/\" class=\"wp-image-1681\" srcset=\"https:\/\/www.charita.sk\/svet\/wp-content\/uploads\/2021\/04\/sreshka4-1024x498.jpeg 1024w, https:\/\/www.charita.sk\/svet\/wp-content\/uploads\/2021\/04\/sreshka4-300x146.jpeg 300w, https:\/\/www.charita.sk\/svet\/wp-content\/uploads\/2021\/04\/sreshka4-768x373.jpeg 768w, https:\/\/www.charita.sk\/svet\/wp-content\/uploads\/2021\/04\/sreshka4.jpeg 1280w\" sizes=\"(max-width: 1024px) 100vw, 1024px\" \/><figcaption class=\"blocks-gallery-item__caption\">Na stavbu sa chodili pozera\u0165 chlapci z dediny<\/figcaption><\/figure><\/li><li class=\"blocks-gallery-item\"><figure><img loading=\"lazy\" decoding=\"async\" width=\"1024\" height=\"498\" src=\"https:\/\/www.charita.sk\/svet\/wp-content\/uploads\/2021\/04\/sreshka2-1024x498.jpeg\" alt=\"\" data-id=\"1682\" data-full-url=\"https:\/\/www.charita.sk\/svet\/wp-content\/uploads\/2021\/04\/sreshka2.jpeg\" data-link=\"https:\/\/www.charita.sk\/svet\/nova-studna-v-iraku-pitna-voda-prinesie-jezidom-lepsi-zivot\/sreshka2-2\/\" class=\"wp-image-1682\" srcset=\"https:\/\/www.charita.sk\/svet\/wp-content\/uploads\/2021\/04\/sreshka2-1024x498.jpeg 1024w, https:\/\/www.charita.sk\/svet\/wp-content\/uploads\/2021\/04\/sreshka2-300x146.jpeg 300w, https:\/\/www.charita.sk\/svet\/wp-content\/uploads\/2021\/04\/sreshka2-768x373.jpeg 768w, https:\/\/www.charita.sk\/svet\/wp-content\/uploads\/2021\/04\/sreshka2.jpeg 1280w\" sizes=\"(max-width: 1024px) 100vw, 1024px\" \/><figcaption class=\"blocks-gallery-item__caption\">Vodu \u0165ah\u00e1 z h\u013abky 200m el. \u010derpadlo<\/figcaption><\/figure><\/li><li class=\"blocks-gallery-item\"><figure><img loading=\"lazy\" decoding=\"async\" width=\"1024\" height=\"498\" src=\"https:\/\/www.charita.sk\/svet\/wp-content\/uploads\/2021\/04\/sreshka5-1024x498.jpg\" alt=\"\" data-id=\"1685\" data-full-url=\"https:\/\/www.charita.sk\/svet\/wp-content\/uploads\/2021\/04\/sreshka5.jpg\" data-link=\"https:\/\/www.charita.sk\/svet\/nova-studna-v-iraku-pitna-voda-prinesie-jezidom-lepsi-zivot\/sreshka5\/\" class=\"wp-image-1685\" srcset=\"https:\/\/www.charita.sk\/svet\/wp-content\/uploads\/2021\/04\/sreshka5-1024x498.jpg 1024w, https:\/\/www.charita.sk\/svet\/wp-content\/uploads\/2021\/04\/sreshka5-300x146.jpg 300w, https:\/\/www.charita.sk\/svet\/wp-content\/uploads\/2021\/04\/sreshka5-768x373.jpg 768w, https:\/\/www.charita.sk\/svet\/wp-content\/uploads\/2021\/04\/sreshka5.jpg 1280w\" sizes=\"(max-width: 1024px) 100vw, 1024px\" \/><figcaption class=\"blocks-gallery-item__caption\">Pr\u00edchod gener\u00e1tora elektrickej energie<\/figcaption><\/figure><\/li><\/ul><\/figure>\n","protected":false},"excerpt":{"rendered":"<p>N\u00e1zov projektu: V\u00fdstavba studne v obci SreshkaMiesto implement\u00e1cie: Sreshka, provincia Mosul, IrakObdobie [&hellip;]<\/p>\n","protected":false},"author":2,"featured_media":0,"parent":0,"menu_order":0,"comment_status":"closed","ping_status":"closed","template":"","meta":{"footnotes":""},"class_list":["post-1133","page","type-page","status-publish","hentry"],"yoast_head":"<!-- This site is optimized with the Yoast SEO plugin v25.4 - https:\/\/yoast.com\/wordpress\/plugins\/seo\/ -->\n<title>V\u00fdstavba studne v obci Sreshka | Charita vo svete<\/title>\n<meta name=\"robots\" content=\"index, follow, max-snippet:-1, max-image-preview:large, max-video-preview:-1\" \/>\n<link rel=\"canonical\" href=\"https:\/\/www.charita.sk\/svet\/vystavba-studne-v-obci-sreshka\/\" \/>\n<meta property=\"og:locale\" content=\"sk_SK\" \/>\n<meta property=\"og:type\" content=\"article\" \/>\n<meta property=\"og:title\" content=\"V\u00fdstavba studne v obci Sreshka | Charita vo svete\" \/>\n<meta property=\"og:description\" content=\"N\u00e1zov projektu: V\u00fdstavba studne v obci SreshkaMiesto implement\u00e1cie: Sreshka, provincia Mosul, IrakObdobie [&hellip;]\" \/>\n<meta property=\"og:url\" content=\"https:\/\/www.charita.sk\/svet\/vystavba-studne-v-obci-sreshka\/\" \/>\n<meta property=\"og:site_name\" content=\"Charita vo svete\" \/>\n<meta property=\"article:publisher\" content=\"https:\/\/www.facebook.com\/CaritasSlovakia\/\" \/>\n<meta property=\"article:modified_time\" content=\"2021-10-12T10:30:03+00:00\" \/>\n<meta property=\"og:image\" content=\"https:\/\/www.charita.sk\/pomoc-utecencom\/wp-content\/uploads\/2021\/02\/Sreshka_starosta.jpg\" \/>\n<meta name=\"twitter:card\" content=\"summary_large_image\" \/>\n<meta name=\"twitter:label1\" content=\"Predpokladan\u00fd \u010das \u010d\u00edtania\" \/>\n\t<meta name=\"twitter:data1\" content=\"2 min\u00faty\" \/>\n<script type=\"application\/ld+json\" class=\"yoast-schema-graph\">{\"@context\":\"https:\/\/schema.org\",\"@graph\":[{\"@type\":\"WebPage\",\"@id\":\"https:\/\/www.charita.sk\/svet\/vystavba-studne-v-obci-sreshka\/\",\"url\":\"https:\/\/www.charita.sk\/svet\/vystavba-studne-v-obci-sreshka\/\",\"name\":\"V\u00fdstavba studne v obci Sreshka | Charita vo svete\",\"isPartOf\":{\"@id\":\"https:\/\/www.charita.sk\/svet\/#website\"},\"primaryImageOfPage\":{\"@id\":\"https:\/\/www.charita.sk\/svet\/vystavba-studne-v-obci-sreshka\/#primaryimage\"},\"image\":{\"@id\":\"https:\/\/www.charita.sk\/svet\/vystavba-studne-v-obci-sreshka\/#primaryimage\"},\"thumbnailUrl\":\"https:\/\/www.charita.sk\/svet\/wp-content\/uploads\/2021\/02\/Sreshka_starosta.jpg\",\"datePublished\":\"2020-11-24T15:35:01+00:00\",\"dateModified\":\"2021-10-12T10:30:03+00:00\",\"breadcrumb\":{\"@id\":\"https:\/\/www.charita.sk\/svet\/vystavba-studne-v-obci-sreshka\/#breadcrumb\"},\"inLanguage\":\"sk-SK\",\"potentialAction\":[{\"@type\":\"ReadAction\",\"target\":[\"https:\/\/www.charita.sk\/svet\/vystavba-studne-v-obci-sreshka\/\"]}]},{\"@type\":\"ImageObject\",\"inLanguage\":\"sk-SK\",\"@id\":\"https:\/\/www.charita.sk\/svet\/vystavba-studne-v-obci-sreshka\/#primaryimage\",\"url\":\"https:\/\/www.charita.sk\/svet\/wp-content\/uploads\/2021\/02\/Sreshka_starosta.jpg\",\"contentUrl\":\"https:\/\/www.charita.sk\/svet\/wp-content\/uploads\/2021\/02\/Sreshka_starosta.jpg\",\"width\":1024,\"height\":683},{\"@type\":\"BreadcrumbList\",\"@id\":\"https:\/\/www.charita.sk\/svet\/vystavba-studne-v-obci-sreshka\/#breadcrumb\",\"itemListElement\":[{\"@type\":\"ListItem\",\"position\":1,\"name\":\"Domovsk\u00e1 str\u00e1nka\",\"item\":\"https:\/\/www.charita.sk\/svet\/\"},{\"@type\":\"ListItem\",\"position\":2,\"name\":\"V\u00fdstavba studne v obci Sreshka\"}]},{\"@type\":\"WebSite\",\"@id\":\"https:\/\/www.charita.sk\/svet\/#website\",\"url\":\"https:\/\/www.charita.sk\/svet\/\",\"name\":\"Charita vo svete\",\"description\":\"Slovensk\u00e1 katol\u00edcka charita pom\u00e1ha \u013eu\u010fom v n\u00fadzi vo svete\",\"publisher\":{\"@id\":\"https:\/\/www.charita.sk\/svet\/#organization\"},\"potentialAction\":[{\"@type\":\"SearchAction\",\"target\":{\"@type\":\"EntryPoint\",\"urlTemplate\":\"https:\/\/www.charita.sk\/svet\/?s={search_term_string}\"},\"query-input\":{\"@type\":\"PropertyValueSpecification\",\"valueRequired\":true,\"valueName\":\"search_term_string\"}}],\"inLanguage\":\"sk-SK\"},{\"@type\":\"Organization\",\"@id\":\"https:\/\/www.charita.sk\/svet\/#organization\",\"name\":\"Slovensk\u00e1 katol\u00edcka charita\",\"url\":\"https:\/\/www.charita.sk\/svet\/\",\"logo\":{\"@type\":\"ImageObject\",\"inLanguage\":\"sk-SK\",\"@id\":\"https:\/\/www.charita.sk\/svet\/#\/schema\/logo\/image\/\",\"url\":\"https:\/\/www.charita.sk\/pomoc-utecencom\/wp-content\/uploads\/2020\/11\/logo_pomoc_utecencom.jpg\",\"contentUrl\":\"https:\/\/www.charita.sk\/pomoc-utecencom\/wp-content\/uploads\/2020\/11\/logo_pomoc_utecencom.jpg\",\"width\":1712,\"height\":480,\"caption\":\"Slovensk\u00e1 katol\u00edcka charita\"},\"image\":{\"@id\":\"https:\/\/www.charita.sk\/svet\/#\/schema\/logo\/image\/\"},\"sameAs\":[\"https:\/\/www.facebook.com\/CaritasSlovakia\/\",\"https:\/\/www.instagram.com\/caritas_slovakia\/\",\"https:\/\/www.linkedin.com\/company\/caritas-slovakia-skch-\",\"https:\/\/www.youtube.com\/user\/katolickacharita\"]}]}<\/script>\n<!-- \/ Yoast SEO plugin. -->","yoast_head_json":{"title":"V\u00fdstavba studne v obci Sreshka | Charita vo svete","robots":{"index":"index","follow":"follow","max-snippet":"max-snippet:-1","max-image-preview":"max-image-preview:large","max-video-preview":"max-video-preview:-1"},"canonical":"https:\/\/www.charita.sk\/svet\/vystavba-studne-v-obci-sreshka\/","og_locale":"sk_SK","og_type":"article","og_title":"V\u00fdstavba studne v obci Sreshka | Charita vo svete","og_description":"N\u00e1zov projektu: V\u00fdstavba studne v obci SreshkaMiesto implement\u00e1cie: Sreshka, provincia Mosul, IrakObdobie [&hellip;]","og_url":"https:\/\/www.charita.sk\/svet\/vystavba-studne-v-obci-sreshka\/","og_site_name":"Charita vo svete","article_publisher":"https:\/\/www.facebook.com\/CaritasSlovakia\/","article_modified_time":"2021-10-12T10:30:03+00:00","og_image":[{"url":"https:\/\/www.charita.sk\/pomoc-utecencom\/wp-content\/uploads\/2021\/02\/Sreshka_starosta.jpg","type":"","width":"","height":""}],"twitter_card":"summary_large_image","twitter_misc":{"Predpokladan\u00fd \u010das \u010d\u00edtania":"2 min\u00faty"},"schema":{"@context":"https:\/\/schema.org","@graph":[{"@type":"WebPage","@id":"https:\/\/www.charita.sk\/svet\/vystavba-studne-v-obci-sreshka\/","url":"https:\/\/www.charita.sk\/svet\/vystavba-studne-v-obci-sreshka\/","name":"V\u00fdstavba studne v obci Sreshka | Charita vo svete","isPartOf":{"@id":"https:\/\/www.charita.sk\/svet\/#website"},"primaryImageOfPage":{"@id":"https:\/\/www.charita.sk\/svet\/vystavba-studne-v-obci-sreshka\/#primaryimage"},"image":{"@id":"https:\/\/www.charita.sk\/svet\/vystavba-studne-v-obci-sreshka\/#primaryimage"},"thumbnailUrl":"https:\/\/www.charita.sk\/svet\/wp-content\/uploads\/2021\/02\/Sreshka_starosta.jpg","datePublished":"2020-11-24T15:35:01+00:00","dateModified":"2021-10-12T10:30:03+00:00","breadcrumb":{"@id":"https:\/\/www.charita.sk\/svet\/vystavba-studne-v-obci-sreshka\/#breadcrumb"},"inLanguage":"sk-SK","potentialAction":[{"@type":"ReadAction","target":["https:\/\/www.charita.sk\/svet\/vystavba-studne-v-obci-sreshka\/"]}]},{"@type":"ImageObject","inLanguage":"sk-SK","@id":"https:\/\/www.charita.sk\/svet\/vystavba-studne-v-obci-sreshka\/#primaryimage","url":"https:\/\/www.charita.sk\/svet\/wp-content\/uploads\/2021\/02\/Sreshka_starosta.jpg","contentUrl":"https:\/\/www.charita.sk\/svet\/wp-content\/uploads\/2021\/02\/Sreshka_starosta.jpg","width":1024,"height":683},{"@type":"BreadcrumbList","@id":"https:\/\/www.charita.sk\/svet\/vystavba-studne-v-obci-sreshka\/#breadcrumb","itemListElement":[{"@type":"ListItem","position":1,"name":"Domovsk\u00e1 str\u00e1nka","item":"https:\/\/www.charita.sk\/svet\/"},{"@type":"ListItem","position":2,"name":"V\u00fdstavba studne v obci Sreshka"}]},{"@type":"WebSite","@id":"https:\/\/www.charita.sk\/svet\/#website","url":"https:\/\/www.charita.sk\/svet\/","name":"Charita vo svete","description":"Slovensk\u00e1 katol\u00edcka charita pom\u00e1ha \u013eu\u010fom v n\u00fadzi vo svete","publisher":{"@id":"https:\/\/www.charita.sk\/svet\/#organization"},"potentialAction":[{"@type":"SearchAction","target":{"@type":"EntryPoint","urlTemplate":"https:\/\/www.charita.sk\/svet\/?s={search_term_string}"},"query-input":{"@type":"PropertyValueSpecification","valueRequired":true,"valueName":"search_term_string"}}],"inLanguage":"sk-SK"},{"@type":"Organization","@id":"https:\/\/www.charita.sk\/svet\/#organization","name":"Slovensk\u00e1 katol\u00edcka charita","url":"https:\/\/www.charita.sk\/svet\/","logo":{"@type":"ImageObject","inLanguage":"sk-SK","@id":"https:\/\/www.charita.sk\/svet\/#\/schema\/logo\/image\/","url":"https:\/\/www.charita.sk\/pomoc-utecencom\/wp-content\/uploads\/2020\/11\/logo_pomoc_utecencom.jpg","contentUrl":"https:\/\/www.charita.sk\/pomoc-utecencom\/wp-content\/uploads\/2020\/11\/logo_pomoc_utecencom.jpg","width":1712,"height":480,"caption":"Slovensk\u00e1 katol\u00edcka charita"},"image":{"@id":"https:\/\/www.charita.sk\/svet\/#\/schema\/logo\/image\/"},"sameAs":["https:\/\/www.facebook.com\/CaritasSlovakia\/","https:\/\/www.instagram.com\/caritas_slovakia\/","https:\/\/www.linkedin.com\/company\/caritas-slovakia-skch-","https:\/\/www.youtube.com\/user\/katolickacharita"]}]}},"featured_image_src":null,"featured_image_src_square":null,"_links":{"self":[{"href":"https:\/\/www.charita.sk\/svet\/wp-json\/wp\/v2\/pages\/1133","targetHints":{"allow":["GET"]}}],"collection":[{"href":"https:\/\/www.charita.sk\/svet\/wp-json\/wp\/v2\/pages"}],"about":[{"href":"https:\/\/www.charita.sk\/svet\/wp-json\/wp\/v2\/types\/page"}],"author":[{"embeddable":true,"href":"https:\/\/www.charita.sk\/svet\/wp-json\/wp\/v2\/users\/2"}],"replies":[{"embeddable":true,"href":"https:\/\/www.charita.sk\/svet\/wp-json\/wp\/v2\/comments?post=1133"}],"version-history":[{"count":8,"href":"https:\/\/www.charita.sk\/svet\/wp-json\/wp\/v2\/pages\/1133\/revisions"}],"predecessor-version":[{"id":1791,"href":"https:\/\/www.charita.sk\/svet\/wp-json\/wp\/v2\/pages\/1133\/revisions\/1791"}],"wp:attachment":[{"href":"https:\/\/www.charita.sk\/svet\/wp-json\/wp\/v2\/media?parent=1133"}],"curies":[{"name":"wp","href":"https:\/\/api.w.org\/{rel}","templated":true}]}}