{"id":1143,"date":"2020-11-30T06:53:00","date_gmt":"2020-11-30T05:53:00","guid":{"rendered":"https:\/\/www.charita.sk\/pomoc-utecencom\/?page_id=1143"},"modified":"2023-09-27T16:58:17","modified_gmt":"2023-09-27T14:58:17","slug":"o-pomoci","status":"publish","type":"page","link":"https:\/\/www.charita.sk\/svet\/o-pomoci\/","title":{"rendered":"O pomoci"},"content":{"rendered":"\n<p>Slovensk\u00e1 katol\u00edcka charita sa v humanit\u00e1rnej pomoci v zahrani\u010d\u00ed zameriava na oblas\u0165 Bl\u00edzkeho v\u00fdchodu &#8211; <a href=\"https:\/\/www.charita.sk\/svet\/irak\/\">Irak<\/a>, <a href=\"https:\/\/www.charita.sk\/svet\/syria\/\">S\u00fdria<\/a>, <a href=\"https:\/\/www.charita.sk\/svet\/libanon\/\" data-type=\"URL\" data-id=\"https:\/\/www.charita.sk\/svet\/libanon\/\">Libanon<\/a> a susedn\u00fa <a href=\"https:\/\/www.charita.sk\/svet\/ukrajina\/\">Ukrajinu<\/a>. \u013dudia z t\u00fdchto kraj\u00edn pre\u017e\u00edvaj\u00fa hr\u00f4zy vojny, ktor\u00e9 maj\u00fa ne\u017eiad\u00face n\u00e1sledky na ich \u017eivoty. V krajin\u00e1ch m\u00e1me vybudovan\u00fa sie\u0165 lok\u00e1lnych partnerov, s ktor\u00fdmi dlhodobo spolupracujeme.<\/p>\n\n\n<p class=\"art-citate\">Komu pom\u00e1hame<\/p>\n\n\n<div class=\"wp-block-columns are-vertically-aligned-center is-layout-flex wp-container-core-columns-is-layout-9d6595d7 wp-block-columns-is-layout-flex\">\n<div class=\"wp-block-column is-vertically-aligned-center is-layout-flow wp-block-column-is-layout-flow\"><div class=\"wp-block-image\">\n<figure class=\"aligncenter size-large\"><img decoding=\"async\" width=\"128\" height=\"128\" src=\"https:\/\/www.charita.sk\/svet\/wp-content\/uploads\/2020\/11\/church-3.png\" alt=\"\" class=\"wp-image-1145\"\/><\/figure><\/div>\n\n\n<p class=\"has-text-align-center\"><strong>prenasledovan\u00ed kres\u0165ania<\/strong><\/p>\n<\/div>\n\n\n\n<div class=\"wp-block-column is-vertically-aligned-center is-layout-flow wp-block-column-is-layout-flow\"><div class=\"wp-block-image\">\n<figure class=\"aligncenter size-large\"><img decoding=\"async\" width=\"128\" height=\"128\" src=\"https:\/\/www.charita.sk\/svet\/wp-content\/uploads\/2020\/11\/refugee.png\" alt=\"\" class=\"wp-image-1146\"\/><\/figure><\/div>\n\n\n<p class=\"has-text-align-center\"><strong>ute\u010denci<\/strong><\/p>\n<\/div>\n\n\n\n<div class=\"wp-block-column is-vertically-aligned-center is-layout-flow wp-block-column-is-layout-flow\"><div class=\"wp-block-image\">\n<figure class=\"aligncenter size-large\"><img decoding=\"async\" width=\"128\" height=\"128\" src=\"https:\/\/www.charita.sk\/svet\/wp-content\/uploads\/2020\/11\/tent-2.png\" alt=\"\" class=\"wp-image-1147\"\/><\/figure><\/div>\n\n\n<p class=\"has-text-align-center\"><strong>vn\u00fatorne vys\u00eddlen\u00e9 osoby<\/strong><\/p>\n<\/div>\n<\/div>\n\n\n\n<p>V t\u00fdchto \u013eu\u010foch vid\u00edme bud\u00facnos\u0165 ich dom\u00e1cej krajiny, v ktorej chc\u00fa zosta\u0165 a vychov\u00e1va\u0165 svoje rodiny. Chceme im <strong>poskytn\u00fa\u0165 podporu<\/strong>, aby ich domov bol dobr\u00fdm miestom, kde mo\u017eno d\u00f4stojne \u017ei\u0165. Okrem nich pom\u00e1hame pr\u00edslu\u0161n\u00edkom \u010fal\u0161\u00edch n\u00e1bo\u017eensk\u00fdch men\u0161\u00edn, ktor\u00e9 takisto \u010delia prenasledovaniu napr. jez\u00eddi v Iraku. <strong>Vn\u00fatorne vys\u00eddlen\u00e9 osoby<\/strong> tzv. IDPs s\u00fa \u013eudia, ktor\u00ed museli z d\u00f4vodu pr\u00edrodnej katastrofy, vojny alebo inej pohn\u00fatky nar\u00fdchlo opusti\u0165 svoj domov a zostali \u017ei\u0165 vo svojej krajine.<\/p>\n\n\n\n<div class=\"wp-block-buttons is-content-justification-center is-layout-flex wp-container-core-buttons-is-layout-16018d1d wp-block-buttons-is-layout-flex\">\n<div class=\"wp-block-button\"><a class=\"wp-block-button__link has-background wp-element-button\" href=\"https:\/\/www.charita.sk\/svet\/filmy\/\" style=\"background-color:#d9cb9e\">\ud83c\udfacPozrite si kr\u00e1tke filmy o pomoci<\/a><\/div>\n<\/div>\n\n\n<p class=\"art-citate\">Sp\u00f4soby pomoci<\/p>\n\n\n<div class=\"wp-block-columns is-layout-flex wp-container-core-columns-is-layout-9d6595d7 wp-block-columns-is-layout-flex\">\n<div class=\"wp-block-column is-layout-flow wp-block-column-is-layout-flow\"><div class=\"wp-block-image\">\n<figure class=\"aligncenter size-large\"><img loading=\"lazy\" decoding=\"async\" width=\"128\" height=\"128\" src=\"https:\/\/www.charita.sk\/svet\/wp-content\/uploads\/2020\/11\/drops.png\" alt=\"\" class=\"wp-image-1157\"\/><\/figure><\/div>\n\n\n<p class=\"has-text-align-center\"><strong>v\u00fdstavba studn\u00ed<\/strong><\/p>\n<\/div>\n\n\n\n<div class=\"wp-block-column is-layout-flow wp-block-column-is-layout-flow\"><div class=\"wp-block-image\">\n<figure class=\"aligncenter size-large\"><img loading=\"lazy\" decoding=\"async\" width=\"128\" height=\"128\" src=\"https:\/\/www.charita.sk\/svet\/wp-content\/uploads\/2020\/11\/mortarboard.png\" alt=\"\" class=\"wp-image-1158\"\/><\/figure><\/div>\n\n\n<p class=\"has-text-align-center\"><strong>podpora vzdel\u00e1vania<\/strong><\/p>\n<\/div>\n\n\n\n<div class=\"wp-block-column is-layout-flow wp-block-column-is-layout-flow\"><div class=\"wp-block-image\">\n<figure class=\"aligncenter size-large\"><img loading=\"lazy\" decoding=\"async\" width=\"128\" height=\"128\" src=\"https:\/\/www.charita.sk\/svet\/wp-content\/uploads\/2020\/11\/community.png\" alt=\"\" class=\"wp-image-1159\"\/><\/figure><\/div>\n\n\n<p class=\"has-text-align-center\"><strong>rozvoj komunity<\/strong><\/p>\n<\/div>\n\n\n\n<div class=\"wp-block-column is-layout-flow wp-block-column-is-layout-flow\"><div class=\"wp-block-image\">\n<figure class=\"aligncenter size-large\"><img loading=\"lazy\" decoding=\"async\" width=\"128\" height=\"128\" src=\"https:\/\/www.charita.sk\/svet\/wp-content\/uploads\/2020\/11\/soup.png\" alt=\"\" class=\"wp-image-1160\"\/><\/figure><\/div>\n\n\n<p class=\"has-text-align-center\"><strong>potravinov\u00e1 a materi\u00e1lna pomoc<\/strong><\/p>\n<\/div>\n<\/div>\n\n\n\n<p>Do projektov\u00fdch aktiv\u00edt na vytvorenie d\u00f4stojn\u00fdch podmienok <strong>zap\u00e1jame miestnych \u013eud\u00ed<\/strong>, ktor\u00ed n\u00e1s o pomoc \u017eiadaj\u00fa. S\u00fa tak pevnou s\u00fa\u010das\u0165ou zmeny, po ktorej t\u00fa\u017eia. Na monitorovac\u00edch cest\u00e1ch vid\u00edme ako im z\u00e1le\u017e\u00ed na de\u0165och, vzdel\u00e1vaj\u00fa sa, s\u00fa medzi robotn\u00edkmi, ktor\u00ed stavaj\u00fa studne, delia sa so v\u0161etk\u00fdm, \u010do maj\u00fa.<\/p>\n\n\n<p class=\"art-citate\">\u00daspe\u0161n\u00e9 projekty<\/p>\n\n\n<div class=\"wp-block-columns is-layout-flex wp-container-core-columns-is-layout-9d6595d7 wp-block-columns-is-layout-flex\">\n<div class=\"wp-block-column is-layout-flow wp-block-column-is-layout-flow\"><div class=\"wp-block-image\">\n<figure class=\"aligncenter size-full is-resized\"><img loading=\"lazy\" decoding=\"async\" src=\"https:\/\/www.charita.sk\/svet\/wp-content\/uploads\/2022\/02\/uspesne_projekty_cislo.png\" alt=\"\" class=\"wp-image-2021\" width=\"256\" height=\"128\" srcset=\"https:\/\/www.charita.sk\/svet\/wp-content\/uploads\/2022\/02\/uspesne_projekty_cislo.png 1024w, https:\/\/www.charita.sk\/svet\/wp-content\/uploads\/2022\/02\/uspesne_projekty_cislo-300x150.png 300w, https:\/\/www.charita.sk\/svet\/wp-content\/uploads\/2022\/02\/uspesne_projekty_cislo-768x384.png 768w\" sizes=\"(max-width: 256px) 100vw, 256px\" \/><\/figure><\/div>\n\n\n<p class=\"has-text-align-center\"><strong>humanit\u00e1rnych projektov<\/strong><\/p>\n<\/div>\n\n\n\n<div class=\"wp-block-column is-layout-flow wp-block-column-is-layout-flow\"><div class=\"wp-block-image\">\n<figure class=\"aligncenter size-full is-resized\"><img loading=\"lazy\" decoding=\"async\" src=\"https:\/\/www.charita.sk\/svet\/wp-content\/uploads\/2022\/02\/cisla_pomoc_utecencom.png\" alt=\"\" class=\"wp-image-2022\" width=\"256\" height=\"128\" srcset=\"https:\/\/www.charita.sk\/svet\/wp-content\/uploads\/2022\/02\/cisla_pomoc_utecencom.png 1024w, https:\/\/www.charita.sk\/svet\/wp-content\/uploads\/2022\/02\/cisla_pomoc_utecencom-300x150.png 300w, https:\/\/www.charita.sk\/svet\/wp-content\/uploads\/2022\/02\/cisla_pomoc_utecencom-768x384.png 768w\" sizes=\"(max-width: 256px) 100vw, 256px\" \/><\/figure><\/div>\n\n\n<p class=\"has-text-align-center\"><strong>pr\u00edjemcov pomoci<\/strong><\/p>\n<\/div>\n\n\n\n<div class=\"wp-block-column is-layout-flow wp-block-column-is-layout-flow\"><div class=\"wp-block-image\">\n<figure class=\"aligncenter size-full is-resized\"><img loading=\"lazy\" decoding=\"async\" src=\"https:\/\/www.charita.sk\/svet\/wp-content\/uploads\/2022\/02\/krajiny_pomoc_utecencom.png\" alt=\"\" class=\"wp-image-2024\" width=\"256\" height=\"128\" srcset=\"https:\/\/www.charita.sk\/svet\/wp-content\/uploads\/2022\/02\/krajiny_pomoc_utecencom.png 1024w, https:\/\/www.charita.sk\/svet\/wp-content\/uploads\/2022\/02\/krajiny_pomoc_utecencom-300x150.png 300w, https:\/\/www.charita.sk\/svet\/wp-content\/uploads\/2022\/02\/krajiny_pomoc_utecencom-768x384.png 768w\" sizes=\"(max-width: 256px) 100vw, 256px\" \/><\/figure><\/div>\n\n\n<p class=\"has-text-align-center\"><strong>krajiny<\/strong><\/p>\n<\/div>\n<\/div>\n\n\n\n<p>Od roku 2015 sme \u00faspe\u0161ne zrealizovali <strong>37 projektov<\/strong>. V s\u00fa\u010dasnosti sa \u010fal\u0161\u00edch <strong>8 realizuje<\/strong>. V minulosti smerovala na\u0161a pomoc aj na Balk\u00e1n. Finan\u010dne sa na pomoci podie\u013eaj\u00fa individu\u00e1lni darcovia, <a href=\"https:\/\/utecenci.kbs.sk\" target=\"_blank\" rel=\"noreferrer noopener\">Konferecia biskupov Slovenska cez zbierku na pomoc prenasledovan\u00fdm kres\u0165anom a ute\u010dencom<\/a> a in\u0161titucion\u00e1lni donori cez poskytnut\u00e9 granty, najm\u00e4 z programu Ofici\u00e1lnej rozvojovej pomoci SR, SlovakAid.<\/p>\n\n\n<p class=\"art-citate\">Humanit\u00e1rne princ\u00edpy<\/p>\n\n\n<p>Slovensk\u00e1 katol\u00edcka charita sa pri pr\u00edprave a\u00a0realiz\u00e1cii humanit\u00e1rnych projektov riadi <strong>medzin\u00e1rodne uzn\u00e1van\u00fdmi \u0161tandardmi Pr\u00edru\u010dky Sphere<\/strong> &#8211; Humanit\u00e1rna charta a minim\u00e1lne \u0161tandardy humanit\u00e1rnej pomoci. Pr\u00edru\u010dka je vo\u013ene dostupn\u00e1 v\u00a0r\u00f4znych jazykoch (vr\u00e1tane sloven\u010diny) tu: <a href=\"https:\/\/www.spherestandards.org\/handbook\/editions\/\">https:\/\/www.spherestandards.org\/handbook\/editions\/<\/a><\/p>\n","protected":false},"excerpt":{"rendered":"<p>Slovensk\u00e1 katol\u00edcka charita sa v humanit\u00e1rnej pomoci v zahrani\u010d\u00ed zameriava na oblas\u0165 [&hellip;]<\/p>\n","protected":false},"author":2,"featured_media":0,"parent":0,"menu_order":0,"comment_status":"closed","ping_status":"closed","template":"","meta":{"footnotes":""},"class_list":["post-1143","page","type-page","status-publish","hentry"],"yoast_head":"<!-- This site is optimized with the Yoast SEO plugin v25.4 - https:\/\/yoast.com\/wordpress\/plugins\/seo\/ -->\n<title>O pomoci | Charita vo svete<\/title>\n<meta name=\"robots\" content=\"index, follow, max-snippet:-1, max-image-preview:large, max-video-preview:-1\" \/>\n<link rel=\"canonical\" href=\"https:\/\/www.charita.sk\/svet\/o-pomoci\/\" \/>\n<meta property=\"og:locale\" content=\"sk_SK\" \/>\n<meta property=\"og:type\" content=\"article\" \/>\n<meta property=\"og:title\" content=\"O pomoci | Charita vo svete\" \/>\n<meta property=\"og:description\" content=\"Slovensk\u00e1 katol\u00edcka charita sa v humanit\u00e1rnej pomoci v zahrani\u010d\u00ed zameriava na oblas\u0165 [&hellip;]\" \/>\n<meta property=\"og:url\" content=\"https:\/\/www.charita.sk\/svet\/o-pomoci\/\" \/>\n<meta property=\"og:site_name\" content=\"Charita vo svete\" \/>\n<meta property=\"article:publisher\" content=\"https:\/\/www.facebook.com\/CaritasSlovakia\/\" \/>\n<meta property=\"article:modified_time\" content=\"2023-09-27T14:58:17+00:00\" \/>\n<meta property=\"og:image\" content=\"https:\/\/www.charita.sk\/pomoc-utecencom\/wp-content\/uploads\/2020\/11\/church-3.png\" \/>\n<meta name=\"twitter:card\" content=\"summary_large_image\" \/>\n<meta name=\"twitter:label1\" content=\"Predpokladan\u00fd \u010das \u010d\u00edtania\" \/>\n\t<meta name=\"twitter:data1\" content=\"4 min\u00faty\" \/>\n<script type=\"application\/ld+json\" class=\"yoast-schema-graph\">{\"@context\":\"https:\/\/schema.org\",\"@graph\":[{\"@type\":\"WebPage\",\"@id\":\"https:\/\/www.charita.sk\/svet\/o-pomoci\/\",\"url\":\"https:\/\/www.charita.sk\/svet\/o-pomoci\/\",\"name\":\"O pomoci | Charita vo svete\",\"isPartOf\":{\"@id\":\"https:\/\/www.charita.sk\/svet\/#website\"},\"primaryImageOfPage\":{\"@id\":\"https:\/\/www.charita.sk\/svet\/o-pomoci\/#primaryimage\"},\"image\":{\"@id\":\"https:\/\/www.charita.sk\/svet\/o-pomoci\/#primaryimage\"},\"thumbnailUrl\":\"https:\/\/www.charita.sk\/svet\/wp-content\/uploads\/2020\/11\/church-3.png\",\"datePublished\":\"2020-11-30T05:53:00+00:00\",\"dateModified\":\"2023-09-27T14:58:17+00:00\",\"breadcrumb\":{\"@id\":\"https:\/\/www.charita.sk\/svet\/o-pomoci\/#breadcrumb\"},\"inLanguage\":\"sk-SK\",\"potentialAction\":[{\"@type\":\"ReadAction\",\"target\":[\"https:\/\/www.charita.sk\/svet\/o-pomoci\/\"]}]},{\"@type\":\"ImageObject\",\"inLanguage\":\"sk-SK\",\"@id\":\"https:\/\/www.charita.sk\/svet\/o-pomoci\/#primaryimage\",\"url\":\"https:\/\/www.charita.sk\/svet\/wp-content\/uploads\/2020\/11\/church-3.png\",\"contentUrl\":\"https:\/\/www.charita.sk\/svet\/wp-content\/uploads\/2020\/11\/church-3.png\",\"width\":128,\"height\":128},{\"@type\":\"BreadcrumbList\",\"@id\":\"https:\/\/www.charita.sk\/svet\/o-pomoci\/#breadcrumb\",\"itemListElement\":[{\"@type\":\"ListItem\",\"position\":1,\"name\":\"Domovsk\u00e1 str\u00e1nka\",\"item\":\"https:\/\/www.charita.sk\/svet\/\"},{\"@type\":\"ListItem\",\"position\":2,\"name\":\"O pomoci\"}]},{\"@type\":\"WebSite\",\"@id\":\"https:\/\/www.charita.sk\/svet\/#website\",\"url\":\"https:\/\/www.charita.sk\/svet\/\",\"name\":\"Charita vo svete\",\"description\":\"Slovensk\u00e1 katol\u00edcka charita pom\u00e1ha \u013eu\u010fom v n\u00fadzi vo svete\",\"publisher\":{\"@id\":\"https:\/\/www.charita.sk\/svet\/#organization\"},\"potentialAction\":[{\"@type\":\"SearchAction\",\"target\":{\"@type\":\"EntryPoint\",\"urlTemplate\":\"https:\/\/www.charita.sk\/svet\/?s={search_term_string}\"},\"query-input\":{\"@type\":\"PropertyValueSpecification\",\"valueRequired\":true,\"valueName\":\"search_term_string\"}}],\"inLanguage\":\"sk-SK\"},{\"@type\":\"Organization\",\"@id\":\"https:\/\/www.charita.sk\/svet\/#organization\",\"name\":\"Slovensk\u00e1 katol\u00edcka charita\",\"url\":\"https:\/\/www.charita.sk\/svet\/\",\"logo\":{\"@type\":\"ImageObject\",\"inLanguage\":\"sk-SK\",\"@id\":\"https:\/\/www.charita.sk\/svet\/#\/schema\/logo\/image\/\",\"url\":\"https:\/\/www.charita.sk\/pomoc-utecencom\/wp-content\/uploads\/2020\/11\/logo_pomoc_utecencom.jpg\",\"contentUrl\":\"https:\/\/www.charita.sk\/pomoc-utecencom\/wp-content\/uploads\/2020\/11\/logo_pomoc_utecencom.jpg\",\"width\":1712,\"height\":480,\"caption\":\"Slovensk\u00e1 katol\u00edcka charita\"},\"image\":{\"@id\":\"https:\/\/www.charita.sk\/svet\/#\/schema\/logo\/image\/\"},\"sameAs\":[\"https:\/\/www.facebook.com\/CaritasSlovakia\/\",\"https:\/\/www.instagram.com\/caritas_slovakia\/\",\"https:\/\/www.linkedin.com\/company\/caritas-slovakia-skch-\",\"https:\/\/www.youtube.com\/user\/katolickacharita\"]}]}<\/script>\n<!-- \/ Yoast SEO plugin. -->","yoast_head_json":{"title":"O pomoci | Charita vo svete","robots":{"index":"index","follow":"follow","max-snippet":"max-snippet:-1","max-image-preview":"max-image-preview:large","max-video-preview":"max-video-preview:-1"},"canonical":"https:\/\/www.charita.sk\/svet\/o-pomoci\/","og_locale":"sk_SK","og_type":"article","og_title":"O pomoci | Charita vo svete","og_description":"Slovensk\u00e1 katol\u00edcka charita sa v humanit\u00e1rnej pomoci v zahrani\u010d\u00ed zameriava na oblas\u0165 [&hellip;]","og_url":"https:\/\/www.charita.sk\/svet\/o-pomoci\/","og_site_name":"Charita vo svete","article_publisher":"https:\/\/www.facebook.com\/CaritasSlovakia\/","article_modified_time":"2023-09-27T14:58:17+00:00","og_image":[{"url":"https:\/\/www.charita.sk\/pomoc-utecencom\/wp-content\/uploads\/2020\/11\/church-3.png","type":"","width":"","height":""}],"twitter_card":"summary_large_image","twitter_misc":{"Predpokladan\u00fd \u010das \u010d\u00edtania":"4 min\u00faty"},"schema":{"@context":"https:\/\/schema.org","@graph":[{"@type":"WebPage","@id":"https:\/\/www.charita.sk\/svet\/o-pomoci\/","url":"https:\/\/www.charita.sk\/svet\/o-pomoci\/","name":"O pomoci | Charita vo svete","isPartOf":{"@id":"https:\/\/www.charita.sk\/svet\/#website"},"primaryImageOfPage":{"@id":"https:\/\/www.charita.sk\/svet\/o-pomoci\/#primaryimage"},"image":{"@id":"https:\/\/www.charita.sk\/svet\/o-pomoci\/#primaryimage"},"thumbnailUrl":"https:\/\/www.charita.sk\/svet\/wp-content\/uploads\/2020\/11\/church-3.png","datePublished":"2020-11-30T05:53:00+00:00","dateModified":"2023-09-27T14:58:17+00:00","breadcrumb":{"@id":"https:\/\/www.charita.sk\/svet\/o-pomoci\/#breadcrumb"},"inLanguage":"sk-SK","potentialAction":[{"@type":"ReadAction","target":["https:\/\/www.charita.sk\/svet\/o-pomoci\/"]}]},{"@type":"ImageObject","inLanguage":"sk-SK","@id":"https:\/\/www.charita.sk\/svet\/o-pomoci\/#primaryimage","url":"https:\/\/www.charita.sk\/svet\/wp-content\/uploads\/2020\/11\/church-3.png","contentUrl":"https:\/\/www.charita.sk\/svet\/wp-content\/uploads\/2020\/11\/church-3.png","width":128,"height":128},{"@type":"BreadcrumbList","@id":"https:\/\/www.charita.sk\/svet\/o-pomoci\/#breadcrumb","itemListElement":[{"@type":"ListItem","position":1,"name":"Domovsk\u00e1 str\u00e1nka","item":"https:\/\/www.charita.sk\/svet\/"},{"@type":"ListItem","position":2,"name":"O pomoci"}]},{"@type":"WebSite","@id":"https:\/\/www.charita.sk\/svet\/#website","url":"https:\/\/www.charita.sk\/svet\/","name":"Charita vo svete","description":"Slovensk\u00e1 katol\u00edcka charita pom\u00e1ha \u013eu\u010fom v n\u00fadzi vo svete","publisher":{"@id":"https:\/\/www.charita.sk\/svet\/#organization"},"potentialAction":[{"@type":"SearchAction","target":{"@type":"EntryPoint","urlTemplate":"https:\/\/www.charita.sk\/svet\/?s={search_term_string}"},"query-input":{"@type":"PropertyValueSpecification","valueRequired":true,"valueName":"search_term_string"}}],"inLanguage":"sk-SK"},{"@type":"Organization","@id":"https:\/\/www.charita.sk\/svet\/#organization","name":"Slovensk\u00e1 katol\u00edcka charita","url":"https:\/\/www.charita.sk\/svet\/","logo":{"@type":"ImageObject","inLanguage":"sk-SK","@id":"https:\/\/www.charita.sk\/svet\/#\/schema\/logo\/image\/","url":"https:\/\/www.charita.sk\/pomoc-utecencom\/wp-content\/uploads\/2020\/11\/logo_pomoc_utecencom.jpg","contentUrl":"https:\/\/www.charita.sk\/pomoc-utecencom\/wp-content\/uploads\/2020\/11\/logo_pomoc_utecencom.jpg","width":1712,"height":480,"caption":"Slovensk\u00e1 katol\u00edcka charita"},"image":{"@id":"https:\/\/www.charita.sk\/svet\/#\/schema\/logo\/image\/"},"sameAs":["https:\/\/www.facebook.com\/CaritasSlovakia\/","https:\/\/www.instagram.com\/caritas_slovakia\/","https:\/\/www.linkedin.com\/company\/caritas-slovakia-skch-","https:\/\/www.youtube.com\/user\/katolickacharita"]}]}},"featured_image_src":null,"featured_image_src_square":null,"_links":{"self":[{"href":"https:\/\/www.charita.sk\/svet\/wp-json\/wp\/v2\/pages\/1143","targetHints":{"allow":["GET"]}}],"collection":[{"href":"https:\/\/www.charita.sk\/svet\/wp-json\/wp\/v2\/pages"}],"about":[{"href":"https:\/\/www.charita.sk\/svet\/wp-json\/wp\/v2\/types\/page"}],"author":[{"embeddable":true,"href":"https:\/\/www.charita.sk\/svet\/wp-json\/wp\/v2\/users\/2"}],"replies":[{"embeddable":true,"href":"https:\/\/www.charita.sk\/svet\/wp-json\/wp\/v2\/comments?post=1143"}],"version-history":[{"count":27,"href":"https:\/\/www.charita.sk\/svet\/wp-json\/wp\/v2\/pages\/1143\/revisions"}],"predecessor-version":[{"id":2705,"href":"https:\/\/www.charita.sk\/svet\/wp-json\/wp\/v2\/pages\/1143\/revisions\/2705"}],"wp:attachment":[{"href":"https:\/\/www.charita.sk\/svet\/wp-json\/wp\/v2\/media?parent=1143"}],"curies":[{"name":"wp","href":"https:\/\/api.w.org\/{rel}","templated":true}]}}