{"id":1304,"date":"2020-12-11T14:58:05","date_gmt":"2020-12-11T13:58:05","guid":{"rendered":"https:\/\/www.charita.sk\/pomoc-utecencom\/?page_id=1304"},"modified":"2020-12-15T08:25:08","modified_gmt":"2020-12-15T07:25:08","slug":"filtre-avzeryke","status":"publish","type":"page","link":"https:\/\/www.charita.sk\/svet\/filtre-avzeryke\/","title":{"rendered":"Vodn\u00e9 filtre pre dom\u00e1cnosti v obci Avzeryke"},"content":{"rendered":"\n<p class=\"has-white-color has-text-color has-background\" style=\"background-color:#c42f41\"><strong>N\u00e1zov projektu:<\/strong>&nbsp;Vodn\u00e9 filtre pre dom\u00e1cnosti v obci Avzeryke<br><strong>Miesto implement\u00e1cie:<\/strong>&nbsp;Avzeryke, Irack\u00fd Kurdistan<br><strong>Projektov\u00fd partner:<\/strong> Shingala Azad<br><strong>Po\u010det pr\u00edjemcov pomoci:<\/strong>&nbsp;pribli\u017ene 375 os\u00f4b<br><strong>Suma na podporu projektu:<\/strong>&nbsp;33 100 EUR<\/p>\n\n\n\n<p><strong>Situ\u00e1cia v krajine:<\/strong><\/p>\n\n\n\n<p>Avzeryke je arm\u00e9nsk\u00e1 kres\u0165ansk\u00e1 obec, ktor\u00e1 vznikla v roku 1932, ke\u010f Arm\u00e9ni utekali pred Turkami po\u010das arm\u00e9nskej genoc\u00eddy. Koncom roka 1961 bola obec vys\u00eddlen\u00e1 a obsaden\u00e1 arabsk\u00fdmi obyvate\u013emi, ktor\u00ed tu \u017eili do roku 1990\/1991. Moment\u00e1lne v obci \u017eije 67 arm\u00e9nskych rod\u00edn.&nbsp;<\/p>\n\n\n\n<p>\u017divot obyvate\u013eov obce z\u00e1vis\u00ed predov\u0161etk\u00fdm na po\u013enohospod\u00e1rstve a chove hospod\u00e1rskych zvierat. Mnoh\u00ed doch\u00e1dzaj\u00fa za pr\u00e1cou do okolit\u00fdch miest. Obec m\u00e1 probl\u00e9m so z\u00e1sobovan\u00edm miestnych obyvate\u013eov pitnou vodou. Voda b\u00fdva \u010dasto ve\u013emi zne\u010disten\u00e1. Miestna voda toti\u017e obsahuje l\u00e1tky, ktor\u00e9 nie s\u00fa vhodn\u00e9 k pitiu a pri dlhodobom u\u017e\u00edvan\u00ed ved\u00fa k zdravotn\u00fdm komplik\u00e1ci\u00e1m, predov\u0161etk\u00fdm u det\u00ed a star\u0161\u00edch \u013eud\u00ed.<\/p>\n\n\n\n<p class=\"has-text-align-center has-background\" style=\"background-color:#eeeeee\"><strong>Projekt finan\u010dne podporuje&nbsp;<a rel=\"noreferrer noopener\" href=\"https:\/\/kbs.sk\" target=\"_blank\">Konferencia biskupov Slovenska<\/a><\/strong>&nbsp;<\/p>\n\n\n\n<p><strong>Predstavenie projektu:<\/strong><\/p>\n\n\n\n<p>Vhodn\u00fdm rie\u0161en\u00edm, ktor\u00e9 by pomohlo v tejto situ\u00e1cii miestnym obyvate\u013eom, by boli vodn\u00e9 filtre, ktor\u00e9 cez navrhovan\u00e9 filtrovanie zariadenia miestnu vodu upravia k odpovedaj\u00facim hygienick\u00fdm predpisom.&nbsp;<\/p>\n\n\n\n<p>Cie\u013eom projektu je zrealizova\u0165 filtre na vodu pre dom\u00e1cnosti. V s\u00fa\u010dasnosti tak\u00e9to filtre niektor\u00e9 rodiny maj\u00fa, ale preva\u017en\u00e1 v\u00e4\u010d\u0161ina rod\u00edn, najm\u00e4 soci\u00e1lne slab\u0161\u00edch nebo ne\u00fapln\u00fdch, nem\u00e1 financie pre zabezpe\u010denie n\u00e1kupu a in\u0161tal\u00e1cie tak\u00fdchto filtrov.<\/p>\n\n\n\n<figure class=\"wp-block-gallery columns-3 is-cropped wp-block-gallery-1 is-layout-flex wp-block-gallery-is-layout-flex\"><ul class=\"blocks-gallery-grid\"><li class=\"blocks-gallery-item\"><figure><img fetchpriority=\"high\" decoding=\"async\" width=\"485\" height=\"1024\" src=\"https:\/\/www.charita.sk\/svet\/wp-content\/uploads\/2020\/12\/130149472_739975590201648_8682821137900943219_n-485x1024.jpg\" alt=\"\" data-id=\"1341\" data-link=\"https:\/\/www.charita.sk\/svet\/filtre-avzeryke\/130149472_739975590201648_8682821137900943219_n\/\" class=\"wp-image-1341\" srcset=\"https:\/\/www.charita.sk\/svet\/wp-content\/uploads\/2020\/12\/130149472_739975590201648_8682821137900943219_n-485x1024.jpg 485w, https:\/\/www.charita.sk\/svet\/wp-content\/uploads\/2020\/12\/130149472_739975590201648_8682821137900943219_n-142x300.jpg 142w, https:\/\/www.charita.sk\/svet\/wp-content\/uploads\/2020\/12\/130149472_739975590201648_8682821137900943219_n.jpg 489w\" sizes=\"(max-width: 485px) 100vw, 485px\" \/><\/figure><\/li><li class=\"blocks-gallery-item\"><figure><img decoding=\"async\" width=\"485\" height=\"1024\" src=\"https:\/\/www.charita.sk\/svet\/wp-content\/uploads\/2020\/12\/129292948_215520316614639_6009095458628594042_n-485x1024.jpg\" alt=\"\" data-id=\"1343\" data-link=\"https:\/\/www.charita.sk\/svet\/filtre-avzeryke\/129292948_215520316614639_6009095458628594042_n\/\" class=\"wp-image-1343\" srcset=\"https:\/\/www.charita.sk\/svet\/wp-content\/uploads\/2020\/12\/129292948_215520316614639_6009095458628594042_n-485x1024.jpg 485w, https:\/\/www.charita.sk\/svet\/wp-content\/uploads\/2020\/12\/129292948_215520316614639_6009095458628594042_n-142x300.jpg 142w, https:\/\/www.charita.sk\/svet\/wp-content\/uploads\/2020\/12\/129292948_215520316614639_6009095458628594042_n.jpg 489w\" sizes=\"(max-width: 485px) 100vw, 485px\" \/><\/figure><\/li><li class=\"blocks-gallery-item\"><figure><img decoding=\"async\" width=\"485\" height=\"1024\" src=\"https:\/\/www.charita.sk\/svet\/wp-content\/uploads\/2020\/12\/Avzeryka9-485x1024.jpeg\" alt=\"\" data-id=\"1345\" data-full-url=\"https:\/\/www.charita.sk\/svet\/wp-content\/uploads\/2020\/12\/Avzeryka9.jpeg\" data-link=\"https:\/\/www.charita.sk\/svet\/filtre-avzeryke\/avzeryka9\/\" class=\"wp-image-1345\" srcset=\"https:\/\/www.charita.sk\/svet\/wp-content\/uploads\/2020\/12\/Avzeryka9-485x1024.jpeg 485w, https:\/\/www.charita.sk\/svet\/wp-content\/uploads\/2020\/12\/Avzeryka9-142x300.jpeg 142w, https:\/\/www.charita.sk\/svet\/wp-content\/uploads\/2020\/12\/Avzeryka9.jpeg 489w\" sizes=\"(max-width: 485px) 100vw, 485px\" \/><\/figure><\/li><\/ul><\/figure>\n","protected":false},"excerpt":{"rendered":"<p>N\u00e1zov projektu:&nbsp;Vodn\u00e9 filtre pre dom\u00e1cnosti v obci AvzerykeMiesto implement\u00e1cie:&nbsp;Avzeryke, Irack\u00fd KurdistanProjektov\u00fd partner: [&hellip;]<\/p>\n","protected":false},"author":2,"featured_media":1306,"parent":0,"menu_order":0,"comment_status":"closed","ping_status":"closed","template":"","meta":{"footnotes":""},"class_list":["post-1304","page","type-page","status-publish","has-post-thumbnail","hentry"],"yoast_head":"<!-- This site is optimized with the Yoast SEO plugin v25.4 - https:\/\/yoast.com\/wordpress\/plugins\/seo\/ -->\n<title>Vodn\u00e9 filtre pre dom\u00e1cnosti v obci Avzeryke | Charita vo svete<\/title>\n<meta name=\"robots\" content=\"index, follow, max-snippet:-1, max-image-preview:large, max-video-preview:-1\" \/>\n<link rel=\"canonical\" href=\"https:\/\/www.charita.sk\/svet\/filtre-avzeryke\/\" \/>\n<meta property=\"og:locale\" content=\"sk_SK\" \/>\n<meta property=\"og:type\" content=\"article\" \/>\n<meta property=\"og:title\" content=\"Vodn\u00e9 filtre pre dom\u00e1cnosti v obci Avzeryke | Charita vo svete\" \/>\n<meta property=\"og:description\" content=\"N\u00e1zov projektu:&nbsp;Vodn\u00e9 filtre pre dom\u00e1cnosti v obci AvzerykeMiesto implement\u00e1cie:&nbsp;Avzeryke, Irack\u00fd KurdistanProjektov\u00fd partner: [&hellip;]\" \/>\n<meta property=\"og:url\" content=\"https:\/\/www.charita.sk\/svet\/filtre-avzeryke\/\" \/>\n<meta property=\"og:site_name\" content=\"Charita vo svete\" \/>\n<meta property=\"article:publisher\" content=\"https:\/\/www.facebook.com\/CaritasSlovakia\/\" \/>\n<meta property=\"article:modified_time\" content=\"2020-12-15T07:25:08+00:00\" \/>\n<meta property=\"og:image\" content=\"https:\/\/www.charita.sk\/svet\/wp-content\/uploads\/2020\/12\/Avzeryka.png\" \/>\n\t<meta property=\"og:image:width\" content=\"1100\" \/>\n\t<meta property=\"og:image:height\" content=\"733\" \/>\n\t<meta property=\"og:image:type\" content=\"image\/png\" \/>\n<meta name=\"twitter:card\" content=\"summary_large_image\" \/>\n<meta name=\"twitter:label1\" content=\"Predpokladan\u00fd \u010das \u010d\u00edtania\" \/>\n\t<meta name=\"twitter:data1\" content=\"1 min\u00fata\" \/>\n<script type=\"application\/ld+json\" class=\"yoast-schema-graph\">{\"@context\":\"https:\/\/schema.org\",\"@graph\":[{\"@type\":\"WebPage\",\"@id\":\"https:\/\/www.charita.sk\/svet\/filtre-avzeryke\/\",\"url\":\"https:\/\/www.charita.sk\/svet\/filtre-avzeryke\/\",\"name\":\"Vodn\u00e9 filtre pre dom\u00e1cnosti v obci Avzeryke | Charita vo svete\",\"isPartOf\":{\"@id\":\"https:\/\/www.charita.sk\/svet\/#website\"},\"primaryImageOfPage\":{\"@id\":\"https:\/\/www.charita.sk\/svet\/filtre-avzeryke\/#primaryimage\"},\"image\":{\"@id\":\"https:\/\/www.charita.sk\/svet\/filtre-avzeryke\/#primaryimage\"},\"thumbnailUrl\":\"https:\/\/www.charita.sk\/svet\/wp-content\/uploads\/2020\/12\/Avzeryka.png\",\"datePublished\":\"2020-12-11T13:58:05+00:00\",\"dateModified\":\"2020-12-15T07:25:08+00:00\",\"breadcrumb\":{\"@id\":\"https:\/\/www.charita.sk\/svet\/filtre-avzeryke\/#breadcrumb\"},\"inLanguage\":\"sk-SK\",\"potentialAction\":[{\"@type\":\"ReadAction\",\"target\":[\"https:\/\/www.charita.sk\/svet\/filtre-avzeryke\/\"]}]},{\"@type\":\"ImageObject\",\"inLanguage\":\"sk-SK\",\"@id\":\"https:\/\/www.charita.sk\/svet\/filtre-avzeryke\/#primaryimage\",\"url\":\"https:\/\/www.charita.sk\/svet\/wp-content\/uploads\/2020\/12\/Avzeryka.png\",\"contentUrl\":\"https:\/\/www.charita.sk\/svet\/wp-content\/uploads\/2020\/12\/Avzeryka.png\",\"width\":1100,\"height\":733},{\"@type\":\"BreadcrumbList\",\"@id\":\"https:\/\/www.charita.sk\/svet\/filtre-avzeryke\/#breadcrumb\",\"itemListElement\":[{\"@type\":\"ListItem\",\"position\":1,\"name\":\"Domovsk\u00e1 str\u00e1nka\",\"item\":\"https:\/\/www.charita.sk\/svet\/\"},{\"@type\":\"ListItem\",\"position\":2,\"name\":\"Vodn\u00e9 filtre pre dom\u00e1cnosti v obci Avzeryke\"}]},{\"@type\":\"WebSite\",\"@id\":\"https:\/\/www.charita.sk\/svet\/#website\",\"url\":\"https:\/\/www.charita.sk\/svet\/\",\"name\":\"Charita vo svete\",\"description\":\"Slovensk\u00e1 katol\u00edcka charita pom\u00e1ha \u013eu\u010fom v n\u00fadzi vo svete\",\"publisher\":{\"@id\":\"https:\/\/www.charita.sk\/svet\/#organization\"},\"potentialAction\":[{\"@type\":\"SearchAction\",\"target\":{\"@type\":\"EntryPoint\",\"urlTemplate\":\"https:\/\/www.charita.sk\/svet\/?s={search_term_string}\"},\"query-input\":{\"@type\":\"PropertyValueSpecification\",\"valueRequired\":true,\"valueName\":\"search_term_string\"}}],\"inLanguage\":\"sk-SK\"},{\"@type\":\"Organization\",\"@id\":\"https:\/\/www.charita.sk\/svet\/#organization\",\"name\":\"Slovensk\u00e1 katol\u00edcka charita\",\"url\":\"https:\/\/www.charita.sk\/svet\/\",\"logo\":{\"@type\":\"ImageObject\",\"inLanguage\":\"sk-SK\",\"@id\":\"https:\/\/www.charita.sk\/svet\/#\/schema\/logo\/image\/\",\"url\":\"https:\/\/www.charita.sk\/pomoc-utecencom\/wp-content\/uploads\/2020\/11\/logo_pomoc_utecencom.jpg\",\"contentUrl\":\"https:\/\/www.charita.sk\/pomoc-utecencom\/wp-content\/uploads\/2020\/11\/logo_pomoc_utecencom.jpg\",\"width\":1712,\"height\":480,\"caption\":\"Slovensk\u00e1 katol\u00edcka charita\"},\"image\":{\"@id\":\"https:\/\/www.charita.sk\/svet\/#\/schema\/logo\/image\/\"},\"sameAs\":[\"https:\/\/www.facebook.com\/CaritasSlovakia\/\",\"https:\/\/www.instagram.com\/caritas_slovakia\/\",\"https:\/\/www.linkedin.com\/company\/caritas-slovakia-skch-\",\"https:\/\/www.youtube.com\/user\/katolickacharita\"]}]}<\/script>\n<!-- \/ Yoast SEO plugin. -->","yoast_head_json":{"title":"Vodn\u00e9 filtre pre dom\u00e1cnosti v obci Avzeryke | Charita vo svete","robots":{"index":"index","follow":"follow","max-snippet":"max-snippet:-1","max-image-preview":"max-image-preview:large","max-video-preview":"max-video-preview:-1"},"canonical":"https:\/\/www.charita.sk\/svet\/filtre-avzeryke\/","og_locale":"sk_SK","og_type":"article","og_title":"Vodn\u00e9 filtre pre dom\u00e1cnosti v obci Avzeryke | Charita vo svete","og_description":"N\u00e1zov projektu:&nbsp;Vodn\u00e9 filtre pre dom\u00e1cnosti v obci AvzerykeMiesto implement\u00e1cie:&nbsp;Avzeryke, Irack\u00fd KurdistanProjektov\u00fd partner: [&hellip;]","og_url":"https:\/\/www.charita.sk\/svet\/filtre-avzeryke\/","og_site_name":"Charita vo svete","article_publisher":"https:\/\/www.facebook.com\/CaritasSlovakia\/","article_modified_time":"2020-12-15T07:25:08+00:00","og_image":[{"width":1100,"height":733,"url":"https:\/\/www.charita.sk\/svet\/wp-content\/uploads\/2020\/12\/Avzeryka.png","type":"image\/png"}],"twitter_card":"summary_large_image","twitter_misc":{"Predpokladan\u00fd \u010das \u010d\u00edtania":"1 min\u00fata"},"schema":{"@context":"https:\/\/schema.org","@graph":[{"@type":"WebPage","@id":"https:\/\/www.charita.sk\/svet\/filtre-avzeryke\/","url":"https:\/\/www.charita.sk\/svet\/filtre-avzeryke\/","name":"Vodn\u00e9 filtre pre dom\u00e1cnosti v obci Avzeryke | Charita vo svete","isPartOf":{"@id":"https:\/\/www.charita.sk\/svet\/#website"},"primaryImageOfPage":{"@id":"https:\/\/www.charita.sk\/svet\/filtre-avzeryke\/#primaryimage"},"image":{"@id":"https:\/\/www.charita.sk\/svet\/filtre-avzeryke\/#primaryimage"},"thumbnailUrl":"https:\/\/www.charita.sk\/svet\/wp-content\/uploads\/2020\/12\/Avzeryka.png","datePublished":"2020-12-11T13:58:05+00:00","dateModified":"2020-12-15T07:25:08+00:00","breadcrumb":{"@id":"https:\/\/www.charita.sk\/svet\/filtre-avzeryke\/#breadcrumb"},"inLanguage":"sk-SK","potentialAction":[{"@type":"ReadAction","target":["https:\/\/www.charita.sk\/svet\/filtre-avzeryke\/"]}]},{"@type":"ImageObject","inLanguage":"sk-SK","@id":"https:\/\/www.charita.sk\/svet\/filtre-avzeryke\/#primaryimage","url":"https:\/\/www.charita.sk\/svet\/wp-content\/uploads\/2020\/12\/Avzeryka.png","contentUrl":"https:\/\/www.charita.sk\/svet\/wp-content\/uploads\/2020\/12\/Avzeryka.png","width":1100,"height":733},{"@type":"BreadcrumbList","@id":"https:\/\/www.charita.sk\/svet\/filtre-avzeryke\/#breadcrumb","itemListElement":[{"@type":"ListItem","position":1,"name":"Domovsk\u00e1 str\u00e1nka","item":"https:\/\/www.charita.sk\/svet\/"},{"@type":"ListItem","position":2,"name":"Vodn\u00e9 filtre pre dom\u00e1cnosti v obci Avzeryke"}]},{"@type":"WebSite","@id":"https:\/\/www.charita.sk\/svet\/#website","url":"https:\/\/www.charita.sk\/svet\/","name":"Charita vo svete","description":"Slovensk\u00e1 katol\u00edcka charita pom\u00e1ha \u013eu\u010fom v n\u00fadzi vo svete","publisher":{"@id":"https:\/\/www.charita.sk\/svet\/#organization"},"potentialAction":[{"@type":"SearchAction","target":{"@type":"EntryPoint","urlTemplate":"https:\/\/www.charita.sk\/svet\/?s={search_term_string}"},"query-input":{"@type":"PropertyValueSpecification","valueRequired":true,"valueName":"search_term_string"}}],"inLanguage":"sk-SK"},{"@type":"Organization","@id":"https:\/\/www.charita.sk\/svet\/#organization","name":"Slovensk\u00e1 katol\u00edcka charita","url":"https:\/\/www.charita.sk\/svet\/","logo":{"@type":"ImageObject","inLanguage":"sk-SK","@id":"https:\/\/www.charita.sk\/svet\/#\/schema\/logo\/image\/","url":"https:\/\/www.charita.sk\/pomoc-utecencom\/wp-content\/uploads\/2020\/11\/logo_pomoc_utecencom.jpg","contentUrl":"https:\/\/www.charita.sk\/pomoc-utecencom\/wp-content\/uploads\/2020\/11\/logo_pomoc_utecencom.jpg","width":1712,"height":480,"caption":"Slovensk\u00e1 katol\u00edcka charita"},"image":{"@id":"https:\/\/www.charita.sk\/svet\/#\/schema\/logo\/image\/"},"sameAs":["https:\/\/www.facebook.com\/CaritasSlovakia\/","https:\/\/www.instagram.com\/caritas_slovakia\/","https:\/\/www.linkedin.com\/company\/caritas-slovakia-skch-","https:\/\/www.youtube.com\/user\/katolickacharita"]}]}},"featured_image_src":"https:\/\/www.charita.sk\/svet\/wp-content\/uploads\/2020\/12\/Avzeryka-600x400.png","featured_image_src_square":"https:\/\/www.charita.sk\/svet\/wp-content\/uploads\/2020\/12\/Avzeryka-600x600.png","_links":{"self":[{"href":"https:\/\/www.charita.sk\/svet\/wp-json\/wp\/v2\/pages\/1304","targetHints":{"allow":["GET"]}}],"collection":[{"href":"https:\/\/www.charita.sk\/svet\/wp-json\/wp\/v2\/pages"}],"about":[{"href":"https:\/\/www.charita.sk\/svet\/wp-json\/wp\/v2\/types\/page"}],"author":[{"embeddable":true,"href":"https:\/\/www.charita.sk\/svet\/wp-json\/wp\/v2\/users\/2"}],"replies":[{"embeddable":true,"href":"https:\/\/www.charita.sk\/svet\/wp-json\/wp\/v2\/comments?post=1304"}],"version-history":[{"count":4,"href":"https:\/\/www.charita.sk\/svet\/wp-json\/wp\/v2\/pages\/1304\/revisions"}],"predecessor-version":[{"id":1346,"href":"https:\/\/www.charita.sk\/svet\/wp-json\/wp\/v2\/pages\/1304\/revisions\/1346"}],"wp:featuredmedia":[{"embeddable":true,"href":"https:\/\/www.charita.sk\/svet\/wp-json\/wp\/v2\/media\/1306"}],"wp:attachment":[{"href":"https:\/\/www.charita.sk\/svet\/wp-json\/wp\/v2\/media?parent=1304"}],"curies":[{"name":"wp","href":"https:\/\/api.w.org\/{rel}","templated":true}]}}