{"id":1361,"date":"2020-12-15T10:01:09","date_gmt":"2020-12-15T09:01:09","guid":{"rendered":"https:\/\/www.charita.sk\/pomoc-utecencom\/?page_id=1361"},"modified":"2022-02-25T14:10:45","modified_gmt":"2022-02-25T13:10:45","slug":"shible-skolka","status":"publish","type":"page","link":"https:\/\/www.charita.sk\/svet\/shible-skolka\/","title":{"rendered":"Podpora \u0161k\u00f4lky \u201eShible\u201c v meste Derik"},"content":{"rendered":"\n<p class=\"has-white-color has-text-color has-background\" style=\"background-color:#c42f41\"><strong>N\u00e1zov projektu:<\/strong>&nbsp;Podpora \u0161k\u00f4lky \u201eShible\u201c v&nbsp;meste&nbsp;Derik<br><strong>Lokalita implement\u00e1cie<\/strong>:&nbsp;Derik, Governor\u00e1t Al-Hassaka, severov\u00fdchodn\u00e1 S\u00fdria&nbsp;<br><strong>Projektov\u00fd partner:&nbsp;<\/strong>Syriac Cross<br><strong>Po\u010det pr\u00edjemcov pomoci:<\/strong> 60 det\u00ed + rodinn\u00ed pr\u00edslu\u0161n\u00edci<br><strong>Rozpo\u010det:<\/strong>&nbsp;14 200 EUR<\/p>\n\n\n\n<p><strong>Situ\u00e1cia v&nbsp;krajine:<\/strong>&nbsp;Ozbrojen\u00fd konflikt, ktor\u00fd prebieha na \u00fazem\u00ed S\u00fdrie u\u017e od roku 2011, sp\u00f4sobil \u00fatek pribli\u017ene 5,6 mili\u00f3na obyvate\u013eov do in\u00fdch kraj\u00edn a&nbsp;\u010fal\u0161\u00edch pribli\u017ene 6,1 mili\u00f3na \u013eud\u00ed muselo opusti\u0165 svoje domovy a&nbsp;b\u00fdvaj\u00fa v&nbsp;proviz\u00f3rnych podmienkach na inom mieste v&nbsp;r\u00e1mci krajiny \u2013 tzv. vn\u00fatorne vys\u00eddlen\u00e9 osoby (IDP \u2013 Internally Displaced People).<a href=\"applewebdata:\/\/5E657CC9-0824-42D1-8992-BB11778D8E5A#_ftn1\"><sup>[1]<\/sup><\/a>&nbsp;Celkovo viac ako 13 mili\u00f3nov obyvate\u013eov S\u00fdrie potrebuje humanit\u00e1rnu pomoc.&nbsp;&nbsp;<\/p>\n\n\n\n<p>Od tureckej inv\u00e1zie v&nbsp;okt\u00f3bri 2019 sa situ\u00e1cia e\u0161te zhor\u0161ila a&nbsp;to aj na doteraz bezpe\u010dnej\u0161om \u00fazem\u00ed \u201eGovernor\u00e1t Al Hassaka\u201c v&nbsp;severov\u00fdchodnej \u010dasti krajiny, kde \u017eij\u00fa aj komunity syriack\u00fdch-as\u00fdrskych kres\u0165anov. \u010cas\u0165 governor\u00e1tu kontrolovan\u00fdm Kurdmi (okresy Ras Al-Ain a Tal Abyad) prevzali pod kontrolu radik\u00e1lne islamsk\u00e9 tureck\u00e9 jednotky a&nbsp;miestni obyvatelia v&nbsp;nich opustili svoje obydlia. <strong>Pribudlo 300&nbsp;000 nov\u00fdch vn\u00fatorne vys\u00eddlen\u00fdch os\u00f4b.<\/strong> T\u00e1to situ\u00e1cia mala negat\u00edvny vplyv na psychiku \u013eud\u00ed a&nbsp;ich podmienky na \u017eivot. Vn\u00fatorn\u00e1 politick\u00e1, ekonomick\u00e1 a&nbsp;bezpe\u010dnostn\u00e1 situ\u00e1cia je nestabiln\u00e1. Pre\u017ei\u0165 neznamen\u00e1 len ujs\u0165 pred smr\u0165ou vo vojne, ale aj by\u0165 schopn\u00ed postara\u0165 sa o&nbsp;rodinu v&nbsp;n\u00e1ro\u010dn\u00fdch podmienkach. V&nbsp;niektor\u00fdch rodin\u00e1ch otec, \u017eivite\u013e rodiny, zahynul a&nbsp;v&nbsp;in\u00fdch jeho pr\u00edjem nesta\u010d\u00ed, preto aj \u017eeny za\u010d\u00ednaj\u00fa st\u00e1le viac h\u013eada\u0165 pr\u00e1cu, aby pomohli svojim rodin\u00e1m.&nbsp;<\/p>\n\n\n\n<p class=\"has-text-align-center has-background\" style=\"background-color:#eeeeee\"><strong>Projekt finan\u010dne podporuje&nbsp;<a rel=\"noreferrer noopener\" href=\"https:\/\/kbs.sk\" target=\"_blank\">Konferencia biskupov Slovenska<\/a><\/strong><\/p>\n\n\n\n<p><strong>Predstavenie projektu:<\/strong>&nbsp;Projekt sa zameriava na \u017eeny, ktor\u00e9 potrebuj\u00fa \u00eds\u0165 do pr\u00e1ce a&nbsp;na vytvorenie bezpe\u010dn\u00e9ho prostredia pre ich deti, zakia\u013e oni bud\u00fa pracova\u0165.<\/p>\n\n\n\n<p>\u0160k\u00f4lka&nbsp;Shible bola zalo\u017een\u00e1 v&nbsp;meste Derik&nbsp;\u00daniou Syriack\u00fdch \u017eien v&nbsp;roku 2018, no m\u00e1 n\u00edzku kapacitu (30 det\u00ed), preto m\u00e1 \u00fania z\u00e1ujem otvori\u0165 v\u00e4\u010d\u0161iu \u0161k\u00f4lku s&nbsp;kapacitou do 60 det\u00ed na novom mieste v&nbsp;tom istom meste. \u010cas\u0165 zariadenia sa presunie, no je potrebn\u00e9 nov\u00fa v\u00e4\u010d\u0161iu \u0161k\u00f4lku dovybavova\u0165 hra\u010dkami, pedagogick\u00fdmi pom\u00f4ckami, apod.. \u0160k\u00f4lka je otvoren\u00e1 de\u0165om syriack\u00fdch kres\u0165anov, kurdov aj arabov vo veku od 6 mesiacov do 6 rokov. Vyu\u010dovanie prebieha a&nbsp;bude prebieha\u0165 v&nbsp;aramej\u010dine, arab\u010dine a&nbsp;angli\u010dtine. Projekt sa dot\u00fdka kult\u00farnych aj rodovo citliv\u00fdch t\u00e9m na r\u00f4znych \u00farovniach. Umo\u017en\u00ed matk\u00e1m pracova\u0165 a&nbsp;zlep\u0161i\u0165 situ\u00e1ciu ich rodiny a&nbsp;ke\u010f\u017ee \u0161k\u00f4lka je otvoren\u00e1 pre v\u0161etky deti r\u00f4znych n\u00e1bo\u017eensk\u00fdch a&nbsp;etnick\u00fdch skup\u00edn, pom\u00e1ha tak vz\u00e1jomnej tolerancii medzi de\u0165mi aj ich rodinami.<\/p>\n\n\n\n<figure class=\"wp-block-gallery has-nested-images columns-default is-cropped wp-block-gallery-1 is-layout-flex wp-block-gallery-is-layout-flex\">\n<figure class=\"wp-block-image size-large\"><img fetchpriority=\"high\" decoding=\"async\" width=\"400\" height=\"600\" data-id=\"1364\" src=\"https:\/\/www.charita.sk\/svet\/wp-content\/uploads\/2020\/12\/shible_dievca.jpg\" alt=\"\" class=\"wp-image-1364\" srcset=\"https:\/\/www.charita.sk\/svet\/wp-content\/uploads\/2020\/12\/shible_dievca.jpg 400w, https:\/\/www.charita.sk\/svet\/wp-content\/uploads\/2020\/12\/shible_dievca-200x300.jpg 200w\" sizes=\"(max-width: 400px) 100vw, 400px\" \/><\/figure>\n\n\n\n<figure class=\"wp-block-image size-large\"><img decoding=\"async\" width=\"400\" height=\"600\" data-id=\"1365\" src=\"https:\/\/www.charita.sk\/svet\/wp-content\/uploads\/2020\/12\/shible_chlapec1.jpg\" alt=\"\" class=\"wp-image-1365\" srcset=\"https:\/\/www.charita.sk\/svet\/wp-content\/uploads\/2020\/12\/shible_chlapec1.jpg 400w, https:\/\/www.charita.sk\/svet\/wp-content\/uploads\/2020\/12\/shible_chlapec1-200x300.jpg 200w\" sizes=\"(max-width: 400px) 100vw, 400px\" \/><\/figure>\n\n\n\n<figure class=\"wp-block-image size-large\"><img decoding=\"async\" width=\"400\" height=\"600\" data-id=\"1366\" src=\"https:\/\/www.charita.sk\/svet\/wp-content\/uploads\/2020\/12\/shible_chlapec2.jpg\" alt=\"\" class=\"wp-image-1366\" srcset=\"https:\/\/www.charita.sk\/svet\/wp-content\/uploads\/2020\/12\/shible_chlapec2.jpg 400w, https:\/\/www.charita.sk\/svet\/wp-content\/uploads\/2020\/12\/shible_chlapec2-200x300.jpg 200w\" sizes=\"(max-width: 400px) 100vw, 400px\" \/><\/figure>\n<\/figure>\n\n\n\n<p><strong>Inform\u00e1cie o&nbsp;projektovom partnerovi<\/strong>: Slovensk\u00e1 katol\u00edcka charita (SKCH) za podpory KBS s&nbsp;projektov\u00fdm partnerom Syriac Cross realizovala v&nbsp;rokoch 2018 a 2019 dve distrib\u00facie humanit\u00e1rnej pomoci v&nbsp;celkovej hodnote 101&nbsp;838 EUR (hygienick\u00e9 a&nbsp;potravinov\u00e9 bal\u00edky) pre pribli\u017ene 10&nbsp;000 os\u00f4b pr\u00e1ve v&nbsp;regi\u00f3ne Al-Hassaka. V&nbsp;s\u00fa\u010dasnosti SKCH spolu so Syriac Cross za podpory KBS realizuje \u010fal\u0161\u00edch 5 projektov v&nbsp;severov\u00fdchodnej S\u00fdrii v&nbsp;celkovej&nbsp;&nbsp;hodnote 99&nbsp;200 EUR sl\u00fa\u017eiace pre viac ako 2 300 pr\u00edjemcov pomoci po\u010das cel\u00e9ho kalend\u00e1rneho roka. Syriac Cross je zodpovedn\u00fd a&nbsp;d\u00f4veryhodn\u00fd partner.<\/p>\n\n\n\n<figure class=\"wp-block-gallery has-nested-images columns-default is-cropped wp-block-gallery-2 is-layout-flex wp-block-gallery-is-layout-flex\">\n<figure class=\"wp-block-image size-large\"><img loading=\"lazy\" decoding=\"async\" width=\"300\" height=\"125\" data-id=\"865\" src=\"https:\/\/www.charita.sk\/svet\/wp-content\/uploads\/2020\/07\/Syriac_cross.png\" alt=\"\" class=\"wp-image-865\"\/><\/figure>\n\n\n\n<figure class=\"wp-block-image size-large\"><img loading=\"lazy\" decoding=\"async\" width=\"300\" height=\"125\" data-id=\"696\" src=\"https:\/\/www.charita.sk\/svet\/wp-content\/uploads\/2019\/11\/Partneri-2.png\" alt=\"\" class=\"wp-image-696\"\/><\/figure>\n<\/figure>\n\n\n\n<hr class=\"wp-block-separator\"\/>\n\n\n\n<p><a href=\"applewebdata:\/\/5E657CC9-0824-42D1-8992-BB11778D8E5A#_ftnref1\"><sup>[1]<\/sup><\/a>&nbsp;https:\/\/news.un.org\/en\/focus\/syria<\/p>\n","protected":false},"excerpt":{"rendered":"<p>N\u00e1zov projektu:&nbsp;Podpora \u0161k\u00f4lky \u201eShible\u201c v&nbsp;meste&nbsp;DerikLokalita implement\u00e1cie:&nbsp;Derik, Governor\u00e1t Al-Hassaka, severov\u00fdchodn\u00e1 S\u00fdria&nbsp;Projektov\u00fd partner:&nbsp;Syriac CrossPo\u010det [&hellip;]<\/p>\n","protected":false},"author":2,"featured_media":0,"parent":0,"menu_order":0,"comment_status":"closed","ping_status":"closed","template":"","meta":{"footnotes":""},"class_list":["post-1361","page","type-page","status-publish","hentry"],"yoast_head":"<!-- This site is optimized with the Yoast SEO plugin v25.4 - https:\/\/yoast.com\/wordpress\/plugins\/seo\/ -->\n<title>Podpora \u0161k\u00f4lky \u201eShible\u201c v meste Derik | Charita vo svete<\/title>\n<meta name=\"robots\" content=\"index, follow, max-snippet:-1, max-image-preview:large, max-video-preview:-1\" \/>\n<link rel=\"canonical\" href=\"https:\/\/www.charita.sk\/svet\/shible-skolka\/\" \/>\n<meta property=\"og:locale\" content=\"sk_SK\" \/>\n<meta property=\"og:type\" content=\"article\" \/>\n<meta property=\"og:title\" content=\"Podpora \u0161k\u00f4lky \u201eShible\u201c v meste Derik | Charita vo svete\" \/>\n<meta property=\"og:description\" content=\"N\u00e1zov projektu:&nbsp;Podpora \u0161k\u00f4lky \u201eShible\u201c v&nbsp;meste&nbsp;DerikLokalita implement\u00e1cie:&nbsp;Derik, Governor\u00e1t Al-Hassaka, severov\u00fdchodn\u00e1 S\u00fdria&nbsp;Projektov\u00fd partner:&nbsp;Syriac CrossPo\u010det [&hellip;]\" \/>\n<meta property=\"og:url\" content=\"https:\/\/www.charita.sk\/svet\/shible-skolka\/\" \/>\n<meta property=\"og:site_name\" content=\"Charita vo svete\" \/>\n<meta property=\"article:publisher\" content=\"https:\/\/www.facebook.com\/CaritasSlovakia\/\" \/>\n<meta property=\"article:modified_time\" content=\"2022-02-25T13:10:45+00:00\" \/>\n<meta property=\"og:image\" content=\"https:\/\/www.charita.sk\/pomoc-utecencom\/wp-content\/uploads\/2020\/12\/shible_dievca.jpg\" \/>\n<meta name=\"twitter:card\" content=\"summary_large_image\" \/>\n<meta name=\"twitter:label1\" content=\"Predpokladan\u00fd \u010das \u010d\u00edtania\" \/>\n\t<meta name=\"twitter:data1\" content=\"3 min\u00faty\" \/>\n<script type=\"application\/ld+json\" class=\"yoast-schema-graph\">{\"@context\":\"https:\/\/schema.org\",\"@graph\":[{\"@type\":\"WebPage\",\"@id\":\"https:\/\/www.charita.sk\/svet\/shible-skolka\/\",\"url\":\"https:\/\/www.charita.sk\/svet\/shible-skolka\/\",\"name\":\"Podpora \u0161k\u00f4lky \u201eShible\u201c v meste Derik | Charita vo svete\",\"isPartOf\":{\"@id\":\"https:\/\/www.charita.sk\/svet\/#website\"},\"primaryImageOfPage\":{\"@id\":\"https:\/\/www.charita.sk\/svet\/shible-skolka\/#primaryimage\"},\"image\":{\"@id\":\"https:\/\/www.charita.sk\/svet\/shible-skolka\/#primaryimage\"},\"thumbnailUrl\":\"https:\/\/www.charita.sk\/svet\/wp-content\/uploads\/2020\/12\/shible_dievca.jpg\",\"datePublished\":\"2020-12-15T09:01:09+00:00\",\"dateModified\":\"2022-02-25T13:10:45+00:00\",\"breadcrumb\":{\"@id\":\"https:\/\/www.charita.sk\/svet\/shible-skolka\/#breadcrumb\"},\"inLanguage\":\"sk-SK\",\"potentialAction\":[{\"@type\":\"ReadAction\",\"target\":[\"https:\/\/www.charita.sk\/svet\/shible-skolka\/\"]}]},{\"@type\":\"ImageObject\",\"inLanguage\":\"sk-SK\",\"@id\":\"https:\/\/www.charita.sk\/svet\/shible-skolka\/#primaryimage\",\"url\":\"https:\/\/www.charita.sk\/svet\/wp-content\/uploads\/2020\/12\/shible_dievca.jpg\",\"contentUrl\":\"https:\/\/www.charita.sk\/svet\/wp-content\/uploads\/2020\/12\/shible_dievca.jpg\",\"width\":400,\"height\":600},{\"@type\":\"BreadcrumbList\",\"@id\":\"https:\/\/www.charita.sk\/svet\/shible-skolka\/#breadcrumb\",\"itemListElement\":[{\"@type\":\"ListItem\",\"position\":1,\"name\":\"Domovsk\u00e1 str\u00e1nka\",\"item\":\"https:\/\/www.charita.sk\/svet\/\"},{\"@type\":\"ListItem\",\"position\":2,\"name\":\"Podpora \u0161k\u00f4lky \u201eShible\u201c v meste Derik\"}]},{\"@type\":\"WebSite\",\"@id\":\"https:\/\/www.charita.sk\/svet\/#website\",\"url\":\"https:\/\/www.charita.sk\/svet\/\",\"name\":\"Charita vo svete\",\"description\":\"Slovensk\u00e1 katol\u00edcka charita pom\u00e1ha \u013eu\u010fom v n\u00fadzi vo svete\",\"publisher\":{\"@id\":\"https:\/\/www.charita.sk\/svet\/#organization\"},\"potentialAction\":[{\"@type\":\"SearchAction\",\"target\":{\"@type\":\"EntryPoint\",\"urlTemplate\":\"https:\/\/www.charita.sk\/svet\/?s={search_term_string}\"},\"query-input\":{\"@type\":\"PropertyValueSpecification\",\"valueRequired\":true,\"valueName\":\"search_term_string\"}}],\"inLanguage\":\"sk-SK\"},{\"@type\":\"Organization\",\"@id\":\"https:\/\/www.charita.sk\/svet\/#organization\",\"name\":\"Slovensk\u00e1 katol\u00edcka charita\",\"url\":\"https:\/\/www.charita.sk\/svet\/\",\"logo\":{\"@type\":\"ImageObject\",\"inLanguage\":\"sk-SK\",\"@id\":\"https:\/\/www.charita.sk\/svet\/#\/schema\/logo\/image\/\",\"url\":\"https:\/\/www.charita.sk\/pomoc-utecencom\/wp-content\/uploads\/2020\/11\/logo_pomoc_utecencom.jpg\",\"contentUrl\":\"https:\/\/www.charita.sk\/pomoc-utecencom\/wp-content\/uploads\/2020\/11\/logo_pomoc_utecencom.jpg\",\"width\":1712,\"height\":480,\"caption\":\"Slovensk\u00e1 katol\u00edcka charita\"},\"image\":{\"@id\":\"https:\/\/www.charita.sk\/svet\/#\/schema\/logo\/image\/\"},\"sameAs\":[\"https:\/\/www.facebook.com\/CaritasSlovakia\/\",\"https:\/\/www.instagram.com\/caritas_slovakia\/\",\"https:\/\/www.linkedin.com\/company\/caritas-slovakia-skch-\",\"https:\/\/www.youtube.com\/user\/katolickacharita\"]}]}<\/script>\n<!-- \/ Yoast SEO plugin. -->","yoast_head_json":{"title":"Podpora \u0161k\u00f4lky \u201eShible\u201c v meste Derik | Charita vo svete","robots":{"index":"index","follow":"follow","max-snippet":"max-snippet:-1","max-image-preview":"max-image-preview:large","max-video-preview":"max-video-preview:-1"},"canonical":"https:\/\/www.charita.sk\/svet\/shible-skolka\/","og_locale":"sk_SK","og_type":"article","og_title":"Podpora \u0161k\u00f4lky \u201eShible\u201c v meste Derik | Charita vo svete","og_description":"N\u00e1zov projektu:&nbsp;Podpora \u0161k\u00f4lky \u201eShible\u201c v&nbsp;meste&nbsp;DerikLokalita implement\u00e1cie:&nbsp;Derik, Governor\u00e1t Al-Hassaka, severov\u00fdchodn\u00e1 S\u00fdria&nbsp;Projektov\u00fd partner:&nbsp;Syriac CrossPo\u010det [&hellip;]","og_url":"https:\/\/www.charita.sk\/svet\/shible-skolka\/","og_site_name":"Charita vo svete","article_publisher":"https:\/\/www.facebook.com\/CaritasSlovakia\/","article_modified_time":"2022-02-25T13:10:45+00:00","og_image":[{"url":"https:\/\/www.charita.sk\/pomoc-utecencom\/wp-content\/uploads\/2020\/12\/shible_dievca.jpg","type":"","width":"","height":""}],"twitter_card":"summary_large_image","twitter_misc":{"Predpokladan\u00fd \u010das \u010d\u00edtania":"3 min\u00faty"},"schema":{"@context":"https:\/\/schema.org","@graph":[{"@type":"WebPage","@id":"https:\/\/www.charita.sk\/svet\/shible-skolka\/","url":"https:\/\/www.charita.sk\/svet\/shible-skolka\/","name":"Podpora \u0161k\u00f4lky \u201eShible\u201c v meste Derik | Charita vo svete","isPartOf":{"@id":"https:\/\/www.charita.sk\/svet\/#website"},"primaryImageOfPage":{"@id":"https:\/\/www.charita.sk\/svet\/shible-skolka\/#primaryimage"},"image":{"@id":"https:\/\/www.charita.sk\/svet\/shible-skolka\/#primaryimage"},"thumbnailUrl":"https:\/\/www.charita.sk\/svet\/wp-content\/uploads\/2020\/12\/shible_dievca.jpg","datePublished":"2020-12-15T09:01:09+00:00","dateModified":"2022-02-25T13:10:45+00:00","breadcrumb":{"@id":"https:\/\/www.charita.sk\/svet\/shible-skolka\/#breadcrumb"},"inLanguage":"sk-SK","potentialAction":[{"@type":"ReadAction","target":["https:\/\/www.charita.sk\/svet\/shible-skolka\/"]}]},{"@type":"ImageObject","inLanguage":"sk-SK","@id":"https:\/\/www.charita.sk\/svet\/shible-skolka\/#primaryimage","url":"https:\/\/www.charita.sk\/svet\/wp-content\/uploads\/2020\/12\/shible_dievca.jpg","contentUrl":"https:\/\/www.charita.sk\/svet\/wp-content\/uploads\/2020\/12\/shible_dievca.jpg","width":400,"height":600},{"@type":"BreadcrumbList","@id":"https:\/\/www.charita.sk\/svet\/shible-skolka\/#breadcrumb","itemListElement":[{"@type":"ListItem","position":1,"name":"Domovsk\u00e1 str\u00e1nka","item":"https:\/\/www.charita.sk\/svet\/"},{"@type":"ListItem","position":2,"name":"Podpora \u0161k\u00f4lky \u201eShible\u201c v meste Derik"}]},{"@type":"WebSite","@id":"https:\/\/www.charita.sk\/svet\/#website","url":"https:\/\/www.charita.sk\/svet\/","name":"Charita vo svete","description":"Slovensk\u00e1 katol\u00edcka charita pom\u00e1ha \u013eu\u010fom v n\u00fadzi vo svete","publisher":{"@id":"https:\/\/www.charita.sk\/svet\/#organization"},"potentialAction":[{"@type":"SearchAction","target":{"@type":"EntryPoint","urlTemplate":"https:\/\/www.charita.sk\/svet\/?s={search_term_string}"},"query-input":{"@type":"PropertyValueSpecification","valueRequired":true,"valueName":"search_term_string"}}],"inLanguage":"sk-SK"},{"@type":"Organization","@id":"https:\/\/www.charita.sk\/svet\/#organization","name":"Slovensk\u00e1 katol\u00edcka charita","url":"https:\/\/www.charita.sk\/svet\/","logo":{"@type":"ImageObject","inLanguage":"sk-SK","@id":"https:\/\/www.charita.sk\/svet\/#\/schema\/logo\/image\/","url":"https:\/\/www.charita.sk\/pomoc-utecencom\/wp-content\/uploads\/2020\/11\/logo_pomoc_utecencom.jpg","contentUrl":"https:\/\/www.charita.sk\/pomoc-utecencom\/wp-content\/uploads\/2020\/11\/logo_pomoc_utecencom.jpg","width":1712,"height":480,"caption":"Slovensk\u00e1 katol\u00edcka charita"},"image":{"@id":"https:\/\/www.charita.sk\/svet\/#\/schema\/logo\/image\/"},"sameAs":["https:\/\/www.facebook.com\/CaritasSlovakia\/","https:\/\/www.instagram.com\/caritas_slovakia\/","https:\/\/www.linkedin.com\/company\/caritas-slovakia-skch-","https:\/\/www.youtube.com\/user\/katolickacharita"]}]}},"featured_image_src":null,"featured_image_src_square":null,"_links":{"self":[{"href":"https:\/\/www.charita.sk\/svet\/wp-json\/wp\/v2\/pages\/1361","targetHints":{"allow":["GET"]}}],"collection":[{"href":"https:\/\/www.charita.sk\/svet\/wp-json\/wp\/v2\/pages"}],"about":[{"href":"https:\/\/www.charita.sk\/svet\/wp-json\/wp\/v2\/types\/page"}],"author":[{"embeddable":true,"href":"https:\/\/www.charita.sk\/svet\/wp-json\/wp\/v2\/users\/2"}],"replies":[{"embeddable":true,"href":"https:\/\/www.charita.sk\/svet\/wp-json\/wp\/v2\/comments?post=1361"}],"version-history":[{"count":7,"href":"https:\/\/www.charita.sk\/svet\/wp-json\/wp\/v2\/pages\/1361\/revisions"}],"predecessor-version":[{"id":2020,"href":"https:\/\/www.charita.sk\/svet\/wp-json\/wp\/v2\/pages\/1361\/revisions\/2020"}],"wp:attachment":[{"href":"https:\/\/www.charita.sk\/svet\/wp-json\/wp\/v2\/media?parent=1361"}],"curies":[{"name":"wp","href":"https:\/\/api.w.org\/{rel}","templated":true}]}}