{"id":1373,"date":"2020-12-15T10:28:23","date_gmt":"2020-12-15T09:28:23","guid":{"rendered":"https:\/\/www.charita.sk\/pomoc-utecencom\/?page_id=1373"},"modified":"2020-12-15T10:37:01","modified_gmt":"2020-12-15T09:37:01","slug":"centrum-al-qamishli","status":"publish","type":"page","link":"https:\/\/www.charita.sk\/svet\/centrum-al-qamishli\/","title":{"rendered":"Podpora rodinn\u00e9ho centra v meste Al-Qamishli"},"content":{"rendered":"\n<p class=\"has-white-color has-text-color has-background\" style=\"background-color:#c42f41\"><strong>N\u00e1zov projektu:<\/strong>&nbsp;Podpora rodinn\u00e9ho centra v&nbsp;meste Al-Qamishli<br><strong>Miesto implement\u00e1cie:<\/strong>&nbsp;Al-Qamishli, Governor\u00e1t Al-Hassaka , severov\u00fdchodn\u00e1 S\u00fdria<br><strong>Projektov\u00fd partner:<\/strong>&nbsp;Syriac Cross<br><strong>Po\u010det pr\u00edjemcov pomoci:<\/strong>&nbsp;100+<br><strong>Suma na podporu projektu:<\/strong>&nbsp;22 000 EUR<\/p>\n\n\n\n<p><strong>Predstavenie projektu:<\/strong>&nbsp;Po\u010das monitorovacej cesty v&nbsp;septembri 2019 sme sa z\u00fa\u010dastnili sl\u00e1vnostn\u00e9ho otvorenia rodinn\u00e9ho centra v&nbsp;meste Al- Qamishli, ktor\u00e9ho v\u00fdstavba bola umo\u017enen\u00e1 aj v\u010faka podpore KBS a SKCH. Hlavnou \u00falohou centra je starostlivos\u0165 o&nbsp;\u017eeny, deti,&nbsp;mlad\u00fdch \u013eud\u00ed a&nbsp;seniorov, ktor\u00ed najviac trpia prebiehaj\u00facim ozbrojen\u00fdm konfliktom v krajine.<\/p>\n\n\n\n<p class=\"has-text-align-center has-background\" style=\"background-color:#eeeeee\"><strong>Projekt finan\u010dne podporuje&nbsp;<a rel=\"noreferrer noopener\" href=\"https:\/\/kbs.sk\" target=\"_blank\">Konferencia biskupov Slovenska<\/a><\/strong><\/p>\n\n\n\n<p>Na z\u00e1klade anal\u00fdzy potrieb miestnej komunity, ktor\u00e9 vykonal Syriac Cross spolu s SKCH, boli stanoven\u00e9 kr\u00e1tkodob\u00e9, strednodob\u00e9 a&nbsp;dlhodob\u00e9 ciele aktiv\u00edt rodinn\u00e9ho centra.<\/p>\n\n\n\n<p>V&nbsp;kr\u00e1tkodobom horizonte centrum poskytuje potrebn\u00fa pomoc vdov\u00e1m, slobodn\u00fdm a&nbsp;chudobn\u00fdm matk\u00e1m ako aj ich de\u0165om. Psychologick\u00e9 poradenstvo, dou\u010dovanie, kurzy prvej pomoci, poskytnutie teplej stravy.&nbsp;<\/p>\n\n\n\n<p>V&nbsp;strednodobom pl\u00e1novan\u00ed sa centrum bude venova\u0165 vzdel\u00e1vac\u00edm aktivit\u00e1m pre \u017eeny, dou\u010dovaniu pre deti, b\u00e1zaru so \u0161atstvom, vo\u013eno\u010dasov\u00fdm aktivit\u00e1m pre deti a&nbsp;ml\u00e1de\u017e, zdravotn\u00fdm prehliadkam a&nbsp;poradenstvu.<\/p>\n\n\n\n<p>V\u00a0dlhodobom horizonte centrum poskytne kurzy \u0161itia, informatiky, poradenstva pri h\u013eadan\u00ed pr\u00e1ce a\u00a0vo\u013eno\u010dasov\u00fdm aktivit\u00e1m pre dospel\u00fdch.Syriac Cross spolupracuje s\u00a0miestnymi komunitami a\u00a0taktie\u017e s\u00a0odborn\u00edkmi, ktor\u00ed participuj\u00fa na projekte. Aby ich udr\u017eal a\u00a0mohol kurzy roz\u0161\u00edri\u0165, potreboval by zabezpe\u010di\u0165 pokrytie ich platov aj na \u010fal\u0161\u00ed rok. T\u00fdmto sp\u00f4sobom projekt pom\u00f4\u017ee \u013eu\u010fom v\u00a0n\u00fadzi a\u00a0taktie\u017e povzbud\u00ed zapojen\u00fdch odborn\u00edkov osta\u0165 vo svojej domovskej krajine, t.j. neemigrova\u0165 do zahrani\u010dia.<\/p>\n\n\n\n<figure class=\"wp-block-gallery columns-3 is-cropped wp-block-gallery-1 is-layout-flex wp-block-gallery-is-layout-flex\"><ul class=\"blocks-gallery-grid\"><li class=\"blocks-gallery-item\"><figure><img fetchpriority=\"high\" decoding=\"async\" width=\"600\" height=\"400\" src=\"https:\/\/www.charita.sk\/svet\/wp-content\/uploads\/2020\/12\/al_q1.jpg\" alt=\"\" data-id=\"1380\" data-full-url=\"https:\/\/www.charita.sk\/svet\/wp-content\/uploads\/2020\/12\/al_q1.jpg\" data-link=\"https:\/\/www.charita.sk\/svet\/centrum-al-qamishli\/al_q1\/\" class=\"wp-image-1380\" srcset=\"https:\/\/www.charita.sk\/svet\/wp-content\/uploads\/2020\/12\/al_q1.jpg 600w, https:\/\/www.charita.sk\/svet\/wp-content\/uploads\/2020\/12\/al_q1-300x200.jpg 300w\" sizes=\"(max-width: 600px) 100vw, 600px\" \/><\/figure><\/li><li class=\"blocks-gallery-item\"><figure><img decoding=\"async\" width=\"600\" height=\"400\" src=\"https:\/\/www.charita.sk\/svet\/wp-content\/uploads\/2020\/12\/al_q2.jpg\" alt=\"\" data-id=\"1381\" data-full-url=\"https:\/\/www.charita.sk\/svet\/wp-content\/uploads\/2020\/12\/al_q2.jpg\" data-link=\"https:\/\/www.charita.sk\/svet\/centrum-al-qamishli\/al_q2\/\" class=\"wp-image-1381\" srcset=\"https:\/\/www.charita.sk\/svet\/wp-content\/uploads\/2020\/12\/al_q2.jpg 600w, https:\/\/www.charita.sk\/svet\/wp-content\/uploads\/2020\/12\/al_q2-300x200.jpg 300w\" sizes=\"(max-width: 600px) 100vw, 600px\" \/><\/figure><\/li><li class=\"blocks-gallery-item\"><figure><img decoding=\"async\" width=\"600\" height=\"400\" src=\"https:\/\/www.charita.sk\/svet\/wp-content\/uploads\/2020\/12\/al_q3.jpg\" alt=\"\" data-id=\"1382\" data-full-url=\"https:\/\/www.charita.sk\/svet\/wp-content\/uploads\/2020\/12\/al_q3.jpg\" data-link=\"https:\/\/www.charita.sk\/svet\/centrum-al-qamishli\/al_q3\/\" class=\"wp-image-1382\" srcset=\"https:\/\/www.charita.sk\/svet\/wp-content\/uploads\/2020\/12\/al_q3.jpg 600w, https:\/\/www.charita.sk\/svet\/wp-content\/uploads\/2020\/12\/al_q3-300x200.jpg 300w\" sizes=\"(max-width: 600px) 100vw, 600px\" \/><\/figure><\/li><\/ul><\/figure>\n","protected":false},"excerpt":{"rendered":"<p>N\u00e1zov projektu:&nbsp;Podpora rodinn\u00e9ho centra v&nbsp;meste Al-QamishliMiesto implement\u00e1cie:&nbsp;Al-Qamishli, Governor\u00e1t Al-Hassaka , severov\u00fdchodn\u00e1 S\u00fdriaProjektov\u00fd [&hellip;]<\/p>\n","protected":false},"author":2,"featured_media":0,"parent":0,"menu_order":0,"comment_status":"closed","ping_status":"closed","template":"","meta":{"footnotes":""},"class_list":["post-1373","page","type-page","status-publish","hentry"],"yoast_head":"<!-- This site is optimized with the Yoast SEO plugin v25.4 - https:\/\/yoast.com\/wordpress\/plugins\/seo\/ -->\n<title>Podpora rodinn\u00e9ho centra v meste Al-Qamishli | Charita vo svete<\/title>\n<meta name=\"robots\" content=\"index, follow, max-snippet:-1, max-image-preview:large, max-video-preview:-1\" \/>\n<link rel=\"canonical\" href=\"https:\/\/www.charita.sk\/svet\/centrum-al-qamishli\/\" \/>\n<meta property=\"og:locale\" content=\"sk_SK\" \/>\n<meta property=\"og:type\" content=\"article\" \/>\n<meta property=\"og:title\" content=\"Podpora rodinn\u00e9ho centra v meste Al-Qamishli | Charita vo svete\" \/>\n<meta property=\"og:description\" content=\"N\u00e1zov projektu:&nbsp;Podpora rodinn\u00e9ho centra v&nbsp;meste Al-QamishliMiesto implement\u00e1cie:&nbsp;Al-Qamishli, Governor\u00e1t Al-Hassaka , severov\u00fdchodn\u00e1 S\u00fdriaProjektov\u00fd [&hellip;]\" \/>\n<meta property=\"og:url\" content=\"https:\/\/www.charita.sk\/svet\/centrum-al-qamishli\/\" \/>\n<meta property=\"og:site_name\" content=\"Charita vo svete\" \/>\n<meta property=\"article:publisher\" content=\"https:\/\/www.facebook.com\/CaritasSlovakia\/\" \/>\n<meta property=\"article:modified_time\" content=\"2020-12-15T09:37:01+00:00\" \/>\n<meta property=\"og:image\" content=\"https:\/\/www.charita.sk\/pomoc-utecencom\/wp-content\/uploads\/2020\/12\/al_q1.jpg\" \/>\n<meta name=\"twitter:card\" content=\"summary_large_image\" \/>\n<meta name=\"twitter:label1\" content=\"Predpokladan\u00fd \u010das \u010d\u00edtania\" \/>\n\t<meta name=\"twitter:data1\" content=\"2 min\u00faty\" \/>\n<script type=\"application\/ld+json\" class=\"yoast-schema-graph\">{\"@context\":\"https:\/\/schema.org\",\"@graph\":[{\"@type\":\"WebPage\",\"@id\":\"https:\/\/www.charita.sk\/svet\/centrum-al-qamishli\/\",\"url\":\"https:\/\/www.charita.sk\/svet\/centrum-al-qamishli\/\",\"name\":\"Podpora rodinn\u00e9ho centra v meste Al-Qamishli | Charita vo svete\",\"isPartOf\":{\"@id\":\"https:\/\/www.charita.sk\/svet\/#website\"},\"primaryImageOfPage\":{\"@id\":\"https:\/\/www.charita.sk\/svet\/centrum-al-qamishli\/#primaryimage\"},\"image\":{\"@id\":\"https:\/\/www.charita.sk\/svet\/centrum-al-qamishli\/#primaryimage\"},\"thumbnailUrl\":\"https:\/\/www.charita.sk\/svet\/wp-content\/uploads\/2020\/12\/al_q1.jpg\",\"datePublished\":\"2020-12-15T09:28:23+00:00\",\"dateModified\":\"2020-12-15T09:37:01+00:00\",\"breadcrumb\":{\"@id\":\"https:\/\/www.charita.sk\/svet\/centrum-al-qamishli\/#breadcrumb\"},\"inLanguage\":\"sk-SK\",\"potentialAction\":[{\"@type\":\"ReadAction\",\"target\":[\"https:\/\/www.charita.sk\/svet\/centrum-al-qamishli\/\"]}]},{\"@type\":\"ImageObject\",\"inLanguage\":\"sk-SK\",\"@id\":\"https:\/\/www.charita.sk\/svet\/centrum-al-qamishli\/#primaryimage\",\"url\":\"https:\/\/www.charita.sk\/svet\/wp-content\/uploads\/2020\/12\/al_q1.jpg\",\"contentUrl\":\"https:\/\/www.charita.sk\/svet\/wp-content\/uploads\/2020\/12\/al_q1.jpg\",\"width\":600,\"height\":400},{\"@type\":\"BreadcrumbList\",\"@id\":\"https:\/\/www.charita.sk\/svet\/centrum-al-qamishli\/#breadcrumb\",\"itemListElement\":[{\"@type\":\"ListItem\",\"position\":1,\"name\":\"Domovsk\u00e1 str\u00e1nka\",\"item\":\"https:\/\/www.charita.sk\/svet\/\"},{\"@type\":\"ListItem\",\"position\":2,\"name\":\"Podpora rodinn\u00e9ho centra v meste Al-Qamishli\"}]},{\"@type\":\"WebSite\",\"@id\":\"https:\/\/www.charita.sk\/svet\/#website\",\"url\":\"https:\/\/www.charita.sk\/svet\/\",\"name\":\"Charita vo svete\",\"description\":\"Slovensk\u00e1 katol\u00edcka charita pom\u00e1ha \u013eu\u010fom v n\u00fadzi vo svete\",\"publisher\":{\"@id\":\"https:\/\/www.charita.sk\/svet\/#organization\"},\"potentialAction\":[{\"@type\":\"SearchAction\",\"target\":{\"@type\":\"EntryPoint\",\"urlTemplate\":\"https:\/\/www.charita.sk\/svet\/?s={search_term_string}\"},\"query-input\":{\"@type\":\"PropertyValueSpecification\",\"valueRequired\":true,\"valueName\":\"search_term_string\"}}],\"inLanguage\":\"sk-SK\"},{\"@type\":\"Organization\",\"@id\":\"https:\/\/www.charita.sk\/svet\/#organization\",\"name\":\"Slovensk\u00e1 katol\u00edcka charita\",\"url\":\"https:\/\/www.charita.sk\/svet\/\",\"logo\":{\"@type\":\"ImageObject\",\"inLanguage\":\"sk-SK\",\"@id\":\"https:\/\/www.charita.sk\/svet\/#\/schema\/logo\/image\/\",\"url\":\"https:\/\/www.charita.sk\/pomoc-utecencom\/wp-content\/uploads\/2020\/11\/logo_pomoc_utecencom.jpg\",\"contentUrl\":\"https:\/\/www.charita.sk\/pomoc-utecencom\/wp-content\/uploads\/2020\/11\/logo_pomoc_utecencom.jpg\",\"width\":1712,\"height\":480,\"caption\":\"Slovensk\u00e1 katol\u00edcka charita\"},\"image\":{\"@id\":\"https:\/\/www.charita.sk\/svet\/#\/schema\/logo\/image\/\"},\"sameAs\":[\"https:\/\/www.facebook.com\/CaritasSlovakia\/\",\"https:\/\/www.instagram.com\/caritas_slovakia\/\",\"https:\/\/www.linkedin.com\/company\/caritas-slovakia-skch-\",\"https:\/\/www.youtube.com\/user\/katolickacharita\"]}]}<\/script>\n<!-- \/ Yoast SEO plugin. -->","yoast_head_json":{"title":"Podpora rodinn\u00e9ho centra v meste Al-Qamishli | Charita vo svete","robots":{"index":"index","follow":"follow","max-snippet":"max-snippet:-1","max-image-preview":"max-image-preview:large","max-video-preview":"max-video-preview:-1"},"canonical":"https:\/\/www.charita.sk\/svet\/centrum-al-qamishli\/","og_locale":"sk_SK","og_type":"article","og_title":"Podpora rodinn\u00e9ho centra v meste Al-Qamishli | Charita vo svete","og_description":"N\u00e1zov projektu:&nbsp;Podpora rodinn\u00e9ho centra v&nbsp;meste Al-QamishliMiesto implement\u00e1cie:&nbsp;Al-Qamishli, Governor\u00e1t Al-Hassaka , severov\u00fdchodn\u00e1 S\u00fdriaProjektov\u00fd [&hellip;]","og_url":"https:\/\/www.charita.sk\/svet\/centrum-al-qamishli\/","og_site_name":"Charita vo svete","article_publisher":"https:\/\/www.facebook.com\/CaritasSlovakia\/","article_modified_time":"2020-12-15T09:37:01+00:00","og_image":[{"url":"https:\/\/www.charita.sk\/pomoc-utecencom\/wp-content\/uploads\/2020\/12\/al_q1.jpg","type":"","width":"","height":""}],"twitter_card":"summary_large_image","twitter_misc":{"Predpokladan\u00fd \u010das \u010d\u00edtania":"2 min\u00faty"},"schema":{"@context":"https:\/\/schema.org","@graph":[{"@type":"WebPage","@id":"https:\/\/www.charita.sk\/svet\/centrum-al-qamishli\/","url":"https:\/\/www.charita.sk\/svet\/centrum-al-qamishli\/","name":"Podpora rodinn\u00e9ho centra v meste Al-Qamishli | Charita vo svete","isPartOf":{"@id":"https:\/\/www.charita.sk\/svet\/#website"},"primaryImageOfPage":{"@id":"https:\/\/www.charita.sk\/svet\/centrum-al-qamishli\/#primaryimage"},"image":{"@id":"https:\/\/www.charita.sk\/svet\/centrum-al-qamishli\/#primaryimage"},"thumbnailUrl":"https:\/\/www.charita.sk\/svet\/wp-content\/uploads\/2020\/12\/al_q1.jpg","datePublished":"2020-12-15T09:28:23+00:00","dateModified":"2020-12-15T09:37:01+00:00","breadcrumb":{"@id":"https:\/\/www.charita.sk\/svet\/centrum-al-qamishli\/#breadcrumb"},"inLanguage":"sk-SK","potentialAction":[{"@type":"ReadAction","target":["https:\/\/www.charita.sk\/svet\/centrum-al-qamishli\/"]}]},{"@type":"ImageObject","inLanguage":"sk-SK","@id":"https:\/\/www.charita.sk\/svet\/centrum-al-qamishli\/#primaryimage","url":"https:\/\/www.charita.sk\/svet\/wp-content\/uploads\/2020\/12\/al_q1.jpg","contentUrl":"https:\/\/www.charita.sk\/svet\/wp-content\/uploads\/2020\/12\/al_q1.jpg","width":600,"height":400},{"@type":"BreadcrumbList","@id":"https:\/\/www.charita.sk\/svet\/centrum-al-qamishli\/#breadcrumb","itemListElement":[{"@type":"ListItem","position":1,"name":"Domovsk\u00e1 str\u00e1nka","item":"https:\/\/www.charita.sk\/svet\/"},{"@type":"ListItem","position":2,"name":"Podpora rodinn\u00e9ho centra v meste Al-Qamishli"}]},{"@type":"WebSite","@id":"https:\/\/www.charita.sk\/svet\/#website","url":"https:\/\/www.charita.sk\/svet\/","name":"Charita vo svete","description":"Slovensk\u00e1 katol\u00edcka charita pom\u00e1ha \u013eu\u010fom v n\u00fadzi vo svete","publisher":{"@id":"https:\/\/www.charita.sk\/svet\/#organization"},"potentialAction":[{"@type":"SearchAction","target":{"@type":"EntryPoint","urlTemplate":"https:\/\/www.charita.sk\/svet\/?s={search_term_string}"},"query-input":{"@type":"PropertyValueSpecification","valueRequired":true,"valueName":"search_term_string"}}],"inLanguage":"sk-SK"},{"@type":"Organization","@id":"https:\/\/www.charita.sk\/svet\/#organization","name":"Slovensk\u00e1 katol\u00edcka charita","url":"https:\/\/www.charita.sk\/svet\/","logo":{"@type":"ImageObject","inLanguage":"sk-SK","@id":"https:\/\/www.charita.sk\/svet\/#\/schema\/logo\/image\/","url":"https:\/\/www.charita.sk\/pomoc-utecencom\/wp-content\/uploads\/2020\/11\/logo_pomoc_utecencom.jpg","contentUrl":"https:\/\/www.charita.sk\/pomoc-utecencom\/wp-content\/uploads\/2020\/11\/logo_pomoc_utecencom.jpg","width":1712,"height":480,"caption":"Slovensk\u00e1 katol\u00edcka charita"},"image":{"@id":"https:\/\/www.charita.sk\/svet\/#\/schema\/logo\/image\/"},"sameAs":["https:\/\/www.facebook.com\/CaritasSlovakia\/","https:\/\/www.instagram.com\/caritas_slovakia\/","https:\/\/www.linkedin.com\/company\/caritas-slovakia-skch-","https:\/\/www.youtube.com\/user\/katolickacharita"]}]}},"featured_image_src":null,"featured_image_src_square":null,"_links":{"self":[{"href":"https:\/\/www.charita.sk\/svet\/wp-json\/wp\/v2\/pages\/1373","targetHints":{"allow":["GET"]}}],"collection":[{"href":"https:\/\/www.charita.sk\/svet\/wp-json\/wp\/v2\/pages"}],"about":[{"href":"https:\/\/www.charita.sk\/svet\/wp-json\/wp\/v2\/types\/page"}],"author":[{"embeddable":true,"href":"https:\/\/www.charita.sk\/svet\/wp-json\/wp\/v2\/users\/2"}],"replies":[{"embeddable":true,"href":"https:\/\/www.charita.sk\/svet\/wp-json\/wp\/v2\/comments?post=1373"}],"version-history":[{"count":2,"href":"https:\/\/www.charita.sk\/svet\/wp-json\/wp\/v2\/pages\/1373\/revisions"}],"predecessor-version":[{"id":1384,"href":"https:\/\/www.charita.sk\/svet\/wp-json\/wp\/v2\/pages\/1373\/revisions\/1384"}],"wp:attachment":[{"href":"https:\/\/www.charita.sk\/svet\/wp-json\/wp\/v2\/media?parent=1373"}],"curies":[{"name":"wp","href":"https:\/\/api.w.org\/{rel}","templated":true}]}}