{"id":1388,"date":"2020-12-15T10:59:18","date_gmt":"2020-12-15T09:59:18","guid":{"rendered":"https:\/\/www.charita.sk\/pomoc-utecencom\/?page_id=1388"},"modified":"2022-02-23T18:16:36","modified_gmt":"2022-02-23T17:16:36","slug":"stredisko-al-hassaka","status":"publish","type":"page","link":"https:\/\/www.charita.sk\/svet\/stredisko-al-hassaka\/","title":{"rendered":"Podpora \u0161koliaceho strediska pre \u017eeny v meste Al-Hassaka"},"content":{"rendered":"\n<p class=\"has-white-color has-text-color has-background\" style=\"background-color:#c42f41\"><strong>N\u00e1zov projektu:<\/strong>&nbsp;Podpora \u0161koliaceho strediska pre \u017eeny v meste Al-Hassaka<br><strong>Miesto implement\u00e1cie:<\/strong>&nbsp;Al-Hassaka, Governor\u00e1t Al-Hassaka, severov\u00fdchodn\u00e1 S\u00fdria<br><strong>Projektov\u00fd partner:<\/strong>&nbsp;Syriac Cross<br><strong>Po\u010det pr\u00edjemcov pomoci:<\/strong>&nbsp;200+<br><strong>Suma na podporu projektu:<\/strong>&nbsp;19 000 EUR<\/p>\n\n\n\n<p><strong>Predstavenie projektu:<\/strong>&nbsp;Kv\u00f4li ozbrojen\u00e9mu konfliktu v&nbsp;S\u00fdrii ve\u013ea \u017eien pri\u0161lo o&nbsp;man\u017eelov, \u017eivite\u013eov rodiny, stali sa vdovami odk\u00e1zan\u00fdmi stara\u0165 sa sam\u00e9 o&nbsp;svoju rodinu, \u010do je v&nbsp;kontexte islamskej krajiny ve\u013emi n\u00e1ro\u010dn\u00e9. S&nbsp;\u0165a\u017ekos\u0165ami sa stret\u00e1vaj\u00fa taktie\u017e diev\u010dat\u00e1 a&nbsp;mlad\u00e9 \u017eeny, pre ktor\u00e9 je \u010dasto kr\u00e1t nebezpe\u010dn\u00e9 cestova\u0165 sam\u00fdm za vzdelan\u00edm \u010di pr\u00e1cou. Ve\u013ea z&nbsp;nich opustilo svoje domovy pre konflikt v&nbsp;ich mest\u00e1ch a&nbsp;\u017eije v&nbsp;proviz\u00f3rnych podmienkach.<\/p>\n\n\n\n<p class=\"has-text-align-center has-background\" style=\"background-color:#eeeeee\"><strong>Projekt finan\u010dne podporuje&nbsp;<a rel=\"noreferrer noopener\" href=\"https:\/\/kbs.sk\" target=\"_blank\">Konferencia biskupov Slovenska<\/a><\/strong><\/p>\n\n\n\n<p>Cie\u013eom projektu \u0161koliaceho centra je poskytn\u00fa\u0165 miestnym \u017een\u00e1m mo\u017enos\u0165 z\u00edska\u0165 nov\u00e9 zru\u010dnosti a&nbsp;zlep\u0161i\u0165 tak aj ich mo\u017enosti o&nbsp;postaranie sa o&nbsp;svoje rodiny. \u0160koliace stredisko sa podarilo zrealizova\u0165 v\u010faka finan\u010dnej podpore KBS a&nbsp;spolupr\u00e1ci SKCH so Syriac Cross. Aktu\u00e1lne v&nbsp;\u0148om prebiehaj\u00fa kurzy zameran\u00e9 na pr\u00e1cu s&nbsp;po\u010d\u00edta\u010dom, prv\u00fa pomoc, kadern\u00edctvo, kozmetiku a&nbsp;kraj\u010d\u00edrstvo. \u017den\u00e1m je poskytovan\u00e9 aj psychologick\u00e9 poradenstvo, ktor\u00e9 im pom\u00e1ha prekona\u0165 traumy a prispieva k&nbsp;ich integr\u00e1cii v&nbsp;ich nov\u00fdch \u017eivotn\u00fdch podmienkach.<\/p>\n\n\n\n<p>Centrum zaznamen\u00e1va ve\u013emi dobr\u00e9 v\u00fdsledky. Jeho absolventky z\u00edskavaj\u00fa nov\u00e9 zru\u010dnosti, sebad\u00f4veru a&nbsp;komunitu, \u010do pom\u00e1ha nielen im sam\u00fdm, ale aj cel\u00fdm ich rodin\u00e1m a&nbsp;miestnej spolo\u010dnosti.&nbsp;Projekt sl\u00fa\u017ei na udr\u017eanie chodu centra v&nbsp;priebehu \u010fal\u0161\u00edch 12 mesiacov.<\/p>\n\n\n\n<figure class=\"wp-block-gallery has-nested-images columns-default is-cropped wp-block-gallery-1 is-layout-flex wp-block-gallery-is-layout-flex\">\n<figure class=\"wp-block-image size-large\"><img decoding=\"async\" width=\"300\" height=\"125\" data-id=\"865\" src=\"https:\/\/www.charita.sk\/svet\/wp-content\/uploads\/2020\/07\/Syriac_cross.png\" alt=\"\" class=\"wp-image-865\"\/><\/figure>\n\n\n\n<figure class=\"wp-block-image size-large\"><img decoding=\"async\" width=\"300\" height=\"125\" data-id=\"696\" src=\"https:\/\/www.charita.sk\/svet\/wp-content\/uploads\/2019\/11\/Partneri-2.png\" alt=\"\" class=\"wp-image-696\"\/><\/figure>\n<\/figure>\n\n\n\n<figure class=\"wp-block-gallery has-nested-images columns-default is-cropped wp-block-gallery-2 is-layout-flex wp-block-gallery-is-layout-flex\">\n<figure class=\"wp-block-image size-large\"><img fetchpriority=\"high\" decoding=\"async\" width=\"600\" height=\"409\" data-id=\"1390\" src=\"https:\/\/www.charita.sk\/svet\/wp-content\/uploads\/2020\/12\/Computer-course-certificates.jpg\" alt=\"\" class=\"wp-image-1390\" srcset=\"https:\/\/www.charita.sk\/svet\/wp-content\/uploads\/2020\/12\/Computer-course-certificates.jpg 600w, https:\/\/www.charita.sk\/svet\/wp-content\/uploads\/2020\/12\/Computer-course-certificates-300x205.jpg 300w\" sizes=\"(max-width: 600px) 100vw, 600px\" \/><\/figure>\n\n\n\n<figure class=\"wp-block-image size-large\"><img loading=\"lazy\" decoding=\"async\" width=\"600\" height=\"400\" data-id=\"1391\" src=\"https:\/\/www.charita.sk\/svet\/wp-content\/uploads\/2020\/12\/First-Aid-course.jpg\" alt=\"\" class=\"wp-image-1391\" srcset=\"https:\/\/www.charita.sk\/svet\/wp-content\/uploads\/2020\/12\/First-Aid-course.jpg 600w, https:\/\/www.charita.sk\/svet\/wp-content\/uploads\/2020\/12\/First-Aid-course-300x200.jpg 300w\" sizes=\"(max-width: 600px) 100vw, 600px\" \/><\/figure>\n\n\n\n<figure class=\"wp-block-image size-large\"><img loading=\"lazy\" decoding=\"async\" width=\"600\" height=\"338\" data-id=\"1392\" src=\"https:\/\/www.charita.sk\/svet\/wp-content\/uploads\/2020\/12\/Educational-course.jpg\" alt=\"\" class=\"wp-image-1392\" srcset=\"https:\/\/www.charita.sk\/svet\/wp-content\/uploads\/2020\/12\/Educational-course.jpg 600w, https:\/\/www.charita.sk\/svet\/wp-content\/uploads\/2020\/12\/Educational-course-300x169.jpg 300w\" sizes=\"(max-width: 600px) 100vw, 600px\" \/><\/figure>\n<\/figure>\n","protected":false},"excerpt":{"rendered":"<p>N\u00e1zov projektu:&nbsp;Podpora \u0161koliaceho strediska pre \u017eeny v meste Al-HassakaMiesto implement\u00e1cie:&nbsp;Al-Hassaka, Governor\u00e1t Al-Hassaka, [&hellip;]<\/p>\n","protected":false},"author":2,"featured_media":0,"parent":0,"menu_order":0,"comment_status":"closed","ping_status":"closed","template":"","meta":{"footnotes":""},"class_list":["post-1388","page","type-page","status-publish","hentry"],"yoast_head":"<!-- This site is optimized with the Yoast SEO plugin v25.4 - https:\/\/yoast.com\/wordpress\/plugins\/seo\/ -->\n<title>Podpora \u0161koliaceho strediska pre \u017eeny v meste Al-Hassaka | Charita vo svete<\/title>\n<meta name=\"robots\" content=\"index, follow, max-snippet:-1, max-image-preview:large, max-video-preview:-1\" \/>\n<link rel=\"canonical\" href=\"https:\/\/www.charita.sk\/svet\/stredisko-al-hassaka\/\" \/>\n<meta property=\"og:locale\" content=\"sk_SK\" \/>\n<meta property=\"og:type\" content=\"article\" \/>\n<meta property=\"og:title\" content=\"Podpora \u0161koliaceho strediska pre \u017eeny v meste Al-Hassaka | Charita vo svete\" \/>\n<meta property=\"og:description\" content=\"N\u00e1zov projektu:&nbsp;Podpora \u0161koliaceho strediska pre \u017eeny v meste Al-HassakaMiesto implement\u00e1cie:&nbsp;Al-Hassaka, Governor\u00e1t Al-Hassaka, [&hellip;]\" \/>\n<meta property=\"og:url\" content=\"https:\/\/www.charita.sk\/svet\/stredisko-al-hassaka\/\" \/>\n<meta property=\"og:site_name\" content=\"Charita vo svete\" \/>\n<meta property=\"article:publisher\" content=\"https:\/\/www.facebook.com\/CaritasSlovakia\/\" \/>\n<meta property=\"article:modified_time\" content=\"2022-02-23T17:16:36+00:00\" \/>\n<meta property=\"og:image\" content=\"https:\/\/www.charita.sk\/pomoc-utecencom\/wp-content\/uploads\/2020\/07\/Syriac_cross.png\" \/>\n<meta name=\"twitter:card\" content=\"summary_large_image\" \/>\n<meta name=\"twitter:label1\" content=\"Predpokladan\u00fd \u010das \u010d\u00edtania\" \/>\n\t<meta name=\"twitter:data1\" content=\"2 min\u00faty\" \/>\n<script type=\"application\/ld+json\" class=\"yoast-schema-graph\">{\"@context\":\"https:\/\/schema.org\",\"@graph\":[{\"@type\":\"WebPage\",\"@id\":\"https:\/\/www.charita.sk\/svet\/stredisko-al-hassaka\/\",\"url\":\"https:\/\/www.charita.sk\/svet\/stredisko-al-hassaka\/\",\"name\":\"Podpora \u0161koliaceho strediska pre \u017eeny v meste Al-Hassaka | Charita vo svete\",\"isPartOf\":{\"@id\":\"https:\/\/www.charita.sk\/svet\/#website\"},\"primaryImageOfPage\":{\"@id\":\"https:\/\/www.charita.sk\/svet\/stredisko-al-hassaka\/#primaryimage\"},\"image\":{\"@id\":\"https:\/\/www.charita.sk\/svet\/stredisko-al-hassaka\/#primaryimage\"},\"thumbnailUrl\":\"https:\/\/www.charita.sk\/svet\/wp-content\/uploads\/2020\/07\/Syriac_cross.png\",\"datePublished\":\"2020-12-15T09:59:18+00:00\",\"dateModified\":\"2022-02-23T17:16:36+00:00\",\"breadcrumb\":{\"@id\":\"https:\/\/www.charita.sk\/svet\/stredisko-al-hassaka\/#breadcrumb\"},\"inLanguage\":\"sk-SK\",\"potentialAction\":[{\"@type\":\"ReadAction\",\"target\":[\"https:\/\/www.charita.sk\/svet\/stredisko-al-hassaka\/\"]}]},{\"@type\":\"ImageObject\",\"inLanguage\":\"sk-SK\",\"@id\":\"https:\/\/www.charita.sk\/svet\/stredisko-al-hassaka\/#primaryimage\",\"url\":\"https:\/\/www.charita.sk\/svet\/wp-content\/uploads\/2020\/07\/Syriac_cross.png\",\"contentUrl\":\"https:\/\/www.charita.sk\/svet\/wp-content\/uploads\/2020\/07\/Syriac_cross.png\",\"width\":300,\"height\":125},{\"@type\":\"BreadcrumbList\",\"@id\":\"https:\/\/www.charita.sk\/svet\/stredisko-al-hassaka\/#breadcrumb\",\"itemListElement\":[{\"@type\":\"ListItem\",\"position\":1,\"name\":\"Domovsk\u00e1 str\u00e1nka\",\"item\":\"https:\/\/www.charita.sk\/svet\/\"},{\"@type\":\"ListItem\",\"position\":2,\"name\":\"Podpora \u0161koliaceho strediska pre \u017eeny v meste Al-Hassaka\"}]},{\"@type\":\"WebSite\",\"@id\":\"https:\/\/www.charita.sk\/svet\/#website\",\"url\":\"https:\/\/www.charita.sk\/svet\/\",\"name\":\"Charita vo svete\",\"description\":\"Slovensk\u00e1 katol\u00edcka charita pom\u00e1ha \u013eu\u010fom v n\u00fadzi vo svete\",\"publisher\":{\"@id\":\"https:\/\/www.charita.sk\/svet\/#organization\"},\"potentialAction\":[{\"@type\":\"SearchAction\",\"target\":{\"@type\":\"EntryPoint\",\"urlTemplate\":\"https:\/\/www.charita.sk\/svet\/?s={search_term_string}\"},\"query-input\":{\"@type\":\"PropertyValueSpecification\",\"valueRequired\":true,\"valueName\":\"search_term_string\"}}],\"inLanguage\":\"sk-SK\"},{\"@type\":\"Organization\",\"@id\":\"https:\/\/www.charita.sk\/svet\/#organization\",\"name\":\"Slovensk\u00e1 katol\u00edcka charita\",\"url\":\"https:\/\/www.charita.sk\/svet\/\",\"logo\":{\"@type\":\"ImageObject\",\"inLanguage\":\"sk-SK\",\"@id\":\"https:\/\/www.charita.sk\/svet\/#\/schema\/logo\/image\/\",\"url\":\"https:\/\/www.charita.sk\/pomoc-utecencom\/wp-content\/uploads\/2020\/11\/logo_pomoc_utecencom.jpg\",\"contentUrl\":\"https:\/\/www.charita.sk\/pomoc-utecencom\/wp-content\/uploads\/2020\/11\/logo_pomoc_utecencom.jpg\",\"width\":1712,\"height\":480,\"caption\":\"Slovensk\u00e1 katol\u00edcka charita\"},\"image\":{\"@id\":\"https:\/\/www.charita.sk\/svet\/#\/schema\/logo\/image\/\"},\"sameAs\":[\"https:\/\/www.facebook.com\/CaritasSlovakia\/\",\"https:\/\/www.instagram.com\/caritas_slovakia\/\",\"https:\/\/www.linkedin.com\/company\/caritas-slovakia-skch-\",\"https:\/\/www.youtube.com\/user\/katolickacharita\"]}]}<\/script>\n<!-- \/ Yoast SEO plugin. -->","yoast_head_json":{"title":"Podpora \u0161koliaceho strediska pre \u017eeny v meste Al-Hassaka | Charita vo svete","robots":{"index":"index","follow":"follow","max-snippet":"max-snippet:-1","max-image-preview":"max-image-preview:large","max-video-preview":"max-video-preview:-1"},"canonical":"https:\/\/www.charita.sk\/svet\/stredisko-al-hassaka\/","og_locale":"sk_SK","og_type":"article","og_title":"Podpora \u0161koliaceho strediska pre \u017eeny v meste Al-Hassaka | Charita vo svete","og_description":"N\u00e1zov projektu:&nbsp;Podpora \u0161koliaceho strediska pre \u017eeny v meste Al-HassakaMiesto implement\u00e1cie:&nbsp;Al-Hassaka, Governor\u00e1t Al-Hassaka, [&hellip;]","og_url":"https:\/\/www.charita.sk\/svet\/stredisko-al-hassaka\/","og_site_name":"Charita vo svete","article_publisher":"https:\/\/www.facebook.com\/CaritasSlovakia\/","article_modified_time":"2022-02-23T17:16:36+00:00","og_image":[{"url":"https:\/\/www.charita.sk\/pomoc-utecencom\/wp-content\/uploads\/2020\/07\/Syriac_cross.png","type":"","width":"","height":""}],"twitter_card":"summary_large_image","twitter_misc":{"Predpokladan\u00fd \u010das \u010d\u00edtania":"2 min\u00faty"},"schema":{"@context":"https:\/\/schema.org","@graph":[{"@type":"WebPage","@id":"https:\/\/www.charita.sk\/svet\/stredisko-al-hassaka\/","url":"https:\/\/www.charita.sk\/svet\/stredisko-al-hassaka\/","name":"Podpora \u0161koliaceho strediska pre \u017eeny v meste Al-Hassaka | Charita vo svete","isPartOf":{"@id":"https:\/\/www.charita.sk\/svet\/#website"},"primaryImageOfPage":{"@id":"https:\/\/www.charita.sk\/svet\/stredisko-al-hassaka\/#primaryimage"},"image":{"@id":"https:\/\/www.charita.sk\/svet\/stredisko-al-hassaka\/#primaryimage"},"thumbnailUrl":"https:\/\/www.charita.sk\/svet\/wp-content\/uploads\/2020\/07\/Syriac_cross.png","datePublished":"2020-12-15T09:59:18+00:00","dateModified":"2022-02-23T17:16:36+00:00","breadcrumb":{"@id":"https:\/\/www.charita.sk\/svet\/stredisko-al-hassaka\/#breadcrumb"},"inLanguage":"sk-SK","potentialAction":[{"@type":"ReadAction","target":["https:\/\/www.charita.sk\/svet\/stredisko-al-hassaka\/"]}]},{"@type":"ImageObject","inLanguage":"sk-SK","@id":"https:\/\/www.charita.sk\/svet\/stredisko-al-hassaka\/#primaryimage","url":"https:\/\/www.charita.sk\/svet\/wp-content\/uploads\/2020\/07\/Syriac_cross.png","contentUrl":"https:\/\/www.charita.sk\/svet\/wp-content\/uploads\/2020\/07\/Syriac_cross.png","width":300,"height":125},{"@type":"BreadcrumbList","@id":"https:\/\/www.charita.sk\/svet\/stredisko-al-hassaka\/#breadcrumb","itemListElement":[{"@type":"ListItem","position":1,"name":"Domovsk\u00e1 str\u00e1nka","item":"https:\/\/www.charita.sk\/svet\/"},{"@type":"ListItem","position":2,"name":"Podpora \u0161koliaceho strediska pre \u017eeny v meste Al-Hassaka"}]},{"@type":"WebSite","@id":"https:\/\/www.charita.sk\/svet\/#website","url":"https:\/\/www.charita.sk\/svet\/","name":"Charita vo svete","description":"Slovensk\u00e1 katol\u00edcka charita pom\u00e1ha \u013eu\u010fom v n\u00fadzi vo svete","publisher":{"@id":"https:\/\/www.charita.sk\/svet\/#organization"},"potentialAction":[{"@type":"SearchAction","target":{"@type":"EntryPoint","urlTemplate":"https:\/\/www.charita.sk\/svet\/?s={search_term_string}"},"query-input":{"@type":"PropertyValueSpecification","valueRequired":true,"valueName":"search_term_string"}}],"inLanguage":"sk-SK"},{"@type":"Organization","@id":"https:\/\/www.charita.sk\/svet\/#organization","name":"Slovensk\u00e1 katol\u00edcka charita","url":"https:\/\/www.charita.sk\/svet\/","logo":{"@type":"ImageObject","inLanguage":"sk-SK","@id":"https:\/\/www.charita.sk\/svet\/#\/schema\/logo\/image\/","url":"https:\/\/www.charita.sk\/pomoc-utecencom\/wp-content\/uploads\/2020\/11\/logo_pomoc_utecencom.jpg","contentUrl":"https:\/\/www.charita.sk\/pomoc-utecencom\/wp-content\/uploads\/2020\/11\/logo_pomoc_utecencom.jpg","width":1712,"height":480,"caption":"Slovensk\u00e1 katol\u00edcka charita"},"image":{"@id":"https:\/\/www.charita.sk\/svet\/#\/schema\/logo\/image\/"},"sameAs":["https:\/\/www.facebook.com\/CaritasSlovakia\/","https:\/\/www.instagram.com\/caritas_slovakia\/","https:\/\/www.linkedin.com\/company\/caritas-slovakia-skch-","https:\/\/www.youtube.com\/user\/katolickacharita"]}]}},"featured_image_src":null,"featured_image_src_square":null,"_links":{"self":[{"href":"https:\/\/www.charita.sk\/svet\/wp-json\/wp\/v2\/pages\/1388","targetHints":{"allow":["GET"]}}],"collection":[{"href":"https:\/\/www.charita.sk\/svet\/wp-json\/wp\/v2\/pages"}],"about":[{"href":"https:\/\/www.charita.sk\/svet\/wp-json\/wp\/v2\/types\/page"}],"author":[{"embeddable":true,"href":"https:\/\/www.charita.sk\/svet\/wp-json\/wp\/v2\/users\/2"}],"replies":[{"embeddable":true,"href":"https:\/\/www.charita.sk\/svet\/wp-json\/wp\/v2\/comments?post=1388"}],"version-history":[{"count":3,"href":"https:\/\/www.charita.sk\/svet\/wp-json\/wp\/v2\/pages\/1388\/revisions"}],"predecessor-version":[{"id":1912,"href":"https:\/\/www.charita.sk\/svet\/wp-json\/wp\/v2\/pages\/1388\/revisions\/1912"}],"wp:attachment":[{"href":"https:\/\/www.charita.sk\/svet\/wp-json\/wp\/v2\/media?parent=1388"}],"curies":[{"name":"wp","href":"https:\/\/api.w.org\/{rel}","templated":true}]}}