{"id":1398,"date":"2020-12-15T11:20:38","date_gmt":"2020-12-15T10:20:38","guid":{"rendered":"https:\/\/www.charita.sk\/pomoc-utecencom\/?page_id=1398"},"modified":"2020-12-15T12:43:26","modified_gmt":"2020-12-15T11:43:26","slug":"dom-pre-zeny-ashtarout-2","status":"publish","type":"page","link":"https:\/\/www.charita.sk\/svet\/dom-pre-zeny-ashtarout-2\/","title":{"rendered":"Podpora \u201eDomu pre \u017eeny Ashtarout 2\u201c v meste Al-Qamishli"},"content":{"rendered":"\n<p class=\"has-white-color has-text-color has-background\" style=\"background-color:#c42f41\"><strong>N\u00e1zov projektu:<\/strong>&nbsp;Podpora \u201eDomu pre \u017eeny Ashtarout 2\u201c v&nbsp;meste&nbsp;Al-Qamishli<br><strong>Lokalita implement\u00e1cie<\/strong>:&nbsp;Al-Qamishli, Governor\u00e1t Al-Hassaka , severov\u00fdchodn\u00e1 S\u00fdria&nbsp;<br><strong>Projektov\u00fd partner:&nbsp;<\/strong>Syriac Cross<br><strong>Po\u010det pr\u00edjemcov pomoci:<\/strong>&nbsp;240+ (120 \u017eien, niektor\u00e9 s de\u0165mi)<br><strong>Rozpo\u010det:<\/strong>&nbsp;17 200 EUR<\/p>\n\n\n\n<p><strong>Predstavenie projektu:<\/strong>&nbsp;Je v\u0161eobecne zn\u00e1me, \u017ee v&nbsp;krajin\u00e1ch Bl\u00edzkeho v\u00fdchodu \u2013 a&nbsp;teda aj S\u00fdrie \u2013 je postavenie \u017eien a&nbsp;ich pr\u00e1v v&nbsp;porovnan\u00ed s&nbsp;Eur\u00f3pou ve\u013emi obmedzen\u00e9 a&nbsp;tieto obmedzenia sa net\u00fdkaj\u00fa len moslimsk\u00fdch&nbsp;&nbsp;\u017eien, ale aj miestnych n\u00e1bo\u017eensk\u00fdch men\u0161\u00edn, vr\u00e1tane kres\u0165anov. Situ\u00e1ciu navy\u0161e komplikuje aj prebiehaj\u00faci ozbrojen\u00fd konflikt v&nbsp;krajine. V&nbsp;pr\u00edpadoch, kedy sa \u017eeny sna\u017eia br\u00e1ni\u0165 vo\u010di nespravodlivosti, ktorej s\u00fa, resp. hroz\u00ed, \u017ee bud\u00fa obe\u0165ou, ve\u013emi \u010dasto ost\u00e1vaj\u00fa v&nbsp;tomto boji sam\u00e9.<\/p>\n\n\n\n<p class=\"has-text-align-center has-background\" style=\"background-color:#eeeeee\"><strong>Projekt finan\u010dne podporuje&nbsp;<a rel=\"noreferrer noopener\" href=\"https:\/\/kbs.sk\" target=\"_blank\">Konferencia biskupov Slovenska<\/a><\/strong><\/p>\n\n\n\n<p>Na t\u00fato situ\u00e1ciu reaguje iniciat\u00edva \u00danie Syriack\u00fdch \u017eien, ktor\u00e1 za finan\u010dnej pomoci KBS v&nbsp;spolupr\u00e1ci so Slovenskou katol\u00edckou charitou zalo\u017eila \u201eDom pre \u017eeny\u201c v&nbsp;meste Al-Hassaka, ktor\u00e9 funguje ve\u013emi dobre. \u017deny tu nach\u00e1dzaj\u00fa spolu s&nbsp;de\u0165mi \u00fato\u010disko pred n\u00e1sil\u00edm a&nbsp;je im poskytnut\u00e9 psycho-soci\u00e1lne poradenstvo a&nbsp;eduka\u010dn\u00e9 mo\u017enosti.&nbsp;<\/p>\n\n\n\n<p>Po spusten\u00ed \u00faspe\u0161n\u00e9ho projektu v&nbsp;meste Al-Hassaka by chcela \u00dania Syriack\u00fdch \u017eien zalo\u017ei\u0165 \u201eDom pre \u017eeny\u201c aj v&nbsp;meste Al-Qamishli.&nbsp;<\/p>\n\n\n\n<p>\u201eDom pre \u017eeny\u201c v&nbsp;Al-Qamishli poskytne tak ako centrum v&nbsp;Al-Hassaka podporu a&nbsp;pomoc pre \u017eeny, ktor\u00e9 sa stali obe\u0165ami r\u00f4znych druhov n\u00e1silia. Centrum im zabezpe\u010d\u00ed mo\u017enos\u0165 ubytovania, psychologick\u00e9ho poradenstva, podpory pri h\u013eadan\u00ed zamestnania, sprostredkovanie zdravotnej starostlivosti a&nbsp;r\u00f4zne semin\u00e1re na roz\u0161\u00edrenie ich vedomost\u00ed a vzdelania.<\/p>\n\n\n\n<figure class=\"wp-block-gallery columns-3 is-cropped wp-block-gallery-1 is-layout-flex wp-block-gallery-is-layout-flex\"><ul class=\"blocks-gallery-grid\"><li class=\"blocks-gallery-item\"><figure><img fetchpriority=\"high\" decoding=\"async\" width=\"600\" height=\"400\" src=\"https:\/\/www.charita.sk\/svet\/wp-content\/uploads\/2020\/12\/dom_pre_zeny2.jpg\" alt=\"\" data-id=\"1402\" data-full-url=\"https:\/\/www.charita.sk\/svet\/wp-content\/uploads\/2020\/12\/dom_pre_zeny2.jpg\" data-link=\"https:\/\/www.charita.sk\/svet\/syria\/dom_pre_zeny2\/\" class=\"wp-image-1402\" srcset=\"https:\/\/www.charita.sk\/svet\/wp-content\/uploads\/2020\/12\/dom_pre_zeny2.jpg 600w, https:\/\/www.charita.sk\/svet\/wp-content\/uploads\/2020\/12\/dom_pre_zeny2-300x200.jpg 300w\" sizes=\"(max-width: 600px) 100vw, 600px\" \/><figcaption class=\"blocks-gallery-item__caption\">\u00dania Syriack\u00fdch \u017eien n\u00e1m pribl\u00ed\u017eila \u0165a\u017ekosti \u017eien v&nbsp;S\u00fdrii.<\/figcaption><\/figure><\/li><li class=\"blocks-gallery-item\"><figure><img decoding=\"async\" width=\"600\" height=\"400\" src=\"https:\/\/www.charita.sk\/svet\/wp-content\/uploads\/2020\/12\/dom_pre_zeny3.jpg\" alt=\"\" data-id=\"1403\" data-full-url=\"https:\/\/www.charita.sk\/svet\/wp-content\/uploads\/2020\/12\/dom_pre_zeny3.jpg\" data-link=\"https:\/\/www.charita.sk\/svet\/syria\/dom_pre_zeny3\/\" class=\"wp-image-1403\" srcset=\"https:\/\/www.charita.sk\/svet\/wp-content\/uploads\/2020\/12\/dom_pre_zeny3.jpg 600w, https:\/\/www.charita.sk\/svet\/wp-content\/uploads\/2020\/12\/dom_pre_zeny3-300x200.jpg 300w\" sizes=\"(max-width: 600px) 100vw, 600px\" \/><figcaption class=\"blocks-gallery-item__caption\">Mnoh\u00e9 sa ocitaj\u00fa v&nbsp;\u0165a\u017ek\u00fdch situ\u00e1ci\u00e1ch a&nbsp;potrebuj\u00fa pomoc.<\/figcaption><\/figure><\/li><li class=\"blocks-gallery-item\"><figure><img decoding=\"async\" width=\"600\" height=\"400\" src=\"https:\/\/www.charita.sk\/svet\/wp-content\/uploads\/2020\/12\/dom_pre_zeny4.jpg\" alt=\"\" data-id=\"1404\" data-full-url=\"https:\/\/www.charita.sk\/svet\/wp-content\/uploads\/2020\/12\/dom_pre_zeny4.jpg\" data-link=\"https:\/\/www.charita.sk\/svet\/syria\/dom_pre_zeny4\/\" class=\"wp-image-1404\" srcset=\"https:\/\/www.charita.sk\/svet\/wp-content\/uploads\/2020\/12\/dom_pre_zeny4.jpg 600w, https:\/\/www.charita.sk\/svet\/wp-content\/uploads\/2020\/12\/dom_pre_zeny4-300x200.jpg 300w\" sizes=\"(max-width: 600px) 100vw, 600px\" \/><figcaption class=\"blocks-gallery-item__caption\">V \u201edome pre \u017eeny\u201c im je poskytnut\u00e9 psycho-soci\u00e1lne poradenstvo a&nbsp;eduka\u010dn\u00e9 mo\u017enosti.<\/figcaption><\/figure><\/li><\/ul><\/figure>\n","protected":false},"excerpt":{"rendered":"<p>N\u00e1zov projektu:&nbsp;Podpora \u201eDomu pre \u017eeny Ashtarout 2\u201c v&nbsp;meste&nbsp;Al-QamishliLokalita implement\u00e1cie:&nbsp;Al-Qamishli, Governor\u00e1t Al-Hassaka , [&hellip;]<\/p>\n","protected":false},"author":2,"featured_media":0,"parent":0,"menu_order":0,"comment_status":"closed","ping_status":"closed","template":"","meta":{"footnotes":""},"class_list":["post-1398","page","type-page","status-publish","hentry"],"yoast_head":"<!-- This site is optimized with the Yoast SEO plugin v25.4 - https:\/\/yoast.com\/wordpress\/plugins\/seo\/ -->\n<title>Podpora \u201eDomu pre \u017eeny Ashtarout 2\u201c v meste Al-Qamishli | Charita vo svete<\/title>\n<meta name=\"robots\" content=\"index, follow, max-snippet:-1, max-image-preview:large, max-video-preview:-1\" \/>\n<link rel=\"canonical\" href=\"https:\/\/www.charita.sk\/svet\/dom-pre-zeny-ashtarout-2\/\" \/>\n<meta property=\"og:locale\" content=\"sk_SK\" \/>\n<meta property=\"og:type\" content=\"article\" \/>\n<meta property=\"og:title\" content=\"Podpora \u201eDomu pre \u017eeny Ashtarout 2\u201c v meste Al-Qamishli | Charita vo svete\" \/>\n<meta property=\"og:description\" content=\"N\u00e1zov projektu:&nbsp;Podpora \u201eDomu pre \u017eeny Ashtarout 2\u201c v&nbsp;meste&nbsp;Al-QamishliLokalita implement\u00e1cie:&nbsp;Al-Qamishli, Governor\u00e1t Al-Hassaka , [&hellip;]\" \/>\n<meta property=\"og:url\" content=\"https:\/\/www.charita.sk\/svet\/dom-pre-zeny-ashtarout-2\/\" \/>\n<meta property=\"og:site_name\" content=\"Charita vo svete\" \/>\n<meta property=\"article:publisher\" content=\"https:\/\/www.facebook.com\/CaritasSlovakia\/\" \/>\n<meta property=\"article:modified_time\" content=\"2020-12-15T11:43:26+00:00\" \/>\n<meta property=\"og:image\" content=\"https:\/\/www.charita.sk\/pomoc-utecencom\/wp-content\/uploads\/2020\/12\/dom_pre_zeny2.jpg\" \/>\n<meta name=\"twitter:card\" content=\"summary_large_image\" \/>\n<meta name=\"twitter:label1\" content=\"Predpokladan\u00fd \u010das \u010d\u00edtania\" \/>\n\t<meta name=\"twitter:data1\" content=\"2 min\u00faty\" \/>\n<script type=\"application\/ld+json\" class=\"yoast-schema-graph\">{\"@context\":\"https:\/\/schema.org\",\"@graph\":[{\"@type\":\"WebPage\",\"@id\":\"https:\/\/www.charita.sk\/svet\/dom-pre-zeny-ashtarout-2\/\",\"url\":\"https:\/\/www.charita.sk\/svet\/dom-pre-zeny-ashtarout-2\/\",\"name\":\"Podpora \u201eDomu pre \u017eeny Ashtarout 2\u201c v meste Al-Qamishli | Charita vo svete\",\"isPartOf\":{\"@id\":\"https:\/\/www.charita.sk\/svet\/#website\"},\"primaryImageOfPage\":{\"@id\":\"https:\/\/www.charita.sk\/svet\/dom-pre-zeny-ashtarout-2\/#primaryimage\"},\"image\":{\"@id\":\"https:\/\/www.charita.sk\/svet\/dom-pre-zeny-ashtarout-2\/#primaryimage\"},\"thumbnailUrl\":\"https:\/\/www.charita.sk\/svet\/wp-content\/uploads\/2020\/12\/dom_pre_zeny2.jpg\",\"datePublished\":\"2020-12-15T10:20:38+00:00\",\"dateModified\":\"2020-12-15T11:43:26+00:00\",\"breadcrumb\":{\"@id\":\"https:\/\/www.charita.sk\/svet\/dom-pre-zeny-ashtarout-2\/#breadcrumb\"},\"inLanguage\":\"sk-SK\",\"potentialAction\":[{\"@type\":\"ReadAction\",\"target\":[\"https:\/\/www.charita.sk\/svet\/dom-pre-zeny-ashtarout-2\/\"]}]},{\"@type\":\"ImageObject\",\"inLanguage\":\"sk-SK\",\"@id\":\"https:\/\/www.charita.sk\/svet\/dom-pre-zeny-ashtarout-2\/#primaryimage\",\"url\":\"https:\/\/www.charita.sk\/svet\/wp-content\/uploads\/2020\/12\/dom_pre_zeny2.jpg\",\"contentUrl\":\"https:\/\/www.charita.sk\/svet\/wp-content\/uploads\/2020\/12\/dom_pre_zeny2.jpg\",\"width\":600,\"height\":400},{\"@type\":\"BreadcrumbList\",\"@id\":\"https:\/\/www.charita.sk\/svet\/dom-pre-zeny-ashtarout-2\/#breadcrumb\",\"itemListElement\":[{\"@type\":\"ListItem\",\"position\":1,\"name\":\"Domovsk\u00e1 str\u00e1nka\",\"item\":\"https:\/\/www.charita.sk\/svet\/\"},{\"@type\":\"ListItem\",\"position\":2,\"name\":\"Podpora \u201eDomu pre \u017eeny Ashtarout 2\u201c v meste Al-Qamishli\"}]},{\"@type\":\"WebSite\",\"@id\":\"https:\/\/www.charita.sk\/svet\/#website\",\"url\":\"https:\/\/www.charita.sk\/svet\/\",\"name\":\"Charita vo svete\",\"description\":\"Slovensk\u00e1 katol\u00edcka charita pom\u00e1ha \u013eu\u010fom v n\u00fadzi vo svete\",\"publisher\":{\"@id\":\"https:\/\/www.charita.sk\/svet\/#organization\"},\"potentialAction\":[{\"@type\":\"SearchAction\",\"target\":{\"@type\":\"EntryPoint\",\"urlTemplate\":\"https:\/\/www.charita.sk\/svet\/?s={search_term_string}\"},\"query-input\":{\"@type\":\"PropertyValueSpecification\",\"valueRequired\":true,\"valueName\":\"search_term_string\"}}],\"inLanguage\":\"sk-SK\"},{\"@type\":\"Organization\",\"@id\":\"https:\/\/www.charita.sk\/svet\/#organization\",\"name\":\"Slovensk\u00e1 katol\u00edcka charita\",\"url\":\"https:\/\/www.charita.sk\/svet\/\",\"logo\":{\"@type\":\"ImageObject\",\"inLanguage\":\"sk-SK\",\"@id\":\"https:\/\/www.charita.sk\/svet\/#\/schema\/logo\/image\/\",\"url\":\"https:\/\/www.charita.sk\/pomoc-utecencom\/wp-content\/uploads\/2020\/11\/logo_pomoc_utecencom.jpg\",\"contentUrl\":\"https:\/\/www.charita.sk\/pomoc-utecencom\/wp-content\/uploads\/2020\/11\/logo_pomoc_utecencom.jpg\",\"width\":1712,\"height\":480,\"caption\":\"Slovensk\u00e1 katol\u00edcka charita\"},\"image\":{\"@id\":\"https:\/\/www.charita.sk\/svet\/#\/schema\/logo\/image\/\"},\"sameAs\":[\"https:\/\/www.facebook.com\/CaritasSlovakia\/\",\"https:\/\/www.instagram.com\/caritas_slovakia\/\",\"https:\/\/www.linkedin.com\/company\/caritas-slovakia-skch-\",\"https:\/\/www.youtube.com\/user\/katolickacharita\"]}]}<\/script>\n<!-- \/ Yoast SEO plugin. -->","yoast_head_json":{"title":"Podpora \u201eDomu pre \u017eeny Ashtarout 2\u201c v meste Al-Qamishli | Charita vo svete","robots":{"index":"index","follow":"follow","max-snippet":"max-snippet:-1","max-image-preview":"max-image-preview:large","max-video-preview":"max-video-preview:-1"},"canonical":"https:\/\/www.charita.sk\/svet\/dom-pre-zeny-ashtarout-2\/","og_locale":"sk_SK","og_type":"article","og_title":"Podpora \u201eDomu pre \u017eeny Ashtarout 2\u201c v meste Al-Qamishli | Charita vo svete","og_description":"N\u00e1zov projektu:&nbsp;Podpora \u201eDomu pre \u017eeny Ashtarout 2\u201c v&nbsp;meste&nbsp;Al-QamishliLokalita implement\u00e1cie:&nbsp;Al-Qamishli, Governor\u00e1t Al-Hassaka , [&hellip;]","og_url":"https:\/\/www.charita.sk\/svet\/dom-pre-zeny-ashtarout-2\/","og_site_name":"Charita vo svete","article_publisher":"https:\/\/www.facebook.com\/CaritasSlovakia\/","article_modified_time":"2020-12-15T11:43:26+00:00","og_image":[{"url":"https:\/\/www.charita.sk\/pomoc-utecencom\/wp-content\/uploads\/2020\/12\/dom_pre_zeny2.jpg","type":"","width":"","height":""}],"twitter_card":"summary_large_image","twitter_misc":{"Predpokladan\u00fd \u010das \u010d\u00edtania":"2 min\u00faty"},"schema":{"@context":"https:\/\/schema.org","@graph":[{"@type":"WebPage","@id":"https:\/\/www.charita.sk\/svet\/dom-pre-zeny-ashtarout-2\/","url":"https:\/\/www.charita.sk\/svet\/dom-pre-zeny-ashtarout-2\/","name":"Podpora \u201eDomu pre \u017eeny Ashtarout 2\u201c v meste Al-Qamishli | Charita vo svete","isPartOf":{"@id":"https:\/\/www.charita.sk\/svet\/#website"},"primaryImageOfPage":{"@id":"https:\/\/www.charita.sk\/svet\/dom-pre-zeny-ashtarout-2\/#primaryimage"},"image":{"@id":"https:\/\/www.charita.sk\/svet\/dom-pre-zeny-ashtarout-2\/#primaryimage"},"thumbnailUrl":"https:\/\/www.charita.sk\/svet\/wp-content\/uploads\/2020\/12\/dom_pre_zeny2.jpg","datePublished":"2020-12-15T10:20:38+00:00","dateModified":"2020-12-15T11:43:26+00:00","breadcrumb":{"@id":"https:\/\/www.charita.sk\/svet\/dom-pre-zeny-ashtarout-2\/#breadcrumb"},"inLanguage":"sk-SK","potentialAction":[{"@type":"ReadAction","target":["https:\/\/www.charita.sk\/svet\/dom-pre-zeny-ashtarout-2\/"]}]},{"@type":"ImageObject","inLanguage":"sk-SK","@id":"https:\/\/www.charita.sk\/svet\/dom-pre-zeny-ashtarout-2\/#primaryimage","url":"https:\/\/www.charita.sk\/svet\/wp-content\/uploads\/2020\/12\/dom_pre_zeny2.jpg","contentUrl":"https:\/\/www.charita.sk\/svet\/wp-content\/uploads\/2020\/12\/dom_pre_zeny2.jpg","width":600,"height":400},{"@type":"BreadcrumbList","@id":"https:\/\/www.charita.sk\/svet\/dom-pre-zeny-ashtarout-2\/#breadcrumb","itemListElement":[{"@type":"ListItem","position":1,"name":"Domovsk\u00e1 str\u00e1nka","item":"https:\/\/www.charita.sk\/svet\/"},{"@type":"ListItem","position":2,"name":"Podpora \u201eDomu pre \u017eeny Ashtarout 2\u201c v meste Al-Qamishli"}]},{"@type":"WebSite","@id":"https:\/\/www.charita.sk\/svet\/#website","url":"https:\/\/www.charita.sk\/svet\/","name":"Charita vo svete","description":"Slovensk\u00e1 katol\u00edcka charita pom\u00e1ha \u013eu\u010fom v n\u00fadzi vo svete","publisher":{"@id":"https:\/\/www.charita.sk\/svet\/#organization"},"potentialAction":[{"@type":"SearchAction","target":{"@type":"EntryPoint","urlTemplate":"https:\/\/www.charita.sk\/svet\/?s={search_term_string}"},"query-input":{"@type":"PropertyValueSpecification","valueRequired":true,"valueName":"search_term_string"}}],"inLanguage":"sk-SK"},{"@type":"Organization","@id":"https:\/\/www.charita.sk\/svet\/#organization","name":"Slovensk\u00e1 katol\u00edcka charita","url":"https:\/\/www.charita.sk\/svet\/","logo":{"@type":"ImageObject","inLanguage":"sk-SK","@id":"https:\/\/www.charita.sk\/svet\/#\/schema\/logo\/image\/","url":"https:\/\/www.charita.sk\/pomoc-utecencom\/wp-content\/uploads\/2020\/11\/logo_pomoc_utecencom.jpg","contentUrl":"https:\/\/www.charita.sk\/pomoc-utecencom\/wp-content\/uploads\/2020\/11\/logo_pomoc_utecencom.jpg","width":1712,"height":480,"caption":"Slovensk\u00e1 katol\u00edcka charita"},"image":{"@id":"https:\/\/www.charita.sk\/svet\/#\/schema\/logo\/image\/"},"sameAs":["https:\/\/www.facebook.com\/CaritasSlovakia\/","https:\/\/www.instagram.com\/caritas_slovakia\/","https:\/\/www.linkedin.com\/company\/caritas-slovakia-skch-","https:\/\/www.youtube.com\/user\/katolickacharita"]}]}},"featured_image_src":null,"featured_image_src_square":null,"_links":{"self":[{"href":"https:\/\/www.charita.sk\/svet\/wp-json\/wp\/v2\/pages\/1398","targetHints":{"allow":["GET"]}}],"collection":[{"href":"https:\/\/www.charita.sk\/svet\/wp-json\/wp\/v2\/pages"}],"about":[{"href":"https:\/\/www.charita.sk\/svet\/wp-json\/wp\/v2\/types\/page"}],"author":[{"embeddable":true,"href":"https:\/\/www.charita.sk\/svet\/wp-json\/wp\/v2\/users\/2"}],"replies":[{"embeddable":true,"href":"https:\/\/www.charita.sk\/svet\/wp-json\/wp\/v2\/comments?post=1398"}],"version-history":[{"count":4,"href":"https:\/\/www.charita.sk\/svet\/wp-json\/wp\/v2\/pages\/1398\/revisions"}],"predecessor-version":[{"id":1409,"href":"https:\/\/www.charita.sk\/svet\/wp-json\/wp\/v2\/pages\/1398\/revisions\/1409"}],"wp:attachment":[{"href":"https:\/\/www.charita.sk\/svet\/wp-json\/wp\/v2\/media?parent=1398"}],"curies":[{"name":"wp","href":"https:\/\/api.w.org\/{rel}","templated":true}]}}