{"id":1410,"date":"2020-12-15T13:02:53","date_gmt":"2020-12-15T12:02:53","guid":{"rendered":"https:\/\/www.charita.sk\/pomoc-utecencom\/?page_id=1410"},"modified":"2021-06-15T15:04:46","modified_gmt":"2021-06-15T13:04:46","slug":"kulturny-institut-olaf-taw","status":"publish","type":"page","link":"https:\/\/www.charita.sk\/svet\/kulturny-institut-olaf-taw\/","title":{"rendered":"Podpora kult\u00farneho in\u0161tit\u00fatu Olaf Taw"},"content":{"rendered":"\n<p class=\"has-white-color has-text-color has-background\" style=\"background-color:#c42f41\"><strong>N\u00e1zov projektu:<\/strong> Podpora kult\u00farneho in\u0161tit\u00fatu Olaf Taw<br><strong>Miesto implement\u00e1cie:<\/strong> Al-Qamishli, Governor\u00e1t Al-Hassaka, severov\u00fdchodn\u00e1 S\u00fdria<br><strong>Projektov\u00fd partner:<\/strong> Syriac Cross<br><strong>Po\u010det pr\u00edjemcov pomoci:<\/strong> 500&nbsp;000 det\u00ed&nbsp;<a href=\"applewebdata:\/\/F18647F3-E232-43DE-91E1-38A0D7CCAC93#_ftn1\"><sup>[1]<\/sup><\/a><br><strong>Rozpo\u010det:<\/strong> 21 300 EUR<\/p>\n\n\n\n<p><strong>Situ\u00e1cia v&nbsp;krajine:<\/strong>&nbsp;As\u00fdr\u010dania s\u00fa p\u00f4vodn\u00fdmi obyvate\u013emi Bl\u00edzkeho v\u00fdchodu (Mezopot\u00e1nie). V S\u00fdrii sa za\u010dalo \u0161\u00edri\u0165 kres\u0165anstvo od prv\u00e9ho storo\u010dia po Kristovi a&nbsp;odtia\u013e sa \u0161\u00edrilo aj \u010falej z Bl\u00edzkeho v\u00fdchodu na \u010ealek\u00fd v\u00fdchod. Je dobre zn\u00e1me, \u017ee Je\u017ei\u0161 Kristus hovoril aramejsky. As\u00fdr\u010dania st\u00e1le hovoria aramejsky, ale ke\u010f\u017ee neexistuj\u00fa \u0161koly, ktor\u00e9 by vyu\u010dovali aramejsk\u00fd jazyk mlad\u00e1 gener\u00e1cia sa ho u\u010d\u00ed len \u201e\u00fastnym podan\u00edm\u201c a preto existuje riziko, \u017ee sa na aramej\u010dinu zabudne.&nbsp;<\/p>\n\n\n\n<p>Je to sp\u00f4soben\u00e9 t\u00fdm, \u017ee As\u00fdr\u010dania boli neust\u00e1le predmetom utl\u00e1\u010dania a diskrimina\u010dn\u00fdch polit\u00edk. S\u00fa zbaven\u00ed demokratick\u00fdch a \u00fastavn\u00fdch pr\u00e1v v krajin\u00e1ch Bl\u00edzkeho v\u00fdchodu. Po\u010det As\u00fdr\u010danov v ich domovin\u00e1ch v S\u00fdrii, Iraku, Turecku, Ir\u00e1ne a Libanone sa dramaticky zmen\u0161il. Je ve\u013emi d\u00f4le\u017eit\u00e9 podporova\u0165 v\u00fdu\u010dbu aramejsk\u00e9ho jazyka, aby tento historick\u00fd a sv\u00e4t\u00fd jazyk zostal na\u017eive. Ka\u017ed\u00fd \u010dlovek by mal ma\u0165 pr\u00e1vo u\u010di\u0165 sa svoj materinsk\u00fd jazyk.<\/p>\n\n\n\n<p class=\"has-text-align-center has-background\" style=\"background-color:#eeeeee\"><strong>Projekt finan\u010dne podporuje&nbsp;<a rel=\"noreferrer noopener\" href=\"https:\/\/kbs.sk\" target=\"_blank\">Konferencia biskupov Slovenska<\/a><\/strong><\/p>\n\n\n\n<p><strong>Predstavenie projektu:<\/strong>&nbsp;Vzdel\u00e1vacia in\u0161tit\u00facia Olaf Taw sa \u0161pecializuje na aramejsk\u00fd jazyk, aramej\u010dinu, modern\u00e9 u\u010debn\u00e9 osnovy v n\u00e1deji, \u017ee tieto \u0161tudijn\u00e9 programy sa dostan\u00fa do r\u00fak s\u00fdrskym \u0161tudentom. Vo svojich u\u010debn\u00fdch osnov\u00e1ch sa zaviazala dodr\u017eiava\u0165 medzin\u00e1rodn\u00e9 \u0161tandardy, pokia\u013e ide o vzdel\u00e1vac\u00ed proces a&nbsp;okrem aramejsk\u00e9ho jazyka a&nbsp;kult\u00fary u\u010di\u0165 deti aj z\u00e1kladom demokracie, spolu\u017eitia a \u013eudsk\u00fdch pr\u00e1v.&nbsp;<\/p>\n\n\n\n<p>Vzdel\u00e1vacia organiz\u00e1cia Olaf Taw by chcela k\u00fapi\u0165 technick\u00e9 vybavenie, aby mohla vyr\u00e1ba\u0165 vzdel\u00e1vacie materi\u00e1ly vo forme rozpr\u00e1vok pre deti. Vyu\u017e\u00edvanie kreat\u00edvnych a technick\u00fdch prostriedkov, ako s\u00fa obraz, zvuk, jazyk, pohyb, kamera a strih, sl\u00fa\u017ei na podporenie z\u00e1ujmu det\u00ed a&nbsp;na zefekt\u00edvnenie vyu\u010dovac\u00edch a u\u010debn\u00fdch procesov. Detsk\u00e9 rozpr\u00e1vky bud\u00fa s hudbou a detsk\u00fdmi pies\u0148ami, ktor\u00e9 bud\u00fa od det\u00ed pre deti.&nbsp;Rozpr\u00e1vky bud\u00fa dostupn\u00e9 aj pre kurdsk\u00e9 a arabsk\u00e9 deti, ktor\u00e9 tak m\u00f4\u017eu spozn\u00e1va\u0165 r\u00f4zne etnik\u00e1 a&nbsp;n\u00e1bo\u017eenstv\u00e1 v&nbsp;ich spolo\u010dnosti. Projekt dopom\u00f4\u017ee k&nbsp;zachovaniu aramejsk\u00e9ho jazyka, ktor\u00fd je kult\u00farnym dedi\u010dstvom kres\u0165anstva a&nbsp;z\u00e1rove\u0148 bude vytvoren\u00e1 z\u00e1klad\u0148a pre jeho rozvoj s cie\u013eom jeho \u0161\u00edrenia aj do in\u00fdch kraj\u00edn Bl\u00edzkeho v\u00fdchodu a&nbsp;nielen. Podporuje \u0161\u00edrenie tolerancie a re\u0161pektu.<\/p>\n\n\n\n<figure class=\"wp-block-gallery columns-2 is-cropped wp-block-gallery-1 is-layout-flex wp-block-gallery-is-layout-flex\"><ul class=\"blocks-gallery-grid\"><li class=\"blocks-gallery-item\"><figure><img fetchpriority=\"high\" decoding=\"async\" width=\"600\" height=\"400\" src=\"https:\/\/www.charita.sk\/svet\/wp-content\/uploads\/2020\/12\/olaf_syria2.jpg\" alt=\"\" data-id=\"1414\" data-full-url=\"https:\/\/www.charita.sk\/svet\/wp-content\/uploads\/2020\/12\/olaf_syria2.jpg\" data-link=\"https:\/\/www.charita.sk\/svet\/?attachment_id=1414\" class=\"wp-image-1414\" srcset=\"https:\/\/www.charita.sk\/svet\/wp-content\/uploads\/2020\/12\/olaf_syria2.jpg 600w, https:\/\/www.charita.sk\/svet\/wp-content\/uploads\/2020\/12\/olaf_syria2-300x200.jpg 300w\" sizes=\"(max-width: 600px) 100vw, 600px\" \/><figcaption class=\"blocks-gallery-item__caption\">N\u00e1v\u0161teva in\u0161tit\u00fatu Olaf Taw po\u010das monitorovacej cesty v septembri 2019.<\/figcaption><\/figure><\/li><li class=\"blocks-gallery-item\"><figure><img decoding=\"async\" width=\"600\" height=\"400\" src=\"https:\/\/www.charita.sk\/svet\/wp-content\/uploads\/2020\/12\/olaf_syria.jpg\" alt=\"\" data-id=\"1413\" data-full-url=\"https:\/\/www.charita.sk\/svet\/wp-content\/uploads\/2020\/12\/olaf_syria.jpg\" data-link=\"https:\/\/www.charita.sk\/svet\/?attachment_id=1413\" class=\"wp-image-1413\" srcset=\"https:\/\/www.charita.sk\/svet\/wp-content\/uploads\/2020\/12\/olaf_syria.jpg 600w, https:\/\/www.charita.sk\/svet\/wp-content\/uploads\/2020\/12\/olaf_syria-300x200.jpg 300w\" sizes=\"(max-width: 600px) 100vw, 600px\" \/><figcaption class=\"blocks-gallery-item__caption\">Slovensk\u00e1 katol\u00edcka charita v\u010faka finan\u010dnej podpore Konferencie biskupov Slovenska podporila in\u0161tit\u00fat pri v\u00fdrobe vzdel\u00e1vac\u00edch materi\u00e1lov vo forme rozpr\u00e1vok pre deti.<\/figcaption><\/figure><\/li><\/ul><\/figure>\n\n\n\n<p><strong>Inform\u00e1cie o\u00a0projektovom partnerovi<\/strong>: Olaf Taw je in\u0161tit\u00fat, ktor\u00fd sa zameriava na pedagogick\u00fa pr\u00edpravu nov\u00fdch u\u010dite\u013eov, ktor\u00fdch je nedostatok. M\u00e1 povolenie od \u0161t\u00e1tu. Moment\u00e1lne v\u00a0\u0148om \u0161tuduje 20 \u013eud\u00ed a\u00a0spolupracuj\u00fa s\u00a08 \u0161kolami. V\u00a0pr\u00edprave sa zameriavaj\u00fa aj na prin\u00e1\u0161anie inovat\u00edvnych u\u010debn\u00fdch pom\u00f4cok pre u\u010dite\u013eov a\u00a0\u0161\u00edrenie as\u00fdrskej kult\u00fary.\u00a0\u00a0<\/p>\n\n\n\n<figure class=\"wp-block-gallery columns-2 is-cropped wp-block-gallery-2 is-layout-flex wp-block-gallery-is-layout-flex\"><ul class=\"blocks-gallery-grid\"><li class=\"blocks-gallery-item\"><figure><img decoding=\"async\" width=\"300\" height=\"125\" src=\"https:\/\/www.charita.sk\/svet\/wp-content\/uploads\/2020\/07\/Syriac_cross.png\" alt=\"\" data-id=\"865\" data-full-url=\"https:\/\/www.charita.sk\/svet\/wp-content\/uploads\/2020\/07\/Syriac_cross.png\" data-link=\"https:\/\/www.charita.sk\/svet\/partneri\/syriac-cross\/syriac_cross\/\" class=\"wp-image-865\"\/><\/figure><\/li><li class=\"blocks-gallery-item\"><figure><img loading=\"lazy\" decoding=\"async\" width=\"300\" height=\"125\" src=\"https:\/\/www.charita.sk\/svet\/wp-content\/uploads\/2019\/11\/Partneri-2.png\" alt=\"\" data-id=\"696\" data-full-url=\"https:\/\/www.charita.sk\/svet\/wp-content\/uploads\/2019\/11\/Partneri-2.png\" data-link=\"https:\/\/www.charita.sk\/svet\/partneri\/kbs\/partneri-2\/\" class=\"wp-image-696\"\/><\/figure><\/li><\/ul><\/figure>\n\n\n\n<hr class=\"wp-block-separator\"\/>\n\n\n\n<p><a href=\"applewebdata:\/\/F18647F3-E232-43DE-91E1-38A0D7CCAC93#_ftnref1\"><sup>[1]<\/sup><\/a>&nbsp;Po\u010det pr\u00edjemcov pomoci predpoklad\u00e1 s&nbsp;uverejnen\u00edm vzdel\u00e1vac\u00edch vide\u00ed na internete (napr. slu\u017eba YouTube). T\u00fdm p\u00e1dom bud\u00fa vide\u00e1 pr\u00edstupn\u00e9 aj de\u0165om a&nbsp;mlad\u00fdm \u013eu\u010fom z&nbsp;s\u00fdrskeho etnika aj v&nbsp;in\u00fdch krajin\u00e1ch Bl\u00edzkeho v\u00fdchodu, resp. aj mimo tohto regi\u00f3nu.<\/p>\n","protected":false},"excerpt":{"rendered":"<p>N\u00e1zov projektu: Podpora kult\u00farneho in\u0161tit\u00fatu Olaf TawMiesto implement\u00e1cie: Al-Qamishli, Governor\u00e1t Al-Hassaka, severov\u00fdchodn\u00e1 [&hellip;]<\/p>\n","protected":false},"author":2,"featured_media":0,"parent":0,"menu_order":0,"comment_status":"closed","ping_status":"closed","template":"","meta":{"footnotes":""},"class_list":["post-1410","page","type-page","status-publish","hentry"],"yoast_head":"<!-- This site is optimized with the Yoast SEO plugin v25.4 - https:\/\/yoast.com\/wordpress\/plugins\/seo\/ -->\n<title>Podpora kult\u00farneho in\u0161tit\u00fatu Olaf Taw | Charita vo svete<\/title>\n<meta name=\"robots\" content=\"index, follow, max-snippet:-1, max-image-preview:large, max-video-preview:-1\" \/>\n<link rel=\"canonical\" href=\"https:\/\/www.charita.sk\/svet\/kulturny-institut-olaf-taw\/\" \/>\n<meta property=\"og:locale\" content=\"sk_SK\" \/>\n<meta property=\"og:type\" content=\"article\" \/>\n<meta property=\"og:title\" content=\"Podpora kult\u00farneho in\u0161tit\u00fatu Olaf Taw | Charita vo svete\" \/>\n<meta property=\"og:description\" content=\"N\u00e1zov projektu: Podpora kult\u00farneho in\u0161tit\u00fatu Olaf TawMiesto implement\u00e1cie: Al-Qamishli, Governor\u00e1t Al-Hassaka, severov\u00fdchodn\u00e1 [&hellip;]\" \/>\n<meta property=\"og:url\" content=\"https:\/\/www.charita.sk\/svet\/kulturny-institut-olaf-taw\/\" \/>\n<meta property=\"og:site_name\" content=\"Charita vo svete\" \/>\n<meta property=\"article:publisher\" content=\"https:\/\/www.facebook.com\/CaritasSlovakia\/\" \/>\n<meta property=\"article:modified_time\" content=\"2021-06-15T13:04:46+00:00\" \/>\n<meta property=\"og:image\" content=\"https:\/\/www.charita.sk\/pomoc-utecencom\/wp-content\/uploads\/2020\/12\/olaf_syria2.jpg\" \/>\n<meta name=\"twitter:card\" content=\"summary_large_image\" \/>\n<meta name=\"twitter:label1\" content=\"Predpokladan\u00fd \u010das \u010d\u00edtania\" \/>\n\t<meta name=\"twitter:data1\" content=\"3 min\u00faty\" \/>\n<script type=\"application\/ld+json\" class=\"yoast-schema-graph\">{\"@context\":\"https:\/\/schema.org\",\"@graph\":[{\"@type\":\"WebPage\",\"@id\":\"https:\/\/www.charita.sk\/svet\/kulturny-institut-olaf-taw\/\",\"url\":\"https:\/\/www.charita.sk\/svet\/kulturny-institut-olaf-taw\/\",\"name\":\"Podpora kult\u00farneho in\u0161tit\u00fatu Olaf Taw | Charita vo svete\",\"isPartOf\":{\"@id\":\"https:\/\/www.charita.sk\/svet\/#website\"},\"primaryImageOfPage\":{\"@id\":\"https:\/\/www.charita.sk\/svet\/kulturny-institut-olaf-taw\/#primaryimage\"},\"image\":{\"@id\":\"https:\/\/www.charita.sk\/svet\/kulturny-institut-olaf-taw\/#primaryimage\"},\"thumbnailUrl\":\"https:\/\/www.charita.sk\/svet\/wp-content\/uploads\/2020\/12\/olaf_syria2.jpg\",\"datePublished\":\"2020-12-15T12:02:53+00:00\",\"dateModified\":\"2021-06-15T13:04:46+00:00\",\"breadcrumb\":{\"@id\":\"https:\/\/www.charita.sk\/svet\/kulturny-institut-olaf-taw\/#breadcrumb\"},\"inLanguage\":\"sk-SK\",\"potentialAction\":[{\"@type\":\"ReadAction\",\"target\":[\"https:\/\/www.charita.sk\/svet\/kulturny-institut-olaf-taw\/\"]}]},{\"@type\":\"ImageObject\",\"inLanguage\":\"sk-SK\",\"@id\":\"https:\/\/www.charita.sk\/svet\/kulturny-institut-olaf-taw\/#primaryimage\",\"url\":\"https:\/\/www.charita.sk\/svet\/wp-content\/uploads\/2020\/12\/olaf_syria2.jpg\",\"contentUrl\":\"https:\/\/www.charita.sk\/svet\/wp-content\/uploads\/2020\/12\/olaf_syria2.jpg\",\"width\":600,\"height\":400,\"caption\":\"N\u00e1v\u0161teva in\u0161tit\u00fatu Olaf Taw po\u010das monitorovacej cesty v septembri 2019.\"},{\"@type\":\"BreadcrumbList\",\"@id\":\"https:\/\/www.charita.sk\/svet\/kulturny-institut-olaf-taw\/#breadcrumb\",\"itemListElement\":[{\"@type\":\"ListItem\",\"position\":1,\"name\":\"Domovsk\u00e1 str\u00e1nka\",\"item\":\"https:\/\/www.charita.sk\/svet\/\"},{\"@type\":\"ListItem\",\"position\":2,\"name\":\"Podpora kult\u00farneho in\u0161tit\u00fatu Olaf Taw\"}]},{\"@type\":\"WebSite\",\"@id\":\"https:\/\/www.charita.sk\/svet\/#website\",\"url\":\"https:\/\/www.charita.sk\/svet\/\",\"name\":\"Charita vo svete\",\"description\":\"Slovensk\u00e1 katol\u00edcka charita pom\u00e1ha \u013eu\u010fom v n\u00fadzi vo svete\",\"publisher\":{\"@id\":\"https:\/\/www.charita.sk\/svet\/#organization\"},\"potentialAction\":[{\"@type\":\"SearchAction\",\"target\":{\"@type\":\"EntryPoint\",\"urlTemplate\":\"https:\/\/www.charita.sk\/svet\/?s={search_term_string}\"},\"query-input\":{\"@type\":\"PropertyValueSpecification\",\"valueRequired\":true,\"valueName\":\"search_term_string\"}}],\"inLanguage\":\"sk-SK\"},{\"@type\":\"Organization\",\"@id\":\"https:\/\/www.charita.sk\/svet\/#organization\",\"name\":\"Slovensk\u00e1 katol\u00edcka charita\",\"url\":\"https:\/\/www.charita.sk\/svet\/\",\"logo\":{\"@type\":\"ImageObject\",\"inLanguage\":\"sk-SK\",\"@id\":\"https:\/\/www.charita.sk\/svet\/#\/schema\/logo\/image\/\",\"url\":\"https:\/\/www.charita.sk\/pomoc-utecencom\/wp-content\/uploads\/2020\/11\/logo_pomoc_utecencom.jpg\",\"contentUrl\":\"https:\/\/www.charita.sk\/pomoc-utecencom\/wp-content\/uploads\/2020\/11\/logo_pomoc_utecencom.jpg\",\"width\":1712,\"height\":480,\"caption\":\"Slovensk\u00e1 katol\u00edcka charita\"},\"image\":{\"@id\":\"https:\/\/www.charita.sk\/svet\/#\/schema\/logo\/image\/\"},\"sameAs\":[\"https:\/\/www.facebook.com\/CaritasSlovakia\/\",\"https:\/\/www.instagram.com\/caritas_slovakia\/\",\"https:\/\/www.linkedin.com\/company\/caritas-slovakia-skch-\",\"https:\/\/www.youtube.com\/user\/katolickacharita\"]}]}<\/script>\n<!-- \/ Yoast SEO plugin. -->","yoast_head_json":{"title":"Podpora kult\u00farneho in\u0161tit\u00fatu Olaf Taw | Charita vo svete","robots":{"index":"index","follow":"follow","max-snippet":"max-snippet:-1","max-image-preview":"max-image-preview:large","max-video-preview":"max-video-preview:-1"},"canonical":"https:\/\/www.charita.sk\/svet\/kulturny-institut-olaf-taw\/","og_locale":"sk_SK","og_type":"article","og_title":"Podpora kult\u00farneho in\u0161tit\u00fatu Olaf Taw | Charita vo svete","og_description":"N\u00e1zov projektu: Podpora kult\u00farneho in\u0161tit\u00fatu Olaf TawMiesto implement\u00e1cie: Al-Qamishli, Governor\u00e1t Al-Hassaka, severov\u00fdchodn\u00e1 [&hellip;]","og_url":"https:\/\/www.charita.sk\/svet\/kulturny-institut-olaf-taw\/","og_site_name":"Charita vo svete","article_publisher":"https:\/\/www.facebook.com\/CaritasSlovakia\/","article_modified_time":"2021-06-15T13:04:46+00:00","og_image":[{"url":"https:\/\/www.charita.sk\/pomoc-utecencom\/wp-content\/uploads\/2020\/12\/olaf_syria2.jpg","type":"","width":"","height":""}],"twitter_card":"summary_large_image","twitter_misc":{"Predpokladan\u00fd \u010das \u010d\u00edtania":"3 min\u00faty"},"schema":{"@context":"https:\/\/schema.org","@graph":[{"@type":"WebPage","@id":"https:\/\/www.charita.sk\/svet\/kulturny-institut-olaf-taw\/","url":"https:\/\/www.charita.sk\/svet\/kulturny-institut-olaf-taw\/","name":"Podpora kult\u00farneho in\u0161tit\u00fatu Olaf Taw | Charita vo svete","isPartOf":{"@id":"https:\/\/www.charita.sk\/svet\/#website"},"primaryImageOfPage":{"@id":"https:\/\/www.charita.sk\/svet\/kulturny-institut-olaf-taw\/#primaryimage"},"image":{"@id":"https:\/\/www.charita.sk\/svet\/kulturny-institut-olaf-taw\/#primaryimage"},"thumbnailUrl":"https:\/\/www.charita.sk\/svet\/wp-content\/uploads\/2020\/12\/olaf_syria2.jpg","datePublished":"2020-12-15T12:02:53+00:00","dateModified":"2021-06-15T13:04:46+00:00","breadcrumb":{"@id":"https:\/\/www.charita.sk\/svet\/kulturny-institut-olaf-taw\/#breadcrumb"},"inLanguage":"sk-SK","potentialAction":[{"@type":"ReadAction","target":["https:\/\/www.charita.sk\/svet\/kulturny-institut-olaf-taw\/"]}]},{"@type":"ImageObject","inLanguage":"sk-SK","@id":"https:\/\/www.charita.sk\/svet\/kulturny-institut-olaf-taw\/#primaryimage","url":"https:\/\/www.charita.sk\/svet\/wp-content\/uploads\/2020\/12\/olaf_syria2.jpg","contentUrl":"https:\/\/www.charita.sk\/svet\/wp-content\/uploads\/2020\/12\/olaf_syria2.jpg","width":600,"height":400,"caption":"N\u00e1v\u0161teva in\u0161tit\u00fatu Olaf Taw po\u010das monitorovacej cesty v septembri 2019."},{"@type":"BreadcrumbList","@id":"https:\/\/www.charita.sk\/svet\/kulturny-institut-olaf-taw\/#breadcrumb","itemListElement":[{"@type":"ListItem","position":1,"name":"Domovsk\u00e1 str\u00e1nka","item":"https:\/\/www.charita.sk\/svet\/"},{"@type":"ListItem","position":2,"name":"Podpora kult\u00farneho in\u0161tit\u00fatu Olaf Taw"}]},{"@type":"WebSite","@id":"https:\/\/www.charita.sk\/svet\/#website","url":"https:\/\/www.charita.sk\/svet\/","name":"Charita vo svete","description":"Slovensk\u00e1 katol\u00edcka charita pom\u00e1ha \u013eu\u010fom v n\u00fadzi vo svete","publisher":{"@id":"https:\/\/www.charita.sk\/svet\/#organization"},"potentialAction":[{"@type":"SearchAction","target":{"@type":"EntryPoint","urlTemplate":"https:\/\/www.charita.sk\/svet\/?s={search_term_string}"},"query-input":{"@type":"PropertyValueSpecification","valueRequired":true,"valueName":"search_term_string"}}],"inLanguage":"sk-SK"},{"@type":"Organization","@id":"https:\/\/www.charita.sk\/svet\/#organization","name":"Slovensk\u00e1 katol\u00edcka charita","url":"https:\/\/www.charita.sk\/svet\/","logo":{"@type":"ImageObject","inLanguage":"sk-SK","@id":"https:\/\/www.charita.sk\/svet\/#\/schema\/logo\/image\/","url":"https:\/\/www.charita.sk\/pomoc-utecencom\/wp-content\/uploads\/2020\/11\/logo_pomoc_utecencom.jpg","contentUrl":"https:\/\/www.charita.sk\/pomoc-utecencom\/wp-content\/uploads\/2020\/11\/logo_pomoc_utecencom.jpg","width":1712,"height":480,"caption":"Slovensk\u00e1 katol\u00edcka charita"},"image":{"@id":"https:\/\/www.charita.sk\/svet\/#\/schema\/logo\/image\/"},"sameAs":["https:\/\/www.facebook.com\/CaritasSlovakia\/","https:\/\/www.instagram.com\/caritas_slovakia\/","https:\/\/www.linkedin.com\/company\/caritas-slovakia-skch-","https:\/\/www.youtube.com\/user\/katolickacharita"]}]}},"featured_image_src":null,"featured_image_src_square":null,"_links":{"self":[{"href":"https:\/\/www.charita.sk\/svet\/wp-json\/wp\/v2\/pages\/1410","targetHints":{"allow":["GET"]}}],"collection":[{"href":"https:\/\/www.charita.sk\/svet\/wp-json\/wp\/v2\/pages"}],"about":[{"href":"https:\/\/www.charita.sk\/svet\/wp-json\/wp\/v2\/types\/page"}],"author":[{"embeddable":true,"href":"https:\/\/www.charita.sk\/svet\/wp-json\/wp\/v2\/users\/2"}],"replies":[{"embeddable":true,"href":"https:\/\/www.charita.sk\/svet\/wp-json\/wp\/v2\/comments?post=1410"}],"version-history":[{"count":2,"href":"https:\/\/www.charita.sk\/svet\/wp-json\/wp\/v2\/pages\/1410\/revisions"}],"predecessor-version":[{"id":1717,"href":"https:\/\/www.charita.sk\/svet\/wp-json\/wp\/v2\/pages\/1410\/revisions\/1717"}],"wp:attachment":[{"href":"https:\/\/www.charita.sk\/svet\/wp-json\/wp\/v2\/media?parent=1410"}],"curies":[{"name":"wp","href":"https:\/\/api.w.org\/{rel}","templated":true}]}}