{"id":1423,"date":"2020-12-15T13:18:55","date_gmt":"2020-12-15T12:18:55","guid":{"rendered":"https:\/\/www.charita.sk\/pomoc-utecencom\/?page_id=1423"},"modified":"2022-02-18T15:03:23","modified_gmt":"2022-02-18T14:03:23","slug":"dokoncenie-jasli-a-skolky-v-dome-milosti-v-sulejmanii","status":"publish","type":"page","link":"https:\/\/www.charita.sk\/svet\/dokoncenie-jasli-a-skolky-v-dome-milosti-v-sulejmanii\/","title":{"rendered":"Dokon\u010denie jasl\u00ed a \u0161k\u00f4lky v \u201eDome milosti\u201c v Sulejmanii"},"content":{"rendered":"\t\t<div data-elementor-type=\"wp-page\" data-elementor-id=\"1423\" class=\"elementor elementor-1423\">\n\t\t\t\t\t\t<section class=\"elementor-section elementor-top-section elementor-element elementor-element-10ebb025 elementor-section-boxed elementor-section-height-default elementor-section-height-default\" data-id=\"10ebb025\" data-element_type=\"section\">\n\t\t\t\t\t\t<div class=\"elementor-container elementor-column-gap-default\">\n\t\t\t\t\t<div class=\"elementor-column elementor-col-100 elementor-top-column elementor-element elementor-element-9ddd6cf\" data-id=\"9ddd6cf\" data-element_type=\"column\">\n\t\t\t<div class=\"elementor-widget-wrap elementor-element-populated\">\n\t\t\t\t\t\t<section class=\"elementor-section elementor-inner-section elementor-element elementor-element-e183c49 elementor-section-full_width elementor-section-height-default elementor-section-height-default\" data-id=\"e183c49\" data-element_type=\"section\">\n\t\t\t\t\t\t<div class=\"elementor-container elementor-column-gap-default\">\n\t\t\t\t\t<div class=\"elementor-column elementor-col-25 elementor-inner-column elementor-element elementor-element-056974d\" data-id=\"056974d\" data-element_type=\"column\">\n\t\t\t<div class=\"elementor-widget-wrap elementor-element-populated\">\n\t\t\t\t\t\t<div class=\"elementor-element elementor-element-3a8109a elementor-view-default elementor-position-top elementor-mobile-position-top elementor-widget elementor-widget-icon-box\" data-id=\"3a8109a\" data-element_type=\"widget\" data-widget_type=\"icon-box.default\">\n\t\t\t\t<div class=\"elementor-widget-container\">\n\t\t\t\t\t\t\t<div class=\"elementor-icon-box-wrapper\">\n\n\t\t\t\t\t\t<div class=\"elementor-icon-box-icon\">\n\t\t\t\t<span  class=\"elementor-icon\">\n\t\t\t\t<i aria-hidden=\"true\" class=\"fas fa-check-circle\"><\/i>\t\t\t\t<\/span>\n\t\t\t<\/div>\n\t\t\t\n\t\t\t\t\t\t<div class=\"elementor-icon-box-content\">\n\n\t\t\t\t\t\t\t\t\t<h2 class=\"elementor-icon-box-title\">\n\t\t\t\t\t\t<span  >\n\t\t\t\t\t\t\tDokon\u010denie \u0161k\u00f4lky a jasl\u00ed\t\t\t\t\t\t<\/span>\n\t\t\t\t\t<\/h2>\n\t\t\t\t\n\t\t\t\t\n\t\t\t<\/div>\n\t\t\t\n\t\t<\/div>\n\t\t\t\t\t\t<\/div>\n\t\t\t\t<\/div>\n\t\t\t\t\t<\/div>\n\t\t<\/div>\n\t\t\t\t<div class=\"elementor-column elementor-col-25 elementor-inner-column elementor-element elementor-element-7ee43fb\" data-id=\"7ee43fb\" data-element_type=\"column\">\n\t\t\t<div class=\"elementor-widget-wrap elementor-element-populated\">\n\t\t\t\t\t\t<div class=\"elementor-element elementor-element-4f530ba elementor-view-default elementor-position-top elementor-mobile-position-top elementor-widget elementor-widget-icon-box\" data-id=\"4f530ba\" data-element_type=\"widget\" data-widget_type=\"icon-box.default\">\n\t\t\t\t<div class=\"elementor-widget-container\">\n\t\t\t\t\t\t\t<div class=\"elementor-icon-box-wrapper\">\n\n\t\t\t\t\t\t<div class=\"elementor-icon-box-icon\">\n\t\t\t\t<span  class=\"elementor-icon\">\n\t\t\t\t<i aria-hidden=\"true\" class=\"fas fa-map-marked-alt\"><\/i>\t\t\t\t<\/span>\n\t\t\t<\/div>\n\t\t\t\n\t\t\t\t\t\t<div class=\"elementor-icon-box-content\">\n\n\t\t\t\t\t\t\t\t\t<h2 class=\"elementor-icon-box-title\">\n\t\t\t\t\t\t<span  >\n\t\t\t\t\t\t\tSulejmania\t\t\t\t\t\t<\/span>\n\t\t\t\t\t<\/h2>\n\t\t\t\t\n\t\t\t\t\n\t\t\t<\/div>\n\t\t\t\n\t\t<\/div>\n\t\t\t\t\t\t<\/div>\n\t\t\t\t<\/div>\n\t\t\t\t\t<\/div>\n\t\t<\/div>\n\t\t\t\t<div class=\"elementor-column elementor-col-25 elementor-inner-column elementor-element elementor-element-57fa050\" data-id=\"57fa050\" data-element_type=\"column\">\n\t\t\t<div class=\"elementor-widget-wrap elementor-element-populated\">\n\t\t\t\t\t\t<div class=\"elementor-element elementor-element-2f1a344 elementor-view-default elementor-position-top elementor-mobile-position-top elementor-widget elementor-widget-icon-box\" data-id=\"2f1a344\" data-element_type=\"widget\" data-widget_type=\"icon-box.default\">\n\t\t\t\t<div class=\"elementor-widget-container\">\n\t\t\t\t\t\t\t<div class=\"elementor-icon-box-wrapper\">\n\n\t\t\t\t\t\t<div class=\"elementor-icon-box-icon\">\n\t\t\t\t<span  class=\"elementor-icon\">\n\t\t\t\t<i aria-hidden=\"true\" class=\"fas fa-people-carry\"><\/i>\t\t\t\t<\/span>\n\t\t\t<\/div>\n\t\t\t\n\t\t\t\t\t\t<div class=\"elementor-icon-box-content\">\n\n\t\t\t\t\t\t\t\t\t<h2 class=\"elementor-icon-box-title\">\n\t\t\t\t\t\t<span  >\n\t\t\t\t\t\t\t80 det\u00ed + 15 rod\u00edn\t\t\t\t\t\t<\/span>\n\t\t\t\t\t<\/h2>\n\t\t\t\t\n\t\t\t\t\n\t\t\t<\/div>\n\t\t\t\n\t\t<\/div>\n\t\t\t\t\t\t<\/div>\n\t\t\t\t<\/div>\n\t\t\t\t\t<\/div>\n\t\t<\/div>\n\t\t\t\t<div class=\"elementor-column elementor-col-25 elementor-inner-column elementor-element elementor-element-84c0a16\" data-id=\"84c0a16\" data-element_type=\"column\">\n\t\t\t<div class=\"elementor-widget-wrap elementor-element-populated\">\n\t\t\t\t\t\t<div class=\"elementor-element elementor-element-a0d398d elementor-view-default elementor-position-top elementor-mobile-position-top elementor-widget elementor-widget-icon-box\" data-id=\"a0d398d\" data-element_type=\"widget\" data-widget_type=\"icon-box.default\">\n\t\t\t\t<div class=\"elementor-widget-container\">\n\t\t\t\t\t\t\t<div class=\"elementor-icon-box-wrapper\">\n\n\t\t\t\t\t\t<div class=\"elementor-icon-box-icon\">\n\t\t\t\t<span  class=\"elementor-icon\">\n\t\t\t\t<i aria-hidden=\"true\" class=\"fas fa-euro-sign\"><\/i>\t\t\t\t<\/span>\n\t\t\t<\/div>\n\t\t\t\n\t\t\t\t\t\t<div class=\"elementor-icon-box-content\">\n\n\t\t\t\t\t\t\t\t\t<h2 class=\"elementor-icon-box-title\">\n\t\t\t\t\t\t<span  >\n\t\t\t\t\t\t\t72 950\t\t\t\t\t\t<\/span>\n\t\t\t\t\t<\/h2>\n\t\t\t\t\n\t\t\t\t\n\t\t\t<\/div>\n\t\t\t\n\t\t<\/div>\n\t\t\t\t\t\t<\/div>\n\t\t\t\t<\/div>\n\t\t\t\t\t<\/div>\n\t\t<\/div>\n\t\t\t\t\t<\/div>\n\t\t<\/section>\n\t\t\t\t<div class=\"elementor-element elementor-element-5478cc91 elementor-widget elementor-widget-text-editor\" data-id=\"5478cc91\" data-element_type=\"widget\" data-widget_type=\"text-editor.default\">\n\t\t\t\t<div class=\"elementor-widget-container\">\n\t\t\t\t\t\t\t\t\t<p class=\"\"><\/p>\n<p class=\"has-white-color has-text-color has-background    \" style=\"background-color: #c42f41;\"><strong>N\u00e1zov projektu:<\/strong>\u00a0Dokon\u010denie jasl\u00ed a \u0161k\u00f4lky v \u201eDome milosti\u201c v Sulejmanii<br \/><strong>Lokalita implement\u00e1cie<\/strong>:\u00a0Sulejmania, Irack\u00fd Kurdistan<br \/><strong>Projektov\u00fd partner:\u00a0<\/strong>Chaldejskokatol\u00edcka farnos\u0165 sv. Jozefa<br \/><strong>Po\u010det pr\u00edjemcov pomoci:<\/strong>\u00a080 det\u00ed (kapacita jasl\u00ed a\u00a0\u0161k\u00f4lky) + 15 pracovn\u00edkov s\u00a0rodinami<br \/><strong>Rozpo\u010det:<\/strong>\u00a072 950 EUR (celkov\u00fd rozpo\u010det projektu 300\u00a0000 EUR)<\/p>\n<p class=\"\"><\/p>\n<p class=\"\"><strong>Situ\u00e1cia v\u00a0krajine:<\/strong>\u00a0Chaldejskokatol\u00edcka farnos\u0165 sv. Jozefa v\u00a0Sulejamanii pom\u00e1ha \u013eu\u010fom, ktor\u00ed utiekli pred terorom islamistov Daesh (tzv. Islamsk\u00fd \u0161t\u00e1t) u\u017e od roku 2014. Miestny far\u00e1r dp. Ayman Aziz spolu so svojimi farn\u00edkmi poskytli ubytovanie pre pribli\u017ene 200 vn\u00fatorne vys\u00eddlen\u00fdch\u00a0\u00a0os\u00f4b z\u00a0oblasti Ninivskej planiny. Farnos\u0165 moment\u00e1lne sl\u00fa\u017ei pribli\u017ene 300 rodin\u00e1m, ktor\u00ed potrebuj\u00fa akt\u00edvnu podporu. Aby mohli pracova\u0165, zabezpe\u010di\u0165 svoje rodiny a\u00a0nemuseli migrova\u0165, potrebuj\u00fa zabezpe\u010di\u0165 starostlivos\u0165 pre svoje deti po\u010das d\u0148a a\u00a0n\u00e1js\u0165 si pr\u00e1cu.<\/p>\n<p class=\"\"><\/p>\n<p class=\"has-text-align-center has-background  \" style=\"background-color: #eeeeee;\"><strong>Projekt finan\u010dne podporuje\u00a0<a href=\"https:\/\/kbs.sk\" target=\"_blank\" rel=\"noreferrer noopener\">Konferencia biskupov Slovenska<\/a><\/strong><\/p>\n<p class=\"\"><\/p>\n<p class=\"\"><strong>Predstavenie projektu:<\/strong>\u00a0V\u010faka finan\u010dnej pomoci KBS sa podarilo vo farnosti zrealizova\u0165 pastora\u010dn\u00e9 centrum s\u00a0jaslami, \u0161k\u00f4lkou a\u00a0spolo\u010denskou miestnos\u0165ou, kde sa m\u00f4\u017eu dospel\u00ed aj mlad\u00ed farn\u00edci stret\u00e1va\u0165 a\u00a0ma\u0165 katech\u00e9zy. Pre miestnu komunitu je to ve\u013ek\u00e1 pomoc, miesto, kde m\u00f4\u017ee r\u00e1s\u0165 ich viera a\u00a0n\u00e1dej a\u00a0z\u00e1rove\u0148 miesto, kde sa pravidelne stret\u00e1vaj\u00fa komunity veriacich.\u00a0<\/p>\n<p class=\"\"><\/p>\n<p class=\"\">Arcibiskup Kirkuku a\u00a0Sulejmanie, J. E. Yousif Thomas Mirkis vo farnosti v\u00a0Sulejmanii inicioval v\u00a0roku 2018 v\u00fdstavbu \u201eDomu milosti\u201c, ktor\u00fd m\u00e1 sl\u00fa\u017ei\u0165 ako pobytov\u00e9 centrum starostlivosti o\u00a0seniorov s\u00a0Alzheimerovou chorobou a\u00a0z\u00e1rove\u0148 m\u00e1 vytvori\u0165 priestor aj pre jasle a\u00a0\u0161k\u00f4lku pre deti.<\/p>\n<p class=\"\"><\/p>\n<p class=\"\">Ke\u010f\u017ee stavba projektu je finan\u010dne n\u00e1ro\u010dn\u00e1, doteraz sa podarilo zrealizova\u0165 60% z projektu a\u00a0ch\u00fdbaj\u00fa zdroje na jej dokon\u010denie. Preto by farnos\u0165 po rozhovore s arcibiskupom Kirkuku J.E. Yousif Thomas Mirkis chcela dokon\u010di\u0165 aspo\u0148 \u010das\u0165 ur\u010den\u00fa pre jasle a\u00a0\u0161k\u00f4lku a\u00a0otvori\u0165 ju v\u00a0okt\u00f3bri 2020. Kapacita nov\u00fdch jasl\u00ed a\u00a0\u0161k\u00f4lky je 80 det\u00ed vo veku od 2 mesiacov do 4 rokov. Na mieste s\u00fa u\u017e aj 4 reho\u013en\u00e9 sestry, ktor\u00e9 sa v\u00a0nich o\u00a0deti bud\u00fa stara\u0165 a\u00a0v\u010faka projektu n\u00e1jde pr\u00e1cu 15 \u013eud\u00ed ako zamestnanci centra zabezpe\u010duj\u00faci jeho chod a\u00a0starostlivos\u0165 o\u00a0deti.<\/p>\n<p class=\"\"><\/p>\n<p class=\"wp-block-gallery columns-1 is-cropped wp-block-gallery-2 is-layout-flex wp-block-gallery-is-layout-flex\">\u00a0<\/p>\n<ul class=\"blocks-gallery-grid\">\n<li class=\"blocks-gallery-item\">\n<figure><img fetchpriority=\"high\" decoding=\"async\" width=\"960\" height=\"720\" class=\"wp-image-1424\" src=\"https:\/\/www.charita.sk\/pomoc-utecencom\/wp-content\/uploads\/2020\/12\/jasle_suljmania2.jpg\" alt=\"\" data-id=\"1424\" data-full-url=\"https:\/\/www.charita.sk\/pomoc-utecencom\/wp-content\/uploads\/2020\/12\/jasle_suljmania2.jpg\" data-link=\"https:\/\/www.charita.sk\/pomoc-utecencom\/?attachment_id=1424\" srcset=\"https:\/\/www.charita.sk\/svet\/wp-content\/uploads\/2020\/12\/jasle_suljmania2.jpg 960w, https:\/\/www.charita.sk\/svet\/wp-content\/uploads\/2020\/12\/jasle_suljmania2-300x225.jpg 300w, https:\/\/www.charita.sk\/svet\/wp-content\/uploads\/2020\/12\/jasle_suljmania2-768x576.jpg 768w\" sizes=\"(max-width: 960px) 100vw, 960px\" \/><\/figure>\n<\/li>\n<\/ul>\n<p class=\"\"><\/p>\n<p class=\"\"><strong>Inform\u00e1cie o\u00a0projektovom partnerovi<\/strong>: Slovensk\u00e1 katol\u00edcka charita (SKCH) za podpory KBS realizovala <a href=\"https:\/\/www.charita.sk\/pomoc-utecencom\/pastoracne-centrum-jasle-skolka\/\">v\u00fdstavbu pastora\u010dn\u00e9ho centra<\/a> vo farnosti sv. Jozefa v\u00a0Sulejmanii v\u00a0hodnote 134\u00a0200 EUR a <a href=\"https:\/\/www.charita.sk\/pomoc-utecencom\/vybudovanie-spolocenskej-miestnosti-v-pastoracnom-centre\/\">v\u00fdstavbu spolo\u010denskej miestnosti<\/a> v\u00a0tejto farnosti v\u00a0hodnote 49\u00a0500 EUR.<\/p>\n<p class=\"\"><\/p>\t\t\t\t\t\t\t\t<\/div>\n\t\t\t\t<\/div>\n\t\t\t\t\t<\/div>\n\t\t<\/div>\n\t\t\t\t\t<\/div>\n\t\t<\/section>\n\t\t\t\t<\/div>\n\t\t","protected":false},"excerpt":{"rendered":"<p>Dokon\u010denie \u0161k\u00f4lky a jasl\u00ed Sulejmania 80 det\u00ed + 15 rod\u00edn 72 950 [&hellip;]<\/p>\n","protected":false},"author":2,"featured_media":0,"parent":0,"menu_order":0,"comment_status":"closed","ping_status":"closed","template":"","meta":{"footnotes":""},"class_list":["post-1423","page","type-page","status-publish","hentry"],"yoast_head":"<!-- This site is optimized with the Yoast SEO plugin v25.4 - https:\/\/yoast.com\/wordpress\/plugins\/seo\/ -->\n<title>Dokon\u010denie jasl\u00ed a \u0161k\u00f4lky v \u201eDome milosti\u201c v Sulejmanii | Charita vo svete<\/title>\n<meta name=\"robots\" content=\"index, follow, max-snippet:-1, max-image-preview:large, max-video-preview:-1\" \/>\n<link rel=\"canonical\" href=\"https:\/\/www.charita.sk\/svet\/dokoncenie-jasli-a-skolky-v-dome-milosti-v-sulejmanii\/\" \/>\n<meta property=\"og:locale\" content=\"sk_SK\" \/>\n<meta property=\"og:type\" content=\"article\" \/>\n<meta property=\"og:title\" content=\"Dokon\u010denie jasl\u00ed a \u0161k\u00f4lky v \u201eDome milosti\u201c v Sulejmanii | Charita vo svete\" \/>\n<meta property=\"og:description\" content=\"Dokon\u010denie \u0161k\u00f4lky a jasl\u00ed Sulejmania 80 det\u00ed + 15 rod\u00edn 72 950 [&hellip;]\" \/>\n<meta property=\"og:url\" content=\"https:\/\/www.charita.sk\/svet\/dokoncenie-jasli-a-skolky-v-dome-milosti-v-sulejmanii\/\" \/>\n<meta property=\"og:site_name\" content=\"Charita vo svete\" \/>\n<meta property=\"article:publisher\" content=\"https:\/\/www.facebook.com\/CaritasSlovakia\/\" \/>\n<meta property=\"article:modified_time\" content=\"2022-02-18T14:03:23+00:00\" \/>\n<meta property=\"og:image\" content=\"https:\/\/www.charita.sk\/pomoc-utecencom\/wp-content\/uploads\/2020\/12\/jasle_suljmania2.jpg\" \/>\n<meta name=\"twitter:card\" content=\"summary_large_image\" \/>\n<meta name=\"twitter:label1\" content=\"Predpokladan\u00fd \u010das \u010d\u00edtania\" \/>\n\t<meta name=\"twitter:data1\" content=\"2 min\u00faty\" \/>\n<script type=\"application\/ld+json\" class=\"yoast-schema-graph\">{\"@context\":\"https:\/\/schema.org\",\"@graph\":[{\"@type\":\"WebPage\",\"@id\":\"https:\/\/www.charita.sk\/svet\/dokoncenie-jasli-a-skolky-v-dome-milosti-v-sulejmanii\/\",\"url\":\"https:\/\/www.charita.sk\/svet\/dokoncenie-jasli-a-skolky-v-dome-milosti-v-sulejmanii\/\",\"name\":\"Dokon\u010denie jasl\u00ed a \u0161k\u00f4lky v \u201eDome milosti\u201c v Sulejmanii | Charita vo svete\",\"isPartOf\":{\"@id\":\"https:\/\/www.charita.sk\/svet\/#website\"},\"primaryImageOfPage\":{\"@id\":\"https:\/\/www.charita.sk\/svet\/dokoncenie-jasli-a-skolky-v-dome-milosti-v-sulejmanii\/#primaryimage\"},\"image\":{\"@id\":\"https:\/\/www.charita.sk\/svet\/dokoncenie-jasli-a-skolky-v-dome-milosti-v-sulejmanii\/#primaryimage\"},\"thumbnailUrl\":\"https:\/\/www.charita.sk\/svet\/wp-content\/uploads\/2020\/12\/jasle_suljmania2.jpg\",\"datePublished\":\"2020-12-15T12:18:55+00:00\",\"dateModified\":\"2022-02-18T14:03:23+00:00\",\"breadcrumb\":{\"@id\":\"https:\/\/www.charita.sk\/svet\/dokoncenie-jasli-a-skolky-v-dome-milosti-v-sulejmanii\/#breadcrumb\"},\"inLanguage\":\"sk-SK\",\"potentialAction\":[{\"@type\":\"ReadAction\",\"target\":[\"https:\/\/www.charita.sk\/svet\/dokoncenie-jasli-a-skolky-v-dome-milosti-v-sulejmanii\/\"]}]},{\"@type\":\"ImageObject\",\"inLanguage\":\"sk-SK\",\"@id\":\"https:\/\/www.charita.sk\/svet\/dokoncenie-jasli-a-skolky-v-dome-milosti-v-sulejmanii\/#primaryimage\",\"url\":\"https:\/\/www.charita.sk\/svet\/wp-content\/uploads\/2020\/12\/jasle_suljmania2.jpg\",\"contentUrl\":\"https:\/\/www.charita.sk\/svet\/wp-content\/uploads\/2020\/12\/jasle_suljmania2.jpg\",\"width\":960,\"height\":720},{\"@type\":\"BreadcrumbList\",\"@id\":\"https:\/\/www.charita.sk\/svet\/dokoncenie-jasli-a-skolky-v-dome-milosti-v-sulejmanii\/#breadcrumb\",\"itemListElement\":[{\"@type\":\"ListItem\",\"position\":1,\"name\":\"Domovsk\u00e1 str\u00e1nka\",\"item\":\"https:\/\/www.charita.sk\/svet\/\"},{\"@type\":\"ListItem\",\"position\":2,\"name\":\"Dokon\u010denie jasl\u00ed a \u0161k\u00f4lky v \u201eDome milosti\u201c v Sulejmanii\"}]},{\"@type\":\"WebSite\",\"@id\":\"https:\/\/www.charita.sk\/svet\/#website\",\"url\":\"https:\/\/www.charita.sk\/svet\/\",\"name\":\"Charita vo svete\",\"description\":\"Slovensk\u00e1 katol\u00edcka charita pom\u00e1ha \u013eu\u010fom v n\u00fadzi vo svete\",\"publisher\":{\"@id\":\"https:\/\/www.charita.sk\/svet\/#organization\"},\"potentialAction\":[{\"@type\":\"SearchAction\",\"target\":{\"@type\":\"EntryPoint\",\"urlTemplate\":\"https:\/\/www.charita.sk\/svet\/?s={search_term_string}\"},\"query-input\":{\"@type\":\"PropertyValueSpecification\",\"valueRequired\":true,\"valueName\":\"search_term_string\"}}],\"inLanguage\":\"sk-SK\"},{\"@type\":\"Organization\",\"@id\":\"https:\/\/www.charita.sk\/svet\/#organization\",\"name\":\"Slovensk\u00e1 katol\u00edcka charita\",\"url\":\"https:\/\/www.charita.sk\/svet\/\",\"logo\":{\"@type\":\"ImageObject\",\"inLanguage\":\"sk-SK\",\"@id\":\"https:\/\/www.charita.sk\/svet\/#\/schema\/logo\/image\/\",\"url\":\"https:\/\/www.charita.sk\/pomoc-utecencom\/wp-content\/uploads\/2020\/11\/logo_pomoc_utecencom.jpg\",\"contentUrl\":\"https:\/\/www.charita.sk\/pomoc-utecencom\/wp-content\/uploads\/2020\/11\/logo_pomoc_utecencom.jpg\",\"width\":1712,\"height\":480,\"caption\":\"Slovensk\u00e1 katol\u00edcka charita\"},\"image\":{\"@id\":\"https:\/\/www.charita.sk\/svet\/#\/schema\/logo\/image\/\"},\"sameAs\":[\"https:\/\/www.facebook.com\/CaritasSlovakia\/\",\"https:\/\/www.instagram.com\/caritas_slovakia\/\",\"https:\/\/www.linkedin.com\/company\/caritas-slovakia-skch-\",\"https:\/\/www.youtube.com\/user\/katolickacharita\"]}]}<\/script>\n<!-- \/ Yoast SEO plugin. -->","yoast_head_json":{"title":"Dokon\u010denie jasl\u00ed a \u0161k\u00f4lky v \u201eDome milosti\u201c v Sulejmanii | Charita vo svete","robots":{"index":"index","follow":"follow","max-snippet":"max-snippet:-1","max-image-preview":"max-image-preview:large","max-video-preview":"max-video-preview:-1"},"canonical":"https:\/\/www.charita.sk\/svet\/dokoncenie-jasli-a-skolky-v-dome-milosti-v-sulejmanii\/","og_locale":"sk_SK","og_type":"article","og_title":"Dokon\u010denie jasl\u00ed a \u0161k\u00f4lky v \u201eDome milosti\u201c v Sulejmanii | Charita vo svete","og_description":"Dokon\u010denie \u0161k\u00f4lky a jasl\u00ed Sulejmania 80 det\u00ed + 15 rod\u00edn 72 950 [&hellip;]","og_url":"https:\/\/www.charita.sk\/svet\/dokoncenie-jasli-a-skolky-v-dome-milosti-v-sulejmanii\/","og_site_name":"Charita vo svete","article_publisher":"https:\/\/www.facebook.com\/CaritasSlovakia\/","article_modified_time":"2022-02-18T14:03:23+00:00","og_image":[{"url":"https:\/\/www.charita.sk\/pomoc-utecencom\/wp-content\/uploads\/2020\/12\/jasle_suljmania2.jpg","type":"","width":"","height":""}],"twitter_card":"summary_large_image","twitter_misc":{"Predpokladan\u00fd \u010das \u010d\u00edtania":"2 min\u00faty"},"schema":{"@context":"https:\/\/schema.org","@graph":[{"@type":"WebPage","@id":"https:\/\/www.charita.sk\/svet\/dokoncenie-jasli-a-skolky-v-dome-milosti-v-sulejmanii\/","url":"https:\/\/www.charita.sk\/svet\/dokoncenie-jasli-a-skolky-v-dome-milosti-v-sulejmanii\/","name":"Dokon\u010denie jasl\u00ed a \u0161k\u00f4lky v \u201eDome milosti\u201c v Sulejmanii | Charita vo svete","isPartOf":{"@id":"https:\/\/www.charita.sk\/svet\/#website"},"primaryImageOfPage":{"@id":"https:\/\/www.charita.sk\/svet\/dokoncenie-jasli-a-skolky-v-dome-milosti-v-sulejmanii\/#primaryimage"},"image":{"@id":"https:\/\/www.charita.sk\/svet\/dokoncenie-jasli-a-skolky-v-dome-milosti-v-sulejmanii\/#primaryimage"},"thumbnailUrl":"https:\/\/www.charita.sk\/svet\/wp-content\/uploads\/2020\/12\/jasle_suljmania2.jpg","datePublished":"2020-12-15T12:18:55+00:00","dateModified":"2022-02-18T14:03:23+00:00","breadcrumb":{"@id":"https:\/\/www.charita.sk\/svet\/dokoncenie-jasli-a-skolky-v-dome-milosti-v-sulejmanii\/#breadcrumb"},"inLanguage":"sk-SK","potentialAction":[{"@type":"ReadAction","target":["https:\/\/www.charita.sk\/svet\/dokoncenie-jasli-a-skolky-v-dome-milosti-v-sulejmanii\/"]}]},{"@type":"ImageObject","inLanguage":"sk-SK","@id":"https:\/\/www.charita.sk\/svet\/dokoncenie-jasli-a-skolky-v-dome-milosti-v-sulejmanii\/#primaryimage","url":"https:\/\/www.charita.sk\/svet\/wp-content\/uploads\/2020\/12\/jasle_suljmania2.jpg","contentUrl":"https:\/\/www.charita.sk\/svet\/wp-content\/uploads\/2020\/12\/jasle_suljmania2.jpg","width":960,"height":720},{"@type":"BreadcrumbList","@id":"https:\/\/www.charita.sk\/svet\/dokoncenie-jasli-a-skolky-v-dome-milosti-v-sulejmanii\/#breadcrumb","itemListElement":[{"@type":"ListItem","position":1,"name":"Domovsk\u00e1 str\u00e1nka","item":"https:\/\/www.charita.sk\/svet\/"},{"@type":"ListItem","position":2,"name":"Dokon\u010denie jasl\u00ed a \u0161k\u00f4lky v \u201eDome milosti\u201c v Sulejmanii"}]},{"@type":"WebSite","@id":"https:\/\/www.charita.sk\/svet\/#website","url":"https:\/\/www.charita.sk\/svet\/","name":"Charita vo svete","description":"Slovensk\u00e1 katol\u00edcka charita pom\u00e1ha \u013eu\u010fom v n\u00fadzi vo svete","publisher":{"@id":"https:\/\/www.charita.sk\/svet\/#organization"},"potentialAction":[{"@type":"SearchAction","target":{"@type":"EntryPoint","urlTemplate":"https:\/\/www.charita.sk\/svet\/?s={search_term_string}"},"query-input":{"@type":"PropertyValueSpecification","valueRequired":true,"valueName":"search_term_string"}}],"inLanguage":"sk-SK"},{"@type":"Organization","@id":"https:\/\/www.charita.sk\/svet\/#organization","name":"Slovensk\u00e1 katol\u00edcka charita","url":"https:\/\/www.charita.sk\/svet\/","logo":{"@type":"ImageObject","inLanguage":"sk-SK","@id":"https:\/\/www.charita.sk\/svet\/#\/schema\/logo\/image\/","url":"https:\/\/www.charita.sk\/pomoc-utecencom\/wp-content\/uploads\/2020\/11\/logo_pomoc_utecencom.jpg","contentUrl":"https:\/\/www.charita.sk\/pomoc-utecencom\/wp-content\/uploads\/2020\/11\/logo_pomoc_utecencom.jpg","width":1712,"height":480,"caption":"Slovensk\u00e1 katol\u00edcka charita"},"image":{"@id":"https:\/\/www.charita.sk\/svet\/#\/schema\/logo\/image\/"},"sameAs":["https:\/\/www.facebook.com\/CaritasSlovakia\/","https:\/\/www.instagram.com\/caritas_slovakia\/","https:\/\/www.linkedin.com\/company\/caritas-slovakia-skch-","https:\/\/www.youtube.com\/user\/katolickacharita"]}]}},"featured_image_src":null,"featured_image_src_square":null,"_links":{"self":[{"href":"https:\/\/www.charita.sk\/svet\/wp-json\/wp\/v2\/pages\/1423","targetHints":{"allow":["GET"]}}],"collection":[{"href":"https:\/\/www.charita.sk\/svet\/wp-json\/wp\/v2\/pages"}],"about":[{"href":"https:\/\/www.charita.sk\/svet\/wp-json\/wp\/v2\/types\/page"}],"author":[{"embeddable":true,"href":"https:\/\/www.charita.sk\/svet\/wp-json\/wp\/v2\/users\/2"}],"replies":[{"embeddable":true,"href":"https:\/\/www.charita.sk\/svet\/wp-json\/wp\/v2\/comments?post=1423"}],"version-history":[{"count":24,"href":"https:\/\/www.charita.sk\/svet\/wp-json\/wp\/v2\/pages\/1423\/revisions"}],"predecessor-version":[{"id":1897,"href":"https:\/\/www.charita.sk\/svet\/wp-json\/wp\/v2\/pages\/1423\/revisions\/1897"}],"wp:attachment":[{"href":"https:\/\/www.charita.sk\/svet\/wp-json\/wp\/v2\/media?parent=1423"}],"curies":[{"name":"wp","href":"https:\/\/api.w.org\/{rel}","templated":true}]}}