{"id":1429,"date":"2020-12-15T15:18:08","date_gmt":"2020-12-15T14:18:08","guid":{"rendered":"https:\/\/www.charita.sk\/pomoc-utecencom\/?page_id=1429"},"modified":"2021-02-04T09:25:34","modified_gmt":"2021-02-04T08:25:34","slug":"rozsirenie-kapacity-solarnych-panelov-v-deir-maryam-al-adhra-v-sulejmanii","status":"publish","type":"page","link":"https:\/\/www.charita.sk\/svet\/rozsirenie-kapacity-solarnych-panelov-v-deir-maryam-al-adhra-v-sulejmanii\/","title":{"rendered":"Roz\u0161\u00edrenie kapacity sol\u00e1rnych panelov v Deir Maryam al-Adhra v Sulejmanii"},"content":{"rendered":"\n<p class=\"has-white-color has-text-color has-background\" style=\"background-color:#c42f41\"><strong>N\u00e1zov projektu:<\/strong>&nbsp;Roz\u0161\u00edrenie kapacity sol\u00e1rnych panelov v Deir Maryam al-Adhra v Sulejmanii<br><strong>Miesto implement\u00e1cie:<\/strong>&nbsp;Sulejmania, Irack\u00fd Kurdistan<br><strong>Projektov\u00fd partner:<\/strong>&nbsp;Reho\u013en\u00e1 komunita al-Khalil, kl\u00e1\u0161tor Deir Maryam al-Adhra<br><strong>Po\u010det pr\u00edjemcov pomoci:<\/strong>&nbsp;Reho\u013en\u00e1 komunita kl\u00e1\u0161tora + n\u00e1v\u0161tevn\u00edci. (4 000 \u013eud\u00ed \/ rok)<br><strong>Suma na podporu projektu:<\/strong>&nbsp;15 800 EUR<\/p>\n\n\n\n<p><strong>Situ\u00e1cia v&nbsp;krajine:<\/strong><\/p>\n\n\n\n<p>Reho\u013en\u00e1 komunita al-Khalil sa zameriava na medzi n\u00e1bo\u017eensk\u00fd dial\u00f3g medzi kres\u0165anstvom a islamom. Po za\u010diatku ozbrojen\u00e9ho konfliktu v Iraku reho\u013en\u00e1 komunita poskytla \u00fato\u010disko pribli\u017ene 200 kres\u0165anom z Ninivskej planiny.&nbsp;<\/p>\n\n\n\n<p>Napriek n\u00e1ro\u010dnej situ\u00e1cii reho\u013en\u00e1 komunita pokra\u010duje vo svojej misii a okrem toho za\u010dala s vyu\u010dovan\u00edm kurdsk\u00e9ho jazyka, ktor\u00fd je v Auton\u00f3mnom regi\u00f3ne Kurdistan ofici\u00e1lnym jazykom a kres\u0165ania \u010di moslimovia, ktor\u00ed u\u0161li pred ISIS, tento jazyk neovl\u00e1daj\u00fa. Moment\u00e1lne m\u00e1 reho\u013en\u00e1 komunita k dispoz\u00edcii 12 lektorov a pribli\u017ene 150 \u0161tudentov kurdsk\u00e9ho jazyka. Znalos\u0165 kurdsk\u00e9ho jazyka tak vn\u00fatorne pres\u00eddlen\u00fdm osob\u00e1m \u017eij\u00facim v Kurdistane pom\u00e1ha n\u00e1js\u0165 lep\u0161ie uplatnenie.<\/p>\n\n\n\n<p class=\"has-text-align-center has-background\" style=\"background-color:#eeeeee\"><strong>Projekt finan\u010dne podporuje&nbsp;<a rel=\"noreferrer noopener\" href=\"https:\/\/kbs.sk\" target=\"_blank\">Konferencia biskupov Slovenska<\/a><\/strong><\/p>\n\n\n\n<p><strong>Predstavenie projektu:<\/strong><\/p>\n\n\n\n<p>Ke\u010f\u017ee v meste, kde komunita p\u00f4sob\u00ed, doch\u00e1dza \u010dasto k v\u00fdpadkom el. energie, SKCH za pomoci KBS pomohli zak\u00fapi\u0165 gener\u00e1tor a&nbsp;60 sol\u00e1rnych panelov. N\u00e1v\u0161tevn\u00edci a&nbsp;\u00fa\u010dastn\u00edci kurzov v\u0161ak spotrebovali v priemere viac elektriny, ako sa predpokladalo. V zime s\u00fa niekedy bat\u00e9rie \u00faplne vybit\u00e9, \u010do v\u00fdrazne skracuje ich \u017eivotnos\u0165. Dod\u00e1vka energie zo \u0161t\u00e1tnej siete sa e\u0161te zhor\u0161ila v&nbsp;poslednom \u010dase a doposia\u013e nie je ve\u013ek\u00e1 n\u00e1dej, \u017ee sa v nasleduj\u00facich rokoch zlep\u0161\u00ed. Dokonca m\u00f4\u017ee nasta\u0165 situ\u00e1cia, \u017ee kv\u00f4li politickej situ\u00e1cii v Iraku bude jej nedostatok. Z&nbsp;tohto d\u00f4vodu by kl\u00e1\u0161tor uv\u00edtal pomoc pri v\u00fdstavbe \u010fal\u0161\u00edch sol\u00e1rnych panelov a&nbsp;to:<\/p>\n\n\n\n<ul class=\"wp-block-list\"><li>12 sol\u00e1rnych panelov;<\/li><li>1 sada 24 bat\u00e9ri\u00ed;<\/li><li>1 konvertor \u0161pecifick\u00fd pre tieto sol\u00e1rne panely, ktor\u00e9 s\u00fa e\u0161te silnej\u0161ie ako predch\u00e1dzaj\u00face a&nbsp;pomoc s&nbsp;\u00fahradou in\u0161tala\u010dn\u00fdch pr\u00e1c<\/li><\/ul>\n\n\n\n<p>Dobudovanie sol\u00e1rnych panelov by pomohlo zabezpe\u010di\u0165 dostatok vlastnej elektrickej energie pre kl\u00e1\u0161tor, jeho n\u00e1v\u0161tevn\u00edkov aj \u00fa\u010dastn\u00edkov kurzov a&nbsp;vyhn\u00fa\u0165 sa riziku v\u00fdpadkov energie od \u0161t\u00e1tu.<\/p>\n\n\n\n<p><strong>Inform\u00e1cie o\u00a0projektovom partnerovi<\/strong>:\u00a0KBS podporila v roku 2015 <a href=\"https:\/\/www.charita.sk\/svet\/zakupenie-generatora-klastor-panny-marie\/\">zak\u00fapenie gener\u00e1tora<\/a> (20 245 EUR), ktor\u00fd zabezpe\u010dil elektrick\u00fa energiu po\u010das v\u00fdpadkov elektriny. V\u00a0roku 2017 KBS podporila <a href=\"https:\/\/www.charita.sk\/svet\/vystavba-exercicneho-domu\/\">v\u00fdstavbu exerci\u010dn\u00e9ho domu<\/a> (50 000 EUR) pre miestnu komunitu reho\u013en\u00fdch sestier a \u00fa\u010dastn\u00ed\u010dky duchovn\u00e9ho programu ako aj n\u00fadzov\u00e9 ubytovanie pre \u017eeny, ktor\u00e9 museli opusti\u0165 svoj domov kv\u00f4li ozbrojen\u00e9mu konfliktu. Centrum sl\u00fa\u017ei ako miesto stret\u00e1vania a form\u00e1cie ute\u010dencov a vn\u00fatorne pres\u00eddlen\u00fdch os\u00f4b \u2013 hlavne \u017eien, ktor\u00e9 sa sna\u017eia zalo\u017ei\u0165 si v okol\u00ed kl\u00e1\u0161tora svoj nov\u00fd domov. V\u00a0roku 2019 KBS podporila v\u00a0kl\u00e1\u0161tore sumou 31 150 EUR in\u0161tal\u00e1ciu <a href=\"https:\/\/www.charita.sk\/svet\/zabezpecenie-elektrickej-energie-a-teplej-vody-pre-klastor-maryam-al-adhra\/\">60 sol\u00e1rnych panelov na v\u00fdrobu el. energie a\u00a0na ohrievanie vody<\/a>. Tento syst\u00e9m funguje ve\u013emi dobre. Od konca marca 2019 sa v\u010faka nemu podarilo u\u0161etri\u0165 cca. 2 500 EUR na energiu.<\/p>\n","protected":false},"excerpt":{"rendered":"<p>N\u00e1zov projektu:&nbsp;Roz\u0161\u00edrenie kapacity sol\u00e1rnych panelov v Deir Maryam al-Adhra v SulejmaniiMiesto implement\u00e1cie:&nbsp;Sulejmania, [&hellip;]<\/p>\n","protected":false},"author":2,"featured_media":0,"parent":0,"menu_order":0,"comment_status":"closed","ping_status":"closed","template":"","meta":{"footnotes":""},"class_list":["post-1429","page","type-page","status-publish","hentry"],"yoast_head":"<!-- This site is optimized with the Yoast SEO plugin v25.4 - https:\/\/yoast.com\/wordpress\/plugins\/seo\/ -->\n<title>Roz\u0161\u00edrenie kapacity sol\u00e1rnych panelov v Deir Maryam al-Adhra v Sulejmanii | Charita vo svete<\/title>\n<meta name=\"robots\" content=\"index, follow, max-snippet:-1, max-image-preview:large, max-video-preview:-1\" \/>\n<link rel=\"canonical\" href=\"https:\/\/www.charita.sk\/svet\/rozsirenie-kapacity-solarnych-panelov-v-deir-maryam-al-adhra-v-sulejmanii\/\" \/>\n<meta property=\"og:locale\" content=\"sk_SK\" \/>\n<meta property=\"og:type\" content=\"article\" \/>\n<meta property=\"og:title\" content=\"Roz\u0161\u00edrenie kapacity sol\u00e1rnych panelov v Deir Maryam al-Adhra v Sulejmanii | Charita vo svete\" \/>\n<meta property=\"og:description\" content=\"N\u00e1zov projektu:&nbsp;Roz\u0161\u00edrenie kapacity sol\u00e1rnych panelov v Deir Maryam al-Adhra v SulejmaniiMiesto implement\u00e1cie:&nbsp;Sulejmania, [&hellip;]\" \/>\n<meta property=\"og:url\" content=\"https:\/\/www.charita.sk\/svet\/rozsirenie-kapacity-solarnych-panelov-v-deir-maryam-al-adhra-v-sulejmanii\/\" \/>\n<meta property=\"og:site_name\" content=\"Charita vo svete\" \/>\n<meta property=\"article:publisher\" content=\"https:\/\/www.facebook.com\/CaritasSlovakia\/\" \/>\n<meta property=\"article:modified_time\" content=\"2021-02-04T08:25:34+00:00\" \/>\n<meta name=\"twitter:card\" content=\"summary_large_image\" \/>\n<meta name=\"twitter:label1\" content=\"Predpokladan\u00fd \u010das \u010d\u00edtania\" \/>\n\t<meta name=\"twitter:data1\" content=\"3 min\u00faty\" \/>\n<script type=\"application\/ld+json\" class=\"yoast-schema-graph\">{\"@context\":\"https:\/\/schema.org\",\"@graph\":[{\"@type\":\"WebPage\",\"@id\":\"https:\/\/www.charita.sk\/svet\/rozsirenie-kapacity-solarnych-panelov-v-deir-maryam-al-adhra-v-sulejmanii\/\",\"url\":\"https:\/\/www.charita.sk\/svet\/rozsirenie-kapacity-solarnych-panelov-v-deir-maryam-al-adhra-v-sulejmanii\/\",\"name\":\"Roz\u0161\u00edrenie kapacity sol\u00e1rnych panelov v Deir Maryam al-Adhra v Sulejmanii | Charita vo svete\",\"isPartOf\":{\"@id\":\"https:\/\/www.charita.sk\/svet\/#website\"},\"datePublished\":\"2020-12-15T14:18:08+00:00\",\"dateModified\":\"2021-02-04T08:25:34+00:00\",\"breadcrumb\":{\"@id\":\"https:\/\/www.charita.sk\/svet\/rozsirenie-kapacity-solarnych-panelov-v-deir-maryam-al-adhra-v-sulejmanii\/#breadcrumb\"},\"inLanguage\":\"sk-SK\",\"potentialAction\":[{\"@type\":\"ReadAction\",\"target\":[\"https:\/\/www.charita.sk\/svet\/rozsirenie-kapacity-solarnych-panelov-v-deir-maryam-al-adhra-v-sulejmanii\/\"]}]},{\"@type\":\"BreadcrumbList\",\"@id\":\"https:\/\/www.charita.sk\/svet\/rozsirenie-kapacity-solarnych-panelov-v-deir-maryam-al-adhra-v-sulejmanii\/#breadcrumb\",\"itemListElement\":[{\"@type\":\"ListItem\",\"position\":1,\"name\":\"Domovsk\u00e1 str\u00e1nka\",\"item\":\"https:\/\/www.charita.sk\/svet\/\"},{\"@type\":\"ListItem\",\"position\":2,\"name\":\"Roz\u0161\u00edrenie kapacity sol\u00e1rnych panelov v Deir Maryam al-Adhra v Sulejmanii\"}]},{\"@type\":\"WebSite\",\"@id\":\"https:\/\/www.charita.sk\/svet\/#website\",\"url\":\"https:\/\/www.charita.sk\/svet\/\",\"name\":\"Charita vo svete\",\"description\":\"Slovensk\u00e1 katol\u00edcka charita pom\u00e1ha \u013eu\u010fom v n\u00fadzi vo svete\",\"publisher\":{\"@id\":\"https:\/\/www.charita.sk\/svet\/#organization\"},\"potentialAction\":[{\"@type\":\"SearchAction\",\"target\":{\"@type\":\"EntryPoint\",\"urlTemplate\":\"https:\/\/www.charita.sk\/svet\/?s={search_term_string}\"},\"query-input\":{\"@type\":\"PropertyValueSpecification\",\"valueRequired\":true,\"valueName\":\"search_term_string\"}}],\"inLanguage\":\"sk-SK\"},{\"@type\":\"Organization\",\"@id\":\"https:\/\/www.charita.sk\/svet\/#organization\",\"name\":\"Slovensk\u00e1 katol\u00edcka charita\",\"url\":\"https:\/\/www.charita.sk\/svet\/\",\"logo\":{\"@type\":\"ImageObject\",\"inLanguage\":\"sk-SK\",\"@id\":\"https:\/\/www.charita.sk\/svet\/#\/schema\/logo\/image\/\",\"url\":\"https:\/\/www.charita.sk\/pomoc-utecencom\/wp-content\/uploads\/2020\/11\/logo_pomoc_utecencom.jpg\",\"contentUrl\":\"https:\/\/www.charita.sk\/pomoc-utecencom\/wp-content\/uploads\/2020\/11\/logo_pomoc_utecencom.jpg\",\"width\":1712,\"height\":480,\"caption\":\"Slovensk\u00e1 katol\u00edcka charita\"},\"image\":{\"@id\":\"https:\/\/www.charita.sk\/svet\/#\/schema\/logo\/image\/\"},\"sameAs\":[\"https:\/\/www.facebook.com\/CaritasSlovakia\/\",\"https:\/\/www.instagram.com\/caritas_slovakia\/\",\"https:\/\/www.linkedin.com\/company\/caritas-slovakia-skch-\",\"https:\/\/www.youtube.com\/user\/katolickacharita\"]}]}<\/script>\n<!-- \/ Yoast SEO plugin. -->","yoast_head_json":{"title":"Roz\u0161\u00edrenie kapacity sol\u00e1rnych panelov v Deir Maryam al-Adhra v Sulejmanii | Charita vo svete","robots":{"index":"index","follow":"follow","max-snippet":"max-snippet:-1","max-image-preview":"max-image-preview:large","max-video-preview":"max-video-preview:-1"},"canonical":"https:\/\/www.charita.sk\/svet\/rozsirenie-kapacity-solarnych-panelov-v-deir-maryam-al-adhra-v-sulejmanii\/","og_locale":"sk_SK","og_type":"article","og_title":"Roz\u0161\u00edrenie kapacity sol\u00e1rnych panelov v Deir Maryam al-Adhra v Sulejmanii | Charita vo svete","og_description":"N\u00e1zov projektu:&nbsp;Roz\u0161\u00edrenie kapacity sol\u00e1rnych panelov v Deir Maryam al-Adhra v SulejmaniiMiesto implement\u00e1cie:&nbsp;Sulejmania, [&hellip;]","og_url":"https:\/\/www.charita.sk\/svet\/rozsirenie-kapacity-solarnych-panelov-v-deir-maryam-al-adhra-v-sulejmanii\/","og_site_name":"Charita vo svete","article_publisher":"https:\/\/www.facebook.com\/CaritasSlovakia\/","article_modified_time":"2021-02-04T08:25:34+00:00","twitter_card":"summary_large_image","twitter_misc":{"Predpokladan\u00fd \u010das \u010d\u00edtania":"3 min\u00faty"},"schema":{"@context":"https:\/\/schema.org","@graph":[{"@type":"WebPage","@id":"https:\/\/www.charita.sk\/svet\/rozsirenie-kapacity-solarnych-panelov-v-deir-maryam-al-adhra-v-sulejmanii\/","url":"https:\/\/www.charita.sk\/svet\/rozsirenie-kapacity-solarnych-panelov-v-deir-maryam-al-adhra-v-sulejmanii\/","name":"Roz\u0161\u00edrenie kapacity sol\u00e1rnych panelov v Deir Maryam al-Adhra v Sulejmanii | Charita vo svete","isPartOf":{"@id":"https:\/\/www.charita.sk\/svet\/#website"},"datePublished":"2020-12-15T14:18:08+00:00","dateModified":"2021-02-04T08:25:34+00:00","breadcrumb":{"@id":"https:\/\/www.charita.sk\/svet\/rozsirenie-kapacity-solarnych-panelov-v-deir-maryam-al-adhra-v-sulejmanii\/#breadcrumb"},"inLanguage":"sk-SK","potentialAction":[{"@type":"ReadAction","target":["https:\/\/www.charita.sk\/svet\/rozsirenie-kapacity-solarnych-panelov-v-deir-maryam-al-adhra-v-sulejmanii\/"]}]},{"@type":"BreadcrumbList","@id":"https:\/\/www.charita.sk\/svet\/rozsirenie-kapacity-solarnych-panelov-v-deir-maryam-al-adhra-v-sulejmanii\/#breadcrumb","itemListElement":[{"@type":"ListItem","position":1,"name":"Domovsk\u00e1 str\u00e1nka","item":"https:\/\/www.charita.sk\/svet\/"},{"@type":"ListItem","position":2,"name":"Roz\u0161\u00edrenie kapacity sol\u00e1rnych panelov v Deir Maryam al-Adhra v Sulejmanii"}]},{"@type":"WebSite","@id":"https:\/\/www.charita.sk\/svet\/#website","url":"https:\/\/www.charita.sk\/svet\/","name":"Charita vo svete","description":"Slovensk\u00e1 katol\u00edcka charita pom\u00e1ha \u013eu\u010fom v n\u00fadzi vo svete","publisher":{"@id":"https:\/\/www.charita.sk\/svet\/#organization"},"potentialAction":[{"@type":"SearchAction","target":{"@type":"EntryPoint","urlTemplate":"https:\/\/www.charita.sk\/svet\/?s={search_term_string}"},"query-input":{"@type":"PropertyValueSpecification","valueRequired":true,"valueName":"search_term_string"}}],"inLanguage":"sk-SK"},{"@type":"Organization","@id":"https:\/\/www.charita.sk\/svet\/#organization","name":"Slovensk\u00e1 katol\u00edcka charita","url":"https:\/\/www.charita.sk\/svet\/","logo":{"@type":"ImageObject","inLanguage":"sk-SK","@id":"https:\/\/www.charita.sk\/svet\/#\/schema\/logo\/image\/","url":"https:\/\/www.charita.sk\/pomoc-utecencom\/wp-content\/uploads\/2020\/11\/logo_pomoc_utecencom.jpg","contentUrl":"https:\/\/www.charita.sk\/pomoc-utecencom\/wp-content\/uploads\/2020\/11\/logo_pomoc_utecencom.jpg","width":1712,"height":480,"caption":"Slovensk\u00e1 katol\u00edcka charita"},"image":{"@id":"https:\/\/www.charita.sk\/svet\/#\/schema\/logo\/image\/"},"sameAs":["https:\/\/www.facebook.com\/CaritasSlovakia\/","https:\/\/www.instagram.com\/caritas_slovakia\/","https:\/\/www.linkedin.com\/company\/caritas-slovakia-skch-","https:\/\/www.youtube.com\/user\/katolickacharita"]}]}},"featured_image_src":null,"featured_image_src_square":null,"_links":{"self":[{"href":"https:\/\/www.charita.sk\/svet\/wp-json\/wp\/v2\/pages\/1429","targetHints":{"allow":["GET"]}}],"collection":[{"href":"https:\/\/www.charita.sk\/svet\/wp-json\/wp\/v2\/pages"}],"about":[{"href":"https:\/\/www.charita.sk\/svet\/wp-json\/wp\/v2\/types\/page"}],"author":[{"embeddable":true,"href":"https:\/\/www.charita.sk\/svet\/wp-json\/wp\/v2\/users\/2"}],"replies":[{"embeddable":true,"href":"https:\/\/www.charita.sk\/svet\/wp-json\/wp\/v2\/comments?post=1429"}],"version-history":[{"count":4,"href":"https:\/\/www.charita.sk\/svet\/wp-json\/wp\/v2\/pages\/1429\/revisions"}],"predecessor-version":[{"id":1493,"href":"https:\/\/www.charita.sk\/svet\/wp-json\/wp\/v2\/pages\/1429\/revisions\/1493"}],"wp:attachment":[{"href":"https:\/\/www.charita.sk\/svet\/wp-json\/wp\/v2\/media?parent=1429"}],"curies":[{"name":"wp","href":"https:\/\/api.w.org\/{rel}","templated":true}]}}