{"id":1616,"date":"2021-03-20T09:42:46","date_gmt":"2021-03-20T08:42:46","guid":{"rendered":"https:\/\/www.charita.sk\/pomoc-utecencom\/?page_id=1616"},"modified":"2021-07-09T09:19:59","modified_gmt":"2021-07-09T07:19:59","slug":"zachrana-a-podpora-zien-unesenych-do-otroctva-tzv-islamskym-statom","status":"publish","type":"page","link":"https:\/\/www.charita.sk\/svet\/zachrana-a-podpora-zien-unesenych-do-otroctva-tzv-islamskym-statom\/","title":{"rendered":"Z\u00e1chrana a podpora \u017eien unesen\u00fdch do otroctva tzv. Islamsk\u00fdm \u0161t\u00e1tom"},"content":{"rendered":"\n<p class=\"has-white-color has-text-color has-background\" style=\"background-color:#c42f41\"><strong>N\u00e1zov projektu:<\/strong>&nbsp;Z\u00e1chrana a podpora \u017eien unesen\u00fdch do otroctva tzv. Islamsk\u00fdm \u0161t\u00e1tom<br><strong>Miesto implement\u00e1cie:<\/strong>&nbsp;Irak<br><strong>Obdobie podpory projektu:<\/strong>&nbsp;31. august 2016 \u2013 september 2020<br><strong>Projektov\u00fd partner:<\/strong>&nbsp;Bratislavsk\u00e1 arcidiec\u00e9za, Vysok\u00e1 \u0161kola zdravotn\u00edctva a soci\u00e1lnej pr\u00e1ce sv. Al\u017ebety a STEP-IN o.z.<br><strong>Po\u010det pr\u00edjemcov pomoci:<\/strong>&nbsp;16 os\u00f4b osloboden\u00fdch z otroctva + \u010fal\u0161\u00edch 13 os\u00f4b z komunity zasiahnutej otroctvom tzv. Islamsk\u00e9ho \u0161t\u00e1tu<br><strong>Suma na podporu projektu:<\/strong>&nbsp;40 000,00 EUR<\/p>\n\n\n\n<p>Projekt sa zameriaval na oslobodzovanie \u017eien a&nbsp;det\u00ed zajat\u00fdch tzv. Islamsk\u00fdm \u0161t\u00e1tom\/Deash, ktor\u00e9 sl\u00fa\u017eia zvy\u010dajne ako otrokyne, \u010dasto sexu\u00e1lne, \u010dlenom Daesh.<sup>&nbsp;<\/sup><a rel=\"noreferrer noopener\" href=\"\/\/A2AF389E-2164-4293-ADDA-8659D7960A5F#_ftn1\" target=\"_blank\"><sup>[1]<\/sup><\/a><\/p>\n\n\n\n<p>Zachr\u00e1nen\u00e9 \u017eeny a\u00a0deti boli zvy\u010dajne yaz\u00eddky, v\u00fdnimo\u010dne aj kres\u0165anky alebo \u0161i\u00edtky \u2013 to s\u00faviselo s\u00a0mal\u00fdm pomerom kres\u0165ansk\u00fdch a\u00a0\u0161i\u00edtskych otrok\u00fd\u0148 v\u00a0pomere k\u00a0zotro\u010den\u00fdm yaz\u00eddkam, a\u00a0tie\u017e \u0161pecifikami kontaktovania sa so zajat\u00fdmi \u017eenami.<\/p>\n\n\n\n<p>Projekt mal z\u00e1klad\u0148u v\u00a0Dohuckej oblasti v\u00a0Iraku, av\u0161ak bol realizovan\u00fd v\u00a0Governor\u00e1te Ninivsk\u00e9 planiny &#8211; hlavne v\u00a0meste Mosul a\u00a0jeho okol\u00ed.<\/p>\n\n\n\n<p>Po\u010das kr\u00edzy sp\u00f4sobenej ofenz\u00edvou tzv. ISIS p\u00f4sobilo v regi\u00f3ne ve\u013ea organiz\u00e1ci\u00ed, ktor\u00e9 poskytovali zdravotn\u00fa starostlivos\u0165, pr\u00edstre\u0161ie a\u00a0materi\u00e1lnu pomoc ute\u010dencom a vn\u00fatorne vys\u00eddlen\u00fdm osob\u00e1m. Z d\u00f4vodov komplikovanosti, vysokej miery nebezpe\u010dia pri realizovan\u00ed z\u00e1chrann\u00fdch oper\u00e1ci\u00ed a\u00a0obmedzenej transparentnosti sa v\u0161ak nedost\u00e1valo dostatok podpory projektom ako bolo pr\u00e1ve oslobodzovanie \u017eien a\u00a0det\u00ed z\u00a0r\u00fak tzv. Islamsk\u00e9ho \u0161t\u00e1tu.<\/p>\n\n\n\n<p>Po preveren\u00ed d\u00f4veryhodnosti lok\u00e1lneho partnera, ktor\u00fd z\u00e1chrann\u00e9 oper\u00e1cie vykon\u00e1val, sme sa rozhodli jeho \u010dinnos\u0165 podpori\u0165 a n\u00e1sledne podporova\u0165 obete otroctva aj prostredn\u00edctvom spolupr\u00e1ce so STEP-IN o.z., ktor\u00fd im po ich n\u00e1vrate na slobodu poskytoval zdravotn\u00fa a psychologick\u00fa starostlivos\u0165 ako aj \u010fal\u0161ie sp\u00f4soby podpory na z\u00e1klade ich individu\u00e1lnych potrieb.<\/p>\n\n\n\n<div class=\"wp-block-columns is-layout-flex wp-container-core-columns-is-layout-9d6595d7 wp-block-columns-is-layout-flex\">\n<div class=\"wp-block-column is-layout-flow wp-block-column-is-layout-flow\">\n<figure class=\"wp-block-gallery aligncenter columns-1 is-cropped wp-block-gallery-1 is-layout-flex wp-block-gallery-is-layout-flex\"><ul class=\"blocks-gallery-grid\"><li class=\"blocks-gallery-item\"><figure><img fetchpriority=\"high\" decoding=\"async\" width=\"950\" height=\"633\" src=\"https:\/\/www.charita.sk\/svet\/wp-content\/uploads\/2021\/03\/IMG_9636.jpg\" alt=\"\" data-id=\"1623\" class=\"wp-image-1623\" srcset=\"https:\/\/www.charita.sk\/svet\/wp-content\/uploads\/2021\/03\/IMG_9636.jpg 950w, https:\/\/www.charita.sk\/svet\/wp-content\/uploads\/2021\/03\/IMG_9636-300x200.jpg 300w, https:\/\/www.charita.sk\/svet\/wp-content\/uploads\/2021\/03\/IMG_9636-768x512.jpg 768w, https:\/\/www.charita.sk\/svet\/wp-content\/uploads\/2021\/03\/IMG_9636-600x400.jpg 600w\" sizes=\"(max-width: 950px) 100vw, 950px\" \/><\/figure><\/li><\/ul><\/figure>\n<\/div>\n\n\n\n<div class=\"wp-block-column is-layout-flow wp-block-column-is-layout-flow\">\n<p>Ni\u017e\u0161ie je k dispoz\u00edcii dokument\u00e1rny film, ktor\u00fd pribli\u017euje realitu obdobia a opisuje oper\u00e1cie na z\u00e1chranu \u017eien z otroctva Daesh. Autorom filmu s\u00fa <a href=\"https:\/\/www.pbs.org\/wgbh\/frontline\/film\/escaping-isis\/\">Edward Watts a Evan Williams<\/a>. Film vznikol nez\u00e1visle od podpory projektu zo strany SKCH a jej partnerov.<\/p>\n\n\n\n<div style=\"text-align:center\" class=\"wp-block-atomic-blocks-ab-cta ab-block-cta\"><div class=\"ab-cta-content\"><h2 class=\"ab-cta-title ab-font-size-32\" style=\"color:#32373c\"><\/h2><div class=\"ab-cta-text ab-font-size-32\" style=\"color:#32373c\"><\/div><\/div><div class=\"ab-cta-button\"><a href=\"https:\/\/vimeo.com\/165984513\" target=\"_self\" rel=\"noopener noreferrer\" class=\"ab-button ab-button-shape-circular ab-button-size-medium\" style=\"color:#ffffff;background-color:#c42f41\">Pozrie\u0165 film<\/a><\/div><\/div>\n\n\n\n<p><strong>UPOZORNENIE:<\/strong> Film opisuje autentick\u00e9 situ\u00e1cie a z\u00e1\u017eitky \u017eien z otroctva a jeho pozeranie m\u00f4\u017ee by\u0165 nevhodn\u00e9 pre \u013eud\u00ed s citlivou povahou. Preto odpor\u00fa\u010dame zv\u00e1\u017ei\u0165 jeho sledovanie.<\/p>\n<\/div>\n<\/div>\n\n\n\n<hr class=\"wp-block-separator\"\/>\n\n\n\n<p><a href=\"applewebdata:\/\/A2AF389E-2164-4293-ADDA-8659D7960A5F#_ftnref1\"><sup>[1]<\/sup><\/a>&nbsp;Su&#8217;al wa-Jawab fi al-Sabi wa-Riqab (&#8222;Questions and Answers on Taking Captives and Slaves&#8220;) Dabiq no.4, Muharram 1436 (October\/November 2014), Al-Himma Library Research and Fatwa Department of the Islamic State<\/p>\n","protected":false},"excerpt":{"rendered":"<p>N\u00e1zov projektu:&nbsp;Z\u00e1chrana a podpora \u017eien unesen\u00fdch do otroctva tzv. Islamsk\u00fdm \u0161t\u00e1tomMiesto implement\u00e1cie:&nbsp;IrakObdobie [&hellip;]<\/p>\n","protected":false},"author":2,"featured_media":0,"parent":0,"menu_order":0,"comment_status":"closed","ping_status":"closed","template":"","meta":{"footnotes":""},"class_list":["post-1616","page","type-page","status-publish","hentry"],"yoast_head":"<!-- This site is optimized with the Yoast SEO plugin v25.4 - https:\/\/yoast.com\/wordpress\/plugins\/seo\/ -->\n<title>Z\u00e1chrana a podpora \u017eien unesen\u00fdch do otroctva tzv. Islamsk\u00fdm \u0161t\u00e1tom | Charita vo svete<\/title>\n<meta name=\"robots\" content=\"index, follow, max-snippet:-1, max-image-preview:large, max-video-preview:-1\" \/>\n<link rel=\"canonical\" href=\"https:\/\/www.charita.sk\/svet\/zachrana-a-podpora-zien-unesenych-do-otroctva-tzv-islamskym-statom\/\" \/>\n<meta property=\"og:locale\" content=\"sk_SK\" \/>\n<meta property=\"og:type\" content=\"article\" \/>\n<meta property=\"og:title\" content=\"Z\u00e1chrana a podpora \u017eien unesen\u00fdch do otroctva tzv. Islamsk\u00fdm \u0161t\u00e1tom | Charita vo svete\" \/>\n<meta property=\"og:description\" content=\"N\u00e1zov projektu:&nbsp;Z\u00e1chrana a podpora \u017eien unesen\u00fdch do otroctva tzv. Islamsk\u00fdm \u0161t\u00e1tomMiesto implement\u00e1cie:&nbsp;IrakObdobie [&hellip;]\" \/>\n<meta property=\"og:url\" content=\"https:\/\/www.charita.sk\/svet\/zachrana-a-podpora-zien-unesenych-do-otroctva-tzv-islamskym-statom\/\" \/>\n<meta property=\"og:site_name\" content=\"Charita vo svete\" \/>\n<meta property=\"article:publisher\" content=\"https:\/\/www.facebook.com\/CaritasSlovakia\/\" \/>\n<meta property=\"article:modified_time\" content=\"2021-07-09T07:19:59+00:00\" \/>\n<meta property=\"og:image\" content=\"https:\/\/www.charita.sk\/pomoc-utecencom\/wp-content\/uploads\/2021\/03\/IMG_9636.jpg\" \/>\n<meta name=\"twitter:card\" content=\"summary_large_image\" \/>\n<meta name=\"twitter:label1\" content=\"Predpokladan\u00fd \u010das \u010d\u00edtania\" \/>\n\t<meta name=\"twitter:data1\" content=\"2 min\u00faty\" \/>\n<script type=\"application\/ld+json\" class=\"yoast-schema-graph\">{\"@context\":\"https:\/\/schema.org\",\"@graph\":[{\"@type\":\"WebPage\",\"@id\":\"https:\/\/www.charita.sk\/svet\/zachrana-a-podpora-zien-unesenych-do-otroctva-tzv-islamskym-statom\/\",\"url\":\"https:\/\/www.charita.sk\/svet\/zachrana-a-podpora-zien-unesenych-do-otroctva-tzv-islamskym-statom\/\",\"name\":\"Z\u00e1chrana a podpora \u017eien unesen\u00fdch do otroctva tzv. Islamsk\u00fdm \u0161t\u00e1tom | Charita vo svete\",\"isPartOf\":{\"@id\":\"https:\/\/www.charita.sk\/svet\/#website\"},\"primaryImageOfPage\":{\"@id\":\"https:\/\/www.charita.sk\/svet\/zachrana-a-podpora-zien-unesenych-do-otroctva-tzv-islamskym-statom\/#primaryimage\"},\"image\":{\"@id\":\"https:\/\/www.charita.sk\/svet\/zachrana-a-podpora-zien-unesenych-do-otroctva-tzv-islamskym-statom\/#primaryimage\"},\"thumbnailUrl\":\"https:\/\/www.charita.sk\/svet\/wp-content\/uploads\/2021\/03\/IMG_9636.jpg\",\"datePublished\":\"2021-03-20T08:42:46+00:00\",\"dateModified\":\"2021-07-09T07:19:59+00:00\",\"breadcrumb\":{\"@id\":\"https:\/\/www.charita.sk\/svet\/zachrana-a-podpora-zien-unesenych-do-otroctva-tzv-islamskym-statom\/#breadcrumb\"},\"inLanguage\":\"sk-SK\",\"potentialAction\":[{\"@type\":\"ReadAction\",\"target\":[\"https:\/\/www.charita.sk\/svet\/zachrana-a-podpora-zien-unesenych-do-otroctva-tzv-islamskym-statom\/\"]}]},{\"@type\":\"ImageObject\",\"inLanguage\":\"sk-SK\",\"@id\":\"https:\/\/www.charita.sk\/svet\/zachrana-a-podpora-zien-unesenych-do-otroctva-tzv-islamskym-statom\/#primaryimage\",\"url\":\"https:\/\/www.charita.sk\/svet\/wp-content\/uploads\/2021\/03\/IMG_9636.jpg\",\"contentUrl\":\"https:\/\/www.charita.sk\/svet\/wp-content\/uploads\/2021\/03\/IMG_9636.jpg\",\"width\":950,\"height\":633},{\"@type\":\"BreadcrumbList\",\"@id\":\"https:\/\/www.charita.sk\/svet\/zachrana-a-podpora-zien-unesenych-do-otroctva-tzv-islamskym-statom\/#breadcrumb\",\"itemListElement\":[{\"@type\":\"ListItem\",\"position\":1,\"name\":\"Domovsk\u00e1 str\u00e1nka\",\"item\":\"https:\/\/www.charita.sk\/svet\/\"},{\"@type\":\"ListItem\",\"position\":2,\"name\":\"Z\u00e1chrana a podpora \u017eien unesen\u00fdch do otroctva tzv. Islamsk\u00fdm \u0161t\u00e1tom\"}]},{\"@type\":\"WebSite\",\"@id\":\"https:\/\/www.charita.sk\/svet\/#website\",\"url\":\"https:\/\/www.charita.sk\/svet\/\",\"name\":\"Charita vo svete\",\"description\":\"Slovensk\u00e1 katol\u00edcka charita pom\u00e1ha \u013eu\u010fom v n\u00fadzi vo svete\",\"publisher\":{\"@id\":\"https:\/\/www.charita.sk\/svet\/#organization\"},\"potentialAction\":[{\"@type\":\"SearchAction\",\"target\":{\"@type\":\"EntryPoint\",\"urlTemplate\":\"https:\/\/www.charita.sk\/svet\/?s={search_term_string}\"},\"query-input\":{\"@type\":\"PropertyValueSpecification\",\"valueRequired\":true,\"valueName\":\"search_term_string\"}}],\"inLanguage\":\"sk-SK\"},{\"@type\":\"Organization\",\"@id\":\"https:\/\/www.charita.sk\/svet\/#organization\",\"name\":\"Slovensk\u00e1 katol\u00edcka charita\",\"url\":\"https:\/\/www.charita.sk\/svet\/\",\"logo\":{\"@type\":\"ImageObject\",\"inLanguage\":\"sk-SK\",\"@id\":\"https:\/\/www.charita.sk\/svet\/#\/schema\/logo\/image\/\",\"url\":\"https:\/\/www.charita.sk\/pomoc-utecencom\/wp-content\/uploads\/2020\/11\/logo_pomoc_utecencom.jpg\",\"contentUrl\":\"https:\/\/www.charita.sk\/pomoc-utecencom\/wp-content\/uploads\/2020\/11\/logo_pomoc_utecencom.jpg\",\"width\":1712,\"height\":480,\"caption\":\"Slovensk\u00e1 katol\u00edcka charita\"},\"image\":{\"@id\":\"https:\/\/www.charita.sk\/svet\/#\/schema\/logo\/image\/\"},\"sameAs\":[\"https:\/\/www.facebook.com\/CaritasSlovakia\/\",\"https:\/\/www.instagram.com\/caritas_slovakia\/\",\"https:\/\/www.linkedin.com\/company\/caritas-slovakia-skch-\",\"https:\/\/www.youtube.com\/user\/katolickacharita\"]}]}<\/script>\n<!-- \/ Yoast SEO plugin. -->","yoast_head_json":{"title":"Z\u00e1chrana a podpora \u017eien unesen\u00fdch do otroctva tzv. Islamsk\u00fdm \u0161t\u00e1tom | Charita vo svete","robots":{"index":"index","follow":"follow","max-snippet":"max-snippet:-1","max-image-preview":"max-image-preview:large","max-video-preview":"max-video-preview:-1"},"canonical":"https:\/\/www.charita.sk\/svet\/zachrana-a-podpora-zien-unesenych-do-otroctva-tzv-islamskym-statom\/","og_locale":"sk_SK","og_type":"article","og_title":"Z\u00e1chrana a podpora \u017eien unesen\u00fdch do otroctva tzv. Islamsk\u00fdm \u0161t\u00e1tom | Charita vo svete","og_description":"N\u00e1zov projektu:&nbsp;Z\u00e1chrana a podpora \u017eien unesen\u00fdch do otroctva tzv. Islamsk\u00fdm \u0161t\u00e1tomMiesto implement\u00e1cie:&nbsp;IrakObdobie [&hellip;]","og_url":"https:\/\/www.charita.sk\/svet\/zachrana-a-podpora-zien-unesenych-do-otroctva-tzv-islamskym-statom\/","og_site_name":"Charita vo svete","article_publisher":"https:\/\/www.facebook.com\/CaritasSlovakia\/","article_modified_time":"2021-07-09T07:19:59+00:00","og_image":[{"url":"https:\/\/www.charita.sk\/pomoc-utecencom\/wp-content\/uploads\/2021\/03\/IMG_9636.jpg","type":"","width":"","height":""}],"twitter_card":"summary_large_image","twitter_misc":{"Predpokladan\u00fd \u010das \u010d\u00edtania":"2 min\u00faty"},"schema":{"@context":"https:\/\/schema.org","@graph":[{"@type":"WebPage","@id":"https:\/\/www.charita.sk\/svet\/zachrana-a-podpora-zien-unesenych-do-otroctva-tzv-islamskym-statom\/","url":"https:\/\/www.charita.sk\/svet\/zachrana-a-podpora-zien-unesenych-do-otroctva-tzv-islamskym-statom\/","name":"Z\u00e1chrana a podpora \u017eien unesen\u00fdch do otroctva tzv. Islamsk\u00fdm \u0161t\u00e1tom | Charita vo svete","isPartOf":{"@id":"https:\/\/www.charita.sk\/svet\/#website"},"primaryImageOfPage":{"@id":"https:\/\/www.charita.sk\/svet\/zachrana-a-podpora-zien-unesenych-do-otroctva-tzv-islamskym-statom\/#primaryimage"},"image":{"@id":"https:\/\/www.charita.sk\/svet\/zachrana-a-podpora-zien-unesenych-do-otroctva-tzv-islamskym-statom\/#primaryimage"},"thumbnailUrl":"https:\/\/www.charita.sk\/svet\/wp-content\/uploads\/2021\/03\/IMG_9636.jpg","datePublished":"2021-03-20T08:42:46+00:00","dateModified":"2021-07-09T07:19:59+00:00","breadcrumb":{"@id":"https:\/\/www.charita.sk\/svet\/zachrana-a-podpora-zien-unesenych-do-otroctva-tzv-islamskym-statom\/#breadcrumb"},"inLanguage":"sk-SK","potentialAction":[{"@type":"ReadAction","target":["https:\/\/www.charita.sk\/svet\/zachrana-a-podpora-zien-unesenych-do-otroctva-tzv-islamskym-statom\/"]}]},{"@type":"ImageObject","inLanguage":"sk-SK","@id":"https:\/\/www.charita.sk\/svet\/zachrana-a-podpora-zien-unesenych-do-otroctva-tzv-islamskym-statom\/#primaryimage","url":"https:\/\/www.charita.sk\/svet\/wp-content\/uploads\/2021\/03\/IMG_9636.jpg","contentUrl":"https:\/\/www.charita.sk\/svet\/wp-content\/uploads\/2021\/03\/IMG_9636.jpg","width":950,"height":633},{"@type":"BreadcrumbList","@id":"https:\/\/www.charita.sk\/svet\/zachrana-a-podpora-zien-unesenych-do-otroctva-tzv-islamskym-statom\/#breadcrumb","itemListElement":[{"@type":"ListItem","position":1,"name":"Domovsk\u00e1 str\u00e1nka","item":"https:\/\/www.charita.sk\/svet\/"},{"@type":"ListItem","position":2,"name":"Z\u00e1chrana a podpora \u017eien unesen\u00fdch do otroctva tzv. Islamsk\u00fdm \u0161t\u00e1tom"}]},{"@type":"WebSite","@id":"https:\/\/www.charita.sk\/svet\/#website","url":"https:\/\/www.charita.sk\/svet\/","name":"Charita vo svete","description":"Slovensk\u00e1 katol\u00edcka charita pom\u00e1ha \u013eu\u010fom v n\u00fadzi vo svete","publisher":{"@id":"https:\/\/www.charita.sk\/svet\/#organization"},"potentialAction":[{"@type":"SearchAction","target":{"@type":"EntryPoint","urlTemplate":"https:\/\/www.charita.sk\/svet\/?s={search_term_string}"},"query-input":{"@type":"PropertyValueSpecification","valueRequired":true,"valueName":"search_term_string"}}],"inLanguage":"sk-SK"},{"@type":"Organization","@id":"https:\/\/www.charita.sk\/svet\/#organization","name":"Slovensk\u00e1 katol\u00edcka charita","url":"https:\/\/www.charita.sk\/svet\/","logo":{"@type":"ImageObject","inLanguage":"sk-SK","@id":"https:\/\/www.charita.sk\/svet\/#\/schema\/logo\/image\/","url":"https:\/\/www.charita.sk\/pomoc-utecencom\/wp-content\/uploads\/2020\/11\/logo_pomoc_utecencom.jpg","contentUrl":"https:\/\/www.charita.sk\/pomoc-utecencom\/wp-content\/uploads\/2020\/11\/logo_pomoc_utecencom.jpg","width":1712,"height":480,"caption":"Slovensk\u00e1 katol\u00edcka charita"},"image":{"@id":"https:\/\/www.charita.sk\/svet\/#\/schema\/logo\/image\/"},"sameAs":["https:\/\/www.facebook.com\/CaritasSlovakia\/","https:\/\/www.instagram.com\/caritas_slovakia\/","https:\/\/www.linkedin.com\/company\/caritas-slovakia-skch-","https:\/\/www.youtube.com\/user\/katolickacharita"]}]}},"featured_image_src":null,"featured_image_src_square":null,"_links":{"self":[{"href":"https:\/\/www.charita.sk\/svet\/wp-json\/wp\/v2\/pages\/1616","targetHints":{"allow":["GET"]}}],"collection":[{"href":"https:\/\/www.charita.sk\/svet\/wp-json\/wp\/v2\/pages"}],"about":[{"href":"https:\/\/www.charita.sk\/svet\/wp-json\/wp\/v2\/types\/page"}],"author":[{"embeddable":true,"href":"https:\/\/www.charita.sk\/svet\/wp-json\/wp\/v2\/users\/2"}],"replies":[{"embeddable":true,"href":"https:\/\/www.charita.sk\/svet\/wp-json\/wp\/v2\/comments?post=1616"}],"version-history":[{"count":11,"href":"https:\/\/www.charita.sk\/svet\/wp-json\/wp\/v2\/pages\/1616\/revisions"}],"predecessor-version":[{"id":1722,"href":"https:\/\/www.charita.sk\/svet\/wp-json\/wp\/v2\/pages\/1616\/revisions\/1722"}],"wp:attachment":[{"href":"https:\/\/www.charita.sk\/svet\/wp-json\/wp\/v2\/media?parent=1616"}],"curies":[{"name":"wp","href":"https:\/\/api.w.org\/{rel}","templated":true}]}}