{"id":1852,"date":"2022-02-09T09:50:26","date_gmt":"2022-02-09T08:50:26","guid":{"rendered":"https:\/\/www.charita.sk\/pomoc-utecencom\/?page_id=1852"},"modified":"2023-06-07T13:19:11","modified_gmt":"2023-06-07T11:19:11","slug":"poukazky-a-psychologicka-podpora-pre-vnutornych-vysidlencov","status":"publish","type":"page","link":"https:\/\/www.charita.sk\/svet\/poukazky-a-psychologicka-podpora-pre-vnutornych-vysidlencov\/","title":{"rendered":"Pouk\u00e1\u017eky a psychologick\u00e1 podpora pre vn\u00fatorn\u00fdch vys\u00eddlencov"},"content":{"rendered":"\n<p class=\"has-white-color has-text-color has-background\" style=\"background-color:#c42f41\"><strong>N\u00e1zov projektu:<\/strong>&nbsp;Pouk\u00e1\u017eky a psychologick\u00e1 podpora pre vn\u00fatorn\u00fdch vys\u00eddlencov<br><strong>Miesto implement\u00e1cie:<\/strong>&nbsp;Dnipro, Ukrajina<br><strong>Obdobie podpory projektu:<\/strong>&nbsp;november 2021 \u2013 j\u00fan 2022<br><strong>Partner:<\/strong> Caritas Donetsk<br><strong>Po\u010det pr\u00edjemcov pomoci:<\/strong>&nbsp;300 priamych + 600 nepriamych prij\u00edmate\u013eov pomoci<\/p>\n\n\n\n<p>Cie\u013eom projektu je poskytn\u00fa\u0165 \u010fal\u0161\u00edm 300 rodin\u00e1m, ktor\u00e9 n\u00fatene opustili svoj domov psychologick\u00fa pomoc zameran\u00fa na rie\u0161enie konfliktn\u00fdch situ\u00e1ci\u00ed a vyu\u017e\u00edvanie pozit\u00edvnych strat\u00e9gi\u00ed zvl\u00e1dania stresu.<br><br>Rodin\u00e1m pom\u00f4\u017eu tie\u017e pouk\u00e1\u017eky na potraviny a lieky, ktor\u00e9 si m\u00f4\u017eu uplatni\u0165 na n\u00e1kup toho najnutnej\u0161ieho, \u010do potrebuj\u00fa. Do projektu vyber\u00e1 miestny t\u00edm Caritas Donetsk najn\u00fadznej\u0161ie rodiny, s ktor\u00fdmi dlhodobo pracuj\u00fa na zlep\u0161en\u00ed ich soci\u00e1lnej situ\u00e1cie.<\/p>\n\n\n\n<p>Syst\u00e9m pouk\u00e1\u017eok sa osved\u010dil aj v predch\u00e1dzaj\u00facom projekte s t\u00fdmto partnerom. Pouk\u00e1\u017eky sa uprednost\u0148uj\u00fa pred balen\u00edm potrav\u00edn a hygienick\u00fdch bal\u00ed\u010dkov a so s\u00fapravou liekov, preto\u017ee pr\u00edjemcovia si m\u00f4\u017eu slobodne vybra\u0165, \u010do si k\u00fapia v z\u00e1vislosti od svojich potrieb.<\/p>\n\n\n\n<p class=\"has-text-align-center has-background\" style=\"background-color:#e2e2e2\"><strong>Projekt je financovan\u00fd v\u00fdlu\u010dne z darov \u0161tedr\u00fdch \u013eud\u00ed zo Slovenska<\/strong>\ud83c\uddf8\ud83c\uddf0.<\/p>\n\n\n\n<div class=\"wp-block-buttons is-content-justification-center is-layout-flex wp-container-core-buttons-is-layout-16018d1d wp-block-buttons-is-layout-flex\">\n<div class=\"wp-block-button\"><a class=\"wp-block-button__link has-white-color has-text-color has-background wp-element-button\" href=\"https:\/\/charita.darujme.sk\/pomozme-ukrajine\/\" style=\"background-color:#c42f41\" target=\"_blank\" rel=\"noreferrer noopener\">Posla\u0165 pouk\u00e1\u017eku<\/a><\/div>\n<\/div>\n\n\n\n<div style=\"height:30px\" aria-hidden=\"true\" class=\"wp-block-spacer\"><\/div>\n\n\n\n<figure class=\"wp-block-gallery has-nested-images columns-default is-cropped wp-block-gallery-1 is-layout-flex wp-block-gallery-is-layout-flex\">\n<figure class=\"wp-block-image size-large\"><a href=\"https:\/\/www.charita.sk\/svet\/wp-content\/uploads\/2022\/02\/IMG_2018-2.jpg\"><img fetchpriority=\"high\" decoding=\"async\" width=\"1024\" height=\"683\" data-id=\"1846\" src=\"https:\/\/www.charita.sk\/svet\/wp-content\/uploads\/2022\/02\/IMG_2018-2-1024x683.jpg\" alt=\"\" class=\"wp-image-1846\" srcset=\"https:\/\/www.charita.sk\/svet\/wp-content\/uploads\/2022\/02\/IMG_2018-2-1024x683.jpg 1024w, https:\/\/www.charita.sk\/svet\/wp-content\/uploads\/2022\/02\/IMG_2018-2-300x200.jpg 300w, https:\/\/www.charita.sk\/svet\/wp-content\/uploads\/2022\/02\/IMG_2018-2-768x512.jpg 768w, https:\/\/www.charita.sk\/svet\/wp-content\/uploads\/2022\/02\/IMG_2018-2-1536x1024.jpg 1536w, https:\/\/www.charita.sk\/svet\/wp-content\/uploads\/2022\/02\/IMG_2018-2-600x400.jpg 600w, https:\/\/www.charita.sk\/svet\/wp-content\/uploads\/2022\/02\/IMG_2018-2.jpg 1920w\" sizes=\"(max-width: 1024px) 100vw, 1024px\" \/><\/a><\/figure>\n\n\n\n<figure class=\"wp-block-image size-large\"><a href=\"https:\/\/www.charita.sk\/svet\/wp-content\/uploads\/2021\/10\/ukr_skolenie.jpg\"><img decoding=\"async\" width=\"1000\" height=\"733\" data-id=\"1819\" src=\"https:\/\/www.charita.sk\/svet\/wp-content\/uploads\/2021\/10\/ukr_skolenie.jpg\" alt=\"\" class=\"wp-image-1819\" srcset=\"https:\/\/www.charita.sk\/svet\/wp-content\/uploads\/2021\/10\/ukr_skolenie.jpg 1000w, https:\/\/www.charita.sk\/svet\/wp-content\/uploads\/2021\/10\/ukr_skolenie-300x220.jpg 300w, https:\/\/www.charita.sk\/svet\/wp-content\/uploads\/2021\/10\/ukr_skolenie-768x563.jpg 768w\" sizes=\"(max-width: 1000px) 100vw, 1000px\" \/><\/a><\/figure>\n\n\n\n<figure class=\"wp-block-image size-large\"><a href=\"https:\/\/www.charita.sk\/svet\/wp-content\/uploads\/2021\/10\/ukr_psychologicke.jpg\"><img decoding=\"async\" width=\"1000\" height=\"666\" data-id=\"1818\" src=\"https:\/\/www.charita.sk\/svet\/wp-content\/uploads\/2021\/10\/ukr_psychologicke.jpg\" alt=\"\" class=\"wp-image-1818\" srcset=\"https:\/\/www.charita.sk\/svet\/wp-content\/uploads\/2021\/10\/ukr_psychologicke.jpg 1000w, https:\/\/www.charita.sk\/svet\/wp-content\/uploads\/2021\/10\/ukr_psychologicke-300x200.jpg 300w, https:\/\/www.charita.sk\/svet\/wp-content\/uploads\/2021\/10\/ukr_psychologicke-768x511.jpg 768w, https:\/\/www.charita.sk\/svet\/wp-content\/uploads\/2021\/10\/ukr_psychologicke-600x400.jpg 600w\" sizes=\"(max-width: 1000px) 100vw, 1000px\" \/><\/a><\/figure>\n<\/figure>\n","protected":false},"excerpt":{"rendered":"<p>N\u00e1zov projektu:&nbsp;Pouk\u00e1\u017eky a psychologick\u00e1 podpora pre vn\u00fatorn\u00fdch vys\u00eddlencovMiesto implement\u00e1cie:&nbsp;Dnipro, UkrajinaObdobie podpory projektu:&nbsp;november [&hellip;]<\/p>\n","protected":false},"author":2,"featured_media":0,"parent":0,"menu_order":0,"comment_status":"closed","ping_status":"closed","template":"","meta":{"footnotes":""},"class_list":["post-1852","page","type-page","status-publish","hentry"],"yoast_head":"<!-- This site is optimized with the Yoast SEO plugin v25.4 - https:\/\/yoast.com\/wordpress\/plugins\/seo\/ -->\n<title>Pouk\u00e1\u017eky a psychologick\u00e1 podpora pre vn\u00fatorn\u00fdch vys\u00eddlencov | Charita vo svete<\/title>\n<meta name=\"robots\" content=\"index, follow, max-snippet:-1, max-image-preview:large, max-video-preview:-1\" \/>\n<link rel=\"canonical\" href=\"https:\/\/www.charita.sk\/svet\/poukazky-a-psychologicka-podpora-pre-vnutornych-vysidlencov\/\" \/>\n<meta property=\"og:locale\" content=\"sk_SK\" \/>\n<meta property=\"og:type\" content=\"article\" \/>\n<meta property=\"og:title\" content=\"Pouk\u00e1\u017eky a psychologick\u00e1 podpora pre vn\u00fatorn\u00fdch vys\u00eddlencov | Charita vo svete\" \/>\n<meta property=\"og:description\" content=\"N\u00e1zov projektu:&nbsp;Pouk\u00e1\u017eky a psychologick\u00e1 podpora pre vn\u00fatorn\u00fdch vys\u00eddlencovMiesto implement\u00e1cie:&nbsp;Dnipro, UkrajinaObdobie podpory projektu:&nbsp;november [&hellip;]\" \/>\n<meta property=\"og:url\" content=\"https:\/\/www.charita.sk\/svet\/poukazky-a-psychologicka-podpora-pre-vnutornych-vysidlencov\/\" \/>\n<meta property=\"og:site_name\" content=\"Charita vo svete\" \/>\n<meta property=\"article:publisher\" content=\"https:\/\/www.facebook.com\/CaritasSlovakia\/\" \/>\n<meta property=\"article:modified_time\" content=\"2023-06-07T11:19:11+00:00\" \/>\n<meta property=\"og:image\" content=\"https:\/\/www.charita.sk\/pomoc-utecencom\/wp-content\/uploads\/2022\/02\/IMG_2018-2-1024x683.jpg\" \/>\n<meta name=\"twitter:card\" content=\"summary_large_image\" \/>\n<meta name=\"twitter:label1\" content=\"Predpokladan\u00fd \u010das \u010d\u00edtania\" \/>\n\t<meta name=\"twitter:data1\" content=\"2 min\u00faty\" \/>\n<script type=\"application\/ld+json\" class=\"yoast-schema-graph\">{\"@context\":\"https:\/\/schema.org\",\"@graph\":[{\"@type\":\"WebPage\",\"@id\":\"https:\/\/www.charita.sk\/svet\/poukazky-a-psychologicka-podpora-pre-vnutornych-vysidlencov\/\",\"url\":\"https:\/\/www.charita.sk\/svet\/poukazky-a-psychologicka-podpora-pre-vnutornych-vysidlencov\/\",\"name\":\"Pouk\u00e1\u017eky a psychologick\u00e1 podpora pre vn\u00fatorn\u00fdch vys\u00eddlencov | Charita vo svete\",\"isPartOf\":{\"@id\":\"https:\/\/www.charita.sk\/svet\/#website\"},\"primaryImageOfPage\":{\"@id\":\"https:\/\/www.charita.sk\/svet\/poukazky-a-psychologicka-podpora-pre-vnutornych-vysidlencov\/#primaryimage\"},\"image\":{\"@id\":\"https:\/\/www.charita.sk\/svet\/poukazky-a-psychologicka-podpora-pre-vnutornych-vysidlencov\/#primaryimage\"},\"thumbnailUrl\":\"https:\/\/www.charita.sk\/svet\/wp-content\/uploads\/2022\/02\/IMG_2018-2-1024x683.jpg\",\"datePublished\":\"2022-02-09T08:50:26+00:00\",\"dateModified\":\"2023-06-07T11:19:11+00:00\",\"breadcrumb\":{\"@id\":\"https:\/\/www.charita.sk\/svet\/poukazky-a-psychologicka-podpora-pre-vnutornych-vysidlencov\/#breadcrumb\"},\"inLanguage\":\"sk-SK\",\"potentialAction\":[{\"@type\":\"ReadAction\",\"target\":[\"https:\/\/www.charita.sk\/svet\/poukazky-a-psychologicka-podpora-pre-vnutornych-vysidlencov\/\"]}]},{\"@type\":\"ImageObject\",\"inLanguage\":\"sk-SK\",\"@id\":\"https:\/\/www.charita.sk\/svet\/poukazky-a-psychologicka-podpora-pre-vnutornych-vysidlencov\/#primaryimage\",\"url\":\"https:\/\/www.charita.sk\/svet\/wp-content\/uploads\/2022\/02\/IMG_2018-2.jpg\",\"contentUrl\":\"https:\/\/www.charita.sk\/svet\/wp-content\/uploads\/2022\/02\/IMG_2018-2.jpg\",\"width\":1920,\"height\":1280},{\"@type\":\"BreadcrumbList\",\"@id\":\"https:\/\/www.charita.sk\/svet\/poukazky-a-psychologicka-podpora-pre-vnutornych-vysidlencov\/#breadcrumb\",\"itemListElement\":[{\"@type\":\"ListItem\",\"position\":1,\"name\":\"Domovsk\u00e1 str\u00e1nka\",\"item\":\"https:\/\/www.charita.sk\/svet\/\"},{\"@type\":\"ListItem\",\"position\":2,\"name\":\"Pouk\u00e1\u017eky a psychologick\u00e1 podpora pre vn\u00fatorn\u00fdch vys\u00eddlencov\"}]},{\"@type\":\"WebSite\",\"@id\":\"https:\/\/www.charita.sk\/svet\/#website\",\"url\":\"https:\/\/www.charita.sk\/svet\/\",\"name\":\"Charita vo svete\",\"description\":\"Slovensk\u00e1 katol\u00edcka charita pom\u00e1ha \u013eu\u010fom v n\u00fadzi vo svete\",\"publisher\":{\"@id\":\"https:\/\/www.charita.sk\/svet\/#organization\"},\"potentialAction\":[{\"@type\":\"SearchAction\",\"target\":{\"@type\":\"EntryPoint\",\"urlTemplate\":\"https:\/\/www.charita.sk\/svet\/?s={search_term_string}\"},\"query-input\":{\"@type\":\"PropertyValueSpecification\",\"valueRequired\":true,\"valueName\":\"search_term_string\"}}],\"inLanguage\":\"sk-SK\"},{\"@type\":\"Organization\",\"@id\":\"https:\/\/www.charita.sk\/svet\/#organization\",\"name\":\"Slovensk\u00e1 katol\u00edcka charita\",\"url\":\"https:\/\/www.charita.sk\/svet\/\",\"logo\":{\"@type\":\"ImageObject\",\"inLanguage\":\"sk-SK\",\"@id\":\"https:\/\/www.charita.sk\/svet\/#\/schema\/logo\/image\/\",\"url\":\"https:\/\/www.charita.sk\/pomoc-utecencom\/wp-content\/uploads\/2020\/11\/logo_pomoc_utecencom.jpg\",\"contentUrl\":\"https:\/\/www.charita.sk\/pomoc-utecencom\/wp-content\/uploads\/2020\/11\/logo_pomoc_utecencom.jpg\",\"width\":1712,\"height\":480,\"caption\":\"Slovensk\u00e1 katol\u00edcka charita\"},\"image\":{\"@id\":\"https:\/\/www.charita.sk\/svet\/#\/schema\/logo\/image\/\"},\"sameAs\":[\"https:\/\/www.facebook.com\/CaritasSlovakia\/\",\"https:\/\/www.instagram.com\/caritas_slovakia\/\",\"https:\/\/www.linkedin.com\/company\/caritas-slovakia-skch-\",\"https:\/\/www.youtube.com\/user\/katolickacharita\"]}]}<\/script>\n<!-- \/ Yoast SEO plugin. -->","yoast_head_json":{"title":"Pouk\u00e1\u017eky a psychologick\u00e1 podpora pre vn\u00fatorn\u00fdch vys\u00eddlencov | Charita vo svete","robots":{"index":"index","follow":"follow","max-snippet":"max-snippet:-1","max-image-preview":"max-image-preview:large","max-video-preview":"max-video-preview:-1"},"canonical":"https:\/\/www.charita.sk\/svet\/poukazky-a-psychologicka-podpora-pre-vnutornych-vysidlencov\/","og_locale":"sk_SK","og_type":"article","og_title":"Pouk\u00e1\u017eky a psychologick\u00e1 podpora pre vn\u00fatorn\u00fdch vys\u00eddlencov | Charita vo svete","og_description":"N\u00e1zov projektu:&nbsp;Pouk\u00e1\u017eky a psychologick\u00e1 podpora pre vn\u00fatorn\u00fdch vys\u00eddlencovMiesto implement\u00e1cie:&nbsp;Dnipro, UkrajinaObdobie podpory projektu:&nbsp;november [&hellip;]","og_url":"https:\/\/www.charita.sk\/svet\/poukazky-a-psychologicka-podpora-pre-vnutornych-vysidlencov\/","og_site_name":"Charita vo svete","article_publisher":"https:\/\/www.facebook.com\/CaritasSlovakia\/","article_modified_time":"2023-06-07T11:19:11+00:00","og_image":[{"url":"https:\/\/www.charita.sk\/pomoc-utecencom\/wp-content\/uploads\/2022\/02\/IMG_2018-2-1024x683.jpg","type":"","width":"","height":""}],"twitter_card":"summary_large_image","twitter_misc":{"Predpokladan\u00fd \u010das \u010d\u00edtania":"2 min\u00faty"},"schema":{"@context":"https:\/\/schema.org","@graph":[{"@type":"WebPage","@id":"https:\/\/www.charita.sk\/svet\/poukazky-a-psychologicka-podpora-pre-vnutornych-vysidlencov\/","url":"https:\/\/www.charita.sk\/svet\/poukazky-a-psychologicka-podpora-pre-vnutornych-vysidlencov\/","name":"Pouk\u00e1\u017eky a psychologick\u00e1 podpora pre vn\u00fatorn\u00fdch vys\u00eddlencov | Charita vo svete","isPartOf":{"@id":"https:\/\/www.charita.sk\/svet\/#website"},"primaryImageOfPage":{"@id":"https:\/\/www.charita.sk\/svet\/poukazky-a-psychologicka-podpora-pre-vnutornych-vysidlencov\/#primaryimage"},"image":{"@id":"https:\/\/www.charita.sk\/svet\/poukazky-a-psychologicka-podpora-pre-vnutornych-vysidlencov\/#primaryimage"},"thumbnailUrl":"https:\/\/www.charita.sk\/svet\/wp-content\/uploads\/2022\/02\/IMG_2018-2-1024x683.jpg","datePublished":"2022-02-09T08:50:26+00:00","dateModified":"2023-06-07T11:19:11+00:00","breadcrumb":{"@id":"https:\/\/www.charita.sk\/svet\/poukazky-a-psychologicka-podpora-pre-vnutornych-vysidlencov\/#breadcrumb"},"inLanguage":"sk-SK","potentialAction":[{"@type":"ReadAction","target":["https:\/\/www.charita.sk\/svet\/poukazky-a-psychologicka-podpora-pre-vnutornych-vysidlencov\/"]}]},{"@type":"ImageObject","inLanguage":"sk-SK","@id":"https:\/\/www.charita.sk\/svet\/poukazky-a-psychologicka-podpora-pre-vnutornych-vysidlencov\/#primaryimage","url":"https:\/\/www.charita.sk\/svet\/wp-content\/uploads\/2022\/02\/IMG_2018-2.jpg","contentUrl":"https:\/\/www.charita.sk\/svet\/wp-content\/uploads\/2022\/02\/IMG_2018-2.jpg","width":1920,"height":1280},{"@type":"BreadcrumbList","@id":"https:\/\/www.charita.sk\/svet\/poukazky-a-psychologicka-podpora-pre-vnutornych-vysidlencov\/#breadcrumb","itemListElement":[{"@type":"ListItem","position":1,"name":"Domovsk\u00e1 str\u00e1nka","item":"https:\/\/www.charita.sk\/svet\/"},{"@type":"ListItem","position":2,"name":"Pouk\u00e1\u017eky a psychologick\u00e1 podpora pre vn\u00fatorn\u00fdch vys\u00eddlencov"}]},{"@type":"WebSite","@id":"https:\/\/www.charita.sk\/svet\/#website","url":"https:\/\/www.charita.sk\/svet\/","name":"Charita vo svete","description":"Slovensk\u00e1 katol\u00edcka charita pom\u00e1ha \u013eu\u010fom v n\u00fadzi vo svete","publisher":{"@id":"https:\/\/www.charita.sk\/svet\/#organization"},"potentialAction":[{"@type":"SearchAction","target":{"@type":"EntryPoint","urlTemplate":"https:\/\/www.charita.sk\/svet\/?s={search_term_string}"},"query-input":{"@type":"PropertyValueSpecification","valueRequired":true,"valueName":"search_term_string"}}],"inLanguage":"sk-SK"},{"@type":"Organization","@id":"https:\/\/www.charita.sk\/svet\/#organization","name":"Slovensk\u00e1 katol\u00edcka charita","url":"https:\/\/www.charita.sk\/svet\/","logo":{"@type":"ImageObject","inLanguage":"sk-SK","@id":"https:\/\/www.charita.sk\/svet\/#\/schema\/logo\/image\/","url":"https:\/\/www.charita.sk\/pomoc-utecencom\/wp-content\/uploads\/2020\/11\/logo_pomoc_utecencom.jpg","contentUrl":"https:\/\/www.charita.sk\/pomoc-utecencom\/wp-content\/uploads\/2020\/11\/logo_pomoc_utecencom.jpg","width":1712,"height":480,"caption":"Slovensk\u00e1 katol\u00edcka charita"},"image":{"@id":"https:\/\/www.charita.sk\/svet\/#\/schema\/logo\/image\/"},"sameAs":["https:\/\/www.facebook.com\/CaritasSlovakia\/","https:\/\/www.instagram.com\/caritas_slovakia\/","https:\/\/www.linkedin.com\/company\/caritas-slovakia-skch-","https:\/\/www.youtube.com\/user\/katolickacharita"]}]}},"featured_image_src":null,"featured_image_src_square":null,"_links":{"self":[{"href":"https:\/\/www.charita.sk\/svet\/wp-json\/wp\/v2\/pages\/1852","targetHints":{"allow":["GET"]}}],"collection":[{"href":"https:\/\/www.charita.sk\/svet\/wp-json\/wp\/v2\/pages"}],"about":[{"href":"https:\/\/www.charita.sk\/svet\/wp-json\/wp\/v2\/types\/page"}],"author":[{"embeddable":true,"href":"https:\/\/www.charita.sk\/svet\/wp-json\/wp\/v2\/users\/2"}],"replies":[{"embeddable":true,"href":"https:\/\/www.charita.sk\/svet\/wp-json\/wp\/v2\/comments?post=1852"}],"version-history":[{"count":7,"href":"https:\/\/www.charita.sk\/svet\/wp-json\/wp\/v2\/pages\/1852\/revisions"}],"predecessor-version":[{"id":2544,"href":"https:\/\/www.charita.sk\/svet\/wp-json\/wp\/v2\/pages\/1852\/revisions\/2544"}],"wp:attachment":[{"href":"https:\/\/www.charita.sk\/svet\/wp-json\/wp\/v2\/media?parent=1852"}],"curies":[{"name":"wp","href":"https:\/\/api.w.org\/{rel}","templated":true}]}}