{"id":1857,"date":"2022-02-09T10:00:03","date_gmt":"2022-02-09T09:00:03","guid":{"rendered":"https:\/\/www.charita.sk\/pomoc-utecencom\/?page_id=1857"},"modified":"2026-03-04T15:31:31","modified_gmt":"2026-03-04T14:31:31","slug":"ukrajina","status":"publish","type":"page","link":"https:\/\/www.charita.sk\/svet\/ukrajina\/","title":{"rendered":"Ukrajina"},"content":{"rendered":"\n<div class=\"wp-block-columns is-layout-flex wp-container-core-columns-is-layout-9d6595d7 wp-block-columns-is-layout-flex\">\n<div class=\"wp-block-column is-vertically-aligned-center is-layout-flow wp-block-column-is-layout-flow\" style=\"flex-basis:33.33%\"><div class=\"wp-block-image\">\n<figure class=\"aligncenter size-thumbnail is-resized\"><img decoding=\"async\" width=\"150\" height=\"150\" src=\"https:\/\/www.charita.sk\/svet\/wp-content\/uploads\/2022\/02\/ukraine-150x150.png\" alt=\"\" class=\"wp-image-1948\" style=\"width:222px;height:auto\" srcset=\"https:\/\/www.charita.sk\/svet\/wp-content\/uploads\/2022\/02\/ukraine-150x150.png 150w, https:\/\/www.charita.sk\/svet\/wp-content\/uploads\/2022\/02\/ukraine-300x300.png 300w, https:\/\/www.charita.sk\/svet\/wp-content\/uploads\/2022\/02\/ukraine.png 512w\" sizes=\"(max-width: 150px) 100vw, 150px\" \/><\/figure><\/div><\/div>\n\n\n\n<div class=\"wp-block-column is-layout-flow wp-block-column-is-layout-flow\" style=\"flex-basis:66.66%\">\n<p>Slovensk\u00e1 katol\u00edcka charita stoj\u00ed pri ukrajinskom \u013eude u\u017e od roku 2014. Na\u0161a susedsk\u00e1 solidarita reaguje na ni\u010div\u00e9 dopady vojny, ktor\u00e1 mili\u00f3ny rod\u00edSlovensk\u00e1 katol\u00edcka charita pom\u00e1ha na Ukrajine u\u017e od roku 2014. Na\u0161u pozornos\u0165 s\u00fastred\u00edme najm\u00e4 na vn\u00fatorne vys\u00eddlen\u00e9 osoby, ktor\u00e9 v d\u00f4sledku vojny stratili svoje domovy a bezpe\u010die. Poskytujeme im nevyhnutn\u00fa humanit\u00e1rnu pomoc a odborn\u00fa psychosoci\u00e1lnu podporu priamo v ter\u00e9ne.<\/p>\n\n\n\n<p>V s\u00fa\u010dasnosti v krajine realizujeme <strong>4 prebiehaj\u00face projekty<\/strong>, ktor\u00e9 pom\u00e1haj\u00fa zmier\u0148ova\u0165 dopady konfliktu a prin\u00e1\u0161aj\u00fa rodin\u00e1m n\u00e1dej na d\u00f4stojnej\u0161\u00ed \u017eivot. Spolu s miestnymi partnermi z Caritas Ukraine a Caritas Spes premie\u0148ame va\u0161u solidaritu na konkr\u00e9tne \u010diny pomoci.<\/p>\n<\/div>\n<\/div>\n\n\n<p class=\"art-citate\" style=\"text-align: center;\">Prebiehaj\u00face projekty<\/p>\n\n\n<div class=\"wp-block-columns is-layout-flex wp-container-core-columns-is-layout-9d6595d7 wp-block-columns-is-layout-flex\">\n<div class=\"wp-block-column is-layout-flow wp-block-column-is-layout-flow\" style=\"flex-basis:33%\">\n<figure class=\"wp-block-image size-full\"><img fetchpriority=\"high\" decoding=\"async\" width=\"945\" height=\"630\" src=\"https:\/\/www.charita.sk\/svet\/wp-content\/uploads\/2026\/03\/1-Ukrainian-children-in-a-shelter-edited.jpg\" alt=\"\" class=\"wp-image-3505\" srcset=\"https:\/\/www.charita.sk\/svet\/wp-content\/uploads\/2026\/03\/1-Ukrainian-children-in-a-shelter-edited.jpg 945w, https:\/\/www.charita.sk\/svet\/wp-content\/uploads\/2026\/03\/1-Ukrainian-children-in-a-shelter-edited-300x200.jpg 300w, https:\/\/www.charita.sk\/svet\/wp-content\/uploads\/2026\/03\/1-Ukrainian-children-in-a-shelter-edited-768x512.jpg 768w, https:\/\/www.charita.sk\/svet\/wp-content\/uploads\/2026\/03\/1-Ukrainian-children-in-a-shelter-edited-600x400.jpg 600w\" sizes=\"(max-width: 945px) 100vw, 945px\" \/><\/figure>\n\n\n\n<div class=\"wp-block-atomic-blocks-ab-button ab-block-button\" style=\"text-align: center;\"><a href=\"https:\/\/www.charita.sk\/svet\/bezpecne-detske-centra-teplo-svetlo-a-psychologicka-pomoc\/\" class=\"btn btn-primary btn-lg\" style=\"color:#ffffff;background-color:#c42f41; width:100%;\" target=\"_blank\" rel=\"noopener noreferrer\">Bezpe\u010dn\u00e9 detsk\u00e9 centr\u00e1<\/a><\/div>\n<\/div>\n\n\n\n<div class=\"wp-block-column is-layout-flow wp-block-column-is-layout-flow\" style=\"flex-basis:33%\">\n<figure class=\"wp-block-image size-full\"><img decoding=\"async\" width=\"1350\" height=\"900\" src=\"https:\/\/www.charita.sk\/svet\/wp-content\/uploads\/2026\/03\/concern-rs80402-ukraine-how-to-help-banner-1-edited.jpg\" alt=\"\" class=\"wp-image-3543\" srcset=\"https:\/\/www.charita.sk\/svet\/wp-content\/uploads\/2026\/03\/concern-rs80402-ukraine-how-to-help-banner-1-edited.jpg 1350w, https:\/\/www.charita.sk\/svet\/wp-content\/uploads\/2026\/03\/concern-rs80402-ukraine-how-to-help-banner-1-edited-300x200.jpg 300w, https:\/\/www.charita.sk\/svet\/wp-content\/uploads\/2026\/03\/concern-rs80402-ukraine-how-to-help-banner-1-edited-1024x683.jpg 1024w, https:\/\/www.charita.sk\/svet\/wp-content\/uploads\/2026\/03\/concern-rs80402-ukraine-how-to-help-banner-1-edited-768x512.jpg 768w, https:\/\/www.charita.sk\/svet\/wp-content\/uploads\/2026\/03\/concern-rs80402-ukraine-how-to-help-banner-1-edited-600x400.jpg 600w\" sizes=\"(max-width: 1350px) 100vw, 1350px\" \/><\/figure>\n\n\n\n<div class=\"wp-block-atomic-blocks-ab-button ab-block-button\" style=\"text-align: center;\"><a href=\"https:\/\/www.charita.sk\/svet\/krizova-pomoc-pre-rodiny-v-charkove-a-zaporozi\/\" class=\"btn btn-primary btn-lg\" style=\"color:#ffffff; background-color:#c42f41; width:100%; white-space: normal; line-height: 1.2; padding: 10px 5px; display: flex; align-items: center; justify-content: center; min-height: 67px;\" target=\"_blank\" rel=\"noopener noreferrer\">Kr\u00edzov\u00e1 pomoc pre rodiny v Charkove a Z\u00e1poro\u017e\u00ed<\/a><\/div>\n<\/div>\n\n\n\n<div class=\"wp-block-column is-layout-flow wp-block-column-is-layout-flow\" style=\"flex-basis:33%\">\n<figure class=\"wp-block-image size-full\"><img loading=\"lazy\" decoding=\"async\" width=\"1400\" height=\"933\" src=\"https:\/\/www.charita.sk\/svet\/wp-content\/uploads\/2026\/03\/kg_2.jpg\" alt=\"\" class=\"wp-image-3525\" srcset=\"https:\/\/www.charita.sk\/svet\/wp-content\/uploads\/2026\/03\/kg_2.jpg 1400w, https:\/\/www.charita.sk\/svet\/wp-content\/uploads\/2026\/03\/kg_2-300x200.jpg 300w, https:\/\/www.charita.sk\/svet\/wp-content\/uploads\/2026\/03\/kg_2-1024x682.jpg 1024w, https:\/\/www.charita.sk\/svet\/wp-content\/uploads\/2026\/03\/kg_2-768x512.jpg 768w, https:\/\/www.charita.sk\/svet\/wp-content\/uploads\/2026\/03\/kg_2-600x400.jpg 600w\" sizes=\"(max-width: 1400px) 100vw, 1400px\" \/><\/figure>\n\n\n\n<div class=\"wp-block-atomic-blocks-ab-button ab-block-button\" style=\"text-align: center;\"><a href=\"https:\/\/www.charita.sk\/svet\/podpora-deti-a-rodin-v-centre-svitlytsia\/\" class=\"btn btn-primary btn-lg\" style=\"color:#ffffff; background-color:#c42f41; width:100%; white-space: normal; line-height: 1.2; padding: 10px 5px; display: flex; align-items: center; justify-content: center; min-height: 67px;\" target=\"_blank\" rel=\"noopener noreferrer\">Podpora det\u00ed a rod\u00edn v centre Svitlytsia<\/a><\/div>\n<\/div>\n\n\n\n<div class=\"wp-block-column is-layout-flow wp-block-column-is-layout-flow\" style=\"flex-basis:33%\">\n<figure class=\"wp-block-image size-full\"><img loading=\"lazy\" decoding=\"async\" width=\"1024\" height=\"683\" src=\"https:\/\/www.charita.sk\/svet\/wp-content\/uploads\/2026\/03\/Ukraine_KyivRegion_260115_LifeInColdAndDark-27-1024x768-1-edited.webp\" alt=\"\" class=\"wp-image-3518\" srcset=\"https:\/\/www.charita.sk\/svet\/wp-content\/uploads\/2026\/03\/Ukraine_KyivRegion_260115_LifeInColdAndDark-27-1024x768-1-edited.webp 1024w, https:\/\/www.charita.sk\/svet\/wp-content\/uploads\/2026\/03\/Ukraine_KyivRegion_260115_LifeInColdAndDark-27-1024x768-1-edited-300x200.webp 300w, https:\/\/www.charita.sk\/svet\/wp-content\/uploads\/2026\/03\/Ukraine_KyivRegion_260115_LifeInColdAndDark-27-1024x768-1-edited-768x512.webp 768w, https:\/\/www.charita.sk\/svet\/wp-content\/uploads\/2026\/03\/Ukraine_KyivRegion_260115_LifeInColdAndDark-27-1024x768-1-edited-600x400.webp 600w\" sizes=\"(max-width: 1024px) 100vw, 1024px\" \/><\/figure>\n\n\n\n<div class=\"wp-block-atomic-blocks-ab-button ab-block-button\" style=\"text-align: center;\"><a href=\"https:\/\/www.charita.sk\/svet\/power-dignity-and-resilience-for-ukraine-zabezpecenie-bezpecia-tepla-a-dostojnej-podpory-pocas-vojny-a-zimnych-kriz\/\" class=\"btn btn-primary btn-lg\" style=\"color:#ffffff; background-color:#c42f41; width:100%; white-space: normal; line-height: 1.2; padding: 10px 5px; display: flex; align-items: center; justify-content: center; min-height: 67px;\" target=\"_blank\" rel=\"noopener noreferrer\">Power, Dignity and Resilience for Ukraine 2026<\/a><\/div>\n<\/div>\n<\/div>\n\n\n<p class=\"art-citate\" style=\"text-align: center;\">Ako m\u00f4\u017eete pom\u00f4c\u0165<\/p>\n\n\n<p class=\"has-text-align-center\">Podporte n\u00e1s a ver\u00edme, \u017ee aspo\u0148 niektor\u00fdm z \u010fal\u0161\u00edch \u013eud\u00ed v n\u00fadzi na Ukrajine pom\u00f4\u017eeme vytvori\u0165 d\u00f4stojn\u00e9 podmienky na \u017eivot v ich krajine. Mnoh\u00ed obetav\u00ed rodi\u010dia sa ich pre svoje deti sna\u017eia vytvori\u0165 ka\u017ed\u00fd de\u0148. Pomoc na Ukrajine je financovan\u00e1 z individu\u00e1lnych darov\u2764\ufe0f<\/p>\n\n\n\n<div class=\"wp-block-buttons is-content-justification-center is-layout-flex wp-container-core-buttons-is-layout-16018d1d wp-block-buttons-is-layout-flex\">\n<div class=\"wp-block-button\"><a class=\"wp-block-button__link has-white-color has-text-color has-background wp-element-button\" href=\"https:\/\/charita.darujme.sk\/pomozme-ukrajine\/\" style=\"background-color:#d9cb9e\">Posla\u0165 pouk\u00e1\u017eku<\/a><\/div>\n<\/div>\n\n\n<p class=\"art-citate\" style=\"text-align: center;\">Zrealizovan\u00e9 projekty<\/p>\n\n\n<div class=\"wp-block-columns is-layout-flex wp-container-core-columns-is-layout-9d6595d7 wp-block-columns-is-layout-flex\">\n<div class=\"wp-block-column is-layout-flow wp-block-column-is-layout-flow\">\n<div style=\"text-align:center\" class=\"wp-block-atomic-blocks-ab-cta ab-block-cta\"><div class=\"ab-cta-image-wrap\"><img decoding=\"async\" class=\"ab-cta-image has-background-dim\" src=\"https:\/\/www.charita.sk\/svet\/wp-content\/uploads\/2025\/01\/psychologicka_ua.jpeg\" alt=\"\"\/><\/div><div class=\"ab-cta-content\"><h2 class=\"ab-cta-title ab-font-size-32\" style=\"color:#32373c\"><\/h2><div class=\"ab-cta-text ab-font-size-32\" style=\"color:#32373c\"><\/div><\/div><div class=\"ab-cta-button\"><a href=\"https:\/\/www.charita.sk\/svet\/poskytovanie-psychologickej-pomoci-a-poukazok-na-lieky-a-potraviny-vysidlencomv-dnipre\/\" target=\"_self\" rel=\"noopener noreferrer\" class=\"ab-button ab-button-shape-circular ab-button-size-medium\" style=\"color:#ffffff;background-color:#cf2e2e\">Pomoc vys\u00eddlencom v Dnipre<\/a><\/div><\/div>\n<\/div>\n\n\n\n<div class=\"wp-block-column is-layout-flow wp-block-column-is-layout-flow\">\n<div style=\"text-align:center\" class=\"wp-block-atomic-blocks-ab-cta ab-block-cta\"><div class=\"ab-cta-image-wrap\"><img decoding=\"async\" class=\"ab-cta-image has-background-dim\" src=\"https:\/\/www.charita.sk\/svet\/wp-content\/uploads\/2025\/01\/charitna_kuchyna1.jpg\" alt=\"\"\/><\/div><div class=\"ab-cta-content\"><h2 class=\"ab-cta-title ab-font-size-32\" style=\"color:#32373c\"><\/h2><div class=\"ab-cta-text ab-font-size-32\" style=\"color:#32373c\"><\/div><\/div><div class=\"ab-cta-button\"><a href=\"https:\/\/www.charita.sk\/svet\/charitna-kuchyna-v-dnipre-ii\/\" target=\"_self\" rel=\"noopener noreferrer\" class=\"ab-button ab-button-shape-circular ab-button-size-medium\" style=\"color:#ffffff;background-color:#cf2e2e\">Charitn\u00e1 kuchy\u0148a II<\/a><\/div><\/div>\n<\/div>\n<\/div>\n\n\n\n<div class=\"wp-block-columns is-layout-flex wp-container-core-columns-is-layout-9d6595d7 wp-block-columns-is-layout-flex\">\n<div class=\"wp-block-column is-layout-flow wp-block-column-is-layout-flow\">\n<div style=\"text-align:center\" class=\"wp-block-atomic-blocks-ab-cta ab-block-cta\"><div class=\"ab-cta-image-wrap\"><img decoding=\"async\" class=\"ab-cta-image has-background-dim\" src=\"https:\/\/www.charita.sk\/svet\/wp-content\/uploads\/2026\/03\/ua-ziak.jpg\" alt=\"\"\/><\/div><div class=\"ab-cta-content\"><h2 class=\"ab-cta-title ab-font-size-32\" style=\"color:#32373c\"><\/h2><div class=\"ab-cta-text ab-font-size-32\" style=\"color:#32373c\"><\/div><\/div><div class=\"ab-cta-button\"><a href=\"https:\/\/www.charita.sk\/svet\/rodinna-pomoc-a-adaptacia-na-skolu\/\" target=\"_self\" rel=\"noopener noreferrer\" class=\"ab-button ab-button-shape-circular ab-button-size-medium\" style=\"color:#ffffff;background-color:#cf2e2e\">RODINN\u00c1 POMOC A ADAPT\u00c1CIA NA \u0160KOLU<\/a><\/div><\/div>\n<\/div>\n<\/div>\n\n\n\n<div class=\"wp-block-columns is-layout-flex wp-container-core-columns-is-layout-9d6595d7 wp-block-columns-is-layout-flex\">\n<div class=\"wp-block-column is-layout-flow wp-block-column-is-layout-flow\">\n<div style=\"text-align:center\" class=\"wp-block-atomic-blocks-ab-cta ab-block-cta\"><div class=\"ab-cta-image-wrap\"><img decoding=\"async\" class=\"ab-cta-image has-background-dim\" src=\"https:\/\/www.charita.sk\/svet\/wp-content\/uploads\/2025\/01\/The-distribution-of-repair-kits-to-a-family-from-Krivne-1.jpeg\" alt=\"\"\/><\/div><div class=\"ab-cta-content\"><h2 class=\"ab-cta-title ab-font-size-32\" style=\"color:#32373c\"><\/h2><div class=\"ab-cta-text ab-font-size-32\" style=\"color:#32373c\"><\/div><\/div><div class=\"ab-cta-button\"><a href=\"https:\/\/www.charita.sk\/svet\/opravy-domov-v-sumy\/\" target=\"_self\" rel=\"noopener noreferrer\" class=\"ab-button ab-button-shape-circular ab-button-size-medium\" style=\"color:#ffffff;background-color:#cf2e2e\">Opravy domov v Sumy<\/a><\/div><\/div>\n<\/div>\n\n\n\n<div class=\"wp-block-column is-layout-flow wp-block-column-is-layout-flow\">\n<div style=\"text-align:center\" class=\"wp-block-atomic-blocks-ab-cta ab-block-cta\"><div class=\"ab-cta-image-wrap\"><img decoding=\"async\" class=\"ab-cta-image has-background-dim\" src=\"https:\/\/www.charita.sk\/svet\/wp-content\/uploads\/2023\/06\/WhatsApp-Image-2023-06-09-at-10.17.01.jpeg\" alt=\"\"\/><\/div><div class=\"ab-cta-content\"><h2 class=\"ab-cta-title ab-font-size-32\" style=\"color:#32373c\"><\/h2><div class=\"ab-cta-text ab-font-size-32\" style=\"color:#32373c\"><\/div><\/div><div class=\"ab-cta-button\"><a href=\"https:\/\/www.charita.sk\/svet\/psychosocialna-pomoc-a-skolske-pomocky-pre-vysidlencov\/\" target=\"_self\" rel=\"noopener noreferrer\" class=\"ab-button ab-button-shape-circular ab-button-size-medium\" style=\"color:#ffffff;background-color:#cf2e2e\">Psychosoci\u00e1lna pomoc a \u0161k\u00f4lsk\u00e9 pom\u00f4cky <\/a><\/div><\/div>\n<\/div>\n<\/div>\n\n\n\n<div class=\"wp-block-columns is-layout-flex wp-container-core-columns-is-layout-9d6595d7 wp-block-columns-is-layout-flex\">\n<div class=\"wp-block-column is-layout-flow wp-block-column-is-layout-flow\">\n<div style=\"text-align:center\" class=\"wp-block-atomic-blocks-ab-cta ab-block-cta\"><div class=\"ab-cta-image-wrap\"><img decoding=\"async\" class=\"ab-cta-image has-background-dim\" src=\"https:\/\/www.charita.sk\/svet\/wp-content\/uploads\/2024\/08\/cernihiv3.jpeg\" alt=\"\"\/><\/div><div class=\"ab-cta-content\"><h2 class=\"ab-cta-title ab-font-size-32\" style=\"color:#32373c\"><\/h2><div class=\"ab-cta-text ab-font-size-32\" style=\"color:#32373c\"><\/div><\/div><div class=\"ab-cta-button\"><a href=\"https:\/\/www.charita.sk\/svet\/vykurovanie-v-cernihive\/\" target=\"_self\" rel=\"noopener noreferrer\" class=\"ab-button ab-button-shape-circular ab-button-size-medium\" style=\"color:#ffffff;background-color:#cf2e2e\">Vykurovanie v \u010cernihive<\/a><\/div><\/div>\n<\/div>\n\n\n\n<div class=\"wp-block-column is-layout-flow wp-block-column-is-layout-flow\">\n<div style=\"text-align:center\" class=\"wp-block-atomic-blocks-ab-cta ab-block-cta\"><div class=\"ab-cta-image-wrap\"><img decoding=\"async\" class=\"ab-cta-image has-background-dim\" src=\"https:\/\/www.charita.sk\/svet\/wp-content\/uploads\/2024\/07\/3a_.jpg\" alt=\"\"\/><\/div><div class=\"ab-cta-content\"><h2 class=\"ab-cta-title ab-font-size-32\" style=\"color:#32373c\"><\/h2><div class=\"ab-cta-text ab-font-size-32\" style=\"color:#32373c\"><\/div><\/div><div class=\"ab-cta-button\"><a href=\"https:\/\/www.charita.sk\/svet\/oprava-utulku-pre-odidencov-v-chersone\/\" target=\"_self\" rel=\"noopener noreferrer\" class=\"ab-button ab-button-shape-circular ab-button-size-medium\" style=\"color:#ffffff;background-color:#cf2e2e\">Oprava \u00fatulku v Chersone<\/a><\/div><\/div>\n<\/div>\n<\/div>\n\n\n\n<div class=\"wp-block-columns is-layout-flex wp-container-core-columns-is-layout-9d6595d7 wp-block-columns-is-layout-flex\">\n<div class=\"wp-block-column is-layout-flow wp-block-column-is-layout-flow\">\n<div style=\"text-align:center\" class=\"wp-block-atomic-blocks-ab-cta ab-block-cta\"><div class=\"ab-cta-image-wrap\"><img decoding=\"async\" class=\"ab-cta-image has-background-dim\" src=\"https:\/\/www.charita.sk\/svet\/wp-content\/uploads\/2023\/06\/WhatsApp-Image-2023-06-13-at-10.53.14.jpeg\" alt=\"\"\/><\/div><div class=\"ab-cta-content\"><h2 class=\"ab-cta-title ab-font-size-32\" style=\"color:#32373c\"><\/h2><div class=\"ab-cta-text ab-font-size-32\" style=\"color:#32373c\"><\/div><\/div><div class=\"ab-cta-button\"><a href=\"https:\/\/www.charita.sk\/svet\/pomoc-vysidlencom-na-ukrajine-iii\/\" target=\"_self\" rel=\"noopener noreferrer\" class=\"ab-button ab-button-shape-circular ab-button-size-medium\" style=\"color:#ffffff;background-color:#cf2e2e\">Pomoc vys\u00eddlencom v Dnipre III<\/a><\/div><\/div>\n<\/div>\n\n\n\n<div class=\"wp-block-column is-layout-flow wp-block-column-is-layout-flow\">\n<div style=\"text-align:center\" class=\"wp-block-atomic-blocks-ab-cta ab-block-cta\"><div class=\"ab-cta-image-wrap\"><img decoding=\"async\" class=\"ab-cta-image has-background-dim\" src=\"https:\/\/www.charita.sk\/svet\/wp-content\/uploads\/2024\/03\/425544441_360916446888447_2823372264231310041_n.jpg\" alt=\"\"\/><\/div><div class=\"ab-cta-content\"><h2 class=\"ab-cta-title ab-font-size-32\" style=\"color:#32373c\"><\/h2><div class=\"ab-cta-text ab-font-size-32\" style=\"color:#32373c\"><\/div><\/div><div class=\"ab-cta-button\"><a href=\"https:\/\/www.charita.sk\/svet\/charitna-kuchyna\/\" target=\"_self\" rel=\"noopener noreferrer\" class=\"ab-button ab-button-shape-circular ab-button-size-medium\" style=\"color:#ffffff;background-color:#cf2e2e\">Charitn\u00e1 kuchy\u0148a<\/a><\/div><\/div>\n<\/div>\n<\/div>\n\n\n\n<div class=\"wp-block-columns is-layout-flex wp-container-core-columns-is-layout-9d6595d7 wp-block-columns-is-layout-flex\">\n<div class=\"wp-block-column is-layout-flow wp-block-column-is-layout-flow\">\n<div style=\"text-align:center\" class=\"wp-block-atomic-blocks-ab-cta ab-block-cta\"><div class=\"ab-cta-image-wrap\"><img decoding=\"async\" class=\"ab-cta-image has-background-dim\" src=\"https:\/\/www.charita.sk\/svet\/wp-content\/uploads\/2023\/10\/386601673_285030091143750_2875197499083091676_n.jpg\" alt=\"\"\/><\/div><div class=\"ab-cta-content\"><h2 class=\"ab-cta-title ab-font-size-32\" style=\"color:#32373c\"><\/h2><div class=\"ab-cta-text ab-font-size-32\" style=\"color:#32373c\"><\/div><\/div><div class=\"ab-cta-button\"><a href=\"https:\/\/www.charita.sk\/svet\/naplnena-dodavka-pre-charitu-v-zitomire\/\" target=\"_self\" rel=\"noopener noreferrer\" class=\"ab-button ab-button-shape-circular ab-button-size-medium\" style=\"color:#ffffff;background-color:#cf2e2e\">Dod\u00e1vka do \u017ditom\u00edru<\/a><\/div><\/div>\n<\/div>\n\n\n\n<div class=\"wp-block-column is-layout-flow wp-block-column-is-layout-flow\">\n<div style=\"text-align:center\" class=\"wp-block-atomic-blocks-ab-cta ab-block-cta\"><div class=\"ab-cta-image-wrap\"><img decoding=\"async\" class=\"ab-cta-image has-background-dim\" src=\"https:\/\/www.charita.sk\/svet\/wp-content\/uploads\/2023\/04\/Pribeh-3.jpg\" alt=\"\"\/><\/div><div class=\"ab-cta-content\"><h2 class=\"ab-cta-title ab-font-size-32\" style=\"color:#32373c\"><\/h2><div class=\"ab-cta-text ab-font-size-32\" style=\"color:#32373c\"><\/div><\/div><div class=\"ab-cta-button\"><a href=\"https:\/\/www.charita.sk\/svet\/poskytovanie-zakladnych-potrieb-a-psychologickej-prvej-pomoci-pre-vnutorne-presidlene-osoby-zijuce-v-utulkoch-v-meste-dnipro-a-na-predmestiach\/\" target=\"_self\" rel=\"noopener noreferrer\" class=\"ab-button ab-button-shape-circular ab-button-size-medium\" style=\"color:#ffffff;background-color:#cf2e2e\">Pomoc vys\u00eddlencomv Dnipre II<\/a><\/div><\/div>\n<\/div>\n<\/div>\n\n\n\n<div class=\"wp-block-columns is-layout-flex wp-container-core-columns-is-layout-9d6595d7 wp-block-columns-is-layout-flex\">\n<div class=\"wp-block-column is-layout-flow wp-block-column-is-layout-flow\">\n<div style=\"text-align:center\" class=\"wp-block-atomic-blocks-ab-cta ab-block-cta\"><div class=\"ab-cta-image-wrap\"><img decoding=\"async\" class=\"ab-cta-image has-background-dim\" src=\"https:\/\/www.charita.sk\/svet\/wp-content\/uploads\/2022\/03\/IMG-775d085320d820875a95e917f60075d9-V.jpg\" alt=\"\"\/><\/div><div class=\"ab-cta-content\"><h2 class=\"ab-cta-title ab-font-size-32\" style=\"color:#32373c\"><\/h2><div class=\"ab-cta-text ab-font-size-32\" style=\"color:#32373c\"><\/div><\/div><div class=\"ab-cta-button\"><a href=\"https:\/\/www.charita.sk\/svet\/poukazky-a-psychologicka-podpora-pre-vnutornych-vysidlencov\/\" target=\"_self\" rel=\"noopener noreferrer\" class=\"ab-button ab-button-shape-circular ab-button-size-medium\" style=\"color:#ffffff;background-color:#cf2e2e\">Pouk\u00e1\u017eky pre vys\u00eddlencov<\/a><\/div><\/div>\n<\/div>\n\n\n\n<div class=\"wp-block-column is-layout-flow wp-block-column-is-layout-flow\">\n<div style=\"text-align:center\" class=\"wp-block-atomic-blocks-ab-cta ab-block-cta\"><div class=\"ab-cta-image-wrap\"><img decoding=\"async\" class=\"ab-cta-image has-background-dim\" src=\"https:\/\/www.charita.sk\/svet\/wp-content\/uploads\/2020\/11\/dnipro_ukrajina3.jpg\" alt=\"\"\/><\/div><div class=\"ab-cta-content\"><h2 class=\"ab-cta-title ab-font-size-32\" style=\"color:#32373c\"><\/h2><div class=\"ab-cta-text ab-font-size-32\" style=\"color:#32373c\"><\/div><\/div><div class=\"ab-cta-button\"><a href=\"https:\/\/www.charita.sk\/svet\/materialna-a-psychosocialna-podpora-pre-vnutorne-vysidlene-osoby-v-regione-dnipro\/\" target=\"_self\" rel=\"noopener noreferrer\" class=\"ab-button ab-button-shape-circular ab-button-size-medium\" style=\"color:#ffffff;background-color:#cf2e2e\">Pomoc vys\u00eddlencom v Dnipre I<\/a><\/div><\/div>\n<\/div>\n<\/div>\n","protected":false},"excerpt":{"rendered":"<p>Slovensk\u00e1 katol\u00edcka charita stoj\u00ed pri ukrajinskom \u013eude u\u017e od roku 2014. Na\u0161a [&hellip;]<\/p>\n","protected":false},"author":2,"featured_media":0,"parent":0,"menu_order":0,"comment_status":"closed","ping_status":"closed","template":"","meta":{"footnotes":""},"class_list":["post-1857","page","type-page","status-publish","hentry"],"yoast_head":"<!-- This site is optimized with the Yoast SEO plugin v25.4 - https:\/\/yoast.com\/wordpress\/plugins\/seo\/ -->\n<title>Ukrajina | Charita vo svete<\/title>\n<meta name=\"robots\" content=\"index, follow, max-snippet:-1, max-image-preview:large, max-video-preview:-1\" \/>\n<link rel=\"canonical\" href=\"https:\/\/www.charita.sk\/svet\/ukrajina\/\" \/>\n<meta property=\"og:locale\" content=\"sk_SK\" \/>\n<meta property=\"og:type\" content=\"article\" \/>\n<meta property=\"og:title\" content=\"Ukrajina | Charita vo svete\" \/>\n<meta property=\"og:description\" content=\"Slovensk\u00e1 katol\u00edcka charita stoj\u00ed pri ukrajinskom \u013eude u\u017e od roku 2014. Na\u0161a [&hellip;]\" \/>\n<meta property=\"og:url\" content=\"https:\/\/www.charita.sk\/svet\/ukrajina\/\" \/>\n<meta property=\"og:site_name\" content=\"Charita vo svete\" \/>\n<meta property=\"article:publisher\" content=\"https:\/\/www.facebook.com\/CaritasSlovakia\/\" \/>\n<meta property=\"article:modified_time\" content=\"2026-03-04T14:31:31+00:00\" \/>\n<meta property=\"og:image\" content=\"https:\/\/www.charita.sk\/svet\/wp-content\/uploads\/2022\/02\/ukraine.png\" \/>\n\t<meta property=\"og:image:width\" content=\"512\" \/>\n\t<meta property=\"og:image:height\" content=\"512\" \/>\n\t<meta property=\"og:image:type\" content=\"image\/png\" \/>\n<meta name=\"twitter:card\" content=\"summary_large_image\" \/>\n<meta name=\"twitter:label1\" content=\"Predpokladan\u00fd \u010das \u010d\u00edtania\" \/>\n\t<meta name=\"twitter:data1\" content=\"4 min\u00faty\" \/>\n<script type=\"application\/ld+json\" class=\"yoast-schema-graph\">{\"@context\":\"https:\/\/schema.org\",\"@graph\":[{\"@type\":\"WebPage\",\"@id\":\"https:\/\/www.charita.sk\/svet\/ukrajina\/\",\"url\":\"https:\/\/www.charita.sk\/svet\/ukrajina\/\",\"name\":\"Ukrajina | Charita vo svete\",\"isPartOf\":{\"@id\":\"https:\/\/www.charita.sk\/svet\/#website\"},\"primaryImageOfPage\":{\"@id\":\"https:\/\/www.charita.sk\/svet\/ukrajina\/#primaryimage\"},\"image\":{\"@id\":\"https:\/\/www.charita.sk\/svet\/ukrajina\/#primaryimage\"},\"thumbnailUrl\":\"https:\/\/www.charita.sk\/svet\/wp-content\/uploads\/2022\/02\/ukraine-150x150.png\",\"datePublished\":\"2022-02-09T09:00:03+00:00\",\"dateModified\":\"2026-03-04T14:31:31+00:00\",\"breadcrumb\":{\"@id\":\"https:\/\/www.charita.sk\/svet\/ukrajina\/#breadcrumb\"},\"inLanguage\":\"sk-SK\",\"potentialAction\":[{\"@type\":\"ReadAction\",\"target\":[\"https:\/\/www.charita.sk\/svet\/ukrajina\/\"]}]},{\"@type\":\"ImageObject\",\"inLanguage\":\"sk-SK\",\"@id\":\"https:\/\/www.charita.sk\/svet\/ukrajina\/#primaryimage\",\"url\":\"https:\/\/www.charita.sk\/svet\/wp-content\/uploads\/2022\/02\/ukraine.png\",\"contentUrl\":\"https:\/\/www.charita.sk\/svet\/wp-content\/uploads\/2022\/02\/ukraine.png\",\"width\":512,\"height\":512},{\"@type\":\"BreadcrumbList\",\"@id\":\"https:\/\/www.charita.sk\/svet\/ukrajina\/#breadcrumb\",\"itemListElement\":[{\"@type\":\"ListItem\",\"position\":1,\"name\":\"Domovsk\u00e1 str\u00e1nka\",\"item\":\"https:\/\/www.charita.sk\/svet\/\"},{\"@type\":\"ListItem\",\"position\":2,\"name\":\"Ukrajina\"}]},{\"@type\":\"WebSite\",\"@id\":\"https:\/\/www.charita.sk\/svet\/#website\",\"url\":\"https:\/\/www.charita.sk\/svet\/\",\"name\":\"Charita vo svete\",\"description\":\"Slovensk\u00e1 katol\u00edcka charita pom\u00e1ha \u013eu\u010fom v n\u00fadzi vo svete\",\"publisher\":{\"@id\":\"https:\/\/www.charita.sk\/svet\/#organization\"},\"potentialAction\":[{\"@type\":\"SearchAction\",\"target\":{\"@type\":\"EntryPoint\",\"urlTemplate\":\"https:\/\/www.charita.sk\/svet\/?s={search_term_string}\"},\"query-input\":{\"@type\":\"PropertyValueSpecification\",\"valueRequired\":true,\"valueName\":\"search_term_string\"}}],\"inLanguage\":\"sk-SK\"},{\"@type\":\"Organization\",\"@id\":\"https:\/\/www.charita.sk\/svet\/#organization\",\"name\":\"Slovensk\u00e1 katol\u00edcka charita\",\"url\":\"https:\/\/www.charita.sk\/svet\/\",\"logo\":{\"@type\":\"ImageObject\",\"inLanguage\":\"sk-SK\",\"@id\":\"https:\/\/www.charita.sk\/svet\/#\/schema\/logo\/image\/\",\"url\":\"https:\/\/www.charita.sk\/pomoc-utecencom\/wp-content\/uploads\/2020\/11\/logo_pomoc_utecencom.jpg\",\"contentUrl\":\"https:\/\/www.charita.sk\/pomoc-utecencom\/wp-content\/uploads\/2020\/11\/logo_pomoc_utecencom.jpg\",\"width\":1712,\"height\":480,\"caption\":\"Slovensk\u00e1 katol\u00edcka charita\"},\"image\":{\"@id\":\"https:\/\/www.charita.sk\/svet\/#\/schema\/logo\/image\/\"},\"sameAs\":[\"https:\/\/www.facebook.com\/CaritasSlovakia\/\",\"https:\/\/www.instagram.com\/caritas_slovakia\/\",\"https:\/\/www.linkedin.com\/company\/caritas-slovakia-skch-\",\"https:\/\/www.youtube.com\/user\/katolickacharita\"]}]}<\/script>\n<!-- \/ Yoast SEO plugin. -->","yoast_head_json":{"title":"Ukrajina | Charita vo svete","robots":{"index":"index","follow":"follow","max-snippet":"max-snippet:-1","max-image-preview":"max-image-preview:large","max-video-preview":"max-video-preview:-1"},"canonical":"https:\/\/www.charita.sk\/svet\/ukrajina\/","og_locale":"sk_SK","og_type":"article","og_title":"Ukrajina | Charita vo svete","og_description":"Slovensk\u00e1 katol\u00edcka charita stoj\u00ed pri ukrajinskom \u013eude u\u017e od roku 2014. Na\u0161a [&hellip;]","og_url":"https:\/\/www.charita.sk\/svet\/ukrajina\/","og_site_name":"Charita vo svete","article_publisher":"https:\/\/www.facebook.com\/CaritasSlovakia\/","article_modified_time":"2026-03-04T14:31:31+00:00","og_image":[{"width":512,"height":512,"url":"https:\/\/www.charita.sk\/svet\/wp-content\/uploads\/2022\/02\/ukraine.png","type":"image\/png"}],"twitter_card":"summary_large_image","twitter_misc":{"Predpokladan\u00fd \u010das \u010d\u00edtania":"4 min\u00faty"},"schema":{"@context":"https:\/\/schema.org","@graph":[{"@type":"WebPage","@id":"https:\/\/www.charita.sk\/svet\/ukrajina\/","url":"https:\/\/www.charita.sk\/svet\/ukrajina\/","name":"Ukrajina | Charita vo svete","isPartOf":{"@id":"https:\/\/www.charita.sk\/svet\/#website"},"primaryImageOfPage":{"@id":"https:\/\/www.charita.sk\/svet\/ukrajina\/#primaryimage"},"image":{"@id":"https:\/\/www.charita.sk\/svet\/ukrajina\/#primaryimage"},"thumbnailUrl":"https:\/\/www.charita.sk\/svet\/wp-content\/uploads\/2022\/02\/ukraine-150x150.png","datePublished":"2022-02-09T09:00:03+00:00","dateModified":"2026-03-04T14:31:31+00:00","breadcrumb":{"@id":"https:\/\/www.charita.sk\/svet\/ukrajina\/#breadcrumb"},"inLanguage":"sk-SK","potentialAction":[{"@type":"ReadAction","target":["https:\/\/www.charita.sk\/svet\/ukrajina\/"]}]},{"@type":"ImageObject","inLanguage":"sk-SK","@id":"https:\/\/www.charita.sk\/svet\/ukrajina\/#primaryimage","url":"https:\/\/www.charita.sk\/svet\/wp-content\/uploads\/2022\/02\/ukraine.png","contentUrl":"https:\/\/www.charita.sk\/svet\/wp-content\/uploads\/2022\/02\/ukraine.png","width":512,"height":512},{"@type":"BreadcrumbList","@id":"https:\/\/www.charita.sk\/svet\/ukrajina\/#breadcrumb","itemListElement":[{"@type":"ListItem","position":1,"name":"Domovsk\u00e1 str\u00e1nka","item":"https:\/\/www.charita.sk\/svet\/"},{"@type":"ListItem","position":2,"name":"Ukrajina"}]},{"@type":"WebSite","@id":"https:\/\/www.charita.sk\/svet\/#website","url":"https:\/\/www.charita.sk\/svet\/","name":"Charita vo svete","description":"Slovensk\u00e1 katol\u00edcka charita pom\u00e1ha \u013eu\u010fom v n\u00fadzi vo svete","publisher":{"@id":"https:\/\/www.charita.sk\/svet\/#organization"},"potentialAction":[{"@type":"SearchAction","target":{"@type":"EntryPoint","urlTemplate":"https:\/\/www.charita.sk\/svet\/?s={search_term_string}"},"query-input":{"@type":"PropertyValueSpecification","valueRequired":true,"valueName":"search_term_string"}}],"inLanguage":"sk-SK"},{"@type":"Organization","@id":"https:\/\/www.charita.sk\/svet\/#organization","name":"Slovensk\u00e1 katol\u00edcka charita","url":"https:\/\/www.charita.sk\/svet\/","logo":{"@type":"ImageObject","inLanguage":"sk-SK","@id":"https:\/\/www.charita.sk\/svet\/#\/schema\/logo\/image\/","url":"https:\/\/www.charita.sk\/pomoc-utecencom\/wp-content\/uploads\/2020\/11\/logo_pomoc_utecencom.jpg","contentUrl":"https:\/\/www.charita.sk\/pomoc-utecencom\/wp-content\/uploads\/2020\/11\/logo_pomoc_utecencom.jpg","width":1712,"height":480,"caption":"Slovensk\u00e1 katol\u00edcka charita"},"image":{"@id":"https:\/\/www.charita.sk\/svet\/#\/schema\/logo\/image\/"},"sameAs":["https:\/\/www.facebook.com\/CaritasSlovakia\/","https:\/\/www.instagram.com\/caritas_slovakia\/","https:\/\/www.linkedin.com\/company\/caritas-slovakia-skch-","https:\/\/www.youtube.com\/user\/katolickacharita"]}]}},"featured_image_src":null,"featured_image_src_square":null,"_links":{"self":[{"href":"https:\/\/www.charita.sk\/svet\/wp-json\/wp\/v2\/pages\/1857","targetHints":{"allow":["GET"]}}],"collection":[{"href":"https:\/\/www.charita.sk\/svet\/wp-json\/wp\/v2\/pages"}],"about":[{"href":"https:\/\/www.charita.sk\/svet\/wp-json\/wp\/v2\/types\/page"}],"author":[{"embeddable":true,"href":"https:\/\/www.charita.sk\/svet\/wp-json\/wp\/v2\/users\/2"}],"replies":[{"embeddable":true,"href":"https:\/\/www.charita.sk\/svet\/wp-json\/wp\/v2\/comments?post=1857"}],"version-history":[{"count":43,"href":"https:\/\/www.charita.sk\/svet\/wp-json\/wp\/v2\/pages\/1857\/revisions"}],"predecessor-version":[{"id":3544,"href":"https:\/\/www.charita.sk\/svet\/wp-json\/wp\/v2\/pages\/1857\/revisions\/3544"}],"wp:attachment":[{"href":"https:\/\/www.charita.sk\/svet\/wp-json\/wp\/v2\/media?parent=1857"}],"curies":[{"name":"wp","href":"https:\/\/api.w.org\/{rel}","templated":true}]}}