{"id":1891,"date":"2022-02-18T10:37:43","date_gmt":"2022-02-18T09:37:43","guid":{"rendered":"https:\/\/www.charita.sk\/pomoc-utecencom\/?page_id=1891"},"modified":"2022-02-18T10:37:43","modified_gmt":"2022-02-18T09:37:43","slug":"podpora-pre-rodinne-centrum","status":"publish","type":"page","link":"https:\/\/www.charita.sk\/svet\/podpora-pre-rodinne-centrum\/","title":{"rendered":"Podpora pre rodinn\u00e9 centrum"},"content":{"rendered":"\n<p class=\"has-white-color has-text-color has-background\" style=\"background-color:#c42f41\"><strong>N\u00e1zov projektu:<\/strong>\u00a0Podpora rodinn\u00e9ho centra v\u00a0meste Al-Qamishli<br><strong>Miesto implement\u00e1cie:<\/strong>\u00a0Al-Qamishli, Governor\u00e1t Al-Hassaka, severov\u00fdchodn\u00e1 S\u00fdria<br><strong>Projektov\u00fd partner:<\/strong>\u00a0Syriac Cross<br><strong>Po\u010det pr\u00edjemcov pomoci:<\/strong>\u00a0100+<br><strong>Suma na podporu projektu:<\/strong>\u00a021 750 EUR<\/p>\n\n\n\n<p>Projekt zabezpe\u010d\u00ed prev\u00e1dzku rodinn\u00e9ho centra na \u010fal\u0161\u00edch 12 mesiacov jeho slu\u017eby pre \u010dlenov miestnej komunity.<\/p>\n\n\n\n<p>Zameriava sa na starostlivos\u0165 o skupiny \u017eien, det\u00ed a ml\u00e1de\u017ee, ktor\u00ed boli zasiahnut\u00ed traumami ozbrojen\u00e9ho konfliktu v krajine. Pomoc, ktor\u00fa poskytuje, je v\u0161ak prospe\u0161n\u00e1 aj pre star\u0161ie osoby a osoby so zdravotn\u00fdm postihnut\u00edm.<\/p>\n\n\n\n<p class=\"has-text-align-center has-background\" style=\"background-color:#e2e2e2\"><strong>Projekt finan\u010dne podporuje\u00a0<a rel=\"noreferrer noopener\" href=\"https:\/\/kbs.sk\" target=\"_blank\">Konferencia biskupov Slovenska<\/a><\/strong><\/p>\n\n\n\n<p>V S\u00fdrii v s\u00fa\u010dasnosti trp\u00ed mnoho \u017eien a det\u00ed traumatizuj\u00facimi z\u00e1\u017eitkami. Ich zlo\u017eit\u00e1 finan\u010dn\u00e1 situ\u00e1cia je \u010fal\u0161ou ve\u013ekou v\u00fdzvou pre tieto rodiny. Projekt pom\u00e1ha pr\u00edslu\u0161n\u00edkom r\u00f4znych n\u00e1bo\u017eensk\u00fdch a etnick\u00fdch skup\u00edn a je ur\u010den\u00fd predov\u0161etk\u00fdm pre \u017eeny, ktor\u00e9 s\u00fa soci\u00e1lne a finan\u010dne v n\u00fadzi. Bez diskrimin\u00e1cie tak pom\u00e1ha najzranite\u013enej\u0161\u00edm v spolo\u010dnosti.<\/p>\n\n\n\n<p>Rodinn\u00e9 centrum vedie \u017eeny k prevzatiu zodpovednosti za svoj \u017eivot, \u010do v kontexte Bl\u00edzkeho v\u00fdchodu znamen\u00e1 zmenu od klasick\u00e9ho stereotypu izol\u00e1cie v dom\u00e1cnosti a vedie ich k v\u00e4\u010d\u0161ej nez\u00e1vislosti prostredn\u00edctvom sebarealiz\u00e1cie. \u017deny nie s\u00fa v\u017edy schopn\u00e9 podporova\u0165 svoje deti vzh\u013eadom na tlak okolnost\u00ed, ktor\u00fd ka\u017ed\u00fd de\u0148 za\u017e\u00edvaj\u00fa. Projekt preto kladie d\u00f4raz na posilnenie sebavedomia \u017eien prostredn\u00edctvom poskytovania praktick\u00fdch zru\u010dnost\u00ed vo forme v\u00fdcviku prvej pomoci a kurzov \u0161itia. V\u010faka kurzu maj\u00fa \u017eeny mo\u017enos\u0165 nielen poskytn\u00fa\u0165 oble\u010denie napr\u00edklad svojej vlastnej rodine, ale tie\u017e pred\u00e1va\u0165 svoje v\u00fdrobky, \u010do zlep\u0161uje ich finan\u010dn\u00e9 postavenie.<\/p>\n\n\n\n<p>\u010eal\u0161\u00edm a rovnako d\u00f4le\u017eit\u00fdm prvkom projektu je profesion\u00e1lny person\u00e1l. Ve\u013ea akademikov, lek\u00e1rov, ale aj terapeutov a psychol\u00f3gov a u\u010dite\u013eov opustilo krajinu hne\u010f na za\u010diatku kr\u00edzy. To viedlo na mnoh\u00fdch miestach k nedostatku vhodn\u00fdch odborn\u00edkov. Projekt vytv\u00e1ra pr\u00edle\u017eitos\u0165 v r\u00e1mci dan\u00fdch mo\u017enost\u00ed vhodn\u00e9 podmienky pre ich odborn\u00fa \u010dinnos\u0165 v\u010faka \u010domu zni\u017euje pravdepodobnos\u0165 ich migr\u00e1cie a z\u00e1rove\u0148 im umo\u017e\u0148uje pom\u00e1ha\u0165 \u013eu\u010fom v n\u00fadzi.<\/p>\n\n\n\n<p>Projekt pom\u00e1ha de\u0165om podporou ich sebavedomia prostredn\u00edctvom hod\u00edn hudby. Cez arteterapiu ich povzbudzuje, aby spracov\u00e1vali svoje traumatick\u00e9 z\u00e1\u017eitky a v spolupr\u00e1ci so psychol\u00f3gom tak maj\u00fa pr\u00edle\u017eitos\u0165 za\u010da\u0165 sa vyrovn\u00e1va\u0165 s traumami., ktor\u00e9 pre\u017eili.<\/p>\n\n\n\n<p>Aby bolo mo\u017e\u00e9 riadi\u0165 v\u0161etky projekty a splni\u0165 v\u0161etky jeho ciele, je potrebn\u00e9 zabezpe\u010di\u0165 pre jednotliv\u00e9 poz\u00edcie kvalifikovan\u00fdch pracovn\u00edkov. Na v\u0161etky \u0161koliace kurzy boli nasaden\u00ed odborn\u00edci vo svojom odbore (u\u010dite\u013e kreslenia, u\u010dite\u013e hudby, u\u010dite\u013e anglick\u00e9ho jazyka, tr\u00e9ner prvej pomoci a psychol\u00f3g a tie\u017e po\u010d\u00edta\u010dov\u00ed odborn\u00edci). V\u010faka ich expert\u00edze je rodinn\u00e9 centrum schopn\u00e9 zaru\u010di\u0165 kvalitu \u0161kolen\u00ed, z ktor\u00fdch profituj\u00fa ich \u00fa\u010dastn\u00edci.<\/p>\n","protected":false},"excerpt":{"rendered":"<p>N\u00e1zov projektu:\u00a0Podpora rodinn\u00e9ho centra v\u00a0meste Al-QamishliMiesto implement\u00e1cie:\u00a0Al-Qamishli, Governor\u00e1t Al-Hassaka, severov\u00fdchodn\u00e1 S\u00fdriaProjektov\u00fd partner:\u00a0Syriac [&hellip;]<\/p>\n","protected":false},"author":2,"featured_media":0,"parent":0,"menu_order":0,"comment_status":"closed","ping_status":"closed","template":"","meta":{"footnotes":""},"class_list":["post-1891","page","type-page","status-publish","hentry"],"yoast_head":"<!-- This site is optimized with the Yoast SEO plugin v25.4 - https:\/\/yoast.com\/wordpress\/plugins\/seo\/ -->\n<title>Podpora pre rodinn\u00e9 centrum | Charita vo svete<\/title>\n<meta name=\"robots\" content=\"index, follow, max-snippet:-1, max-image-preview:large, max-video-preview:-1\" \/>\n<link rel=\"canonical\" href=\"https:\/\/www.charita.sk\/svet\/podpora-pre-rodinne-centrum\/\" \/>\n<meta property=\"og:locale\" content=\"sk_SK\" \/>\n<meta property=\"og:type\" content=\"article\" \/>\n<meta property=\"og:title\" content=\"Podpora pre rodinn\u00e9 centrum | Charita vo svete\" \/>\n<meta property=\"og:description\" content=\"N\u00e1zov projektu:\u00a0Podpora rodinn\u00e9ho centra v\u00a0meste Al-QamishliMiesto implement\u00e1cie:\u00a0Al-Qamishli, Governor\u00e1t Al-Hassaka, severov\u00fdchodn\u00e1 S\u00fdriaProjektov\u00fd partner:\u00a0Syriac [&hellip;]\" \/>\n<meta property=\"og:url\" content=\"https:\/\/www.charita.sk\/svet\/podpora-pre-rodinne-centrum\/\" \/>\n<meta property=\"og:site_name\" content=\"Charita vo svete\" \/>\n<meta property=\"article:publisher\" content=\"https:\/\/www.facebook.com\/CaritasSlovakia\/\" \/>\n<meta name=\"twitter:card\" content=\"summary_large_image\" \/>\n<meta name=\"twitter:label1\" content=\"Predpokladan\u00fd \u010das \u010d\u00edtania\" \/>\n\t<meta name=\"twitter:data1\" content=\"3 min\u00faty\" \/>\n<script type=\"application\/ld+json\" class=\"yoast-schema-graph\">{\"@context\":\"https:\/\/schema.org\",\"@graph\":[{\"@type\":\"WebPage\",\"@id\":\"https:\/\/www.charita.sk\/svet\/podpora-pre-rodinne-centrum\/\",\"url\":\"https:\/\/www.charita.sk\/svet\/podpora-pre-rodinne-centrum\/\",\"name\":\"Podpora pre rodinn\u00e9 centrum | Charita vo svete\",\"isPartOf\":{\"@id\":\"https:\/\/www.charita.sk\/svet\/#website\"},\"datePublished\":\"2022-02-18T09:37:43+00:00\",\"breadcrumb\":{\"@id\":\"https:\/\/www.charita.sk\/svet\/podpora-pre-rodinne-centrum\/#breadcrumb\"},\"inLanguage\":\"sk-SK\",\"potentialAction\":[{\"@type\":\"ReadAction\",\"target\":[\"https:\/\/www.charita.sk\/svet\/podpora-pre-rodinne-centrum\/\"]}]},{\"@type\":\"BreadcrumbList\",\"@id\":\"https:\/\/www.charita.sk\/svet\/podpora-pre-rodinne-centrum\/#breadcrumb\",\"itemListElement\":[{\"@type\":\"ListItem\",\"position\":1,\"name\":\"Domovsk\u00e1 str\u00e1nka\",\"item\":\"https:\/\/www.charita.sk\/svet\/\"},{\"@type\":\"ListItem\",\"position\":2,\"name\":\"Podpora pre rodinn\u00e9 centrum\"}]},{\"@type\":\"WebSite\",\"@id\":\"https:\/\/www.charita.sk\/svet\/#website\",\"url\":\"https:\/\/www.charita.sk\/svet\/\",\"name\":\"Charita vo svete\",\"description\":\"Slovensk\u00e1 katol\u00edcka charita pom\u00e1ha \u013eu\u010fom v n\u00fadzi vo svete\",\"publisher\":{\"@id\":\"https:\/\/www.charita.sk\/svet\/#organization\"},\"potentialAction\":[{\"@type\":\"SearchAction\",\"target\":{\"@type\":\"EntryPoint\",\"urlTemplate\":\"https:\/\/www.charita.sk\/svet\/?s={search_term_string}\"},\"query-input\":{\"@type\":\"PropertyValueSpecification\",\"valueRequired\":true,\"valueName\":\"search_term_string\"}}],\"inLanguage\":\"sk-SK\"},{\"@type\":\"Organization\",\"@id\":\"https:\/\/www.charita.sk\/svet\/#organization\",\"name\":\"Slovensk\u00e1 katol\u00edcka charita\",\"url\":\"https:\/\/www.charita.sk\/svet\/\",\"logo\":{\"@type\":\"ImageObject\",\"inLanguage\":\"sk-SK\",\"@id\":\"https:\/\/www.charita.sk\/svet\/#\/schema\/logo\/image\/\",\"url\":\"https:\/\/www.charita.sk\/pomoc-utecencom\/wp-content\/uploads\/2020\/11\/logo_pomoc_utecencom.jpg\",\"contentUrl\":\"https:\/\/www.charita.sk\/pomoc-utecencom\/wp-content\/uploads\/2020\/11\/logo_pomoc_utecencom.jpg\",\"width\":1712,\"height\":480,\"caption\":\"Slovensk\u00e1 katol\u00edcka charita\"},\"image\":{\"@id\":\"https:\/\/www.charita.sk\/svet\/#\/schema\/logo\/image\/\"},\"sameAs\":[\"https:\/\/www.facebook.com\/CaritasSlovakia\/\",\"https:\/\/www.instagram.com\/caritas_slovakia\/\",\"https:\/\/www.linkedin.com\/company\/caritas-slovakia-skch-\",\"https:\/\/www.youtube.com\/user\/katolickacharita\"]}]}<\/script>\n<!-- \/ Yoast SEO plugin. -->","yoast_head_json":{"title":"Podpora pre rodinn\u00e9 centrum | Charita vo svete","robots":{"index":"index","follow":"follow","max-snippet":"max-snippet:-1","max-image-preview":"max-image-preview:large","max-video-preview":"max-video-preview:-1"},"canonical":"https:\/\/www.charita.sk\/svet\/podpora-pre-rodinne-centrum\/","og_locale":"sk_SK","og_type":"article","og_title":"Podpora pre rodinn\u00e9 centrum | Charita vo svete","og_description":"N\u00e1zov projektu:\u00a0Podpora rodinn\u00e9ho centra v\u00a0meste Al-QamishliMiesto implement\u00e1cie:\u00a0Al-Qamishli, Governor\u00e1t Al-Hassaka, severov\u00fdchodn\u00e1 S\u00fdriaProjektov\u00fd partner:\u00a0Syriac [&hellip;]","og_url":"https:\/\/www.charita.sk\/svet\/podpora-pre-rodinne-centrum\/","og_site_name":"Charita vo svete","article_publisher":"https:\/\/www.facebook.com\/CaritasSlovakia\/","twitter_card":"summary_large_image","twitter_misc":{"Predpokladan\u00fd \u010das \u010d\u00edtania":"3 min\u00faty"},"schema":{"@context":"https:\/\/schema.org","@graph":[{"@type":"WebPage","@id":"https:\/\/www.charita.sk\/svet\/podpora-pre-rodinne-centrum\/","url":"https:\/\/www.charita.sk\/svet\/podpora-pre-rodinne-centrum\/","name":"Podpora pre rodinn\u00e9 centrum | Charita vo svete","isPartOf":{"@id":"https:\/\/www.charita.sk\/svet\/#website"},"datePublished":"2022-02-18T09:37:43+00:00","breadcrumb":{"@id":"https:\/\/www.charita.sk\/svet\/podpora-pre-rodinne-centrum\/#breadcrumb"},"inLanguage":"sk-SK","potentialAction":[{"@type":"ReadAction","target":["https:\/\/www.charita.sk\/svet\/podpora-pre-rodinne-centrum\/"]}]},{"@type":"BreadcrumbList","@id":"https:\/\/www.charita.sk\/svet\/podpora-pre-rodinne-centrum\/#breadcrumb","itemListElement":[{"@type":"ListItem","position":1,"name":"Domovsk\u00e1 str\u00e1nka","item":"https:\/\/www.charita.sk\/svet\/"},{"@type":"ListItem","position":2,"name":"Podpora pre rodinn\u00e9 centrum"}]},{"@type":"WebSite","@id":"https:\/\/www.charita.sk\/svet\/#website","url":"https:\/\/www.charita.sk\/svet\/","name":"Charita vo svete","description":"Slovensk\u00e1 katol\u00edcka charita pom\u00e1ha \u013eu\u010fom v n\u00fadzi vo svete","publisher":{"@id":"https:\/\/www.charita.sk\/svet\/#organization"},"potentialAction":[{"@type":"SearchAction","target":{"@type":"EntryPoint","urlTemplate":"https:\/\/www.charita.sk\/svet\/?s={search_term_string}"},"query-input":{"@type":"PropertyValueSpecification","valueRequired":true,"valueName":"search_term_string"}}],"inLanguage":"sk-SK"},{"@type":"Organization","@id":"https:\/\/www.charita.sk\/svet\/#organization","name":"Slovensk\u00e1 katol\u00edcka charita","url":"https:\/\/www.charita.sk\/svet\/","logo":{"@type":"ImageObject","inLanguage":"sk-SK","@id":"https:\/\/www.charita.sk\/svet\/#\/schema\/logo\/image\/","url":"https:\/\/www.charita.sk\/pomoc-utecencom\/wp-content\/uploads\/2020\/11\/logo_pomoc_utecencom.jpg","contentUrl":"https:\/\/www.charita.sk\/pomoc-utecencom\/wp-content\/uploads\/2020\/11\/logo_pomoc_utecencom.jpg","width":1712,"height":480,"caption":"Slovensk\u00e1 katol\u00edcka charita"},"image":{"@id":"https:\/\/www.charita.sk\/svet\/#\/schema\/logo\/image\/"},"sameAs":["https:\/\/www.facebook.com\/CaritasSlovakia\/","https:\/\/www.instagram.com\/caritas_slovakia\/","https:\/\/www.linkedin.com\/company\/caritas-slovakia-skch-","https:\/\/www.youtube.com\/user\/katolickacharita"]}]}},"featured_image_src":null,"featured_image_src_square":null,"_links":{"self":[{"href":"https:\/\/www.charita.sk\/svet\/wp-json\/wp\/v2\/pages\/1891","targetHints":{"allow":["GET"]}}],"collection":[{"href":"https:\/\/www.charita.sk\/svet\/wp-json\/wp\/v2\/pages"}],"about":[{"href":"https:\/\/www.charita.sk\/svet\/wp-json\/wp\/v2\/types\/page"}],"author":[{"embeddable":true,"href":"https:\/\/www.charita.sk\/svet\/wp-json\/wp\/v2\/users\/2"}],"replies":[{"embeddable":true,"href":"https:\/\/www.charita.sk\/svet\/wp-json\/wp\/v2\/comments?post=1891"}],"version-history":[{"count":1,"href":"https:\/\/www.charita.sk\/svet\/wp-json\/wp\/v2\/pages\/1891\/revisions"}],"predecessor-version":[{"id":1892,"href":"https:\/\/www.charita.sk\/svet\/wp-json\/wp\/v2\/pages\/1891\/revisions\/1892"}],"wp:attachment":[{"href":"https:\/\/www.charita.sk\/svet\/wp-json\/wp\/v2\/media?parent=1891"}],"curies":[{"name":"wp","href":"https:\/\/api.w.org\/{rel}","templated":true}]}}