{"id":1907,"date":"2022-02-23T18:09:57","date_gmt":"2022-02-23T17:09:57","guid":{"rendered":"https:\/\/www.charita.sk\/pomoc-utecencom\/?page_id=1907"},"modified":"2022-02-23T18:09:58","modified_gmt":"2022-02-23T17:09:58","slug":"podpora-pre-skoliace-stredisko-pre-zeny","status":"publish","type":"page","link":"https:\/\/www.charita.sk\/svet\/podpora-pre-skoliace-stredisko-pre-zeny\/","title":{"rendered":"Podpora pre \u0161koliace stredisko pre \u017eeny"},"content":{"rendered":"\n<p class=\"has-white-color has-text-color has-background\" style=\"background-color:#c42f41\"><strong>N\u00e1zov projektu:<\/strong>\u00a0Podpora pre \u0161koliace stredisko pre \u017eeny<br><strong>Miesto implement\u00e1cie:<\/strong>\u00a0Al-Hassaka, Governor\u00e1t Al-Hassaka, severov\u00fdchodn\u00e1 S\u00fdria<br><strong>Projektov\u00fd partner:<\/strong>\u00a0Syriac Cross<br><strong>Po\u010det pr\u00edjemcov pomoci:<\/strong>\u00a0200+<br><strong>Suma na podporu projektu:<\/strong>\u00a012 500 EUR<\/p>\n\n\n\n<p>Predkladan\u00fd projekt zabezpe\u010d\u00ed prev\u00e1dzku \u0161koliaceho strediska na \u010fal\u0161\u00edch 12 mesiacov jeho slu\u017eby pre miestnu komunitu \u017eien a matiek s de\u0165mi.<\/p>\n\n\n\n<p class=\"has-text-align-center has-background\" style=\"background-color:#e2e2e2\"><strong>Projekt finan\u010dne podporuje\u00a0<a rel=\"noreferrer noopener\" href=\"https:\/\/kbs.sk\" target=\"_blank\">Konferencia biskupov Slovenska<\/a><\/strong><\/p>\n\n\n\n<p>V d\u00f4sledku ozbrojen\u00e9ho konfliktu v S\u00fdrii stratilo ve\u013ea \u017eien man\u017eela, \u017eivite\u013ea rodiny, a stali sa z nich vdovy, ktor\u00e9 sa tak musia stara\u0165 o svoje rodiny, \u010do je v kontexte majoritne moslimskej krajiny ve\u013emi n\u00e1ro\u010dn\u00e9.<\/p>\n\n\n\n<p>\u0164a\u017ekosti maj\u00fa aj diev\u010dat\u00e1 a mlad\u00e9 \u017eeny, pre ktor\u00e9 je \u010dasto nebezpe\u010dn\u00e9 cestova\u0165 osamote za vzdelan\u00edm alebo pr\u00e1cou. Okrem toho mnoh\u00e9 rodiny\/\u017eeny s de\u0165mi opustili svoje domovy kv\u00f4li bojom v ich mest\u00e1ch a \u017eij\u00fa v proviz\u00f3rnych podmienkach ako vn\u00fatorne vys\u00eddlen\u00e9 osoby.<\/p>\n\n\n\n<p>Cie\u013eom \u0161koliaceho strediska je poskytn\u00fa\u0165 miestnym \u017een\u00e1m pr\u00edle\u017eitos\u0165 z\u00edska\u0165 nov\u00e9 zru\u010dnosti a zv\u00fd\u0161i\u0165 tak ich \u0161ance na starostlivos\u0165 o svoje rodiny. \u0160koliace stredisko bolo zrekon\u0161truovan\u00e9 v\u010faka finan\u010dnej podpore KBS a spolupr\u00e1ci SKCH so Syriac Cross.<\/p>\n\n\n\n<p>V s\u00fa\u010dasnosti prebiehaj\u00fa kurzy zameran\u00e9 na pr\u00e1cu s po\u010d\u00edta\u010dom, prv\u00fa pomoc, kadern\u00edctvo, kozmetiku a kraj\u010d\u00edrstvo. \u017den\u00e1m sa poskytuje aj psychologick\u00e9 poradenstvo, ktor\u00e9 im pom\u00e1ha prekona\u0165 traumu a prispieva k ich integr\u00e1cii do nov\u00fdch \u017eivotn\u00fdch podmienok.<\/p>\n\n\n\n<p>Centrum zaznamen\u00e1va ve\u013emi dobr\u00e9 v\u00fdsledky. Jeho absolventky z\u00edskavaj\u00fa nov\u00e9 zru\u010dnosti, sebavedomie a komunitu, ktor\u00e1 pom\u00e1ha nielen sebe, ale aj cel\u00fdm ich rodin\u00e1m a miestnej spolo\u010dnosti.<\/p>\n","protected":false},"excerpt":{"rendered":"<p>N\u00e1zov projektu:\u00a0Podpora pre \u0161koliace stredisko pre \u017eenyMiesto implement\u00e1cie:\u00a0Al-Hassaka, Governor\u00e1t Al-Hassaka, severov\u00fdchodn\u00e1 S\u00fdriaProjektov\u00fd [&hellip;]<\/p>\n","protected":false},"author":2,"featured_media":0,"parent":0,"menu_order":0,"comment_status":"closed","ping_status":"closed","template":"","meta":{"footnotes":""},"class_list":["post-1907","page","type-page","status-publish","hentry"],"yoast_head":"<!-- This site is optimized with the Yoast SEO plugin v25.4 - https:\/\/yoast.com\/wordpress\/plugins\/seo\/ -->\n<title>Podpora pre \u0161koliace stredisko pre \u017eeny | Charita vo svete<\/title>\n<meta name=\"robots\" content=\"index, follow, max-snippet:-1, max-image-preview:large, max-video-preview:-1\" \/>\n<link rel=\"canonical\" href=\"https:\/\/www.charita.sk\/svet\/podpora-pre-skoliace-stredisko-pre-zeny\/\" \/>\n<meta property=\"og:locale\" content=\"sk_SK\" \/>\n<meta property=\"og:type\" content=\"article\" \/>\n<meta property=\"og:title\" content=\"Podpora pre \u0161koliace stredisko pre \u017eeny | Charita vo svete\" \/>\n<meta property=\"og:description\" content=\"N\u00e1zov projektu:\u00a0Podpora pre \u0161koliace stredisko pre \u017eenyMiesto implement\u00e1cie:\u00a0Al-Hassaka, Governor\u00e1t Al-Hassaka, severov\u00fdchodn\u00e1 S\u00fdriaProjektov\u00fd [&hellip;]\" \/>\n<meta property=\"og:url\" content=\"https:\/\/www.charita.sk\/svet\/podpora-pre-skoliace-stredisko-pre-zeny\/\" \/>\n<meta property=\"og:site_name\" content=\"Charita vo svete\" \/>\n<meta property=\"article:publisher\" content=\"https:\/\/www.facebook.com\/CaritasSlovakia\/\" \/>\n<meta property=\"article:modified_time\" content=\"2022-02-23T17:09:58+00:00\" \/>\n<meta name=\"twitter:card\" content=\"summary_large_image\" \/>\n<meta name=\"twitter:label1\" content=\"Predpokladan\u00fd \u010das \u010d\u00edtania\" \/>\n\t<meta name=\"twitter:data1\" content=\"1 min\u00fata\" \/>\n<script type=\"application\/ld+json\" class=\"yoast-schema-graph\">{\"@context\":\"https:\/\/schema.org\",\"@graph\":[{\"@type\":\"WebPage\",\"@id\":\"https:\/\/www.charita.sk\/svet\/podpora-pre-skoliace-stredisko-pre-zeny\/\",\"url\":\"https:\/\/www.charita.sk\/svet\/podpora-pre-skoliace-stredisko-pre-zeny\/\",\"name\":\"Podpora pre \u0161koliace stredisko pre \u017eeny | Charita vo svete\",\"isPartOf\":{\"@id\":\"https:\/\/www.charita.sk\/svet\/#website\"},\"datePublished\":\"2022-02-23T17:09:57+00:00\",\"dateModified\":\"2022-02-23T17:09:58+00:00\",\"breadcrumb\":{\"@id\":\"https:\/\/www.charita.sk\/svet\/podpora-pre-skoliace-stredisko-pre-zeny\/#breadcrumb\"},\"inLanguage\":\"sk-SK\",\"potentialAction\":[{\"@type\":\"ReadAction\",\"target\":[\"https:\/\/www.charita.sk\/svet\/podpora-pre-skoliace-stredisko-pre-zeny\/\"]}]},{\"@type\":\"BreadcrumbList\",\"@id\":\"https:\/\/www.charita.sk\/svet\/podpora-pre-skoliace-stredisko-pre-zeny\/#breadcrumb\",\"itemListElement\":[{\"@type\":\"ListItem\",\"position\":1,\"name\":\"Domovsk\u00e1 str\u00e1nka\",\"item\":\"https:\/\/www.charita.sk\/svet\/\"},{\"@type\":\"ListItem\",\"position\":2,\"name\":\"Podpora pre \u0161koliace stredisko pre \u017eeny\"}]},{\"@type\":\"WebSite\",\"@id\":\"https:\/\/www.charita.sk\/svet\/#website\",\"url\":\"https:\/\/www.charita.sk\/svet\/\",\"name\":\"Charita vo svete\",\"description\":\"Slovensk\u00e1 katol\u00edcka charita pom\u00e1ha \u013eu\u010fom v n\u00fadzi vo svete\",\"publisher\":{\"@id\":\"https:\/\/www.charita.sk\/svet\/#organization\"},\"potentialAction\":[{\"@type\":\"SearchAction\",\"target\":{\"@type\":\"EntryPoint\",\"urlTemplate\":\"https:\/\/www.charita.sk\/svet\/?s={search_term_string}\"},\"query-input\":{\"@type\":\"PropertyValueSpecification\",\"valueRequired\":true,\"valueName\":\"search_term_string\"}}],\"inLanguage\":\"sk-SK\"},{\"@type\":\"Organization\",\"@id\":\"https:\/\/www.charita.sk\/svet\/#organization\",\"name\":\"Slovensk\u00e1 katol\u00edcka charita\",\"url\":\"https:\/\/www.charita.sk\/svet\/\",\"logo\":{\"@type\":\"ImageObject\",\"inLanguage\":\"sk-SK\",\"@id\":\"https:\/\/www.charita.sk\/svet\/#\/schema\/logo\/image\/\",\"url\":\"https:\/\/www.charita.sk\/pomoc-utecencom\/wp-content\/uploads\/2020\/11\/logo_pomoc_utecencom.jpg\",\"contentUrl\":\"https:\/\/www.charita.sk\/pomoc-utecencom\/wp-content\/uploads\/2020\/11\/logo_pomoc_utecencom.jpg\",\"width\":1712,\"height\":480,\"caption\":\"Slovensk\u00e1 katol\u00edcka charita\"},\"image\":{\"@id\":\"https:\/\/www.charita.sk\/svet\/#\/schema\/logo\/image\/\"},\"sameAs\":[\"https:\/\/www.facebook.com\/CaritasSlovakia\/\",\"https:\/\/www.instagram.com\/caritas_slovakia\/\",\"https:\/\/www.linkedin.com\/company\/caritas-slovakia-skch-\",\"https:\/\/www.youtube.com\/user\/katolickacharita\"]}]}<\/script>\n<!-- \/ Yoast SEO plugin. -->","yoast_head_json":{"title":"Podpora pre \u0161koliace stredisko pre \u017eeny | Charita vo svete","robots":{"index":"index","follow":"follow","max-snippet":"max-snippet:-1","max-image-preview":"max-image-preview:large","max-video-preview":"max-video-preview:-1"},"canonical":"https:\/\/www.charita.sk\/svet\/podpora-pre-skoliace-stredisko-pre-zeny\/","og_locale":"sk_SK","og_type":"article","og_title":"Podpora pre \u0161koliace stredisko pre \u017eeny | Charita vo svete","og_description":"N\u00e1zov projektu:\u00a0Podpora pre \u0161koliace stredisko pre \u017eenyMiesto implement\u00e1cie:\u00a0Al-Hassaka, Governor\u00e1t Al-Hassaka, severov\u00fdchodn\u00e1 S\u00fdriaProjektov\u00fd [&hellip;]","og_url":"https:\/\/www.charita.sk\/svet\/podpora-pre-skoliace-stredisko-pre-zeny\/","og_site_name":"Charita vo svete","article_publisher":"https:\/\/www.facebook.com\/CaritasSlovakia\/","article_modified_time":"2022-02-23T17:09:58+00:00","twitter_card":"summary_large_image","twitter_misc":{"Predpokladan\u00fd \u010das \u010d\u00edtania":"1 min\u00fata"},"schema":{"@context":"https:\/\/schema.org","@graph":[{"@type":"WebPage","@id":"https:\/\/www.charita.sk\/svet\/podpora-pre-skoliace-stredisko-pre-zeny\/","url":"https:\/\/www.charita.sk\/svet\/podpora-pre-skoliace-stredisko-pre-zeny\/","name":"Podpora pre \u0161koliace stredisko pre \u017eeny | Charita vo svete","isPartOf":{"@id":"https:\/\/www.charita.sk\/svet\/#website"},"datePublished":"2022-02-23T17:09:57+00:00","dateModified":"2022-02-23T17:09:58+00:00","breadcrumb":{"@id":"https:\/\/www.charita.sk\/svet\/podpora-pre-skoliace-stredisko-pre-zeny\/#breadcrumb"},"inLanguage":"sk-SK","potentialAction":[{"@type":"ReadAction","target":["https:\/\/www.charita.sk\/svet\/podpora-pre-skoliace-stredisko-pre-zeny\/"]}]},{"@type":"BreadcrumbList","@id":"https:\/\/www.charita.sk\/svet\/podpora-pre-skoliace-stredisko-pre-zeny\/#breadcrumb","itemListElement":[{"@type":"ListItem","position":1,"name":"Domovsk\u00e1 str\u00e1nka","item":"https:\/\/www.charita.sk\/svet\/"},{"@type":"ListItem","position":2,"name":"Podpora pre \u0161koliace stredisko pre \u017eeny"}]},{"@type":"WebSite","@id":"https:\/\/www.charita.sk\/svet\/#website","url":"https:\/\/www.charita.sk\/svet\/","name":"Charita vo svete","description":"Slovensk\u00e1 katol\u00edcka charita pom\u00e1ha \u013eu\u010fom v n\u00fadzi vo svete","publisher":{"@id":"https:\/\/www.charita.sk\/svet\/#organization"},"potentialAction":[{"@type":"SearchAction","target":{"@type":"EntryPoint","urlTemplate":"https:\/\/www.charita.sk\/svet\/?s={search_term_string}"},"query-input":{"@type":"PropertyValueSpecification","valueRequired":true,"valueName":"search_term_string"}}],"inLanguage":"sk-SK"},{"@type":"Organization","@id":"https:\/\/www.charita.sk\/svet\/#organization","name":"Slovensk\u00e1 katol\u00edcka charita","url":"https:\/\/www.charita.sk\/svet\/","logo":{"@type":"ImageObject","inLanguage":"sk-SK","@id":"https:\/\/www.charita.sk\/svet\/#\/schema\/logo\/image\/","url":"https:\/\/www.charita.sk\/pomoc-utecencom\/wp-content\/uploads\/2020\/11\/logo_pomoc_utecencom.jpg","contentUrl":"https:\/\/www.charita.sk\/pomoc-utecencom\/wp-content\/uploads\/2020\/11\/logo_pomoc_utecencom.jpg","width":1712,"height":480,"caption":"Slovensk\u00e1 katol\u00edcka charita"},"image":{"@id":"https:\/\/www.charita.sk\/svet\/#\/schema\/logo\/image\/"},"sameAs":["https:\/\/www.facebook.com\/CaritasSlovakia\/","https:\/\/www.instagram.com\/caritas_slovakia\/","https:\/\/www.linkedin.com\/company\/caritas-slovakia-skch-","https:\/\/www.youtube.com\/user\/katolickacharita"]}]}},"featured_image_src":null,"featured_image_src_square":null,"_links":{"self":[{"href":"https:\/\/www.charita.sk\/svet\/wp-json\/wp\/v2\/pages\/1907","targetHints":{"allow":["GET"]}}],"collection":[{"href":"https:\/\/www.charita.sk\/svet\/wp-json\/wp\/v2\/pages"}],"about":[{"href":"https:\/\/www.charita.sk\/svet\/wp-json\/wp\/v2\/types\/page"}],"author":[{"embeddable":true,"href":"https:\/\/www.charita.sk\/svet\/wp-json\/wp\/v2\/users\/2"}],"replies":[{"embeddable":true,"href":"https:\/\/www.charita.sk\/svet\/wp-json\/wp\/v2\/comments?post=1907"}],"version-history":[{"count":1,"href":"https:\/\/www.charita.sk\/svet\/wp-json\/wp\/v2\/pages\/1907\/revisions"}],"predecessor-version":[{"id":1908,"href":"https:\/\/www.charita.sk\/svet\/wp-json\/wp\/v2\/pages\/1907\/revisions\/1908"}],"wp:attachment":[{"href":"https:\/\/www.charita.sk\/svet\/wp-json\/wp\/v2\/media?parent=1907"}],"curies":[{"name":"wp","href":"https:\/\/api.w.org\/{rel}","templated":true}]}}