{"id":2045,"date":"2022-03-01T15:35:02","date_gmt":"2022-03-01T14:35:02","guid":{"rendered":"https:\/\/www.charita.sk\/pomoc-utecencom\/?page_id=2045"},"modified":"2023-01-18T11:13:21","modified_gmt":"2023-01-18T10:13:21","slug":"pomoc-ukrajine","status":"publish","type":"page","link":"https:\/\/www.charita.sk\/svet\/pomoc-ukrajine\/","title":{"rendered":"Pomoc Ukrajine"},"content":{"rendered":"\n<p class=\"has-text-align-center has-medium-font-size\"><strong>Inform\u00e1cie o pomoci \u013eu\u010fom na Ukrajine\ud83c\uddfa\ud83c\udde6 a t\u00fdm, ktor\u00ed prich\u00e1dzaj\u00fa na Slovensko<\/strong>\ud83c\uddf8\ud83c\uddf0<\/p>\n\n\n\n<div class=\"wp-block-columns are-vertically-aligned-top is-layout-flex wp-container-core-columns-is-layout-9d6595d7 wp-block-columns-is-layout-flex\">\n<div class=\"wp-block-column is-vertically-aligned-top is-layout-flow wp-block-column-is-layout-flow\">\n<div style=\"height:30px\" aria-hidden=\"true\" class=\"wp-block-spacer\"><\/div>\n\n\n\n<figure class=\"wp-block-image size-full\"><img fetchpriority=\"high\" decoding=\"async\" width=\"1024\" height=\"683\" src=\"https:\/\/www.charita.sk\/svet\/wp-content\/uploads\/2022\/06\/IMG_8094.jpg\" alt=\"\" class=\"wp-image-2180\" srcset=\"https:\/\/www.charita.sk\/svet\/wp-content\/uploads\/2022\/06\/IMG_8094.jpg 1024w, https:\/\/www.charita.sk\/svet\/wp-content\/uploads\/2022\/06\/IMG_8094-300x200.jpg 300w, https:\/\/www.charita.sk\/svet\/wp-content\/uploads\/2022\/06\/IMG_8094-768x512.jpg 768w, https:\/\/www.charita.sk\/svet\/wp-content\/uploads\/2022\/06\/IMG_8094-600x400.jpg 600w\" sizes=\"(max-width: 1024px) 100vw, 1024px\" \/><\/figure>\n\n\n\n<div class=\"wp-block-buttons is-content-justification-center is-layout-flex wp-container-core-buttons-is-layout-5590e8cb wp-block-buttons-is-layout-flex\">\n<div class=\"wp-block-button\"><a class=\"wp-block-button__link has-white-color has-text-color has-background wp-element-button\" href=\"https:\/\/www.charita.sk\/centra-podpory\/\" style=\"background-color:#c42f41\">Centr\u00e1 podpory &#8211; integr\u00e1cia<\/a><\/div>\n<\/div>\n<\/div>\n\n\n\n<div class=\"wp-block-column is-vertically-aligned-top is-layout-flow wp-block-column-is-layout-flow\">\n<div style=\"height:30px\" aria-hidden=\"true\" class=\"wp-block-spacer\"><\/div>\n\n\n\n<figure class=\"wp-block-image size-large\"><img decoding=\"async\" width=\"1024\" height=\"683\" src=\"https:\/\/www.charita.sk\/svet\/wp-content\/uploads\/2022\/06\/IMG_1237-2-2-1024x683.jpg\" alt=\"\" class=\"wp-image-2198\" srcset=\"https:\/\/www.charita.sk\/svet\/wp-content\/uploads\/2022\/06\/IMG_1237-2-2-1024x683.jpg 1024w, https:\/\/www.charita.sk\/svet\/wp-content\/uploads\/2022\/06\/IMG_1237-2-2-300x200.jpg 300w, https:\/\/www.charita.sk\/svet\/wp-content\/uploads\/2022\/06\/IMG_1237-2-2-768x512.jpg 768w, https:\/\/www.charita.sk\/svet\/wp-content\/uploads\/2022\/06\/IMG_1237-2-2-1536x1024.jpg 1536w, https:\/\/www.charita.sk\/svet\/wp-content\/uploads\/2022\/06\/IMG_1237-2-2-600x400.jpg 600w, https:\/\/www.charita.sk\/svet\/wp-content\/uploads\/2022\/06\/IMG_1237-2-2.jpg 1920w\" sizes=\"(max-width: 1024px) 100vw, 1024px\" \/><\/figure>\n\n\n\n<div class=\"wp-block-buttons is-content-justification-center is-layout-flex wp-container-core-buttons-is-layout-5590e8cb wp-block-buttons-is-layout-flex\">\n<div class=\"wp-block-button\"><a class=\"wp-block-button__link has-white-color has-text-color has-background wp-element-button\" href=\"https:\/\/charita.darujme.sk\/pomozme-ukrajine\/\" style=\"background-color:#c42f41\" target=\"_blank\" rel=\"noreferrer noopener\">Chcem prispie\u0165 finan\u010dne<\/a><\/div>\n<\/div>\n<\/div>\n<\/div>\n\n\n\n<p class=\"has-text-align-center has-background\" style=\"background-color:#d9cb9e\">Prispie\u0165 do zbierky na pomoc \u013eu\u010fom na Ukrajine m\u00f4\u017eete<br><strong>online na\u00a0<a href=\"https:\/\/charita.darujme.sk\/pomozme-ukrajine\/\" target=\"_blank\" rel=\"noreferrer noopener\">charita.darujme.sk\/pomozme-ukrajine\/<\/a><\/strong><br>alebo\u00a0prevodom\u00a0na \u00fa\u010det verejnej zbierky<strong>\u00a0SK93 1100 0000 0029 4546 3097 variabiln\u00fd symbol 380.<\/strong><\/p>\n\n\n\n<div class=\"wp-block-columns is-layout-flex wp-container-core-columns-is-layout-9d6595d7 wp-block-columns-is-layout-flex\">\n<div class=\"wp-block-column is-layout-flow wp-block-column-is-layout-flow\">\n<p class=\"has-medium-font-size\"><strong>Ako pom\u00e1hame na Slovensku<\/strong><\/p>\n\n\n\n<p class=\"has-text-color\" style=\"color:#c42f41\"><strong>V 24 Centr\u00e1ch podpory pon\u00fakame od\u00eddencom:<\/strong><\/p>\n\n\n\n<ul class=\"wp-block-list\">\n<li>humanit\u00e1rnu pomoc<\/li>\n\n\n\n<li>psychologick\u00e9 poradenstvo<\/li>\n\n\n\n<li>pomoc s n\u00e1jden\u00edm ubytovania<\/li>\n\n\n\n<li>pomoc s h\u013eadan\u00edm pr\u00e1ce, \u0161koly a \u0161k\u00f4lky<\/li>\n\n\n\n<li>kurzy slovensk\u00e9ho jazyka<\/li>\n\n\n\n<li>vo\u013eno\u010dasov\u00e9 aktivity<\/li>\n<\/ul>\n\n\n\n<div style=\"height:20px\" aria-hidden=\"true\" class=\"wp-block-spacer\"><\/div>\n\n\n\n<div class=\"wp-block-buttons is-content-justification-center is-layout-flex wp-container-core-buttons-is-layout-16018d1d wp-block-buttons-is-layout-flex\">\n<div class=\"wp-block-button\"><a class=\"wp-block-button__link has-white-color has-text-color has-background wp-element-button\" href=\"https:\/\/www.charita.sk\/centra-podpory\/\" style=\"background-color:#c42f41\">Centr\u00e1 podpory<\/a><\/div>\n<\/div>\n<\/div>\n\n\n\n<div class=\"wp-block-column is-layout-flow wp-block-column-is-layout-flow\">\n<p class=\"has-medium-font-size\"><strong>Ako pom\u00e1hame na Ukrajine<\/strong><\/p>\n\n\n\n<p class=\"has-text-color\" style=\"color:#c42f41\"><strong>V meste Dnipro poskytujeme vys\u00eddlencom:<\/strong><\/p>\n\n\n\n<ul class=\"wp-block-list\">\n<li>pouk\u00e1\u017eky na lieky<\/li>\n\n\n\n<li>pouk\u00e1\u017eky na potraviny<\/li>\n\n\n\n<li>pouk\u00e1\u017eky na hygienick\u00e9 potreby<\/li>\n\n\n\n<li>psychologick\u00fa prv\u00fa pomoc<\/li>\n\n\n\n<li>psychologick\u00e9 tr\u00e9ningy pre dospel\u00fdch<\/li>\n\n\n\n<li>vo\u013eno\u010dasov\u00e9 aktivity pre deti<\/li>\n<\/ul>\n\n\n\n<div style=\"height:20px\" aria-hidden=\"true\" class=\"wp-block-spacer\"><\/div>\n\n\n\n<div class=\"wp-block-buttons is-content-justification-center is-layout-flex wp-container-core-buttons-is-layout-16018d1d wp-block-buttons-is-layout-flex\">\n<div class=\"wp-block-button\"><a class=\"wp-block-button__link has-white-color has-text-color has-background wp-element-button\" href=\"https:\/\/www.charita.sk\/svet\/ukrajina\/\" style=\"background-color:#c42f41\">Pomoc v Dnipro<\/a><\/div>\n<\/div>\n<\/div>\n<\/div>\n\n\n\n<p class=\"has-text-color\" style=\"color:#c42f41\"><strong>Charitn\u00ed pracovn\u00edci spolu s dobrovo\u013en\u00edkmi pom\u00e1haj\u00fa na hrani\u010dnom priechode Vy\u0161n\u00e9 Nemeck\u00e9<\/strong><\/p>\n\n\n\n<p>T\u00edm Gr\u00e9ckokatol\u00edckej eparchi\u00e1lnej charity Ko\u0161ice v <strong>Charita point<\/strong> poskytuje v pondelky a\u017e piatky od 7:00 do 22:30 asistenciu pri prechode hran\u00edc a n\u00e1sledne od\u00eddencov informuje o pomoci Charity. Pros\u00edme v\u00e1s o modlitby za ich slu\u017ebu ako aj za pokoj a mier na Ukrajine a v na\u0161ich srdciach.<\/p>\n\n\n\n<p class=\"has-text-color\" style=\"color:#c42f41\"><strong>Charita pom\u00e1ha na Ukrajine<\/strong><\/p>\n\n\n\n<p>V\u010faka v spolupr\u00e1ci s Caritas Donetsk stoj\u00edme pri n\u00fadznych. Vn\u00fatorn\u00fdm vys\u00eddlencom sa tu miestny t\u00edm venuje cez psychologick\u00fa pomoc a <a href=\"https:\/\/www.charita.sk\/svet\/poukazky-a-psychologicka-podpora-pre-vnutornych-vysidlencov\/\" target=\"_blank\" rel=\"noreferrer noopener\">pouk\u00e1\u017eky na potraviny a lieky<\/a>. <strong>Z\u00edskali sme ich 14 500!<\/strong> T\u00e1to forma pomoci sa teraz r\u00fdchlo men\u00ed a zn\u00e1sobuje. \u010eakujeme, \u017ee ste v tom s nami.<\/p>\n\n\n\n<div class=\"wp-block-buttons is-content-justification-center is-layout-flex wp-container-core-buttons-is-layout-16018d1d wp-block-buttons-is-layout-flex\">\n<div class=\"wp-block-button\"><a class=\"wp-block-button__link has-white-color has-text-color has-background wp-element-button\" href=\"https:\/\/www.charita.sk\/svet\/ukrajina\/\" style=\"background-color:#d9cb9e\">Hist\u00f3ria pomoci na Ukrajine\ud83c\uddfa\ud83c\udde6<\/a><\/div>\n<\/div>\n\n\n\n<div style=\"height:30px\" aria-hidden=\"true\" class=\"wp-block-spacer\"><\/div>\n\n\n\n<figure class=\"wp-block-gallery has-nested-images columns-default is-cropped wp-block-gallery-1 is-layout-flex wp-block-gallery-is-layout-flex\">\n<figure class=\"wp-block-image size-large\"><img decoding=\"async\" width=\"1024\" height=\"683\" data-id=\"2046\" src=\"https:\/\/www.charita.sk\/svet\/wp-content\/uploads\/2022\/03\/utecenci_ukrajina1-1024x683.jpg\" alt=\"\" class=\"wp-image-2046\" srcset=\"https:\/\/www.charita.sk\/svet\/wp-content\/uploads\/2022\/03\/utecenci_ukrajina1-1024x683.jpg 1024w, https:\/\/www.charita.sk\/svet\/wp-content\/uploads\/2022\/03\/utecenci_ukrajina1-300x200.jpg 300w, https:\/\/www.charita.sk\/svet\/wp-content\/uploads\/2022\/03\/utecenci_ukrajina1-768x512.jpg 768w, https:\/\/www.charita.sk\/svet\/wp-content\/uploads\/2022\/03\/utecenci_ukrajina1-600x400.jpg 600w, https:\/\/www.charita.sk\/svet\/wp-content\/uploads\/2022\/03\/utecenci_ukrajina1.jpg 1536w\" sizes=\"(max-width: 1024px) 100vw, 1024px\" \/><\/figure>\n\n\n\n<figure class=\"wp-block-image size-large\"><img loading=\"lazy\" decoding=\"async\" width=\"1024\" height=\"683\" data-id=\"2047\" src=\"https:\/\/www.charita.sk\/svet\/wp-content\/uploads\/2022\/03\/utecenci_ukrajina12-1024x683.jpg\" alt=\"\" class=\"wp-image-2047\" srcset=\"https:\/\/www.charita.sk\/svet\/wp-content\/uploads\/2022\/03\/utecenci_ukrajina12-1024x683.jpg 1024w, https:\/\/www.charita.sk\/svet\/wp-content\/uploads\/2022\/03\/utecenci_ukrajina12-300x200.jpg 300w, https:\/\/www.charita.sk\/svet\/wp-content\/uploads\/2022\/03\/utecenci_ukrajina12-768x512.jpg 768w, https:\/\/www.charita.sk\/svet\/wp-content\/uploads\/2022\/03\/utecenci_ukrajina12-600x400.jpg 600w, https:\/\/www.charita.sk\/svet\/wp-content\/uploads\/2022\/03\/utecenci_ukrajina12.jpg 1536w\" sizes=\"(max-width: 1024px) 100vw, 1024px\" \/><\/figure>\n\n\n\n<figure class=\"wp-block-image size-large\"><img loading=\"lazy\" decoding=\"async\" width=\"1024\" height=\"683\" data-id=\"2048\" src=\"https:\/\/www.charita.sk\/svet\/wp-content\/uploads\/2022\/03\/utecenci_ukrajina5-1024x683.jpg\" alt=\"\" class=\"wp-image-2048\" srcset=\"https:\/\/www.charita.sk\/svet\/wp-content\/uploads\/2022\/03\/utecenci_ukrajina5-1024x683.jpg 1024w, https:\/\/www.charita.sk\/svet\/wp-content\/uploads\/2022\/03\/utecenci_ukrajina5-300x200.jpg 300w, https:\/\/www.charita.sk\/svet\/wp-content\/uploads\/2022\/03\/utecenci_ukrajina5-768x512.jpg 768w, https:\/\/www.charita.sk\/svet\/wp-content\/uploads\/2022\/03\/utecenci_ukrajina5-600x400.jpg 600w, https:\/\/www.charita.sk\/svet\/wp-content\/uploads\/2022\/03\/utecenci_ukrajina5.jpg 1536w\" sizes=\"(max-width: 1024px) 100vw, 1024px\" \/><\/figure>\n<\/figure>\n","protected":false},"excerpt":{"rendered":"<p>Inform\u00e1cie o pomoci \u013eu\u010fom na Ukrajine\ud83c\uddfa\ud83c\udde6 a t\u00fdm, ktor\u00ed prich\u00e1dzaj\u00fa na Slovensko\ud83c\uddf8\ud83c\uddf0 [&hellip;]<\/p>\n","protected":false},"author":2,"featured_media":0,"parent":0,"menu_order":0,"comment_status":"closed","ping_status":"closed","template":"","meta":{"footnotes":""},"class_list":["post-2045","page","type-page","status-publish","hentry"],"yoast_head":"<!-- This site is optimized with the Yoast SEO plugin v25.4 - https:\/\/yoast.com\/wordpress\/plugins\/seo\/ -->\n<title>Pomoc Ukrajine | Charita vo svete<\/title>\n<meta name=\"robots\" content=\"index, follow, max-snippet:-1, max-image-preview:large, max-video-preview:-1\" \/>\n<link rel=\"canonical\" href=\"https:\/\/www.charita.sk\/svet\/pomoc-ukrajine\/\" \/>\n<meta property=\"og:locale\" content=\"sk_SK\" \/>\n<meta property=\"og:type\" content=\"article\" \/>\n<meta property=\"og:title\" content=\"Pomoc Ukrajine | Charita vo svete\" \/>\n<meta property=\"og:description\" content=\"Inform\u00e1cie o pomoci \u013eu\u010fom na Ukrajine\ud83c\uddfa\ud83c\udde6 a t\u00fdm, ktor\u00ed prich\u00e1dzaj\u00fa na Slovensko\ud83c\uddf8\ud83c\uddf0 [&hellip;]\" \/>\n<meta property=\"og:url\" content=\"https:\/\/www.charita.sk\/svet\/pomoc-ukrajine\/\" \/>\n<meta property=\"og:site_name\" content=\"Charita vo svete\" \/>\n<meta property=\"article:publisher\" content=\"https:\/\/www.facebook.com\/CaritasSlovakia\/\" \/>\n<meta property=\"article:modified_time\" content=\"2023-01-18T10:13:21+00:00\" \/>\n<meta property=\"og:image\" content=\"https:\/\/www.charita.sk\/pomoc-utecencom\/wp-content\/uploads\/2022\/06\/IMG_8094.jpg\" \/>\n<meta name=\"twitter:card\" content=\"summary_large_image\" \/>\n<meta name=\"twitter:label1\" content=\"Predpokladan\u00fd \u010das \u010d\u00edtania\" \/>\n\t<meta name=\"twitter:data1\" content=\"3 min\u00faty\" \/>\n<script type=\"application\/ld+json\" class=\"yoast-schema-graph\">{\"@context\":\"https:\/\/schema.org\",\"@graph\":[{\"@type\":\"WebPage\",\"@id\":\"https:\/\/www.charita.sk\/svet\/pomoc-ukrajine\/\",\"url\":\"https:\/\/www.charita.sk\/svet\/pomoc-ukrajine\/\",\"name\":\"Pomoc Ukrajine | Charita vo svete\",\"isPartOf\":{\"@id\":\"https:\/\/www.charita.sk\/svet\/#website\"},\"primaryImageOfPage\":{\"@id\":\"https:\/\/www.charita.sk\/svet\/pomoc-ukrajine\/#primaryimage\"},\"image\":{\"@id\":\"https:\/\/www.charita.sk\/svet\/pomoc-ukrajine\/#primaryimage\"},\"thumbnailUrl\":\"https:\/\/www.charita.sk\/svet\/wp-content\/uploads\/2022\/06\/IMG_8094.jpg\",\"datePublished\":\"2022-03-01T14:35:02+00:00\",\"dateModified\":\"2023-01-18T10:13:21+00:00\",\"breadcrumb\":{\"@id\":\"https:\/\/www.charita.sk\/svet\/pomoc-ukrajine\/#breadcrumb\"},\"inLanguage\":\"sk-SK\",\"potentialAction\":[{\"@type\":\"ReadAction\",\"target\":[\"https:\/\/www.charita.sk\/svet\/pomoc-ukrajine\/\"]}]},{\"@type\":\"ImageObject\",\"inLanguage\":\"sk-SK\",\"@id\":\"https:\/\/www.charita.sk\/svet\/pomoc-ukrajine\/#primaryimage\",\"url\":\"https:\/\/www.charita.sk\/svet\/wp-content\/uploads\/2022\/06\/IMG_8094.jpg\",\"contentUrl\":\"https:\/\/www.charita.sk\/svet\/wp-content\/uploads\/2022\/06\/IMG_8094.jpg\",\"width\":1024,\"height\":683},{\"@type\":\"BreadcrumbList\",\"@id\":\"https:\/\/www.charita.sk\/svet\/pomoc-ukrajine\/#breadcrumb\",\"itemListElement\":[{\"@type\":\"ListItem\",\"position\":1,\"name\":\"Domovsk\u00e1 str\u00e1nka\",\"item\":\"https:\/\/www.charita.sk\/svet\/\"},{\"@type\":\"ListItem\",\"position\":2,\"name\":\"Pomoc Ukrajine\"}]},{\"@type\":\"WebSite\",\"@id\":\"https:\/\/www.charita.sk\/svet\/#website\",\"url\":\"https:\/\/www.charita.sk\/svet\/\",\"name\":\"Charita vo svete\",\"description\":\"Slovensk\u00e1 katol\u00edcka charita pom\u00e1ha \u013eu\u010fom v n\u00fadzi vo svete\",\"publisher\":{\"@id\":\"https:\/\/www.charita.sk\/svet\/#organization\"},\"potentialAction\":[{\"@type\":\"SearchAction\",\"target\":{\"@type\":\"EntryPoint\",\"urlTemplate\":\"https:\/\/www.charita.sk\/svet\/?s={search_term_string}\"},\"query-input\":{\"@type\":\"PropertyValueSpecification\",\"valueRequired\":true,\"valueName\":\"search_term_string\"}}],\"inLanguage\":\"sk-SK\"},{\"@type\":\"Organization\",\"@id\":\"https:\/\/www.charita.sk\/svet\/#organization\",\"name\":\"Slovensk\u00e1 katol\u00edcka charita\",\"url\":\"https:\/\/www.charita.sk\/svet\/\",\"logo\":{\"@type\":\"ImageObject\",\"inLanguage\":\"sk-SK\",\"@id\":\"https:\/\/www.charita.sk\/svet\/#\/schema\/logo\/image\/\",\"url\":\"https:\/\/www.charita.sk\/pomoc-utecencom\/wp-content\/uploads\/2020\/11\/logo_pomoc_utecencom.jpg\",\"contentUrl\":\"https:\/\/www.charita.sk\/pomoc-utecencom\/wp-content\/uploads\/2020\/11\/logo_pomoc_utecencom.jpg\",\"width\":1712,\"height\":480,\"caption\":\"Slovensk\u00e1 katol\u00edcka charita\"},\"image\":{\"@id\":\"https:\/\/www.charita.sk\/svet\/#\/schema\/logo\/image\/\"},\"sameAs\":[\"https:\/\/www.facebook.com\/CaritasSlovakia\/\",\"https:\/\/www.instagram.com\/caritas_slovakia\/\",\"https:\/\/www.linkedin.com\/company\/caritas-slovakia-skch-\",\"https:\/\/www.youtube.com\/user\/katolickacharita\"]}]}<\/script>\n<!-- \/ Yoast SEO plugin. -->","yoast_head_json":{"title":"Pomoc Ukrajine | Charita vo svete","robots":{"index":"index","follow":"follow","max-snippet":"max-snippet:-1","max-image-preview":"max-image-preview:large","max-video-preview":"max-video-preview:-1"},"canonical":"https:\/\/www.charita.sk\/svet\/pomoc-ukrajine\/","og_locale":"sk_SK","og_type":"article","og_title":"Pomoc Ukrajine | Charita vo svete","og_description":"Inform\u00e1cie o pomoci \u013eu\u010fom na Ukrajine\ud83c\uddfa\ud83c\udde6 a t\u00fdm, ktor\u00ed prich\u00e1dzaj\u00fa na Slovensko\ud83c\uddf8\ud83c\uddf0 [&hellip;]","og_url":"https:\/\/www.charita.sk\/svet\/pomoc-ukrajine\/","og_site_name":"Charita vo svete","article_publisher":"https:\/\/www.facebook.com\/CaritasSlovakia\/","article_modified_time":"2023-01-18T10:13:21+00:00","og_image":[{"url":"https:\/\/www.charita.sk\/pomoc-utecencom\/wp-content\/uploads\/2022\/06\/IMG_8094.jpg","type":"","width":"","height":""}],"twitter_card":"summary_large_image","twitter_misc":{"Predpokladan\u00fd \u010das \u010d\u00edtania":"3 min\u00faty"},"schema":{"@context":"https:\/\/schema.org","@graph":[{"@type":"WebPage","@id":"https:\/\/www.charita.sk\/svet\/pomoc-ukrajine\/","url":"https:\/\/www.charita.sk\/svet\/pomoc-ukrajine\/","name":"Pomoc Ukrajine | Charita vo svete","isPartOf":{"@id":"https:\/\/www.charita.sk\/svet\/#website"},"primaryImageOfPage":{"@id":"https:\/\/www.charita.sk\/svet\/pomoc-ukrajine\/#primaryimage"},"image":{"@id":"https:\/\/www.charita.sk\/svet\/pomoc-ukrajine\/#primaryimage"},"thumbnailUrl":"https:\/\/www.charita.sk\/svet\/wp-content\/uploads\/2022\/06\/IMG_8094.jpg","datePublished":"2022-03-01T14:35:02+00:00","dateModified":"2023-01-18T10:13:21+00:00","breadcrumb":{"@id":"https:\/\/www.charita.sk\/svet\/pomoc-ukrajine\/#breadcrumb"},"inLanguage":"sk-SK","potentialAction":[{"@type":"ReadAction","target":["https:\/\/www.charita.sk\/svet\/pomoc-ukrajine\/"]}]},{"@type":"ImageObject","inLanguage":"sk-SK","@id":"https:\/\/www.charita.sk\/svet\/pomoc-ukrajine\/#primaryimage","url":"https:\/\/www.charita.sk\/svet\/wp-content\/uploads\/2022\/06\/IMG_8094.jpg","contentUrl":"https:\/\/www.charita.sk\/svet\/wp-content\/uploads\/2022\/06\/IMG_8094.jpg","width":1024,"height":683},{"@type":"BreadcrumbList","@id":"https:\/\/www.charita.sk\/svet\/pomoc-ukrajine\/#breadcrumb","itemListElement":[{"@type":"ListItem","position":1,"name":"Domovsk\u00e1 str\u00e1nka","item":"https:\/\/www.charita.sk\/svet\/"},{"@type":"ListItem","position":2,"name":"Pomoc Ukrajine"}]},{"@type":"WebSite","@id":"https:\/\/www.charita.sk\/svet\/#website","url":"https:\/\/www.charita.sk\/svet\/","name":"Charita vo svete","description":"Slovensk\u00e1 katol\u00edcka charita pom\u00e1ha \u013eu\u010fom v n\u00fadzi vo svete","publisher":{"@id":"https:\/\/www.charita.sk\/svet\/#organization"},"potentialAction":[{"@type":"SearchAction","target":{"@type":"EntryPoint","urlTemplate":"https:\/\/www.charita.sk\/svet\/?s={search_term_string}"},"query-input":{"@type":"PropertyValueSpecification","valueRequired":true,"valueName":"search_term_string"}}],"inLanguage":"sk-SK"},{"@type":"Organization","@id":"https:\/\/www.charita.sk\/svet\/#organization","name":"Slovensk\u00e1 katol\u00edcka charita","url":"https:\/\/www.charita.sk\/svet\/","logo":{"@type":"ImageObject","inLanguage":"sk-SK","@id":"https:\/\/www.charita.sk\/svet\/#\/schema\/logo\/image\/","url":"https:\/\/www.charita.sk\/pomoc-utecencom\/wp-content\/uploads\/2020\/11\/logo_pomoc_utecencom.jpg","contentUrl":"https:\/\/www.charita.sk\/pomoc-utecencom\/wp-content\/uploads\/2020\/11\/logo_pomoc_utecencom.jpg","width":1712,"height":480,"caption":"Slovensk\u00e1 katol\u00edcka charita"},"image":{"@id":"https:\/\/www.charita.sk\/svet\/#\/schema\/logo\/image\/"},"sameAs":["https:\/\/www.facebook.com\/CaritasSlovakia\/","https:\/\/www.instagram.com\/caritas_slovakia\/","https:\/\/www.linkedin.com\/company\/caritas-slovakia-skch-","https:\/\/www.youtube.com\/user\/katolickacharita"]}]}},"featured_image_src":null,"featured_image_src_square":null,"_links":{"self":[{"href":"https:\/\/www.charita.sk\/svet\/wp-json\/wp\/v2\/pages\/2045","targetHints":{"allow":["GET"]}}],"collection":[{"href":"https:\/\/www.charita.sk\/svet\/wp-json\/wp\/v2\/pages"}],"about":[{"href":"https:\/\/www.charita.sk\/svet\/wp-json\/wp\/v2\/types\/page"}],"author":[{"embeddable":true,"href":"https:\/\/www.charita.sk\/svet\/wp-json\/wp\/v2\/users\/2"}],"replies":[{"embeddable":true,"href":"https:\/\/www.charita.sk\/svet\/wp-json\/wp\/v2\/comments?post=2045"}],"version-history":[{"count":41,"href":"https:\/\/www.charita.sk\/svet\/wp-json\/wp\/v2\/pages\/2045\/revisions"}],"predecessor-version":[{"id":2355,"href":"https:\/\/www.charita.sk\/svet\/wp-json\/wp\/v2\/pages\/2045\/revisions\/2355"}],"wp:attachment":[{"href":"https:\/\/www.charita.sk\/svet\/wp-json\/wp\/v2\/media?parent=2045"}],"curies":[{"name":"wp","href":"https:\/\/api.w.org\/{rel}","templated":true}]}}