{"id":2246,"date":"2022-08-02T11:54:10","date_gmt":"2022-08-02T09:54:10","guid":{"rendered":"https:\/\/www.charita.sk\/pomoc-utecencom\/?page_id=2246"},"modified":"2023-07-13T09:51:55","modified_gmt":"2023-07-13T07:51:55","slug":"poskytovanie-zakladnych-potrieb-a-psychologickej-prvej-pomoci-pre-vnutorne-presidlene-osoby-zijuce-v-utulkoch-v-meste-dnipro-a-na-predmestiach","status":"publish","type":"page","link":"https:\/\/www.charita.sk\/svet\/poskytovanie-zakladnych-potrieb-a-psychologickej-prvej-pomoci-pre-vnutorne-presidlene-osoby-zijuce-v-utulkoch-v-meste-dnipro-a-na-predmestiach\/","title":{"rendered":"Poskytovanie z\u00e1kladn\u00fdch potrieb a psychologickej prvej pomoci pre IDPs v Dnipre a okol\u00ed"},"content":{"rendered":"\n<p class=\"has-white-color has-text-color has-background\" style=\"background-color:#c42f41\"><strong>N\u00e1zov projektu:<\/strong>\u00a0Poskytovanie z\u00e1kladn\u00fdch potrieb a\u00a0psychologickej prvej pomoci pre vn\u00fatorne pres\u00eddlen\u00e9 osoby \u017eij\u00face v \u00fatulkoch v meste Dnipro a na predmestiach<br><strong>Miesto implement\u00e1cie:<\/strong>\u00a0Dnipro, Ukrajina<br><strong>Obdobie realiz\u00e1cie projektu:<\/strong>\u00a015. augusta 2022 \u2013 14. augusta 2023<br><strong>Partner:<\/strong>\u00a0Caritas Donetsk<br><strong>Po\u010det pr\u00edjemcov pomoci:<\/strong>\u00a01750 priamych + 5250 nepriamych prij\u00edmate\u013eov pomoci<\/p>\n\n\n\n<p class=\"has-text-align-center has-background\" style=\"background-color:#e2e2e2\"><strong>Projekt je spolufinancovan\u00fd z programu ofici\u00e1lnej rozvojovej pomoci SR,&nbsp;<a href=\"http:\/\/slovakaid.sk\/\">SlovakAid<\/a>&nbsp;a&nbsp;tie\u017e v\u010faka \u0161tedrosti darcov, ktor\u00ed prispeli cez Slovensk\u00fa katol\u00edcku charitu na pomoc obetiam vojny na Ukrajine.<\/strong><\/p>\n\n\n\n<p>Cie\u013eom projektu je poskytn\u00fa\u0165 prv\u00fa materi\u00e1lnu a&nbsp;psychosoci\u00e1lnu pomoc&nbsp;1750 vn\u00fatorne&nbsp;vys\u00eddlen\u00fdm osob\u00e1m a&nbsp;ich rodin\u00e1m&nbsp;<strong>(spolu viac ako&nbsp;7000 osob\u00e1m)<\/strong>, ktor\u00e9 v&nbsp;d\u00f4sledku vojny opustili svoje domovy a ocitli sa v hmotnej n\u00fadzi a \u010dasto aj s r\u00f4znymi traumami.<\/p>\n\n\n\n<p>Humanit\u00e1rna pomoc bude poskytovan\u00e1 \u013eu\u010fom \u017eij\u00facich v regi\u00f3ne Dnepropetrovsk v&nbsp;\u00fatulkoch dvoma hlavn\u00fdmi formami pomoci:<\/p>\n\n\n\n<p>\ud83d\udcb3 distrib\u00faciou pouk\u00e1\u017eok na lieky, hygienick\u00e9 potreby, potraviny<br>\ud83d\udc9b a poskytovan\u00edm psychologickej prvej pomoci (skupinovej aj individu\u00e1lnej) pre \u013eud\u00ed traumatizovan\u00fdch vojnou.<\/p>\n\n\n\n<figure class=\"wp-block-gallery has-nested-images columns-default is-cropped wp-block-gallery-1 is-layout-flex wp-block-gallery-is-layout-flex\">\n<figure class=\"wp-block-image size-large\"><img fetchpriority=\"high\" decoding=\"async\" width=\"1600\" height=\"1200\" data-id=\"2113\" src=\"https:\/\/www.charita.sk\/svet\/wp-content\/uploads\/2022\/03\/IMG-ac9dc166274a91acd45da975bd25328e-V.jpg\" alt=\"\" class=\"wp-image-2113\" srcset=\"https:\/\/www.charita.sk\/svet\/wp-content\/uploads\/2022\/03\/IMG-ac9dc166274a91acd45da975bd25328e-V.jpg 1600w, https:\/\/www.charita.sk\/svet\/wp-content\/uploads\/2022\/03\/IMG-ac9dc166274a91acd45da975bd25328e-V-300x225.jpg 300w, https:\/\/www.charita.sk\/svet\/wp-content\/uploads\/2022\/03\/IMG-ac9dc166274a91acd45da975bd25328e-V-1024x768.jpg 1024w, https:\/\/www.charita.sk\/svet\/wp-content\/uploads\/2022\/03\/IMG-ac9dc166274a91acd45da975bd25328e-V-768x576.jpg 768w, https:\/\/www.charita.sk\/svet\/wp-content\/uploads\/2022\/03\/IMG-ac9dc166274a91acd45da975bd25328e-V-1536x1152.jpg 1536w\" sizes=\"(max-width: 1600px) 100vw, 1600px\" \/><\/figure>\n\n\n\n<figure class=\"wp-block-image size-large\"><img decoding=\"async\" width=\"1600\" height=\"1200\" data-id=\"2114\" src=\"https:\/\/www.charita.sk\/svet\/wp-content\/uploads\/2022\/03\/IMG-f2d78471699d1b63f1b1cf6584a1936f-V.jpg\" alt=\"\" class=\"wp-image-2114\" srcset=\"https:\/\/www.charita.sk\/svet\/wp-content\/uploads\/2022\/03\/IMG-f2d78471699d1b63f1b1cf6584a1936f-V.jpg 1600w, https:\/\/www.charita.sk\/svet\/wp-content\/uploads\/2022\/03\/IMG-f2d78471699d1b63f1b1cf6584a1936f-V-300x225.jpg 300w, https:\/\/www.charita.sk\/svet\/wp-content\/uploads\/2022\/03\/IMG-f2d78471699d1b63f1b1cf6584a1936f-V-1024x768.jpg 1024w, https:\/\/www.charita.sk\/svet\/wp-content\/uploads\/2022\/03\/IMG-f2d78471699d1b63f1b1cf6584a1936f-V-768x576.jpg 768w, https:\/\/www.charita.sk\/svet\/wp-content\/uploads\/2022\/03\/IMG-f2d78471699d1b63f1b1cf6584a1936f-V-1536x1152.jpg 1536w\" sizes=\"(max-width: 1600px) 100vw, 1600px\" \/><\/figure>\n\n\n\n<figure class=\"wp-block-image size-large\"><img decoding=\"async\" width=\"1600\" height=\"1200\" data-id=\"2115\" src=\"https:\/\/www.charita.sk\/svet\/wp-content\/uploads\/2022\/03\/IMG-f0262841d76c26b6f1566677eb979b9a-V.jpg\" alt=\"\" class=\"wp-image-2115\" srcset=\"https:\/\/www.charita.sk\/svet\/wp-content\/uploads\/2022\/03\/IMG-f0262841d76c26b6f1566677eb979b9a-V.jpg 1600w, https:\/\/www.charita.sk\/svet\/wp-content\/uploads\/2022\/03\/IMG-f0262841d76c26b6f1566677eb979b9a-V-300x225.jpg 300w, https:\/\/www.charita.sk\/svet\/wp-content\/uploads\/2022\/03\/IMG-f0262841d76c26b6f1566677eb979b9a-V-1024x768.jpg 1024w, https:\/\/www.charita.sk\/svet\/wp-content\/uploads\/2022\/03\/IMG-f0262841d76c26b6f1566677eb979b9a-V-768x576.jpg 768w, https:\/\/www.charita.sk\/svet\/wp-content\/uploads\/2022\/03\/IMG-f0262841d76c26b6f1566677eb979b9a-V-1536x1152.jpg 1536w\" sizes=\"(max-width: 1600px) 100vw, 1600px\" \/><\/figure>\n<\/figure>\n\n\n\n<p class=\"has-text-align-center has-background\" style=\"background-color:#e2e2e2\"><strong>Po\u0161lite pouk\u00e1\u017eku na potraviny \u010di lieky jednej z rod\u00edn, ktor\u00e9 u\u0161li pred vojnou do o \u010dosi bezpe\u010dnej\u0161\u00edch oblast\u00ed Ukrajiny\ud83c\uddfa\ud83c\udde6.<\/strong><br><strong>V ich mene v\u00e1m \u00faprimne \u010fakujeme.<\/strong><\/p>\n\n\n\n<div class=\"wp-block-buttons is-content-justification-center is-layout-flex wp-container-core-buttons-is-layout-16018d1d wp-block-buttons-is-layout-flex\">\n<div class=\"wp-block-button\"><a class=\"wp-block-button__link has-white-color has-text-color has-background wp-element-button\" href=\"https:\/\/charita.darujme.sk\/pomozme-ukrajine\/\" style=\"background-color:#c42f41\">Posla\u0165 pouk\u00e1\u017eku<\/a><\/div>\n<\/div>\n\n\n\n<p>Po\u010das prv\u00e9ho mesiaca projektu lok\u00e1lny t\u00edm nav\u0161t\u00edvi v\u0161etky miesta, kde bude projekt realizovan\u00fd, a stretne sa s&nbsp;veden\u00edm dan\u00fdch centier, aby dohodol potrebn\u00e9 postupy pri \u0161\u00edren\u00ed inform\u00e1ci\u00ed o&nbsp;projekte a&nbsp;o vyberan\u00ed pr\u00edjemcov pomoci.&nbsp;&nbsp;<\/p>\n\n\n\n<p>V&nbsp;priebehu nasleduj\u00faceho roka sa projektov\u00e9 \u010dinnosti bud\u00fa realizova\u0165 v centr\u00e1ch podpory v meste Dnipro a na jeho predmestiach. Projektov\u00e9 aktivity&nbsp;bud\u00fa zah\u0155\u0148a\u0165 poskytovanie humanit\u00e1rnej pomoci <strong>vyd\u00e1van\u00edm pouk\u00e1\u017eok na potraviny, hygienick\u00e9 potreby a&nbsp;lieky;<\/strong> <strong>poskytovanie psychologickej prvej pomoci pre deti a dospel\u00fdch<\/strong> prostredn\u00edctvom sk\u00fasen\u00e9ho psychol\u00f3ga a&nbsp;soci\u00e1lneho pracovn\u00edka. Z\u00e1rove\u0148 bud\u00fa pracovn\u00edci t\u00edmu priebe\u017ene monitorova\u0165 v\u00fdsledky poskytnutej pomoci, aby sa vyhodnotila kvalita projektov\u00fdch slu\u017eieb a vplyv projektu na pr\u00edjemcov a z\u00e1rove\u0148 sa urobil hlb\u0161\u00ed monitoring potrieb sl\u00fa\u017eiaci pre \u010fal\u0161ie projekty.<\/p>\n\n\n\n<p>Syst\u00e9m pouk\u00e1\u017eok bol vybran\u00fd na z\u00e1klade predch\u00e1dzaj\u00facich pozit\u00edvnych sk\u00fasenost\u00ed s humanit\u00e1rnymi projektmi v danej oblasti. Pouk\u00e1\u017eky sa uprednost\u0148uj\u00fa pred balen\u00edm potrav\u00edn a hygienick\u00fdch bal\u00ed\u010dkov a liekov, preto\u017ee pr\u00edjemcovia si m\u00f4\u017eu slobodne vybra\u0165, \u010do si k\u00fapia v z\u00e1vislosti od svojich potrieb. Pouk\u00e1\u017eky je mo\u017en\u00e9 uplatni\u0165 v ktorejko\u013evek vybranej sieti supermarketov alebo lek\u00e1rn\u00ed, ktor\u00e1 je \u010do najbli\u017e\u0161ie k bydlisku rodiny. Niektor\u00e9 rodiny m\u00f4\u017eu zmeni\u0165 svoje bydlisko, \u010do by s\u0165a\u017eilo prepravu potrav\u00edn alebo hygienick\u00fdch potrieb, aj v takomto pr\u00edpade s\u00fa pouk\u00e1\u017eky vhodnej\u0161ie oproti materi\u00e1lnej pomoci. Pouk\u00e1\u017eky s\u00fa tie\u017e preferovan\u00e9 pred hotovos\u0165ou kv\u00f4li da\u0148ov\u00fdm predpisom v krajine. Z\u00e1rove\u0148 sme s projektov\u00fdm partnerom u\u017e pri pr\u00edprave projektu overili v obchodoch dostupnos\u0165 v\u0161etk\u00fdch potrebn\u00fdch tovarov, ktor\u00e9 bud\u00fa za pouk\u00e1\u017eky kupova\u0165.<\/p>\n\n\n\n<p><strong>Hlavnou cie\u013eovou skupinou s\u00fa&nbsp;zranite\u013en\u00e9 vn\u00fatorne vys\u00eddlen\u00e9 osoby, ktor\u00e9 opustili svoje domovy kv\u00f4li vojne a \u017eij\u00fa v t\u00e1boroch v Dnipre a na jeho predmestiach.<\/strong> A to mu\u017ei a \u017eeny vo veku 60+ s minim\u00e1lnym pr\u00edjmom, viacdetn\u00e9 rodiny (s 3 a viac de\u0165mi), matky s de\u0165mi bez mu\u017eov a rodiny s de\u0165mi so zdravotn\u00fdm postihnut\u00edm a de\u0165mi s chronick\u00fdmi ochoreniami.<\/p>\n\n\n\n<div class=\"wp-block-columns is-layout-flex wp-container-core-columns-is-layout-9d6595d7 wp-block-columns-is-layout-flex\">\n<div class=\"wp-block-column is-layout-flow wp-block-column-is-layout-flow\"><div class=\"wp-block-image\">\n<figure class=\"aligncenter size-full\"><img loading=\"lazy\" decoding=\"async\" width=\"300\" height=\"125\" src=\"https:\/\/www.charita.sk\/svet\/wp-content\/uploads\/2019\/11\/Partneri-3.png\" alt=\"\" class=\"wp-image-697\"\/><\/figure><\/div><\/div>\n\n\n\n<div class=\"wp-block-column is-layout-flow wp-block-column-is-layout-flow\"><div class=\"wp-block-image\">\n<figure class=\"aligncenter size-full\"><img loading=\"lazy\" decoding=\"async\" width=\"300\" height=\"125\" src=\"https:\/\/www.charita.sk\/svet\/wp-content\/uploads\/2020\/10\/caritas_donetsk_logo.png\" alt=\"\" class=\"wp-image-1013\"\/><\/figure><\/div><\/div>\n\n\n\n<div class=\"wp-block-column is-layout-flow wp-block-column-is-layout-flow\"><div class=\"wp-block-image\">\n<figure class=\"aligncenter size-large\"><img loading=\"lazy\" decoding=\"async\" width=\"1024\" height=\"338\" src=\"https:\/\/www.charita.sk\/svet\/wp-content\/uploads\/2022\/08\/SKCH_logo_horizontalne-1024x338.png\" alt=\"\" class=\"wp-image-2266\" srcset=\"https:\/\/www.charita.sk\/svet\/wp-content\/uploads\/2022\/08\/SKCH_logo_horizontalne-1024x338.png 1024w, https:\/\/www.charita.sk\/svet\/wp-content\/uploads\/2022\/08\/SKCH_logo_horizontalne-300x99.png 300w, https:\/\/www.charita.sk\/svet\/wp-content\/uploads\/2022\/08\/SKCH_logo_horizontalne-768x254.png 768w, https:\/\/www.charita.sk\/svet\/wp-content\/uploads\/2022\/08\/SKCH_logo_horizontalne.png 1248w\" sizes=\"(max-width: 1024px) 100vw, 1024px\" \/><\/figure><\/div><\/div>\n<\/div>\n","protected":false},"excerpt":{"rendered":"<p>N\u00e1zov projektu:\u00a0Poskytovanie z\u00e1kladn\u00fdch potrieb a\u00a0psychologickej prvej pomoci pre vn\u00fatorne pres\u00eddlen\u00e9 osoby \u017eij\u00face [&hellip;]<\/p>\n","protected":false},"author":2,"featured_media":0,"parent":0,"menu_order":0,"comment_status":"closed","ping_status":"closed","template":"","meta":{"footnotes":""},"class_list":["post-2246","page","type-page","status-publish","hentry"],"yoast_head":"<!-- This site is optimized with the Yoast SEO plugin v25.4 - https:\/\/yoast.com\/wordpress\/plugins\/seo\/ -->\n<title>Poskytovanie z\u00e1kladn\u00fdch potrieb a psychologickej prvej pomoci pre IDPs v Dnipre a okol\u00ed | Charita vo svete<\/title>\n<meta name=\"robots\" content=\"index, follow, max-snippet:-1, max-image-preview:large, max-video-preview:-1\" \/>\n<link rel=\"canonical\" href=\"https:\/\/www.charita.sk\/svet\/poskytovanie-zakladnych-potrieb-a-psychologickej-prvej-pomoci-pre-vnutorne-presidlene-osoby-zijuce-v-utulkoch-v-meste-dnipro-a-na-predmestiach\/\" \/>\n<meta property=\"og:locale\" content=\"sk_SK\" \/>\n<meta property=\"og:type\" content=\"article\" \/>\n<meta property=\"og:title\" content=\"Poskytovanie z\u00e1kladn\u00fdch potrieb a psychologickej prvej pomoci pre IDPs v Dnipre a okol\u00ed | Charita vo svete\" \/>\n<meta property=\"og:description\" content=\"N\u00e1zov projektu:\u00a0Poskytovanie z\u00e1kladn\u00fdch potrieb a\u00a0psychologickej prvej pomoci pre vn\u00fatorne pres\u00eddlen\u00e9 osoby \u017eij\u00face [&hellip;]\" \/>\n<meta property=\"og:url\" content=\"https:\/\/www.charita.sk\/svet\/poskytovanie-zakladnych-potrieb-a-psychologickej-prvej-pomoci-pre-vnutorne-presidlene-osoby-zijuce-v-utulkoch-v-meste-dnipro-a-na-predmestiach\/\" \/>\n<meta property=\"og:site_name\" content=\"Charita vo svete\" \/>\n<meta property=\"article:publisher\" content=\"https:\/\/www.facebook.com\/CaritasSlovakia\/\" \/>\n<meta property=\"article:modified_time\" content=\"2023-07-13T07:51:55+00:00\" \/>\n<meta property=\"og:image\" content=\"https:\/\/www.charita.sk\/pomoc-utecencom\/wp-content\/uploads\/2022\/03\/IMG-ac9dc166274a91acd45da975bd25328e-V.jpg\" \/>\n<meta name=\"twitter:card\" content=\"summary_large_image\" \/>\n<meta name=\"twitter:label1\" content=\"Predpokladan\u00fd \u010das \u010d\u00edtania\" \/>\n\t<meta name=\"twitter:data1\" content=\"4 min\u00faty\" \/>\n<script type=\"application\/ld+json\" class=\"yoast-schema-graph\">{\"@context\":\"https:\/\/schema.org\",\"@graph\":[{\"@type\":\"WebPage\",\"@id\":\"https:\/\/www.charita.sk\/svet\/poskytovanie-zakladnych-potrieb-a-psychologickej-prvej-pomoci-pre-vnutorne-presidlene-osoby-zijuce-v-utulkoch-v-meste-dnipro-a-na-predmestiach\/\",\"url\":\"https:\/\/www.charita.sk\/svet\/poskytovanie-zakladnych-potrieb-a-psychologickej-prvej-pomoci-pre-vnutorne-presidlene-osoby-zijuce-v-utulkoch-v-meste-dnipro-a-na-predmestiach\/\",\"name\":\"Poskytovanie z\u00e1kladn\u00fdch potrieb a psychologickej prvej pomoci pre IDPs v Dnipre a okol\u00ed | Charita vo svete\",\"isPartOf\":{\"@id\":\"https:\/\/www.charita.sk\/svet\/#website\"},\"primaryImageOfPage\":{\"@id\":\"https:\/\/www.charita.sk\/svet\/poskytovanie-zakladnych-potrieb-a-psychologickej-prvej-pomoci-pre-vnutorne-presidlene-osoby-zijuce-v-utulkoch-v-meste-dnipro-a-na-predmestiach\/#primaryimage\"},\"image\":{\"@id\":\"https:\/\/www.charita.sk\/svet\/poskytovanie-zakladnych-potrieb-a-psychologickej-prvej-pomoci-pre-vnutorne-presidlene-osoby-zijuce-v-utulkoch-v-meste-dnipro-a-na-predmestiach\/#primaryimage\"},\"thumbnailUrl\":\"https:\/\/www.charita.sk\/svet\/wp-content\/uploads\/2022\/03\/IMG-ac9dc166274a91acd45da975bd25328e-V.jpg\",\"datePublished\":\"2022-08-02T09:54:10+00:00\",\"dateModified\":\"2023-07-13T07:51:55+00:00\",\"breadcrumb\":{\"@id\":\"https:\/\/www.charita.sk\/svet\/poskytovanie-zakladnych-potrieb-a-psychologickej-prvej-pomoci-pre-vnutorne-presidlene-osoby-zijuce-v-utulkoch-v-meste-dnipro-a-na-predmestiach\/#breadcrumb\"},\"inLanguage\":\"sk-SK\",\"potentialAction\":[{\"@type\":\"ReadAction\",\"target\":[\"https:\/\/www.charita.sk\/svet\/poskytovanie-zakladnych-potrieb-a-psychologickej-prvej-pomoci-pre-vnutorne-presidlene-osoby-zijuce-v-utulkoch-v-meste-dnipro-a-na-predmestiach\/\"]}]},{\"@type\":\"ImageObject\",\"inLanguage\":\"sk-SK\",\"@id\":\"https:\/\/www.charita.sk\/svet\/poskytovanie-zakladnych-potrieb-a-psychologickej-prvej-pomoci-pre-vnutorne-presidlene-osoby-zijuce-v-utulkoch-v-meste-dnipro-a-na-predmestiach\/#primaryimage\",\"url\":\"https:\/\/www.charita.sk\/svet\/wp-content\/uploads\/2022\/03\/IMG-ac9dc166274a91acd45da975bd25328e-V.jpg\",\"contentUrl\":\"https:\/\/www.charita.sk\/svet\/wp-content\/uploads\/2022\/03\/IMG-ac9dc166274a91acd45da975bd25328e-V.jpg\",\"width\":1600,\"height\":1200},{\"@type\":\"BreadcrumbList\",\"@id\":\"https:\/\/www.charita.sk\/svet\/poskytovanie-zakladnych-potrieb-a-psychologickej-prvej-pomoci-pre-vnutorne-presidlene-osoby-zijuce-v-utulkoch-v-meste-dnipro-a-na-predmestiach\/#breadcrumb\",\"itemListElement\":[{\"@type\":\"ListItem\",\"position\":1,\"name\":\"Domovsk\u00e1 str\u00e1nka\",\"item\":\"https:\/\/www.charita.sk\/svet\/\"},{\"@type\":\"ListItem\",\"position\":2,\"name\":\"Poskytovanie z\u00e1kladn\u00fdch potrieb a psychologickej prvej pomoci pre IDPs v Dnipre a okol\u00ed\"}]},{\"@type\":\"WebSite\",\"@id\":\"https:\/\/www.charita.sk\/svet\/#website\",\"url\":\"https:\/\/www.charita.sk\/svet\/\",\"name\":\"Charita vo svete\",\"description\":\"Slovensk\u00e1 katol\u00edcka charita pom\u00e1ha \u013eu\u010fom v n\u00fadzi vo svete\",\"publisher\":{\"@id\":\"https:\/\/www.charita.sk\/svet\/#organization\"},\"potentialAction\":[{\"@type\":\"SearchAction\",\"target\":{\"@type\":\"EntryPoint\",\"urlTemplate\":\"https:\/\/www.charita.sk\/svet\/?s={search_term_string}\"},\"query-input\":{\"@type\":\"PropertyValueSpecification\",\"valueRequired\":true,\"valueName\":\"search_term_string\"}}],\"inLanguage\":\"sk-SK\"},{\"@type\":\"Organization\",\"@id\":\"https:\/\/www.charita.sk\/svet\/#organization\",\"name\":\"Slovensk\u00e1 katol\u00edcka charita\",\"url\":\"https:\/\/www.charita.sk\/svet\/\",\"logo\":{\"@type\":\"ImageObject\",\"inLanguage\":\"sk-SK\",\"@id\":\"https:\/\/www.charita.sk\/svet\/#\/schema\/logo\/image\/\",\"url\":\"https:\/\/www.charita.sk\/pomoc-utecencom\/wp-content\/uploads\/2020\/11\/logo_pomoc_utecencom.jpg\",\"contentUrl\":\"https:\/\/www.charita.sk\/pomoc-utecencom\/wp-content\/uploads\/2020\/11\/logo_pomoc_utecencom.jpg\",\"width\":1712,\"height\":480,\"caption\":\"Slovensk\u00e1 katol\u00edcka charita\"},\"image\":{\"@id\":\"https:\/\/www.charita.sk\/svet\/#\/schema\/logo\/image\/\"},\"sameAs\":[\"https:\/\/www.facebook.com\/CaritasSlovakia\/\",\"https:\/\/www.instagram.com\/caritas_slovakia\/\",\"https:\/\/www.linkedin.com\/company\/caritas-slovakia-skch-\",\"https:\/\/www.youtube.com\/user\/katolickacharita\"]}]}<\/script>\n<!-- \/ Yoast SEO plugin. -->","yoast_head_json":{"title":"Poskytovanie z\u00e1kladn\u00fdch potrieb a psychologickej prvej pomoci pre IDPs v Dnipre a okol\u00ed | Charita vo svete","robots":{"index":"index","follow":"follow","max-snippet":"max-snippet:-1","max-image-preview":"max-image-preview:large","max-video-preview":"max-video-preview:-1"},"canonical":"https:\/\/www.charita.sk\/svet\/poskytovanie-zakladnych-potrieb-a-psychologickej-prvej-pomoci-pre-vnutorne-presidlene-osoby-zijuce-v-utulkoch-v-meste-dnipro-a-na-predmestiach\/","og_locale":"sk_SK","og_type":"article","og_title":"Poskytovanie z\u00e1kladn\u00fdch potrieb a psychologickej prvej pomoci pre IDPs v Dnipre a okol\u00ed | Charita vo svete","og_description":"N\u00e1zov projektu:\u00a0Poskytovanie z\u00e1kladn\u00fdch potrieb a\u00a0psychologickej prvej pomoci pre vn\u00fatorne pres\u00eddlen\u00e9 osoby \u017eij\u00face [&hellip;]","og_url":"https:\/\/www.charita.sk\/svet\/poskytovanie-zakladnych-potrieb-a-psychologickej-prvej-pomoci-pre-vnutorne-presidlene-osoby-zijuce-v-utulkoch-v-meste-dnipro-a-na-predmestiach\/","og_site_name":"Charita vo svete","article_publisher":"https:\/\/www.facebook.com\/CaritasSlovakia\/","article_modified_time":"2023-07-13T07:51:55+00:00","og_image":[{"url":"https:\/\/www.charita.sk\/pomoc-utecencom\/wp-content\/uploads\/2022\/03\/IMG-ac9dc166274a91acd45da975bd25328e-V.jpg","type":"","width":"","height":""}],"twitter_card":"summary_large_image","twitter_misc":{"Predpokladan\u00fd \u010das \u010d\u00edtania":"4 min\u00faty"},"schema":{"@context":"https:\/\/schema.org","@graph":[{"@type":"WebPage","@id":"https:\/\/www.charita.sk\/svet\/poskytovanie-zakladnych-potrieb-a-psychologickej-prvej-pomoci-pre-vnutorne-presidlene-osoby-zijuce-v-utulkoch-v-meste-dnipro-a-na-predmestiach\/","url":"https:\/\/www.charita.sk\/svet\/poskytovanie-zakladnych-potrieb-a-psychologickej-prvej-pomoci-pre-vnutorne-presidlene-osoby-zijuce-v-utulkoch-v-meste-dnipro-a-na-predmestiach\/","name":"Poskytovanie z\u00e1kladn\u00fdch potrieb a psychologickej prvej pomoci pre IDPs v Dnipre a okol\u00ed | Charita vo svete","isPartOf":{"@id":"https:\/\/www.charita.sk\/svet\/#website"},"primaryImageOfPage":{"@id":"https:\/\/www.charita.sk\/svet\/poskytovanie-zakladnych-potrieb-a-psychologickej-prvej-pomoci-pre-vnutorne-presidlene-osoby-zijuce-v-utulkoch-v-meste-dnipro-a-na-predmestiach\/#primaryimage"},"image":{"@id":"https:\/\/www.charita.sk\/svet\/poskytovanie-zakladnych-potrieb-a-psychologickej-prvej-pomoci-pre-vnutorne-presidlene-osoby-zijuce-v-utulkoch-v-meste-dnipro-a-na-predmestiach\/#primaryimage"},"thumbnailUrl":"https:\/\/www.charita.sk\/svet\/wp-content\/uploads\/2022\/03\/IMG-ac9dc166274a91acd45da975bd25328e-V.jpg","datePublished":"2022-08-02T09:54:10+00:00","dateModified":"2023-07-13T07:51:55+00:00","breadcrumb":{"@id":"https:\/\/www.charita.sk\/svet\/poskytovanie-zakladnych-potrieb-a-psychologickej-prvej-pomoci-pre-vnutorne-presidlene-osoby-zijuce-v-utulkoch-v-meste-dnipro-a-na-predmestiach\/#breadcrumb"},"inLanguage":"sk-SK","potentialAction":[{"@type":"ReadAction","target":["https:\/\/www.charita.sk\/svet\/poskytovanie-zakladnych-potrieb-a-psychologickej-prvej-pomoci-pre-vnutorne-presidlene-osoby-zijuce-v-utulkoch-v-meste-dnipro-a-na-predmestiach\/"]}]},{"@type":"ImageObject","inLanguage":"sk-SK","@id":"https:\/\/www.charita.sk\/svet\/poskytovanie-zakladnych-potrieb-a-psychologickej-prvej-pomoci-pre-vnutorne-presidlene-osoby-zijuce-v-utulkoch-v-meste-dnipro-a-na-predmestiach\/#primaryimage","url":"https:\/\/www.charita.sk\/svet\/wp-content\/uploads\/2022\/03\/IMG-ac9dc166274a91acd45da975bd25328e-V.jpg","contentUrl":"https:\/\/www.charita.sk\/svet\/wp-content\/uploads\/2022\/03\/IMG-ac9dc166274a91acd45da975bd25328e-V.jpg","width":1600,"height":1200},{"@type":"BreadcrumbList","@id":"https:\/\/www.charita.sk\/svet\/poskytovanie-zakladnych-potrieb-a-psychologickej-prvej-pomoci-pre-vnutorne-presidlene-osoby-zijuce-v-utulkoch-v-meste-dnipro-a-na-predmestiach\/#breadcrumb","itemListElement":[{"@type":"ListItem","position":1,"name":"Domovsk\u00e1 str\u00e1nka","item":"https:\/\/www.charita.sk\/svet\/"},{"@type":"ListItem","position":2,"name":"Poskytovanie z\u00e1kladn\u00fdch potrieb a psychologickej prvej pomoci pre IDPs v Dnipre a okol\u00ed"}]},{"@type":"WebSite","@id":"https:\/\/www.charita.sk\/svet\/#website","url":"https:\/\/www.charita.sk\/svet\/","name":"Charita vo svete","description":"Slovensk\u00e1 katol\u00edcka charita pom\u00e1ha \u013eu\u010fom v n\u00fadzi vo svete","publisher":{"@id":"https:\/\/www.charita.sk\/svet\/#organization"},"potentialAction":[{"@type":"SearchAction","target":{"@type":"EntryPoint","urlTemplate":"https:\/\/www.charita.sk\/svet\/?s={search_term_string}"},"query-input":{"@type":"PropertyValueSpecification","valueRequired":true,"valueName":"search_term_string"}}],"inLanguage":"sk-SK"},{"@type":"Organization","@id":"https:\/\/www.charita.sk\/svet\/#organization","name":"Slovensk\u00e1 katol\u00edcka charita","url":"https:\/\/www.charita.sk\/svet\/","logo":{"@type":"ImageObject","inLanguage":"sk-SK","@id":"https:\/\/www.charita.sk\/svet\/#\/schema\/logo\/image\/","url":"https:\/\/www.charita.sk\/pomoc-utecencom\/wp-content\/uploads\/2020\/11\/logo_pomoc_utecencom.jpg","contentUrl":"https:\/\/www.charita.sk\/pomoc-utecencom\/wp-content\/uploads\/2020\/11\/logo_pomoc_utecencom.jpg","width":1712,"height":480,"caption":"Slovensk\u00e1 katol\u00edcka charita"},"image":{"@id":"https:\/\/www.charita.sk\/svet\/#\/schema\/logo\/image\/"},"sameAs":["https:\/\/www.facebook.com\/CaritasSlovakia\/","https:\/\/www.instagram.com\/caritas_slovakia\/","https:\/\/www.linkedin.com\/company\/caritas-slovakia-skch-","https:\/\/www.youtube.com\/user\/katolickacharita"]}]}},"featured_image_src":null,"featured_image_src_square":null,"_links":{"self":[{"href":"https:\/\/www.charita.sk\/svet\/wp-json\/wp\/v2\/pages\/2246","targetHints":{"allow":["GET"]}}],"collection":[{"href":"https:\/\/www.charita.sk\/svet\/wp-json\/wp\/v2\/pages"}],"about":[{"href":"https:\/\/www.charita.sk\/svet\/wp-json\/wp\/v2\/types\/page"}],"author":[{"embeddable":true,"href":"https:\/\/www.charita.sk\/svet\/wp-json\/wp\/v2\/users\/2"}],"replies":[{"embeddable":true,"href":"https:\/\/www.charita.sk\/svet\/wp-json\/wp\/v2\/comments?post=2246"}],"version-history":[{"count":13,"href":"https:\/\/www.charita.sk\/svet\/wp-json\/wp\/v2\/pages\/2246\/revisions"}],"predecessor-version":[{"id":2608,"href":"https:\/\/www.charita.sk\/svet\/wp-json\/wp\/v2\/pages\/2246\/revisions\/2608"}],"wp:attachment":[{"href":"https:\/\/www.charita.sk\/svet\/wp-json\/wp\/v2\/media?parent=2246"}],"curies":[{"name":"wp","href":"https:\/\/api.w.org\/{rel}","templated":true}]}}