{"id":2312,"date":"2022-10-12T16:47:51","date_gmt":"2022-10-12T14:47:51","guid":{"rendered":"https:\/\/www.charita.sk\/pomoc-utecencom\/?page_id=2312"},"modified":"2023-11-03T13:50:41","modified_gmt":"2023-11-03T12:50:41","slug":"studne-hatarah-bagera","status":"publish","type":"page","link":"https:\/\/www.charita.sk\/svet\/studne-hatarah-bagera\/","title":{"rendered":"Studne pre obce Hatarah a Bagera"},"content":{"rendered":"\n<p class=\"has-white-color has-text-color has-background\" style=\"background-color:#c42f41\"><strong>N\u00e1zov projektu:<\/strong>&nbsp;Podpora rozvoja obc\u00ed Hatarah a Bagera v\u010faka zabezpe\u010deniu udr\u017eate\u013en\u00fdch zdrojov pitnej vody a \u0161koleniam<br><strong>Lok\u00e1lny partner:<\/strong>&nbsp;Shingala Azad NGO<br><strong>Po\u010det pr\u00edjemcov pomoci:<\/strong>&nbsp;20950<br><strong>Doba implement\u00e1cie:<\/strong>&nbsp;1.10.2022 \u2013 30.9.2023<br><strong>Suma na podporu projektu:<\/strong>&nbsp;200&nbsp;000 eur<\/p>\n\n\n\n<p>Miestni obyvatelia (15 000 \u013eud\u00ed) majoritne jez\u00eddskej obce Hatarah, ktor\u00e1 sa nach\u00e1dza 50 kilometrov od mesta Mosul na ninevsk\u00fdch pl\u00e1\u0148ach, museli v roku 2014 opusti\u0165 svoje domovy zo strachu pred terorom Islamsk\u00e9ho \u0161t\u00e1tu, ktor\u00fd ohrozoval mnoho okolit\u00fdch obc\u00ed a miest a ich samotn\u00fdch. Obyvatelia sa mohli po \u00fastupe Islamsk\u00e9ho \u0161t\u00e1tu v roku 2015 navr\u00e1ti\u0165 do svojich domovov a okrem toho poskytli \u00fato\u010disko 1 500 vn\u00fatorn\u00fdm vys\u00eddlencom utekaj\u00facim pred prenasledovan\u00edm Deash. Celkovo sa tak po\u010det obyvate\u013eov nav\u00fd\u0161il, av\u0161ak infra\u0161trukt\u00fara, ktor\u00e1 zabezpe\u010duje v obci pitn\u00fa vodu, pozost\u00e1va len zo \u0161tyroch studn\u00ed, ktor\u00e9 maj\u00fa viac ako 40 rokov a ich technol\u00f3gia je u\u017e technicky zastaran\u00e1 a v\u00fddatnos\u0165 vodn\u00e9ho vrtu nie je pre obyvate\u013eov obce dosta\u010duj\u00faca. Studne vysychaj\u00fa, mnohokr\u00e1t je ich voda aj z\u00e1vadn\u00e1.<\/p>\n\n\n\n<figure class=\"wp-block-gallery has-nested-images columns-default is-cropped wp-block-gallery-1 is-layout-flex wp-block-gallery-is-layout-flex\">\n<figure class=\"wp-block-image size-large\"><img fetchpriority=\"high\" decoding=\"async\" width=\"1280\" height=\"960\" data-id=\"2319\" src=\"https:\/\/www.charita.sk\/svet\/wp-content\/uploads\/2022\/10\/irak052.jpg\" alt=\"\" class=\"wp-image-2319\" srcset=\"https:\/\/www.charita.sk\/svet\/wp-content\/uploads\/2022\/10\/irak052.jpg 1280w, https:\/\/www.charita.sk\/svet\/wp-content\/uploads\/2022\/10\/irak052-300x225.jpg 300w, https:\/\/www.charita.sk\/svet\/wp-content\/uploads\/2022\/10\/irak052-1024x768.jpg 1024w, https:\/\/www.charita.sk\/svet\/wp-content\/uploads\/2022\/10\/irak052-768x576.jpg 768w\" sizes=\"(max-width: 1280px) 100vw, 1280px\" \/><figcaption class=\"wp-element-caption\">Stretli sme sa so starostom<\/figcaption><\/figure>\n\n\n\n<figure class=\"wp-block-image size-large\"><img decoding=\"async\" width=\"1280\" height=\"960\" data-id=\"2317\" src=\"https:\/\/www.charita.sk\/svet\/wp-content\/uploads\/2022\/10\/irak059.jpg\" alt=\"\" class=\"wp-image-2317\" srcset=\"https:\/\/www.charita.sk\/svet\/wp-content\/uploads\/2022\/10\/irak059.jpg 1280w, https:\/\/www.charita.sk\/svet\/wp-content\/uploads\/2022\/10\/irak059-300x225.jpg 300w, https:\/\/www.charita.sk\/svet\/wp-content\/uploads\/2022\/10\/irak059-1024x768.jpg 1024w, https:\/\/www.charita.sk\/svet\/wp-content\/uploads\/2022\/10\/irak059-768x576.jpg 768w\" sizes=\"(max-width: 1280px) 100vw, 1280px\" \/><figcaption class=\"wp-element-caption\">S chlapcami zahrali futbal<\/figcaption><\/figure>\n\n\n\n<figure class=\"wp-block-image size-large\"><img decoding=\"async\" width=\"1280\" height=\"960\" data-id=\"2315\" src=\"https:\/\/www.charita.sk\/svet\/wp-content\/uploads\/2022\/10\/irak067.jpg\" alt=\"\" class=\"wp-image-2315\" srcset=\"https:\/\/www.charita.sk\/svet\/wp-content\/uploads\/2022\/10\/irak067.jpg 1280w, https:\/\/www.charita.sk\/svet\/wp-content\/uploads\/2022\/10\/irak067-300x225.jpg 300w, https:\/\/www.charita.sk\/svet\/wp-content\/uploads\/2022\/10\/irak067-1024x768.jpg 1024w, https:\/\/www.charita.sk\/svet\/wp-content\/uploads\/2022\/10\/irak067-768x576.jpg 768w\" sizes=\"(max-width: 1280px) 100vw, 1280px\" \/><figcaption class=\"wp-element-caption\">Prijali pozvanie do \u010dajovne<\/figcaption><\/figure>\n<\/figure>\n\n\n\n<p>Podobn\u00fd scen\u00e1r sa odohr\u00e1va aj v obci Bagera, ktor\u00e1 sa nach\u00e1dza 25 km od mesta Duhok, ktor\u00e1 je \u0161pecifick\u00e1 kohabit\u00e1ciou troch n\u00e1bo\u017eensk\u00fdch skup\u00edn (kres\u0165ania, jez\u00eddi a moslimovia) a jej p\u00f4vodn\u00ed obyvatelia prijali v roku 2014 viac ako 450 vn\u00fatorn\u00fdch vys\u00eddlencov, \u010d\u00edm sa celkov\u00fd po\u010det obyvate\u013eov obce nav\u00fd\u0161il na po\u010det 4450 os\u00f4b. Pitn\u00fa vodu v obci zabezpe\u010duje 1 stud\u0148a postaven\u00e1 pred 36 rokmi, tu doch\u00e1dza k st\u00e1lemu poklesu hladiny vody z d\u00f4vodu n\u00edzkej h\u013abky existuj\u00faceho vrtu. \u010eal\u0161ie dve zo studn\u00ed v tejto obci nesp\u013a\u0148aj\u00fa hygienick\u00e9 normy pre pou\u017eitie na \u00fa\u010dely pitnej vody, tieto studne s\u00fa pou\u017e\u00edvan\u00e9 iba na zavla\u017eovanie pri pestovan\u00ed po\u013enohospod\u00e1rskych plod\u00edn. V\u0161etky tieto studne s\u00fa u\u017e technicky nespo\u013eahliv\u00e9 pre sp\u00f4sob ich v\u00fdstavby a nie s\u00fa schopn\u00e9 dod\u00e1va\u0165 zv\u00fd\u0161en\u00e9mu po\u010dtu obyvate\u013eov obce dostato\u010dn\u00e9 mno\u017estvo vody.<\/p>\n\n\n\n<p class=\"has-text-align-center has-background\" style=\"background-color:#e2e2e2\"><strong>Projekt je spolufinancovan\u00fd z programu ofici\u00e1lnej rozvojovej pomoci SR,&nbsp;<a href=\"https:\/\/slovakaid.sk\" target=\"_blank\" rel=\"noreferrer noopener\">SlovakAid<\/a>.<\/strong><\/p>\n\n\n\n<p>Nedostatok pitnej vody v obciach Hatarah a Bagera ich obyvatelia rie\u0161ia kupovan\u00edm jednor\u00e1zov\u00fdch plastov\u00fdch n\u00e1dob s \u201cbalenou\u201d pitnou vodou alebo s\u00fa z\u00e1visl\u00ed od dod\u00e1vok pitnej vody z cisternov\u00e9ho vozidla, z ktor\u00e9ho si n\u00e1sledne pre\u010derp\u00e1vaj\u00fa vodu do mal\u00fdch vodn\u00fdch n\u00e1dr\u017e\u00ed zvy\u010dajne umiestnen\u00fdch na strech\u00e1ch svojich obydl\u00ed. N\u00e1kup jednorazov\u00fdch plastov\u00fdch obalov a spa\u013eovanie fos\u00edlnych pal\u00edv pri rozvoze vody predstavuj\u00fa ekologick\u00fa z\u00e1\u0165a\u017e pre \u017eivotn\u00e9 prostredie a pr\u00edpradn\u00fd v\u00fdpadok slu\u017eieb cisternov\u00e9ho vozidla s pitnou vodou predstavuje hlavne pre zranite\u013en\u00fdch obyvate\u013eov obce v\u00e1\u017ene komplik\u00e1cie.<\/p>\n\n\n\n<p><strong>Partneri:<\/strong><\/p>\n\n\n\n<figure class=\"wp-block-gallery has-nested-images columns-default is-cropped wp-block-gallery-2 is-layout-flex wp-block-gallery-is-layout-flex\">\n<figure class=\"wp-block-image size-large\"><img loading=\"lazy\" decoding=\"async\" width=\"300\" height=\"125\" data-id=\"697\" src=\"https:\/\/www.charita.sk\/svet\/wp-content\/uploads\/2019\/11\/Partneri-3.png\" alt=\"\" class=\"wp-image-697\"\/><\/figure>\n\n\n\n<figure class=\"wp-block-image size-large\"><img loading=\"lazy\" decoding=\"async\" width=\"300\" height=\"125\" data-id=\"696\" src=\"https:\/\/www.charita.sk\/svet\/wp-content\/uploads\/2019\/11\/Partneri-2.png\" alt=\"\" class=\"wp-image-696\"\/><\/figure>\n\n\n\n<figure class=\"wp-block-image size-large\"><img loading=\"lazy\" decoding=\"async\" width=\"300\" height=\"125\" data-id=\"695\" src=\"https:\/\/www.charita.sk\/svet\/wp-content\/uploads\/2019\/11\/Partneri.png\" alt=\"\" class=\"wp-image-695\"\/><\/figure>\n<\/figure>\n","protected":false},"excerpt":{"rendered":"<p>N\u00e1zov projektu:&nbsp;Podpora rozvoja obc\u00ed Hatarah a Bagera v\u010faka zabezpe\u010deniu udr\u017eate\u013en\u00fdch zdrojov pitnej [&hellip;]<\/p>\n","protected":false},"author":2,"featured_media":0,"parent":0,"menu_order":0,"comment_status":"closed","ping_status":"closed","template":"","meta":{"footnotes":""},"class_list":["post-2312","page","type-page","status-publish","hentry"],"yoast_head":"<!-- This site is optimized with the Yoast SEO plugin v25.4 - https:\/\/yoast.com\/wordpress\/plugins\/seo\/ -->\n<title>Studne pre obce Hatarah a Bagera | Charita vo svete<\/title>\n<meta name=\"robots\" content=\"index, follow, max-snippet:-1, max-image-preview:large, max-video-preview:-1\" \/>\n<link rel=\"canonical\" href=\"https:\/\/www.charita.sk\/svet\/studne-hatarah-bagera\/\" \/>\n<meta property=\"og:locale\" content=\"sk_SK\" \/>\n<meta property=\"og:type\" content=\"article\" \/>\n<meta property=\"og:title\" content=\"Studne pre obce Hatarah a Bagera | Charita vo svete\" \/>\n<meta property=\"og:description\" content=\"N\u00e1zov projektu:&nbsp;Podpora rozvoja obc\u00ed Hatarah a Bagera v\u010faka zabezpe\u010deniu udr\u017eate\u013en\u00fdch zdrojov pitnej [&hellip;]\" \/>\n<meta property=\"og:url\" content=\"https:\/\/www.charita.sk\/svet\/studne-hatarah-bagera\/\" \/>\n<meta property=\"og:site_name\" content=\"Charita vo svete\" \/>\n<meta property=\"article:publisher\" content=\"https:\/\/www.facebook.com\/CaritasSlovakia\/\" \/>\n<meta property=\"article:modified_time\" content=\"2023-11-03T12:50:41+00:00\" \/>\n<meta property=\"og:image\" content=\"https:\/\/www.charita.sk\/pomoc-utecencom\/wp-content\/uploads\/2022\/10\/irak052.jpg\" \/>\n<meta name=\"twitter:card\" content=\"summary_large_image\" \/>\n<meta name=\"twitter:label1\" content=\"Predpokladan\u00fd \u010das \u010d\u00edtania\" \/>\n\t<meta name=\"twitter:data1\" content=\"4 min\u00faty\" \/>\n<script type=\"application\/ld+json\" class=\"yoast-schema-graph\">{\"@context\":\"https:\/\/schema.org\",\"@graph\":[{\"@type\":\"WebPage\",\"@id\":\"https:\/\/www.charita.sk\/svet\/studne-hatarah-bagera\/\",\"url\":\"https:\/\/www.charita.sk\/svet\/studne-hatarah-bagera\/\",\"name\":\"Studne pre obce Hatarah a Bagera | Charita vo svete\",\"isPartOf\":{\"@id\":\"https:\/\/www.charita.sk\/svet\/#website\"},\"primaryImageOfPage\":{\"@id\":\"https:\/\/www.charita.sk\/svet\/studne-hatarah-bagera\/#primaryimage\"},\"image\":{\"@id\":\"https:\/\/www.charita.sk\/svet\/studne-hatarah-bagera\/#primaryimage\"},\"thumbnailUrl\":\"https:\/\/www.charita.sk\/svet\/wp-content\/uploads\/2022\/10\/irak052.jpg\",\"datePublished\":\"2022-10-12T14:47:51+00:00\",\"dateModified\":\"2023-11-03T12:50:41+00:00\",\"breadcrumb\":{\"@id\":\"https:\/\/www.charita.sk\/svet\/studne-hatarah-bagera\/#breadcrumb\"},\"inLanguage\":\"sk-SK\",\"potentialAction\":[{\"@type\":\"ReadAction\",\"target\":[\"https:\/\/www.charita.sk\/svet\/studne-hatarah-bagera\/\"]}]},{\"@type\":\"ImageObject\",\"inLanguage\":\"sk-SK\",\"@id\":\"https:\/\/www.charita.sk\/svet\/studne-hatarah-bagera\/#primaryimage\",\"url\":\"https:\/\/www.charita.sk\/svet\/wp-content\/uploads\/2022\/10\/irak052.jpg\",\"contentUrl\":\"https:\/\/www.charita.sk\/svet\/wp-content\/uploads\/2022\/10\/irak052.jpg\",\"width\":1280,\"height\":960},{\"@type\":\"BreadcrumbList\",\"@id\":\"https:\/\/www.charita.sk\/svet\/studne-hatarah-bagera\/#breadcrumb\",\"itemListElement\":[{\"@type\":\"ListItem\",\"position\":1,\"name\":\"Domovsk\u00e1 str\u00e1nka\",\"item\":\"https:\/\/www.charita.sk\/svet\/\"},{\"@type\":\"ListItem\",\"position\":2,\"name\":\"Studne pre obce Hatarah a Bagera\"}]},{\"@type\":\"WebSite\",\"@id\":\"https:\/\/www.charita.sk\/svet\/#website\",\"url\":\"https:\/\/www.charita.sk\/svet\/\",\"name\":\"Charita vo svete\",\"description\":\"Slovensk\u00e1 katol\u00edcka charita pom\u00e1ha \u013eu\u010fom v n\u00fadzi vo svete\",\"publisher\":{\"@id\":\"https:\/\/www.charita.sk\/svet\/#organization\"},\"potentialAction\":[{\"@type\":\"SearchAction\",\"target\":{\"@type\":\"EntryPoint\",\"urlTemplate\":\"https:\/\/www.charita.sk\/svet\/?s={search_term_string}\"},\"query-input\":{\"@type\":\"PropertyValueSpecification\",\"valueRequired\":true,\"valueName\":\"search_term_string\"}}],\"inLanguage\":\"sk-SK\"},{\"@type\":\"Organization\",\"@id\":\"https:\/\/www.charita.sk\/svet\/#organization\",\"name\":\"Slovensk\u00e1 katol\u00edcka charita\",\"url\":\"https:\/\/www.charita.sk\/svet\/\",\"logo\":{\"@type\":\"ImageObject\",\"inLanguage\":\"sk-SK\",\"@id\":\"https:\/\/www.charita.sk\/svet\/#\/schema\/logo\/image\/\",\"url\":\"https:\/\/www.charita.sk\/pomoc-utecencom\/wp-content\/uploads\/2020\/11\/logo_pomoc_utecencom.jpg\",\"contentUrl\":\"https:\/\/www.charita.sk\/pomoc-utecencom\/wp-content\/uploads\/2020\/11\/logo_pomoc_utecencom.jpg\",\"width\":1712,\"height\":480,\"caption\":\"Slovensk\u00e1 katol\u00edcka charita\"},\"image\":{\"@id\":\"https:\/\/www.charita.sk\/svet\/#\/schema\/logo\/image\/\"},\"sameAs\":[\"https:\/\/www.facebook.com\/CaritasSlovakia\/\",\"https:\/\/www.instagram.com\/caritas_slovakia\/\",\"https:\/\/www.linkedin.com\/company\/caritas-slovakia-skch-\",\"https:\/\/www.youtube.com\/user\/katolickacharita\"]}]}<\/script>\n<!-- \/ Yoast SEO plugin. -->","yoast_head_json":{"title":"Studne pre obce Hatarah a Bagera | Charita vo svete","robots":{"index":"index","follow":"follow","max-snippet":"max-snippet:-1","max-image-preview":"max-image-preview:large","max-video-preview":"max-video-preview:-1"},"canonical":"https:\/\/www.charita.sk\/svet\/studne-hatarah-bagera\/","og_locale":"sk_SK","og_type":"article","og_title":"Studne pre obce Hatarah a Bagera | Charita vo svete","og_description":"N\u00e1zov projektu:&nbsp;Podpora rozvoja obc\u00ed Hatarah a Bagera v\u010faka zabezpe\u010deniu udr\u017eate\u013en\u00fdch zdrojov pitnej [&hellip;]","og_url":"https:\/\/www.charita.sk\/svet\/studne-hatarah-bagera\/","og_site_name":"Charita vo svete","article_publisher":"https:\/\/www.facebook.com\/CaritasSlovakia\/","article_modified_time":"2023-11-03T12:50:41+00:00","og_image":[{"url":"https:\/\/www.charita.sk\/pomoc-utecencom\/wp-content\/uploads\/2022\/10\/irak052.jpg","type":"","width":"","height":""}],"twitter_card":"summary_large_image","twitter_misc":{"Predpokladan\u00fd \u010das \u010d\u00edtania":"4 min\u00faty"},"schema":{"@context":"https:\/\/schema.org","@graph":[{"@type":"WebPage","@id":"https:\/\/www.charita.sk\/svet\/studne-hatarah-bagera\/","url":"https:\/\/www.charita.sk\/svet\/studne-hatarah-bagera\/","name":"Studne pre obce Hatarah a Bagera | Charita vo svete","isPartOf":{"@id":"https:\/\/www.charita.sk\/svet\/#website"},"primaryImageOfPage":{"@id":"https:\/\/www.charita.sk\/svet\/studne-hatarah-bagera\/#primaryimage"},"image":{"@id":"https:\/\/www.charita.sk\/svet\/studne-hatarah-bagera\/#primaryimage"},"thumbnailUrl":"https:\/\/www.charita.sk\/svet\/wp-content\/uploads\/2022\/10\/irak052.jpg","datePublished":"2022-10-12T14:47:51+00:00","dateModified":"2023-11-03T12:50:41+00:00","breadcrumb":{"@id":"https:\/\/www.charita.sk\/svet\/studne-hatarah-bagera\/#breadcrumb"},"inLanguage":"sk-SK","potentialAction":[{"@type":"ReadAction","target":["https:\/\/www.charita.sk\/svet\/studne-hatarah-bagera\/"]}]},{"@type":"ImageObject","inLanguage":"sk-SK","@id":"https:\/\/www.charita.sk\/svet\/studne-hatarah-bagera\/#primaryimage","url":"https:\/\/www.charita.sk\/svet\/wp-content\/uploads\/2022\/10\/irak052.jpg","contentUrl":"https:\/\/www.charita.sk\/svet\/wp-content\/uploads\/2022\/10\/irak052.jpg","width":1280,"height":960},{"@type":"BreadcrumbList","@id":"https:\/\/www.charita.sk\/svet\/studne-hatarah-bagera\/#breadcrumb","itemListElement":[{"@type":"ListItem","position":1,"name":"Domovsk\u00e1 str\u00e1nka","item":"https:\/\/www.charita.sk\/svet\/"},{"@type":"ListItem","position":2,"name":"Studne pre obce Hatarah a Bagera"}]},{"@type":"WebSite","@id":"https:\/\/www.charita.sk\/svet\/#website","url":"https:\/\/www.charita.sk\/svet\/","name":"Charita vo svete","description":"Slovensk\u00e1 katol\u00edcka charita pom\u00e1ha \u013eu\u010fom v n\u00fadzi vo svete","publisher":{"@id":"https:\/\/www.charita.sk\/svet\/#organization"},"potentialAction":[{"@type":"SearchAction","target":{"@type":"EntryPoint","urlTemplate":"https:\/\/www.charita.sk\/svet\/?s={search_term_string}"},"query-input":{"@type":"PropertyValueSpecification","valueRequired":true,"valueName":"search_term_string"}}],"inLanguage":"sk-SK"},{"@type":"Organization","@id":"https:\/\/www.charita.sk\/svet\/#organization","name":"Slovensk\u00e1 katol\u00edcka charita","url":"https:\/\/www.charita.sk\/svet\/","logo":{"@type":"ImageObject","inLanguage":"sk-SK","@id":"https:\/\/www.charita.sk\/svet\/#\/schema\/logo\/image\/","url":"https:\/\/www.charita.sk\/pomoc-utecencom\/wp-content\/uploads\/2020\/11\/logo_pomoc_utecencom.jpg","contentUrl":"https:\/\/www.charita.sk\/pomoc-utecencom\/wp-content\/uploads\/2020\/11\/logo_pomoc_utecencom.jpg","width":1712,"height":480,"caption":"Slovensk\u00e1 katol\u00edcka charita"},"image":{"@id":"https:\/\/www.charita.sk\/svet\/#\/schema\/logo\/image\/"},"sameAs":["https:\/\/www.facebook.com\/CaritasSlovakia\/","https:\/\/www.instagram.com\/caritas_slovakia\/","https:\/\/www.linkedin.com\/company\/caritas-slovakia-skch-","https:\/\/www.youtube.com\/user\/katolickacharita"]}]}},"featured_image_src":null,"featured_image_src_square":null,"_links":{"self":[{"href":"https:\/\/www.charita.sk\/svet\/wp-json\/wp\/v2\/pages\/2312","targetHints":{"allow":["GET"]}}],"collection":[{"href":"https:\/\/www.charita.sk\/svet\/wp-json\/wp\/v2\/pages"}],"about":[{"href":"https:\/\/www.charita.sk\/svet\/wp-json\/wp\/v2\/types\/page"}],"author":[{"embeddable":true,"href":"https:\/\/www.charita.sk\/svet\/wp-json\/wp\/v2\/users\/2"}],"replies":[{"embeddable":true,"href":"https:\/\/www.charita.sk\/svet\/wp-json\/wp\/v2\/comments?post=2312"}],"version-history":[{"count":4,"href":"https:\/\/www.charita.sk\/svet\/wp-json\/wp\/v2\/pages\/2312\/revisions"}],"predecessor-version":[{"id":2746,"href":"https:\/\/www.charita.sk\/svet\/wp-json\/wp\/v2\/pages\/2312\/revisions\/2746"}],"wp:attachment":[{"href":"https:\/\/www.charita.sk\/svet\/wp-json\/wp\/v2\/media?parent=2312"}],"curies":[{"name":"wp","href":"https:\/\/api.w.org\/{rel}","templated":true}]}}