{"id":2516,"date":"2023-05-05T12:16:47","date_gmt":"2023-05-05T10:16:47","guid":{"rendered":"https:\/\/www.charita.sk\/pomoc-utecencom\/?page_id=2516"},"modified":"2025-01-23T10:52:31","modified_gmt":"2025-01-23T09:52:31","slug":"pomoc-vysidlencom-na-ukrajine-iii","status":"publish","type":"page","link":"https:\/\/www.charita.sk\/svet\/pomoc-vysidlencom-na-ukrajine-iii\/","title":{"rendered":"Zlep\u0161enie podmienok pre \u017eivot\u00a0v \u00fatulkoch a poskytovanie humanit\u00e1rnej a psychologickej pomoci vys\u00eddlencom"},"content":{"rendered":"\n<p class=\"has-white-color has-text-color has-background\" style=\"background-color:#c42f41\"><strong>N\u00e1zov projektu:&nbsp;<\/strong>Zlep\u0161enie podmienok pre \u017eivot&nbsp;v \u00fatulkoch a centr\u00e1ch a poskytovanie humanit\u00e1rnej a psychologickej prvej pomoci vn\u00fatorne vys\u00eddlen\u00fdm osob\u00e1m<br><strong>Miesto implement\u00e1cie:&nbsp;<\/strong>Dnepropetrovsk\u00e1 oblas\u0165, Ukrajina<br><strong>Obdobie realiz\u00e1cie projektu:&nbsp;<\/strong>1. m\u00e1ja 2023 \u2013 30. apr\u00edla 2024<br><strong>Partner: <\/strong>Caritas Donetsk&nbsp;<br><strong>Po\u010det pr\u00edjemcov pomoci:&nbsp;<\/strong>1600 priamych a&nbsp;4800 nepriamych prij\u00edmate\u013eov pomoci<\/p>\n\n\n\n<p>V&nbsp;r\u00e1mci hlavn\u00fdch projektov\u00fdch aktiv\u00edt sa bude realizova\u0165:<\/p>\n\n\n\n<ol class=\"wp-block-list\" type=\"1\">\n<li><strong>Vybavenie 6 \u00fatulkov a centier pre vn\u00fatorn\u00fdch pres\u00eddlencov pod\u013ea ich potreby<\/strong>&nbsp;(prv\u00fdch 3, 5 mesiaca projektu). V\u010faka realiz\u00e1cii tejto \u010dasti projektu bud\u00fa zlep\u0161en\u00e9 \u017eivotn\u00e9 podmienky najmenej 1000 vn\u00fatorne vys\u00eddlen\u00fdm osob\u00e1m (vr\u00e1tane rot\u00e1cie).<\/li>\n\n\n\n<li><strong>Soci\u00e1lna podpora 1 600 dom\u00e1cnosti cez distrib\u00faciu 10 150 pouk\u00e1\u017eok na n\u00e1kup potrav\u00edn, liekov a drog\u00e9rie<\/strong>&nbsp;(n\u00e1sledn\u00fdch 8, 5 mesiacov projektu).<\/li>\n\n\n\n<li><strong>Psychologick\u00e1 prv\u00e1 pomoc na zmiernenie a spracovanie tr\u00e1um sp\u00f4soben\u00fdch prebiehaj\u00facim vojensk\u00fdm konfliktom v krajine pre dospel\u00fdch a deti<\/strong>&nbsp;formou skupinov\u00fdch (priamych pr\u00edjemcov pomoci&nbsp;1780 os\u00f4b&nbsp;+ 3420 nepriamych pr\u00edjemcov) a individu\u00e1lnych seden\u00ed (priamych pr\u00edjemcov pomoci&nbsp;330 os\u00f4b&nbsp;+ 470 nepriamych pr\u00edjemcov).<\/li>\n<\/ol>\n\n\n\n<p class=\"has-text-align-center has-background\" style=\"background-color:#eeeeee\"><strong>Projekt je spolufinancovan\u00fd z programu ofici\u00e1lnej rozvojovej pomoci SR,&nbsp;<a href=\"http:\/\/slovakaid.sk\/\">SlovakAid<\/a><\/strong>.<\/p>\n\n\n\n<p><strong>Vybavenie \u00fatulkov<\/strong><\/p>\n\n\n\n<p>Po\u010das prv\u00fdch t\u00fd\u017ed\u0148ov projektu lok\u00e1lny t\u00edm nav\u0161t\u00edvi v\u0161etk\u00fdch&nbsp;<strong>6 \u00fatulkov zaraden\u00fdch do projektu<\/strong>&nbsp;a&nbsp;prever\u00ed aktu\u00e1lnos\u0165 potrieb. Proviz\u00f3rne zriaden\u00e9 priestory maj\u00fa kapacitu od 30 do 300 os\u00f4b.&nbsp;Neust\u00e1la pr\u00edtomnos\u0165 ve\u013ek\u00e9ho mno\u017estva vn\u00fatorne vys\u00eddlen\u00fdch os\u00f4b, ktor\u00ed pri\u0161li o svoje domovy, je n\u00e1ro\u010dn\u00e1 na prev\u00e1dzku bez dostato\u010dn\u00e9ho vybavenia. V niektor\u00fdch je potrebn\u00e9 zak\u00fapi\u0165 dom\u00e1ce spotrebi\u010de ako multivarn\u00edky, kuchynsk\u00e9 vybavenie, chladni\u010dky, v in\u00fdch sanit\u00e1rne ako toalety \u010di um\u00fdvadl\u00e1 \u010di elektrocentr\u00e1la a in\u00e9.&nbsp;V\u010faka dodaniu potrebn\u00e9ho vybavenia sa podmienky v&nbsp;\u00fatulkoch a&nbsp;poskytovanie slu\u017eieb z\u00e1konite zlep\u0161ia.<\/p>\n\n\n\n<figure class=\"wp-block-gallery has-nested-images columns-default is-cropped wp-block-gallery-1 is-layout-flex wp-block-gallery-is-layout-flex\">\n<figure class=\"wp-block-image size-large\"><a href=\"https:\/\/www.charita.sk\/svet\/wp-content\/uploads\/2023\/05\/\u0413\u041e-\u0414\u0436\u0435\u0440\u0435\u043b\u043e-\u041f\u0456\u0434\u0442\u0440\u0438\u043c\u043a\u0438-\u0422\u0456\u0432\u0435\u0440\u0441\u044c\u043a\u0430-4.jpg\"><img fetchpriority=\"high\" decoding=\"async\" width=\"1024\" height=\"768\" data-id=\"2519\" src=\"https:\/\/www.charita.sk\/svet\/wp-content\/uploads\/2023\/05\/\u0413\u041e-\u0414\u0436\u0435\u0440\u0435\u043b\u043e-\u041f\u0456\u0434\u0442\u0440\u0438\u043c\u043a\u0438-\u0422\u0456\u0432\u0435\u0440\u0441\u044c\u043a\u0430-4-1024x768.jpg\" alt=\"\" class=\"wp-image-2519\" srcset=\"https:\/\/www.charita.sk\/svet\/wp-content\/uploads\/2023\/05\/\u0413\u041e-\u0414\u0436\u0435\u0440\u0435\u043b\u043e-\u041f\u0456\u0434\u0442\u0440\u0438\u043c\u043a\u0438-\u0422\u0456\u0432\u0435\u0440\u0441\u044c\u043a\u0430-4-1024x768.jpg 1024w, https:\/\/www.charita.sk\/svet\/wp-content\/uploads\/2023\/05\/\u0413\u041e-\u0414\u0436\u0435\u0440\u0435\u043b\u043e-\u041f\u0456\u0434\u0442\u0440\u0438\u043c\u043a\u0438-\u0422\u0456\u0432\u0435\u0440\u0441\u044c\u043a\u0430-4-300x225.jpg 300w, https:\/\/www.charita.sk\/svet\/wp-content\/uploads\/2023\/05\/\u0413\u041e-\u0414\u0436\u0435\u0440\u0435\u043b\u043e-\u041f\u0456\u0434\u0442\u0440\u0438\u043c\u043a\u0438-\u0422\u0456\u0432\u0435\u0440\u0441\u044c\u043a\u0430-4-768x576.jpg 768w, https:\/\/www.charita.sk\/svet\/wp-content\/uploads\/2023\/05\/\u0413\u041e-\u0414\u0436\u0435\u0440\u0435\u043b\u043e-\u041f\u0456\u0434\u0442\u0440\u0438\u043c\u043a\u0438-\u0422\u0456\u0432\u0435\u0440\u0441\u044c\u043a\u0430-4.jpg 1280w\" sizes=\"(max-width: 1024px) 100vw, 1024px\" \/><\/a><\/figure>\n\n\n\n<figure class=\"wp-block-image size-large\"><a href=\"https:\/\/www.charita.sk\/svet\/wp-content\/uploads\/2023\/05\/\u0413\u041e-\u0414\u0436\u0435\u0440\u0435\u043b\u043e-\u041f\u0456\u0434\u0442\u0440\u0438\u043c\u043a\u0438-\u0428\u043c\u0456\u0434\u0442\u0430-11.jpg\"><img decoding=\"async\" width=\"1024\" height=\"1024\" data-id=\"2521\" src=\"https:\/\/www.charita.sk\/svet\/wp-content\/uploads\/2023\/05\/\u0413\u041e-\u0414\u0436\u0435\u0440\u0435\u043b\u043e-\u041f\u0456\u0434\u0442\u0440\u0438\u043c\u043a\u0438-\u0428\u043c\u0456\u0434\u0442\u0430-11-1024x1024.jpg\" alt=\"\" class=\"wp-image-2521\" srcset=\"https:\/\/www.charita.sk\/svet\/wp-content\/uploads\/2023\/05\/\u0413\u041e-\u0414\u0436\u0435\u0440\u0435\u043b\u043e-\u041f\u0456\u0434\u0442\u0440\u0438\u043c\u043a\u0438-\u0428\u043c\u0456\u0434\u0442\u0430-11-1024x1024.jpg 1024w, https:\/\/www.charita.sk\/svet\/wp-content\/uploads\/2023\/05\/\u0413\u041e-\u0414\u0436\u0435\u0440\u0435\u043b\u043e-\u041f\u0456\u0434\u0442\u0440\u0438\u043c\u043a\u0438-\u0428\u043c\u0456\u0434\u0442\u0430-11-300x300.jpg 300w, https:\/\/www.charita.sk\/svet\/wp-content\/uploads\/2023\/05\/\u0413\u041e-\u0414\u0436\u0435\u0440\u0435\u043b\u043e-\u041f\u0456\u0434\u0442\u0440\u0438\u043c\u043a\u0438-\u0428\u043c\u0456\u0434\u0442\u0430-11-150x150.jpg 150w, https:\/\/www.charita.sk\/svet\/wp-content\/uploads\/2023\/05\/\u0413\u041e-\u0414\u0436\u0435\u0440\u0435\u043b\u043e-\u041f\u0456\u0434\u0442\u0440\u0438\u043c\u043a\u0438-\u0428\u043c\u0456\u0434\u0442\u0430-11-768x768.jpg 768w, https:\/\/www.charita.sk\/svet\/wp-content\/uploads\/2023\/05\/\u0413\u041e-\u0414\u0436\u0435\u0440\u0435\u043b\u043e-\u041f\u0456\u0434\u0442\u0440\u0438\u043c\u043a\u0438-\u0428\u043c\u0456\u0434\u0442\u0430-11-600x600.jpg 600w, https:\/\/www.charita.sk\/svet\/wp-content\/uploads\/2023\/05\/\u0413\u041e-\u0414\u0436\u0435\u0440\u0435\u043b\u043e-\u041f\u0456\u0434\u0442\u0440\u0438\u043c\u043a\u0438-\u0428\u043c\u0456\u0434\u0442\u0430-11.jpg 1280w\" sizes=\"(max-width: 1024px) 100vw, 1024px\" \/><\/a><\/figure>\n\n\n\n<figure class=\"wp-block-image size-large\"><a href=\"https:\/\/www.charita.sk\/svet\/wp-content\/uploads\/2023\/05\/\u0413\u041e-\u0414\u0436\u0435\u0440\u0435\u043b\u043e-\u041f\u0456\u0434\u0442\u0440\u0438\u043c\u043a\u0438-\u0428\u043c\u0456\u0434\u0442\u0430-9.jpg\"><img decoding=\"async\" width=\"1024\" height=\"1024\" data-id=\"2520\" src=\"https:\/\/www.charita.sk\/svet\/wp-content\/uploads\/2023\/05\/\u0413\u041e-\u0414\u0436\u0435\u0440\u0435\u043b\u043e-\u041f\u0456\u0434\u0442\u0440\u0438\u043c\u043a\u0438-\u0428\u043c\u0456\u0434\u0442\u0430-9-1024x1024.jpg\" alt=\"\" class=\"wp-image-2520\" srcset=\"https:\/\/www.charita.sk\/svet\/wp-content\/uploads\/2023\/05\/\u0413\u041e-\u0414\u0436\u0435\u0440\u0435\u043b\u043e-\u041f\u0456\u0434\u0442\u0440\u0438\u043c\u043a\u0438-\u0428\u043c\u0456\u0434\u0442\u0430-9-1024x1024.jpg 1024w, https:\/\/www.charita.sk\/svet\/wp-content\/uploads\/2023\/05\/\u0413\u041e-\u0414\u0436\u0435\u0440\u0435\u043b\u043e-\u041f\u0456\u0434\u0442\u0440\u0438\u043c\u043a\u0438-\u0428\u043c\u0456\u0434\u0442\u0430-9-300x300.jpg 300w, https:\/\/www.charita.sk\/svet\/wp-content\/uploads\/2023\/05\/\u0413\u041e-\u0414\u0436\u0435\u0440\u0435\u043b\u043e-\u041f\u0456\u0434\u0442\u0440\u0438\u043c\u043a\u0438-\u0428\u043c\u0456\u0434\u0442\u0430-9-150x150.jpg 150w, https:\/\/www.charita.sk\/svet\/wp-content\/uploads\/2023\/05\/\u0413\u041e-\u0414\u0436\u0435\u0440\u0435\u043b\u043e-\u041f\u0456\u0434\u0442\u0440\u0438\u043c\u043a\u0438-\u0428\u043c\u0456\u0434\u0442\u0430-9-768x768.jpg 768w, https:\/\/www.charita.sk\/svet\/wp-content\/uploads\/2023\/05\/\u0413\u041e-\u0414\u0436\u0435\u0440\u0435\u043b\u043e-\u041f\u0456\u0434\u0442\u0440\u0438\u043c\u043a\u0438-\u0428\u043c\u0456\u0434\u0442\u0430-9-600x600.jpg 600w, https:\/\/www.charita.sk\/svet\/wp-content\/uploads\/2023\/05\/\u0413\u041e-\u0414\u0436\u0435\u0440\u0435\u043b\u043e-\u041f\u0456\u0434\u0442\u0440\u0438\u043c\u043a\u0438-\u0428\u043c\u0456\u0434\u0442\u0430-9.jpg 1280w\" sizes=\"(max-width: 1024px) 100vw, 1024px\" \/><\/a><\/figure>\n<figcaption class=\"blocks-gallery-caption wp-element-caption\">\ud83d\udcf8 V\u00fdchodiskov\u00fd stav<\/figcaption><\/figure>\n\n\n\n<p><strong>Pouk\u00e1\u017eky na potraviny, hygienu a lieky<\/strong><\/p>\n\n\n\n<p>\u010eal\u0161ie projektov\u00e9 aktivity&nbsp;bud\u00fa zah\u0155\u0148a\u0165 poskytovanie humanit\u00e1rnej pomoci&nbsp;<strong>vyd\u00e1van\u00edm pouk\u00e1\u017eok na potraviny, hygienick\u00e9 potreby a&nbsp;lieky.&nbsp;<\/strong>Syst\u00e9m pouk\u00e1\u017eok bol vybran\u00fd na z\u00e1klade predch\u00e1dzaj\u00facich pozit\u00edvnych sk\u00fasenost\u00ed s humanit\u00e1rnymi projektmi v danej oblasti. Pouk\u00e1\u017eky sa uprednost\u0148uj\u00fa pred balen\u00edm potrav\u00edn a hygienick\u00fdch bal\u00ed\u010dkov a liekov, preto\u017ee pr\u00edjemcovia si m\u00f4\u017eu slobodne vybra\u0165, \u010do si k\u00fapia v z\u00e1vislosti od svojich potrieb. Pouk\u00e1\u017eky je mo\u017en\u00e9 uplatni\u0165 v ktorejko\u013evek vybranej sieti supermarketov alebo lek\u00e1rn\u00ed, ktor\u00e1 je \u010do najbli\u017e\u0161ie k bydlisku rodiny. Niektor\u00e9 rodiny m\u00f4\u017eu zmeni\u0165 svoje bydlisko, \u010do by s\u0165a\u017eilo prepravu potrav\u00edn alebo hygienick\u00fdch potrieb, aj v takomto pr\u00edpade s\u00fa pouk\u00e1\u017eky vhodnej\u0161ie oproti materi\u00e1lnej pomoci. Pouk\u00e1\u017eky s\u00fa tie\u017e preferovan\u00e9 pred hotovos\u0165ou kv\u00f4li da\u0148ov\u00fdm predpisom v krajine.<\/p>\n\n\n\n<p class=\"has-text-align-center has-background\" style=\"background-color:#eeeeee\"><strong>Po\u0161lite pouk\u00e1\u017eku na potraviny \u010di lieky jednej z rod\u00edn, ktor\u00e9 u\u0161li pred vojnou do o \u010dosi bezpe\u010dnej\u0161\u00edch oblast\u00ed Ukrajiny. V ich mene v\u00e1m \u00faprimne \u010fakujeme.<\/strong><\/p>\n\n\n\n<div class=\"wp-block-buttons is-content-justification-center is-layout-flex wp-container-core-buttons-is-layout-16018d1d wp-block-buttons-is-layout-flex\">\n<div class=\"wp-block-button\"><a class=\"wp-block-button__link has-white-color has-text-color has-background wp-element-button\" href=\"https:\/\/charita.darujme.sk\/pomozme-ukrajine\/\" style=\"background-color:#c42f41\">Posla\u0165 pouk\u00e1\u017eku\ud83d\udc8c<\/a><\/div>\n<\/div>\n\n\n\n<p>Pr\u00edjemcovia pomoci s\u00fa vyberan\u00ed soci\u00e1lnymi pracovn\u00edkmi na z\u00e1klade individu\u00e1lnych rozhovorov a pracovan\u00edm s datab\u00e1zou prij\u00edmate\u013eov pomoci, aby sa predch\u00e1dzalo duplicite poskytovania pomoci z in\u00fdch projektov.<\/p>\n\n\n\n<p><strong>Psychologick\u00e1 prv\u00e1 pomoc<\/strong><\/p>\n\n\n\n<p><strong>Ve\u013emi d\u00f4le\u017eitou s\u00fa\u010das\u0165ou projektu je poskytovanie psychologickej prvej pomoci pre \u013eud\u00ed traumatizovan\u00fdch vojnou.&nbsp;<\/strong>T\u00e1 bud\u00fa prebieha\u0165 formou skupinov\u00fdch terapii&nbsp;(10-15 \u013eud\u00ed\/skupina)&nbsp;ako aj&nbsp;cez poskytovanie individu\u00e1lnej psychosoci\u00e1lnej prvej pomoci.&nbsp;Celkovo sa po\u010das projektu uskuto\u010dn\u00ed minim\u00e1lne 200 individu\u00e1lnych konzult\u00e1ci\u00ed.&nbsp;Pomoc sa bude poskytova\u0165&nbsp;<strong>de\u0165om aj dospel\u00fdm<\/strong>&nbsp;prostredn\u00edctvom detsk\u00e9ho psychol\u00f3ga a&nbsp;psychol\u00f3ga pre dospel\u00fdch.&nbsp;Psychol\u00f3govia rodi\u010dom tie\u017e poradia, ako sa s de\u0165mi o vojne rozpr\u00e1va\u0165 a ako ich podporova\u0165 a adaptova\u0165 sa na nov\u00e9 podmienky.<\/p>\n\n\n\n<p>Priebe\u017ene sa bud\u00fa monitorova\u0165 v\u00fdsledky poskytnutej pomoci, aby sa vyhodnotila kvalita projektov\u00fdch slu\u017eieb a vplyv projektu na pr\u00edjemcov.<\/p>\n\n\n\n<p><strong>Hlavnou cie\u013eovou skupinou s\u00fa&nbsp;zranite\u013en\u00e9 vn\u00fatorne vys\u00eddlen\u00e9 osoby, ktor\u00e9 opustili svoje domovy kv\u00f4li vojne a \u017eij\u00fa v&nbsp;\u00fatulkoch a&nbsp;centr\u00e1ch v Dnipre a na jeho predmestiach.<\/strong>&nbsp;S\u00fa to mu\u017ei a \u017eeny vo veku 60+ s minim\u00e1lnym pr\u00edjmom, viacdetn\u00e9 rodiny (s 3 a viac de\u0165mi), matky s de\u0165mi bez mu\u017eov a rodiny s de\u0165mi so zdravotn\u00fdm postihnut\u00edm a de\u0165mi s chronick\u00fdmi ochoreniami a&nbsp;aj celkovo vn\u00fatorn\u00ed pres\u00eddlenci, ktor\u00ed z r\u00f4znych d\u00f4vodov (zhor\u0161enie zdravotn\u00e9ho stavu, starostlivos\u0165 o star\u00fdch rodi\u010dov, mal\u00e9 deti \u010di in\u00e9 z\u00e1va\u017en\u00e9 d\u00f4vody) si dlhodobo nem\u00f4\u017eu n\u00e1js\u0165 pr\u00e1cu a nemaj\u00fa \u017eiadny zdroj pr\u00edjmov, ako aj jednotlivci a rodiny, ktor\u00fdch vojna pripravila o b\u00fdvanie \u010di zdroj \u017eivobytia.&nbsp;<\/p>\n","protected":false},"excerpt":{"rendered":"<p>N\u00e1zov projektu:&nbsp;Zlep\u0161enie podmienok pre \u017eivot&nbsp;v \u00fatulkoch a centr\u00e1ch a poskytovanie humanit\u00e1rnej a [&hellip;]<\/p>\n","protected":false},"author":2,"featured_media":0,"parent":0,"menu_order":0,"comment_status":"closed","ping_status":"closed","template":"","meta":{"footnotes":""},"class_list":["post-2516","page","type-page","status-publish","hentry"],"yoast_head":"<!-- This site is optimized with the Yoast SEO plugin v25.4 - https:\/\/yoast.com\/wordpress\/plugins\/seo\/ -->\n<title>Zlep\u0161enie podmienok pre \u017eivot\u00a0v \u00fatulkoch a poskytovanie humanit\u00e1rnej a psychologickej pomoci vys\u00eddlencom | Charita vo svete<\/title>\n<meta name=\"robots\" content=\"index, follow, max-snippet:-1, max-image-preview:large, max-video-preview:-1\" \/>\n<link rel=\"canonical\" href=\"https:\/\/www.charita.sk\/svet\/pomoc-vysidlencom-na-ukrajine-iii\/\" \/>\n<meta property=\"og:locale\" content=\"sk_SK\" \/>\n<meta property=\"og:type\" content=\"article\" \/>\n<meta property=\"og:title\" content=\"Zlep\u0161enie podmienok pre \u017eivot\u00a0v \u00fatulkoch a poskytovanie humanit\u00e1rnej a psychologickej pomoci vys\u00eddlencom | Charita vo svete\" \/>\n<meta property=\"og:description\" content=\"N\u00e1zov projektu:&nbsp;Zlep\u0161enie podmienok pre \u017eivot&nbsp;v \u00fatulkoch a centr\u00e1ch a poskytovanie humanit\u00e1rnej a [&hellip;]\" \/>\n<meta property=\"og:url\" content=\"https:\/\/www.charita.sk\/svet\/pomoc-vysidlencom-na-ukrajine-iii\/\" \/>\n<meta property=\"og:site_name\" content=\"Charita vo svete\" \/>\n<meta property=\"article:publisher\" content=\"https:\/\/www.facebook.com\/CaritasSlovakia\/\" \/>\n<meta property=\"article:modified_time\" content=\"2025-01-23T09:52:31+00:00\" \/>\n<meta name=\"twitter:card\" content=\"summary_large_image\" \/>\n<meta name=\"twitter:label1\" content=\"Predpokladan\u00fd \u010das \u010d\u00edtania\" \/>\n\t<meta name=\"twitter:data1\" content=\"4 min\u00faty\" \/>\n<script type=\"application\/ld+json\" class=\"yoast-schema-graph\">{\"@context\":\"https:\/\/schema.org\",\"@graph\":[{\"@type\":\"WebPage\",\"@id\":\"https:\/\/www.charita.sk\/svet\/pomoc-vysidlencom-na-ukrajine-iii\/\",\"url\":\"https:\/\/www.charita.sk\/svet\/pomoc-vysidlencom-na-ukrajine-iii\/\",\"name\":\"Zlep\u0161enie podmienok pre \u017eivot\u00a0v \u00fatulkoch a poskytovanie humanit\u00e1rnej a psychologickej pomoci vys\u00eddlencom | Charita vo svete\",\"isPartOf\":{\"@id\":\"https:\/\/www.charita.sk\/svet\/#website\"},\"datePublished\":\"2023-05-05T10:16:47+00:00\",\"dateModified\":\"2025-01-23T09:52:31+00:00\",\"breadcrumb\":{\"@id\":\"https:\/\/www.charita.sk\/svet\/pomoc-vysidlencom-na-ukrajine-iii\/#breadcrumb\"},\"inLanguage\":\"sk-SK\",\"potentialAction\":[{\"@type\":\"ReadAction\",\"target\":[\"https:\/\/www.charita.sk\/svet\/pomoc-vysidlencom-na-ukrajine-iii\/\"]}]},{\"@type\":\"BreadcrumbList\",\"@id\":\"https:\/\/www.charita.sk\/svet\/pomoc-vysidlencom-na-ukrajine-iii\/#breadcrumb\",\"itemListElement\":[{\"@type\":\"ListItem\",\"position\":1,\"name\":\"Domovsk\u00e1 str\u00e1nka\",\"item\":\"https:\/\/www.charita.sk\/svet\/\"},{\"@type\":\"ListItem\",\"position\":2,\"name\":\"Zlep\u0161enie podmienok pre \u017eivot\u00a0v \u00fatulkoch a poskytovanie humanit\u00e1rnej a psychologickej pomoci vys\u00eddlencom\"}]},{\"@type\":\"WebSite\",\"@id\":\"https:\/\/www.charita.sk\/svet\/#website\",\"url\":\"https:\/\/www.charita.sk\/svet\/\",\"name\":\"Charita vo svete\",\"description\":\"Slovensk\u00e1 katol\u00edcka charita pom\u00e1ha \u013eu\u010fom v n\u00fadzi vo svete\",\"publisher\":{\"@id\":\"https:\/\/www.charita.sk\/svet\/#organization\"},\"potentialAction\":[{\"@type\":\"SearchAction\",\"target\":{\"@type\":\"EntryPoint\",\"urlTemplate\":\"https:\/\/www.charita.sk\/svet\/?s={search_term_string}\"},\"query-input\":{\"@type\":\"PropertyValueSpecification\",\"valueRequired\":true,\"valueName\":\"search_term_string\"}}],\"inLanguage\":\"sk-SK\"},{\"@type\":\"Organization\",\"@id\":\"https:\/\/www.charita.sk\/svet\/#organization\",\"name\":\"Slovensk\u00e1 katol\u00edcka charita\",\"url\":\"https:\/\/www.charita.sk\/svet\/\",\"logo\":{\"@type\":\"ImageObject\",\"inLanguage\":\"sk-SK\",\"@id\":\"https:\/\/www.charita.sk\/svet\/#\/schema\/logo\/image\/\",\"url\":\"https:\/\/www.charita.sk\/pomoc-utecencom\/wp-content\/uploads\/2020\/11\/logo_pomoc_utecencom.jpg\",\"contentUrl\":\"https:\/\/www.charita.sk\/pomoc-utecencom\/wp-content\/uploads\/2020\/11\/logo_pomoc_utecencom.jpg\",\"width\":1712,\"height\":480,\"caption\":\"Slovensk\u00e1 katol\u00edcka charita\"},\"image\":{\"@id\":\"https:\/\/www.charita.sk\/svet\/#\/schema\/logo\/image\/\"},\"sameAs\":[\"https:\/\/www.facebook.com\/CaritasSlovakia\/\",\"https:\/\/www.instagram.com\/caritas_slovakia\/\",\"https:\/\/www.linkedin.com\/company\/caritas-slovakia-skch-\",\"https:\/\/www.youtube.com\/user\/katolickacharita\"]}]}<\/script>\n<!-- \/ Yoast SEO plugin. -->","yoast_head_json":{"title":"Zlep\u0161enie podmienok pre \u017eivot\u00a0v \u00fatulkoch a poskytovanie humanit\u00e1rnej a psychologickej pomoci vys\u00eddlencom | Charita vo svete","robots":{"index":"index","follow":"follow","max-snippet":"max-snippet:-1","max-image-preview":"max-image-preview:large","max-video-preview":"max-video-preview:-1"},"canonical":"https:\/\/www.charita.sk\/svet\/pomoc-vysidlencom-na-ukrajine-iii\/","og_locale":"sk_SK","og_type":"article","og_title":"Zlep\u0161enie podmienok pre \u017eivot\u00a0v \u00fatulkoch a poskytovanie humanit\u00e1rnej a psychologickej pomoci vys\u00eddlencom | Charita vo svete","og_description":"N\u00e1zov projektu:&nbsp;Zlep\u0161enie podmienok pre \u017eivot&nbsp;v \u00fatulkoch a centr\u00e1ch a poskytovanie humanit\u00e1rnej a [&hellip;]","og_url":"https:\/\/www.charita.sk\/svet\/pomoc-vysidlencom-na-ukrajine-iii\/","og_site_name":"Charita vo svete","article_publisher":"https:\/\/www.facebook.com\/CaritasSlovakia\/","article_modified_time":"2025-01-23T09:52:31+00:00","twitter_card":"summary_large_image","twitter_misc":{"Predpokladan\u00fd \u010das \u010d\u00edtania":"4 min\u00faty"},"schema":{"@context":"https:\/\/schema.org","@graph":[{"@type":"WebPage","@id":"https:\/\/www.charita.sk\/svet\/pomoc-vysidlencom-na-ukrajine-iii\/","url":"https:\/\/www.charita.sk\/svet\/pomoc-vysidlencom-na-ukrajine-iii\/","name":"Zlep\u0161enie podmienok pre \u017eivot\u00a0v \u00fatulkoch a poskytovanie humanit\u00e1rnej a psychologickej pomoci vys\u00eddlencom | Charita vo svete","isPartOf":{"@id":"https:\/\/www.charita.sk\/svet\/#website"},"datePublished":"2023-05-05T10:16:47+00:00","dateModified":"2025-01-23T09:52:31+00:00","breadcrumb":{"@id":"https:\/\/www.charita.sk\/svet\/pomoc-vysidlencom-na-ukrajine-iii\/#breadcrumb"},"inLanguage":"sk-SK","potentialAction":[{"@type":"ReadAction","target":["https:\/\/www.charita.sk\/svet\/pomoc-vysidlencom-na-ukrajine-iii\/"]}]},{"@type":"BreadcrumbList","@id":"https:\/\/www.charita.sk\/svet\/pomoc-vysidlencom-na-ukrajine-iii\/#breadcrumb","itemListElement":[{"@type":"ListItem","position":1,"name":"Domovsk\u00e1 str\u00e1nka","item":"https:\/\/www.charita.sk\/svet\/"},{"@type":"ListItem","position":2,"name":"Zlep\u0161enie podmienok pre \u017eivot\u00a0v \u00fatulkoch a poskytovanie humanit\u00e1rnej a psychologickej pomoci vys\u00eddlencom"}]},{"@type":"WebSite","@id":"https:\/\/www.charita.sk\/svet\/#website","url":"https:\/\/www.charita.sk\/svet\/","name":"Charita vo svete","description":"Slovensk\u00e1 katol\u00edcka charita pom\u00e1ha \u013eu\u010fom v n\u00fadzi vo svete","publisher":{"@id":"https:\/\/www.charita.sk\/svet\/#organization"},"potentialAction":[{"@type":"SearchAction","target":{"@type":"EntryPoint","urlTemplate":"https:\/\/www.charita.sk\/svet\/?s={search_term_string}"},"query-input":{"@type":"PropertyValueSpecification","valueRequired":true,"valueName":"search_term_string"}}],"inLanguage":"sk-SK"},{"@type":"Organization","@id":"https:\/\/www.charita.sk\/svet\/#organization","name":"Slovensk\u00e1 katol\u00edcka charita","url":"https:\/\/www.charita.sk\/svet\/","logo":{"@type":"ImageObject","inLanguage":"sk-SK","@id":"https:\/\/www.charita.sk\/svet\/#\/schema\/logo\/image\/","url":"https:\/\/www.charita.sk\/pomoc-utecencom\/wp-content\/uploads\/2020\/11\/logo_pomoc_utecencom.jpg","contentUrl":"https:\/\/www.charita.sk\/pomoc-utecencom\/wp-content\/uploads\/2020\/11\/logo_pomoc_utecencom.jpg","width":1712,"height":480,"caption":"Slovensk\u00e1 katol\u00edcka charita"},"image":{"@id":"https:\/\/www.charita.sk\/svet\/#\/schema\/logo\/image\/"},"sameAs":["https:\/\/www.facebook.com\/CaritasSlovakia\/","https:\/\/www.instagram.com\/caritas_slovakia\/","https:\/\/www.linkedin.com\/company\/caritas-slovakia-skch-","https:\/\/www.youtube.com\/user\/katolickacharita"]}]}},"featured_image_src":null,"featured_image_src_square":null,"_links":{"self":[{"href":"https:\/\/www.charita.sk\/svet\/wp-json\/wp\/v2\/pages\/2516","targetHints":{"allow":["GET"]}}],"collection":[{"href":"https:\/\/www.charita.sk\/svet\/wp-json\/wp\/v2\/pages"}],"about":[{"href":"https:\/\/www.charita.sk\/svet\/wp-json\/wp\/v2\/types\/page"}],"author":[{"embeddable":true,"href":"https:\/\/www.charita.sk\/svet\/wp-json\/wp\/v2\/users\/2"}],"replies":[{"embeddable":true,"href":"https:\/\/www.charita.sk\/svet\/wp-json\/wp\/v2\/comments?post=2516"}],"version-history":[{"count":5,"href":"https:\/\/www.charita.sk\/svet\/wp-json\/wp\/v2\/pages\/2516\/revisions"}],"predecessor-version":[{"id":3160,"href":"https:\/\/www.charita.sk\/svet\/wp-json\/wp\/v2\/pages\/2516\/revisions\/3160"}],"wp:attachment":[{"href":"https:\/\/www.charita.sk\/svet\/wp-json\/wp\/v2\/media?parent=2516"}],"curies":[{"name":"wp","href":"https:\/\/api.w.org\/{rel}","templated":true}]}}