{"id":2632,"date":"2023-08-24T14:40:47","date_gmt":"2023-08-24T12:40:47","guid":{"rendered":"https:\/\/www.charita.sk\/pomoc-utecencom\/?page_id=2632"},"modified":"2023-08-24T16:04:38","modified_gmt":"2023-08-24T14:04:38","slug":"zabezpecenie-zdroja-pitnej-vody-pre-obec-sreshka","status":"publish","type":"page","link":"https:\/\/www.charita.sk\/svet\/zabezpecenie-zdroja-pitnej-vody-pre-obec-sreshka\/","title":{"rendered":"Zabezpe\u010denie zdroja pitnej vody pre obec Sreshka"},"content":{"rendered":"\n<p class=\"has-white-color has-text-color has-background\" style=\"background-color:#c42f41\"><strong>N\u00e1zov projektu:<\/strong>&nbsp;Zabezpe\u010denie zdroja pitnej vody pre obec Sreshka &#8211; potrubie, ponorn\u00e9 \u010derpadlo<br><strong>Lokalita implement\u00e1cie<\/strong>:&nbsp;Sreshka, provincia Ninive, Irak<br><strong>Projektov\u00fd partner:&nbsp;<\/strong>Shingala Azad NGO<br><strong>Po\u010det pr\u00edjemcov pomoci:<\/strong> 365 rod\u00edn (2555 os\u00f4b)<br><strong>Rozpo\u010det:<\/strong>&nbsp;25 740 EUR<\/p>\n\n\n\n<p>Hlavn\u00fdm cie\u013eom projektu je zlep\u0161enie \u017eivotn\u00fdch podmienok miestnej a IDP komunity a obnovi\u0165 zdroje pitnej vody. Projekt sa zameriava na v\u00fdmenu \u010dasti vodovodn\u00e9ho potrubia o d\u013a\u017eke 885 m v obci a v\u00fdmenu vodn\u00e9ho \u010derpadla v studni z roku 2014, ktor\u00e1 je v s\u00fa\u010dasnej dobe nefunk\u010dn\u00e1. \u010cerpadlo je najd\u00f4le\u017eitej\u0161ou \u010das\u0165ou art\u00e9zskych studn\u00ed.<\/p>\n\n\n\n<p>Realizovanie projektu pom\u00e1ha 365 miestnym aj vys\u00eddlen\u00fdm rodin\u00e1m z obce. Z\u00edskan\u00edm stabiln\u00e9ho pr\u00edstupu k pitnej vode, projekt vytv\u00e1ra podmienky pre rozvoj a z\u00e1rove\u0148 sa pred\u00edde pr\u00edpadn\u00e9mu nap\u00e4tiu medzi hostite\u013eskou a IDP komunitou. Rovnako sa zlep\u0161ia podmienky \u017eien a det\u00ed, ktor\u00e9 moment\u00e1lne vodu zabezpe\u010duj\u00fa a z\u00e1rove\u0148 sa zn\u00ed\u017ei produkcia plastov\u00e9ho odpadu z kupovanej balenej vody a emisi\u00ed spojen\u00fdch s jej rozvozom.<\/p>\n\n\n\n<p class=\"has-text-align-center has-background\" style=\"background-color:#e2e2e2\"><strong>Projekt finan\u010dne podporuje\u00a0<a href=\"https:\/\/kbs.sk\" target=\"_blank\" rel=\"noreferrer noopener\">Konferencia biskupov Slovenska<\/a><\/strong>.<\/p>\n\n\n\n<p><strong>Vodovodn\u00e9 potrubie<\/strong> \ud83e\uddba<\/p>\n\n\n\n<p>Vodovodn\u00e9 potrubie, ktor\u00e9 rozv\u00e1dza vodu priamo a\u017e do dom\u00e1cnost\u00ed miestnych a IDP obyvate\u013eov je napojen\u00e9 na p\u00f4vodn\u00fa stud\u0148u a je na pokraji svojej \u017eivotnosti. V\u00fdmena \u010dasti vodovodn\u00e9ho radu s d\u013a\u017ekou 885 pom\u00f4\u017ee 130 miestnym aj vys\u00eddlen\u00fdm rodin\u00e1m (910 os\u00f4b). P\u00f4vodn\u00e9 oce\u013eov\u00e9 potrubie v obci je star\u00e9 30 a\u017e 40 rokov. Z hlavn\u00e9ho potrubia sa u\u017e uvo\u013e\u0148uje kor\u00f3zia, ktor\u00e1 sa potom dost\u00e1va a\u017e do dom\u00e1cnost\u00ed, kde je \u013eu\u010fmi konzumovan\u00e1. Mnoho obyvate\u013eov z dom\u00e1cnost\u00ed si prip\u00e1janie potrubia z hlavn\u00e9ho radu vykon\u00e1vali sami, \u010dasto sa jedn\u00e1 o potrubie r\u00f4zneho profilu, \u010do znamen\u00e1 rozdielny tlak v potrub\u00ed a prietok vody do dom\u00e1cnost\u00ed. Vodovodn\u00e9 potrubie je mnohokr\u00e1t preveden\u00e9 z \u00faplne nevhodn\u00e9ho materi\u00e1lu, ktor\u00e9 uvo\u013e\u0148uje do vody nebezpe\u010dn\u00e9 l\u00e1tky, ktor\u00e9 s\u00fa pri dlhodobom u\u017e\u00edvan\u00ed miestnym aj vys\u00eddlen\u00fdm obyvate\u013eom zdraviu \u0161kodliv\u00e9.<br><br><strong>Ponorn\u00e9 \u010derpadlo<\/strong> \ud83d\udeb0<\/p>\n\n\n\n<p>Artz\u00e9zska stud\u0148a vybudovan\u00e1 v roku 2014 a v\u0155tan\u00e1 do h\u013abky 230 m, je v s\u00fa\u010dasnej dobe nefunk\u010dn\u00e1 a<br>t\u00fdm je 235 miestnych a vys\u00eddlen\u00fdch rod\u00edn (1645 os\u00f4b), bez dod\u00e1vok vody. Je d\u00f4le\u017eit\u00e9 zabezpe\u010di\u0165<br>v\u00fdmenu ponorn\u00e9ho \u010derpadla v existuj\u00facej art\u00e9zskej studni a obnovi\u0165 jej prev\u00e1dzku. P\u00f4vodn\u00e9 ponorn\u00e9<br>\u010derpadlo v obci je zastaran\u00e9 cca 15 rokov.<\/p>\n\n\n\n<figure class=\"wp-block-gallery has-nested-images columns-default is-cropped wp-block-gallery-1 is-layout-flex wp-block-gallery-is-layout-flex\">\n<figure class=\"wp-block-image size-large\"><img fetchpriority=\"high\" decoding=\"async\" width=\"1024\" height=\"461\" data-id=\"2635\" src=\"https:\/\/www.charita.sk\/svet\/wp-content\/uploads\/2023\/08\/28-1024x461.jpg\" alt=\"\" class=\"wp-image-2635\" srcset=\"https:\/\/www.charita.sk\/svet\/wp-content\/uploads\/2023\/08\/28-1024x461.jpg 1024w, https:\/\/www.charita.sk\/svet\/wp-content\/uploads\/2023\/08\/28-300x135.jpg 300w, https:\/\/www.charita.sk\/svet\/wp-content\/uploads\/2023\/08\/28-768x346.jpg 768w, https:\/\/www.charita.sk\/svet\/wp-content\/uploads\/2023\/08\/28.jpg 1280w\" sizes=\"(max-width: 1024px) 100vw, 1024px\" \/><\/figure>\n\n\n\n<figure class=\"wp-block-image size-large\"><img decoding=\"async\" width=\"1024\" height=\"461\" data-id=\"2636\" src=\"https:\/\/www.charita.sk\/svet\/wp-content\/uploads\/2023\/08\/30-1024x461.jpg\" alt=\"\" class=\"wp-image-2636\" srcset=\"https:\/\/www.charita.sk\/svet\/wp-content\/uploads\/2023\/08\/30-1024x461.jpg 1024w, https:\/\/www.charita.sk\/svet\/wp-content\/uploads\/2023\/08\/30-300x135.jpg 300w, https:\/\/www.charita.sk\/svet\/wp-content\/uploads\/2023\/08\/30-768x346.jpg 768w, https:\/\/www.charita.sk\/svet\/wp-content\/uploads\/2023\/08\/30.jpg 1280w\" sizes=\"(max-width: 1024px) 100vw, 1024px\" \/><\/figure>\n\n\n\n<figure class=\"wp-block-image size-large\"><img decoding=\"async\" width=\"1024\" height=\"461\" data-id=\"2637\" src=\"https:\/\/www.charita.sk\/svet\/wp-content\/uploads\/2023\/08\/IMG-20230622-WA0048-1024x461.jpg\" alt=\"\" class=\"wp-image-2637\" srcset=\"https:\/\/www.charita.sk\/svet\/wp-content\/uploads\/2023\/08\/IMG-20230622-WA0048-1024x461.jpg 1024w, https:\/\/www.charita.sk\/svet\/wp-content\/uploads\/2023\/08\/IMG-20230622-WA0048-300x135.jpg 300w, https:\/\/www.charita.sk\/svet\/wp-content\/uploads\/2023\/08\/IMG-20230622-WA0048-768x346.jpg 768w, https:\/\/www.charita.sk\/svet\/wp-content\/uploads\/2023\/08\/IMG-20230622-WA0048.jpg 1280w\" sizes=\"(max-width: 1024px) 100vw, 1024px\" \/><\/figure>\n<figcaption class=\"blocks-gallery-caption wp-element-caption\">\ud83d\udcf8 Nap\u00e1janie nov\u00e9ho potrubia, Sreshka, august 2023, \u0160. Petrov\u00e1<\/figcaption><\/figure>\n","protected":false},"excerpt":{"rendered":"<p>N\u00e1zov projektu:&nbsp;Zabezpe\u010denie zdroja pitnej vody pre obec Sreshka &#8211; potrubie, ponorn\u00e9 \u010derpadloLokalita [&hellip;]<\/p>\n","protected":false},"author":2,"featured_media":0,"parent":0,"menu_order":0,"comment_status":"closed","ping_status":"closed","template":"","meta":{"footnotes":""},"class_list":["post-2632","page","type-page","status-publish","hentry"],"yoast_head":"<!-- This site is optimized with the Yoast SEO plugin v25.4 - https:\/\/yoast.com\/wordpress\/plugins\/seo\/ -->\n<title>Zabezpe\u010denie zdroja pitnej vody pre obec Sreshka | Charita vo svete<\/title>\n<meta name=\"robots\" content=\"index, follow, max-snippet:-1, max-image-preview:large, max-video-preview:-1\" \/>\n<link rel=\"canonical\" href=\"https:\/\/www.charita.sk\/svet\/zabezpecenie-zdroja-pitnej-vody-pre-obec-sreshka\/\" \/>\n<meta property=\"og:locale\" content=\"sk_SK\" \/>\n<meta property=\"og:type\" content=\"article\" \/>\n<meta property=\"og:title\" content=\"Zabezpe\u010denie zdroja pitnej vody pre obec Sreshka | Charita vo svete\" \/>\n<meta property=\"og:description\" content=\"N\u00e1zov projektu:&nbsp;Zabezpe\u010denie zdroja pitnej vody pre obec Sreshka &#8211; potrubie, ponorn\u00e9 \u010derpadloLokalita [&hellip;]\" \/>\n<meta property=\"og:url\" content=\"https:\/\/www.charita.sk\/svet\/zabezpecenie-zdroja-pitnej-vody-pre-obec-sreshka\/\" \/>\n<meta property=\"og:site_name\" content=\"Charita vo svete\" \/>\n<meta property=\"article:publisher\" content=\"https:\/\/www.facebook.com\/CaritasSlovakia\/\" \/>\n<meta property=\"article:modified_time\" content=\"2023-08-24T14:04:38+00:00\" \/>\n<meta property=\"og:image\" content=\"https:\/\/www.charita.sk\/pomoc-utecencom\/wp-content\/uploads\/2023\/08\/28-1024x461.jpg\" \/>\n<meta name=\"twitter:card\" content=\"summary_large_image\" \/>\n<meta name=\"twitter:label1\" content=\"Predpokladan\u00fd \u010das \u010d\u00edtania\" \/>\n\t<meta name=\"twitter:data1\" content=\"3 min\u00faty\" \/>\n<script type=\"application\/ld+json\" class=\"yoast-schema-graph\">{\"@context\":\"https:\/\/schema.org\",\"@graph\":[{\"@type\":\"WebPage\",\"@id\":\"https:\/\/www.charita.sk\/svet\/zabezpecenie-zdroja-pitnej-vody-pre-obec-sreshka\/\",\"url\":\"https:\/\/www.charita.sk\/svet\/zabezpecenie-zdroja-pitnej-vody-pre-obec-sreshka\/\",\"name\":\"Zabezpe\u010denie zdroja pitnej vody pre obec Sreshka | Charita vo svete\",\"isPartOf\":{\"@id\":\"https:\/\/www.charita.sk\/svet\/#website\"},\"primaryImageOfPage\":{\"@id\":\"https:\/\/www.charita.sk\/svet\/zabezpecenie-zdroja-pitnej-vody-pre-obec-sreshka\/#primaryimage\"},\"image\":{\"@id\":\"https:\/\/www.charita.sk\/svet\/zabezpecenie-zdroja-pitnej-vody-pre-obec-sreshka\/#primaryimage\"},\"thumbnailUrl\":\"https:\/\/www.charita.sk\/svet\/wp-content\/uploads\/2023\/08\/28-1024x461.jpg\",\"datePublished\":\"2023-08-24T12:40:47+00:00\",\"dateModified\":\"2023-08-24T14:04:38+00:00\",\"breadcrumb\":{\"@id\":\"https:\/\/www.charita.sk\/svet\/zabezpecenie-zdroja-pitnej-vody-pre-obec-sreshka\/#breadcrumb\"},\"inLanguage\":\"sk-SK\",\"potentialAction\":[{\"@type\":\"ReadAction\",\"target\":[\"https:\/\/www.charita.sk\/svet\/zabezpecenie-zdroja-pitnej-vody-pre-obec-sreshka\/\"]}]},{\"@type\":\"ImageObject\",\"inLanguage\":\"sk-SK\",\"@id\":\"https:\/\/www.charita.sk\/svet\/zabezpecenie-zdroja-pitnej-vody-pre-obec-sreshka\/#primaryimage\",\"url\":\"https:\/\/www.charita.sk\/svet\/wp-content\/uploads\/2023\/08\/28.jpg\",\"contentUrl\":\"https:\/\/www.charita.sk\/svet\/wp-content\/uploads\/2023\/08\/28.jpg\",\"width\":1280,\"height\":576},{\"@type\":\"BreadcrumbList\",\"@id\":\"https:\/\/www.charita.sk\/svet\/zabezpecenie-zdroja-pitnej-vody-pre-obec-sreshka\/#breadcrumb\",\"itemListElement\":[{\"@type\":\"ListItem\",\"position\":1,\"name\":\"Domovsk\u00e1 str\u00e1nka\",\"item\":\"https:\/\/www.charita.sk\/svet\/\"},{\"@type\":\"ListItem\",\"position\":2,\"name\":\"Zabezpe\u010denie zdroja pitnej vody pre obec Sreshka\"}]},{\"@type\":\"WebSite\",\"@id\":\"https:\/\/www.charita.sk\/svet\/#website\",\"url\":\"https:\/\/www.charita.sk\/svet\/\",\"name\":\"Charita vo svete\",\"description\":\"Slovensk\u00e1 katol\u00edcka charita pom\u00e1ha \u013eu\u010fom v n\u00fadzi vo svete\",\"publisher\":{\"@id\":\"https:\/\/www.charita.sk\/svet\/#organization\"},\"potentialAction\":[{\"@type\":\"SearchAction\",\"target\":{\"@type\":\"EntryPoint\",\"urlTemplate\":\"https:\/\/www.charita.sk\/svet\/?s={search_term_string}\"},\"query-input\":{\"@type\":\"PropertyValueSpecification\",\"valueRequired\":true,\"valueName\":\"search_term_string\"}}],\"inLanguage\":\"sk-SK\"},{\"@type\":\"Organization\",\"@id\":\"https:\/\/www.charita.sk\/svet\/#organization\",\"name\":\"Slovensk\u00e1 katol\u00edcka charita\",\"url\":\"https:\/\/www.charita.sk\/svet\/\",\"logo\":{\"@type\":\"ImageObject\",\"inLanguage\":\"sk-SK\",\"@id\":\"https:\/\/www.charita.sk\/svet\/#\/schema\/logo\/image\/\",\"url\":\"https:\/\/www.charita.sk\/pomoc-utecencom\/wp-content\/uploads\/2020\/11\/logo_pomoc_utecencom.jpg\",\"contentUrl\":\"https:\/\/www.charita.sk\/pomoc-utecencom\/wp-content\/uploads\/2020\/11\/logo_pomoc_utecencom.jpg\",\"width\":1712,\"height\":480,\"caption\":\"Slovensk\u00e1 katol\u00edcka charita\"},\"image\":{\"@id\":\"https:\/\/www.charita.sk\/svet\/#\/schema\/logo\/image\/\"},\"sameAs\":[\"https:\/\/www.facebook.com\/CaritasSlovakia\/\",\"https:\/\/www.instagram.com\/caritas_slovakia\/\",\"https:\/\/www.linkedin.com\/company\/caritas-slovakia-skch-\",\"https:\/\/www.youtube.com\/user\/katolickacharita\"]}]}<\/script>\n<!-- \/ Yoast SEO plugin. -->","yoast_head_json":{"title":"Zabezpe\u010denie zdroja pitnej vody pre obec Sreshka | Charita vo svete","robots":{"index":"index","follow":"follow","max-snippet":"max-snippet:-1","max-image-preview":"max-image-preview:large","max-video-preview":"max-video-preview:-1"},"canonical":"https:\/\/www.charita.sk\/svet\/zabezpecenie-zdroja-pitnej-vody-pre-obec-sreshka\/","og_locale":"sk_SK","og_type":"article","og_title":"Zabezpe\u010denie zdroja pitnej vody pre obec Sreshka | Charita vo svete","og_description":"N\u00e1zov projektu:&nbsp;Zabezpe\u010denie zdroja pitnej vody pre obec Sreshka &#8211; potrubie, ponorn\u00e9 \u010derpadloLokalita [&hellip;]","og_url":"https:\/\/www.charita.sk\/svet\/zabezpecenie-zdroja-pitnej-vody-pre-obec-sreshka\/","og_site_name":"Charita vo svete","article_publisher":"https:\/\/www.facebook.com\/CaritasSlovakia\/","article_modified_time":"2023-08-24T14:04:38+00:00","og_image":[{"url":"https:\/\/www.charita.sk\/pomoc-utecencom\/wp-content\/uploads\/2023\/08\/28-1024x461.jpg","type":"","width":"","height":""}],"twitter_card":"summary_large_image","twitter_misc":{"Predpokladan\u00fd \u010das \u010d\u00edtania":"3 min\u00faty"},"schema":{"@context":"https:\/\/schema.org","@graph":[{"@type":"WebPage","@id":"https:\/\/www.charita.sk\/svet\/zabezpecenie-zdroja-pitnej-vody-pre-obec-sreshka\/","url":"https:\/\/www.charita.sk\/svet\/zabezpecenie-zdroja-pitnej-vody-pre-obec-sreshka\/","name":"Zabezpe\u010denie zdroja pitnej vody pre obec Sreshka | Charita vo svete","isPartOf":{"@id":"https:\/\/www.charita.sk\/svet\/#website"},"primaryImageOfPage":{"@id":"https:\/\/www.charita.sk\/svet\/zabezpecenie-zdroja-pitnej-vody-pre-obec-sreshka\/#primaryimage"},"image":{"@id":"https:\/\/www.charita.sk\/svet\/zabezpecenie-zdroja-pitnej-vody-pre-obec-sreshka\/#primaryimage"},"thumbnailUrl":"https:\/\/www.charita.sk\/svet\/wp-content\/uploads\/2023\/08\/28-1024x461.jpg","datePublished":"2023-08-24T12:40:47+00:00","dateModified":"2023-08-24T14:04:38+00:00","breadcrumb":{"@id":"https:\/\/www.charita.sk\/svet\/zabezpecenie-zdroja-pitnej-vody-pre-obec-sreshka\/#breadcrumb"},"inLanguage":"sk-SK","potentialAction":[{"@type":"ReadAction","target":["https:\/\/www.charita.sk\/svet\/zabezpecenie-zdroja-pitnej-vody-pre-obec-sreshka\/"]}]},{"@type":"ImageObject","inLanguage":"sk-SK","@id":"https:\/\/www.charita.sk\/svet\/zabezpecenie-zdroja-pitnej-vody-pre-obec-sreshka\/#primaryimage","url":"https:\/\/www.charita.sk\/svet\/wp-content\/uploads\/2023\/08\/28.jpg","contentUrl":"https:\/\/www.charita.sk\/svet\/wp-content\/uploads\/2023\/08\/28.jpg","width":1280,"height":576},{"@type":"BreadcrumbList","@id":"https:\/\/www.charita.sk\/svet\/zabezpecenie-zdroja-pitnej-vody-pre-obec-sreshka\/#breadcrumb","itemListElement":[{"@type":"ListItem","position":1,"name":"Domovsk\u00e1 str\u00e1nka","item":"https:\/\/www.charita.sk\/svet\/"},{"@type":"ListItem","position":2,"name":"Zabezpe\u010denie zdroja pitnej vody pre obec Sreshka"}]},{"@type":"WebSite","@id":"https:\/\/www.charita.sk\/svet\/#website","url":"https:\/\/www.charita.sk\/svet\/","name":"Charita vo svete","description":"Slovensk\u00e1 katol\u00edcka charita pom\u00e1ha \u013eu\u010fom v n\u00fadzi vo svete","publisher":{"@id":"https:\/\/www.charita.sk\/svet\/#organization"},"potentialAction":[{"@type":"SearchAction","target":{"@type":"EntryPoint","urlTemplate":"https:\/\/www.charita.sk\/svet\/?s={search_term_string}"},"query-input":{"@type":"PropertyValueSpecification","valueRequired":true,"valueName":"search_term_string"}}],"inLanguage":"sk-SK"},{"@type":"Organization","@id":"https:\/\/www.charita.sk\/svet\/#organization","name":"Slovensk\u00e1 katol\u00edcka charita","url":"https:\/\/www.charita.sk\/svet\/","logo":{"@type":"ImageObject","inLanguage":"sk-SK","@id":"https:\/\/www.charita.sk\/svet\/#\/schema\/logo\/image\/","url":"https:\/\/www.charita.sk\/pomoc-utecencom\/wp-content\/uploads\/2020\/11\/logo_pomoc_utecencom.jpg","contentUrl":"https:\/\/www.charita.sk\/pomoc-utecencom\/wp-content\/uploads\/2020\/11\/logo_pomoc_utecencom.jpg","width":1712,"height":480,"caption":"Slovensk\u00e1 katol\u00edcka charita"},"image":{"@id":"https:\/\/www.charita.sk\/svet\/#\/schema\/logo\/image\/"},"sameAs":["https:\/\/www.facebook.com\/CaritasSlovakia\/","https:\/\/www.instagram.com\/caritas_slovakia\/","https:\/\/www.linkedin.com\/company\/caritas-slovakia-skch-","https:\/\/www.youtube.com\/user\/katolickacharita"]}]}},"featured_image_src":null,"featured_image_src_square":null,"_links":{"self":[{"href":"https:\/\/www.charita.sk\/svet\/wp-json\/wp\/v2\/pages\/2632","targetHints":{"allow":["GET"]}}],"collection":[{"href":"https:\/\/www.charita.sk\/svet\/wp-json\/wp\/v2\/pages"}],"about":[{"href":"https:\/\/www.charita.sk\/svet\/wp-json\/wp\/v2\/types\/page"}],"author":[{"embeddable":true,"href":"https:\/\/www.charita.sk\/svet\/wp-json\/wp\/v2\/users\/2"}],"replies":[{"embeddable":true,"href":"https:\/\/www.charita.sk\/svet\/wp-json\/wp\/v2\/comments?post=2632"}],"version-history":[{"count":2,"href":"https:\/\/www.charita.sk\/svet\/wp-json\/wp\/v2\/pages\/2632\/revisions"}],"predecessor-version":[{"id":2662,"href":"https:\/\/www.charita.sk\/svet\/wp-json\/wp\/v2\/pages\/2632\/revisions\/2662"}],"wp:attachment":[{"href":"https:\/\/www.charita.sk\/svet\/wp-json\/wp\/v2\/media?parent=2632"}],"curies":[{"name":"wp","href":"https:\/\/api.w.org\/{rel}","templated":true}]}}