{"id":2651,"date":"2023-08-24T15:53:49","date_gmt":"2023-08-24T13:53:49","guid":{"rendered":"https:\/\/www.charita.sk\/pomoc-utecencom\/?page_id=2651"},"modified":"2023-08-24T16:34:13","modified_gmt":"2023-08-24T14:34:13","slug":"oprava-strechy-a-stropu-na-kostole-sv-jozefa-v-sulejmanii","status":"publish","type":"page","link":"https:\/\/www.charita.sk\/svet\/oprava-strechy-a-stropu-na-kostole-sv-jozefa-v-sulejmanii\/","title":{"rendered":"Oprava strechy a stropu na kostole sv. Jozefa v Sulejmanii"},"content":{"rendered":"\n<p class=\"has-white-color has-text-color has-background\" style=\"background-color:#c42f41\"><strong>N\u00e1zov projektu:<\/strong>&nbsp;V\u00fdmena vn\u00fatorn\u00e9ho stropu a oprava vodotesnej vrstvy strechy kostola sv. Jozefa<br><strong>Miesto implement\u00e1cie:<\/strong>&nbsp;Sulejmania, Irack\u00fd Kurdistan<br><strong>Partner:<\/strong>&nbsp;Chaldejskokatol\u00edcka farnos\u0165 sv. Jozefa<br><strong>Po\u010det pr\u00edjemcov pomoci:<\/strong>&nbsp;800 farn\u00edkov + veriaci z in\u00fdch miest<br><strong>Suma na podporu projektu:<\/strong>&nbsp;10 000 EUR<\/p>\n\n\n\n<p>Vymeni\u0165 strechu v kostole vo farnosti sv. Jozefa potrebuj\u00fa z nasleduj\u00facich d\u00f4vodov:<\/p>\n\n\n\n<p>&#8211; \u00daspora elektrickej energie a zn\u00ed\u017eenie tlaku na gener\u00e1tor kostola, ktor\u00fd pracuje dlh\u00e9 hodiny pri pastora\u010dn\u00fdch aktivit\u00e1ch. Strop kostola obsahuje 600 star\u00fdch florentsk\u00fdch svetiel a odv\u00e1dza viac ako 100 amp\u00e9rov, \u010do sp\u00f4sobuje ve\u013ek\u00fd tlak na gener\u00e1tor.<\/p>\n\n\n\n<p>&#8211; Stav strechy nar\u00fa\u0161a sl\u00e1venie. Chaldejskokatol\u00edcka farnos\u0165 sv. Jozefa je jedin\u00e1 v meste. Kostol tak mus\u00ed by\u0165 v dobrom stave, ako sa slu\u0161\u00ed na liturgick\u00e9 sl\u00e1venia a na pr\u00edtomnos\u0165 P\u00e1na.<\/p>\n\n\n\n<p>&#8211; Oprava vonkaj\u0161ej vlhkosti, preto\u017ee strecha z vonkaj\u0161ej strany je sendvi\u010dov\u00fd panel a vy\u017eaduje \u00fadr\u017ebu a opravu. V zime sa voda dost\u00e1va do kostola po\u010das modlitieb a to je probl\u00e9m, ktor\u00fd treba vyrie\u0161i\u0165.<\/p>\n\n\n\n<p class=\"has-text-align-center has-background\" style=\"background-color:#e2e2e2\"><strong>Projekt finan\u010dne podporuje&nbsp;<a href=\"https:\/\/kbs.sk\" target=\"_blank\" rel=\"noreferrer noopener\">Konferencia biskupov Slovenska<\/a><\/strong>.<\/p>\n\n\n\n<figure class=\"wp-block-gallery has-nested-images columns-4 is-cropped wp-block-gallery-1 is-layout-flex wp-block-gallery-is-layout-flex\">\n<figure class=\"wp-block-image size-large\"><img fetchpriority=\"high\" decoding=\"async\" width=\"1024\" height=\"767\" data-id=\"2657\" src=\"https:\/\/www.charita.sk\/svet\/wp-content\/uploads\/2023\/08\/359439679_3141693419457524_8703656267967241194_n-1024x767.jpg\" alt=\"\" class=\"wp-image-2657\" srcset=\"https:\/\/www.charita.sk\/svet\/wp-content\/uploads\/2023\/08\/359439679_3141693419457524_8703656267967241194_n-1024x767.jpg 1024w, https:\/\/www.charita.sk\/svet\/wp-content\/uploads\/2023\/08\/359439679_3141693419457524_8703656267967241194_n-300x225.jpg 300w, https:\/\/www.charita.sk\/svet\/wp-content\/uploads\/2023\/08\/359439679_3141693419457524_8703656267967241194_n-768x575.jpg 768w, https:\/\/www.charita.sk\/svet\/wp-content\/uploads\/2023\/08\/359439679_3141693419457524_8703656267967241194_n.jpg 1284w\" sizes=\"(max-width: 1024px) 100vw, 1024px\" \/><\/figure>\n\n\n\n<figure class=\"wp-block-image size-large\"><img decoding=\"async\" width=\"1024\" height=\"767\" data-id=\"2655\" src=\"https:\/\/www.charita.sk\/svet\/wp-content\/uploads\/2023\/08\/358773516_652618196890979_4962639709228854479_n-1024x767.jpg\" alt=\"\" class=\"wp-image-2655\" srcset=\"https:\/\/www.charita.sk\/svet\/wp-content\/uploads\/2023\/08\/358773516_652618196890979_4962639709228854479_n-1024x767.jpg 1024w, https:\/\/www.charita.sk\/svet\/wp-content\/uploads\/2023\/08\/358773516_652618196890979_4962639709228854479_n-300x225.jpg 300w, https:\/\/www.charita.sk\/svet\/wp-content\/uploads\/2023\/08\/358773516_652618196890979_4962639709228854479_n-768x575.jpg 768w, https:\/\/www.charita.sk\/svet\/wp-content\/uploads\/2023\/08\/358773516_652618196890979_4962639709228854479_n.jpg 1284w\" sizes=\"(max-width: 1024px) 100vw, 1024px\" \/><\/figure>\n\n\n\n<figure class=\"wp-block-image size-large\"><img decoding=\"async\" width=\"1024\" height=\"767\" data-id=\"2654\" src=\"https:\/\/www.charita.sk\/svet\/wp-content\/uploads\/2023\/08\/359881469_657530142896458_3953370527500282464_n-1024x767.jpg\" alt=\"\" class=\"wp-image-2654\" srcset=\"https:\/\/www.charita.sk\/svet\/wp-content\/uploads\/2023\/08\/359881469_657530142896458_3953370527500282464_n-1024x767.jpg 1024w, https:\/\/www.charita.sk\/svet\/wp-content\/uploads\/2023\/08\/359881469_657530142896458_3953370527500282464_n-300x225.jpg 300w, https:\/\/www.charita.sk\/svet\/wp-content\/uploads\/2023\/08\/359881469_657530142896458_3953370527500282464_n-768x575.jpg 768w, https:\/\/www.charita.sk\/svet\/wp-content\/uploads\/2023\/08\/359881469_657530142896458_3953370527500282464_n.jpg 1284w\" sizes=\"(max-width: 1024px) 100vw, 1024px\" \/><\/figure>\n\n\n\n<figure class=\"wp-block-image size-large\"><img loading=\"lazy\" decoding=\"async\" width=\"1024\" height=\"767\" data-id=\"2656\" src=\"https:\/\/www.charita.sk\/svet\/wp-content\/uploads\/2023\/08\/358850648_964850481392910_1707255592970981881_n-1024x767.jpg\" alt=\"\" class=\"wp-image-2656\" srcset=\"https:\/\/www.charita.sk\/svet\/wp-content\/uploads\/2023\/08\/358850648_964850481392910_1707255592970981881_n-1024x767.jpg 1024w, https:\/\/www.charita.sk\/svet\/wp-content\/uploads\/2023\/08\/358850648_964850481392910_1707255592970981881_n-300x225.jpg 300w, https:\/\/www.charita.sk\/svet\/wp-content\/uploads\/2023\/08\/358850648_964850481392910_1707255592970981881_n-768x575.jpg 768w, https:\/\/www.charita.sk\/svet\/wp-content\/uploads\/2023\/08\/358850648_964850481392910_1707255592970981881_n.jpg 1284w\" sizes=\"(max-width: 1024px) 100vw, 1024px\" \/><\/figure>\n<figcaption class=\"blocks-gallery-caption wp-element-caption\">\ud83d\udcf8 \u017divot vo farnosti po\u010das a oprava strechy, j\u00fal 2023, o. Ayman.<\/figcaption><\/figure>\n","protected":false},"excerpt":{"rendered":"<p>N\u00e1zov projektu:&nbsp;V\u00fdmena vn\u00fatorn\u00e9ho stropu a oprava vodotesnej vrstvy strechy kostola sv. JozefaMiesto [&hellip;]<\/p>\n","protected":false},"author":2,"featured_media":0,"parent":0,"menu_order":0,"comment_status":"closed","ping_status":"closed","template":"","meta":{"footnotes":""},"class_list":["post-2651","page","type-page","status-publish","hentry"],"yoast_head":"<!-- This site is optimized with the Yoast SEO plugin v25.4 - https:\/\/yoast.com\/wordpress\/plugins\/seo\/ -->\n<title>Oprava strechy a stropu na kostole sv. Jozefa v Sulejmanii | Charita vo svete<\/title>\n<meta name=\"robots\" content=\"index, follow, max-snippet:-1, max-image-preview:large, max-video-preview:-1\" \/>\n<link rel=\"canonical\" href=\"https:\/\/www.charita.sk\/svet\/oprava-strechy-a-stropu-na-kostole-sv-jozefa-v-sulejmanii\/\" \/>\n<meta property=\"og:locale\" content=\"sk_SK\" \/>\n<meta property=\"og:type\" content=\"article\" \/>\n<meta property=\"og:title\" content=\"Oprava strechy a stropu na kostole sv. Jozefa v Sulejmanii | Charita vo svete\" \/>\n<meta property=\"og:description\" content=\"N\u00e1zov projektu:&nbsp;V\u00fdmena vn\u00fatorn\u00e9ho stropu a oprava vodotesnej vrstvy strechy kostola sv. JozefaMiesto [&hellip;]\" \/>\n<meta property=\"og:url\" content=\"https:\/\/www.charita.sk\/svet\/oprava-strechy-a-stropu-na-kostole-sv-jozefa-v-sulejmanii\/\" \/>\n<meta property=\"og:site_name\" content=\"Charita vo svete\" \/>\n<meta property=\"article:publisher\" content=\"https:\/\/www.facebook.com\/CaritasSlovakia\/\" \/>\n<meta property=\"article:modified_time\" content=\"2023-08-24T14:34:13+00:00\" \/>\n<meta property=\"og:image\" content=\"https:\/\/www.charita.sk\/pomoc-utecencom\/wp-content\/uploads\/2023\/08\/359439679_3141693419457524_8703656267967241194_n-1024x767.jpg\" \/>\n<meta name=\"twitter:card\" content=\"summary_large_image\" \/>\n<meta name=\"twitter:label1\" content=\"Predpokladan\u00fd \u010das \u010d\u00edtania\" \/>\n\t<meta name=\"twitter:data1\" content=\"2 min\u00faty\" \/>\n<script type=\"application\/ld+json\" class=\"yoast-schema-graph\">{\"@context\":\"https:\/\/schema.org\",\"@graph\":[{\"@type\":\"WebPage\",\"@id\":\"https:\/\/www.charita.sk\/svet\/oprava-strechy-a-stropu-na-kostole-sv-jozefa-v-sulejmanii\/\",\"url\":\"https:\/\/www.charita.sk\/svet\/oprava-strechy-a-stropu-na-kostole-sv-jozefa-v-sulejmanii\/\",\"name\":\"Oprava strechy a stropu na kostole sv. Jozefa v Sulejmanii | Charita vo svete\",\"isPartOf\":{\"@id\":\"https:\/\/www.charita.sk\/svet\/#website\"},\"primaryImageOfPage\":{\"@id\":\"https:\/\/www.charita.sk\/svet\/oprava-strechy-a-stropu-na-kostole-sv-jozefa-v-sulejmanii\/#primaryimage\"},\"image\":{\"@id\":\"https:\/\/www.charita.sk\/svet\/oprava-strechy-a-stropu-na-kostole-sv-jozefa-v-sulejmanii\/#primaryimage\"},\"thumbnailUrl\":\"https:\/\/www.charita.sk\/svet\/wp-content\/uploads\/2023\/08\/359439679_3141693419457524_8703656267967241194_n-1024x767.jpg\",\"datePublished\":\"2023-08-24T13:53:49+00:00\",\"dateModified\":\"2023-08-24T14:34:13+00:00\",\"breadcrumb\":{\"@id\":\"https:\/\/www.charita.sk\/svet\/oprava-strechy-a-stropu-na-kostole-sv-jozefa-v-sulejmanii\/#breadcrumb\"},\"inLanguage\":\"sk-SK\",\"potentialAction\":[{\"@type\":\"ReadAction\",\"target\":[\"https:\/\/www.charita.sk\/svet\/oprava-strechy-a-stropu-na-kostole-sv-jozefa-v-sulejmanii\/\"]}]},{\"@type\":\"ImageObject\",\"inLanguage\":\"sk-SK\",\"@id\":\"https:\/\/www.charita.sk\/svet\/oprava-strechy-a-stropu-na-kostole-sv-jozefa-v-sulejmanii\/#primaryimage\",\"url\":\"https:\/\/www.charita.sk\/svet\/wp-content\/uploads\/2023\/08\/359439679_3141693419457524_8703656267967241194_n.jpg\",\"contentUrl\":\"https:\/\/www.charita.sk\/svet\/wp-content\/uploads\/2023\/08\/359439679_3141693419457524_8703656267967241194_n.jpg\",\"width\":1284,\"height\":962},{\"@type\":\"BreadcrumbList\",\"@id\":\"https:\/\/www.charita.sk\/svet\/oprava-strechy-a-stropu-na-kostole-sv-jozefa-v-sulejmanii\/#breadcrumb\",\"itemListElement\":[{\"@type\":\"ListItem\",\"position\":1,\"name\":\"Domovsk\u00e1 str\u00e1nka\",\"item\":\"https:\/\/www.charita.sk\/svet\/\"},{\"@type\":\"ListItem\",\"position\":2,\"name\":\"Oprava strechy a stropu na kostole sv. Jozefa v Sulejmanii\"}]},{\"@type\":\"WebSite\",\"@id\":\"https:\/\/www.charita.sk\/svet\/#website\",\"url\":\"https:\/\/www.charita.sk\/svet\/\",\"name\":\"Charita vo svete\",\"description\":\"Slovensk\u00e1 katol\u00edcka charita pom\u00e1ha \u013eu\u010fom v n\u00fadzi vo svete\",\"publisher\":{\"@id\":\"https:\/\/www.charita.sk\/svet\/#organization\"},\"potentialAction\":[{\"@type\":\"SearchAction\",\"target\":{\"@type\":\"EntryPoint\",\"urlTemplate\":\"https:\/\/www.charita.sk\/svet\/?s={search_term_string}\"},\"query-input\":{\"@type\":\"PropertyValueSpecification\",\"valueRequired\":true,\"valueName\":\"search_term_string\"}}],\"inLanguage\":\"sk-SK\"},{\"@type\":\"Organization\",\"@id\":\"https:\/\/www.charita.sk\/svet\/#organization\",\"name\":\"Slovensk\u00e1 katol\u00edcka charita\",\"url\":\"https:\/\/www.charita.sk\/svet\/\",\"logo\":{\"@type\":\"ImageObject\",\"inLanguage\":\"sk-SK\",\"@id\":\"https:\/\/www.charita.sk\/svet\/#\/schema\/logo\/image\/\",\"url\":\"https:\/\/www.charita.sk\/pomoc-utecencom\/wp-content\/uploads\/2020\/11\/logo_pomoc_utecencom.jpg\",\"contentUrl\":\"https:\/\/www.charita.sk\/pomoc-utecencom\/wp-content\/uploads\/2020\/11\/logo_pomoc_utecencom.jpg\",\"width\":1712,\"height\":480,\"caption\":\"Slovensk\u00e1 katol\u00edcka charita\"},\"image\":{\"@id\":\"https:\/\/www.charita.sk\/svet\/#\/schema\/logo\/image\/\"},\"sameAs\":[\"https:\/\/www.facebook.com\/CaritasSlovakia\/\",\"https:\/\/www.instagram.com\/caritas_slovakia\/\",\"https:\/\/www.linkedin.com\/company\/caritas-slovakia-skch-\",\"https:\/\/www.youtube.com\/user\/katolickacharita\"]}]}<\/script>\n<!-- \/ Yoast SEO plugin. -->","yoast_head_json":{"title":"Oprava strechy a stropu na kostole sv. Jozefa v Sulejmanii | Charita vo svete","robots":{"index":"index","follow":"follow","max-snippet":"max-snippet:-1","max-image-preview":"max-image-preview:large","max-video-preview":"max-video-preview:-1"},"canonical":"https:\/\/www.charita.sk\/svet\/oprava-strechy-a-stropu-na-kostole-sv-jozefa-v-sulejmanii\/","og_locale":"sk_SK","og_type":"article","og_title":"Oprava strechy a stropu na kostole sv. Jozefa v Sulejmanii | Charita vo svete","og_description":"N\u00e1zov projektu:&nbsp;V\u00fdmena vn\u00fatorn\u00e9ho stropu a oprava vodotesnej vrstvy strechy kostola sv. JozefaMiesto [&hellip;]","og_url":"https:\/\/www.charita.sk\/svet\/oprava-strechy-a-stropu-na-kostole-sv-jozefa-v-sulejmanii\/","og_site_name":"Charita vo svete","article_publisher":"https:\/\/www.facebook.com\/CaritasSlovakia\/","article_modified_time":"2023-08-24T14:34:13+00:00","og_image":[{"url":"https:\/\/www.charita.sk\/pomoc-utecencom\/wp-content\/uploads\/2023\/08\/359439679_3141693419457524_8703656267967241194_n-1024x767.jpg","type":"","width":"","height":""}],"twitter_card":"summary_large_image","twitter_misc":{"Predpokladan\u00fd \u010das \u010d\u00edtania":"2 min\u00faty"},"schema":{"@context":"https:\/\/schema.org","@graph":[{"@type":"WebPage","@id":"https:\/\/www.charita.sk\/svet\/oprava-strechy-a-stropu-na-kostole-sv-jozefa-v-sulejmanii\/","url":"https:\/\/www.charita.sk\/svet\/oprava-strechy-a-stropu-na-kostole-sv-jozefa-v-sulejmanii\/","name":"Oprava strechy a stropu na kostole sv. Jozefa v Sulejmanii | Charita vo svete","isPartOf":{"@id":"https:\/\/www.charita.sk\/svet\/#website"},"primaryImageOfPage":{"@id":"https:\/\/www.charita.sk\/svet\/oprava-strechy-a-stropu-na-kostole-sv-jozefa-v-sulejmanii\/#primaryimage"},"image":{"@id":"https:\/\/www.charita.sk\/svet\/oprava-strechy-a-stropu-na-kostole-sv-jozefa-v-sulejmanii\/#primaryimage"},"thumbnailUrl":"https:\/\/www.charita.sk\/svet\/wp-content\/uploads\/2023\/08\/359439679_3141693419457524_8703656267967241194_n-1024x767.jpg","datePublished":"2023-08-24T13:53:49+00:00","dateModified":"2023-08-24T14:34:13+00:00","breadcrumb":{"@id":"https:\/\/www.charita.sk\/svet\/oprava-strechy-a-stropu-na-kostole-sv-jozefa-v-sulejmanii\/#breadcrumb"},"inLanguage":"sk-SK","potentialAction":[{"@type":"ReadAction","target":["https:\/\/www.charita.sk\/svet\/oprava-strechy-a-stropu-na-kostole-sv-jozefa-v-sulejmanii\/"]}]},{"@type":"ImageObject","inLanguage":"sk-SK","@id":"https:\/\/www.charita.sk\/svet\/oprava-strechy-a-stropu-na-kostole-sv-jozefa-v-sulejmanii\/#primaryimage","url":"https:\/\/www.charita.sk\/svet\/wp-content\/uploads\/2023\/08\/359439679_3141693419457524_8703656267967241194_n.jpg","contentUrl":"https:\/\/www.charita.sk\/svet\/wp-content\/uploads\/2023\/08\/359439679_3141693419457524_8703656267967241194_n.jpg","width":1284,"height":962},{"@type":"BreadcrumbList","@id":"https:\/\/www.charita.sk\/svet\/oprava-strechy-a-stropu-na-kostole-sv-jozefa-v-sulejmanii\/#breadcrumb","itemListElement":[{"@type":"ListItem","position":1,"name":"Domovsk\u00e1 str\u00e1nka","item":"https:\/\/www.charita.sk\/svet\/"},{"@type":"ListItem","position":2,"name":"Oprava strechy a stropu na kostole sv. Jozefa v Sulejmanii"}]},{"@type":"WebSite","@id":"https:\/\/www.charita.sk\/svet\/#website","url":"https:\/\/www.charita.sk\/svet\/","name":"Charita vo svete","description":"Slovensk\u00e1 katol\u00edcka charita pom\u00e1ha \u013eu\u010fom v n\u00fadzi vo svete","publisher":{"@id":"https:\/\/www.charita.sk\/svet\/#organization"},"potentialAction":[{"@type":"SearchAction","target":{"@type":"EntryPoint","urlTemplate":"https:\/\/www.charita.sk\/svet\/?s={search_term_string}"},"query-input":{"@type":"PropertyValueSpecification","valueRequired":true,"valueName":"search_term_string"}}],"inLanguage":"sk-SK"},{"@type":"Organization","@id":"https:\/\/www.charita.sk\/svet\/#organization","name":"Slovensk\u00e1 katol\u00edcka charita","url":"https:\/\/www.charita.sk\/svet\/","logo":{"@type":"ImageObject","inLanguage":"sk-SK","@id":"https:\/\/www.charita.sk\/svet\/#\/schema\/logo\/image\/","url":"https:\/\/www.charita.sk\/pomoc-utecencom\/wp-content\/uploads\/2020\/11\/logo_pomoc_utecencom.jpg","contentUrl":"https:\/\/www.charita.sk\/pomoc-utecencom\/wp-content\/uploads\/2020\/11\/logo_pomoc_utecencom.jpg","width":1712,"height":480,"caption":"Slovensk\u00e1 katol\u00edcka charita"},"image":{"@id":"https:\/\/www.charita.sk\/svet\/#\/schema\/logo\/image\/"},"sameAs":["https:\/\/www.facebook.com\/CaritasSlovakia\/","https:\/\/www.instagram.com\/caritas_slovakia\/","https:\/\/www.linkedin.com\/company\/caritas-slovakia-skch-","https:\/\/www.youtube.com\/user\/katolickacharita"]}]}},"featured_image_src":null,"featured_image_src_square":null,"_links":{"self":[{"href":"https:\/\/www.charita.sk\/svet\/wp-json\/wp\/v2\/pages\/2651","targetHints":{"allow":["GET"]}}],"collection":[{"href":"https:\/\/www.charita.sk\/svet\/wp-json\/wp\/v2\/pages"}],"about":[{"href":"https:\/\/www.charita.sk\/svet\/wp-json\/wp\/v2\/types\/page"}],"author":[{"embeddable":true,"href":"https:\/\/www.charita.sk\/svet\/wp-json\/wp\/v2\/users\/2"}],"replies":[{"embeddable":true,"href":"https:\/\/www.charita.sk\/svet\/wp-json\/wp\/v2\/comments?post=2651"}],"version-history":[{"count":3,"href":"https:\/\/www.charita.sk\/svet\/wp-json\/wp\/v2\/pages\/2651\/revisions"}],"predecessor-version":[{"id":2665,"href":"https:\/\/www.charita.sk\/svet\/wp-json\/wp\/v2\/pages\/2651\/revisions\/2665"}],"wp:attachment":[{"href":"https:\/\/www.charita.sk\/svet\/wp-json\/wp\/v2\/media?parent=2651"}],"curies":[{"name":"wp","href":"https:\/\/api.w.org\/{rel}","templated":true}]}}