{"id":2667,"date":"2023-08-24T17:25:14","date_gmt":"2023-08-24T15:25:14","guid":{"rendered":"https:\/\/www.charita.sk\/pomoc-utecencom\/?page_id=2667"},"modified":"2023-09-04T15:29:23","modified_gmt":"2023-09-04T13:29:23","slug":"vystavba-a-prevadzka-pekarne-v-obci-mizgefte","status":"publish","type":"page","link":"https:\/\/www.charita.sk\/svet\/vystavba-a-prevadzka-pekarne-v-obci-mizgefte\/","title":{"rendered":"V\u00fdstavba a prev\u00e1dzka pek\u00e1rne v obci Mizgefte"},"content":{"rendered":"\n<p class=\"has-white-color has-text-color has-background\" style=\"background-color:#c42f41\"><strong>N\u00e1zov projektu:<\/strong>&nbsp;V\u00fdstavba a prev\u00e1dzka pek\u00e1rne v obci Mizgefte<br><strong>Miesto implement\u00e1cie:<\/strong>&nbsp;Mizgeft\u00ea, S\u00fdria<br><strong>Partneri:<\/strong>&nbsp;Shingala Azad NGO a Nan NGO<br><strong>Po\u010det pr\u00edjemcov pomoci:<\/strong>&nbsp;1400 \u013eud\u00ed<br><strong>Suma na podporu projektu:<\/strong>&nbsp;34&nbsp;915&nbsp;EUR<\/p>\n\n\n\n<p>Pek\u00e1re\u0148 bude postaven\u00e1 v obci Mizgeft\u00ea, v ktorej \u017eije pribli\u017ene 150 rod\u00edn (cca 600 os\u00f4b), na\u00a0pozemku, ktor\u00fd na tento \u00fa\u010del darovala lok\u00e1lna jez\u00eddska komunita (The Yazidi House, Tirbesp\u00ee\u00a0Branch). D\u00f4vodom pre rozhodnutie umiestnia pek\u00e1rne do tejto obce bol fakt, \u017ee v jej okol\u00ed sa\u00a0nach\u00e1dza \u010fal\u0161\u00edch 7 men\u0161\u00edch kres\u0165ansk\u00fdch, jez\u00eddskych a moslimsk\u00fdch obc\u00ed, v ktor\u00fdch b\u00fdva spolu pribli\u017ene 200 rod\u00edn (cca 800 os\u00f4b),\u00a0ktor\u00fdm ch\u00fdba pr\u00edstup k z\u00e1kladn\u00fdm potravin\u00e1m ako je chlieb a\u00a0\u010di \u010fal\u0161ie pek\u00e1rensk\u00e9 v\u00fdrobky.<\/p>\n\n\n\n<p>V\u010faka\u00a0prev\u00e1dzke\u00a0pek\u00e1rne\u00a0sa tie\u017e vytvoria nov\u00e9 pracovn\u00e9\u00a0miesta\u00a0(3 pek\u00e1rky\u00a0+\u00a01\u00a0prev\u00e1dzkar).<\/p>\n\n\n\n<p>Obec, kde bude pek\u00e1re\u0148 postaven\u00e1, sme nav\u0161t\u00edvili v roku 2021.&nbsp;S\u00fa\u010dasne sme komunikovali aj s miestnymi civiln\u00fdmi autoritami, ktor\u00e9 n\u00e1m potvrdili ich pln\u00fa podporu&nbsp;projektu&nbsp;prostredn\u00edctvom&nbsp;dod\u00e1vania&nbsp;m\u00faky&nbsp;zo&nbsp;strany&nbsp;lok\u00e1lnej&nbsp;administrat\u00edvy.<\/p>\n\n\n\n<p class=\"has-text-align-center has-background\" style=\"background-color:#e2e2e2\"><strong>Projekt finan\u010dne podporuje&nbsp;<a href=\"https:\/\/kbs.sk\" target=\"_blank\" rel=\"noreferrer noopener\">Konferencia biskupov Slovenska<\/a><\/strong>.<\/p>\n\n\n\n<figure class=\"wp-block-gallery has-nested-images columns-default is-cropped wp-block-gallery-1 is-layout-flex wp-block-gallery-is-layout-flex\">\n<figure class=\"wp-block-image size-large\"><img fetchpriority=\"high\" decoding=\"async\" width=\"1000\" height=\"750\" data-id=\"2671\" src=\"https:\/\/www.charita.sk\/svet\/wp-content\/uploads\/2023\/08\/IMG-20230616-WA0051.jpg\" alt=\"\" class=\"wp-image-2671\" srcset=\"https:\/\/www.charita.sk\/svet\/wp-content\/uploads\/2023\/08\/IMG-20230616-WA0051.jpg 1000w, https:\/\/www.charita.sk\/svet\/wp-content\/uploads\/2023\/08\/IMG-20230616-WA0051-300x225.jpg 300w, https:\/\/www.charita.sk\/svet\/wp-content\/uploads\/2023\/08\/IMG-20230616-WA0051-768x576.jpg 768w\" sizes=\"(max-width: 1000px) 100vw, 1000px\" \/><\/figure>\n\n\n\n<figure class=\"wp-block-image size-large\"><img decoding=\"async\" width=\"1000\" height=\"750\" data-id=\"2669\" src=\"https:\/\/www.charita.sk\/svet\/wp-content\/uploads\/2023\/08\/IMG-20230718-WA0006.jpg\" alt=\"\" class=\"wp-image-2669\" srcset=\"https:\/\/www.charita.sk\/svet\/wp-content\/uploads\/2023\/08\/IMG-20230718-WA0006.jpg 1000w, https:\/\/www.charita.sk\/svet\/wp-content\/uploads\/2023\/08\/IMG-20230718-WA0006-300x225.jpg 300w, https:\/\/www.charita.sk\/svet\/wp-content\/uploads\/2023\/08\/IMG-20230718-WA0006-768x576.jpg 768w\" sizes=\"(max-width: 1000px) 100vw, 1000px\" \/><\/figure>\n\n\n\n<figure class=\"wp-block-image size-large\"><img decoding=\"async\" width=\"1000\" height=\"750\" data-id=\"2670\" src=\"https:\/\/www.charita.sk\/svet\/wp-content\/uploads\/2023\/08\/IMG-20230713-WA0030.jpg\" alt=\"\" class=\"wp-image-2670\" srcset=\"https:\/\/www.charita.sk\/svet\/wp-content\/uploads\/2023\/08\/IMG-20230713-WA0030.jpg 1000w, https:\/\/www.charita.sk\/svet\/wp-content\/uploads\/2023\/08\/IMG-20230713-WA0030-300x225.jpg 300w, https:\/\/www.charita.sk\/svet\/wp-content\/uploads\/2023\/08\/IMG-20230713-WA0030-768x576.jpg 768w\" sizes=\"(max-width: 1000px) 100vw, 1000px\" \/><\/figure>\n<figcaption class=\"blocks-gallery-caption wp-element-caption\">\ud83d\udcf8 V\u00fdstavba pek\u00e1rne, Mizgefte, j\u00fan 2023.<\/figcaption><\/figure>\n","protected":false},"excerpt":{"rendered":"<p>N\u00e1zov projektu:&nbsp;V\u00fdstavba a prev\u00e1dzka pek\u00e1rne v obci MizgefteMiesto implement\u00e1cie:&nbsp;Mizgeft\u00ea, S\u00fdriaPartneri:&nbsp;Shingala Azad NGO [&hellip;]<\/p>\n","protected":false},"author":2,"featured_media":0,"parent":0,"menu_order":0,"comment_status":"closed","ping_status":"closed","template":"","meta":{"footnotes":""},"class_list":["post-2667","page","type-page","status-publish","hentry"],"yoast_head":"<!-- This site is optimized with the Yoast SEO plugin v25.4 - https:\/\/yoast.com\/wordpress\/plugins\/seo\/ -->\n<title>V\u00fdstavba a prev\u00e1dzka pek\u00e1rne v obci Mizgefte | Charita vo svete<\/title>\n<meta name=\"robots\" content=\"index, follow, max-snippet:-1, max-image-preview:large, max-video-preview:-1\" \/>\n<link rel=\"canonical\" href=\"https:\/\/www.charita.sk\/svet\/vystavba-a-prevadzka-pekarne-v-obci-mizgefte\/\" \/>\n<meta property=\"og:locale\" content=\"sk_SK\" \/>\n<meta property=\"og:type\" content=\"article\" \/>\n<meta property=\"og:title\" content=\"V\u00fdstavba a prev\u00e1dzka pek\u00e1rne v obci Mizgefte | Charita vo svete\" \/>\n<meta property=\"og:description\" content=\"N\u00e1zov projektu:&nbsp;V\u00fdstavba a prev\u00e1dzka pek\u00e1rne v obci MizgefteMiesto implement\u00e1cie:&nbsp;Mizgeft\u00ea, S\u00fdriaPartneri:&nbsp;Shingala Azad NGO [&hellip;]\" \/>\n<meta property=\"og:url\" content=\"https:\/\/www.charita.sk\/svet\/vystavba-a-prevadzka-pekarne-v-obci-mizgefte\/\" \/>\n<meta property=\"og:site_name\" content=\"Charita vo svete\" \/>\n<meta property=\"article:publisher\" content=\"https:\/\/www.facebook.com\/CaritasSlovakia\/\" \/>\n<meta property=\"article:modified_time\" content=\"2023-09-04T13:29:23+00:00\" \/>\n<meta property=\"og:image\" content=\"https:\/\/www.charita.sk\/pomoc-utecencom\/wp-content\/uploads\/2023\/08\/IMG-20230616-WA0051.jpg\" \/>\n<meta name=\"twitter:card\" content=\"summary_large_image\" \/>\n<meta name=\"twitter:label1\" content=\"Predpokladan\u00fd \u010das \u010d\u00edtania\" \/>\n\t<meta name=\"twitter:data1\" content=\"2 min\u00faty\" \/>\n<script type=\"application\/ld+json\" class=\"yoast-schema-graph\">{\"@context\":\"https:\/\/schema.org\",\"@graph\":[{\"@type\":\"WebPage\",\"@id\":\"https:\/\/www.charita.sk\/svet\/vystavba-a-prevadzka-pekarne-v-obci-mizgefte\/\",\"url\":\"https:\/\/www.charita.sk\/svet\/vystavba-a-prevadzka-pekarne-v-obci-mizgefte\/\",\"name\":\"V\u00fdstavba a prev\u00e1dzka pek\u00e1rne v obci Mizgefte | Charita vo svete\",\"isPartOf\":{\"@id\":\"https:\/\/www.charita.sk\/svet\/#website\"},\"primaryImageOfPage\":{\"@id\":\"https:\/\/www.charita.sk\/svet\/vystavba-a-prevadzka-pekarne-v-obci-mizgefte\/#primaryimage\"},\"image\":{\"@id\":\"https:\/\/www.charita.sk\/svet\/vystavba-a-prevadzka-pekarne-v-obci-mizgefte\/#primaryimage\"},\"thumbnailUrl\":\"https:\/\/www.charita.sk\/svet\/wp-content\/uploads\/2023\/08\/IMG-20230616-WA0051.jpg\",\"datePublished\":\"2023-08-24T15:25:14+00:00\",\"dateModified\":\"2023-09-04T13:29:23+00:00\",\"breadcrumb\":{\"@id\":\"https:\/\/www.charita.sk\/svet\/vystavba-a-prevadzka-pekarne-v-obci-mizgefte\/#breadcrumb\"},\"inLanguage\":\"sk-SK\",\"potentialAction\":[{\"@type\":\"ReadAction\",\"target\":[\"https:\/\/www.charita.sk\/svet\/vystavba-a-prevadzka-pekarne-v-obci-mizgefte\/\"]}]},{\"@type\":\"ImageObject\",\"inLanguage\":\"sk-SK\",\"@id\":\"https:\/\/www.charita.sk\/svet\/vystavba-a-prevadzka-pekarne-v-obci-mizgefte\/#primaryimage\",\"url\":\"https:\/\/www.charita.sk\/svet\/wp-content\/uploads\/2023\/08\/IMG-20230616-WA0051.jpg\",\"contentUrl\":\"https:\/\/www.charita.sk\/svet\/wp-content\/uploads\/2023\/08\/IMG-20230616-WA0051.jpg\",\"width\":1000,\"height\":750},{\"@type\":\"BreadcrumbList\",\"@id\":\"https:\/\/www.charita.sk\/svet\/vystavba-a-prevadzka-pekarne-v-obci-mizgefte\/#breadcrumb\",\"itemListElement\":[{\"@type\":\"ListItem\",\"position\":1,\"name\":\"Domovsk\u00e1 str\u00e1nka\",\"item\":\"https:\/\/www.charita.sk\/svet\/\"},{\"@type\":\"ListItem\",\"position\":2,\"name\":\"V\u00fdstavba a prev\u00e1dzka pek\u00e1rne v obci Mizgefte\"}]},{\"@type\":\"WebSite\",\"@id\":\"https:\/\/www.charita.sk\/svet\/#website\",\"url\":\"https:\/\/www.charita.sk\/svet\/\",\"name\":\"Charita vo svete\",\"description\":\"Slovensk\u00e1 katol\u00edcka charita pom\u00e1ha \u013eu\u010fom v n\u00fadzi vo svete\",\"publisher\":{\"@id\":\"https:\/\/www.charita.sk\/svet\/#organization\"},\"potentialAction\":[{\"@type\":\"SearchAction\",\"target\":{\"@type\":\"EntryPoint\",\"urlTemplate\":\"https:\/\/www.charita.sk\/svet\/?s={search_term_string}\"},\"query-input\":{\"@type\":\"PropertyValueSpecification\",\"valueRequired\":true,\"valueName\":\"search_term_string\"}}],\"inLanguage\":\"sk-SK\"},{\"@type\":\"Organization\",\"@id\":\"https:\/\/www.charita.sk\/svet\/#organization\",\"name\":\"Slovensk\u00e1 katol\u00edcka charita\",\"url\":\"https:\/\/www.charita.sk\/svet\/\",\"logo\":{\"@type\":\"ImageObject\",\"inLanguage\":\"sk-SK\",\"@id\":\"https:\/\/www.charita.sk\/svet\/#\/schema\/logo\/image\/\",\"url\":\"https:\/\/www.charita.sk\/pomoc-utecencom\/wp-content\/uploads\/2020\/11\/logo_pomoc_utecencom.jpg\",\"contentUrl\":\"https:\/\/www.charita.sk\/pomoc-utecencom\/wp-content\/uploads\/2020\/11\/logo_pomoc_utecencom.jpg\",\"width\":1712,\"height\":480,\"caption\":\"Slovensk\u00e1 katol\u00edcka charita\"},\"image\":{\"@id\":\"https:\/\/www.charita.sk\/svet\/#\/schema\/logo\/image\/\"},\"sameAs\":[\"https:\/\/www.facebook.com\/CaritasSlovakia\/\",\"https:\/\/www.instagram.com\/caritas_slovakia\/\",\"https:\/\/www.linkedin.com\/company\/caritas-slovakia-skch-\",\"https:\/\/www.youtube.com\/user\/katolickacharita\"]}]}<\/script>\n<!-- \/ Yoast SEO plugin. -->","yoast_head_json":{"title":"V\u00fdstavba a prev\u00e1dzka pek\u00e1rne v obci Mizgefte | Charita vo svete","robots":{"index":"index","follow":"follow","max-snippet":"max-snippet:-1","max-image-preview":"max-image-preview:large","max-video-preview":"max-video-preview:-1"},"canonical":"https:\/\/www.charita.sk\/svet\/vystavba-a-prevadzka-pekarne-v-obci-mizgefte\/","og_locale":"sk_SK","og_type":"article","og_title":"V\u00fdstavba a prev\u00e1dzka pek\u00e1rne v obci Mizgefte | Charita vo svete","og_description":"N\u00e1zov projektu:&nbsp;V\u00fdstavba a prev\u00e1dzka pek\u00e1rne v obci MizgefteMiesto implement\u00e1cie:&nbsp;Mizgeft\u00ea, S\u00fdriaPartneri:&nbsp;Shingala Azad NGO [&hellip;]","og_url":"https:\/\/www.charita.sk\/svet\/vystavba-a-prevadzka-pekarne-v-obci-mizgefte\/","og_site_name":"Charita vo svete","article_publisher":"https:\/\/www.facebook.com\/CaritasSlovakia\/","article_modified_time":"2023-09-04T13:29:23+00:00","og_image":[{"url":"https:\/\/www.charita.sk\/pomoc-utecencom\/wp-content\/uploads\/2023\/08\/IMG-20230616-WA0051.jpg","type":"","width":"","height":""}],"twitter_card":"summary_large_image","twitter_misc":{"Predpokladan\u00fd \u010das \u010d\u00edtania":"2 min\u00faty"},"schema":{"@context":"https:\/\/schema.org","@graph":[{"@type":"WebPage","@id":"https:\/\/www.charita.sk\/svet\/vystavba-a-prevadzka-pekarne-v-obci-mizgefte\/","url":"https:\/\/www.charita.sk\/svet\/vystavba-a-prevadzka-pekarne-v-obci-mizgefte\/","name":"V\u00fdstavba a prev\u00e1dzka pek\u00e1rne v obci Mizgefte | Charita vo svete","isPartOf":{"@id":"https:\/\/www.charita.sk\/svet\/#website"},"primaryImageOfPage":{"@id":"https:\/\/www.charita.sk\/svet\/vystavba-a-prevadzka-pekarne-v-obci-mizgefte\/#primaryimage"},"image":{"@id":"https:\/\/www.charita.sk\/svet\/vystavba-a-prevadzka-pekarne-v-obci-mizgefte\/#primaryimage"},"thumbnailUrl":"https:\/\/www.charita.sk\/svet\/wp-content\/uploads\/2023\/08\/IMG-20230616-WA0051.jpg","datePublished":"2023-08-24T15:25:14+00:00","dateModified":"2023-09-04T13:29:23+00:00","breadcrumb":{"@id":"https:\/\/www.charita.sk\/svet\/vystavba-a-prevadzka-pekarne-v-obci-mizgefte\/#breadcrumb"},"inLanguage":"sk-SK","potentialAction":[{"@type":"ReadAction","target":["https:\/\/www.charita.sk\/svet\/vystavba-a-prevadzka-pekarne-v-obci-mizgefte\/"]}]},{"@type":"ImageObject","inLanguage":"sk-SK","@id":"https:\/\/www.charita.sk\/svet\/vystavba-a-prevadzka-pekarne-v-obci-mizgefte\/#primaryimage","url":"https:\/\/www.charita.sk\/svet\/wp-content\/uploads\/2023\/08\/IMG-20230616-WA0051.jpg","contentUrl":"https:\/\/www.charita.sk\/svet\/wp-content\/uploads\/2023\/08\/IMG-20230616-WA0051.jpg","width":1000,"height":750},{"@type":"BreadcrumbList","@id":"https:\/\/www.charita.sk\/svet\/vystavba-a-prevadzka-pekarne-v-obci-mizgefte\/#breadcrumb","itemListElement":[{"@type":"ListItem","position":1,"name":"Domovsk\u00e1 str\u00e1nka","item":"https:\/\/www.charita.sk\/svet\/"},{"@type":"ListItem","position":2,"name":"V\u00fdstavba a prev\u00e1dzka pek\u00e1rne v obci Mizgefte"}]},{"@type":"WebSite","@id":"https:\/\/www.charita.sk\/svet\/#website","url":"https:\/\/www.charita.sk\/svet\/","name":"Charita vo svete","description":"Slovensk\u00e1 katol\u00edcka charita pom\u00e1ha \u013eu\u010fom v n\u00fadzi vo svete","publisher":{"@id":"https:\/\/www.charita.sk\/svet\/#organization"},"potentialAction":[{"@type":"SearchAction","target":{"@type":"EntryPoint","urlTemplate":"https:\/\/www.charita.sk\/svet\/?s={search_term_string}"},"query-input":{"@type":"PropertyValueSpecification","valueRequired":true,"valueName":"search_term_string"}}],"inLanguage":"sk-SK"},{"@type":"Organization","@id":"https:\/\/www.charita.sk\/svet\/#organization","name":"Slovensk\u00e1 katol\u00edcka charita","url":"https:\/\/www.charita.sk\/svet\/","logo":{"@type":"ImageObject","inLanguage":"sk-SK","@id":"https:\/\/www.charita.sk\/svet\/#\/schema\/logo\/image\/","url":"https:\/\/www.charita.sk\/pomoc-utecencom\/wp-content\/uploads\/2020\/11\/logo_pomoc_utecencom.jpg","contentUrl":"https:\/\/www.charita.sk\/pomoc-utecencom\/wp-content\/uploads\/2020\/11\/logo_pomoc_utecencom.jpg","width":1712,"height":480,"caption":"Slovensk\u00e1 katol\u00edcka charita"},"image":{"@id":"https:\/\/www.charita.sk\/svet\/#\/schema\/logo\/image\/"},"sameAs":["https:\/\/www.facebook.com\/CaritasSlovakia\/","https:\/\/www.instagram.com\/caritas_slovakia\/","https:\/\/www.linkedin.com\/company\/caritas-slovakia-skch-","https:\/\/www.youtube.com\/user\/katolickacharita"]}]}},"featured_image_src":null,"featured_image_src_square":null,"_links":{"self":[{"href":"https:\/\/www.charita.sk\/svet\/wp-json\/wp\/v2\/pages\/2667","targetHints":{"allow":["GET"]}}],"collection":[{"href":"https:\/\/www.charita.sk\/svet\/wp-json\/wp\/v2\/pages"}],"about":[{"href":"https:\/\/www.charita.sk\/svet\/wp-json\/wp\/v2\/types\/page"}],"author":[{"embeddable":true,"href":"https:\/\/www.charita.sk\/svet\/wp-json\/wp\/v2\/users\/2"}],"replies":[{"embeddable":true,"href":"https:\/\/www.charita.sk\/svet\/wp-json\/wp\/v2\/comments?post=2667"}],"version-history":[{"count":3,"href":"https:\/\/www.charita.sk\/svet\/wp-json\/wp\/v2\/pages\/2667\/revisions"}],"predecessor-version":[{"id":2679,"href":"https:\/\/www.charita.sk\/svet\/wp-json\/wp\/v2\/pages\/2667\/revisions\/2679"}],"wp:attachment":[{"href":"https:\/\/www.charita.sk\/svet\/wp-json\/wp\/v2\/media?parent=2667"}],"curies":[{"name":"wp","href":"https:\/\/api.w.org\/{rel}","templated":true}]}}