{"id":2742,"date":"2023-11-03T15:33:25","date_gmt":"2023-11-03T14:33:25","guid":{"rendered":"https:\/\/www.charita.sk\/pomoc-utecencom\/?page_id=2742"},"modified":"2026-03-03T10:10:51","modified_gmt":"2026-03-03T09:10:51","slug":"pitna-voda-doghat-dakar","status":"publish","type":"page","link":"https:\/\/www.charita.sk\/svet\/pitna-voda-doghat-dakar\/","title":{"rendered":"Pitn\u00e1 voda pre Doghat and Darkar"},"content":{"rendered":"\n<p class=\"has-white-color has-vivid-red-background-color has-text-color has-background\"><strong>N\u00e1zov projektu:<\/strong> Podpora rozvoja obc\u00ed Doghat a Darkar v\u010faka zabezpe\u010deniu udr\u017eate\u013en\u00fdch zdrojov pitnej vody a \u0161koleniam<br><strong>Lok\u00e1lny partner:<\/strong>&nbsp;Shingala Azad NGO<br><strong>Po\u010det pr\u00edjemcov pomoci:<\/strong>&nbsp;16 720<br><strong>Doba implement\u00e1cie:<\/strong>&nbsp;1.10.2023 \u2013 30.9.2024<br><strong>Suma na podporu projektu:<\/strong>&nbsp;250&nbsp;000 eur<\/p>\n\n\n\n<p>Irack\u00e9 obce bojuj\u00fa s kritick\u00fdm nedostatkom vody. N\u00e1ro\u010dn\u00fa situ\u00e1ciu s\u0165a\u017eila aj doznievaj\u00faca pand\u00e9mia a rozhodnutie postupne zatv\u00e1ra\u0165 t\u00e1bory pre vn\u00fatorne vys\u00eddlen\u00e9 osoby. T\u00edto \u013eudia utiekli pred terorom Islamsk\u00e9ho \u0161t\u00e1tu, nemaj\u00fa sa kam vr\u00e1ti\u0165 a z\u00e1rove\u0148 prest\u00e1vaj\u00fa dost\u00e1va\u0165 potrebn\u00fa pomoc. Mnoh\u00ed z nich po odchode z t\u00e1bora preto h\u013eadaj\u00fa \u00fato\u010disko v obciach, ktor\u00e9 v minulosti t\u00fdchto vys\u00eddlencov prijali, \u010d\u00edm doch\u00e1dza k \u010fal\u0161iemu zv\u00fd\u0161eniu z\u00e1\u0165a\u017ee na ich (vodovodn\u00fa) infra\u0161trukt\u00faru.&nbsp; <\/p>\n\n\n\n<p>Cie\u013eom projektu je skvalitnenie \u017eivotn\u00fdch podmienok a rozvoj obc\u00ed. Vybudovan\u00edm dvoch studn\u00ed obyvatelia obc\u00ed Doghat a Darkar z\u00edskaj\u00fa stabiln\u00fd a bezpe\u010dn\u00fd pr\u00edstup k pitnej vode, ktor\u00fd im z\u00e1rove\u0148 umo\u017en\u00ed rozv\u00edja\u0165 aj ich pestovate\u013esk\u00e9 a chovate\u013esk\u00e9 aktivity. Zlep\u0161ia sa podmienky \u017eien a det\u00ed, ktor\u00e9 moment\u00e1lne zabezpe\u010duj\u00fa vodu pre svoju dom\u00e1cnos\u0165 a z\u00e1rove\u0148 sa zn\u00ed\u017ei produkcia plastov\u00e9ho odpadu z kupovanej balenej vody a emisi\u00ed spojen\u00fdch s jej rozvozom. Vytvorenie vhodn\u00fdch podmienok bude podporen\u00e9 \u0161koleniami, na ktor\u00fdch miestne komunity &#8211; vr\u00e1tane \u017eien &#8211; z\u00edskaj\u00fa znalosti o ochrane vodn\u00fdch zdrojov, o pestovate\u013esk\u00fdch a chovate\u013esk\u00fdch aktivit\u00e1ch. \u010cas\u0165 \u0161kolenia bude zameran\u00e1 na pitn\u00fd re\u017eim a hygienu, aby sa predch\u00e1dzalo \u0161\u00edreniu chor\u00f4b. 320 vn\u00fatorne vys\u00eddlen\u00fdch rod\u00edn dostane aj bal\u00ed\u010dky semienok pre podporu ich potravinovej bezpe\u010dnosti.<\/p>\n\n\n\n<figure class=\"wp-block-gallery has-nested-images columns-default is-cropped wp-block-gallery-1 is-layout-flex wp-block-gallery-is-layout-flex\">\n<figure class=\"wp-block-image size-large\"><img fetchpriority=\"high\" decoding=\"async\" width=\"1024\" height=\"768\" data-id=\"2760\" src=\"https:\/\/www.charita.sk\/svet\/wp-content\/uploads\/2023\/11\/Inzinier-lokalneho-partnera-so-zastupcom-donora-programu-SlovakAid-a-charity-1024x768.jpg\" alt=\"\" class=\"wp-image-2760\" srcset=\"https:\/\/www.charita.sk\/svet\/wp-content\/uploads\/2023\/11\/Inzinier-lokalneho-partnera-so-zastupcom-donora-programu-SlovakAid-a-charity-1024x768.jpg 1024w, https:\/\/www.charita.sk\/svet\/wp-content\/uploads\/2023\/11\/Inzinier-lokalneho-partnera-so-zastupcom-donora-programu-SlovakAid-a-charity-300x225.jpg 300w, https:\/\/www.charita.sk\/svet\/wp-content\/uploads\/2023\/11\/Inzinier-lokalneho-partnera-so-zastupcom-donora-programu-SlovakAid-a-charity-768x576.jpg 768w, https:\/\/www.charita.sk\/svet\/wp-content\/uploads\/2023\/11\/Inzinier-lokalneho-partnera-so-zastupcom-donora-programu-SlovakAid-a-charity.jpg 1280w\" sizes=\"(max-width: 1024px) 100vw, 1024px\" \/><figcaption class=\"wp-element-caption\">Miestny in\u017einier ukazuje miesto, kde vyv\u0155tame stud\u0148u<\/figcaption><\/figure>\n\n\n\n<figure class=\"wp-block-image size-large\"><img decoding=\"async\" width=\"1024\" height=\"682\" data-id=\"2759\" src=\"https:\/\/www.charita.sk\/svet\/wp-content\/uploads\/2023\/11\/IMG_4668-1024x682.jpg\" alt=\"\" class=\"wp-image-2759\" srcset=\"https:\/\/www.charita.sk\/svet\/wp-content\/uploads\/2023\/11\/IMG_4668-1024x682.jpg 1024w, https:\/\/www.charita.sk\/svet\/wp-content\/uploads\/2023\/11\/IMG_4668-300x200.jpg 300w, https:\/\/www.charita.sk\/svet\/wp-content\/uploads\/2023\/11\/IMG_4668-768x512.jpg 768w, https:\/\/www.charita.sk\/svet\/wp-content\/uploads\/2023\/11\/IMG_4668-600x400.jpg 600w, https:\/\/www.charita.sk\/svet\/wp-content\/uploads\/2023\/11\/IMG_4668.jpg 1280w\" sizes=\"(max-width: 1024px) 100vw, 1024px\" \/><figcaption class=\"wp-element-caption\">Irack\u00fd Kurd pasie st\u00e1do oviec<\/figcaption><\/figure>\n\n\n\n<figure class=\"wp-block-image size-large\"><img decoding=\"async\" width=\"1024\" height=\"768\" data-id=\"2761\" src=\"https:\/\/www.charita.sk\/svet\/wp-content\/uploads\/2023\/11\/Inzinier-ukazuje-kde-bude-stat-nova-studna-1024x768.jpg\" alt=\"\" class=\"wp-image-2761\" srcset=\"https:\/\/www.charita.sk\/svet\/wp-content\/uploads\/2023\/11\/Inzinier-ukazuje-kde-bude-stat-nova-studna-1024x768.jpg 1024w, https:\/\/www.charita.sk\/svet\/wp-content\/uploads\/2023\/11\/Inzinier-ukazuje-kde-bude-stat-nova-studna-300x225.jpg 300w, https:\/\/www.charita.sk\/svet\/wp-content\/uploads\/2023\/11\/Inzinier-ukazuje-kde-bude-stat-nova-studna-768x576.jpg 768w, https:\/\/www.charita.sk\/svet\/wp-content\/uploads\/2023\/11\/Inzinier-ukazuje-kde-bude-stat-nova-studna.jpg 1280w\" sizes=\"(max-width: 1024px) 100vw, 1024px\" \/><figcaption class=\"wp-element-caption\">Miestny irack\u00fd in\u017einier<\/figcaption><\/figure>\n<\/figure>\n\n\n\n<p class=\"has-text-align-center has-background\" style=\"background-color:#e2e2e2\"><strong>Projekt je spolufinancovan\u00fd z programu ofici\u00e1lnej rozvojovej pomoci SR,&nbsp;<a href=\"https:\/\/slovakaid.sk\/\" target=\"_blank\" rel=\"noreferrer noopener\">SlovakAid<\/a>.<\/strong><\/p>\n\n\n\n<p><strong>Partneri: <\/strong><\/p>\n\n\n\n<div class=\"wp-block-columns is-layout-flex wp-container-core-columns-is-layout-9d6595d7 wp-block-columns-is-layout-flex\">\n<div class=\"wp-block-column is-layout-flow wp-block-column-is-layout-flow\"><div class=\"wp-block-image\">\n<figure class=\"aligncenter size-large\"><img loading=\"lazy\" decoding=\"async\" width=\"1024\" height=\"488\" src=\"https:\/\/www.charita.sk\/svet\/wp-content\/uploads\/2019\/03\/slovakaid_1-1024x488.png\" alt=\"\" class=\"wp-image-335\" srcset=\"https:\/\/www.charita.sk\/svet\/wp-content\/uploads\/2019\/03\/slovakaid_1-1024x488.png 1024w, https:\/\/www.charita.sk\/svet\/wp-content\/uploads\/2019\/03\/slovakaid_1-300x143.png 300w, https:\/\/www.charita.sk\/svet\/wp-content\/uploads\/2019\/03\/slovakaid_1-768x366.png 768w\" sizes=\"(max-width: 1024px) 100vw, 1024px\" \/><\/figure><\/div><\/div>\n\n\n\n<div class=\"wp-block-column is-layout-flow wp-block-column-is-layout-flow\"><div class=\"wp-block-image\">\n<figure class=\"aligncenter size-full is-resized\"><a href=\"https:\/\/www.tkkbs.sk\/\"><img loading=\"lazy\" decoding=\"async\" width=\"640\" height=\"453\" src=\"https:\/\/www.charita.sk\/svet\/wp-content\/uploads\/2019\/11\/logo-kbs_n.jpg\" alt=\"\" class=\"wp-image-686\" style=\"aspect-ratio:1.415929203539823;width:222px;height:auto\" srcset=\"https:\/\/www.charita.sk\/svet\/wp-content\/uploads\/2019\/11\/logo-kbs_n.jpg 640w, https:\/\/www.charita.sk\/svet\/wp-content\/uploads\/2019\/11\/logo-kbs_n-300x212.jpg 300w\" sizes=\"(max-width: 640px) 100vw, 640px\" \/><\/a><\/figure><\/div><\/div>\n\n\n\n<div class=\"wp-block-column is-layout-flow wp-block-column-is-layout-flow\"><div class=\"wp-block-image\">\n<figure class=\"aligncenter size-full is-resized\"><a href=\"https:\/\/www.shingalaazad.com\/\"><img loading=\"lazy\" decoding=\"async\" width=\"225\" height=\"225\" src=\"https:\/\/www.charita.sk\/svet\/wp-content\/uploads\/2019\/06\/shinghala.jpg\" alt=\"\" class=\"wp-image-603\" style=\"width:159px;height:auto\" srcset=\"https:\/\/www.charita.sk\/svet\/wp-content\/uploads\/2019\/06\/shinghala.jpg 225w, https:\/\/www.charita.sk\/svet\/wp-content\/uploads\/2019\/06\/shinghala-150x150.jpg 150w\" sizes=\"(max-width: 225px) 100vw, 225px\" \/><\/a><\/figure><\/div><\/div>\n<\/div>\n\n\n\n<p><\/p>\n","protected":false},"excerpt":{"rendered":"<p>N\u00e1zov projektu: Podpora rozvoja obc\u00ed Doghat a Darkar v\u010faka zabezpe\u010deniu udr\u017eate\u013en\u00fdch zdrojov [&hellip;]<\/p>\n","protected":false},"author":2,"featured_media":0,"parent":0,"menu_order":0,"comment_status":"closed","ping_status":"closed","template":"","meta":{"footnotes":""},"class_list":["post-2742","page","type-page","status-publish","hentry"],"yoast_head":"<!-- This site is optimized with the Yoast SEO plugin v25.4 - https:\/\/yoast.com\/wordpress\/plugins\/seo\/ -->\n<title>Pitn\u00e1 voda pre Doghat and Darkar | Charita vo svete<\/title>\n<meta name=\"robots\" content=\"index, follow, max-snippet:-1, max-image-preview:large, max-video-preview:-1\" \/>\n<link rel=\"canonical\" href=\"https:\/\/www.charita.sk\/svet\/pitna-voda-doghat-dakar\/\" \/>\n<meta property=\"og:locale\" content=\"sk_SK\" \/>\n<meta property=\"og:type\" content=\"article\" \/>\n<meta property=\"og:title\" content=\"Pitn\u00e1 voda pre Doghat and Darkar | Charita vo svete\" \/>\n<meta property=\"og:description\" content=\"N\u00e1zov projektu: Podpora rozvoja obc\u00ed Doghat a Darkar v\u010faka zabezpe\u010deniu udr\u017eate\u013en\u00fdch zdrojov [&hellip;]\" \/>\n<meta property=\"og:url\" content=\"https:\/\/www.charita.sk\/svet\/pitna-voda-doghat-dakar\/\" \/>\n<meta property=\"og:site_name\" content=\"Charita vo svete\" \/>\n<meta property=\"article:publisher\" content=\"https:\/\/www.facebook.com\/CaritasSlovakia\/\" \/>\n<meta property=\"article:modified_time\" content=\"2026-03-03T09:10:51+00:00\" \/>\n<meta property=\"og:image\" content=\"https:\/\/www.charita.sk\/svet\/wp-content\/uploads\/2023\/11\/Inzinier-lokalneho-partnera-so-zastupcom-donora-programu-SlovakAid-a-charity.jpg\" \/>\n\t<meta property=\"og:image:width\" content=\"1280\" \/>\n\t<meta property=\"og:image:height\" content=\"960\" \/>\n\t<meta property=\"og:image:type\" content=\"image\/jpeg\" \/>\n<meta name=\"twitter:card\" content=\"summary_large_image\" \/>\n<meta name=\"twitter:label1\" content=\"Predpokladan\u00fd \u010das \u010d\u00edtania\" \/>\n\t<meta name=\"twitter:data1\" content=\"3 min\u00faty\" \/>\n<script type=\"application\/ld+json\" class=\"yoast-schema-graph\">{\"@context\":\"https:\/\/schema.org\",\"@graph\":[{\"@type\":\"WebPage\",\"@id\":\"https:\/\/www.charita.sk\/svet\/pitna-voda-doghat-dakar\/\",\"url\":\"https:\/\/www.charita.sk\/svet\/pitna-voda-doghat-dakar\/\",\"name\":\"Pitn\u00e1 voda pre Doghat and Darkar | Charita vo svete\",\"isPartOf\":{\"@id\":\"https:\/\/www.charita.sk\/svet\/#website\"},\"primaryImageOfPage\":{\"@id\":\"https:\/\/www.charita.sk\/svet\/pitna-voda-doghat-dakar\/#primaryimage\"},\"image\":{\"@id\":\"https:\/\/www.charita.sk\/svet\/pitna-voda-doghat-dakar\/#primaryimage\"},\"thumbnailUrl\":\"https:\/\/www.charita.sk\/svet\/wp-content\/uploads\/2023\/11\/Inzinier-lokalneho-partnera-so-zastupcom-donora-programu-SlovakAid-a-charity-1024x768.jpg\",\"datePublished\":\"2023-11-03T14:33:25+00:00\",\"dateModified\":\"2026-03-03T09:10:51+00:00\",\"breadcrumb\":{\"@id\":\"https:\/\/www.charita.sk\/svet\/pitna-voda-doghat-dakar\/#breadcrumb\"},\"inLanguage\":\"sk-SK\",\"potentialAction\":[{\"@type\":\"ReadAction\",\"target\":[\"https:\/\/www.charita.sk\/svet\/pitna-voda-doghat-dakar\/\"]}]},{\"@type\":\"ImageObject\",\"inLanguage\":\"sk-SK\",\"@id\":\"https:\/\/www.charita.sk\/svet\/pitna-voda-doghat-dakar\/#primaryimage\",\"url\":\"https:\/\/www.charita.sk\/svet\/wp-content\/uploads\/2023\/11\/Inzinier-lokalneho-partnera-so-zastupcom-donora-programu-SlovakAid-a-charity.jpg\",\"contentUrl\":\"https:\/\/www.charita.sk\/svet\/wp-content\/uploads\/2023\/11\/Inzinier-lokalneho-partnera-so-zastupcom-donora-programu-SlovakAid-a-charity.jpg\",\"width\":1280,\"height\":960},{\"@type\":\"BreadcrumbList\",\"@id\":\"https:\/\/www.charita.sk\/svet\/pitna-voda-doghat-dakar\/#breadcrumb\",\"itemListElement\":[{\"@type\":\"ListItem\",\"position\":1,\"name\":\"Domovsk\u00e1 str\u00e1nka\",\"item\":\"https:\/\/www.charita.sk\/svet\/\"},{\"@type\":\"ListItem\",\"position\":2,\"name\":\"Pitn\u00e1 voda pre Doghat and Darkar\"}]},{\"@type\":\"WebSite\",\"@id\":\"https:\/\/www.charita.sk\/svet\/#website\",\"url\":\"https:\/\/www.charita.sk\/svet\/\",\"name\":\"Charita vo svete\",\"description\":\"Slovensk\u00e1 katol\u00edcka charita pom\u00e1ha \u013eu\u010fom v n\u00fadzi vo svete\",\"publisher\":{\"@id\":\"https:\/\/www.charita.sk\/svet\/#organization\"},\"potentialAction\":[{\"@type\":\"SearchAction\",\"target\":{\"@type\":\"EntryPoint\",\"urlTemplate\":\"https:\/\/www.charita.sk\/svet\/?s={search_term_string}\"},\"query-input\":{\"@type\":\"PropertyValueSpecification\",\"valueRequired\":true,\"valueName\":\"search_term_string\"}}],\"inLanguage\":\"sk-SK\"},{\"@type\":\"Organization\",\"@id\":\"https:\/\/www.charita.sk\/svet\/#organization\",\"name\":\"Slovensk\u00e1 katol\u00edcka charita\",\"url\":\"https:\/\/www.charita.sk\/svet\/\",\"logo\":{\"@type\":\"ImageObject\",\"inLanguage\":\"sk-SK\",\"@id\":\"https:\/\/www.charita.sk\/svet\/#\/schema\/logo\/image\/\",\"url\":\"https:\/\/www.charita.sk\/pomoc-utecencom\/wp-content\/uploads\/2020\/11\/logo_pomoc_utecencom.jpg\",\"contentUrl\":\"https:\/\/www.charita.sk\/pomoc-utecencom\/wp-content\/uploads\/2020\/11\/logo_pomoc_utecencom.jpg\",\"width\":1712,\"height\":480,\"caption\":\"Slovensk\u00e1 katol\u00edcka charita\"},\"image\":{\"@id\":\"https:\/\/www.charita.sk\/svet\/#\/schema\/logo\/image\/\"},\"sameAs\":[\"https:\/\/www.facebook.com\/CaritasSlovakia\/\",\"https:\/\/www.instagram.com\/caritas_slovakia\/\",\"https:\/\/www.linkedin.com\/company\/caritas-slovakia-skch-\",\"https:\/\/www.youtube.com\/user\/katolickacharita\"]}]}<\/script>\n<!-- \/ Yoast SEO plugin. -->","yoast_head_json":{"title":"Pitn\u00e1 voda pre Doghat and Darkar | Charita vo svete","robots":{"index":"index","follow":"follow","max-snippet":"max-snippet:-1","max-image-preview":"max-image-preview:large","max-video-preview":"max-video-preview:-1"},"canonical":"https:\/\/www.charita.sk\/svet\/pitna-voda-doghat-dakar\/","og_locale":"sk_SK","og_type":"article","og_title":"Pitn\u00e1 voda pre Doghat and Darkar | Charita vo svete","og_description":"N\u00e1zov projektu: Podpora rozvoja obc\u00ed Doghat a Darkar v\u010faka zabezpe\u010deniu udr\u017eate\u013en\u00fdch zdrojov [&hellip;]","og_url":"https:\/\/www.charita.sk\/svet\/pitna-voda-doghat-dakar\/","og_site_name":"Charita vo svete","article_publisher":"https:\/\/www.facebook.com\/CaritasSlovakia\/","article_modified_time":"2026-03-03T09:10:51+00:00","og_image":[{"width":1280,"height":960,"url":"https:\/\/www.charita.sk\/svet\/wp-content\/uploads\/2023\/11\/Inzinier-lokalneho-partnera-so-zastupcom-donora-programu-SlovakAid-a-charity.jpg","type":"image\/jpeg"}],"twitter_card":"summary_large_image","twitter_misc":{"Predpokladan\u00fd \u010das \u010d\u00edtania":"3 min\u00faty"},"schema":{"@context":"https:\/\/schema.org","@graph":[{"@type":"WebPage","@id":"https:\/\/www.charita.sk\/svet\/pitna-voda-doghat-dakar\/","url":"https:\/\/www.charita.sk\/svet\/pitna-voda-doghat-dakar\/","name":"Pitn\u00e1 voda pre Doghat and Darkar | Charita vo svete","isPartOf":{"@id":"https:\/\/www.charita.sk\/svet\/#website"},"primaryImageOfPage":{"@id":"https:\/\/www.charita.sk\/svet\/pitna-voda-doghat-dakar\/#primaryimage"},"image":{"@id":"https:\/\/www.charita.sk\/svet\/pitna-voda-doghat-dakar\/#primaryimage"},"thumbnailUrl":"https:\/\/www.charita.sk\/svet\/wp-content\/uploads\/2023\/11\/Inzinier-lokalneho-partnera-so-zastupcom-donora-programu-SlovakAid-a-charity-1024x768.jpg","datePublished":"2023-11-03T14:33:25+00:00","dateModified":"2026-03-03T09:10:51+00:00","breadcrumb":{"@id":"https:\/\/www.charita.sk\/svet\/pitna-voda-doghat-dakar\/#breadcrumb"},"inLanguage":"sk-SK","potentialAction":[{"@type":"ReadAction","target":["https:\/\/www.charita.sk\/svet\/pitna-voda-doghat-dakar\/"]}]},{"@type":"ImageObject","inLanguage":"sk-SK","@id":"https:\/\/www.charita.sk\/svet\/pitna-voda-doghat-dakar\/#primaryimage","url":"https:\/\/www.charita.sk\/svet\/wp-content\/uploads\/2023\/11\/Inzinier-lokalneho-partnera-so-zastupcom-donora-programu-SlovakAid-a-charity.jpg","contentUrl":"https:\/\/www.charita.sk\/svet\/wp-content\/uploads\/2023\/11\/Inzinier-lokalneho-partnera-so-zastupcom-donora-programu-SlovakAid-a-charity.jpg","width":1280,"height":960},{"@type":"BreadcrumbList","@id":"https:\/\/www.charita.sk\/svet\/pitna-voda-doghat-dakar\/#breadcrumb","itemListElement":[{"@type":"ListItem","position":1,"name":"Domovsk\u00e1 str\u00e1nka","item":"https:\/\/www.charita.sk\/svet\/"},{"@type":"ListItem","position":2,"name":"Pitn\u00e1 voda pre Doghat and Darkar"}]},{"@type":"WebSite","@id":"https:\/\/www.charita.sk\/svet\/#website","url":"https:\/\/www.charita.sk\/svet\/","name":"Charita vo svete","description":"Slovensk\u00e1 katol\u00edcka charita pom\u00e1ha \u013eu\u010fom v n\u00fadzi vo svete","publisher":{"@id":"https:\/\/www.charita.sk\/svet\/#organization"},"potentialAction":[{"@type":"SearchAction","target":{"@type":"EntryPoint","urlTemplate":"https:\/\/www.charita.sk\/svet\/?s={search_term_string}"},"query-input":{"@type":"PropertyValueSpecification","valueRequired":true,"valueName":"search_term_string"}}],"inLanguage":"sk-SK"},{"@type":"Organization","@id":"https:\/\/www.charita.sk\/svet\/#organization","name":"Slovensk\u00e1 katol\u00edcka charita","url":"https:\/\/www.charita.sk\/svet\/","logo":{"@type":"ImageObject","inLanguage":"sk-SK","@id":"https:\/\/www.charita.sk\/svet\/#\/schema\/logo\/image\/","url":"https:\/\/www.charita.sk\/pomoc-utecencom\/wp-content\/uploads\/2020\/11\/logo_pomoc_utecencom.jpg","contentUrl":"https:\/\/www.charita.sk\/pomoc-utecencom\/wp-content\/uploads\/2020\/11\/logo_pomoc_utecencom.jpg","width":1712,"height":480,"caption":"Slovensk\u00e1 katol\u00edcka charita"},"image":{"@id":"https:\/\/www.charita.sk\/svet\/#\/schema\/logo\/image\/"},"sameAs":["https:\/\/www.facebook.com\/CaritasSlovakia\/","https:\/\/www.instagram.com\/caritas_slovakia\/","https:\/\/www.linkedin.com\/company\/caritas-slovakia-skch-","https:\/\/www.youtube.com\/user\/katolickacharita"]}]}},"featured_image_src":null,"featured_image_src_square":null,"_links":{"self":[{"href":"https:\/\/www.charita.sk\/svet\/wp-json\/wp\/v2\/pages\/2742","targetHints":{"allow":["GET"]}}],"collection":[{"href":"https:\/\/www.charita.sk\/svet\/wp-json\/wp\/v2\/pages"}],"about":[{"href":"https:\/\/www.charita.sk\/svet\/wp-json\/wp\/v2\/types\/page"}],"author":[{"embeddable":true,"href":"https:\/\/www.charita.sk\/svet\/wp-json\/wp\/v2\/users\/2"}],"replies":[{"embeddable":true,"href":"https:\/\/www.charita.sk\/svet\/wp-json\/wp\/v2\/comments?post=2742"}],"version-history":[{"count":12,"href":"https:\/\/www.charita.sk\/svet\/wp-json\/wp\/v2\/pages\/2742\/revisions"}],"predecessor-version":[{"id":3423,"href":"https:\/\/www.charita.sk\/svet\/wp-json\/wp\/v2\/pages\/2742\/revisions\/3423"}],"wp:attachment":[{"href":"https:\/\/www.charita.sk\/svet\/wp-json\/wp\/v2\/media?parent=2742"}],"curies":[{"name":"wp","href":"https:\/\/api.w.org\/{rel}","templated":true}]}}