{"id":2937,"date":"2024-07-18T15:01:26","date_gmt":"2024-07-18T13:01:26","guid":{"rendered":"https:\/\/www.charita.sk\/pomoc-utecencom\/?page_id=2937"},"modified":"2024-07-18T15:01:27","modified_gmt":"2024-07-18T13:01:27","slug":"oprava-utulku-pre-odidencov-v-chersone","status":"publish","type":"page","link":"https:\/\/www.charita.sk\/svet\/oprava-utulku-pre-odidencov-v-chersone\/","title":{"rendered":"Oprava \u00fatulku pre od\u00eddencov v Chersone"},"content":{"rendered":"\n<p class=\"has-white-color has-text-color has-background has-link-color wp-elements-3595ec5313fd170af9530aeb52cb2fdd\" style=\"background-color:#c42f41\"><strong>N\u00e1zov projektu:<\/strong> Oprava \u00fatulku pre od\u00eddencov v Chersone\u00a0<br><strong>Lokalita implement\u00e1cie<\/strong>: Cherson\u00a0<br><strong>Meno partnera\/partnerov:<\/strong> <strong><em>&#8222;CHRIST THE SAVIOR CHURCH&#8220; <\/em><\/strong>Religious community of Evangelical Christian Baptists\u00a0<br><strong>Trvanie projektu:<\/strong> 01.01.2024 \u2013 31.05.2024<br><strong>Po\u010det pr\u00edjemcov pomoci: <\/strong>85 vo v\u0161etk\u00fdch vekov\u00fdch kateg\u00f3ri\u00e1ch<br><strong>V\u00fd\u0161ka podpory:<\/strong> 36 320,64 \u20ac\u00a0<\/p>\n\n\n\n<p><strong>Popis projektu:<\/strong> Projekt sa zameriaval na poskytnutie bezpe\u010dn\u00e9ho \u00fato\u010diska pre obyvate\u013eov po\u010das obdobia vojny a neistoty.&nbsp;<\/p>\n\n\n\n<p>Cie\u013eovou skupinou boli obyvatelia mesta Cherson a okolit\u00fdch oblast\u00ed, ktor\u00ed h\u013eadali bezpe\u010dn\u00e9 miesto po\u010das \u00fatokov.&nbsp;<\/p>\n\n\n\n<p>Hlavnou my\u0161lienkou projektu bolo vyu\u017ei\u0165 existuj\u00faci podzemn\u00fd priestor a upravi\u0165 ho na funk\u010dn\u00fd a bezpe\u010dn\u00fd kryt.&nbsp;<\/p>\n\n\n\n<p>Projekt zah\u0155\u0148al rekon\u0161trukciu priestorov, in\u0161tal\u00e1ciu n\u00fadzov\u00fdch v\u00fdchodov a zabezpe\u010denie potrebn\u00e9ho vybavenia pre obyvate\u013eov. Obyvatelia mohli v kryte n\u00e1js\u0165 \u00fato\u010disko pred stre\u013ebou a \u00fatokmi, ako aj z\u00e1kladn\u00e9 \u017eivotn\u00e9 potreby a hygienick\u00e9 vybavenie. Aktivity projektu zah\u0155\u0148ali poskytovanie stravy, ubytovania, hygienick\u00fdch potrieb a psychologick\u00fa podporu pre obyvate\u013eov. Okrem toho sa v r\u00e1mci projektu organizovali aktivity pre deti a dospel\u00fdch, ako s\u00fa biblick\u00e9 \u0161t\u00fadie, hry a z\u00e1bava. Projekt tie\u017e zabezpe\u010dil pr\u00edstup k \u010distej pitnej vode prostredn\u00edctvom vodovodn\u00e9ho syst\u00e9mu pripojen\u00e9ho k studni. Je to ve\u013ek\u00fd pr\u00ednos, ke\u010f\u017ee Kachovsk\u00e1 priehrada bola zni\u010den\u00e1 a\u202fvoda sa v centralizovan\u00fdch syst\u00e9moch zne\u010distila. Celkov\u00fdm v\u00fdsledkom projektu bolo poskytnutie bezpe\u010dn\u00e9ho a podporn\u00e9ho prostredia pre obyvate\u013eov v\u202fn\u00fadzi.<\/p>\n\n\n\n<figure class=\"wp-block-gallery has-nested-images columns-4 is-cropped wp-block-gallery-1 is-layout-flex wp-block-gallery-is-layout-flex\">\n<figure class=\"wp-block-image size-large\"><a href=\"https:\/\/www.charita.sk\/svet\/wp-content\/uploads\/2024\/07\/5a_.jpg\"><img fetchpriority=\"high\" decoding=\"async\" width=\"1024\" height=\"577\" data-id=\"2938\" src=\"https:\/\/www.charita.sk\/svet\/wp-content\/uploads\/2024\/07\/5a_-1024x577.jpg\" alt=\"\" class=\"wp-image-2938\" srcset=\"https:\/\/www.charita.sk\/svet\/wp-content\/uploads\/2024\/07\/5a_-1024x577.jpg 1024w, https:\/\/www.charita.sk\/svet\/wp-content\/uploads\/2024\/07\/5a_-300x169.jpg 300w, https:\/\/www.charita.sk\/svet\/wp-content\/uploads\/2024\/07\/5a_-768x432.jpg 768w, https:\/\/www.charita.sk\/svet\/wp-content\/uploads\/2024\/07\/5a_-1536x865.jpg 1536w, https:\/\/www.charita.sk\/svet\/wp-content\/uploads\/2024\/07\/5a_.jpg 1600w\" sizes=\"(max-width: 1024px) 100vw, 1024px\" \/><\/a><\/figure>\n\n\n\n<figure class=\"wp-block-image size-large\"><a href=\"https:\/\/www.charita.sk\/svet\/wp-content\/uploads\/2024\/07\/3a_.jpg\"><img decoding=\"async\" width=\"1024\" height=\"577\" data-id=\"2940\" src=\"https:\/\/www.charita.sk\/svet\/wp-content\/uploads\/2024\/07\/3a_-1024x577.jpg\" alt=\"\" class=\"wp-image-2940\" srcset=\"https:\/\/www.charita.sk\/svet\/wp-content\/uploads\/2024\/07\/3a_-1024x577.jpg 1024w, https:\/\/www.charita.sk\/svet\/wp-content\/uploads\/2024\/07\/3a_-300x169.jpg 300w, https:\/\/www.charita.sk\/svet\/wp-content\/uploads\/2024\/07\/3a_-768x432.jpg 768w, https:\/\/www.charita.sk\/svet\/wp-content\/uploads\/2024\/07\/3a_-1536x865.jpg 1536w, https:\/\/www.charita.sk\/svet\/wp-content\/uploads\/2024\/07\/3a_.jpg 1600w\" sizes=\"(max-width: 1024px) 100vw, 1024px\" \/><\/a><\/figure>\n\n\n\n<figure class=\"wp-block-image size-large\"><a href=\"https:\/\/www.charita.sk\/svet\/wp-content\/uploads\/2024\/07\/2j_.jpg\"><img decoding=\"async\" width=\"1024\" height=\"577\" data-id=\"2941\" src=\"https:\/\/www.charita.sk\/svet\/wp-content\/uploads\/2024\/07\/2j_-1024x577.jpg\" alt=\"\" class=\"wp-image-2941\" srcset=\"https:\/\/www.charita.sk\/svet\/wp-content\/uploads\/2024\/07\/2j_-1024x577.jpg 1024w, https:\/\/www.charita.sk\/svet\/wp-content\/uploads\/2024\/07\/2j_-300x169.jpg 300w, https:\/\/www.charita.sk\/svet\/wp-content\/uploads\/2024\/07\/2j_-768x432.jpg 768w, https:\/\/www.charita.sk\/svet\/wp-content\/uploads\/2024\/07\/2j_-1536x865.jpg 1536w, https:\/\/www.charita.sk\/svet\/wp-content\/uploads\/2024\/07\/2j_.jpg 1600w\" sizes=\"(max-width: 1024px) 100vw, 1024px\" \/><\/a><\/figure>\n\n\n\n<figure class=\"wp-block-image size-large\"><a href=\"https:\/\/www.charita.sk\/svet\/wp-content\/uploads\/2024\/07\/4c_.jpg\"><img loading=\"lazy\" decoding=\"async\" width=\"1024\" height=\"577\" data-id=\"2939\" src=\"https:\/\/www.charita.sk\/svet\/wp-content\/uploads\/2024\/07\/4c_-1024x577.jpg\" alt=\"\" class=\"wp-image-2939\" srcset=\"https:\/\/www.charita.sk\/svet\/wp-content\/uploads\/2024\/07\/4c_-1024x577.jpg 1024w, https:\/\/www.charita.sk\/svet\/wp-content\/uploads\/2024\/07\/4c_-300x169.jpg 300w, https:\/\/www.charita.sk\/svet\/wp-content\/uploads\/2024\/07\/4c_-768x432.jpg 768w, https:\/\/www.charita.sk\/svet\/wp-content\/uploads\/2024\/07\/4c_-1536x865.jpg 1536w, https:\/\/www.charita.sk\/svet\/wp-content\/uploads\/2024\/07\/4c_.jpg 1600w\" sizes=\"(max-width: 1024px) 100vw, 1024px\" \/><\/a><\/figure>\n<figcaption class=\"blocks-gallery-caption wp-element-caption\">\ud83d\udcf8 \u00datulok po \u00faspe\u0161nej prer\u00e1bke, zdroj: <em>CHRIST THE SAVIOR CHURCH<\/em><\/figcaption><\/figure>\n","protected":false},"excerpt":{"rendered":"<p>N\u00e1zov projektu: Oprava \u00fatulku pre od\u00eddencov v Chersone\u00a0Lokalita implement\u00e1cie: Cherson\u00a0Meno partnera\/partnerov: &#8222;CHRIST [&hellip;]<\/p>\n","protected":false},"author":2,"featured_media":0,"parent":0,"menu_order":0,"comment_status":"closed","ping_status":"closed","template":"","meta":{"footnotes":""},"class_list":["post-2937","page","type-page","status-publish","hentry"],"yoast_head":"<!-- This site is optimized with the Yoast SEO plugin v25.4 - https:\/\/yoast.com\/wordpress\/plugins\/seo\/ -->\n<title>Oprava \u00fatulku pre od\u00eddencov v Chersone | Charita vo svete<\/title>\n<meta name=\"robots\" content=\"index, follow, max-snippet:-1, max-image-preview:large, max-video-preview:-1\" \/>\n<link rel=\"canonical\" href=\"https:\/\/www.charita.sk\/svet\/oprava-utulku-pre-odidencov-v-chersone\/\" \/>\n<meta property=\"og:locale\" content=\"sk_SK\" \/>\n<meta property=\"og:type\" content=\"article\" \/>\n<meta property=\"og:title\" content=\"Oprava \u00fatulku pre od\u00eddencov v Chersone | Charita vo svete\" \/>\n<meta property=\"og:description\" content=\"N\u00e1zov projektu: Oprava \u00fatulku pre od\u00eddencov v Chersone\u00a0Lokalita implement\u00e1cie: Cherson\u00a0Meno partnera\/partnerov: &#8222;CHRIST [&hellip;]\" \/>\n<meta property=\"og:url\" content=\"https:\/\/www.charita.sk\/svet\/oprava-utulku-pre-odidencov-v-chersone\/\" \/>\n<meta property=\"og:site_name\" content=\"Charita vo svete\" \/>\n<meta property=\"article:publisher\" content=\"https:\/\/www.facebook.com\/CaritasSlovakia\/\" \/>\n<meta property=\"article:modified_time\" content=\"2024-07-18T13:01:27+00:00\" \/>\n<meta property=\"og:image\" content=\"https:\/\/www.charita.sk\/pomoc-utecencom\/wp-content\/uploads\/2024\/07\/5a_-1024x577.jpg\" \/>\n<meta name=\"twitter:card\" content=\"summary_large_image\" \/>\n<meta name=\"twitter:label1\" content=\"Predpokladan\u00fd \u010das \u010d\u00edtania\" \/>\n\t<meta name=\"twitter:data1\" content=\"2 min\u00faty\" \/>\n<script type=\"application\/ld+json\" class=\"yoast-schema-graph\">{\"@context\":\"https:\/\/schema.org\",\"@graph\":[{\"@type\":\"WebPage\",\"@id\":\"https:\/\/www.charita.sk\/svet\/oprava-utulku-pre-odidencov-v-chersone\/\",\"url\":\"https:\/\/www.charita.sk\/svet\/oprava-utulku-pre-odidencov-v-chersone\/\",\"name\":\"Oprava \u00fatulku pre od\u00eddencov v Chersone | Charita vo svete\",\"isPartOf\":{\"@id\":\"https:\/\/www.charita.sk\/svet\/#website\"},\"primaryImageOfPage\":{\"@id\":\"https:\/\/www.charita.sk\/svet\/oprava-utulku-pre-odidencov-v-chersone\/#primaryimage\"},\"image\":{\"@id\":\"https:\/\/www.charita.sk\/svet\/oprava-utulku-pre-odidencov-v-chersone\/#primaryimage\"},\"thumbnailUrl\":\"https:\/\/www.charita.sk\/svet\/wp-content\/uploads\/2024\/07\/5a_-1024x577.jpg\",\"datePublished\":\"2024-07-18T13:01:26+00:00\",\"dateModified\":\"2024-07-18T13:01:27+00:00\",\"breadcrumb\":{\"@id\":\"https:\/\/www.charita.sk\/svet\/oprava-utulku-pre-odidencov-v-chersone\/#breadcrumb\"},\"inLanguage\":\"sk-SK\",\"potentialAction\":[{\"@type\":\"ReadAction\",\"target\":[\"https:\/\/www.charita.sk\/svet\/oprava-utulku-pre-odidencov-v-chersone\/\"]}]},{\"@type\":\"ImageObject\",\"inLanguage\":\"sk-SK\",\"@id\":\"https:\/\/www.charita.sk\/svet\/oprava-utulku-pre-odidencov-v-chersone\/#primaryimage\",\"url\":\"https:\/\/www.charita.sk\/svet\/wp-content\/uploads\/2024\/07\/5a_.jpg\",\"contentUrl\":\"https:\/\/www.charita.sk\/svet\/wp-content\/uploads\/2024\/07\/5a_.jpg\",\"width\":1600,\"height\":901},{\"@type\":\"BreadcrumbList\",\"@id\":\"https:\/\/www.charita.sk\/svet\/oprava-utulku-pre-odidencov-v-chersone\/#breadcrumb\",\"itemListElement\":[{\"@type\":\"ListItem\",\"position\":1,\"name\":\"Domovsk\u00e1 str\u00e1nka\",\"item\":\"https:\/\/www.charita.sk\/svet\/\"},{\"@type\":\"ListItem\",\"position\":2,\"name\":\"Oprava \u00fatulku pre od\u00eddencov v Chersone\"}]},{\"@type\":\"WebSite\",\"@id\":\"https:\/\/www.charita.sk\/svet\/#website\",\"url\":\"https:\/\/www.charita.sk\/svet\/\",\"name\":\"Charita vo svete\",\"description\":\"Slovensk\u00e1 katol\u00edcka charita pom\u00e1ha \u013eu\u010fom v n\u00fadzi vo svete\",\"publisher\":{\"@id\":\"https:\/\/www.charita.sk\/svet\/#organization\"},\"potentialAction\":[{\"@type\":\"SearchAction\",\"target\":{\"@type\":\"EntryPoint\",\"urlTemplate\":\"https:\/\/www.charita.sk\/svet\/?s={search_term_string}\"},\"query-input\":{\"@type\":\"PropertyValueSpecification\",\"valueRequired\":true,\"valueName\":\"search_term_string\"}}],\"inLanguage\":\"sk-SK\"},{\"@type\":\"Organization\",\"@id\":\"https:\/\/www.charita.sk\/svet\/#organization\",\"name\":\"Slovensk\u00e1 katol\u00edcka charita\",\"url\":\"https:\/\/www.charita.sk\/svet\/\",\"logo\":{\"@type\":\"ImageObject\",\"inLanguage\":\"sk-SK\",\"@id\":\"https:\/\/www.charita.sk\/svet\/#\/schema\/logo\/image\/\",\"url\":\"https:\/\/www.charita.sk\/pomoc-utecencom\/wp-content\/uploads\/2020\/11\/logo_pomoc_utecencom.jpg\",\"contentUrl\":\"https:\/\/www.charita.sk\/pomoc-utecencom\/wp-content\/uploads\/2020\/11\/logo_pomoc_utecencom.jpg\",\"width\":1712,\"height\":480,\"caption\":\"Slovensk\u00e1 katol\u00edcka charita\"},\"image\":{\"@id\":\"https:\/\/www.charita.sk\/svet\/#\/schema\/logo\/image\/\"},\"sameAs\":[\"https:\/\/www.facebook.com\/CaritasSlovakia\/\",\"https:\/\/www.instagram.com\/caritas_slovakia\/\",\"https:\/\/www.linkedin.com\/company\/caritas-slovakia-skch-\",\"https:\/\/www.youtube.com\/user\/katolickacharita\"]}]}<\/script>\n<!-- \/ Yoast SEO plugin. -->","yoast_head_json":{"title":"Oprava \u00fatulku pre od\u00eddencov v Chersone | Charita vo svete","robots":{"index":"index","follow":"follow","max-snippet":"max-snippet:-1","max-image-preview":"max-image-preview:large","max-video-preview":"max-video-preview:-1"},"canonical":"https:\/\/www.charita.sk\/svet\/oprava-utulku-pre-odidencov-v-chersone\/","og_locale":"sk_SK","og_type":"article","og_title":"Oprava \u00fatulku pre od\u00eddencov v Chersone | Charita vo svete","og_description":"N\u00e1zov projektu: Oprava \u00fatulku pre od\u00eddencov v Chersone\u00a0Lokalita implement\u00e1cie: Cherson\u00a0Meno partnera\/partnerov: &#8222;CHRIST [&hellip;]","og_url":"https:\/\/www.charita.sk\/svet\/oprava-utulku-pre-odidencov-v-chersone\/","og_site_name":"Charita vo svete","article_publisher":"https:\/\/www.facebook.com\/CaritasSlovakia\/","article_modified_time":"2024-07-18T13:01:27+00:00","og_image":[{"url":"https:\/\/www.charita.sk\/pomoc-utecencom\/wp-content\/uploads\/2024\/07\/5a_-1024x577.jpg","type":"","width":"","height":""}],"twitter_card":"summary_large_image","twitter_misc":{"Predpokladan\u00fd \u010das \u010d\u00edtania":"2 min\u00faty"},"schema":{"@context":"https:\/\/schema.org","@graph":[{"@type":"WebPage","@id":"https:\/\/www.charita.sk\/svet\/oprava-utulku-pre-odidencov-v-chersone\/","url":"https:\/\/www.charita.sk\/svet\/oprava-utulku-pre-odidencov-v-chersone\/","name":"Oprava \u00fatulku pre od\u00eddencov v Chersone | Charita vo svete","isPartOf":{"@id":"https:\/\/www.charita.sk\/svet\/#website"},"primaryImageOfPage":{"@id":"https:\/\/www.charita.sk\/svet\/oprava-utulku-pre-odidencov-v-chersone\/#primaryimage"},"image":{"@id":"https:\/\/www.charita.sk\/svet\/oprava-utulku-pre-odidencov-v-chersone\/#primaryimage"},"thumbnailUrl":"https:\/\/www.charita.sk\/svet\/wp-content\/uploads\/2024\/07\/5a_-1024x577.jpg","datePublished":"2024-07-18T13:01:26+00:00","dateModified":"2024-07-18T13:01:27+00:00","breadcrumb":{"@id":"https:\/\/www.charita.sk\/svet\/oprava-utulku-pre-odidencov-v-chersone\/#breadcrumb"},"inLanguage":"sk-SK","potentialAction":[{"@type":"ReadAction","target":["https:\/\/www.charita.sk\/svet\/oprava-utulku-pre-odidencov-v-chersone\/"]}]},{"@type":"ImageObject","inLanguage":"sk-SK","@id":"https:\/\/www.charita.sk\/svet\/oprava-utulku-pre-odidencov-v-chersone\/#primaryimage","url":"https:\/\/www.charita.sk\/svet\/wp-content\/uploads\/2024\/07\/5a_.jpg","contentUrl":"https:\/\/www.charita.sk\/svet\/wp-content\/uploads\/2024\/07\/5a_.jpg","width":1600,"height":901},{"@type":"BreadcrumbList","@id":"https:\/\/www.charita.sk\/svet\/oprava-utulku-pre-odidencov-v-chersone\/#breadcrumb","itemListElement":[{"@type":"ListItem","position":1,"name":"Domovsk\u00e1 str\u00e1nka","item":"https:\/\/www.charita.sk\/svet\/"},{"@type":"ListItem","position":2,"name":"Oprava \u00fatulku pre od\u00eddencov v Chersone"}]},{"@type":"WebSite","@id":"https:\/\/www.charita.sk\/svet\/#website","url":"https:\/\/www.charita.sk\/svet\/","name":"Charita vo svete","description":"Slovensk\u00e1 katol\u00edcka charita pom\u00e1ha \u013eu\u010fom v n\u00fadzi vo svete","publisher":{"@id":"https:\/\/www.charita.sk\/svet\/#organization"},"potentialAction":[{"@type":"SearchAction","target":{"@type":"EntryPoint","urlTemplate":"https:\/\/www.charita.sk\/svet\/?s={search_term_string}"},"query-input":{"@type":"PropertyValueSpecification","valueRequired":true,"valueName":"search_term_string"}}],"inLanguage":"sk-SK"},{"@type":"Organization","@id":"https:\/\/www.charita.sk\/svet\/#organization","name":"Slovensk\u00e1 katol\u00edcka charita","url":"https:\/\/www.charita.sk\/svet\/","logo":{"@type":"ImageObject","inLanguage":"sk-SK","@id":"https:\/\/www.charita.sk\/svet\/#\/schema\/logo\/image\/","url":"https:\/\/www.charita.sk\/pomoc-utecencom\/wp-content\/uploads\/2020\/11\/logo_pomoc_utecencom.jpg","contentUrl":"https:\/\/www.charita.sk\/pomoc-utecencom\/wp-content\/uploads\/2020\/11\/logo_pomoc_utecencom.jpg","width":1712,"height":480,"caption":"Slovensk\u00e1 katol\u00edcka charita"},"image":{"@id":"https:\/\/www.charita.sk\/svet\/#\/schema\/logo\/image\/"},"sameAs":["https:\/\/www.facebook.com\/CaritasSlovakia\/","https:\/\/www.instagram.com\/caritas_slovakia\/","https:\/\/www.linkedin.com\/company\/caritas-slovakia-skch-","https:\/\/www.youtube.com\/user\/katolickacharita"]}]}},"featured_image_src":null,"featured_image_src_square":null,"_links":{"self":[{"href":"https:\/\/www.charita.sk\/svet\/wp-json\/wp\/v2\/pages\/2937","targetHints":{"allow":["GET"]}}],"collection":[{"href":"https:\/\/www.charita.sk\/svet\/wp-json\/wp\/v2\/pages"}],"about":[{"href":"https:\/\/www.charita.sk\/svet\/wp-json\/wp\/v2\/types\/page"}],"author":[{"embeddable":true,"href":"https:\/\/www.charita.sk\/svet\/wp-json\/wp\/v2\/users\/2"}],"replies":[{"embeddable":true,"href":"https:\/\/www.charita.sk\/svet\/wp-json\/wp\/v2\/comments?post=2937"}],"version-history":[{"count":1,"href":"https:\/\/www.charita.sk\/svet\/wp-json\/wp\/v2\/pages\/2937\/revisions"}],"predecessor-version":[{"id":2942,"href":"https:\/\/www.charita.sk\/svet\/wp-json\/wp\/v2\/pages\/2937\/revisions\/2942"}],"wp:attachment":[{"href":"https:\/\/www.charita.sk\/svet\/wp-json\/wp\/v2\/media?parent=2937"}],"curies":[{"name":"wp","href":"https:\/\/api.w.org\/{rel}","templated":true}]}}