{"id":2946,"date":"2024-07-18T15:14:16","date_gmt":"2024-07-18T13:14:16","guid":{"rendered":"https:\/\/www.charita.sk\/pomoc-utecencom\/?page_id=2946"},"modified":"2025-01-23T10:54:30","modified_gmt":"2025-01-23T09:54:30","slug":"charitna-kuchyna","status":"publish","type":"page","link":"https:\/\/www.charita.sk\/svet\/charitna-kuchyna\/","title":{"rendered":"Charitn\u00e1 kuchy\u0148a"},"content":{"rendered":"\n<p class=\"has-white-color has-text-color has-background has-link-color wp-elements-ae70d643c43812e38e5e0629056bec45\" style=\"background-color:#c42f41\"><strong>N\u00e1zov projektu<\/strong>: Charitn\u00e1 kuchy\u0148a<br><strong>Lokalita implement\u00e1cie<\/strong>: Dnipro a\u00a0Dnepropetrovsk\u00e1\u00a0oblas\u0165, Ukrajina<br><strong>Meno partnera\/partnerov<\/strong>: Caritas Donetsk<br><strong>Trvanie projektu<\/strong>: 19. decembra 2023 \u2013 15. apr\u00edla 2024<br><strong>Po\u010det pr\u00edjemcov pomoci<\/strong>: pribli\u017ene 500 unik\u00e1tnych pr\u00edjemcov<br><strong>V\u00fd\u0161ka podpory<\/strong>: 26\u202f140 \u20ac \/ 130 obedov denne\u00a0<\/p>\n\n\n\n<p><strong>Popis projektu<\/strong>:&nbsp;&nbsp;<\/p>\n\n\n\n<p>Cie\u013eom projektu bolo poskytova\u0165 komplexn\u00e9 tepl\u00e9 obedy (skladali sa z troch jed\u00e1l) najzranite\u013enej\u0161\u00edm \u013eu\u010fom medzi vn\u00fatorne pres\u00eddlen\u00fdmi osobami a miestnym obyvate\u013estvom, ktor\u00e9 si nedok\u00e1zalo zabezpe\u010di\u0165 z\u00e1kladn\u00e9 v\u00fd\u017eivov\u00e9 potreby. Pr\u00edjemcami boli star\u0161\u00ed \u013eudia, osoby so zdravotn\u00fdm postihnut\u00edm, osoby s v\u00e1\u017enymi ochoreniami alebo t\u00ed, ktor\u00ed sa staraj\u00fa o v\u00e1\u017ene chor\u00fdch \u010dlenov rodiny, a \u013eudia s fyzick\u00fdmi alebo ment\u00e1lnymi obmedzeniami. Projekt reagoval na ukon\u010denie financovania podobn\u00fdch aktiv\u00edt v marci 2023, pri\u010dom po\u010det \u013eud\u00ed v n\u00fadzi sa zvy\u0161oval. V\u010faka finan\u010dnej podpore SKCH sa podarilo obnovi\u0165 \u010dinnos\u0165 Charitnej kuchyne. Po\u010das trvania projektu sa pripravilo a podalo 12,580 tepl\u00fdch jed\u00e1l, pri\u010dom sa dosiahlo pribli\u017ene 500 unik\u00e1tnych pr\u00edjemcov. Projekt umo\u017enil poskytn\u00fa\u0165 kvalitn\u00e9 jedlo pre n\u00fadznych \u013eud\u00ed na minim\u00e1lne 1 mesiac, \u010d\u00edm sa v\u00fdrazne zlep\u0161ila kvalita ich \u017eivota a\u202fmohli svoje finan\u010dn\u00e9 zdroje pou\u017ei\u0165 na rie\u0161enie \u010fal\u0161\u00edch naliehav\u00fdch potrieb.<\/p>\n\n\n\n<figure class=\"wp-block-gallery has-nested-images columns-4 is-cropped wp-block-gallery-1 is-layout-flex wp-block-gallery-is-layout-flex\">\n<figure class=\"wp-block-image size-large\"><a href=\"https:\/\/www.charita.sk\/svet\/wp-content\/uploads\/2024\/03\/425606868_360916666888425_1446352127735020571_n.jpg\"><img fetchpriority=\"high\" decoding=\"async\" width=\"1024\" height=\"768\" data-id=\"2872\" src=\"https:\/\/www.charita.sk\/svet\/wp-content\/uploads\/2024\/03\/425606868_360916666888425_1446352127735020571_n-1024x768.jpg\" alt=\"\" class=\"wp-image-2872\" srcset=\"https:\/\/www.charita.sk\/svet\/wp-content\/uploads\/2024\/03\/425606868_360916666888425_1446352127735020571_n-1024x768.jpg 1024w, https:\/\/www.charita.sk\/svet\/wp-content\/uploads\/2024\/03\/425606868_360916666888425_1446352127735020571_n-300x225.jpg 300w, https:\/\/www.charita.sk\/svet\/wp-content\/uploads\/2024\/03\/425606868_360916666888425_1446352127735020571_n-768x576.jpg 768w, https:\/\/www.charita.sk\/svet\/wp-content\/uploads\/2024\/03\/425606868_360916666888425_1446352127735020571_n-1536x1152.jpg 1536w, https:\/\/www.charita.sk\/svet\/wp-content\/uploads\/2024\/03\/425606868_360916666888425_1446352127735020571_n.jpg 2048w\" sizes=\"(max-width: 1024px) 100vw, 1024px\" \/><\/a><\/figure>\n\n\n\n<figure class=\"wp-block-image size-large\"><a href=\"https:\/\/www.charita.sk\/svet\/wp-content\/uploads\/2024\/03\/425544441_360916446888447_2823372264231310041_n.jpg\"><img decoding=\"async\" width=\"1024\" height=\"768\" data-id=\"2869\" src=\"https:\/\/www.charita.sk\/svet\/wp-content\/uploads\/2024\/03\/425544441_360916446888447_2823372264231310041_n-1024x768.jpg\" alt=\"\" class=\"wp-image-2869\" srcset=\"https:\/\/www.charita.sk\/svet\/wp-content\/uploads\/2024\/03\/425544441_360916446888447_2823372264231310041_n-1024x768.jpg 1024w, https:\/\/www.charita.sk\/svet\/wp-content\/uploads\/2024\/03\/425544441_360916446888447_2823372264231310041_n-300x225.jpg 300w, https:\/\/www.charita.sk\/svet\/wp-content\/uploads\/2024\/03\/425544441_360916446888447_2823372264231310041_n-768x576.jpg 768w, https:\/\/www.charita.sk\/svet\/wp-content\/uploads\/2024\/03\/425544441_360916446888447_2823372264231310041_n-1536x1152.jpg 1536w, https:\/\/www.charita.sk\/svet\/wp-content\/uploads\/2024\/03\/425544441_360916446888447_2823372264231310041_n.jpg 2048w\" sizes=\"(max-width: 1024px) 100vw, 1024px\" \/><\/a><\/figure>\n\n\n\n<figure class=\"wp-block-image size-large\"><a href=\"https:\/\/www.charita.sk\/svet\/wp-content\/uploads\/2024\/03\/425567493_360917063555052_5105652984240891925_n.jpg\"><img decoding=\"async\" width=\"1024\" height=\"768\" data-id=\"2870\" src=\"https:\/\/www.charita.sk\/svet\/wp-content\/uploads\/2024\/03\/425567493_360917063555052_5105652984240891925_n-1024x768.jpg\" alt=\"\" class=\"wp-image-2870\" srcset=\"https:\/\/www.charita.sk\/svet\/wp-content\/uploads\/2024\/03\/425567493_360917063555052_5105652984240891925_n-1024x768.jpg 1024w, https:\/\/www.charita.sk\/svet\/wp-content\/uploads\/2024\/03\/425567493_360917063555052_5105652984240891925_n-300x225.jpg 300w, https:\/\/www.charita.sk\/svet\/wp-content\/uploads\/2024\/03\/425567493_360917063555052_5105652984240891925_n-768x576.jpg 768w, https:\/\/www.charita.sk\/svet\/wp-content\/uploads\/2024\/03\/425567493_360917063555052_5105652984240891925_n-1536x1152.jpg 1536w, https:\/\/www.charita.sk\/svet\/wp-content\/uploads\/2024\/03\/425567493_360917063555052_5105652984240891925_n.jpg 2048w\" sizes=\"(max-width: 1024px) 100vw, 1024px\" \/><\/a><\/figure>\n\n\n\n<figure class=\"wp-block-image size-large\"><a href=\"https:\/\/www.charita.sk\/svet\/wp-content\/uploads\/2024\/03\/425565891_360916293555129_6998859036522147264_n.jpg\"><img loading=\"lazy\" decoding=\"async\" width=\"1024\" height=\"768\" data-id=\"2875\" src=\"https:\/\/www.charita.sk\/svet\/wp-content\/uploads\/2024\/03\/425565891_360916293555129_6998859036522147264_n-1024x768.jpg\" alt=\"\" class=\"wp-image-2875\" srcset=\"https:\/\/www.charita.sk\/svet\/wp-content\/uploads\/2024\/03\/425565891_360916293555129_6998859036522147264_n-1024x768.jpg 1024w, https:\/\/www.charita.sk\/svet\/wp-content\/uploads\/2024\/03\/425565891_360916293555129_6998859036522147264_n-300x225.jpg 300w, https:\/\/www.charita.sk\/svet\/wp-content\/uploads\/2024\/03\/425565891_360916293555129_6998859036522147264_n-768x576.jpg 768w, https:\/\/www.charita.sk\/svet\/wp-content\/uploads\/2024\/03\/425565891_360916293555129_6998859036522147264_n-1536x1152.jpg 1536w, https:\/\/www.charita.sk\/svet\/wp-content\/uploads\/2024\/03\/425565891_360916293555129_6998859036522147264_n.jpg 2048w\" sizes=\"(max-width: 1024px) 100vw, 1024px\" \/><\/a><\/figure>\n<figcaption class=\"blocks-gallery-caption wp-element-caption\">\ud83d\udcf8 Priebeh varenia a pod\u00e1vania tepl\u00fdch obedov, zdroj: Caritas Donetsk<\/figcaption><\/figure>\n","protected":false},"excerpt":{"rendered":"<p>N\u00e1zov projektu: Charitn\u00e1 kuchy\u0148aLokalita implement\u00e1cie: Dnipro a\u00a0Dnepropetrovsk\u00e1\u00a0oblas\u0165, UkrajinaMeno partnera\/partnerov: Caritas DonetskTrvanie projektu: [&hellip;]<\/p>\n","protected":false},"author":2,"featured_media":0,"parent":0,"menu_order":0,"comment_status":"closed","ping_status":"closed","template":"","meta":{"footnotes":""},"class_list":["post-2946","page","type-page","status-publish","hentry"],"yoast_head":"<!-- This site is optimized with the Yoast SEO plugin v25.4 - https:\/\/yoast.com\/wordpress\/plugins\/seo\/ -->\n<title>Charitn\u00e1 kuchy\u0148a | Charita vo svete<\/title>\n<meta name=\"robots\" content=\"index, follow, max-snippet:-1, max-image-preview:large, max-video-preview:-1\" \/>\n<link rel=\"canonical\" href=\"https:\/\/www.charita.sk\/svet\/charitna-kuchyna\/\" \/>\n<meta property=\"og:locale\" content=\"sk_SK\" \/>\n<meta property=\"og:type\" content=\"article\" \/>\n<meta property=\"og:title\" content=\"Charitn\u00e1 kuchy\u0148a | Charita vo svete\" \/>\n<meta property=\"og:description\" content=\"N\u00e1zov projektu: Charitn\u00e1 kuchy\u0148aLokalita implement\u00e1cie: Dnipro a\u00a0Dnepropetrovsk\u00e1\u00a0oblas\u0165, UkrajinaMeno partnera\/partnerov: Caritas DonetskTrvanie projektu: [&hellip;]\" \/>\n<meta property=\"og:url\" content=\"https:\/\/www.charita.sk\/svet\/charitna-kuchyna\/\" \/>\n<meta property=\"og:site_name\" content=\"Charita vo svete\" \/>\n<meta property=\"article:publisher\" content=\"https:\/\/www.facebook.com\/CaritasSlovakia\/\" \/>\n<meta property=\"article:modified_time\" content=\"2025-01-23T09:54:30+00:00\" \/>\n<meta property=\"og:image\" content=\"https:\/\/www.charita.sk\/svet\/wp-content\/uploads\/2024\/03\/425606868_360916666888425_1446352127735020571_n.jpg\" \/>\n\t<meta property=\"og:image:width\" content=\"2048\" \/>\n\t<meta property=\"og:image:height\" content=\"1536\" \/>\n\t<meta property=\"og:image:type\" content=\"image\/jpeg\" \/>\n<meta name=\"twitter:card\" content=\"summary_large_image\" \/>\n<meta name=\"twitter:label1\" content=\"Predpokladan\u00fd \u010das \u010d\u00edtania\" \/>\n\t<meta name=\"twitter:data1\" content=\"2 min\u00faty\" \/>\n<script type=\"application\/ld+json\" class=\"yoast-schema-graph\">{\"@context\":\"https:\/\/schema.org\",\"@graph\":[{\"@type\":\"WebPage\",\"@id\":\"https:\/\/www.charita.sk\/svet\/charitna-kuchyna\/\",\"url\":\"https:\/\/www.charita.sk\/svet\/charitna-kuchyna\/\",\"name\":\"Charitn\u00e1 kuchy\u0148a | Charita vo svete\",\"isPartOf\":{\"@id\":\"https:\/\/www.charita.sk\/svet\/#website\"},\"primaryImageOfPage\":{\"@id\":\"https:\/\/www.charita.sk\/svet\/charitna-kuchyna\/#primaryimage\"},\"image\":{\"@id\":\"https:\/\/www.charita.sk\/svet\/charitna-kuchyna\/#primaryimage\"},\"thumbnailUrl\":\"https:\/\/www.charita.sk\/svet\/wp-content\/uploads\/2024\/03\/425606868_360916666888425_1446352127735020571_n-1024x768.jpg\",\"datePublished\":\"2024-07-18T13:14:16+00:00\",\"dateModified\":\"2025-01-23T09:54:30+00:00\",\"breadcrumb\":{\"@id\":\"https:\/\/www.charita.sk\/svet\/charitna-kuchyna\/#breadcrumb\"},\"inLanguage\":\"sk-SK\",\"potentialAction\":[{\"@type\":\"ReadAction\",\"target\":[\"https:\/\/www.charita.sk\/svet\/charitna-kuchyna\/\"]}]},{\"@type\":\"ImageObject\",\"inLanguage\":\"sk-SK\",\"@id\":\"https:\/\/www.charita.sk\/svet\/charitna-kuchyna\/#primaryimage\",\"url\":\"https:\/\/www.charita.sk\/svet\/wp-content\/uploads\/2024\/03\/425606868_360916666888425_1446352127735020571_n.jpg\",\"contentUrl\":\"https:\/\/www.charita.sk\/svet\/wp-content\/uploads\/2024\/03\/425606868_360916666888425_1446352127735020571_n.jpg\",\"width\":2048,\"height\":1536},{\"@type\":\"BreadcrumbList\",\"@id\":\"https:\/\/www.charita.sk\/svet\/charitna-kuchyna\/#breadcrumb\",\"itemListElement\":[{\"@type\":\"ListItem\",\"position\":1,\"name\":\"Domovsk\u00e1 str\u00e1nka\",\"item\":\"https:\/\/www.charita.sk\/svet\/\"},{\"@type\":\"ListItem\",\"position\":2,\"name\":\"Charitn\u00e1 kuchy\u0148a\"}]},{\"@type\":\"WebSite\",\"@id\":\"https:\/\/www.charita.sk\/svet\/#website\",\"url\":\"https:\/\/www.charita.sk\/svet\/\",\"name\":\"Charita vo svete\",\"description\":\"Slovensk\u00e1 katol\u00edcka charita pom\u00e1ha \u013eu\u010fom v n\u00fadzi vo svete\",\"publisher\":{\"@id\":\"https:\/\/www.charita.sk\/svet\/#organization\"},\"potentialAction\":[{\"@type\":\"SearchAction\",\"target\":{\"@type\":\"EntryPoint\",\"urlTemplate\":\"https:\/\/www.charita.sk\/svet\/?s={search_term_string}\"},\"query-input\":{\"@type\":\"PropertyValueSpecification\",\"valueRequired\":true,\"valueName\":\"search_term_string\"}}],\"inLanguage\":\"sk-SK\"},{\"@type\":\"Organization\",\"@id\":\"https:\/\/www.charita.sk\/svet\/#organization\",\"name\":\"Slovensk\u00e1 katol\u00edcka charita\",\"url\":\"https:\/\/www.charita.sk\/svet\/\",\"logo\":{\"@type\":\"ImageObject\",\"inLanguage\":\"sk-SK\",\"@id\":\"https:\/\/www.charita.sk\/svet\/#\/schema\/logo\/image\/\",\"url\":\"https:\/\/www.charita.sk\/pomoc-utecencom\/wp-content\/uploads\/2020\/11\/logo_pomoc_utecencom.jpg\",\"contentUrl\":\"https:\/\/www.charita.sk\/pomoc-utecencom\/wp-content\/uploads\/2020\/11\/logo_pomoc_utecencom.jpg\",\"width\":1712,\"height\":480,\"caption\":\"Slovensk\u00e1 katol\u00edcka charita\"},\"image\":{\"@id\":\"https:\/\/www.charita.sk\/svet\/#\/schema\/logo\/image\/\"},\"sameAs\":[\"https:\/\/www.facebook.com\/CaritasSlovakia\/\",\"https:\/\/www.instagram.com\/caritas_slovakia\/\",\"https:\/\/www.linkedin.com\/company\/caritas-slovakia-skch-\",\"https:\/\/www.youtube.com\/user\/katolickacharita\"]}]}<\/script>\n<!-- \/ Yoast SEO plugin. -->","yoast_head_json":{"title":"Charitn\u00e1 kuchy\u0148a | Charita vo svete","robots":{"index":"index","follow":"follow","max-snippet":"max-snippet:-1","max-image-preview":"max-image-preview:large","max-video-preview":"max-video-preview:-1"},"canonical":"https:\/\/www.charita.sk\/svet\/charitna-kuchyna\/","og_locale":"sk_SK","og_type":"article","og_title":"Charitn\u00e1 kuchy\u0148a | Charita vo svete","og_description":"N\u00e1zov projektu: Charitn\u00e1 kuchy\u0148aLokalita implement\u00e1cie: Dnipro a\u00a0Dnepropetrovsk\u00e1\u00a0oblas\u0165, UkrajinaMeno partnera\/partnerov: Caritas DonetskTrvanie projektu: [&hellip;]","og_url":"https:\/\/www.charita.sk\/svet\/charitna-kuchyna\/","og_site_name":"Charita vo svete","article_publisher":"https:\/\/www.facebook.com\/CaritasSlovakia\/","article_modified_time":"2025-01-23T09:54:30+00:00","og_image":[{"width":2048,"height":1536,"url":"https:\/\/www.charita.sk\/svet\/wp-content\/uploads\/2024\/03\/425606868_360916666888425_1446352127735020571_n.jpg","type":"image\/jpeg"}],"twitter_card":"summary_large_image","twitter_misc":{"Predpokladan\u00fd \u010das \u010d\u00edtania":"2 min\u00faty"},"schema":{"@context":"https:\/\/schema.org","@graph":[{"@type":"WebPage","@id":"https:\/\/www.charita.sk\/svet\/charitna-kuchyna\/","url":"https:\/\/www.charita.sk\/svet\/charitna-kuchyna\/","name":"Charitn\u00e1 kuchy\u0148a | Charita vo svete","isPartOf":{"@id":"https:\/\/www.charita.sk\/svet\/#website"},"primaryImageOfPage":{"@id":"https:\/\/www.charita.sk\/svet\/charitna-kuchyna\/#primaryimage"},"image":{"@id":"https:\/\/www.charita.sk\/svet\/charitna-kuchyna\/#primaryimage"},"thumbnailUrl":"https:\/\/www.charita.sk\/svet\/wp-content\/uploads\/2024\/03\/425606868_360916666888425_1446352127735020571_n-1024x768.jpg","datePublished":"2024-07-18T13:14:16+00:00","dateModified":"2025-01-23T09:54:30+00:00","breadcrumb":{"@id":"https:\/\/www.charita.sk\/svet\/charitna-kuchyna\/#breadcrumb"},"inLanguage":"sk-SK","potentialAction":[{"@type":"ReadAction","target":["https:\/\/www.charita.sk\/svet\/charitna-kuchyna\/"]}]},{"@type":"ImageObject","inLanguage":"sk-SK","@id":"https:\/\/www.charita.sk\/svet\/charitna-kuchyna\/#primaryimage","url":"https:\/\/www.charita.sk\/svet\/wp-content\/uploads\/2024\/03\/425606868_360916666888425_1446352127735020571_n.jpg","contentUrl":"https:\/\/www.charita.sk\/svet\/wp-content\/uploads\/2024\/03\/425606868_360916666888425_1446352127735020571_n.jpg","width":2048,"height":1536},{"@type":"BreadcrumbList","@id":"https:\/\/www.charita.sk\/svet\/charitna-kuchyna\/#breadcrumb","itemListElement":[{"@type":"ListItem","position":1,"name":"Domovsk\u00e1 str\u00e1nka","item":"https:\/\/www.charita.sk\/svet\/"},{"@type":"ListItem","position":2,"name":"Charitn\u00e1 kuchy\u0148a"}]},{"@type":"WebSite","@id":"https:\/\/www.charita.sk\/svet\/#website","url":"https:\/\/www.charita.sk\/svet\/","name":"Charita vo svete","description":"Slovensk\u00e1 katol\u00edcka charita pom\u00e1ha \u013eu\u010fom v n\u00fadzi vo svete","publisher":{"@id":"https:\/\/www.charita.sk\/svet\/#organization"},"potentialAction":[{"@type":"SearchAction","target":{"@type":"EntryPoint","urlTemplate":"https:\/\/www.charita.sk\/svet\/?s={search_term_string}"},"query-input":{"@type":"PropertyValueSpecification","valueRequired":true,"valueName":"search_term_string"}}],"inLanguage":"sk-SK"},{"@type":"Organization","@id":"https:\/\/www.charita.sk\/svet\/#organization","name":"Slovensk\u00e1 katol\u00edcka charita","url":"https:\/\/www.charita.sk\/svet\/","logo":{"@type":"ImageObject","inLanguage":"sk-SK","@id":"https:\/\/www.charita.sk\/svet\/#\/schema\/logo\/image\/","url":"https:\/\/www.charita.sk\/pomoc-utecencom\/wp-content\/uploads\/2020\/11\/logo_pomoc_utecencom.jpg","contentUrl":"https:\/\/www.charita.sk\/pomoc-utecencom\/wp-content\/uploads\/2020\/11\/logo_pomoc_utecencom.jpg","width":1712,"height":480,"caption":"Slovensk\u00e1 katol\u00edcka charita"},"image":{"@id":"https:\/\/www.charita.sk\/svet\/#\/schema\/logo\/image\/"},"sameAs":["https:\/\/www.facebook.com\/CaritasSlovakia\/","https:\/\/www.instagram.com\/caritas_slovakia\/","https:\/\/www.linkedin.com\/company\/caritas-slovakia-skch-","https:\/\/www.youtube.com\/user\/katolickacharita"]}]}},"featured_image_src":null,"featured_image_src_square":null,"_links":{"self":[{"href":"https:\/\/www.charita.sk\/svet\/wp-json\/wp\/v2\/pages\/2946","targetHints":{"allow":["GET"]}}],"collection":[{"href":"https:\/\/www.charita.sk\/svet\/wp-json\/wp\/v2\/pages"}],"about":[{"href":"https:\/\/www.charita.sk\/svet\/wp-json\/wp\/v2\/types\/page"}],"author":[{"embeddable":true,"href":"https:\/\/www.charita.sk\/svet\/wp-json\/wp\/v2\/users\/2"}],"replies":[{"embeddable":true,"href":"https:\/\/www.charita.sk\/svet\/wp-json\/wp\/v2\/comments?post=2946"}],"version-history":[{"count":2,"href":"https:\/\/www.charita.sk\/svet\/wp-json\/wp\/v2\/pages\/2946\/revisions"}],"predecessor-version":[{"id":3162,"href":"https:\/\/www.charita.sk\/svet\/wp-json\/wp\/v2\/pages\/2946\/revisions\/3162"}],"wp:attachment":[{"href":"https:\/\/www.charita.sk\/svet\/wp-json\/wp\/v2\/media?parent=2946"}],"curies":[{"name":"wp","href":"https:\/\/api.w.org\/{rel}","templated":true}]}}