{"id":2982,"date":"2024-08-20T14:20:35","date_gmt":"2024-08-20T12:20:35","guid":{"rendered":"https:\/\/www.charita.sk\/pomoc-utecencom\/?page_id=2982"},"modified":"2025-01-23T10:55:23","modified_gmt":"2025-01-23T09:55:23","slug":"vykurovanie-v-cernihive","status":"publish","type":"page","link":"https:\/\/www.charita.sk\/svet\/vykurovanie-v-cernihive\/","title":{"rendered":"Vykurovanie v \u010cernihive"},"content":{"rendered":"\n<p class=\"has-white-color has-text-color has-background has-link-color wp-elements-4d14af04145479de40b0d544876cbbae\" style=\"background-color:#c42f41\"><strong>N\u00e1zov projektu: <\/strong>Poskytovanie paliva a kachl\u00ed na vykurovanie domov zranite\u013en\u00fdm skupin\u00e1m obyvate\u013estva<br><strong>Lokalita implement\u00e1cie: <\/strong>\u010cernihivsk\u00e1 oblas\u0165<br><strong>Meno partnera:<\/strong> Caritas Ukraine<br><strong>Trvanie projektu:<\/strong> 1.11.2023 \u2013 31.12.2023<br><strong>Men\u00e1 donorov: <\/strong>Nad\u00e1cia Pontis \/ Taipejsk\u00e1 reprezenta\u010dn\u00e1 kancel\u00e1ria na Slovensku<br><strong>Po\u010det pr\u00edjemcov pomoci: <\/strong>368 zranite\u013en\u00fdch \u013eud\u00ed<br><strong>V\u00fd\u0161ka podpory: <\/strong>50 000 EUR<\/p>\n\n\n\n<p><strong>Popis projektu:<\/strong><br>Humanit\u00e1rna pomoc bola zameran\u00e1 na regi\u00f3n \u010cernihiv, ktor\u00fd patr\u00ed medzi regi\u00f3ny v\u00fdrazne zasiahnut\u00e9 vojnou. V r\u00e1mci tohto projektu bolo zaobstaran\u00e9 palivo na vykurovanie pre 100 dom\u00e1cnost\u00ed a kachle pre 50 dom\u00e1cnost\u00ed, v\u010faka \u010domu bola pomoc poskytnut\u00e1 368 najn\u00fadznej\u0161\u00edm osob\u00e1m po\u010das zimn\u00fdch mesiacov. Projekt sa zameriava na pomoc zranite\u013en\u00fdm skupin\u00e1m, ako s\u00fa star\u0161\u00ed \u013eudia, rodiny s de\u0165mi, osoby so zdravotn\u00fdm postihnut\u00edm a osamel\u00ed rodi\u010dia. Hlavnou my\u0161lienkou projektu je zabezpe\u010di\u0165 teplo a bezpe\u010die pre t\u00fdch, ktor\u00ed to najviac potrebuj\u00fa, a to prostredn\u00edctvom distrib\u00facie paliva a kachl\u00ed. Implement\u00e1cia projektu zah\u0155\u0148ala v\u00fdber pr\u00edjemcov, n\u00e1kup a distrib\u00faciu paliva a kachl\u00ed, ako aj monitorovanie a hodnotenie efekt\u00edvnosti pomoci.<\/p>\n\n\n\n<figure class=\"wp-block-gallery has-nested-images columns-default is-cropped wp-block-gallery-1 is-layout-flex wp-block-gallery-is-layout-flex\">\n<figure class=\"wp-block-image size-large\"><a href=\"https:\/\/www.charita.sk\/svet\/wp-content\/uploads\/2024\/08\/cernihiv1.jpeg\"><img fetchpriority=\"high\" decoding=\"async\" width=\"768\" height=\"1024\" data-id=\"2983\" src=\"https:\/\/www.charita.sk\/svet\/wp-content\/uploads\/2024\/08\/cernihiv1-768x1024.jpeg\" alt=\"\" class=\"wp-image-2983\" srcset=\"https:\/\/www.charita.sk\/svet\/wp-content\/uploads\/2024\/08\/cernihiv1-768x1024.jpeg 768w, https:\/\/www.charita.sk\/svet\/wp-content\/uploads\/2024\/08\/cernihiv1-225x300.jpeg 225w, https:\/\/www.charita.sk\/svet\/wp-content\/uploads\/2024\/08\/cernihiv1.jpeg 960w\" sizes=\"(max-width: 768px) 100vw, 768px\" \/><\/a><\/figure>\n\n\n\n<figure class=\"wp-block-image size-large\"><a href=\"https:\/\/www.charita.sk\/svet\/wp-content\/uploads\/2024\/08\/cernihiv2.jpeg\"><img decoding=\"async\" width=\"1024\" height=\"766\" data-id=\"2984\" src=\"https:\/\/www.charita.sk\/svet\/wp-content\/uploads\/2024\/08\/cernihiv2-1024x766.jpeg\" alt=\"\" class=\"wp-image-2984\" srcset=\"https:\/\/www.charita.sk\/svet\/wp-content\/uploads\/2024\/08\/cernihiv2-1024x766.jpeg 1024w, https:\/\/www.charita.sk\/svet\/wp-content\/uploads\/2024\/08\/cernihiv2-300x224.jpeg 300w, https:\/\/www.charita.sk\/svet\/wp-content\/uploads\/2024\/08\/cernihiv2-768x574.jpeg 768w, https:\/\/www.charita.sk\/svet\/wp-content\/uploads\/2024\/08\/cernihiv2.jpeg 1280w\" sizes=\"(max-width: 1024px) 100vw, 1024px\" \/><\/a><\/figure>\n\n\n\n<figure class=\"wp-block-image size-large\"><a href=\"https:\/\/www.charita.sk\/svet\/wp-content\/uploads\/2024\/08\/cernihiv3.jpeg\"><img decoding=\"async\" width=\"1024\" height=\"766\" data-id=\"2985\" src=\"https:\/\/www.charita.sk\/svet\/wp-content\/uploads\/2024\/08\/cernihiv3-1024x766.jpeg\" alt=\"\" class=\"wp-image-2985\" srcset=\"https:\/\/www.charita.sk\/svet\/wp-content\/uploads\/2024\/08\/cernihiv3-1024x766.jpeg 1024w, https:\/\/www.charita.sk\/svet\/wp-content\/uploads\/2024\/08\/cernihiv3-300x224.jpeg 300w, https:\/\/www.charita.sk\/svet\/wp-content\/uploads\/2024\/08\/cernihiv3-768x574.jpeg 768w, https:\/\/www.charita.sk\/svet\/wp-content\/uploads\/2024\/08\/cernihiv3.jpeg 1280w\" sizes=\"(max-width: 1024px) 100vw, 1024px\" \/><\/a><\/figure>\n<figcaption class=\"blocks-gallery-caption wp-element-caption\">\ud83d\udcf8 Distrib\u00facia kachl\u00ed a palivov\u00e9ho dreva po\u010das chladn\u00fdch mesiacov. Zdroj: Caritas Ukraine<\/figcaption><\/figure>\n","protected":false},"excerpt":{"rendered":"<p>N\u00e1zov projektu: Poskytovanie paliva a kachl\u00ed na vykurovanie domov zranite\u013en\u00fdm skupin\u00e1m obyvate\u013estvaLokalita [&hellip;]<\/p>\n","protected":false},"author":2,"featured_media":0,"parent":0,"menu_order":0,"comment_status":"closed","ping_status":"closed","template":"","meta":{"footnotes":""},"class_list":["post-2982","page","type-page","status-publish","hentry"],"yoast_head":"<!-- This site is optimized with the Yoast SEO plugin v25.4 - https:\/\/yoast.com\/wordpress\/plugins\/seo\/ -->\n<title>Vykurovanie v \u010cernihive | Charita vo svete<\/title>\n<meta name=\"robots\" content=\"index, follow, max-snippet:-1, max-image-preview:large, max-video-preview:-1\" \/>\n<link rel=\"canonical\" href=\"https:\/\/www.charita.sk\/svet\/vykurovanie-v-cernihive\/\" \/>\n<meta property=\"og:locale\" content=\"sk_SK\" \/>\n<meta property=\"og:type\" content=\"article\" \/>\n<meta property=\"og:title\" content=\"Vykurovanie v \u010cernihive | Charita vo svete\" \/>\n<meta property=\"og:description\" content=\"N\u00e1zov projektu: Poskytovanie paliva a kachl\u00ed na vykurovanie domov zranite\u013en\u00fdm skupin\u00e1m obyvate\u013estvaLokalita [&hellip;]\" \/>\n<meta property=\"og:url\" content=\"https:\/\/www.charita.sk\/svet\/vykurovanie-v-cernihive\/\" \/>\n<meta property=\"og:site_name\" content=\"Charita vo svete\" \/>\n<meta property=\"article:publisher\" content=\"https:\/\/www.facebook.com\/CaritasSlovakia\/\" \/>\n<meta property=\"article:modified_time\" content=\"2025-01-23T09:55:23+00:00\" \/>\n<meta property=\"og:image\" content=\"https:\/\/www.charita.sk\/svet\/wp-content\/uploads\/2024\/08\/cernihiv1.jpeg\" \/>\n\t<meta property=\"og:image:width\" content=\"960\" \/>\n\t<meta property=\"og:image:height\" content=\"1280\" \/>\n\t<meta property=\"og:image:type\" content=\"image\/jpeg\" \/>\n<meta name=\"twitter:card\" content=\"summary_large_image\" \/>\n<meta name=\"twitter:label1\" content=\"Predpokladan\u00fd \u010das \u010d\u00edtania\" \/>\n\t<meta name=\"twitter:data1\" content=\"2 min\u00faty\" \/>\n<script type=\"application\/ld+json\" class=\"yoast-schema-graph\">{\"@context\":\"https:\/\/schema.org\",\"@graph\":[{\"@type\":\"WebPage\",\"@id\":\"https:\/\/www.charita.sk\/svet\/vykurovanie-v-cernihive\/\",\"url\":\"https:\/\/www.charita.sk\/svet\/vykurovanie-v-cernihive\/\",\"name\":\"Vykurovanie v \u010cernihive | Charita vo svete\",\"isPartOf\":{\"@id\":\"https:\/\/www.charita.sk\/svet\/#website\"},\"primaryImageOfPage\":{\"@id\":\"https:\/\/www.charita.sk\/svet\/vykurovanie-v-cernihive\/#primaryimage\"},\"image\":{\"@id\":\"https:\/\/www.charita.sk\/svet\/vykurovanie-v-cernihive\/#primaryimage\"},\"thumbnailUrl\":\"https:\/\/www.charita.sk\/svet\/wp-content\/uploads\/2024\/08\/cernihiv1-768x1024.jpeg\",\"datePublished\":\"2024-08-20T12:20:35+00:00\",\"dateModified\":\"2025-01-23T09:55:23+00:00\",\"breadcrumb\":{\"@id\":\"https:\/\/www.charita.sk\/svet\/vykurovanie-v-cernihive\/#breadcrumb\"},\"inLanguage\":\"sk-SK\",\"potentialAction\":[{\"@type\":\"ReadAction\",\"target\":[\"https:\/\/www.charita.sk\/svet\/vykurovanie-v-cernihive\/\"]}]},{\"@type\":\"ImageObject\",\"inLanguage\":\"sk-SK\",\"@id\":\"https:\/\/www.charita.sk\/svet\/vykurovanie-v-cernihive\/#primaryimage\",\"url\":\"https:\/\/www.charita.sk\/svet\/wp-content\/uploads\/2024\/08\/cernihiv1.jpeg\",\"contentUrl\":\"https:\/\/www.charita.sk\/svet\/wp-content\/uploads\/2024\/08\/cernihiv1.jpeg\",\"width\":960,\"height\":1280},{\"@type\":\"BreadcrumbList\",\"@id\":\"https:\/\/www.charita.sk\/svet\/vykurovanie-v-cernihive\/#breadcrumb\",\"itemListElement\":[{\"@type\":\"ListItem\",\"position\":1,\"name\":\"Domovsk\u00e1 str\u00e1nka\",\"item\":\"https:\/\/www.charita.sk\/svet\/\"},{\"@type\":\"ListItem\",\"position\":2,\"name\":\"Vykurovanie v \u010cernihive\"}]},{\"@type\":\"WebSite\",\"@id\":\"https:\/\/www.charita.sk\/svet\/#website\",\"url\":\"https:\/\/www.charita.sk\/svet\/\",\"name\":\"Charita vo svete\",\"description\":\"Slovensk\u00e1 katol\u00edcka charita pom\u00e1ha \u013eu\u010fom v n\u00fadzi vo svete\",\"publisher\":{\"@id\":\"https:\/\/www.charita.sk\/svet\/#organization\"},\"potentialAction\":[{\"@type\":\"SearchAction\",\"target\":{\"@type\":\"EntryPoint\",\"urlTemplate\":\"https:\/\/www.charita.sk\/svet\/?s={search_term_string}\"},\"query-input\":{\"@type\":\"PropertyValueSpecification\",\"valueRequired\":true,\"valueName\":\"search_term_string\"}}],\"inLanguage\":\"sk-SK\"},{\"@type\":\"Organization\",\"@id\":\"https:\/\/www.charita.sk\/svet\/#organization\",\"name\":\"Slovensk\u00e1 katol\u00edcka charita\",\"url\":\"https:\/\/www.charita.sk\/svet\/\",\"logo\":{\"@type\":\"ImageObject\",\"inLanguage\":\"sk-SK\",\"@id\":\"https:\/\/www.charita.sk\/svet\/#\/schema\/logo\/image\/\",\"url\":\"https:\/\/www.charita.sk\/pomoc-utecencom\/wp-content\/uploads\/2020\/11\/logo_pomoc_utecencom.jpg\",\"contentUrl\":\"https:\/\/www.charita.sk\/pomoc-utecencom\/wp-content\/uploads\/2020\/11\/logo_pomoc_utecencom.jpg\",\"width\":1712,\"height\":480,\"caption\":\"Slovensk\u00e1 katol\u00edcka charita\"},\"image\":{\"@id\":\"https:\/\/www.charita.sk\/svet\/#\/schema\/logo\/image\/\"},\"sameAs\":[\"https:\/\/www.facebook.com\/CaritasSlovakia\/\",\"https:\/\/www.instagram.com\/caritas_slovakia\/\",\"https:\/\/www.linkedin.com\/company\/caritas-slovakia-skch-\",\"https:\/\/www.youtube.com\/user\/katolickacharita\"]}]}<\/script>\n<!-- \/ Yoast SEO plugin. -->","yoast_head_json":{"title":"Vykurovanie v \u010cernihive | Charita vo svete","robots":{"index":"index","follow":"follow","max-snippet":"max-snippet:-1","max-image-preview":"max-image-preview:large","max-video-preview":"max-video-preview:-1"},"canonical":"https:\/\/www.charita.sk\/svet\/vykurovanie-v-cernihive\/","og_locale":"sk_SK","og_type":"article","og_title":"Vykurovanie v \u010cernihive | Charita vo svete","og_description":"N\u00e1zov projektu: Poskytovanie paliva a kachl\u00ed na vykurovanie domov zranite\u013en\u00fdm skupin\u00e1m obyvate\u013estvaLokalita [&hellip;]","og_url":"https:\/\/www.charita.sk\/svet\/vykurovanie-v-cernihive\/","og_site_name":"Charita vo svete","article_publisher":"https:\/\/www.facebook.com\/CaritasSlovakia\/","article_modified_time":"2025-01-23T09:55:23+00:00","og_image":[{"width":960,"height":1280,"url":"https:\/\/www.charita.sk\/svet\/wp-content\/uploads\/2024\/08\/cernihiv1.jpeg","type":"image\/jpeg"}],"twitter_card":"summary_large_image","twitter_misc":{"Predpokladan\u00fd \u010das \u010d\u00edtania":"2 min\u00faty"},"schema":{"@context":"https:\/\/schema.org","@graph":[{"@type":"WebPage","@id":"https:\/\/www.charita.sk\/svet\/vykurovanie-v-cernihive\/","url":"https:\/\/www.charita.sk\/svet\/vykurovanie-v-cernihive\/","name":"Vykurovanie v \u010cernihive | Charita vo svete","isPartOf":{"@id":"https:\/\/www.charita.sk\/svet\/#website"},"primaryImageOfPage":{"@id":"https:\/\/www.charita.sk\/svet\/vykurovanie-v-cernihive\/#primaryimage"},"image":{"@id":"https:\/\/www.charita.sk\/svet\/vykurovanie-v-cernihive\/#primaryimage"},"thumbnailUrl":"https:\/\/www.charita.sk\/svet\/wp-content\/uploads\/2024\/08\/cernihiv1-768x1024.jpeg","datePublished":"2024-08-20T12:20:35+00:00","dateModified":"2025-01-23T09:55:23+00:00","breadcrumb":{"@id":"https:\/\/www.charita.sk\/svet\/vykurovanie-v-cernihive\/#breadcrumb"},"inLanguage":"sk-SK","potentialAction":[{"@type":"ReadAction","target":["https:\/\/www.charita.sk\/svet\/vykurovanie-v-cernihive\/"]}]},{"@type":"ImageObject","inLanguage":"sk-SK","@id":"https:\/\/www.charita.sk\/svet\/vykurovanie-v-cernihive\/#primaryimage","url":"https:\/\/www.charita.sk\/svet\/wp-content\/uploads\/2024\/08\/cernihiv1.jpeg","contentUrl":"https:\/\/www.charita.sk\/svet\/wp-content\/uploads\/2024\/08\/cernihiv1.jpeg","width":960,"height":1280},{"@type":"BreadcrumbList","@id":"https:\/\/www.charita.sk\/svet\/vykurovanie-v-cernihive\/#breadcrumb","itemListElement":[{"@type":"ListItem","position":1,"name":"Domovsk\u00e1 str\u00e1nka","item":"https:\/\/www.charita.sk\/svet\/"},{"@type":"ListItem","position":2,"name":"Vykurovanie v \u010cernihive"}]},{"@type":"WebSite","@id":"https:\/\/www.charita.sk\/svet\/#website","url":"https:\/\/www.charita.sk\/svet\/","name":"Charita vo svete","description":"Slovensk\u00e1 katol\u00edcka charita pom\u00e1ha \u013eu\u010fom v n\u00fadzi vo svete","publisher":{"@id":"https:\/\/www.charita.sk\/svet\/#organization"},"potentialAction":[{"@type":"SearchAction","target":{"@type":"EntryPoint","urlTemplate":"https:\/\/www.charita.sk\/svet\/?s={search_term_string}"},"query-input":{"@type":"PropertyValueSpecification","valueRequired":true,"valueName":"search_term_string"}}],"inLanguage":"sk-SK"},{"@type":"Organization","@id":"https:\/\/www.charita.sk\/svet\/#organization","name":"Slovensk\u00e1 katol\u00edcka charita","url":"https:\/\/www.charita.sk\/svet\/","logo":{"@type":"ImageObject","inLanguage":"sk-SK","@id":"https:\/\/www.charita.sk\/svet\/#\/schema\/logo\/image\/","url":"https:\/\/www.charita.sk\/pomoc-utecencom\/wp-content\/uploads\/2020\/11\/logo_pomoc_utecencom.jpg","contentUrl":"https:\/\/www.charita.sk\/pomoc-utecencom\/wp-content\/uploads\/2020\/11\/logo_pomoc_utecencom.jpg","width":1712,"height":480,"caption":"Slovensk\u00e1 katol\u00edcka charita"},"image":{"@id":"https:\/\/www.charita.sk\/svet\/#\/schema\/logo\/image\/"},"sameAs":["https:\/\/www.facebook.com\/CaritasSlovakia\/","https:\/\/www.instagram.com\/caritas_slovakia\/","https:\/\/www.linkedin.com\/company\/caritas-slovakia-skch-","https:\/\/www.youtube.com\/user\/katolickacharita"]}]}},"featured_image_src":null,"featured_image_src_square":null,"_links":{"self":[{"href":"https:\/\/www.charita.sk\/svet\/wp-json\/wp\/v2\/pages\/2982","targetHints":{"allow":["GET"]}}],"collection":[{"href":"https:\/\/www.charita.sk\/svet\/wp-json\/wp\/v2\/pages"}],"about":[{"href":"https:\/\/www.charita.sk\/svet\/wp-json\/wp\/v2\/types\/page"}],"author":[{"embeddable":true,"href":"https:\/\/www.charita.sk\/svet\/wp-json\/wp\/v2\/users\/2"}],"replies":[{"embeddable":true,"href":"https:\/\/www.charita.sk\/svet\/wp-json\/wp\/v2\/comments?post=2982"}],"version-history":[{"count":3,"href":"https:\/\/www.charita.sk\/svet\/wp-json\/wp\/v2\/pages\/2982\/revisions"}],"predecessor-version":[{"id":3163,"href":"https:\/\/www.charita.sk\/svet\/wp-json\/wp\/v2\/pages\/2982\/revisions\/3163"}],"wp:attachment":[{"href":"https:\/\/www.charita.sk\/svet\/wp-json\/wp\/v2\/media?parent=2982"}],"curies":[{"name":"wp","href":"https:\/\/api.w.org\/{rel}","templated":true}]}}