{"id":302,"date":"2018-10-01T13:59:00","date_gmt":"2018-10-01T11:59:00","guid":{"rendered":"https:\/\/charita.sk\/pomoc-utecencom\/?page_id=302"},"modified":"2021-03-17T21:28:29","modified_gmt":"2021-03-17T20:28:29","slug":"zabezpecenie-pitnej-vody-v-obci-fejs-kabur","status":"publish","type":"page","link":"https:\/\/www.charita.sk\/svet\/zabezpecenie-pitnej-vody-v-obci-fejs-kabur\/","title":{"rendered":"Zabezpe\u010denie pitnej vody v obci Fej\u0161 Kabur"},"content":{"rendered":"\n<p class=\"has-text-color has-background\" style=\"background-color:#c42f41;color:#ffffff\"><strong>N\u00e1zov projektu:<\/strong> Zabezpe\u010denie pitnej vody v obci Fej\u0161 Kabur<br><strong>Miesto implement\u00e1cie:<\/strong> Fej\u0161 Kabur \/angl. Faysh Khabour\/, Regi\u00f3n Kurdistan, Irak<br><strong>Obdobie podpory projektu: <\/strong>j\u00fan &#8211; november 2018<br><strong>Po\u010det pr\u00edjemcov pomoci:<\/strong> pribli\u017ene 1 000<br><strong>Suma na podporu projektu:<\/strong> 81 040,- EUR<\/p>\n\n\n\n<p class=\"has-text-align-center has-very-light-gray-background-color has-background\"><strong>\u010eakujeme Konferenci\u00ed biskupov Slovenska za finan\u010dn\u00fa podporu projektu.<\/strong><\/p>\n\n\n\n<p>As\u00fdrska obec Fej\u0161 Kabur \/angl. Faysh Khabour\/, ktorej prv\u00e1 zmienka poch\u00e1dza u\u017e zo 4. storo\u010dia, sa nach\u00e1dza na s\u00fatoku riek Khabur a Tigris len 4 kilometre od \u0161t\u00e1tnej hranice Iraku a Turecka. Obyvatelia tejto kres\u0165anskej obce boli po\u010das jej hist\u00f3rie viackr\u00e1t napadnut\u00ed. V roku 1991 obec opustili jej arabsk\u00ed obyvatelia, n\u00e1sledne ju obsadili Kurdi a po ich odchode v roku 2005 sa do nej vr\u00e1tili jej p\u00f4vodn\u00ed obyvatelia \u2013 as\u00fdrski kres\u0165ania. Okrem nich tu od roku 2014 \u017eij\u00fa aj jez\u00eddski a kres\u0165ansk\u00ed vys\u00eddlenci, ktor\u00ed u\u0161li pred tzv. ISIS z mesta Sind\u017e\u00e1r (Sinjar).<\/p>\n\n\n\n<p>Moment\u00e1lna situ\u00e1cia v Iraku a teda aj v irackom Kurdistane, ktor\u00fd sa nach\u00e1dza v severnej \u010dasti krajiny, je st\u00e1le pozna\u010den\u00e1 ozbrojen\u00fdm konfliktom a soci\u00e1lnou nestabilitou. V pr\u00edpade obce Fej\u0161 Kabur to znamenalo chronick\u00fd nedostatok pitnej vody, ktor\u00fa museli dov\u00e1\u017ea\u0165 z obce Derebune vzdialenej 7 km.<\/p>\n\n\n\n<p>Projekt \u201eZabezpe\u010denie pitnej vody v obci Fej\u0161 Kabur\u201c bol zameran\u00fd na v\u00fdstavbu 2 studn\u00ed, ktor\u00e9 poskytli obyvate\u013eom obce st\u00e1ly pr\u00edstup k pitnej vode. St\u00e1ly pr\u00edstup k pitnej vode je potrebn\u00fd na zn\u00ed\u017eenie rizika \u0161\u00edrenia chor\u00f4b kv\u00f4li zl\u00fdm hygienick\u00fdm podmienkam ako aj na zabezpe\u010denie pitn\u00e9ho re\u017eimu, preto\u017ee od m\u00e1ja do septembra sa v tomto regi\u00f3ne zvy\u0161uje teplota vzduchu aj na 50 \u00b0C.<\/p>\n\n\n\n<p>St\u00e1ly pr\u00edstup k vode taktie\u017e podporil po\u013enohospod\u00e1rske a chovate\u013esk\u00e9 aktivity miestnych obyvate\u013eov, ktor\u00e9 tak prispievaj\u00fa k zlep\u0161eniu ich \u017eivotn\u00fdch&nbsp;&nbsp;podmienok a rozvoju tohto regi\u00f3nu.<\/p>\n\n\n\n<p>Kv\u00f4li nevhodn\u00fdm geologick\u00fdm podmienkam a pr\u00edstupu k pitnej vode bolo potrebn\u00e9 studne vyv\u0155ta\u0165 a\u017e vo vzdialenosti cca 2 km od obce v h\u013abke pribli\u017ene 150 \u2013 180 metrov a vodu n\u00e1sledne dopravova\u0165 do obce pomocou potrubia. Aby sa gener\u00e1tor a \u010derpadlo, ktor\u00e9 sl\u00fa\u017eia na z\u00edskanie vody, nepre\u0165a\u017eovali, bol pri obci vybudovan\u00fd rezervo\u00e1r vody, ktor\u00fd sa automaticky dop\u013a\u0148a pod\u013ea spotreby vody. To znamen\u00e1, \u017ee gener\u00e1tor a \u010derpadlo je v prev\u00e1dzke len po\u010das dop\u013a\u0148ania z\u00e1sobn\u00edka. Samotn\u00fd z\u00e1sobn\u00edk je napojen\u00fd na u\u017e existuj\u00face vodovodn\u00e9 potrubie v obci.<\/p>\n\n\n\n<div class=\"wp-block-buttons aligncenter is-layout-flex wp-block-buttons-is-layout-flex\">\n<div class=\"wp-block-button\"><a class=\"wp-block-button__link has-vivid-red-background-color has-text-color has-background\" href=\"https:\/\/charita.darujme.sk\/775\/\" style=\"color:#ffffff\"><strong>Chcem podpori\u0165 tak\u00e9to projekty<\/strong><\/a><\/div>\n<\/div>\n\n\n\n<div style=\"height:30px\" aria-hidden=\"true\" class=\"wp-block-spacer\"><\/div>\n\n\n\n<figure class=\"wp-block-gallery columns-3 is-cropped wp-block-gallery-1 is-layout-flex wp-block-gallery-is-layout-flex\"><ul class=\"blocks-gallery-grid\"><li class=\"blocks-gallery-item\"><figure><img fetchpriority=\"high\" decoding=\"async\" width=\"1024\" height=\"498\" src=\"https:\/\/www.charita.sk\/svet\/wp-content\/uploads\/2018\/10\/37225845_2037111206312971_1145027264522485760_n-1024x498.jpg\" alt=\"\" data-id=\"310\" data-link=\"https:\/\/www.charita.sk\/svet\/zabezpecenie-pitnej-vody-v-obci-fejs-kabur\/37225845_2037111206312971_1145027264522485760_n\/\" class=\"wp-image-310\" srcset=\"https:\/\/www.charita.sk\/svet\/wp-content\/uploads\/2018\/10\/37225845_2037111206312971_1145027264522485760_n-1024x498.jpg 1024w, https:\/\/www.charita.sk\/svet\/wp-content\/uploads\/2018\/10\/37225845_2037111206312971_1145027264522485760_n-300x146.jpg 300w, https:\/\/www.charita.sk\/svet\/wp-content\/uploads\/2018\/10\/37225845_2037111206312971_1145027264522485760_n-768x373.jpg 768w, https:\/\/www.charita.sk\/svet\/wp-content\/uploads\/2018\/10\/37225845_2037111206312971_1145027264522485760_n.jpg 1280w\" sizes=\"(max-width: 1024px) 100vw, 1024px\" \/><figcaption class=\"blocks-gallery-item__caption\">Kontroln\u00fd de\u0148 na stavbe<\/figcaption><\/figure><\/li><li class=\"blocks-gallery-item\"><figure><img decoding=\"async\" width=\"1024\" height=\"576\" src=\"https:\/\/www.charita.sk\/svet\/wp-content\/uploads\/2018\/10\/39248850_1776047215781943_7839694059831558144_n-1024x576.jpg\" alt=\"\" data-id=\"303\" data-link=\"https:\/\/www.charita.sk\/svet\/zabezpecenie-pitnej-vody-v-obci-fejs-kabur\/39248850_1776047215781943_7839694059831558144_n\/\" class=\"wp-image-303\" srcset=\"https:\/\/www.charita.sk\/svet\/wp-content\/uploads\/2018\/10\/39248850_1776047215781943_7839694059831558144_n-1024x576.jpg 1024w, https:\/\/www.charita.sk\/svet\/wp-content\/uploads\/2018\/10\/39248850_1776047215781943_7839694059831558144_n-300x169.jpg 300w, https:\/\/www.charita.sk\/svet\/wp-content\/uploads\/2018\/10\/39248850_1776047215781943_7839694059831558144_n-768x432.jpg 768w, https:\/\/www.charita.sk\/svet\/wp-content\/uploads\/2018\/10\/39248850_1776047215781943_7839694059831558144_n.jpg 1032w\" sizes=\"(max-width: 1024px) 100vw, 1024px\" \/><figcaption class=\"blocks-gallery-item__caption\">Naftov\u00fd gener\u00e1tor elektrickej energie z\u00e1sobuje palivom miestna vodohospod\u00e1rska spr\u00e1va<\/figcaption><\/figure><\/li><li class=\"blocks-gallery-item\"><figure><img decoding=\"async\" width=\"1024\" height=\"576\" src=\"https:\/\/www.charita.sk\/svet\/wp-content\/uploads\/2018\/10\/39287855_283419049135591_1803058555402584064_n1-1024x576.jpg\" alt=\"\" data-id=\"305\" data-link=\"https:\/\/www.charita.sk\/svet\/zabezpecenie-pitnej-vody-v-obci-fejs-kabur\/39287855_283419049135591_1803058555402584064_n1\/\" class=\"wp-image-305\" srcset=\"https:\/\/www.charita.sk\/svet\/wp-content\/uploads\/2018\/10\/39287855_283419049135591_1803058555402584064_n1-1024x576.jpg 1024w, https:\/\/www.charita.sk\/svet\/wp-content\/uploads\/2018\/10\/39287855_283419049135591_1803058555402584064_n1-300x169.jpg 300w, https:\/\/www.charita.sk\/svet\/wp-content\/uploads\/2018\/10\/39287855_283419049135591_1803058555402584064_n1-768x432.jpg 768w, https:\/\/www.charita.sk\/svet\/wp-content\/uploads\/2018\/10\/39287855_283419049135591_1803058555402584064_n1.jpg 1032w\" sizes=\"(max-width: 1024px) 100vw, 1024px\" \/><figcaption class=\"blocks-gallery-item__caption\">Zhroma\u017edenie pred otvoren\u00edm<\/figcaption><\/figure><\/li><li class=\"blocks-gallery-item\"><figure><img loading=\"lazy\" decoding=\"async\" width=\"1024\" height=\"576\" src=\"https:\/\/www.charita.sk\/svet\/wp-content\/uploads\/2018\/10\/39249664_2098168533583342_1630087006778294272_n-1024x576.jpg\" alt=\"\" data-id=\"307\" data-link=\"https:\/\/www.charita.sk\/svet\/zabezpecenie-pitnej-vody-v-obci-fejs-kabur\/39249664_2098168533583342_1630087006778294272_n\/\" class=\"wp-image-307\" srcset=\"https:\/\/www.charita.sk\/svet\/wp-content\/uploads\/2018\/10\/39249664_2098168533583342_1630087006778294272_n-1024x576.jpg 1024w, https:\/\/www.charita.sk\/svet\/wp-content\/uploads\/2018\/10\/39249664_2098168533583342_1630087006778294272_n-300x169.jpg 300w, https:\/\/www.charita.sk\/svet\/wp-content\/uploads\/2018\/10\/39249664_2098168533583342_1630087006778294272_n-768x432.jpg 768w, https:\/\/www.charita.sk\/svet\/wp-content\/uploads\/2018\/10\/39249664_2098168533583342_1630087006778294272_n.jpg 1032w\" sizes=\"(max-width: 1024px) 100vw, 1024px\" \/><figcaption class=\"blocks-gallery-item__caption\">Sl\u00e1vnostn\u00e9 prestrih\u00e1vanie p\u00e1sky<\/figcaption><\/figure><\/li><li class=\"blocks-gallery-item\"><figure><img loading=\"lazy\" decoding=\"async\" width=\"1024\" height=\"683\" src=\"https:\/\/www.charita.sk\/svet\/wp-content\/uploads\/2019\/05\/32-1024x683.jpg\" alt=\"\" data-id=\"403\" data-link=\"https:\/\/www.charita.sk\/svet\/2019\/05\/21\/pomoc-v-irackom-kurdistane-cez-objektiv\/attachment\/32\/\" class=\"wp-image-403\" srcset=\"https:\/\/www.charita.sk\/svet\/wp-content\/uploads\/2019\/05\/32-1024x683.jpg 1024w, https:\/\/www.charita.sk\/svet\/wp-content\/uploads\/2019\/05\/32-300x200.jpg 300w, https:\/\/www.charita.sk\/svet\/wp-content\/uploads\/2019\/05\/32-768x512.jpg 768w, https:\/\/www.charita.sk\/svet\/wp-content\/uploads\/2019\/05\/32.jpg 1920w\" sizes=\"(max-width: 1024px) 100vw, 1024px\" \/><figcaption class=\"blocks-gallery-item__caption\">Projektov\u00fd t\u00edm<\/figcaption><\/figure><\/li><li class=\"blocks-gallery-item\"><figure><img loading=\"lazy\" decoding=\"async\" width=\"1024\" height=\"683\" src=\"https:\/\/www.charita.sk\/svet\/wp-content\/uploads\/2019\/05\/25-1024x683.jpg\" alt=\"\" data-id=\"396\" data-link=\"https:\/\/www.charita.sk\/svet\/2019\/05\/21\/pomoc-v-irackom-kurdistane-cez-objektiv\/attachment\/25\/\" class=\"wp-image-396\" srcset=\"https:\/\/www.charita.sk\/svet\/wp-content\/uploads\/2019\/05\/25-1024x683.jpg 1024w, https:\/\/www.charita.sk\/svet\/wp-content\/uploads\/2019\/05\/25-300x200.jpg 300w, https:\/\/www.charita.sk\/svet\/wp-content\/uploads\/2019\/05\/25-768x512.jpg 768w, https:\/\/www.charita.sk\/svet\/wp-content\/uploads\/2019\/05\/25.jpg 1920w\" sizes=\"(max-width: 1024px) 100vw, 1024px\" \/><figcaption class=\"blocks-gallery-item__caption\">Vodn\u00e9 n\u00e1dr\u017ee, z ktor\u00fdm pr\u00fadi voda dole do dediny<\/figcaption><\/figure><\/li><li class=\"blocks-gallery-item\"><figure><img loading=\"lazy\" decoding=\"async\" width=\"1024\" height=\"683\" src=\"https:\/\/www.charita.sk\/svet\/wp-content\/uploads\/2019\/05\/24-1024x683.jpg\" alt=\"\" data-id=\"395\" data-link=\"https:\/\/www.charita.sk\/svet\/2019\/05\/21\/pomoc-v-irackom-kurdistane-cez-objektiv\/attachment\/24\/\" class=\"wp-image-395\" srcset=\"https:\/\/www.charita.sk\/svet\/wp-content\/uploads\/2019\/05\/24-1024x683.jpg 1024w, https:\/\/www.charita.sk\/svet\/wp-content\/uploads\/2019\/05\/24-300x200.jpg 300w, https:\/\/www.charita.sk\/svet\/wp-content\/uploads\/2019\/05\/24-768x512.jpg 768w, https:\/\/www.charita.sk\/svet\/wp-content\/uploads\/2019\/05\/24.jpg 1920w\" sizes=\"(max-width: 1024px) 100vw, 1024px\" \/><figcaption class=\"blocks-gallery-item__caption\">Na otvorenie sa pri\u0161li pozrie\u0165 aj miestne deti<\/figcaption><\/figure><\/li><li class=\"blocks-gallery-item\"><figure><img loading=\"lazy\" decoding=\"async\" width=\"1024\" height=\"683\" src=\"https:\/\/www.charita.sk\/svet\/wp-content\/uploads\/2019\/05\/30-1024x683.jpg\" alt=\"\" data-id=\"401\" data-link=\"https:\/\/www.charita.sk\/svet\/2019\/05\/21\/pomoc-v-irackom-kurdistane-cez-objektiv\/attachment\/30\/\" class=\"wp-image-401\" srcset=\"https:\/\/www.charita.sk\/svet\/wp-content\/uploads\/2019\/05\/30-1024x683.jpg 1024w, https:\/\/www.charita.sk\/svet\/wp-content\/uploads\/2019\/05\/30-300x200.jpg 300w, https:\/\/www.charita.sk\/svet\/wp-content\/uploads\/2019\/05\/30-768x512.jpg 768w, https:\/\/www.charita.sk\/svet\/wp-content\/uploads\/2019\/05\/30.jpg 1920w\" sizes=\"(max-width: 1024px) 100vw, 1024px\" \/><figcaption class=\"blocks-gallery-item__caption\">Na ka\u017edom ukon\u010denom projekte os\u00e1dzame \u010fakovn\u00fa tabu\u013eu<\/figcaption><\/figure><\/li><\/ul><\/figure>\n","protected":false},"excerpt":{"rendered":"<p>N\u00e1zov projektu: Zabezpe\u010denie pitnej vody v obci Fej\u0161 KaburMiesto implement\u00e1cie: Fej\u0161 Kabur [&hellip;]<\/p>\n","protected":false},"author":2,"featured_media":0,"parent":0,"menu_order":0,"comment_status":"closed","ping_status":"closed","template":"","meta":{"footnotes":""},"class_list":["post-302","page","type-page","status-publish","hentry"],"yoast_head":"<!-- This site is optimized with the Yoast SEO plugin v25.4 - https:\/\/yoast.com\/wordpress\/plugins\/seo\/ -->\n<title>Zabezpe\u010denie pitnej vody v obci Fej\u0161 Kabur | Charita vo svete<\/title>\n<meta name=\"robots\" content=\"index, follow, max-snippet:-1, max-image-preview:large, max-video-preview:-1\" \/>\n<link rel=\"canonical\" href=\"https:\/\/www.charita.sk\/svet\/zabezpecenie-pitnej-vody-v-obci-fejs-kabur\/\" \/>\n<meta property=\"og:locale\" content=\"sk_SK\" \/>\n<meta property=\"og:type\" content=\"article\" \/>\n<meta property=\"og:title\" content=\"Zabezpe\u010denie pitnej vody v obci Fej\u0161 Kabur | Charita vo svete\" \/>\n<meta property=\"og:description\" content=\"N\u00e1zov projektu: Zabezpe\u010denie pitnej vody v obci Fej\u0161 KaburMiesto implement\u00e1cie: Fej\u0161 Kabur [&hellip;]\" \/>\n<meta property=\"og:url\" content=\"https:\/\/www.charita.sk\/svet\/zabezpecenie-pitnej-vody-v-obci-fejs-kabur\/\" \/>\n<meta property=\"og:site_name\" content=\"Charita vo svete\" \/>\n<meta property=\"article:publisher\" content=\"https:\/\/www.facebook.com\/CaritasSlovakia\/\" \/>\n<meta property=\"article:modified_time\" content=\"2021-03-17T20:28:29+00:00\" \/>\n<meta property=\"og:image\" content=\"https:\/\/www.charita.sk\/pomoc-utecencom\/wp-content\/uploads\/2018\/10\/37225845_2037111206312971_1145027264522485760_n-1024x498.jpg\" \/>\n<meta name=\"twitter:card\" content=\"summary_large_image\" \/>\n<meta name=\"twitter:label1\" content=\"Predpokladan\u00fd \u010das \u010d\u00edtania\" \/>\n\t<meta name=\"twitter:data1\" content=\"2 min\u00faty\" \/>\n<script type=\"application\/ld+json\" class=\"yoast-schema-graph\">{\"@context\":\"https:\/\/schema.org\",\"@graph\":[{\"@type\":\"WebPage\",\"@id\":\"https:\/\/www.charita.sk\/svet\/zabezpecenie-pitnej-vody-v-obci-fejs-kabur\/\",\"url\":\"https:\/\/www.charita.sk\/svet\/zabezpecenie-pitnej-vody-v-obci-fejs-kabur\/\",\"name\":\"Zabezpe\u010denie pitnej vody v obci Fej\u0161 Kabur | Charita vo svete\",\"isPartOf\":{\"@id\":\"https:\/\/www.charita.sk\/svet\/#website\"},\"primaryImageOfPage\":{\"@id\":\"https:\/\/www.charita.sk\/svet\/zabezpecenie-pitnej-vody-v-obci-fejs-kabur\/#primaryimage\"},\"image\":{\"@id\":\"https:\/\/www.charita.sk\/svet\/zabezpecenie-pitnej-vody-v-obci-fejs-kabur\/#primaryimage\"},\"thumbnailUrl\":\"https:\/\/www.charita.sk\/svet\/wp-content\/uploads\/2018\/10\/37225845_2037111206312971_1145027264522485760_n-1024x498.jpg\",\"datePublished\":\"2018-10-01T11:59:00+00:00\",\"dateModified\":\"2021-03-17T20:28:29+00:00\",\"breadcrumb\":{\"@id\":\"https:\/\/www.charita.sk\/svet\/zabezpecenie-pitnej-vody-v-obci-fejs-kabur\/#breadcrumb\"},\"inLanguage\":\"sk-SK\",\"potentialAction\":[{\"@type\":\"ReadAction\",\"target\":[\"https:\/\/www.charita.sk\/svet\/zabezpecenie-pitnej-vody-v-obci-fejs-kabur\/\"]}]},{\"@type\":\"ImageObject\",\"inLanguage\":\"sk-SK\",\"@id\":\"https:\/\/www.charita.sk\/svet\/zabezpecenie-pitnej-vody-v-obci-fejs-kabur\/#primaryimage\",\"url\":\"https:\/\/www.charita.sk\/svet\/wp-content\/uploads\/2018\/10\/37225845_2037111206312971_1145027264522485760_n.jpg\",\"contentUrl\":\"https:\/\/www.charita.sk\/svet\/wp-content\/uploads\/2018\/10\/37225845_2037111206312971_1145027264522485760_n.jpg\",\"width\":1280,\"height\":622},{\"@type\":\"BreadcrumbList\",\"@id\":\"https:\/\/www.charita.sk\/svet\/zabezpecenie-pitnej-vody-v-obci-fejs-kabur\/#breadcrumb\",\"itemListElement\":[{\"@type\":\"ListItem\",\"position\":1,\"name\":\"Domovsk\u00e1 str\u00e1nka\",\"item\":\"https:\/\/www.charita.sk\/svet\/\"},{\"@type\":\"ListItem\",\"position\":2,\"name\":\"Zabezpe\u010denie pitnej vody v obci Fej\u0161 Kabur\"}]},{\"@type\":\"WebSite\",\"@id\":\"https:\/\/www.charita.sk\/svet\/#website\",\"url\":\"https:\/\/www.charita.sk\/svet\/\",\"name\":\"Charita vo svete\",\"description\":\"Slovensk\u00e1 katol\u00edcka charita pom\u00e1ha \u013eu\u010fom v n\u00fadzi vo svete\",\"publisher\":{\"@id\":\"https:\/\/www.charita.sk\/svet\/#organization\"},\"potentialAction\":[{\"@type\":\"SearchAction\",\"target\":{\"@type\":\"EntryPoint\",\"urlTemplate\":\"https:\/\/www.charita.sk\/svet\/?s={search_term_string}\"},\"query-input\":{\"@type\":\"PropertyValueSpecification\",\"valueRequired\":true,\"valueName\":\"search_term_string\"}}],\"inLanguage\":\"sk-SK\"},{\"@type\":\"Organization\",\"@id\":\"https:\/\/www.charita.sk\/svet\/#organization\",\"name\":\"Slovensk\u00e1 katol\u00edcka charita\",\"url\":\"https:\/\/www.charita.sk\/svet\/\",\"logo\":{\"@type\":\"ImageObject\",\"inLanguage\":\"sk-SK\",\"@id\":\"https:\/\/www.charita.sk\/svet\/#\/schema\/logo\/image\/\",\"url\":\"https:\/\/www.charita.sk\/pomoc-utecencom\/wp-content\/uploads\/2020\/11\/logo_pomoc_utecencom.jpg\",\"contentUrl\":\"https:\/\/www.charita.sk\/pomoc-utecencom\/wp-content\/uploads\/2020\/11\/logo_pomoc_utecencom.jpg\",\"width\":1712,\"height\":480,\"caption\":\"Slovensk\u00e1 katol\u00edcka charita\"},\"image\":{\"@id\":\"https:\/\/www.charita.sk\/svet\/#\/schema\/logo\/image\/\"},\"sameAs\":[\"https:\/\/www.facebook.com\/CaritasSlovakia\/\",\"https:\/\/www.instagram.com\/caritas_slovakia\/\",\"https:\/\/www.linkedin.com\/company\/caritas-slovakia-skch-\",\"https:\/\/www.youtube.com\/user\/katolickacharita\"]}]}<\/script>\n<!-- \/ Yoast SEO plugin. -->","yoast_head_json":{"title":"Zabezpe\u010denie pitnej vody v obci Fej\u0161 Kabur | Charita vo svete","robots":{"index":"index","follow":"follow","max-snippet":"max-snippet:-1","max-image-preview":"max-image-preview:large","max-video-preview":"max-video-preview:-1"},"canonical":"https:\/\/www.charita.sk\/svet\/zabezpecenie-pitnej-vody-v-obci-fejs-kabur\/","og_locale":"sk_SK","og_type":"article","og_title":"Zabezpe\u010denie pitnej vody v obci Fej\u0161 Kabur | Charita vo svete","og_description":"N\u00e1zov projektu: Zabezpe\u010denie pitnej vody v obci Fej\u0161 KaburMiesto implement\u00e1cie: Fej\u0161 Kabur [&hellip;]","og_url":"https:\/\/www.charita.sk\/svet\/zabezpecenie-pitnej-vody-v-obci-fejs-kabur\/","og_site_name":"Charita vo svete","article_publisher":"https:\/\/www.facebook.com\/CaritasSlovakia\/","article_modified_time":"2021-03-17T20:28:29+00:00","og_image":[{"url":"https:\/\/www.charita.sk\/pomoc-utecencom\/wp-content\/uploads\/2018\/10\/37225845_2037111206312971_1145027264522485760_n-1024x498.jpg","type":"","width":"","height":""}],"twitter_card":"summary_large_image","twitter_misc":{"Predpokladan\u00fd \u010das \u010d\u00edtania":"2 min\u00faty"},"schema":{"@context":"https:\/\/schema.org","@graph":[{"@type":"WebPage","@id":"https:\/\/www.charita.sk\/svet\/zabezpecenie-pitnej-vody-v-obci-fejs-kabur\/","url":"https:\/\/www.charita.sk\/svet\/zabezpecenie-pitnej-vody-v-obci-fejs-kabur\/","name":"Zabezpe\u010denie pitnej vody v obci Fej\u0161 Kabur | Charita vo svete","isPartOf":{"@id":"https:\/\/www.charita.sk\/svet\/#website"},"primaryImageOfPage":{"@id":"https:\/\/www.charita.sk\/svet\/zabezpecenie-pitnej-vody-v-obci-fejs-kabur\/#primaryimage"},"image":{"@id":"https:\/\/www.charita.sk\/svet\/zabezpecenie-pitnej-vody-v-obci-fejs-kabur\/#primaryimage"},"thumbnailUrl":"https:\/\/www.charita.sk\/svet\/wp-content\/uploads\/2018\/10\/37225845_2037111206312971_1145027264522485760_n-1024x498.jpg","datePublished":"2018-10-01T11:59:00+00:00","dateModified":"2021-03-17T20:28:29+00:00","breadcrumb":{"@id":"https:\/\/www.charita.sk\/svet\/zabezpecenie-pitnej-vody-v-obci-fejs-kabur\/#breadcrumb"},"inLanguage":"sk-SK","potentialAction":[{"@type":"ReadAction","target":["https:\/\/www.charita.sk\/svet\/zabezpecenie-pitnej-vody-v-obci-fejs-kabur\/"]}]},{"@type":"ImageObject","inLanguage":"sk-SK","@id":"https:\/\/www.charita.sk\/svet\/zabezpecenie-pitnej-vody-v-obci-fejs-kabur\/#primaryimage","url":"https:\/\/www.charita.sk\/svet\/wp-content\/uploads\/2018\/10\/37225845_2037111206312971_1145027264522485760_n.jpg","contentUrl":"https:\/\/www.charita.sk\/svet\/wp-content\/uploads\/2018\/10\/37225845_2037111206312971_1145027264522485760_n.jpg","width":1280,"height":622},{"@type":"BreadcrumbList","@id":"https:\/\/www.charita.sk\/svet\/zabezpecenie-pitnej-vody-v-obci-fejs-kabur\/#breadcrumb","itemListElement":[{"@type":"ListItem","position":1,"name":"Domovsk\u00e1 str\u00e1nka","item":"https:\/\/www.charita.sk\/svet\/"},{"@type":"ListItem","position":2,"name":"Zabezpe\u010denie pitnej vody v obci Fej\u0161 Kabur"}]},{"@type":"WebSite","@id":"https:\/\/www.charita.sk\/svet\/#website","url":"https:\/\/www.charita.sk\/svet\/","name":"Charita vo svete","description":"Slovensk\u00e1 katol\u00edcka charita pom\u00e1ha \u013eu\u010fom v n\u00fadzi vo svete","publisher":{"@id":"https:\/\/www.charita.sk\/svet\/#organization"},"potentialAction":[{"@type":"SearchAction","target":{"@type":"EntryPoint","urlTemplate":"https:\/\/www.charita.sk\/svet\/?s={search_term_string}"},"query-input":{"@type":"PropertyValueSpecification","valueRequired":true,"valueName":"search_term_string"}}],"inLanguage":"sk-SK"},{"@type":"Organization","@id":"https:\/\/www.charita.sk\/svet\/#organization","name":"Slovensk\u00e1 katol\u00edcka charita","url":"https:\/\/www.charita.sk\/svet\/","logo":{"@type":"ImageObject","inLanguage":"sk-SK","@id":"https:\/\/www.charita.sk\/svet\/#\/schema\/logo\/image\/","url":"https:\/\/www.charita.sk\/pomoc-utecencom\/wp-content\/uploads\/2020\/11\/logo_pomoc_utecencom.jpg","contentUrl":"https:\/\/www.charita.sk\/pomoc-utecencom\/wp-content\/uploads\/2020\/11\/logo_pomoc_utecencom.jpg","width":1712,"height":480,"caption":"Slovensk\u00e1 katol\u00edcka charita"},"image":{"@id":"https:\/\/www.charita.sk\/svet\/#\/schema\/logo\/image\/"},"sameAs":["https:\/\/www.facebook.com\/CaritasSlovakia\/","https:\/\/www.instagram.com\/caritas_slovakia\/","https:\/\/www.linkedin.com\/company\/caritas-slovakia-skch-","https:\/\/www.youtube.com\/user\/katolickacharita"]}]}},"featured_image_src":null,"featured_image_src_square":null,"_links":{"self":[{"href":"https:\/\/www.charita.sk\/svet\/wp-json\/wp\/v2\/pages\/302","targetHints":{"allow":["GET"]}}],"collection":[{"href":"https:\/\/www.charita.sk\/svet\/wp-json\/wp\/v2\/pages"}],"about":[{"href":"https:\/\/www.charita.sk\/svet\/wp-json\/wp\/v2\/types\/page"}],"author":[{"embeddable":true,"href":"https:\/\/www.charita.sk\/svet\/wp-json\/wp\/v2\/users\/2"}],"replies":[{"embeddable":true,"href":"https:\/\/www.charita.sk\/svet\/wp-json\/wp\/v2\/comments?post=302"}],"version-history":[{"count":9,"href":"https:\/\/www.charita.sk\/svet\/wp-json\/wp\/v2\/pages\/302\/revisions"}],"predecessor-version":[{"id":1582,"href":"https:\/\/www.charita.sk\/svet\/wp-json\/wp\/v2\/pages\/302\/revisions\/1582"}],"wp:attachment":[{"href":"https:\/\/www.charita.sk\/svet\/wp-json\/wp\/v2\/media?parent=302"}],"curies":[{"name":"wp","href":"https:\/\/api.w.org\/{rel}","templated":true}]}}