{"id":313,"date":"2018-10-01T14:00:29","date_gmt":"2018-10-01T12:00:29","guid":{"rendered":"https:\/\/charita.sk\/pomoc-utecencom\/?page_id=313"},"modified":"2021-03-17T21:35:56","modified_gmt":"2021-03-17T20:35:56","slug":"zvacsenie-skolky-v-obci-nabk","status":"publish","type":"page","link":"https:\/\/www.charita.sk\/svet\/zvacsenie-skolky-v-obci-nabk\/","title":{"rendered":"Zv\u00e4\u010d\u0161enie \u0161k\u00f4lky v obci Nabk"},"content":{"rendered":"\n<p class=\"has-text-color has-background\" style=\"background-color:#c42f41;color:#ffffff\"><strong>N\u00e1zov projektu:<\/strong> Zv\u00e4\u010d\u0161enie \u0161k\u00f4lky v\u00a0obci Nabk<br><strong>Miesto implement\u00e1cie:<\/strong> Nabk, S\u00fdria<br><strong>Obdobie podpory projektu: <\/strong>j\u00fal &#8211; november 2018<br><strong>Po\u010det pr\u00edjemcov pomoci:<\/strong> 100 det\u00ed + ich rodinn\u00ed pr\u00edslu\u0161n\u00edci<br><strong>Suma na podporu projektu:<\/strong> 50 000,- EUR<\/p>\n\n\n\n<p>Kl\u00e1\u0161torn\u00e1 komunita Deir Mar Musa (syr\u00e1ckokatol\u00edcky r\u00edt) p\u00f4sob\u00ed v s\u00fdrskom meste Al Nabk (Nabk). Z 50 000 miestnych obyvate\u013eov je len pribli\u017ene 400 kres\u0165anov. V priebehu novembra a decembra 2013 bola \u010das\u0165 kres\u0165ansk\u00fdch domov po\u0161koden\u00e1 prebiehaj\u00facim ozbrojen\u00fdm konfliktom v krajine.<\/p>\n\n\n\n<p>Od konca roku 2013 v\u0161ak v meste neprebiehaj\u00fa \u010fal\u0161ie boje a z bezpe\u010dnostn\u00e9ho uhla poh\u013eadu je mesto jedn\u00fdm z najbezpe\u010dnej\u0161\u00edch v S\u00fdrii. \u013dudia sa vr\u00e1tili k \u201ebe\u017en\u00e9mu \u017eivotu\u201c, ktor\u00fd je v\u0161ak v\u00fdrazne komplikovan\u00fd vysok\u00fdmi cenami (pred konfliktom bol 1 USD = 50 S\u00fdrskych libier a moment\u00e1lne je to 500) a taktie\u017e je v meste ve\u013emi m\u00e1lo pracovn\u00fdch mo\u017enost\u00ed.<\/p>\n\n\n\n<p>V roku 2016 kl\u00e1\u0161torn\u00e1 komunita obnovila \u0161k\u00f4lku v syri\u00e1ckokatol\u00edckej farnosti, ktor\u00e1 bola vo ve\u013emi zlom stave a so slab\u00fdm person\u00e1lnym zast\u00fapen\u00edm. Okrem rekon\u0161trukcie budovy bol posilnen\u00fd aj pedagogick\u00fd zbor, ktor\u00fd sa moment\u00e1lne sklad\u00e1 zo siedmich \u010dlenov (1 riadite\u013e, 4, u\u010ditelia a 2 asistenti), z ktor\u00fdch s\u00fa 6 kres\u0165ania a 1 moslim. V septembri 2016 \u0161k\u00f4lka hostila 55 det\u00ed (3 \u2013 5 rokov) a nesk\u00f4r u\u017e 120 (11 kres\u0165anov a 109 moslimov) nane\u0161tastie po po dosiahnut\u00ed kv\u00f3ty 120 det\u00ed musela \u0161k\u00f4lka \u010fal\u0161ie deti odmieta\u0165, preto\u017ee jej kapacity boli plne obsaden\u00e9.<\/p>\n\n\n\n<p>Kl\u00e1\u0161torn\u00e1 komunita pova\u017euje vzdel\u00e1vanie za z\u00e1klad pr\u00edpravy na obnovu S\u00fdrie \u2013 hlavne v pr\u00edpade, kedy kres\u0165ansk\u00e9 a moslimsk\u00e9 det\u00ed vyrastaj\u00fa spolu. N\u00e1bo\u017eensk\u00e9 sviatky s\u00fa tak sl\u00e1ven\u00e9 spolu s ich rodinn\u00fdmi pr\u00edslu\u0161n\u00edkmi, \u010do prispieva k n\u00e1bo\u017eenskej tolerancii.<\/p>\n\n\n\n<p>Z\u00e1merom kl\u00e1\u0161tornej komunity bolo roz\u0161\u00edrenie \u0161k\u00f4lky o dom, ktor\u00fd stoj\u00ed v susedstve \u0161k\u00f4lky (star\u00fd tradi\u010dn\u00fd dom arabskej architekt\u00fary s rozlohou 419 m2), ktor\u00fd m\u00e1 so \u0161k\u00f4lkou spolo\u010dn\u00fd plot s d\u013a\u017ekou 20 m. Ve\u013ek\u00e1 \u010das\u0165 domu (3 miestnosti na triedy, 2x WC) bola ihne\u010f vyu\u017eit\u00e1 pre potreby \u0161k\u00f4lky spolu s ve\u013ek\u00fdm ihriskom na hranie.<\/p>\n\n\n\n<p>Prostredn\u00edctvom roz\u0161\u00edrenia \u0161k\u00f4lky kl\u00e1\u0161torn\u00e1 komunita e\u0161te viac posilnila svoje aktivity a prispieva k stabilite kres\u0165anskej komunity v meste Nebk. Okrem toho vznikli nov\u00e9 pracovn\u00e9 miesta, vytvorilo sa miesto pre \u010fal\u0161ie deti a zisk zo \u201e\u0161koln\u00e9ho\u201c m\u00f4\u017ee by\u0165 pou\u017eit\u00fd na roz\u0161\u00edrenie aktiv\u00edt komunity. Samozrejme, \u017ee kl\u00e1\u0161torn\u00e1 komunita prij\u00edma aj deti, ktor\u00fdch rodi\u010dia si nem\u00f4\u017eu dovoli\u0165 plati\u0165 \u0161koln\u00e9. Cie\u013eom \u0161k\u00f4lky je poskytovanie vzdelania, ochrana det\u00ed pred hr\u00f4zami vojny a posil\u0148ovanie medzin\u00e1bo\u017eensk\u00e9ho dial\u00f3gu v miestnej komunite kres\u0165anov a moslimov.<\/p>\n","protected":false},"excerpt":{"rendered":"<p>N\u00e1zov projektu: Zv\u00e4\u010d\u0161enie \u0161k\u00f4lky v\u00a0obci NabkMiesto implement\u00e1cie: Nabk, S\u00fdriaObdobie podpory projektu: j\u00fal [&hellip;]<\/p>\n","protected":false},"author":2,"featured_media":0,"parent":0,"menu_order":0,"comment_status":"closed","ping_status":"closed","template":"","meta":{"footnotes":""},"class_list":["post-313","page","type-page","status-publish","hentry"],"yoast_head":"<!-- This site is optimized with the Yoast SEO plugin v25.4 - https:\/\/yoast.com\/wordpress\/plugins\/seo\/ -->\n<title>Zv\u00e4\u010d\u0161enie \u0161k\u00f4lky v obci Nabk | Charita vo svete<\/title>\n<meta name=\"robots\" content=\"index, follow, max-snippet:-1, max-image-preview:large, max-video-preview:-1\" \/>\n<link rel=\"canonical\" href=\"https:\/\/www.charita.sk\/svet\/zvacsenie-skolky-v-obci-nabk\/\" \/>\n<meta property=\"og:locale\" content=\"sk_SK\" \/>\n<meta property=\"og:type\" content=\"article\" \/>\n<meta property=\"og:title\" content=\"Zv\u00e4\u010d\u0161enie \u0161k\u00f4lky v obci Nabk | Charita vo svete\" \/>\n<meta property=\"og:description\" content=\"N\u00e1zov projektu: Zv\u00e4\u010d\u0161enie \u0161k\u00f4lky v\u00a0obci NabkMiesto implement\u00e1cie: Nabk, S\u00fdriaObdobie podpory projektu: j\u00fal [&hellip;]\" \/>\n<meta property=\"og:url\" content=\"https:\/\/www.charita.sk\/svet\/zvacsenie-skolky-v-obci-nabk\/\" \/>\n<meta property=\"og:site_name\" content=\"Charita vo svete\" \/>\n<meta property=\"article:publisher\" content=\"https:\/\/www.facebook.com\/CaritasSlovakia\/\" \/>\n<meta property=\"article:modified_time\" content=\"2021-03-17T20:35:56+00:00\" \/>\n<meta name=\"twitter:card\" content=\"summary_large_image\" \/>\n<meta name=\"twitter:label1\" content=\"Predpokladan\u00fd \u010das \u010d\u00edtania\" \/>\n\t<meta name=\"twitter:data1\" content=\"2 min\u00faty\" \/>\n<script type=\"application\/ld+json\" class=\"yoast-schema-graph\">{\"@context\":\"https:\/\/schema.org\",\"@graph\":[{\"@type\":\"WebPage\",\"@id\":\"https:\/\/www.charita.sk\/svet\/zvacsenie-skolky-v-obci-nabk\/\",\"url\":\"https:\/\/www.charita.sk\/svet\/zvacsenie-skolky-v-obci-nabk\/\",\"name\":\"Zv\u00e4\u010d\u0161enie \u0161k\u00f4lky v obci Nabk | Charita vo svete\",\"isPartOf\":{\"@id\":\"https:\/\/www.charita.sk\/svet\/#website\"},\"datePublished\":\"2018-10-01T12:00:29+00:00\",\"dateModified\":\"2021-03-17T20:35:56+00:00\",\"breadcrumb\":{\"@id\":\"https:\/\/www.charita.sk\/svet\/zvacsenie-skolky-v-obci-nabk\/#breadcrumb\"},\"inLanguage\":\"sk-SK\",\"potentialAction\":[{\"@type\":\"ReadAction\",\"target\":[\"https:\/\/www.charita.sk\/svet\/zvacsenie-skolky-v-obci-nabk\/\"]}]},{\"@type\":\"BreadcrumbList\",\"@id\":\"https:\/\/www.charita.sk\/svet\/zvacsenie-skolky-v-obci-nabk\/#breadcrumb\",\"itemListElement\":[{\"@type\":\"ListItem\",\"position\":1,\"name\":\"Domovsk\u00e1 str\u00e1nka\",\"item\":\"https:\/\/www.charita.sk\/svet\/\"},{\"@type\":\"ListItem\",\"position\":2,\"name\":\"Zv\u00e4\u010d\u0161enie \u0161k\u00f4lky v obci Nabk\"}]},{\"@type\":\"WebSite\",\"@id\":\"https:\/\/www.charita.sk\/svet\/#website\",\"url\":\"https:\/\/www.charita.sk\/svet\/\",\"name\":\"Charita vo svete\",\"description\":\"Slovensk\u00e1 katol\u00edcka charita pom\u00e1ha \u013eu\u010fom v n\u00fadzi vo svete\",\"publisher\":{\"@id\":\"https:\/\/www.charita.sk\/svet\/#organization\"},\"potentialAction\":[{\"@type\":\"SearchAction\",\"target\":{\"@type\":\"EntryPoint\",\"urlTemplate\":\"https:\/\/www.charita.sk\/svet\/?s={search_term_string}\"},\"query-input\":{\"@type\":\"PropertyValueSpecification\",\"valueRequired\":true,\"valueName\":\"search_term_string\"}}],\"inLanguage\":\"sk-SK\"},{\"@type\":\"Organization\",\"@id\":\"https:\/\/www.charita.sk\/svet\/#organization\",\"name\":\"Slovensk\u00e1 katol\u00edcka charita\",\"url\":\"https:\/\/www.charita.sk\/svet\/\",\"logo\":{\"@type\":\"ImageObject\",\"inLanguage\":\"sk-SK\",\"@id\":\"https:\/\/www.charita.sk\/svet\/#\/schema\/logo\/image\/\",\"url\":\"https:\/\/www.charita.sk\/pomoc-utecencom\/wp-content\/uploads\/2020\/11\/logo_pomoc_utecencom.jpg\",\"contentUrl\":\"https:\/\/www.charita.sk\/pomoc-utecencom\/wp-content\/uploads\/2020\/11\/logo_pomoc_utecencom.jpg\",\"width\":1712,\"height\":480,\"caption\":\"Slovensk\u00e1 katol\u00edcka charita\"},\"image\":{\"@id\":\"https:\/\/www.charita.sk\/svet\/#\/schema\/logo\/image\/\"},\"sameAs\":[\"https:\/\/www.facebook.com\/CaritasSlovakia\/\",\"https:\/\/www.instagram.com\/caritas_slovakia\/\",\"https:\/\/www.linkedin.com\/company\/caritas-slovakia-skch-\",\"https:\/\/www.youtube.com\/user\/katolickacharita\"]}]}<\/script>\n<!-- \/ Yoast SEO plugin. -->","yoast_head_json":{"title":"Zv\u00e4\u010d\u0161enie \u0161k\u00f4lky v obci Nabk | Charita vo svete","robots":{"index":"index","follow":"follow","max-snippet":"max-snippet:-1","max-image-preview":"max-image-preview:large","max-video-preview":"max-video-preview:-1"},"canonical":"https:\/\/www.charita.sk\/svet\/zvacsenie-skolky-v-obci-nabk\/","og_locale":"sk_SK","og_type":"article","og_title":"Zv\u00e4\u010d\u0161enie \u0161k\u00f4lky v obci Nabk | Charita vo svete","og_description":"N\u00e1zov projektu: Zv\u00e4\u010d\u0161enie \u0161k\u00f4lky v\u00a0obci NabkMiesto implement\u00e1cie: Nabk, S\u00fdriaObdobie podpory projektu: j\u00fal [&hellip;]","og_url":"https:\/\/www.charita.sk\/svet\/zvacsenie-skolky-v-obci-nabk\/","og_site_name":"Charita vo svete","article_publisher":"https:\/\/www.facebook.com\/CaritasSlovakia\/","article_modified_time":"2021-03-17T20:35:56+00:00","twitter_card":"summary_large_image","twitter_misc":{"Predpokladan\u00fd \u010das \u010d\u00edtania":"2 min\u00faty"},"schema":{"@context":"https:\/\/schema.org","@graph":[{"@type":"WebPage","@id":"https:\/\/www.charita.sk\/svet\/zvacsenie-skolky-v-obci-nabk\/","url":"https:\/\/www.charita.sk\/svet\/zvacsenie-skolky-v-obci-nabk\/","name":"Zv\u00e4\u010d\u0161enie \u0161k\u00f4lky v obci Nabk | Charita vo svete","isPartOf":{"@id":"https:\/\/www.charita.sk\/svet\/#website"},"datePublished":"2018-10-01T12:00:29+00:00","dateModified":"2021-03-17T20:35:56+00:00","breadcrumb":{"@id":"https:\/\/www.charita.sk\/svet\/zvacsenie-skolky-v-obci-nabk\/#breadcrumb"},"inLanguage":"sk-SK","potentialAction":[{"@type":"ReadAction","target":["https:\/\/www.charita.sk\/svet\/zvacsenie-skolky-v-obci-nabk\/"]}]},{"@type":"BreadcrumbList","@id":"https:\/\/www.charita.sk\/svet\/zvacsenie-skolky-v-obci-nabk\/#breadcrumb","itemListElement":[{"@type":"ListItem","position":1,"name":"Domovsk\u00e1 str\u00e1nka","item":"https:\/\/www.charita.sk\/svet\/"},{"@type":"ListItem","position":2,"name":"Zv\u00e4\u010d\u0161enie \u0161k\u00f4lky v obci Nabk"}]},{"@type":"WebSite","@id":"https:\/\/www.charita.sk\/svet\/#website","url":"https:\/\/www.charita.sk\/svet\/","name":"Charita vo svete","description":"Slovensk\u00e1 katol\u00edcka charita pom\u00e1ha \u013eu\u010fom v n\u00fadzi vo svete","publisher":{"@id":"https:\/\/www.charita.sk\/svet\/#organization"},"potentialAction":[{"@type":"SearchAction","target":{"@type":"EntryPoint","urlTemplate":"https:\/\/www.charita.sk\/svet\/?s={search_term_string}"},"query-input":{"@type":"PropertyValueSpecification","valueRequired":true,"valueName":"search_term_string"}}],"inLanguage":"sk-SK"},{"@type":"Organization","@id":"https:\/\/www.charita.sk\/svet\/#organization","name":"Slovensk\u00e1 katol\u00edcka charita","url":"https:\/\/www.charita.sk\/svet\/","logo":{"@type":"ImageObject","inLanguage":"sk-SK","@id":"https:\/\/www.charita.sk\/svet\/#\/schema\/logo\/image\/","url":"https:\/\/www.charita.sk\/pomoc-utecencom\/wp-content\/uploads\/2020\/11\/logo_pomoc_utecencom.jpg","contentUrl":"https:\/\/www.charita.sk\/pomoc-utecencom\/wp-content\/uploads\/2020\/11\/logo_pomoc_utecencom.jpg","width":1712,"height":480,"caption":"Slovensk\u00e1 katol\u00edcka charita"},"image":{"@id":"https:\/\/www.charita.sk\/svet\/#\/schema\/logo\/image\/"},"sameAs":["https:\/\/www.facebook.com\/CaritasSlovakia\/","https:\/\/www.instagram.com\/caritas_slovakia\/","https:\/\/www.linkedin.com\/company\/caritas-slovakia-skch-","https:\/\/www.youtube.com\/user\/katolickacharita"]}]}},"featured_image_src":null,"featured_image_src_square":null,"_links":{"self":[{"href":"https:\/\/www.charita.sk\/svet\/wp-json\/wp\/v2\/pages\/313","targetHints":{"allow":["GET"]}}],"collection":[{"href":"https:\/\/www.charita.sk\/svet\/wp-json\/wp\/v2\/pages"}],"about":[{"href":"https:\/\/www.charita.sk\/svet\/wp-json\/wp\/v2\/types\/page"}],"author":[{"embeddable":true,"href":"https:\/\/www.charita.sk\/svet\/wp-json\/wp\/v2\/users\/2"}],"replies":[{"embeddable":true,"href":"https:\/\/www.charita.sk\/svet\/wp-json\/wp\/v2\/comments?post=313"}],"version-history":[{"count":3,"href":"https:\/\/www.charita.sk\/svet\/wp-json\/wp\/v2\/pages\/313\/revisions"}],"predecessor-version":[{"id":1588,"href":"https:\/\/www.charita.sk\/svet\/wp-json\/wp\/v2\/pages\/313\/revisions\/1588"}],"wp:attachment":[{"href":"https:\/\/www.charita.sk\/svet\/wp-json\/wp\/v2\/media?parent=313"}],"curies":[{"name":"wp","href":"https:\/\/api.w.org\/{rel}","templated":true}]}}