{"id":3136,"date":"2025-01-22T09:22:22","date_gmt":"2025-01-22T08:22:22","guid":{"rendered":"https:\/\/www.charita.sk\/svet\/?page_id=3136"},"modified":"2025-01-22T09:22:23","modified_gmt":"2025-01-22T08:22:23","slug":"psychosocialna-pomoc-a-skolske-pomocky-pre-vysidlencov","status":"publish","type":"page","link":"https:\/\/www.charita.sk\/svet\/psychosocialna-pomoc-a-skolske-pomocky-pre-vysidlencov\/","title":{"rendered":"Psychosoci\u00e1lna\u00a0pomoc\u00a0a\u00a0\u0161kolsk\u00e9 pom\u00f4cky\u00a0pre\u00a0vys\u00eddlencov\u00a0"},"content":{"rendered":"\n<p class=\"has-white-color has-text-color has-background has-link-color wp-elements-32fc7b8b4274bb7be7171e21dd8ead45\" style=\"background-color:#c42f41\"><strong>N\u00e1zov projektu:\u00a0<\/strong>\u00a0Psychosoci\u00e1lna podpora pre IDP a najzranite\u013enej\u0161ie osoby medzi miestnymi obyvate\u013emi v \u0165a\u017ek\u00fdch \u017eivotn\u00fdch situ\u00e1ci\u00e1ch s prvkom \u201e\u0161kolsk\u00e1 ta\u0161ka\u201d<br><strong>Lokalita implement\u00e1cie:\u00a0<\/strong>Dnipro a\u00a0<strong>Dnepropetrovsk\u00e1<\/strong>\u00a0oblas\u0165, Ukrajina<br><strong>Meno partnera:<\/strong>\u00a0Caritas Donetsk<br><strong>Trvanie projektu:<\/strong>\u00a01. m\u00e1j 2024 \u2013 31. august 2024<br><strong>Men\u00e1 donorov:\u00a0<\/strong>SKCH<br><strong>Po\u010det pr\u00edjemcov pomoci:\u00a0<\/strong>456 pr\u00edjemcov psychologickej pomoci (190 dospel\u00fdch, 266 det\u00ed)<br>rozdan\u00fdch 217 pouk\u00e1\u017eok na \u0161kolsk\u00e9 pom\u00f4cky pre 157 rod\u00edn<br><strong>V\u00fd\u0161ka podpory:\u00a0<\/strong>50 000 EUR<\/p>\n\n\n\n<p><strong>Popis projektu:<\/strong>&nbsp;<\/p>\n\n\n\n<p>V podmienkach humanit\u00e1rnej kr\u00edzy spojenej s rozsiahlou vojnou sa rodiny, ktor\u00fdch rodi\u010dia patria k vn\u00fatorne vys\u00eddlen\u00fdm osob\u00e1m, st\u00e1vaj\u00fa najzranite\u013enej\u0161\u00edmi. Dlhodob\u00fd stres a obmedzen\u00e9 finan\u010dn\u00e9 zdroje rodiny ovplyv\u0148uj\u00fa schopnos\u0165 rodi\u010dov uspokojova\u0165 z\u00e1kladn\u00e9 potreby det\u00ed, \u010do vedie k naru\u0161eniu materi\u00e1lnej a emocion\u00e1lnej pohody det\u00ed, najm\u00e4 z rod\u00edn zranite\u013en\u00fdch kateg\u00f3ri\u00ed, zhor\u0161uj\u00fa sa vz\u0165ahy v\u00a0rodine.<\/p>\n\n\n\n<p>V&nbsp;meste Dnipro sa nieko\u013ekokr\u00e1t denne oz\u00fdvaj\u00fa sir\u00e9ny varovania pred leteck\u00fdmi \u00fatokmi, niekedy doch\u00e1dza k v\u00fdbuchom. To zhor\u0161uje psychick\u00fd stav rodi\u010dov aj det\u00ed. Samotn\u00e1 rodina \u010dasto nem\u00e1 prostriedky na prekonanie \u0165a\u017ek\u00fdch \u017eivotn\u00fdch okolnost\u00ed sp\u00f4soben\u00fdch dlhodob\u00fdm stresom, n\u00edzkym pr\u00edjmom a nedostatkom zru\u010dnost\u00ed na podporu pre seba a die\u0165a.&nbsp;<\/p>\n\n\n\n<p>Skupinov\u00e1 psychologick\u00e1 pr\u00e1ca s dospel\u00fdmi a de\u0165mi sa vykon\u00e1vala v \u00fatulkoch a centr\u00e1ch pre vn\u00fatorne vys\u00eddlen\u00e9 osoby. T\u00fdm vn\u00fatorn\u00fdm vys\u00eddlencom, ktor\u00ed sa z\u00fa\u010dastnili skupinov\u00e9ho stretnutia a po\u017eiadali o psychol\u00f3ga, sme poskytli individu\u00e1lne poradenstvo. Projektov\u00fd t\u00edm sa sna\u017eil podpori\u0165 najzranite\u013enej\u0161ie osoby, na\u0161i psychol\u00f3govia boli pr\u00edstupn\u00ed, otvoren\u00ed, empatick\u00ed a citliv\u00ed k bolesti zasiahnut\u00fdch \u013eud\u00ed. Nemohli sme vyrie\u0161i\u0165 v\u0161etky probl\u00e9my, ale poskytli sme podporu, poradenstvo a prv\u00fa psychologick\u00fa pomoc. Stav na\u0161ich pr\u00edjemcov bol ve\u013emi emot\u00edvny, bolo ve\u013ea sm\u00fatku a traumatizuj\u00facich spomienok. V\u010faka pou\u017eitiu psychologick\u00fdch techn\u00edk sa podarilo stabilizova\u0165 \u00fazkostn\u00e9 stavy jednotlivcov. Pr\u00e1ca a starostliv\u00fd pr\u00edstup k \u013eu\u010fom priniesli v\u00fdsledky, od prvej konzult\u00e1cie boli dospel\u00ed aj deti pokojnej\u0161\u00ed, menej \u00fazkostliv\u00ed a&nbsp;mali menej ob\u00e1v. Podarilo sa nielen zmeni\u0165 ich \u0165a\u017ek\u00fd emocion\u00e1lny stav na kon\u0161trukt\u00edvnej\u0161\u00ed, ale aj rozvin\u00fa\u0165 v nich pozit\u00edvnu perspekt\u00edvu na ich situ\u00e1ciu.<\/p>\n\n\n\n<p>V&nbsp;r\u00e1mci projektu sme de\u0165om, ktor\u00e9 sa pripravuj\u00fa do \u0161koly alebo s\u00fa \u0161kolopovinn\u00e9, distribuovali pouk\u00e1\u017eky (v hodnote 1000 UAH) na \u0161kolsk\u00e9 pom\u00f4cky. Celkovo bolo vydan\u00fdch 217 pouk\u00e1\u017eok pre 157 rod\u00edn. Ako uviedli rodi\u010dia det\u00ed, i\u0161lo o ve\u013emi v\u010dasn\u00fa a vhodn\u00fa pomoc, preto\u017ee bola poskytnut\u00e1 na sklonku \u0161kolsk\u00e9ho roka.<\/p>\n\n\n\n<p>Deti a rodi\u010dia n\u00e1m vyjadrili ve\u013ek\u00fa v\u010faku za poskytnut\u00e9 pouk\u00e1\u017eky a psychologick\u00fa pomoc.<\/p>\n","protected":false},"excerpt":{"rendered":"<p>N\u00e1zov projektu:\u00a0\u00a0Psychosoci\u00e1lna podpora pre IDP a najzranite\u013enej\u0161ie osoby medzi miestnymi obyvate\u013emi v [&hellip;]<\/p>\n","protected":false},"author":2,"featured_media":0,"parent":0,"menu_order":0,"comment_status":"closed","ping_status":"closed","template":"","meta":{"footnotes":""},"class_list":["post-3136","page","type-page","status-publish","hentry"],"yoast_head":"<!-- This site is optimized with the Yoast SEO plugin v25.4 - https:\/\/yoast.com\/wordpress\/plugins\/seo\/ -->\n<title>Psychosoci\u00e1lna\u00a0pomoc\u00a0a\u00a0\u0161kolsk\u00e9 pom\u00f4cky\u00a0pre\u00a0vys\u00eddlencov\u00a0 | Charita vo svete<\/title>\n<meta name=\"robots\" content=\"index, follow, max-snippet:-1, max-image-preview:large, max-video-preview:-1\" \/>\n<link rel=\"canonical\" href=\"https:\/\/www.charita.sk\/svet\/psychosocialna-pomoc-a-skolske-pomocky-pre-vysidlencov\/\" \/>\n<meta property=\"og:locale\" content=\"sk_SK\" \/>\n<meta property=\"og:type\" content=\"article\" \/>\n<meta property=\"og:title\" content=\"Psychosoci\u00e1lna\u00a0pomoc\u00a0a\u00a0\u0161kolsk\u00e9 pom\u00f4cky\u00a0pre\u00a0vys\u00eddlencov\u00a0 | Charita vo svete\" \/>\n<meta property=\"og:description\" content=\"N\u00e1zov projektu:\u00a0\u00a0Psychosoci\u00e1lna podpora pre IDP a najzranite\u013enej\u0161ie osoby medzi miestnymi obyvate\u013emi v [&hellip;]\" \/>\n<meta property=\"og:url\" content=\"https:\/\/www.charita.sk\/svet\/psychosocialna-pomoc-a-skolske-pomocky-pre-vysidlencov\/\" \/>\n<meta property=\"og:site_name\" content=\"Charita vo svete\" \/>\n<meta property=\"article:publisher\" content=\"https:\/\/www.facebook.com\/CaritasSlovakia\/\" \/>\n<meta property=\"article:modified_time\" content=\"2025-01-22T08:22:23+00:00\" \/>\n<meta name=\"twitter:card\" content=\"summary_large_image\" \/>\n<meta name=\"twitter:label1\" content=\"Predpokladan\u00fd \u010das \u010d\u00edtania\" \/>\n\t<meta name=\"twitter:data1\" content=\"2 min\u00faty\" \/>\n<script type=\"application\/ld+json\" class=\"yoast-schema-graph\">{\"@context\":\"https:\/\/schema.org\",\"@graph\":[{\"@type\":\"WebPage\",\"@id\":\"https:\/\/www.charita.sk\/svet\/psychosocialna-pomoc-a-skolske-pomocky-pre-vysidlencov\/\",\"url\":\"https:\/\/www.charita.sk\/svet\/psychosocialna-pomoc-a-skolske-pomocky-pre-vysidlencov\/\",\"name\":\"Psychosoci\u00e1lna\u00a0pomoc\u00a0a\u00a0\u0161kolsk\u00e9 pom\u00f4cky\u00a0pre\u00a0vys\u00eddlencov\u00a0 | Charita vo svete\",\"isPartOf\":{\"@id\":\"https:\/\/www.charita.sk\/svet\/#website\"},\"datePublished\":\"2025-01-22T08:22:22+00:00\",\"dateModified\":\"2025-01-22T08:22:23+00:00\",\"breadcrumb\":{\"@id\":\"https:\/\/www.charita.sk\/svet\/psychosocialna-pomoc-a-skolske-pomocky-pre-vysidlencov\/#breadcrumb\"},\"inLanguage\":\"sk-SK\",\"potentialAction\":[{\"@type\":\"ReadAction\",\"target\":[\"https:\/\/www.charita.sk\/svet\/psychosocialna-pomoc-a-skolske-pomocky-pre-vysidlencov\/\"]}]},{\"@type\":\"BreadcrumbList\",\"@id\":\"https:\/\/www.charita.sk\/svet\/psychosocialna-pomoc-a-skolske-pomocky-pre-vysidlencov\/#breadcrumb\",\"itemListElement\":[{\"@type\":\"ListItem\",\"position\":1,\"name\":\"Domovsk\u00e1 str\u00e1nka\",\"item\":\"https:\/\/www.charita.sk\/svet\/\"},{\"@type\":\"ListItem\",\"position\":2,\"name\":\"Psychosoci\u00e1lna\u00a0pomoc\u00a0a\u00a0\u0161kolsk\u00e9 pom\u00f4cky\u00a0pre\u00a0vys\u00eddlencov\u00a0\"}]},{\"@type\":\"WebSite\",\"@id\":\"https:\/\/www.charita.sk\/svet\/#website\",\"url\":\"https:\/\/www.charita.sk\/svet\/\",\"name\":\"Charita vo svete\",\"description\":\"Slovensk\u00e1 katol\u00edcka charita pom\u00e1ha \u013eu\u010fom v n\u00fadzi vo svete\",\"publisher\":{\"@id\":\"https:\/\/www.charita.sk\/svet\/#organization\"},\"potentialAction\":[{\"@type\":\"SearchAction\",\"target\":{\"@type\":\"EntryPoint\",\"urlTemplate\":\"https:\/\/www.charita.sk\/svet\/?s={search_term_string}\"},\"query-input\":{\"@type\":\"PropertyValueSpecification\",\"valueRequired\":true,\"valueName\":\"search_term_string\"}}],\"inLanguage\":\"sk-SK\"},{\"@type\":\"Organization\",\"@id\":\"https:\/\/www.charita.sk\/svet\/#organization\",\"name\":\"Slovensk\u00e1 katol\u00edcka charita\",\"url\":\"https:\/\/www.charita.sk\/svet\/\",\"logo\":{\"@type\":\"ImageObject\",\"inLanguage\":\"sk-SK\",\"@id\":\"https:\/\/www.charita.sk\/svet\/#\/schema\/logo\/image\/\",\"url\":\"https:\/\/www.charita.sk\/pomoc-utecencom\/wp-content\/uploads\/2020\/11\/logo_pomoc_utecencom.jpg\",\"contentUrl\":\"https:\/\/www.charita.sk\/pomoc-utecencom\/wp-content\/uploads\/2020\/11\/logo_pomoc_utecencom.jpg\",\"width\":1712,\"height\":480,\"caption\":\"Slovensk\u00e1 katol\u00edcka charita\"},\"image\":{\"@id\":\"https:\/\/www.charita.sk\/svet\/#\/schema\/logo\/image\/\"},\"sameAs\":[\"https:\/\/www.facebook.com\/CaritasSlovakia\/\",\"https:\/\/www.instagram.com\/caritas_slovakia\/\",\"https:\/\/www.linkedin.com\/company\/caritas-slovakia-skch-\",\"https:\/\/www.youtube.com\/user\/katolickacharita\"]}]}<\/script>\n<!-- \/ Yoast SEO plugin. -->","yoast_head_json":{"title":"Psychosoci\u00e1lna\u00a0pomoc\u00a0a\u00a0\u0161kolsk\u00e9 pom\u00f4cky\u00a0pre\u00a0vys\u00eddlencov\u00a0 | Charita vo svete","robots":{"index":"index","follow":"follow","max-snippet":"max-snippet:-1","max-image-preview":"max-image-preview:large","max-video-preview":"max-video-preview:-1"},"canonical":"https:\/\/www.charita.sk\/svet\/psychosocialna-pomoc-a-skolske-pomocky-pre-vysidlencov\/","og_locale":"sk_SK","og_type":"article","og_title":"Psychosoci\u00e1lna\u00a0pomoc\u00a0a\u00a0\u0161kolsk\u00e9 pom\u00f4cky\u00a0pre\u00a0vys\u00eddlencov\u00a0 | Charita vo svete","og_description":"N\u00e1zov projektu:\u00a0\u00a0Psychosoci\u00e1lna podpora pre IDP a najzranite\u013enej\u0161ie osoby medzi miestnymi obyvate\u013emi v [&hellip;]","og_url":"https:\/\/www.charita.sk\/svet\/psychosocialna-pomoc-a-skolske-pomocky-pre-vysidlencov\/","og_site_name":"Charita vo svete","article_publisher":"https:\/\/www.facebook.com\/CaritasSlovakia\/","article_modified_time":"2025-01-22T08:22:23+00:00","twitter_card":"summary_large_image","twitter_misc":{"Predpokladan\u00fd \u010das \u010d\u00edtania":"2 min\u00faty"},"schema":{"@context":"https:\/\/schema.org","@graph":[{"@type":"WebPage","@id":"https:\/\/www.charita.sk\/svet\/psychosocialna-pomoc-a-skolske-pomocky-pre-vysidlencov\/","url":"https:\/\/www.charita.sk\/svet\/psychosocialna-pomoc-a-skolske-pomocky-pre-vysidlencov\/","name":"Psychosoci\u00e1lna\u00a0pomoc\u00a0a\u00a0\u0161kolsk\u00e9 pom\u00f4cky\u00a0pre\u00a0vys\u00eddlencov\u00a0 | Charita vo svete","isPartOf":{"@id":"https:\/\/www.charita.sk\/svet\/#website"},"datePublished":"2025-01-22T08:22:22+00:00","dateModified":"2025-01-22T08:22:23+00:00","breadcrumb":{"@id":"https:\/\/www.charita.sk\/svet\/psychosocialna-pomoc-a-skolske-pomocky-pre-vysidlencov\/#breadcrumb"},"inLanguage":"sk-SK","potentialAction":[{"@type":"ReadAction","target":["https:\/\/www.charita.sk\/svet\/psychosocialna-pomoc-a-skolske-pomocky-pre-vysidlencov\/"]}]},{"@type":"BreadcrumbList","@id":"https:\/\/www.charita.sk\/svet\/psychosocialna-pomoc-a-skolske-pomocky-pre-vysidlencov\/#breadcrumb","itemListElement":[{"@type":"ListItem","position":1,"name":"Domovsk\u00e1 str\u00e1nka","item":"https:\/\/www.charita.sk\/svet\/"},{"@type":"ListItem","position":2,"name":"Psychosoci\u00e1lna\u00a0pomoc\u00a0a\u00a0\u0161kolsk\u00e9 pom\u00f4cky\u00a0pre\u00a0vys\u00eddlencov\u00a0"}]},{"@type":"WebSite","@id":"https:\/\/www.charita.sk\/svet\/#website","url":"https:\/\/www.charita.sk\/svet\/","name":"Charita vo svete","description":"Slovensk\u00e1 katol\u00edcka charita pom\u00e1ha \u013eu\u010fom v n\u00fadzi vo svete","publisher":{"@id":"https:\/\/www.charita.sk\/svet\/#organization"},"potentialAction":[{"@type":"SearchAction","target":{"@type":"EntryPoint","urlTemplate":"https:\/\/www.charita.sk\/svet\/?s={search_term_string}"},"query-input":{"@type":"PropertyValueSpecification","valueRequired":true,"valueName":"search_term_string"}}],"inLanguage":"sk-SK"},{"@type":"Organization","@id":"https:\/\/www.charita.sk\/svet\/#organization","name":"Slovensk\u00e1 katol\u00edcka charita","url":"https:\/\/www.charita.sk\/svet\/","logo":{"@type":"ImageObject","inLanguage":"sk-SK","@id":"https:\/\/www.charita.sk\/svet\/#\/schema\/logo\/image\/","url":"https:\/\/www.charita.sk\/pomoc-utecencom\/wp-content\/uploads\/2020\/11\/logo_pomoc_utecencom.jpg","contentUrl":"https:\/\/www.charita.sk\/pomoc-utecencom\/wp-content\/uploads\/2020\/11\/logo_pomoc_utecencom.jpg","width":1712,"height":480,"caption":"Slovensk\u00e1 katol\u00edcka charita"},"image":{"@id":"https:\/\/www.charita.sk\/svet\/#\/schema\/logo\/image\/"},"sameAs":["https:\/\/www.facebook.com\/CaritasSlovakia\/","https:\/\/www.instagram.com\/caritas_slovakia\/","https:\/\/www.linkedin.com\/company\/caritas-slovakia-skch-","https:\/\/www.youtube.com\/user\/katolickacharita"]}]}},"featured_image_src":null,"featured_image_src_square":null,"_links":{"self":[{"href":"https:\/\/www.charita.sk\/svet\/wp-json\/wp\/v2\/pages\/3136","targetHints":{"allow":["GET"]}}],"collection":[{"href":"https:\/\/www.charita.sk\/svet\/wp-json\/wp\/v2\/pages"}],"about":[{"href":"https:\/\/www.charita.sk\/svet\/wp-json\/wp\/v2\/types\/page"}],"author":[{"embeddable":true,"href":"https:\/\/www.charita.sk\/svet\/wp-json\/wp\/v2\/users\/2"}],"replies":[{"embeddable":true,"href":"https:\/\/www.charita.sk\/svet\/wp-json\/wp\/v2\/comments?post=3136"}],"version-history":[{"count":1,"href":"https:\/\/www.charita.sk\/svet\/wp-json\/wp\/v2\/pages\/3136\/revisions"}],"predecessor-version":[{"id":3137,"href":"https:\/\/www.charita.sk\/svet\/wp-json\/wp\/v2\/pages\/3136\/revisions\/3137"}],"wp:attachment":[{"href":"https:\/\/www.charita.sk\/svet\/wp-json\/wp\/v2\/media?parent=3136"}],"curies":[{"name":"wp","href":"https:\/\/api.w.org\/{rel}","templated":true}]}}