{"id":319,"date":"2018-10-01T13:56:38","date_gmt":"2018-10-01T11:56:38","guid":{"rendered":"https:\/\/charita.sk\/pomoc-utecencom\/?page_id=319"},"modified":"2020-07-17T14:04:40","modified_gmt":"2020-07-17T12:04:40","slug":"distribucia-potravinovych-a-hygienickych-balikov-al-hassaka-syria-2018","status":"publish","type":"page","link":"https:\/\/www.charita.sk\/svet\/distribucia-potravinovych-a-hygienickych-balikov-al-hassaka-syria-2018\/","title":{"rendered":"Distrib\u00facia potravinov\u00fdch a hygienick\u00fdch bal\u00edkov (Al Hassaka, S\u00fdria) &#8211; 2018"},"content":{"rendered":"\n<p style=\"color:#ffffff\" class=\"has-text-color has-background has-vivid-red-background-color\"><strong>N\u00e1zov projektu:<\/strong> Distrib\u00facia potravinov\u00fdch a hygienick\u00fdch bal\u00edkov (Al Hassaka, S\u00fdria) &#8211; 2018<br><strong>Miesto implement\u00e1cie:<\/strong> Governor\u00e1t Al Hassaka, S\u00fdria<br><strong>Obdobie podpory projektu:<\/strong> j\u00fal &#8211; september 2018<br><strong>Po\u010det pr\u00edjemcov pomoci:<\/strong> 3 917<br><strong>Suma na podporu projektu:<\/strong> 50 000,- EUR<\/p>\n\n\n\n<p>Governor\u00e1t Al-Hassaka sa nach\u00e1dza v&nbsp;severov\u00fdchodnej S\u00fdrii je samostatne spravovan\u00fdm \u00fazem\u00edm, ktor\u00e9 kontroluje jedna z&nbsp;kurdsk\u00fdch frakci\u00ed a&nbsp;predstavuje relat\u00edvne bezpe\u010dn\u00fa \u010das\u0165 S\u00fdrie, ktor\u00e1 nebola priamo zasiahnut\u00e1 prebiehaj\u00facim ozbrojen\u00fdm konfliktom v&nbsp;krajine. Preto sa na jeho \u00fazem\u00ed zhroma\u017e\u010fuj\u00fa vn\u00fatorne pres\u00eddlen\u00e9 osoby, z&nbsp;in\u00fdch regi\u00f3nov S\u00fdrie t.j. ute\u010denci vo vlastnej krajine alebo ute\u010denci zo susedn\u00e9ho&nbsp;Iraku. Moment\u00e1lne ich tu \u017eije viac ako 400 tis\u00edc.<\/p>\n\n\n\n<p>Rodiny na \u00fateku \u010dasto nemali mo\u017enos\u0165 zobra\u0165 si so sebou takmer ni\u010d a&nbsp;preto im teraz po\u010das dlhodob\u00e9ho pobytu mimo ich domova ch\u00fdbaj\u00fa z\u00e1kladn\u00e9 veci, potrebn\u00e9 pre \u017eivot. Okrem toho sa zv\u00fd\u0161en\u00fd po\u010det obyvate\u013eov v&nbsp;regi\u00f3n a jeho \u010diasto\u010dn\u00e1 izol\u00e1cia (na juhu ob\u010dianska vojny v&nbsp;S\u00fdrii, na severe Turecko, ktor\u00e9 je v&nbsp;konflikte s&nbsp;miestnou kurdskou frakciou a&nbsp;na v\u00fdchode s\u00faperiaca kurdsk\u00e1 strana, ktor\u00e1 kontroluje severn\u00fd Irak) prejavuje aj v&nbsp;nedostatku spotrebn\u00e9ho tovaru.<\/p>\n\n\n\n<p>Cie\u013eom projektu je podpori\u0165 zranite\u013en\u00e9 rodiny ute\u010dencov a&nbsp;vn\u00fatorne pres\u00eddlen\u00e9 osoby, ktor\u00e9 s\u00fa zasiahnut\u00e9 prebiehaj\u00facim ozbrojen\u00fdm konfliktom v&nbsp;krajine, prostredn\u00edctvom distrib\u00facie 401 hygienick\u00fdch a&nbsp;401 potravinov\u00fdch bal\u00edkov. Bal\u00edky poskytn\u00fa pomoc\u013eu\u010fom v&nbsp;n\u00fadzi v&nbsp;okresoch: Al-Hassaka, Al-Qamishli, Al-Malikiyah a&nbsp;Al-Qahtaniyah.<\/p>\n\n\n\n<figure class=\"wp-block-gallery columns-3 is-cropped wp-block-gallery-1 is-layout-flex wp-block-gallery-is-layout-flex\"><ul class=\"blocks-gallery-grid\"><li class=\"blocks-gallery-item\"><figure><a href=\"https:\/\/www.charita.sk\/svet\/wp-content\/uploads\/2020\/07\/IMG_5640-300x225-1.jpg\"><img fetchpriority=\"high\" decoding=\"async\" width=\"300\" height=\"225\" src=\"https:\/\/www.charita.sk\/svet\/wp-content\/uploads\/2020\/07\/IMG_5640-300x225-1.jpg\" alt=\"\" data-id=\"789\" data-full-url=\"https:\/\/www.charita.sk\/svet\/wp-content\/uploads\/2020\/07\/IMG_5640-300x225-1.jpg\" data-link=\"https:\/\/www.charita.sk\/svet\/distribucia-potravinovych-a-hygienickych-balikov-al-hassaka-syria-2018\/img_5640-300x225\/\" class=\"wp-image-789\"\/><\/a><figcaption class=\"blocks-gallery-item__caption\">v bal\u00ed\u010dku je dostatok hygienick\u00fdch potrieb<\/figcaption><\/figure><\/li><li class=\"blocks-gallery-item\"><figure><a href=\"https:\/\/www.charita.sk\/svet\/wp-content\/uploads\/2020\/07\/DSC_0218_1024x680-768x510-1.jpg\"><img decoding=\"async\" width=\"768\" height=\"510\" src=\"https:\/\/www.charita.sk\/svet\/wp-content\/uploads\/2020\/07\/DSC_0218_1024x680-768x510-1.jpg\" alt=\"\" data-id=\"790\" data-full-url=\"https:\/\/www.charita.sk\/svet\/wp-content\/uploads\/2020\/07\/DSC_0218_1024x680-768x510-1.jpg\" data-link=\"https:\/\/www.charita.sk\/svet\/distribucia-potravinovych-a-hygienickych-balikov-al-hassaka-syria-2018\/dsc_0218_1024x680-768x510\/\" class=\"wp-image-790\" srcset=\"https:\/\/www.charita.sk\/svet\/wp-content\/uploads\/2020\/07\/DSC_0218_1024x680-768x510-1.jpg 768w, https:\/\/www.charita.sk\/svet\/wp-content\/uploads\/2020\/07\/DSC_0218_1024x680-768x510-1-300x199.jpg 300w\" sizes=\"(max-width: 768px) 100vw, 768px\" \/><\/a><figcaption class=\"blocks-gallery-item__caption\">nabali\u0165 401 bal\u00ed\u010dkov trv\u00e1 nejak\u00fa chv\u00ed\u013eku<\/figcaption><\/figure><\/li><li class=\"blocks-gallery-item\"><figure><a href=\"https:\/\/www.charita.sk\/svet\/wp-content\/uploads\/2020\/07\/DSC_0028_1024x577-768x433-1.jpg\"><img decoding=\"async\" width=\"768\" height=\"433\" src=\"https:\/\/www.charita.sk\/svet\/wp-content\/uploads\/2020\/07\/DSC_0028_1024x577-768x433-1.jpg\" alt=\"\" data-id=\"791\" data-full-url=\"https:\/\/www.charita.sk\/svet\/wp-content\/uploads\/2020\/07\/DSC_0028_1024x577-768x433-1.jpg\" data-link=\"https:\/\/www.charita.sk\/svet\/distribucia-potravinovych-a-hygienickych-balikov-al-hassaka-syria-2018\/dsc_0028_1024x577-768x433\/\" class=\"wp-image-791\" srcset=\"https:\/\/www.charita.sk\/svet\/wp-content\/uploads\/2020\/07\/DSC_0028_1024x577-768x433-1.jpg 768w, https:\/\/www.charita.sk\/svet\/wp-content\/uploads\/2020\/07\/DSC_0028_1024x577-768x433-1-300x169.jpg 300w\" sizes=\"(max-width: 768px) 100vw, 768px\" \/><\/a><figcaption class=\"blocks-gallery-item__caption\">bl\u00edzko pri \u010dloveku aj v S\u00fdri\u00ed<\/figcaption><\/figure><\/li><li class=\"blocks-gallery-item\"><figure><a href=\"https:\/\/www.charita.sk\/svet\/wp-content\/uploads\/2020\/07\/DSC_0311_1024x680-768x510-1.jpg\"><img loading=\"lazy\" decoding=\"async\" width=\"768\" height=\"510\" src=\"https:\/\/www.charita.sk\/svet\/wp-content\/uploads\/2020\/07\/DSC_0311_1024x680-768x510-1.jpg\" alt=\"\" data-id=\"792\" data-full-url=\"https:\/\/www.charita.sk\/svet\/wp-content\/uploads\/2020\/07\/DSC_0311_1024x680-768x510-1.jpg\" data-link=\"https:\/\/www.charita.sk\/svet\/distribucia-potravinovych-a-hygienickych-balikov-al-hassaka-syria-2018\/dsc_0311_1024x680-768x510\/\" class=\"wp-image-792\" srcset=\"https:\/\/www.charita.sk\/svet\/wp-content\/uploads\/2020\/07\/DSC_0311_1024x680-768x510-1.jpg 768w, https:\/\/www.charita.sk\/svet\/wp-content\/uploads\/2020\/07\/DSC_0311_1024x680-768x510-1-300x199.jpg 300w\" sizes=\"(max-width: 768px) 100vw, 768px\" \/><\/a><figcaption class=\"blocks-gallery-item__caption\">pri odovzd\u00e1van\u00ed bal\u00ed\u010dkov sa rie\u0161ia aj z\u00e1va\u017enej\u0161ie probl\u00e9my<\/figcaption><\/figure><\/li><\/ul><\/figure>\n\n\n\n<p><\/p>\n","protected":false},"excerpt":{"rendered":"<p>N\u00e1zov projektu: Distrib\u00facia potravinov\u00fdch a hygienick\u00fdch bal\u00edkov (Al Hassaka, S\u00fdria) &#8211; 2018Miesto [&hellip;]<\/p>\n","protected":false},"author":2,"featured_media":0,"parent":0,"menu_order":0,"comment_status":"closed","ping_status":"closed","template":"","meta":{"footnotes":""},"class_list":["post-319","page","type-page","status-publish","hentry"],"yoast_head":"<!-- This site is optimized with the Yoast SEO plugin v25.4 - https:\/\/yoast.com\/wordpress\/plugins\/seo\/ -->\n<title>Distrib\u00facia potravinov\u00fdch a hygienick\u00fdch bal\u00edkov (Al Hassaka, S\u00fdria) - 2018 | Charita vo svete<\/title>\n<meta name=\"robots\" content=\"index, follow, max-snippet:-1, max-image-preview:large, max-video-preview:-1\" \/>\n<link rel=\"canonical\" href=\"https:\/\/www.charita.sk\/svet\/distribucia-potravinovych-a-hygienickych-balikov-al-hassaka-syria-2018\/\" \/>\n<meta property=\"og:locale\" content=\"sk_SK\" \/>\n<meta property=\"og:type\" content=\"article\" \/>\n<meta property=\"og:title\" content=\"Distrib\u00facia potravinov\u00fdch a hygienick\u00fdch bal\u00edkov (Al Hassaka, S\u00fdria) - 2018 | Charita vo svete\" \/>\n<meta property=\"og:description\" content=\"N\u00e1zov projektu: Distrib\u00facia potravinov\u00fdch a hygienick\u00fdch bal\u00edkov (Al Hassaka, S\u00fdria) &#8211; 2018Miesto [&hellip;]\" \/>\n<meta property=\"og:url\" content=\"https:\/\/www.charita.sk\/svet\/distribucia-potravinovych-a-hygienickych-balikov-al-hassaka-syria-2018\/\" \/>\n<meta property=\"og:site_name\" content=\"Charita vo svete\" \/>\n<meta property=\"article:publisher\" content=\"https:\/\/www.facebook.com\/CaritasSlovakia\/\" \/>\n<meta property=\"article:modified_time\" content=\"2020-07-17T12:04:40+00:00\" \/>\n<meta property=\"og:image\" content=\"https:\/\/www.charita.sk\/pomoc-utecencom\/wp-content\/uploads\/2020\/07\/IMG_5640-300x225-1.jpg\" \/>\n<meta name=\"twitter:card\" content=\"summary_large_image\" \/>\n<meta name=\"twitter:label1\" content=\"Predpokladan\u00fd \u010das \u010d\u00edtania\" \/>\n\t<meta name=\"twitter:data1\" content=\"2 min\u00faty\" \/>\n<script type=\"application\/ld+json\" class=\"yoast-schema-graph\">{\"@context\":\"https:\/\/schema.org\",\"@graph\":[{\"@type\":\"WebPage\",\"@id\":\"https:\/\/www.charita.sk\/svet\/distribucia-potravinovych-a-hygienickych-balikov-al-hassaka-syria-2018\/\",\"url\":\"https:\/\/www.charita.sk\/svet\/distribucia-potravinovych-a-hygienickych-balikov-al-hassaka-syria-2018\/\",\"name\":\"Distrib\u00facia potravinov\u00fdch a hygienick\u00fdch bal\u00edkov (Al Hassaka, S\u00fdria) - 2018 | Charita vo svete\",\"isPartOf\":{\"@id\":\"https:\/\/www.charita.sk\/svet\/#website\"},\"primaryImageOfPage\":{\"@id\":\"https:\/\/www.charita.sk\/svet\/distribucia-potravinovych-a-hygienickych-balikov-al-hassaka-syria-2018\/#primaryimage\"},\"image\":{\"@id\":\"https:\/\/www.charita.sk\/svet\/distribucia-potravinovych-a-hygienickych-balikov-al-hassaka-syria-2018\/#primaryimage\"},\"thumbnailUrl\":\"https:\/\/www.charita.sk\/svet\/wp-content\/uploads\/2020\/07\/IMG_5640-300x225-1.jpg\",\"datePublished\":\"2018-10-01T11:56:38+00:00\",\"dateModified\":\"2020-07-17T12:04:40+00:00\",\"breadcrumb\":{\"@id\":\"https:\/\/www.charita.sk\/svet\/distribucia-potravinovych-a-hygienickych-balikov-al-hassaka-syria-2018\/#breadcrumb\"},\"inLanguage\":\"sk-SK\",\"potentialAction\":[{\"@type\":\"ReadAction\",\"target\":[\"https:\/\/www.charita.sk\/svet\/distribucia-potravinovych-a-hygienickych-balikov-al-hassaka-syria-2018\/\"]}]},{\"@type\":\"ImageObject\",\"inLanguage\":\"sk-SK\",\"@id\":\"https:\/\/www.charita.sk\/svet\/distribucia-potravinovych-a-hygienickych-balikov-al-hassaka-syria-2018\/#primaryimage\",\"url\":\"https:\/\/www.charita.sk\/svet\/wp-content\/uploads\/2020\/07\/IMG_5640-300x225-1.jpg\",\"contentUrl\":\"https:\/\/www.charita.sk\/svet\/wp-content\/uploads\/2020\/07\/IMG_5640-300x225-1.jpg\",\"width\":300,\"height\":225},{\"@type\":\"BreadcrumbList\",\"@id\":\"https:\/\/www.charita.sk\/svet\/distribucia-potravinovych-a-hygienickych-balikov-al-hassaka-syria-2018\/#breadcrumb\",\"itemListElement\":[{\"@type\":\"ListItem\",\"position\":1,\"name\":\"Domovsk\u00e1 str\u00e1nka\",\"item\":\"https:\/\/www.charita.sk\/svet\/\"},{\"@type\":\"ListItem\",\"position\":2,\"name\":\"Distrib\u00facia potravinov\u00fdch a hygienick\u00fdch bal\u00edkov (Al Hassaka, S\u00fdria) &#8211; 2018\"}]},{\"@type\":\"WebSite\",\"@id\":\"https:\/\/www.charita.sk\/svet\/#website\",\"url\":\"https:\/\/www.charita.sk\/svet\/\",\"name\":\"Charita vo svete\",\"description\":\"Slovensk\u00e1 katol\u00edcka charita pom\u00e1ha \u013eu\u010fom v n\u00fadzi vo svete\",\"publisher\":{\"@id\":\"https:\/\/www.charita.sk\/svet\/#organization\"},\"potentialAction\":[{\"@type\":\"SearchAction\",\"target\":{\"@type\":\"EntryPoint\",\"urlTemplate\":\"https:\/\/www.charita.sk\/svet\/?s={search_term_string}\"},\"query-input\":{\"@type\":\"PropertyValueSpecification\",\"valueRequired\":true,\"valueName\":\"search_term_string\"}}],\"inLanguage\":\"sk-SK\"},{\"@type\":\"Organization\",\"@id\":\"https:\/\/www.charita.sk\/svet\/#organization\",\"name\":\"Slovensk\u00e1 katol\u00edcka charita\",\"url\":\"https:\/\/www.charita.sk\/svet\/\",\"logo\":{\"@type\":\"ImageObject\",\"inLanguage\":\"sk-SK\",\"@id\":\"https:\/\/www.charita.sk\/svet\/#\/schema\/logo\/image\/\",\"url\":\"https:\/\/www.charita.sk\/pomoc-utecencom\/wp-content\/uploads\/2020\/11\/logo_pomoc_utecencom.jpg\",\"contentUrl\":\"https:\/\/www.charita.sk\/pomoc-utecencom\/wp-content\/uploads\/2020\/11\/logo_pomoc_utecencom.jpg\",\"width\":1712,\"height\":480,\"caption\":\"Slovensk\u00e1 katol\u00edcka charita\"},\"image\":{\"@id\":\"https:\/\/www.charita.sk\/svet\/#\/schema\/logo\/image\/\"},\"sameAs\":[\"https:\/\/www.facebook.com\/CaritasSlovakia\/\",\"https:\/\/www.instagram.com\/caritas_slovakia\/\",\"https:\/\/www.linkedin.com\/company\/caritas-slovakia-skch-\",\"https:\/\/www.youtube.com\/user\/katolickacharita\"]}]}<\/script>\n<!-- \/ Yoast SEO plugin. -->","yoast_head_json":{"title":"Distrib\u00facia potravinov\u00fdch a hygienick\u00fdch bal\u00edkov (Al Hassaka, S\u00fdria) - 2018 | Charita vo svete","robots":{"index":"index","follow":"follow","max-snippet":"max-snippet:-1","max-image-preview":"max-image-preview:large","max-video-preview":"max-video-preview:-1"},"canonical":"https:\/\/www.charita.sk\/svet\/distribucia-potravinovych-a-hygienickych-balikov-al-hassaka-syria-2018\/","og_locale":"sk_SK","og_type":"article","og_title":"Distrib\u00facia potravinov\u00fdch a hygienick\u00fdch bal\u00edkov (Al Hassaka, S\u00fdria) - 2018 | Charita vo svete","og_description":"N\u00e1zov projektu: Distrib\u00facia potravinov\u00fdch a hygienick\u00fdch bal\u00edkov (Al Hassaka, S\u00fdria) &#8211; 2018Miesto [&hellip;]","og_url":"https:\/\/www.charita.sk\/svet\/distribucia-potravinovych-a-hygienickych-balikov-al-hassaka-syria-2018\/","og_site_name":"Charita vo svete","article_publisher":"https:\/\/www.facebook.com\/CaritasSlovakia\/","article_modified_time":"2020-07-17T12:04:40+00:00","og_image":[{"url":"https:\/\/www.charita.sk\/pomoc-utecencom\/wp-content\/uploads\/2020\/07\/IMG_5640-300x225-1.jpg","type":"","width":"","height":""}],"twitter_card":"summary_large_image","twitter_misc":{"Predpokladan\u00fd \u010das \u010d\u00edtania":"2 min\u00faty"},"schema":{"@context":"https:\/\/schema.org","@graph":[{"@type":"WebPage","@id":"https:\/\/www.charita.sk\/svet\/distribucia-potravinovych-a-hygienickych-balikov-al-hassaka-syria-2018\/","url":"https:\/\/www.charita.sk\/svet\/distribucia-potravinovych-a-hygienickych-balikov-al-hassaka-syria-2018\/","name":"Distrib\u00facia potravinov\u00fdch a hygienick\u00fdch bal\u00edkov (Al Hassaka, S\u00fdria) - 2018 | Charita vo svete","isPartOf":{"@id":"https:\/\/www.charita.sk\/svet\/#website"},"primaryImageOfPage":{"@id":"https:\/\/www.charita.sk\/svet\/distribucia-potravinovych-a-hygienickych-balikov-al-hassaka-syria-2018\/#primaryimage"},"image":{"@id":"https:\/\/www.charita.sk\/svet\/distribucia-potravinovych-a-hygienickych-balikov-al-hassaka-syria-2018\/#primaryimage"},"thumbnailUrl":"https:\/\/www.charita.sk\/svet\/wp-content\/uploads\/2020\/07\/IMG_5640-300x225-1.jpg","datePublished":"2018-10-01T11:56:38+00:00","dateModified":"2020-07-17T12:04:40+00:00","breadcrumb":{"@id":"https:\/\/www.charita.sk\/svet\/distribucia-potravinovych-a-hygienickych-balikov-al-hassaka-syria-2018\/#breadcrumb"},"inLanguage":"sk-SK","potentialAction":[{"@type":"ReadAction","target":["https:\/\/www.charita.sk\/svet\/distribucia-potravinovych-a-hygienickych-balikov-al-hassaka-syria-2018\/"]}]},{"@type":"ImageObject","inLanguage":"sk-SK","@id":"https:\/\/www.charita.sk\/svet\/distribucia-potravinovych-a-hygienickych-balikov-al-hassaka-syria-2018\/#primaryimage","url":"https:\/\/www.charita.sk\/svet\/wp-content\/uploads\/2020\/07\/IMG_5640-300x225-1.jpg","contentUrl":"https:\/\/www.charita.sk\/svet\/wp-content\/uploads\/2020\/07\/IMG_5640-300x225-1.jpg","width":300,"height":225},{"@type":"BreadcrumbList","@id":"https:\/\/www.charita.sk\/svet\/distribucia-potravinovych-a-hygienickych-balikov-al-hassaka-syria-2018\/#breadcrumb","itemListElement":[{"@type":"ListItem","position":1,"name":"Domovsk\u00e1 str\u00e1nka","item":"https:\/\/www.charita.sk\/svet\/"},{"@type":"ListItem","position":2,"name":"Distrib\u00facia potravinov\u00fdch a hygienick\u00fdch bal\u00edkov (Al Hassaka, S\u00fdria) &#8211; 2018"}]},{"@type":"WebSite","@id":"https:\/\/www.charita.sk\/svet\/#website","url":"https:\/\/www.charita.sk\/svet\/","name":"Charita vo svete","description":"Slovensk\u00e1 katol\u00edcka charita pom\u00e1ha \u013eu\u010fom v n\u00fadzi vo svete","publisher":{"@id":"https:\/\/www.charita.sk\/svet\/#organization"},"potentialAction":[{"@type":"SearchAction","target":{"@type":"EntryPoint","urlTemplate":"https:\/\/www.charita.sk\/svet\/?s={search_term_string}"},"query-input":{"@type":"PropertyValueSpecification","valueRequired":true,"valueName":"search_term_string"}}],"inLanguage":"sk-SK"},{"@type":"Organization","@id":"https:\/\/www.charita.sk\/svet\/#organization","name":"Slovensk\u00e1 katol\u00edcka charita","url":"https:\/\/www.charita.sk\/svet\/","logo":{"@type":"ImageObject","inLanguage":"sk-SK","@id":"https:\/\/www.charita.sk\/svet\/#\/schema\/logo\/image\/","url":"https:\/\/www.charita.sk\/pomoc-utecencom\/wp-content\/uploads\/2020\/11\/logo_pomoc_utecencom.jpg","contentUrl":"https:\/\/www.charita.sk\/pomoc-utecencom\/wp-content\/uploads\/2020\/11\/logo_pomoc_utecencom.jpg","width":1712,"height":480,"caption":"Slovensk\u00e1 katol\u00edcka charita"},"image":{"@id":"https:\/\/www.charita.sk\/svet\/#\/schema\/logo\/image\/"},"sameAs":["https:\/\/www.facebook.com\/CaritasSlovakia\/","https:\/\/www.instagram.com\/caritas_slovakia\/","https:\/\/www.linkedin.com\/company\/caritas-slovakia-skch-","https:\/\/www.youtube.com\/user\/katolickacharita"]}]}},"featured_image_src":null,"featured_image_src_square":null,"_links":{"self":[{"href":"https:\/\/www.charita.sk\/svet\/wp-json\/wp\/v2\/pages\/319","targetHints":{"allow":["GET"]}}],"collection":[{"href":"https:\/\/www.charita.sk\/svet\/wp-json\/wp\/v2\/pages"}],"about":[{"href":"https:\/\/www.charita.sk\/svet\/wp-json\/wp\/v2\/types\/page"}],"author":[{"embeddable":true,"href":"https:\/\/www.charita.sk\/svet\/wp-json\/wp\/v2\/users\/2"}],"replies":[{"embeddable":true,"href":"https:\/\/www.charita.sk\/svet\/wp-json\/wp\/v2\/comments?post=319"}],"version-history":[{"count":3,"href":"https:\/\/www.charita.sk\/svet\/wp-json\/wp\/v2\/pages\/319\/revisions"}],"predecessor-version":[{"id":794,"href":"https:\/\/www.charita.sk\/svet\/wp-json\/wp\/v2\/pages\/319\/revisions\/794"}],"wp:attachment":[{"href":"https:\/\/www.charita.sk\/svet\/wp-json\/wp\/v2\/media?parent=319"}],"curies":[{"name":"wp","href":"https:\/\/api.w.org\/{rel}","templated":true}]}}