{"id":334,"date":"2019-03-05T14:23:35","date_gmt":"2019-03-05T13:23:35","guid":{"rendered":"https:\/\/charita.sk\/pomoc-utecencom\/?page_id=334"},"modified":"2021-06-03T11:51:17","modified_gmt":"2021-06-03T09:51:17","slug":"zabezpecenie-pitnej-vody-v-obci-bozan","status":"publish","type":"page","link":"https:\/\/www.charita.sk\/svet\/zabezpecenie-pitnej-vody-v-obci-bozan\/","title":{"rendered":"Zabezpe\u010denie pitnej vody v obci Bozan"},"content":{"rendered":"\n<p class=\"has-vivid-red-background-color has-text-color has-background\" style=\"color:#ffffff\"><strong>N\u00e1zov projektu:<\/strong> Zabezpe\u010denie pitnej vody v obci Bozan<br><strong>Miesto implement\u00e1cie:<\/strong> Bozan, Irak<br><strong>Obdobie podpory projektu:<\/strong> okt\u00f3ber 2018 \u2013 september 2019<br><strong>Po\u010det pr\u00edjemcov pomoci:<\/strong> pribli\u017ene 10 000 <br><strong>Suma na podporu projektu:<\/strong> 209 024,60 EUR<\/p>\n\n\n\n<div class=\"wp-block-columns is-layout-flex wp-container-core-columns-is-layout-9d6595d7 wp-block-columns-is-layout-flex\">\n<div class=\"wp-block-column is-layout-flow wp-block-column-is-layout-flow\">\n<figure class=\"wp-block-embed alignleft is-type-video is-provider-youtube wp-block-embed-youtube wp-embed-aspect-16-9 wp-has-aspect-ratio\"><div class=\"wp-block-embed__wrapper\">\n<iframe title=\"Otvorenie studn\u00ed v obci Bozan\" width=\"500\" height=\"281\" src=\"https:\/\/www.youtube.com\/embed\/PZQNqtZusnQ?feature=oembed\" frameborder=\"0\" allow=\"accelerometer; autoplay; clipboard-write; encrypted-media; gyroscope; picture-in-picture; web-share\" referrerpolicy=\"strict-origin-when-cross-origin\" allowfullscreen><\/iframe>\n<\/div><\/figure>\n<\/div>\n\n\n\n<div class=\"wp-block-column is-layout-flow wp-block-column-is-layout-flow\">\n<figure class=\"wp-block-embed is-type-video is-provider-youtube wp-block-embed-youtube wp-embed-aspect-16-9 wp-has-aspect-ratio\"><div class=\"wp-block-embed__wrapper\">\n<iframe title=\"IRAK - V\u010fa\u010dnos\u0165, ak\u00fa som e\u0161te neza\u017eil\" width=\"500\" height=\"281\" src=\"https:\/\/www.youtube.com\/embed\/0lvGoXerM8I?feature=oembed\" frameborder=\"0\" allow=\"accelerometer; autoplay; clipboard-write; encrypted-media; gyroscope; picture-in-picture; web-share\" referrerpolicy=\"strict-origin-when-cross-origin\" allowfullscreen><\/iframe>\n<\/div><\/figure>\n<\/div>\n<\/div>\n\n\n\n<p>Projekt vybudovania \u0161tyroch studn\u00ed v obci Bozan reaguje na ak\u00fatnu potrebu zabezpe\u010di\u0165 pitn\u00fa vodu pre 1 980 rod\u00edn p\u00f4vodn\u00fdch obyvate\u013eov obce ako aj pribli\u017ene 400 rod\u00edn vn\u00fatorne vys\u00eddlen\u00fdch os\u00f4b, ktor\u00e9 do obce pri\u0161li z oblasti Sind\u017e\u00e1r (angl. Sinjar) z d\u00f4vodu ozbrojen\u00e9ho konfliktu, ktor\u00fd vypukol v roku 2014. Tri studne, ktor\u00e9 moment\u00e1lne v obci existuj\u00fa poch\u00e1dzaj\u00fa z roku 1980 a ke\u010f\u017ee v tomto obdob\u00ed mala obec pribli\u017ene len polovicu obyvate\u013eov, ich produkcia bola dostato\u010dn\u00e1. <\/p>\n\n\n\n<p>2 studne boli zastaral\u00e9 a jedna u\u017e 3 roky pokazen\u00e1. Dve funk\u010dn\u00e9 studne poskytovali dostato\u010dn\u00e9 mno\u017estvo vody len pre polovicu z moment\u00e1lneho po\u010dtu obyvate\u013eov a fungovali len v pr\u00edpade, \u017ee je funk\u010dn\u00e1 verejn\u00e1 elektrick\u00e1 sie\u0165 \u2013 t.j. 6 \u2013 9 hod\u00edn denne. Z d\u00f4vodu dlhodob\u00e9ho ozbrojen\u00e9ho konfliktu, ktor\u00fd ofici\u00e1lne skon\u010dil len v decembri 2017 nemala region\u00e1lna samospr\u00e1va a ani obec Bozan finan\u010dn\u00e9 prostriedky na vybudovanie, resp. opravu studn\u00ed.<\/p>\n\n\n\n<div class=\"wp-block-image\"><figure class=\"alignleft\"><img decoding=\"async\" width=\"300\" height=\"143\" src=\"https:\/\/www.charita.sk\/svet\/wp-content\/uploads\/2019\/03\/slovakaid_1-300x143.png\" alt=\"\" class=\"wp-image-335\" srcset=\"https:\/\/www.charita.sk\/svet\/wp-content\/uploads\/2019\/03\/slovakaid_1-300x143.png 300w, https:\/\/www.charita.sk\/svet\/wp-content\/uploads\/2019\/03\/slovakaid_1-768x366.png 768w, https:\/\/www.charita.sk\/svet\/wp-content\/uploads\/2019\/03\/slovakaid_1-1024x488.png 1024w\" sizes=\"(max-width: 300px) 100vw, 300px\" \/><figcaption>Projekt je realizovan\u00fd v\u010faka finan\u010dnej podpore <a href=\"https:\/\/www.slovakaid.sk\/\">SAMRS (Slovenskej agent\u00fare pre rozvojov\u00fa spolupr\u00e1cu)<\/a><\/figcaption><\/figure><\/div>\n\n\n\n<p>Realiz\u00e1cia projektu zah\u0155\u0148ala vybudovanie troch nov\u00fdch studn\u00ed a obnovu jednej nefunk\u010dnej. N\u00e1sledne sme dve studne pripojili na u\u017e existuj\u00facu nadzemn\u00fa cisternu, ktor\u00e1 z\u00e1sobuje obec vodou prostredn\u00edctvom lok\u00e1lneho vodovodu a \u010fal\u0161ie dve studne sme napojili na nadzemn\u00fd z\u00e1sobn\u00edk vody, ktor\u00fd sme vybudovali v r\u00e1mci in\u00e9ho projektu. Nadzemn\u00fd z\u00e1sobn\u00edk sa n\u00e1sledne napojil na miestny vodovod.<\/p>\n\n\n\n<p>Projekt tak vyl\u00fa\u010dil nedostatok pitnej vody, ktor\u00e1 spolu so zv\u00fd\u0161enou teplotou vzduchu (v tomto regi\u00f3ne Iraku v lete dosahuje aj 50 \u00b0C) predstavuje v\u00e1\u017ene ohrozenie \u017eivota miestnych obyvate\u013eov ako aj riziko roz\u0161\u00edrenia infekci\u00ed sp\u00f4soben\u00fdch zn\u00ed\u017eenou hygienou medzi obyvate\u013emi obce. Okrem toho dostatok pitnej vody podporil miestne obyvate\u013estvo v chove dobytka a po\u013enohospod\u00e1rstvo, ktor\u00e9 n\u00e1sledne prispelo k upevneniu s\u00fadr\u017enosti medzi hostite\u013eskou komunitou a komunitou vn\u00fatorne vys\u00eddlen\u00fdch os\u00f4b.<\/p>\n\n\n\n<p class=\"has-text-align-center has-very-light-gray-background-color has-background\"><strong>Projektov\u00fdm partnerom v\u00fdstavby studn\u00ed v Irackom Kurdistane je miestna organiz\u00e1cia Shingala Azad<\/strong><\/p>\n\n\n\n<p class=\"has-vivid-red-color has-text-color\"><strong>Po\u010das v\u00fdstavby<\/strong><\/p>\n\n\n\n<figure class=\"wp-block-gallery columns-3 is-cropped wp-block-gallery-1 is-layout-flex wp-block-gallery-is-layout-flex\"><ul class=\"blocks-gallery-grid\"><li class=\"blocks-gallery-item\"><figure><a href=\"https:\/\/www.charita.sk\/svet\/wp-content\/uploads\/2019\/03\/IMG_4837-1024x687.jpg\"><img fetchpriority=\"high\" decoding=\"async\" width=\"1024\" height=\"687\" src=\"https:\/\/www.charita.sk\/svet\/wp-content\/uploads\/2019\/03\/IMG_4837-1024x687.jpg\" alt=\"\" data-id=\"343\" data-link=\"https:\/\/www.charita.sk\/svet\/zabezpecenie-pitnej-vody-v-obci-bozan\/img_4837\/\" class=\"wp-image-343\" srcset=\"https:\/\/www.charita.sk\/svet\/wp-content\/uploads\/2019\/03\/IMG_4837-1024x687.jpg 1024w, https:\/\/www.charita.sk\/svet\/wp-content\/uploads\/2019\/03\/IMG_4837-300x201.jpg 300w, https:\/\/www.charita.sk\/svet\/wp-content\/uploads\/2019\/03\/IMG_4837-768x516.jpg 768w\" sizes=\"(max-width: 1024px) 100vw, 1024px\" \/><\/a><figcaption class=\"blocks-gallery-item__caption\">Na cel\u00fd projekt je potrebn\u00e9 spravi\u0165 verejn\u00e9 obstar\u00e1vanie<\/figcaption><\/figure><\/li><li class=\"blocks-gallery-item\"><figure><a href=\"https:\/\/www.charita.sk\/svet\/wp-content\/uploads\/2019\/03\/IMG_4838-1024x687.jpg\"><img decoding=\"async\" width=\"1024\" height=\"687\" src=\"https:\/\/www.charita.sk\/svet\/wp-content\/uploads\/2019\/03\/IMG_4838-1024x687.jpg\" alt=\"\" data-id=\"344\" data-link=\"https:\/\/www.charita.sk\/svet\/zabezpecenie-pitnej-vody-v-obci-bozan\/img_4838\/\" class=\"wp-image-344\" srcset=\"https:\/\/www.charita.sk\/svet\/wp-content\/uploads\/2019\/03\/IMG_4838-1024x687.jpg 1024w, https:\/\/www.charita.sk\/svet\/wp-content\/uploads\/2019\/03\/IMG_4838-300x201.jpg 300w, https:\/\/www.charita.sk\/svet\/wp-content\/uploads\/2019\/03\/IMG_4838-768x516.jpg 768w\" sizes=\"(max-width: 1024px) 100vw, 1024px\" \/><\/a><figcaption class=\"blocks-gallery-item__caption\">Tak\u00e9to dlh\u00e9 trubky sa vtl\u00e1\u010daj\u00fa do vrtu<\/figcaption><\/figure><\/li><li class=\"blocks-gallery-item\"><figure><a href=\"https:\/\/www.charita.sk\/svet\/wp-content\/uploads\/2019\/03\/IMG_4839-1024x687.jpg\"><img loading=\"lazy\" decoding=\"async\" width=\"1024\" height=\"687\" src=\"https:\/\/www.charita.sk\/svet\/wp-content\/uploads\/2019\/03\/IMG_4839-1024x687.jpg\" alt=\"\" data-id=\"345\" data-link=\"https:\/\/www.charita.sk\/svet\/zabezpecenie-pitnej-vody-v-obci-bozan\/img_4839\/\" class=\"wp-image-345\" srcset=\"https:\/\/www.charita.sk\/svet\/wp-content\/uploads\/2019\/03\/IMG_4839-1024x687.jpg 1024w, https:\/\/www.charita.sk\/svet\/wp-content\/uploads\/2019\/03\/IMG_4839-300x201.jpg 300w, https:\/\/www.charita.sk\/svet\/wp-content\/uploads\/2019\/03\/IMG_4839-768x516.jpg 768w\" sizes=\"(max-width: 1024px) 100vw, 1024px\" \/><\/a><figcaption class=\"blocks-gallery-item__caption\">Zhotovite\u013e sa pri v\u00fdstavbe zav\u00e4zuje zamestna\u0165 miestnych \u013eud\u00ed<\/figcaption><\/figure><\/li><li class=\"blocks-gallery-item\"><figure><a href=\"https:\/\/www.charita.sk\/svet\/wp-content\/uploads\/2019\/03\/IMG_4840-1024x687.jpg\"><img loading=\"lazy\" decoding=\"async\" width=\"1024\" height=\"687\" src=\"https:\/\/www.charita.sk\/svet\/wp-content\/uploads\/2019\/03\/IMG_4840-1024x687.jpg\" alt=\"\" data-id=\"346\" data-link=\"https:\/\/www.charita.sk\/svet\/zabezpecenie-pitnej-vody-v-obci-bozan\/img_4840\/\" class=\"wp-image-346\" srcset=\"https:\/\/www.charita.sk\/svet\/wp-content\/uploads\/2019\/03\/IMG_4840-1024x687.jpg 1024w, https:\/\/www.charita.sk\/svet\/wp-content\/uploads\/2019\/03\/IMG_4840-300x201.jpg 300w, https:\/\/www.charita.sk\/svet\/wp-content\/uploads\/2019\/03\/IMG_4840-768x516.jpg 768w\" sizes=\"(max-width: 1024px) 100vw, 1024px\" \/><\/a><figcaption class=\"blocks-gallery-item__caption\">Shingala Azad na kontrolnom dni<\/figcaption><\/figure><\/li><li class=\"blocks-gallery-item\"><figure><a href=\"https:\/\/www.charita.sk\/svet\/wp-content\/uploads\/2019\/03\/IMG_4844-1024x687.jpg\"><img loading=\"lazy\" decoding=\"async\" width=\"1024\" height=\"687\" src=\"https:\/\/www.charita.sk\/svet\/wp-content\/uploads\/2019\/03\/IMG_4844-1024x687.jpg\" alt=\"\" data-id=\"348\" data-link=\"https:\/\/www.charita.sk\/svet\/zabezpecenie-pitnej-vody-v-obci-bozan\/img_4844\/\" class=\"wp-image-348\" srcset=\"https:\/\/www.charita.sk\/svet\/wp-content\/uploads\/2019\/03\/IMG_4844-1024x687.jpg 1024w, https:\/\/www.charita.sk\/svet\/wp-content\/uploads\/2019\/03\/IMG_4844-300x201.jpg 300w, https:\/\/www.charita.sk\/svet\/wp-content\/uploads\/2019\/03\/IMG_4844-768x516.jpg 768w\" sizes=\"(max-width: 1024px) 100vw, 1024px\" \/><\/a><figcaption class=\"blocks-gallery-item__caption\">Stud\u0148e b\u00fdvaj\u00fa hlbok\u00e9 aj 200 metrov<\/figcaption><\/figure><\/li><li class=\"blocks-gallery-item\"><figure><a href=\"https:\/\/www.charita.sk\/svet\/wp-content\/uploads\/2019\/03\/IMG_4845-1024x687.jpg\"><img loading=\"lazy\" decoding=\"async\" width=\"1024\" height=\"687\" src=\"https:\/\/www.charita.sk\/svet\/wp-content\/uploads\/2019\/03\/IMG_4845-1024x687.jpg\" alt=\"\" data-id=\"349\" data-link=\"https:\/\/www.charita.sk\/svet\/zabezpecenie-pitnej-vody-v-obci-bozan\/img_4845\/\" class=\"wp-image-349\" srcset=\"https:\/\/www.charita.sk\/svet\/wp-content\/uploads\/2019\/03\/IMG_4845-1024x687.jpg 1024w, https:\/\/www.charita.sk\/svet\/wp-content\/uploads\/2019\/03\/IMG_4845-300x201.jpg 300w, https:\/\/www.charita.sk\/svet\/wp-content\/uploads\/2019\/03\/IMG_4845-768x516.jpg 768w\" sizes=\"(max-width: 1024px) 100vw, 1024px\" \/><\/a><figcaption class=\"blocks-gallery-item__caption\">Informa\u010dn\u00e1 tabu\u013ea<\/figcaption><\/figure><\/li><\/ul><\/figure>\n\n\n\n<p class=\"has-vivid-red-color has-text-color\"><strong>Hotov\u00e9 studne<\/strong><\/p>\n\n\n\n<figure class=\"wp-block-gallery columns-3 is-cropped wp-block-gallery-2 is-layout-flex wp-block-gallery-is-layout-flex\"><ul class=\"blocks-gallery-grid\"><li class=\"blocks-gallery-item\"><figure><a href=\"https:\/\/www.charita.sk\/svet\/wp-content\/uploads\/2019\/10\/DSC09674-1024x683.jpg\"><img loading=\"lazy\" decoding=\"async\" width=\"1024\" height=\"683\" src=\"https:\/\/www.charita.sk\/svet\/wp-content\/uploads\/2019\/10\/DSC09674-1024x683.jpg\" alt=\"\" data-id=\"638\" data-link=\"https:\/\/www.charita.sk\/svet\/bannere\/bozan\/dsc09674\/\" class=\"wp-image-638\" srcset=\"https:\/\/www.charita.sk\/svet\/wp-content\/uploads\/2019\/10\/DSC09674-1024x683.jpg 1024w, https:\/\/www.charita.sk\/svet\/wp-content\/uploads\/2019\/10\/DSC09674-300x200.jpg 300w, https:\/\/www.charita.sk\/svet\/wp-content\/uploads\/2019\/10\/DSC09674-768x512.jpg 768w, https:\/\/www.charita.sk\/svet\/wp-content\/uploads\/2019\/10\/DSC09674-600x400.jpg 600w, https:\/\/www.charita.sk\/svet\/wp-content\/uploads\/2019\/10\/DSC09674.jpg 1920w\" sizes=\"(max-width: 1024px) 100vw, 1024px\" \/><\/a><figcaption class=\"blocks-gallery-item__caption\">Posledn\u00e1 kontrola pred otvoren\u00edm<\/figcaption><\/figure><\/li><li class=\"blocks-gallery-item\"><figure><a href=\"https:\/\/www.charita.sk\/svet\/wp-content\/uploads\/2019\/10\/DSC09588-1024x683.jpg\"><img loading=\"lazy\" decoding=\"async\" width=\"1024\" height=\"683\" src=\"https:\/\/www.charita.sk\/svet\/wp-content\/uploads\/2019\/10\/DSC09588-1024x683.jpg\" alt=\"\" data-id=\"646\" data-link=\"https:\/\/www.charita.sk\/svet\/zabezpecenie-pitnej-vody-v-obci-bozan\/dsc09588\/\" class=\"wp-image-646\" srcset=\"https:\/\/www.charita.sk\/svet\/wp-content\/uploads\/2019\/10\/DSC09588-1024x683.jpg 1024w, https:\/\/www.charita.sk\/svet\/wp-content\/uploads\/2019\/10\/DSC09588-300x200.jpg 300w, https:\/\/www.charita.sk\/svet\/wp-content\/uploads\/2019\/10\/DSC09588-768x512.jpg 768w, https:\/\/www.charita.sk\/svet\/wp-content\/uploads\/2019\/10\/DSC09588-600x400.jpg 600w, https:\/\/www.charita.sk\/svet\/wp-content\/uploads\/2019\/10\/DSC09588.jpg 1920w\" sizes=\"(max-width: 1024px) 100vw, 1024px\" \/><\/a><figcaption class=\"blocks-gallery-item__caption\">Dom\u010dek ochra\u0148uje \u010derpadlo pred vandalmi a prehrievan\u00edm<\/figcaption><\/figure><\/li><li class=\"blocks-gallery-item\"><figure><a href=\"https:\/\/www.charita.sk\/svet\/wp-content\/uploads\/2019\/10\/DSC09589-1024x683.jpg\"><img loading=\"lazy\" decoding=\"async\" width=\"1024\" height=\"683\" src=\"https:\/\/www.charita.sk\/svet\/wp-content\/uploads\/2019\/10\/DSC09589-1024x683.jpg\" alt=\"\" data-id=\"647\" data-link=\"https:\/\/www.charita.sk\/svet\/zabezpecenie-pitnej-vody-v-obci-bozan\/dsc09589\/\" class=\"wp-image-647\" srcset=\"https:\/\/www.charita.sk\/svet\/wp-content\/uploads\/2019\/10\/DSC09589-1024x683.jpg 1024w, https:\/\/www.charita.sk\/svet\/wp-content\/uploads\/2019\/10\/DSC09589-300x200.jpg 300w, https:\/\/www.charita.sk\/svet\/wp-content\/uploads\/2019\/10\/DSC09589-768x512.jpg 768w, https:\/\/www.charita.sk\/svet\/wp-content\/uploads\/2019\/10\/DSC09589-600x400.jpg 600w, https:\/\/www.charita.sk\/svet\/wp-content\/uploads\/2019\/10\/DSC09589.jpg 1920w\" sizes=\"(max-width: 1024px) 100vw, 1024px\" \/><\/a><figcaption class=\"blocks-gallery-item__caption\">Kapacita vodnej n\u00e1dr\u017ee pre cel\u00fa dedinu je 30 000 m3<\/figcaption><\/figure><\/li><li class=\"blocks-gallery-item\"><figure><a href=\"https:\/\/www.charita.sk\/svet\/wp-content\/uploads\/2019\/10\/DSC09590-1024x683.jpg\"><img loading=\"lazy\" decoding=\"async\" width=\"1024\" height=\"683\" src=\"https:\/\/www.charita.sk\/svet\/wp-content\/uploads\/2019\/10\/DSC09590-1024x683.jpg\" alt=\"\" data-id=\"648\" data-link=\"https:\/\/www.charita.sk\/svet\/zabezpecenie-pitnej-vody-v-obci-bozan\/dsc09590\/\" class=\"wp-image-648\" srcset=\"https:\/\/www.charita.sk\/svet\/wp-content\/uploads\/2019\/10\/DSC09590-1024x683.jpg 1024w, https:\/\/www.charita.sk\/svet\/wp-content\/uploads\/2019\/10\/DSC09590-300x200.jpg 300w, https:\/\/www.charita.sk\/svet\/wp-content\/uploads\/2019\/10\/DSC09590-768x512.jpg 768w, https:\/\/www.charita.sk\/svet\/wp-content\/uploads\/2019\/10\/DSC09590-600x400.jpg 600w, https:\/\/www.charita.sk\/svet\/wp-content\/uploads\/2019\/10\/DSC09590.jpg 1920w\" sizes=\"(max-width: 1024px) 100vw, 1024px\" \/><\/a><figcaption class=\"blocks-gallery-item__caption\">Pri otvoren\u00ed u\u017e m\u00e1me trad\u00edciu pohosti\u0165 deti a partnerov nie\u010d\u00edm sladk\u00fdm.<\/figcaption><\/figure><\/li><li class=\"blocks-gallery-item\"><figure><a href=\"https:\/\/www.charita.sk\/svet\/wp-content\/uploads\/2019\/10\/DSC09628-1024x683.jpg\"><img loading=\"lazy\" decoding=\"async\" width=\"1024\" height=\"683\" src=\"https:\/\/www.charita.sk\/svet\/wp-content\/uploads\/2019\/10\/DSC09628-1024x683.jpg\" alt=\"\" data-id=\"649\" data-link=\"https:\/\/www.charita.sk\/svet\/zabezpecenie-pitnej-vody-v-obci-bozan\/dsc09628\/\" class=\"wp-image-649\" srcset=\"https:\/\/www.charita.sk\/svet\/wp-content\/uploads\/2019\/10\/DSC09628-1024x683.jpg 1024w, https:\/\/www.charita.sk\/svet\/wp-content\/uploads\/2019\/10\/DSC09628-300x200.jpg 300w, https:\/\/www.charita.sk\/svet\/wp-content\/uploads\/2019\/10\/DSC09628-768x512.jpg 768w, https:\/\/www.charita.sk\/svet\/wp-content\/uploads\/2019\/10\/DSC09628-600x400.jpg 600w, https:\/\/www.charita.sk\/svet\/wp-content\/uploads\/2019\/10\/DSC09628.jpg 1920w\" sizes=\"(max-width: 1024px) 100vw, 1024px\" \/><\/a><figcaption class=\"blocks-gallery-item__caption\">Kolega Hugo(vpravo) mal cel\u00fd proces nastarosti<\/figcaption><\/figure><\/li><li class=\"blocks-gallery-item\"><figure><a href=\"https:\/\/www.charita.sk\/svet\/wp-content\/uploads\/2019\/10\/DSC09637-1024x683.jpg\"><img loading=\"lazy\" decoding=\"async\" width=\"1024\" height=\"683\" src=\"https:\/\/www.charita.sk\/svet\/wp-content\/uploads\/2019\/10\/DSC09637-1024x683.jpg\" alt=\"\" data-id=\"650\" data-link=\"https:\/\/www.charita.sk\/svet\/zabezpecenie-pitnej-vody-v-obci-bozan\/dsc09637\/\" class=\"wp-image-650\" srcset=\"https:\/\/www.charita.sk\/svet\/wp-content\/uploads\/2019\/10\/DSC09637-1024x683.jpg 1024w, https:\/\/www.charita.sk\/svet\/wp-content\/uploads\/2019\/10\/DSC09637-300x200.jpg 300w, https:\/\/www.charita.sk\/svet\/wp-content\/uploads\/2019\/10\/DSC09637-768x512.jpg 768w, https:\/\/www.charita.sk\/svet\/wp-content\/uploads\/2019\/10\/DSC09637-600x400.jpg 600w, https:\/\/www.charita.sk\/svet\/wp-content\/uploads\/2019\/10\/DSC09637.jpg 1920w\" sizes=\"(max-width: 1024px) 100vw, 1024px\" \/><\/a><figcaption class=\"blocks-gallery-item__caption\">Miestny chlapci sa pred objekt\u00edvom doslova predv\u00e1dzali<\/figcaption><\/figure><\/li><li class=\"blocks-gallery-item\"><figure><a href=\"https:\/\/www.charita.sk\/svet\/wp-content\/uploads\/2019\/10\/DSC09649-1024x683.jpg\"><img loading=\"lazy\" decoding=\"async\" width=\"1024\" height=\"683\" src=\"https:\/\/www.charita.sk\/svet\/wp-content\/uploads\/2019\/10\/DSC09649-1024x683.jpg\" alt=\"\" data-id=\"651\" data-link=\"https:\/\/www.charita.sk\/svet\/zabezpecenie-pitnej-vody-v-obci-bozan\/dsc09649\/\" class=\"wp-image-651\" srcset=\"https:\/\/www.charita.sk\/svet\/wp-content\/uploads\/2019\/10\/DSC09649-1024x683.jpg 1024w, https:\/\/www.charita.sk\/svet\/wp-content\/uploads\/2019\/10\/DSC09649-300x200.jpg 300w, https:\/\/www.charita.sk\/svet\/wp-content\/uploads\/2019\/10\/DSC09649-768x512.jpg 768w, https:\/\/www.charita.sk\/svet\/wp-content\/uploads\/2019\/10\/DSC09649-600x400.jpg 600w, https:\/\/www.charita.sk\/svet\/wp-content\/uploads\/2019\/10\/DSC09649.jpg 1920w\" sizes=\"(max-width: 1024px) 100vw, 1024px\" \/><\/a><figcaption class=\"blocks-gallery-item__caption\">Dresy r\u00f4znych futbalov\u00fdch dru\u017estiev n\u00e1jdete na ka\u017edom kroku<\/figcaption><\/figure><\/li><li class=\"blocks-gallery-item\"><figure><a href=\"https:\/\/www.charita.sk\/svet\/wp-content\/uploads\/2019\/10\/DSC09679-1024x683.jpg\"><img loading=\"lazy\" decoding=\"async\" width=\"1024\" height=\"683\" src=\"https:\/\/www.charita.sk\/svet\/wp-content\/uploads\/2019\/10\/DSC09679-1024x683.jpg\" alt=\"\" data-id=\"652\" data-link=\"https:\/\/www.charita.sk\/svet\/zabezpecenie-pitnej-vody-v-obci-bozan\/dsc09679\/\" class=\"wp-image-652\" srcset=\"https:\/\/www.charita.sk\/svet\/wp-content\/uploads\/2019\/10\/DSC09679-1024x683.jpg 1024w, https:\/\/www.charita.sk\/svet\/wp-content\/uploads\/2019\/10\/DSC09679-300x200.jpg 300w, https:\/\/www.charita.sk\/svet\/wp-content\/uploads\/2019\/10\/DSC09679-768x512.jpg 768w, https:\/\/www.charita.sk\/svet\/wp-content\/uploads\/2019\/10\/DSC09679-600x400.jpg 600w, https:\/\/www.charita.sk\/svet\/wp-content\/uploads\/2019\/10\/DSC09679.jpg 1920w\" sizes=\"(max-width: 1024px) 100vw, 1024px\" \/><\/a><figcaption class=\"blocks-gallery-item__caption\">Cel\u00fd t\u00edm, ktor\u00fd sa podielal na projekte.<\/figcaption><\/figure><\/li><\/ul><\/figure>\n","protected":false},"excerpt":{"rendered":"<p>N\u00e1zov projektu: Zabezpe\u010denie pitnej vody v obci BozanMiesto implement\u00e1cie: Bozan, IrakObdobie podpory [&hellip;]<\/p>\n","protected":false},"author":2,"featured_media":0,"parent":0,"menu_order":0,"comment_status":"closed","ping_status":"closed","template":"","meta":{"footnotes":""},"class_list":["post-334","page","type-page","status-publish","hentry"],"yoast_head":"<!-- This site is optimized with the Yoast SEO plugin v25.4 - https:\/\/yoast.com\/wordpress\/plugins\/seo\/ -->\n<title>Zabezpe\u010denie pitnej vody v obci Bozan | Charita vo svete<\/title>\n<meta name=\"robots\" content=\"index, follow, max-snippet:-1, max-image-preview:large, max-video-preview:-1\" \/>\n<link rel=\"canonical\" href=\"https:\/\/www.charita.sk\/svet\/zabezpecenie-pitnej-vody-v-obci-bozan\/\" \/>\n<meta property=\"og:locale\" content=\"sk_SK\" \/>\n<meta property=\"og:type\" content=\"article\" \/>\n<meta property=\"og:title\" content=\"Zabezpe\u010denie pitnej vody v obci Bozan | Charita vo svete\" \/>\n<meta property=\"og:description\" content=\"N\u00e1zov projektu: Zabezpe\u010denie pitnej vody v obci BozanMiesto implement\u00e1cie: Bozan, IrakObdobie podpory [&hellip;]\" \/>\n<meta property=\"og:url\" content=\"https:\/\/www.charita.sk\/svet\/zabezpecenie-pitnej-vody-v-obci-bozan\/\" \/>\n<meta property=\"og:site_name\" content=\"Charita vo svete\" \/>\n<meta property=\"article:publisher\" content=\"https:\/\/www.facebook.com\/CaritasSlovakia\/\" \/>\n<meta property=\"article:modified_time\" content=\"2021-06-03T09:51:17+00:00\" \/>\n<meta property=\"og:image\" content=\"https:\/\/www.charita.sk\/pomoc-utecencom\/wp-content\/uploads\/2019\/03\/slovakaid_1-300x143.png\" \/>\n<meta name=\"twitter:card\" content=\"summary_large_image\" \/>\n<meta name=\"twitter:label1\" content=\"Predpokladan\u00fd \u010das \u010d\u00edtania\" \/>\n\t<meta name=\"twitter:data1\" content=\"3 min\u00faty\" \/>\n<script type=\"application\/ld+json\" class=\"yoast-schema-graph\">{\"@context\":\"https:\/\/schema.org\",\"@graph\":[{\"@type\":\"WebPage\",\"@id\":\"https:\/\/www.charita.sk\/svet\/zabezpecenie-pitnej-vody-v-obci-bozan\/\",\"url\":\"https:\/\/www.charita.sk\/svet\/zabezpecenie-pitnej-vody-v-obci-bozan\/\",\"name\":\"Zabezpe\u010denie pitnej vody v obci Bozan | Charita vo svete\",\"isPartOf\":{\"@id\":\"https:\/\/www.charita.sk\/svet\/#website\"},\"primaryImageOfPage\":{\"@id\":\"https:\/\/www.charita.sk\/svet\/zabezpecenie-pitnej-vody-v-obci-bozan\/#primaryimage\"},\"image\":{\"@id\":\"https:\/\/www.charita.sk\/svet\/zabezpecenie-pitnej-vody-v-obci-bozan\/#primaryimage\"},\"thumbnailUrl\":\"https:\/\/www.charita.sk\/svet\/wp-content\/uploads\/2019\/03\/slovakaid_1-300x143.png\",\"datePublished\":\"2019-03-05T13:23:35+00:00\",\"dateModified\":\"2021-06-03T09:51:17+00:00\",\"breadcrumb\":{\"@id\":\"https:\/\/www.charita.sk\/svet\/zabezpecenie-pitnej-vody-v-obci-bozan\/#breadcrumb\"},\"inLanguage\":\"sk-SK\",\"potentialAction\":[{\"@type\":\"ReadAction\",\"target\":[\"https:\/\/www.charita.sk\/svet\/zabezpecenie-pitnej-vody-v-obci-bozan\/\"]}]},{\"@type\":\"ImageObject\",\"inLanguage\":\"sk-SK\",\"@id\":\"https:\/\/www.charita.sk\/svet\/zabezpecenie-pitnej-vody-v-obci-bozan\/#primaryimage\",\"url\":\"https:\/\/www.charita.sk\/svet\/wp-content\/uploads\/2019\/03\/slovakaid_1.png\",\"contentUrl\":\"https:\/\/www.charita.sk\/svet\/wp-content\/uploads\/2019\/03\/slovakaid_1.png\",\"width\":2346,\"height\":1117},{\"@type\":\"BreadcrumbList\",\"@id\":\"https:\/\/www.charita.sk\/svet\/zabezpecenie-pitnej-vody-v-obci-bozan\/#breadcrumb\",\"itemListElement\":[{\"@type\":\"ListItem\",\"position\":1,\"name\":\"Domovsk\u00e1 str\u00e1nka\",\"item\":\"https:\/\/www.charita.sk\/svet\/\"},{\"@type\":\"ListItem\",\"position\":2,\"name\":\"Zabezpe\u010denie pitnej vody v obci Bozan\"}]},{\"@type\":\"WebSite\",\"@id\":\"https:\/\/www.charita.sk\/svet\/#website\",\"url\":\"https:\/\/www.charita.sk\/svet\/\",\"name\":\"Charita vo svete\",\"description\":\"Slovensk\u00e1 katol\u00edcka charita pom\u00e1ha \u013eu\u010fom v n\u00fadzi vo svete\",\"publisher\":{\"@id\":\"https:\/\/www.charita.sk\/svet\/#organization\"},\"potentialAction\":[{\"@type\":\"SearchAction\",\"target\":{\"@type\":\"EntryPoint\",\"urlTemplate\":\"https:\/\/www.charita.sk\/svet\/?s={search_term_string}\"},\"query-input\":{\"@type\":\"PropertyValueSpecification\",\"valueRequired\":true,\"valueName\":\"search_term_string\"}}],\"inLanguage\":\"sk-SK\"},{\"@type\":\"Organization\",\"@id\":\"https:\/\/www.charita.sk\/svet\/#organization\",\"name\":\"Slovensk\u00e1 katol\u00edcka charita\",\"url\":\"https:\/\/www.charita.sk\/svet\/\",\"logo\":{\"@type\":\"ImageObject\",\"inLanguage\":\"sk-SK\",\"@id\":\"https:\/\/www.charita.sk\/svet\/#\/schema\/logo\/image\/\",\"url\":\"https:\/\/www.charita.sk\/pomoc-utecencom\/wp-content\/uploads\/2020\/11\/logo_pomoc_utecencom.jpg\",\"contentUrl\":\"https:\/\/www.charita.sk\/pomoc-utecencom\/wp-content\/uploads\/2020\/11\/logo_pomoc_utecencom.jpg\",\"width\":1712,\"height\":480,\"caption\":\"Slovensk\u00e1 katol\u00edcka charita\"},\"image\":{\"@id\":\"https:\/\/www.charita.sk\/svet\/#\/schema\/logo\/image\/\"},\"sameAs\":[\"https:\/\/www.facebook.com\/CaritasSlovakia\/\",\"https:\/\/www.instagram.com\/caritas_slovakia\/\",\"https:\/\/www.linkedin.com\/company\/caritas-slovakia-skch-\",\"https:\/\/www.youtube.com\/user\/katolickacharita\"]}]}<\/script>\n<!-- \/ Yoast SEO plugin. -->","yoast_head_json":{"title":"Zabezpe\u010denie pitnej vody v obci Bozan | Charita vo svete","robots":{"index":"index","follow":"follow","max-snippet":"max-snippet:-1","max-image-preview":"max-image-preview:large","max-video-preview":"max-video-preview:-1"},"canonical":"https:\/\/www.charita.sk\/svet\/zabezpecenie-pitnej-vody-v-obci-bozan\/","og_locale":"sk_SK","og_type":"article","og_title":"Zabezpe\u010denie pitnej vody v obci Bozan | Charita vo svete","og_description":"N\u00e1zov projektu: Zabezpe\u010denie pitnej vody v obci BozanMiesto implement\u00e1cie: Bozan, IrakObdobie podpory [&hellip;]","og_url":"https:\/\/www.charita.sk\/svet\/zabezpecenie-pitnej-vody-v-obci-bozan\/","og_site_name":"Charita vo svete","article_publisher":"https:\/\/www.facebook.com\/CaritasSlovakia\/","article_modified_time":"2021-06-03T09:51:17+00:00","og_image":[{"url":"https:\/\/www.charita.sk\/pomoc-utecencom\/wp-content\/uploads\/2019\/03\/slovakaid_1-300x143.png","type":"","width":"","height":""}],"twitter_card":"summary_large_image","twitter_misc":{"Predpokladan\u00fd \u010das \u010d\u00edtania":"3 min\u00faty"},"schema":{"@context":"https:\/\/schema.org","@graph":[{"@type":"WebPage","@id":"https:\/\/www.charita.sk\/svet\/zabezpecenie-pitnej-vody-v-obci-bozan\/","url":"https:\/\/www.charita.sk\/svet\/zabezpecenie-pitnej-vody-v-obci-bozan\/","name":"Zabezpe\u010denie pitnej vody v obci Bozan | Charita vo svete","isPartOf":{"@id":"https:\/\/www.charita.sk\/svet\/#website"},"primaryImageOfPage":{"@id":"https:\/\/www.charita.sk\/svet\/zabezpecenie-pitnej-vody-v-obci-bozan\/#primaryimage"},"image":{"@id":"https:\/\/www.charita.sk\/svet\/zabezpecenie-pitnej-vody-v-obci-bozan\/#primaryimage"},"thumbnailUrl":"https:\/\/www.charita.sk\/svet\/wp-content\/uploads\/2019\/03\/slovakaid_1-300x143.png","datePublished":"2019-03-05T13:23:35+00:00","dateModified":"2021-06-03T09:51:17+00:00","breadcrumb":{"@id":"https:\/\/www.charita.sk\/svet\/zabezpecenie-pitnej-vody-v-obci-bozan\/#breadcrumb"},"inLanguage":"sk-SK","potentialAction":[{"@type":"ReadAction","target":["https:\/\/www.charita.sk\/svet\/zabezpecenie-pitnej-vody-v-obci-bozan\/"]}]},{"@type":"ImageObject","inLanguage":"sk-SK","@id":"https:\/\/www.charita.sk\/svet\/zabezpecenie-pitnej-vody-v-obci-bozan\/#primaryimage","url":"https:\/\/www.charita.sk\/svet\/wp-content\/uploads\/2019\/03\/slovakaid_1.png","contentUrl":"https:\/\/www.charita.sk\/svet\/wp-content\/uploads\/2019\/03\/slovakaid_1.png","width":2346,"height":1117},{"@type":"BreadcrumbList","@id":"https:\/\/www.charita.sk\/svet\/zabezpecenie-pitnej-vody-v-obci-bozan\/#breadcrumb","itemListElement":[{"@type":"ListItem","position":1,"name":"Domovsk\u00e1 str\u00e1nka","item":"https:\/\/www.charita.sk\/svet\/"},{"@type":"ListItem","position":2,"name":"Zabezpe\u010denie pitnej vody v obci Bozan"}]},{"@type":"WebSite","@id":"https:\/\/www.charita.sk\/svet\/#website","url":"https:\/\/www.charita.sk\/svet\/","name":"Charita vo svete","description":"Slovensk\u00e1 katol\u00edcka charita pom\u00e1ha \u013eu\u010fom v n\u00fadzi vo svete","publisher":{"@id":"https:\/\/www.charita.sk\/svet\/#organization"},"potentialAction":[{"@type":"SearchAction","target":{"@type":"EntryPoint","urlTemplate":"https:\/\/www.charita.sk\/svet\/?s={search_term_string}"},"query-input":{"@type":"PropertyValueSpecification","valueRequired":true,"valueName":"search_term_string"}}],"inLanguage":"sk-SK"},{"@type":"Organization","@id":"https:\/\/www.charita.sk\/svet\/#organization","name":"Slovensk\u00e1 katol\u00edcka charita","url":"https:\/\/www.charita.sk\/svet\/","logo":{"@type":"ImageObject","inLanguage":"sk-SK","@id":"https:\/\/www.charita.sk\/svet\/#\/schema\/logo\/image\/","url":"https:\/\/www.charita.sk\/pomoc-utecencom\/wp-content\/uploads\/2020\/11\/logo_pomoc_utecencom.jpg","contentUrl":"https:\/\/www.charita.sk\/pomoc-utecencom\/wp-content\/uploads\/2020\/11\/logo_pomoc_utecencom.jpg","width":1712,"height":480,"caption":"Slovensk\u00e1 katol\u00edcka charita"},"image":{"@id":"https:\/\/www.charita.sk\/svet\/#\/schema\/logo\/image\/"},"sameAs":["https:\/\/www.facebook.com\/CaritasSlovakia\/","https:\/\/www.instagram.com\/caritas_slovakia\/","https:\/\/www.linkedin.com\/company\/caritas-slovakia-skch-","https:\/\/www.youtube.com\/user\/katolickacharita"]}]}},"featured_image_src":null,"featured_image_src_square":null,"_links":{"self":[{"href":"https:\/\/www.charita.sk\/svet\/wp-json\/wp\/v2\/pages\/334","targetHints":{"allow":["GET"]}}],"collection":[{"href":"https:\/\/www.charita.sk\/svet\/wp-json\/wp\/v2\/pages"}],"about":[{"href":"https:\/\/www.charita.sk\/svet\/wp-json\/wp\/v2\/types\/page"}],"author":[{"embeddable":true,"href":"https:\/\/www.charita.sk\/svet\/wp-json\/wp\/v2\/users\/2"}],"replies":[{"embeddable":true,"href":"https:\/\/www.charita.sk\/svet\/wp-json\/wp\/v2\/comments?post=334"}],"version-history":[{"count":17,"href":"https:\/\/www.charita.sk\/svet\/wp-json\/wp\/v2\/pages\/334\/revisions"}],"predecessor-version":[{"id":1693,"href":"https:\/\/www.charita.sk\/svet\/wp-json\/wp\/v2\/pages\/334\/revisions\/1693"}],"wp:attachment":[{"href":"https:\/\/www.charita.sk\/svet\/wp-json\/wp\/v2\/media?parent=334"}],"curies":[{"name":"wp","href":"https:\/\/api.w.org\/{rel}","templated":true}]}}