{"id":3411,"date":"2026-03-03T09:57:50","date_gmt":"2026-03-03T08:57:50","guid":{"rendered":"https:\/\/www.charita.sk\/svet\/?page_id=3411"},"modified":"2026-03-03T10:02:34","modified_gmt":"2026-03-03T09:02:34","slug":"obnova-skoly-al-ikhlas-bezpecne-vzdelavanie-v-syrskej-hame","status":"publish","type":"page","link":"https:\/\/www.charita.sk\/svet\/obnova-skoly-al-ikhlas-bezpecne-vzdelavanie-v-syrskej-hame\/","title":{"rendered":"Obnova \u0161koly Al-ikhlas: bezpe\u010dn\u00e9 vzdel\u00e1vanie v S\u00fdrskej Hame"},"content":{"rendered":"\n<p class=\"has-white-color has-text-color has-background\" style=\"background-color:#c42f41\"><strong>N\u00e1zov projektu:<\/strong>\u00a0Rekon\u0161trukcia starej \u010dasti cirkevnej \u0161koly<br><strong>Miesto implement\u00e1cie:<\/strong> S\u00fdria, Hama, \u0161tvr\u0165 Almdina, \u0160kola Al-Ikhlas<br><strong>Projektov\u00fd partner:<\/strong>\u00a0Sestry dvoch sv\u00e4t\u00fdch s\u0155dc<br><strong>Po\u010det pr\u00edjemcov pomoci:<\/strong>\u00a0717 &#8211; 650 \u017eiakov + 31 u\u010dite\u013eov + 12 reho\u013en\u00fdch sestier + 24 robotn\u00edkov<br><strong>Suma na podporu projektu:<\/strong>\u00a025 000 EUR<br><strong>Obdobie implement\u00e1cie projektu<\/strong>: 01.09.2025 \u2013 31.07.2026<\/p>\n\n\n\n<p>\u0160kola Al-Ikhlas, veden\u00e1 Reho\u013eou dvoch sv\u00e4t\u00fdch s\u0155dc, je od svojho zalo\u017eenia v roku 1929 symbolom kvalitn\u00e9ho vzdel\u00e1vania a mor\u00e1lnych hodn\u00f4t v s\u00fdrskom meste Hama. Po\u010das takmer storo\u010dnej hist\u00f3rie si vybudovala meno in\u0161tit\u00facie, ktor\u00e1 kladie d\u00f4raz nielen na vedomosti, ale aj na v\u00fdchovu k mor\u00e1lke a \u013eudskosti. Jej dvere s\u00fa otvoren\u00e9 pre v\u0161etky deti bez rozdielu viery \u010di p\u00f4vodu, \u010d\u00edm \u0161kola v\u00fdznamne prispieva k inkl\u00fazii a s\u00fadr\u017enosti miestnej komunity.<\/p>\n\n\n\n<p>Dramatick\u00fd zlom nastal vo febru\u00e1ri 2023, ke\u010f S\u00fdriu a mesto Hama zasiahlo ni\u010div\u00e9 zemetrasenie. Otrasy v\u00e1\u017ene po\u0161kodili ju\u017en\u00e9 kr\u00eddlo historickej budovy \u0161koly. V suter\u00e9ne a nosn\u00fdch sten\u00e1ch sa objavili hlbok\u00e9 trhliny, ktor\u00e9 priamo ohrozuj\u00fa statiku objektu. Na z\u00e1klade odborn\u00fdch posudkov in\u017einierov sa ako najbezpe\u010dnej\u0161ie a ekonomicky najefekt\u00edvnej\u0161ie rie\u0161enie uk\u00e1zala kompletn\u00e1 rekon\u0161trukcia a prestavba tejto po\u0161kodenej \u010dasti.<\/p>\n\n\n\n<p>Cie\u013eom n\u00e1\u0161ho projektu je vr\u00e1ti\u0165 de\u0165om bezpe\u010dn\u00e9 miesto pre ich rozvoj. Rekon\u0161trukcia v\u0161ak neprinesie len opravu stien, ale aj nevyhnutn\u00fa moderniz\u00e1ciu. V\u010faka prestavbe z\u00edska \u0161kola nov\u00e9 priestory, ktor\u00e9 doteraz ch\u00fdbali: modern\u00e9 vedeck\u00e9 laborat\u00f3rium, po\u010d\u00edta\u010dov\u00fa miestnos\u0165, \u0161t\u00fadio a konferen\u010dn\u00fa s\u00e1lu. Osobitn\u00fd d\u00f4raz kladieme na vytvorenie \u0161peci\u00e1lnej u\u010debne pre \u017eiakov s poruchami u\u010denia, aby sme zabezpe\u010dili rovnak\u00e9 pr\u00edle\u017eitosti pre ka\u017ed\u00e9 die\u0165a.<\/p>\n\n\n\n<p>Hoci realiz\u00e1ciu projektu skomplikovala zlo\u017eit\u00e1 situ\u00e1cia v krajine a zd\u013ahav\u00e9 schva\u013eovacie procesy, v s\u00fa\u010dasnosti s\u00fa v\u0161etky povolenia pripraven\u00e9. Va\u0161a podpora n\u00e1m umo\u017en\u00ed za\u010da\u0165 s pr\u00e1cami, ktor\u00e9 premenia po\u0161koden\u00fa budovu na modern\u00e9 centrum vzdel\u00e1vania, kde bud\u00fa m\u00f4c\u0165 dc\u00e9ry a synovia Hamy op\u00e4\u0165 \u0161tudova\u0165 bez strachu o svoju bezpe\u010dnos\u0165.<\/p>\n\n\n\n<p class=\"has-text-align-center has-background\" style=\"background-color:#e2e2e2\"><strong>Projekt finan\u010dne podporuje&nbsp;<a rel=\"noreferrer noopener\" href=\"https:\/\/kbs.sk\" target=\"_blank\">Konferencia biskupov Slovenska<\/a><\/strong><\/p>\n\n\n\n<p><\/p>\n\n\n\n<p><\/p>\n","protected":false},"excerpt":{"rendered":"<p>N\u00e1zov projektu:\u00a0Rekon\u0161trukcia starej \u010dasti cirkevnej \u0161kolyMiesto implement\u00e1cie: S\u00fdria, Hama, \u0161tvr\u0165 Almdina, \u0160kola [&hellip;]<\/p>\n","protected":false},"author":10,"featured_media":0,"parent":0,"menu_order":0,"comment_status":"closed","ping_status":"closed","template":"","meta":{"footnotes":""},"class_list":["post-3411","page","type-page","status-publish","hentry"],"yoast_head":"<!-- This site is optimized with the Yoast SEO plugin v25.4 - https:\/\/yoast.com\/wordpress\/plugins\/seo\/ -->\n<title>Obnova \u0161koly Al-ikhlas: bezpe\u010dn\u00e9 vzdel\u00e1vanie v S\u00fdrskej Hame | Charita vo svete<\/title>\n<meta name=\"robots\" content=\"index, follow, max-snippet:-1, max-image-preview:large, max-video-preview:-1\" \/>\n<link rel=\"canonical\" href=\"https:\/\/www.charita.sk\/svet\/obnova-skoly-al-ikhlas-bezpecne-vzdelavanie-v-syrskej-hame\/\" \/>\n<meta property=\"og:locale\" content=\"sk_SK\" \/>\n<meta property=\"og:type\" content=\"article\" \/>\n<meta property=\"og:title\" content=\"Obnova \u0161koly Al-ikhlas: bezpe\u010dn\u00e9 vzdel\u00e1vanie v S\u00fdrskej Hame | Charita vo svete\" \/>\n<meta property=\"og:description\" content=\"N\u00e1zov projektu:\u00a0Rekon\u0161trukcia starej \u010dasti cirkevnej \u0161kolyMiesto implement\u00e1cie: S\u00fdria, Hama, \u0161tvr\u0165 Almdina, \u0160kola [&hellip;]\" \/>\n<meta property=\"og:url\" content=\"https:\/\/www.charita.sk\/svet\/obnova-skoly-al-ikhlas-bezpecne-vzdelavanie-v-syrskej-hame\/\" \/>\n<meta property=\"og:site_name\" content=\"Charita vo svete\" \/>\n<meta property=\"article:publisher\" content=\"https:\/\/www.facebook.com\/CaritasSlovakia\/\" \/>\n<meta property=\"article:modified_time\" content=\"2026-03-03T09:02:34+00:00\" \/>\n<meta name=\"twitter:card\" content=\"summary_large_image\" \/>\n<meta name=\"twitter:label1\" content=\"Predpokladan\u00fd \u010das \u010d\u00edtania\" \/>\n\t<meta name=\"twitter:data1\" content=\"2 min\u00faty\" \/>\n<script type=\"application\/ld+json\" class=\"yoast-schema-graph\">{\"@context\":\"https:\/\/schema.org\",\"@graph\":[{\"@type\":\"WebPage\",\"@id\":\"https:\/\/www.charita.sk\/svet\/obnova-skoly-al-ikhlas-bezpecne-vzdelavanie-v-syrskej-hame\/\",\"url\":\"https:\/\/www.charita.sk\/svet\/obnova-skoly-al-ikhlas-bezpecne-vzdelavanie-v-syrskej-hame\/\",\"name\":\"Obnova \u0161koly Al-ikhlas: bezpe\u010dn\u00e9 vzdel\u00e1vanie v S\u00fdrskej Hame | Charita vo svete\",\"isPartOf\":{\"@id\":\"https:\/\/www.charita.sk\/svet\/#website\"},\"datePublished\":\"2026-03-03T08:57:50+00:00\",\"dateModified\":\"2026-03-03T09:02:34+00:00\",\"breadcrumb\":{\"@id\":\"https:\/\/www.charita.sk\/svet\/obnova-skoly-al-ikhlas-bezpecne-vzdelavanie-v-syrskej-hame\/#breadcrumb\"},\"inLanguage\":\"sk-SK\",\"potentialAction\":[{\"@type\":\"ReadAction\",\"target\":[\"https:\/\/www.charita.sk\/svet\/obnova-skoly-al-ikhlas-bezpecne-vzdelavanie-v-syrskej-hame\/\"]}]},{\"@type\":\"BreadcrumbList\",\"@id\":\"https:\/\/www.charita.sk\/svet\/obnova-skoly-al-ikhlas-bezpecne-vzdelavanie-v-syrskej-hame\/#breadcrumb\",\"itemListElement\":[{\"@type\":\"ListItem\",\"position\":1,\"name\":\"Domovsk\u00e1 str\u00e1nka\",\"item\":\"https:\/\/www.charita.sk\/svet\/\"},{\"@type\":\"ListItem\",\"position\":2,\"name\":\"Obnova \u0161koly Al-ikhlas: bezpe\u010dn\u00e9 vzdel\u00e1vanie v S\u00fdrskej Hame\"}]},{\"@type\":\"WebSite\",\"@id\":\"https:\/\/www.charita.sk\/svet\/#website\",\"url\":\"https:\/\/www.charita.sk\/svet\/\",\"name\":\"Charita vo svete\",\"description\":\"Slovensk\u00e1 katol\u00edcka charita pom\u00e1ha \u013eu\u010fom v n\u00fadzi vo svete\",\"publisher\":{\"@id\":\"https:\/\/www.charita.sk\/svet\/#organization\"},\"potentialAction\":[{\"@type\":\"SearchAction\",\"target\":{\"@type\":\"EntryPoint\",\"urlTemplate\":\"https:\/\/www.charita.sk\/svet\/?s={search_term_string}\"},\"query-input\":{\"@type\":\"PropertyValueSpecification\",\"valueRequired\":true,\"valueName\":\"search_term_string\"}}],\"inLanguage\":\"sk-SK\"},{\"@type\":\"Organization\",\"@id\":\"https:\/\/www.charita.sk\/svet\/#organization\",\"name\":\"Slovensk\u00e1 katol\u00edcka charita\",\"url\":\"https:\/\/www.charita.sk\/svet\/\",\"logo\":{\"@type\":\"ImageObject\",\"inLanguage\":\"sk-SK\",\"@id\":\"https:\/\/www.charita.sk\/svet\/#\/schema\/logo\/image\/\",\"url\":\"https:\/\/www.charita.sk\/pomoc-utecencom\/wp-content\/uploads\/2020\/11\/logo_pomoc_utecencom.jpg\",\"contentUrl\":\"https:\/\/www.charita.sk\/pomoc-utecencom\/wp-content\/uploads\/2020\/11\/logo_pomoc_utecencom.jpg\",\"width\":1712,\"height\":480,\"caption\":\"Slovensk\u00e1 katol\u00edcka charita\"},\"image\":{\"@id\":\"https:\/\/www.charita.sk\/svet\/#\/schema\/logo\/image\/\"},\"sameAs\":[\"https:\/\/www.facebook.com\/CaritasSlovakia\/\",\"https:\/\/www.instagram.com\/caritas_slovakia\/\",\"https:\/\/www.linkedin.com\/company\/caritas-slovakia-skch-\",\"https:\/\/www.youtube.com\/user\/katolickacharita\"]}]}<\/script>\n<!-- \/ Yoast SEO plugin. -->","yoast_head_json":{"title":"Obnova \u0161koly Al-ikhlas: bezpe\u010dn\u00e9 vzdel\u00e1vanie v S\u00fdrskej Hame | Charita vo svete","robots":{"index":"index","follow":"follow","max-snippet":"max-snippet:-1","max-image-preview":"max-image-preview:large","max-video-preview":"max-video-preview:-1"},"canonical":"https:\/\/www.charita.sk\/svet\/obnova-skoly-al-ikhlas-bezpecne-vzdelavanie-v-syrskej-hame\/","og_locale":"sk_SK","og_type":"article","og_title":"Obnova \u0161koly Al-ikhlas: bezpe\u010dn\u00e9 vzdel\u00e1vanie v S\u00fdrskej Hame | Charita vo svete","og_description":"N\u00e1zov projektu:\u00a0Rekon\u0161trukcia starej \u010dasti cirkevnej \u0161kolyMiesto implement\u00e1cie: S\u00fdria, Hama, \u0161tvr\u0165 Almdina, \u0160kola [&hellip;]","og_url":"https:\/\/www.charita.sk\/svet\/obnova-skoly-al-ikhlas-bezpecne-vzdelavanie-v-syrskej-hame\/","og_site_name":"Charita vo svete","article_publisher":"https:\/\/www.facebook.com\/CaritasSlovakia\/","article_modified_time":"2026-03-03T09:02:34+00:00","twitter_card":"summary_large_image","twitter_misc":{"Predpokladan\u00fd \u010das \u010d\u00edtania":"2 min\u00faty"},"schema":{"@context":"https:\/\/schema.org","@graph":[{"@type":"WebPage","@id":"https:\/\/www.charita.sk\/svet\/obnova-skoly-al-ikhlas-bezpecne-vzdelavanie-v-syrskej-hame\/","url":"https:\/\/www.charita.sk\/svet\/obnova-skoly-al-ikhlas-bezpecne-vzdelavanie-v-syrskej-hame\/","name":"Obnova \u0161koly Al-ikhlas: bezpe\u010dn\u00e9 vzdel\u00e1vanie v S\u00fdrskej Hame | Charita vo svete","isPartOf":{"@id":"https:\/\/www.charita.sk\/svet\/#website"},"datePublished":"2026-03-03T08:57:50+00:00","dateModified":"2026-03-03T09:02:34+00:00","breadcrumb":{"@id":"https:\/\/www.charita.sk\/svet\/obnova-skoly-al-ikhlas-bezpecne-vzdelavanie-v-syrskej-hame\/#breadcrumb"},"inLanguage":"sk-SK","potentialAction":[{"@type":"ReadAction","target":["https:\/\/www.charita.sk\/svet\/obnova-skoly-al-ikhlas-bezpecne-vzdelavanie-v-syrskej-hame\/"]}]},{"@type":"BreadcrumbList","@id":"https:\/\/www.charita.sk\/svet\/obnova-skoly-al-ikhlas-bezpecne-vzdelavanie-v-syrskej-hame\/#breadcrumb","itemListElement":[{"@type":"ListItem","position":1,"name":"Domovsk\u00e1 str\u00e1nka","item":"https:\/\/www.charita.sk\/svet\/"},{"@type":"ListItem","position":2,"name":"Obnova \u0161koly Al-ikhlas: bezpe\u010dn\u00e9 vzdel\u00e1vanie v S\u00fdrskej Hame"}]},{"@type":"WebSite","@id":"https:\/\/www.charita.sk\/svet\/#website","url":"https:\/\/www.charita.sk\/svet\/","name":"Charita vo svete","description":"Slovensk\u00e1 katol\u00edcka charita pom\u00e1ha \u013eu\u010fom v n\u00fadzi vo svete","publisher":{"@id":"https:\/\/www.charita.sk\/svet\/#organization"},"potentialAction":[{"@type":"SearchAction","target":{"@type":"EntryPoint","urlTemplate":"https:\/\/www.charita.sk\/svet\/?s={search_term_string}"},"query-input":{"@type":"PropertyValueSpecification","valueRequired":true,"valueName":"search_term_string"}}],"inLanguage":"sk-SK"},{"@type":"Organization","@id":"https:\/\/www.charita.sk\/svet\/#organization","name":"Slovensk\u00e1 katol\u00edcka charita","url":"https:\/\/www.charita.sk\/svet\/","logo":{"@type":"ImageObject","inLanguage":"sk-SK","@id":"https:\/\/www.charita.sk\/svet\/#\/schema\/logo\/image\/","url":"https:\/\/www.charita.sk\/pomoc-utecencom\/wp-content\/uploads\/2020\/11\/logo_pomoc_utecencom.jpg","contentUrl":"https:\/\/www.charita.sk\/pomoc-utecencom\/wp-content\/uploads\/2020\/11\/logo_pomoc_utecencom.jpg","width":1712,"height":480,"caption":"Slovensk\u00e1 katol\u00edcka charita"},"image":{"@id":"https:\/\/www.charita.sk\/svet\/#\/schema\/logo\/image\/"},"sameAs":["https:\/\/www.facebook.com\/CaritasSlovakia\/","https:\/\/www.instagram.com\/caritas_slovakia\/","https:\/\/www.linkedin.com\/company\/caritas-slovakia-skch-","https:\/\/www.youtube.com\/user\/katolickacharita"]}]}},"featured_image_src":null,"featured_image_src_square":null,"_links":{"self":[{"href":"https:\/\/www.charita.sk\/svet\/wp-json\/wp\/v2\/pages\/3411","targetHints":{"allow":["GET"]}}],"collection":[{"href":"https:\/\/www.charita.sk\/svet\/wp-json\/wp\/v2\/pages"}],"about":[{"href":"https:\/\/www.charita.sk\/svet\/wp-json\/wp\/v2\/types\/page"}],"author":[{"embeddable":true,"href":"https:\/\/www.charita.sk\/svet\/wp-json\/wp\/v2\/users\/10"}],"replies":[{"embeddable":true,"href":"https:\/\/www.charita.sk\/svet\/wp-json\/wp\/v2\/comments?post=3411"}],"version-history":[{"count":2,"href":"https:\/\/www.charita.sk\/svet\/wp-json\/wp\/v2\/pages\/3411\/revisions"}],"predecessor-version":[{"id":3417,"href":"https:\/\/www.charita.sk\/svet\/wp-json\/wp\/v2\/pages\/3411\/revisions\/3417"}],"wp:attachment":[{"href":"https:\/\/www.charita.sk\/svet\/wp-json\/wp\/v2\/media?parent=3411"}],"curies":[{"name":"wp","href":"https:\/\/api.w.org\/{rel}","templated":true}]}}