{"id":3416,"date":"2026-03-03T10:11:50","date_gmt":"2026-03-03T09:11:50","guid":{"rendered":"https:\/\/www.charita.sk\/svet\/?page_id=3416"},"modified":"2026-03-03T10:14:47","modified_gmt":"2026-03-03T09:14:47","slug":"sanca-na-rozvoj-inkluzivne-vzdelavanie-v-skole-al-maahabeh","status":"publish","type":"page","link":"https:\/\/www.charita.sk\/svet\/sanca-na-rozvoj-inkluzivne-vzdelavanie-v-skole-al-maahabeh\/","title":{"rendered":"\u0160ANCA NA ROZVOJ: INKLUZ\u00cdVNE VZDEL\u00c1VANIE V \u0160KOLE AL MAAHABEH"},"content":{"rendered":"\n<p class=\"has-white-color has-text-color has-background\" style=\"background-color:#c42f41\"><strong>N\u00e1zov projektu:<\/strong>\u00a0Vzdel\u00e1vanie pre deti so zdravotn\u00fdm postihnut\u00edm<br><strong>Miesto implement\u00e1cie:<\/strong> S\u00fdria, Damask, star\u00e9 mesto, \u0161kola Almahabeh<br><strong>Projektov\u00fd partner:<\/strong>\u00a0Caritas Syria<br><strong>Po\u010det pr\u00edjemcov pomoci:<\/strong>\u00a052<br><strong>Suma na podporu projektu:<\/strong>\u00a020 000 EUR<br><strong>Obdobie implement\u00e1cie projektu<\/strong>: 6 mesiacov<\/p>\n\n\n\n<p>Ka\u017ed\u00e9 die\u0165a, bez oh\u013eadu na svoje zdravotn\u00e9 znev\u00fdhodnenie, si zasl\u00fa\u017ei vzdelanie, ktor\u00e9 re\u0161pektuje jeho individu\u00e1lne potreby a umo\u017en\u00ed mu rozv\u00edja\u0165 svoj skryt\u00fd potenci\u00e1l. V \u0161kole Al Maahabeh sme sa rozhodli premeni\u0165 t\u00fato v\u00edziu na realitu prostredn\u00edctvom implement\u00e1cie medzin\u00e1rodne uzn\u00e1van\u00e9ho programu <strong>Portage<\/strong>. N\u00e1\u0161 cie\u013e je jasn\u00fd: poskytn\u00fa\u0165 de\u0165om so \u0161peci\u00e1lnymi v\u00fdchovno-vzdel\u00e1vac\u00edmi potrebami bezpe\u010dn\u00e9 a podnetn\u00e9 prostredie, v ktorom nebud\u00fa st\u00e1\u0165 na okraji, ale stan\u00fa sa s\u00fa\u010das\u0165ou komunity.<\/p>\n\n\n\n<p>Srdcom projektu je intenz\u00edvna podpora desiatich vybran\u00fdch \u0161tudentov, ktor\u00fdm sa venuj\u00fa \u0161tyria odborn\u00ed asistenti. Spolo\u010dne pracujeme na individu\u00e1lnych vzdel\u00e1vac\u00edch pl\u00e1noch, ktor\u00e9 sa nezameriavaj\u00fa len na vedomosti, ale predov\u0161etk\u00fdm na k\u013e\u00fa\u010dov\u00e9 komunika\u010dn\u00e9 zru\u010dnosti, soci\u00e1lnu interakciu a zvl\u00e1danie ka\u017edodenn\u00fdch aktiv\u00edt. Deti sa u\u010dia v mal\u00fdch skupin\u00e1ch formou hry, pri\u010dom vyu\u017e\u00edvame silu umenia, hudby a pohybov\u00fdch aktiv\u00edt na stimul\u00e1ciu ich kreativity a jemnej motoriky.<\/p>\n\n\n\n<p>Ver\u00edme, \u017ee k\u013e\u00fa\u010dom k \u00faspe\u0161nej inkl\u00fazii s\u00fa vzdelan\u00ed pedag\u00f3govia a zapojen\u00ed rodi\u010dia. Preto v r\u00e1mci projektu \u0161kol\u00edme sedem u\u010dite\u013eov \u0161koly v metodike programu Portage, \u010d\u00edm im odovzd\u00e1vame udr\u017eate\u013en\u00e9 n\u00e1stroje a strat\u00e9gie, z ktor\u00fdch bud\u00fa v bud\u00facnosti profitova\u0165 v\u0161etci \u017eiaci \u0161koly. Rovnako d\u00f4le\u017eit\u00fd je pre n\u00e1s aj domov det\u00ed \u2013 prostredn\u00edctvom odborn\u00fdch workshopov pre rodiny u\u010d\u00edme rodi\u010dov, ako m\u00f4\u017eu rozvoj svojho die\u0165a\u0165a efekt\u00edvne podporova\u0165 v dom\u00e1com prostred\u00ed.<\/p>\n\n\n\n<p>Tento projekt nie je len o kr\u00e1tkodobej pomoci, ale o budovan\u00ed trvalo udr\u017eate\u013en\u00e9ho syst\u00e9mu inkluz\u00edvneho vzdel\u00e1vania. Spolo\u010dne b\u00farame bari\u00e9ry a otv\u00e1rame de\u0165om so zdravotn\u00fdm postihnut\u00edm dvere k samostatnej\u0161ej a d\u00f4stojnej\u0161ej bud\u00facnosti.<\/p>\n\n\n\n<p class=\"has-text-align-center has-background\" style=\"background-color:#e2e2e2\"><strong>Projekt finan\u010dne podporuje&nbsp;<a rel=\"noreferrer noopener\" href=\"https:\/\/kbs.sk\" target=\"_blank\">Konferencia biskupov Slovenska<\/a><\/strong><\/p>\n\n\n\n<p><\/p>\n\n\n\n<p><\/p>\n","protected":false},"excerpt":{"rendered":"<p>N\u00e1zov projektu:\u00a0Vzdel\u00e1vanie pre deti so zdravotn\u00fdm postihnut\u00edmMiesto implement\u00e1cie: S\u00fdria, Damask, star\u00e9 mesto, [&hellip;]<\/p>\n","protected":false},"author":10,"featured_media":0,"parent":0,"menu_order":0,"comment_status":"closed","ping_status":"closed","template":"","meta":{"footnotes":""},"class_list":["post-3416","page","type-page","status-publish","hentry"],"yoast_head":"<!-- This site is optimized with the Yoast SEO plugin v25.4 - https:\/\/yoast.com\/wordpress\/plugins\/seo\/ -->\n<title>\u0160ANCA NA ROZVOJ: INKLUZ\u00cdVNE VZDEL\u00c1VANIE V \u0160KOLE AL MAAHABEH | Charita vo svete<\/title>\n<meta name=\"robots\" content=\"index, follow, max-snippet:-1, max-image-preview:large, max-video-preview:-1\" \/>\n<link rel=\"canonical\" href=\"https:\/\/www.charita.sk\/svet\/sanca-na-rozvoj-inkluzivne-vzdelavanie-v-skole-al-maahabeh\/\" \/>\n<meta property=\"og:locale\" content=\"sk_SK\" \/>\n<meta property=\"og:type\" content=\"article\" \/>\n<meta property=\"og:title\" content=\"\u0160ANCA NA ROZVOJ: INKLUZ\u00cdVNE VZDEL\u00c1VANIE V \u0160KOLE AL MAAHABEH | Charita vo svete\" \/>\n<meta property=\"og:description\" content=\"N\u00e1zov projektu:\u00a0Vzdel\u00e1vanie pre deti so zdravotn\u00fdm postihnut\u00edmMiesto implement\u00e1cie: S\u00fdria, Damask, star\u00e9 mesto, [&hellip;]\" \/>\n<meta property=\"og:url\" content=\"https:\/\/www.charita.sk\/svet\/sanca-na-rozvoj-inkluzivne-vzdelavanie-v-skole-al-maahabeh\/\" \/>\n<meta property=\"og:site_name\" content=\"Charita vo svete\" \/>\n<meta property=\"article:publisher\" content=\"https:\/\/www.facebook.com\/CaritasSlovakia\/\" \/>\n<meta property=\"article:modified_time\" content=\"2026-03-03T09:14:47+00:00\" \/>\n<meta name=\"twitter:card\" content=\"summary_large_image\" \/>\n<meta name=\"twitter:label1\" content=\"Predpokladan\u00fd \u010das \u010d\u00edtania\" \/>\n\t<meta name=\"twitter:data1\" content=\"2 min\u00faty\" \/>\n<script type=\"application\/ld+json\" class=\"yoast-schema-graph\">{\"@context\":\"https:\/\/schema.org\",\"@graph\":[{\"@type\":\"WebPage\",\"@id\":\"https:\/\/www.charita.sk\/svet\/sanca-na-rozvoj-inkluzivne-vzdelavanie-v-skole-al-maahabeh\/\",\"url\":\"https:\/\/www.charita.sk\/svet\/sanca-na-rozvoj-inkluzivne-vzdelavanie-v-skole-al-maahabeh\/\",\"name\":\"\u0160ANCA NA ROZVOJ: INKLUZ\u00cdVNE VZDEL\u00c1VANIE V \u0160KOLE AL MAAHABEH | Charita vo svete\",\"isPartOf\":{\"@id\":\"https:\/\/www.charita.sk\/svet\/#website\"},\"datePublished\":\"2026-03-03T09:11:50+00:00\",\"dateModified\":\"2026-03-03T09:14:47+00:00\",\"breadcrumb\":{\"@id\":\"https:\/\/www.charita.sk\/svet\/sanca-na-rozvoj-inkluzivne-vzdelavanie-v-skole-al-maahabeh\/#breadcrumb\"},\"inLanguage\":\"sk-SK\",\"potentialAction\":[{\"@type\":\"ReadAction\",\"target\":[\"https:\/\/www.charita.sk\/svet\/sanca-na-rozvoj-inkluzivne-vzdelavanie-v-skole-al-maahabeh\/\"]}]},{\"@type\":\"BreadcrumbList\",\"@id\":\"https:\/\/www.charita.sk\/svet\/sanca-na-rozvoj-inkluzivne-vzdelavanie-v-skole-al-maahabeh\/#breadcrumb\",\"itemListElement\":[{\"@type\":\"ListItem\",\"position\":1,\"name\":\"Domovsk\u00e1 str\u00e1nka\",\"item\":\"https:\/\/www.charita.sk\/svet\/\"},{\"@type\":\"ListItem\",\"position\":2,\"name\":\"\u0160ANCA NA ROZVOJ: INKLUZ\u00cdVNE VZDEL\u00c1VANIE V \u0160KOLE AL MAAHABEH\"}]},{\"@type\":\"WebSite\",\"@id\":\"https:\/\/www.charita.sk\/svet\/#website\",\"url\":\"https:\/\/www.charita.sk\/svet\/\",\"name\":\"Charita vo svete\",\"description\":\"Slovensk\u00e1 katol\u00edcka charita pom\u00e1ha \u013eu\u010fom v n\u00fadzi vo svete\",\"publisher\":{\"@id\":\"https:\/\/www.charita.sk\/svet\/#organization\"},\"potentialAction\":[{\"@type\":\"SearchAction\",\"target\":{\"@type\":\"EntryPoint\",\"urlTemplate\":\"https:\/\/www.charita.sk\/svet\/?s={search_term_string}\"},\"query-input\":{\"@type\":\"PropertyValueSpecification\",\"valueRequired\":true,\"valueName\":\"search_term_string\"}}],\"inLanguage\":\"sk-SK\"},{\"@type\":\"Organization\",\"@id\":\"https:\/\/www.charita.sk\/svet\/#organization\",\"name\":\"Slovensk\u00e1 katol\u00edcka charita\",\"url\":\"https:\/\/www.charita.sk\/svet\/\",\"logo\":{\"@type\":\"ImageObject\",\"inLanguage\":\"sk-SK\",\"@id\":\"https:\/\/www.charita.sk\/svet\/#\/schema\/logo\/image\/\",\"url\":\"https:\/\/www.charita.sk\/pomoc-utecencom\/wp-content\/uploads\/2020\/11\/logo_pomoc_utecencom.jpg\",\"contentUrl\":\"https:\/\/www.charita.sk\/pomoc-utecencom\/wp-content\/uploads\/2020\/11\/logo_pomoc_utecencom.jpg\",\"width\":1712,\"height\":480,\"caption\":\"Slovensk\u00e1 katol\u00edcka charita\"},\"image\":{\"@id\":\"https:\/\/www.charita.sk\/svet\/#\/schema\/logo\/image\/\"},\"sameAs\":[\"https:\/\/www.facebook.com\/CaritasSlovakia\/\",\"https:\/\/www.instagram.com\/caritas_slovakia\/\",\"https:\/\/www.linkedin.com\/company\/caritas-slovakia-skch-\",\"https:\/\/www.youtube.com\/user\/katolickacharita\"]}]}<\/script>\n<!-- \/ Yoast SEO plugin. -->","yoast_head_json":{"title":"\u0160ANCA NA ROZVOJ: INKLUZ\u00cdVNE VZDEL\u00c1VANIE V \u0160KOLE AL MAAHABEH | Charita vo svete","robots":{"index":"index","follow":"follow","max-snippet":"max-snippet:-1","max-image-preview":"max-image-preview:large","max-video-preview":"max-video-preview:-1"},"canonical":"https:\/\/www.charita.sk\/svet\/sanca-na-rozvoj-inkluzivne-vzdelavanie-v-skole-al-maahabeh\/","og_locale":"sk_SK","og_type":"article","og_title":"\u0160ANCA NA ROZVOJ: INKLUZ\u00cdVNE VZDEL\u00c1VANIE V \u0160KOLE AL MAAHABEH | Charita vo svete","og_description":"N\u00e1zov projektu:\u00a0Vzdel\u00e1vanie pre deti so zdravotn\u00fdm postihnut\u00edmMiesto implement\u00e1cie: S\u00fdria, Damask, star\u00e9 mesto, [&hellip;]","og_url":"https:\/\/www.charita.sk\/svet\/sanca-na-rozvoj-inkluzivne-vzdelavanie-v-skole-al-maahabeh\/","og_site_name":"Charita vo svete","article_publisher":"https:\/\/www.facebook.com\/CaritasSlovakia\/","article_modified_time":"2026-03-03T09:14:47+00:00","twitter_card":"summary_large_image","twitter_misc":{"Predpokladan\u00fd \u010das \u010d\u00edtania":"2 min\u00faty"},"schema":{"@context":"https:\/\/schema.org","@graph":[{"@type":"WebPage","@id":"https:\/\/www.charita.sk\/svet\/sanca-na-rozvoj-inkluzivne-vzdelavanie-v-skole-al-maahabeh\/","url":"https:\/\/www.charita.sk\/svet\/sanca-na-rozvoj-inkluzivne-vzdelavanie-v-skole-al-maahabeh\/","name":"\u0160ANCA NA ROZVOJ: INKLUZ\u00cdVNE VZDEL\u00c1VANIE V \u0160KOLE AL MAAHABEH | Charita vo svete","isPartOf":{"@id":"https:\/\/www.charita.sk\/svet\/#website"},"datePublished":"2026-03-03T09:11:50+00:00","dateModified":"2026-03-03T09:14:47+00:00","breadcrumb":{"@id":"https:\/\/www.charita.sk\/svet\/sanca-na-rozvoj-inkluzivne-vzdelavanie-v-skole-al-maahabeh\/#breadcrumb"},"inLanguage":"sk-SK","potentialAction":[{"@type":"ReadAction","target":["https:\/\/www.charita.sk\/svet\/sanca-na-rozvoj-inkluzivne-vzdelavanie-v-skole-al-maahabeh\/"]}]},{"@type":"BreadcrumbList","@id":"https:\/\/www.charita.sk\/svet\/sanca-na-rozvoj-inkluzivne-vzdelavanie-v-skole-al-maahabeh\/#breadcrumb","itemListElement":[{"@type":"ListItem","position":1,"name":"Domovsk\u00e1 str\u00e1nka","item":"https:\/\/www.charita.sk\/svet\/"},{"@type":"ListItem","position":2,"name":"\u0160ANCA NA ROZVOJ: INKLUZ\u00cdVNE VZDEL\u00c1VANIE V \u0160KOLE AL MAAHABEH"}]},{"@type":"WebSite","@id":"https:\/\/www.charita.sk\/svet\/#website","url":"https:\/\/www.charita.sk\/svet\/","name":"Charita vo svete","description":"Slovensk\u00e1 katol\u00edcka charita pom\u00e1ha \u013eu\u010fom v n\u00fadzi vo svete","publisher":{"@id":"https:\/\/www.charita.sk\/svet\/#organization"},"potentialAction":[{"@type":"SearchAction","target":{"@type":"EntryPoint","urlTemplate":"https:\/\/www.charita.sk\/svet\/?s={search_term_string}"},"query-input":{"@type":"PropertyValueSpecification","valueRequired":true,"valueName":"search_term_string"}}],"inLanguage":"sk-SK"},{"@type":"Organization","@id":"https:\/\/www.charita.sk\/svet\/#organization","name":"Slovensk\u00e1 katol\u00edcka charita","url":"https:\/\/www.charita.sk\/svet\/","logo":{"@type":"ImageObject","inLanguage":"sk-SK","@id":"https:\/\/www.charita.sk\/svet\/#\/schema\/logo\/image\/","url":"https:\/\/www.charita.sk\/pomoc-utecencom\/wp-content\/uploads\/2020\/11\/logo_pomoc_utecencom.jpg","contentUrl":"https:\/\/www.charita.sk\/pomoc-utecencom\/wp-content\/uploads\/2020\/11\/logo_pomoc_utecencom.jpg","width":1712,"height":480,"caption":"Slovensk\u00e1 katol\u00edcka charita"},"image":{"@id":"https:\/\/www.charita.sk\/svet\/#\/schema\/logo\/image\/"},"sameAs":["https:\/\/www.facebook.com\/CaritasSlovakia\/","https:\/\/www.instagram.com\/caritas_slovakia\/","https:\/\/www.linkedin.com\/company\/caritas-slovakia-skch-","https:\/\/www.youtube.com\/user\/katolickacharita"]}]}},"featured_image_src":null,"featured_image_src_square":null,"_links":{"self":[{"href":"https:\/\/www.charita.sk\/svet\/wp-json\/wp\/v2\/pages\/3416","targetHints":{"allow":["GET"]}}],"collection":[{"href":"https:\/\/www.charita.sk\/svet\/wp-json\/wp\/v2\/pages"}],"about":[{"href":"https:\/\/www.charita.sk\/svet\/wp-json\/wp\/v2\/types\/page"}],"author":[{"embeddable":true,"href":"https:\/\/www.charita.sk\/svet\/wp-json\/wp\/v2\/users\/10"}],"replies":[{"embeddable":true,"href":"https:\/\/www.charita.sk\/svet\/wp-json\/wp\/v2\/comments?post=3416"}],"version-history":[{"count":1,"href":"https:\/\/www.charita.sk\/svet\/wp-json\/wp\/v2\/pages\/3416\/revisions"}],"predecessor-version":[{"id":3424,"href":"https:\/\/www.charita.sk\/svet\/wp-json\/wp\/v2\/pages\/3416\/revisions\/3424"}],"wp:attachment":[{"href":"https:\/\/www.charita.sk\/svet\/wp-json\/wp\/v2\/media?parent=3416"}],"curies":[{"name":"wp","href":"https:\/\/api.w.org\/{rel}","templated":true}]}}