{"id":3434,"date":"2026-03-03T10:37:44","date_gmt":"2026-03-03T09:37:44","guid":{"rendered":"https:\/\/www.charita.sk\/svet\/?page_id=3434"},"modified":"2026-03-03T10:58:09","modified_gmt":"2026-03-03T09:58:09","slug":"materske-skoly-zalge-bezpecie-a-vzdelanie-pre-deti-v-syrii","status":"publish","type":"page","link":"https:\/\/www.charita.sk\/svet\/materske-skoly-zalge-bezpecie-a-vzdelanie-pre-deti-v-syrii\/","title":{"rendered":"Matersk\u00e9 \u0161koly Zalge: bezpe\u010die a vzdelanie pre deti v S\u00fdrii"},"content":{"rendered":"\n<p class=\"has-white-color has-text-color has-background\" style=\"background-color:#c42f41\"><strong>N\u00e1zov projektu:<\/strong>\u00a0Podpora pre matersk\u00e9 \u0161koly Zalge 1 a 2<br><strong>Miesto implement\u00e1cie:<\/strong> Al Qamishli, , Governor\u00e1t Al Hassaka<br>Auton\u00f3mna administrat\u00edva severu a\u00a0v\u00fdchodu S\u00fdrie, S\u00fdria<br><strong>Projektov\u00fd partner:<\/strong>\u00a0Syriac Cross<br><strong>Po\u010det pr\u00edjemcov pomoci:<\/strong>\u00a0100+<br><strong>Suma na podporu projektu:<\/strong>\u00a03 000 EUR<br><strong>Obdobie implement\u00e1cie projektu<\/strong>: 01.09.2025 \u2013 01.08.2026<\/p>\n\n\n\n<p>Projekt je zameran\u00fd na \u017eeny a deti. \u017deny maj\u00fa mo\u017enos\u0165 chodi\u0165 do pr\u00e1ce, zatia\u013e \u010do ich deti s\u00fa v&nbsp;bezpe\u010d\u00ed v \u0161k\u00f4lke. To d\u00e1va \u017een\u00e1m \u0161ancu zlep\u0161i\u0165 finan\u010dn\u00fa situ\u00e1ciu ich rod\u00edn a de\u0165om mo\u017enos\u0165 tr\u00e1vi\u0165 \u010das so svojimi rovesn\u00edkmi. O deti sa staraj\u00fa u\u010ditelia, ktor\u00ed rozumej\u00fa ich situ\u00e1cii. Z dlhodob\u00e9ho h\u013eadiska \u0161k\u00f4lka d\u00e1va de\u0165om lep\u0161\u00ed za\u010diatok do ich ne\u013eahk\u00e9ho \u017eivota.<\/p>\n\n\n\n<p>Matersk\u00e1 \u0161kola Zalge 1 bola zalo\u017een\u00e1 v roku 2015 Syriackou \u00faniou \u017eien (Syriac Women\u2019s Union -SWU). Vzh\u013eadom na narastaj\u00faci po\u010det \u017eiadost\u00ed o prijatie det\u00ed do Zalge 1, Syriacka \u00fania \u017eien h\u013eadala financie na zriadenie M\u0160 Zalge 2. Podarilo sa to v roku 2019 s podporou Konferencie biskupov Slovenska a Slovenskej katol\u00edckej Charity.<\/p>\n\n\n\n<p>Syriacka \u00fania \u017eien si osvojila pr\u00edstup, ktor\u00fd umo\u017e\u0148uje vyu\u017e\u00edva\u0165 \u0161k\u00f4lku v\u0161etk\u00fdm z\u00e1ujemcom bez oh\u013eadu na ich n\u00e1bo\u017eensk\u00fa a etnick\u00fa pr\u00edslu\u0161nos\u0165.<\/p>\n\n\n\n<p>Od roku 2019 matersk\u00e9 \u0161koly v Zalge prijali 85 det\u00ed s\u00fdrskeho, kres\u0165ansk\u00e9ho, kurdsk\u00e9ho a arabsk\u00e9ho p\u00f4vodu. V t\u00fdchto dvoch matersk\u00fdch \u0161kol\u00e1ch SWU vyu\u010duje deti vo veku od 3 do 5 rokov v 3 jazykoch: aramej\u010dine, arab\u010dine a angli\u010dtine.<\/p>\n\n\n\n<p>Okrem toho je projekt modelom inkl\u00fazie, ktor\u00fd v\u00edta deti z r\u00f4znych n\u00e1bo\u017eensk\u00fdch a etnick\u00fdch prostred\u00ed. T\u00fdm, \u017ee matersk\u00e9 \u0161koly sp\u00e1jaj\u00fa s\u00fdrske, kres\u0165ansk\u00e9, kurdsk\u00e9 a arabsk\u00e9 deti, sl\u00fa\u017eia ako most pre mierov\u00e9 spoluna\u017e\u00edvanie a vz\u00e1jomn\u00e9 porozumenie a podporuj\u00fa bud\u00facu gener\u00e1ciu, ktor\u00e1 si v\u00e1\u017ei rozmanitos\u0165 a toleranciu.<\/p>\n\n\n\n<p>N\u00e1\u0161 projekt zabezpe\u010duje nevyhnutn\u00e9 financovanie ro\u010dn\u00e9ho n\u00e1jmu a n\u00e1kladov na energie pre obe budovy, \u010d\u00edm garantuje kontinuitu vzdel\u00e1vania a stability. Va\u0161a podpora pom\u00e1ha \u0161k\u00f4lkam Zalge r\u00e1s\u0165 a vychov\u00e1va\u0165 gener\u00e1ciu, ktor\u00e1 bude schopn\u00e1 budova\u0165 mierov\u00fa a tolerantn\u00fa bud\u00facnos\u0165 S\u00fdrie.<\/p>\n\n\n\n<p class=\"has-text-align-center has-background\" style=\"background-color:#e2e2e2\"><strong>Projekt finan\u010dne podporuje\u00a0<a href=\"https:\/\/kbs.sk\" target=\"_blank\" rel=\"noreferrer noopener\">Konferencia biskupov Slovenska<\/a><\/strong><\/p>\n\n\n\n<p><\/p>\n\n\n\n<p><\/p>\n","protected":false},"excerpt":{"rendered":"<p>N\u00e1zov projektu:\u00a0Podpora pre matersk\u00e9 \u0161koly Zalge 1 a 2Miesto implement\u00e1cie: Al Qamishli, [&hellip;]<\/p>\n","protected":false},"author":10,"featured_media":0,"parent":0,"menu_order":0,"comment_status":"closed","ping_status":"closed","template":"","meta":{"footnotes":""},"class_list":["post-3434","page","type-page","status-publish","hentry"],"yoast_head":"<!-- This site is optimized with the Yoast SEO plugin v25.4 - https:\/\/yoast.com\/wordpress\/plugins\/seo\/ -->\n<title>Matersk\u00e9 \u0161koly Zalge: bezpe\u010die a vzdelanie pre deti v S\u00fdrii | Charita vo svete<\/title>\n<meta name=\"robots\" content=\"index, follow, max-snippet:-1, max-image-preview:large, max-video-preview:-1\" \/>\n<link rel=\"canonical\" href=\"https:\/\/www.charita.sk\/svet\/materske-skoly-zalge-bezpecie-a-vzdelanie-pre-deti-v-syrii\/\" \/>\n<meta property=\"og:locale\" content=\"sk_SK\" \/>\n<meta property=\"og:type\" content=\"article\" \/>\n<meta property=\"og:title\" content=\"Matersk\u00e9 \u0161koly Zalge: bezpe\u010die a vzdelanie pre deti v S\u00fdrii | Charita vo svete\" \/>\n<meta property=\"og:description\" content=\"N\u00e1zov projektu:\u00a0Podpora pre matersk\u00e9 \u0161koly Zalge 1 a 2Miesto implement\u00e1cie: Al Qamishli, [&hellip;]\" \/>\n<meta property=\"og:url\" content=\"https:\/\/www.charita.sk\/svet\/materske-skoly-zalge-bezpecie-a-vzdelanie-pre-deti-v-syrii\/\" \/>\n<meta property=\"og:site_name\" content=\"Charita vo svete\" \/>\n<meta property=\"article:publisher\" content=\"https:\/\/www.facebook.com\/CaritasSlovakia\/\" \/>\n<meta property=\"article:modified_time\" content=\"2026-03-03T09:58:09+00:00\" \/>\n<meta name=\"twitter:card\" content=\"summary_large_image\" \/>\n<meta name=\"twitter:label1\" content=\"Predpokladan\u00fd \u010das \u010d\u00edtania\" \/>\n\t<meta name=\"twitter:data1\" content=\"2 min\u00faty\" \/>\n<script type=\"application\/ld+json\" class=\"yoast-schema-graph\">{\"@context\":\"https:\/\/schema.org\",\"@graph\":[{\"@type\":\"WebPage\",\"@id\":\"https:\/\/www.charita.sk\/svet\/materske-skoly-zalge-bezpecie-a-vzdelanie-pre-deti-v-syrii\/\",\"url\":\"https:\/\/www.charita.sk\/svet\/materske-skoly-zalge-bezpecie-a-vzdelanie-pre-deti-v-syrii\/\",\"name\":\"Matersk\u00e9 \u0161koly Zalge: bezpe\u010die a vzdelanie pre deti v S\u00fdrii | Charita vo svete\",\"isPartOf\":{\"@id\":\"https:\/\/www.charita.sk\/svet\/#website\"},\"datePublished\":\"2026-03-03T09:37:44+00:00\",\"dateModified\":\"2026-03-03T09:58:09+00:00\",\"breadcrumb\":{\"@id\":\"https:\/\/www.charita.sk\/svet\/materske-skoly-zalge-bezpecie-a-vzdelanie-pre-deti-v-syrii\/#breadcrumb\"},\"inLanguage\":\"sk-SK\",\"potentialAction\":[{\"@type\":\"ReadAction\",\"target\":[\"https:\/\/www.charita.sk\/svet\/materske-skoly-zalge-bezpecie-a-vzdelanie-pre-deti-v-syrii\/\"]}]},{\"@type\":\"BreadcrumbList\",\"@id\":\"https:\/\/www.charita.sk\/svet\/materske-skoly-zalge-bezpecie-a-vzdelanie-pre-deti-v-syrii\/#breadcrumb\",\"itemListElement\":[{\"@type\":\"ListItem\",\"position\":1,\"name\":\"Domovsk\u00e1 str\u00e1nka\",\"item\":\"https:\/\/www.charita.sk\/svet\/\"},{\"@type\":\"ListItem\",\"position\":2,\"name\":\"Matersk\u00e9 \u0161koly Zalge: bezpe\u010die a vzdelanie pre deti v S\u00fdrii\"}]},{\"@type\":\"WebSite\",\"@id\":\"https:\/\/www.charita.sk\/svet\/#website\",\"url\":\"https:\/\/www.charita.sk\/svet\/\",\"name\":\"Charita vo svete\",\"description\":\"Slovensk\u00e1 katol\u00edcka charita pom\u00e1ha \u013eu\u010fom v n\u00fadzi vo svete\",\"publisher\":{\"@id\":\"https:\/\/www.charita.sk\/svet\/#organization\"},\"potentialAction\":[{\"@type\":\"SearchAction\",\"target\":{\"@type\":\"EntryPoint\",\"urlTemplate\":\"https:\/\/www.charita.sk\/svet\/?s={search_term_string}\"},\"query-input\":{\"@type\":\"PropertyValueSpecification\",\"valueRequired\":true,\"valueName\":\"search_term_string\"}}],\"inLanguage\":\"sk-SK\"},{\"@type\":\"Organization\",\"@id\":\"https:\/\/www.charita.sk\/svet\/#organization\",\"name\":\"Slovensk\u00e1 katol\u00edcka charita\",\"url\":\"https:\/\/www.charita.sk\/svet\/\",\"logo\":{\"@type\":\"ImageObject\",\"inLanguage\":\"sk-SK\",\"@id\":\"https:\/\/www.charita.sk\/svet\/#\/schema\/logo\/image\/\",\"url\":\"https:\/\/www.charita.sk\/pomoc-utecencom\/wp-content\/uploads\/2020\/11\/logo_pomoc_utecencom.jpg\",\"contentUrl\":\"https:\/\/www.charita.sk\/pomoc-utecencom\/wp-content\/uploads\/2020\/11\/logo_pomoc_utecencom.jpg\",\"width\":1712,\"height\":480,\"caption\":\"Slovensk\u00e1 katol\u00edcka charita\"},\"image\":{\"@id\":\"https:\/\/www.charita.sk\/svet\/#\/schema\/logo\/image\/\"},\"sameAs\":[\"https:\/\/www.facebook.com\/CaritasSlovakia\/\",\"https:\/\/www.instagram.com\/caritas_slovakia\/\",\"https:\/\/www.linkedin.com\/company\/caritas-slovakia-skch-\",\"https:\/\/www.youtube.com\/user\/katolickacharita\"]}]}<\/script>\n<!-- \/ Yoast SEO plugin. -->","yoast_head_json":{"title":"Matersk\u00e9 \u0161koly Zalge: bezpe\u010die a vzdelanie pre deti v S\u00fdrii | Charita vo svete","robots":{"index":"index","follow":"follow","max-snippet":"max-snippet:-1","max-image-preview":"max-image-preview:large","max-video-preview":"max-video-preview:-1"},"canonical":"https:\/\/www.charita.sk\/svet\/materske-skoly-zalge-bezpecie-a-vzdelanie-pre-deti-v-syrii\/","og_locale":"sk_SK","og_type":"article","og_title":"Matersk\u00e9 \u0161koly Zalge: bezpe\u010die a vzdelanie pre deti v S\u00fdrii | Charita vo svete","og_description":"N\u00e1zov projektu:\u00a0Podpora pre matersk\u00e9 \u0161koly Zalge 1 a 2Miesto implement\u00e1cie: Al Qamishli, [&hellip;]","og_url":"https:\/\/www.charita.sk\/svet\/materske-skoly-zalge-bezpecie-a-vzdelanie-pre-deti-v-syrii\/","og_site_name":"Charita vo svete","article_publisher":"https:\/\/www.facebook.com\/CaritasSlovakia\/","article_modified_time":"2026-03-03T09:58:09+00:00","twitter_card":"summary_large_image","twitter_misc":{"Predpokladan\u00fd \u010das \u010d\u00edtania":"2 min\u00faty"},"schema":{"@context":"https:\/\/schema.org","@graph":[{"@type":"WebPage","@id":"https:\/\/www.charita.sk\/svet\/materske-skoly-zalge-bezpecie-a-vzdelanie-pre-deti-v-syrii\/","url":"https:\/\/www.charita.sk\/svet\/materske-skoly-zalge-bezpecie-a-vzdelanie-pre-deti-v-syrii\/","name":"Matersk\u00e9 \u0161koly Zalge: bezpe\u010die a vzdelanie pre deti v S\u00fdrii | Charita vo svete","isPartOf":{"@id":"https:\/\/www.charita.sk\/svet\/#website"},"datePublished":"2026-03-03T09:37:44+00:00","dateModified":"2026-03-03T09:58:09+00:00","breadcrumb":{"@id":"https:\/\/www.charita.sk\/svet\/materske-skoly-zalge-bezpecie-a-vzdelanie-pre-deti-v-syrii\/#breadcrumb"},"inLanguage":"sk-SK","potentialAction":[{"@type":"ReadAction","target":["https:\/\/www.charita.sk\/svet\/materske-skoly-zalge-bezpecie-a-vzdelanie-pre-deti-v-syrii\/"]}]},{"@type":"BreadcrumbList","@id":"https:\/\/www.charita.sk\/svet\/materske-skoly-zalge-bezpecie-a-vzdelanie-pre-deti-v-syrii\/#breadcrumb","itemListElement":[{"@type":"ListItem","position":1,"name":"Domovsk\u00e1 str\u00e1nka","item":"https:\/\/www.charita.sk\/svet\/"},{"@type":"ListItem","position":2,"name":"Matersk\u00e9 \u0161koly Zalge: bezpe\u010die a vzdelanie pre deti v S\u00fdrii"}]},{"@type":"WebSite","@id":"https:\/\/www.charita.sk\/svet\/#website","url":"https:\/\/www.charita.sk\/svet\/","name":"Charita vo svete","description":"Slovensk\u00e1 katol\u00edcka charita pom\u00e1ha \u013eu\u010fom v n\u00fadzi vo svete","publisher":{"@id":"https:\/\/www.charita.sk\/svet\/#organization"},"potentialAction":[{"@type":"SearchAction","target":{"@type":"EntryPoint","urlTemplate":"https:\/\/www.charita.sk\/svet\/?s={search_term_string}"},"query-input":{"@type":"PropertyValueSpecification","valueRequired":true,"valueName":"search_term_string"}}],"inLanguage":"sk-SK"},{"@type":"Organization","@id":"https:\/\/www.charita.sk\/svet\/#organization","name":"Slovensk\u00e1 katol\u00edcka charita","url":"https:\/\/www.charita.sk\/svet\/","logo":{"@type":"ImageObject","inLanguage":"sk-SK","@id":"https:\/\/www.charita.sk\/svet\/#\/schema\/logo\/image\/","url":"https:\/\/www.charita.sk\/pomoc-utecencom\/wp-content\/uploads\/2020\/11\/logo_pomoc_utecencom.jpg","contentUrl":"https:\/\/www.charita.sk\/pomoc-utecencom\/wp-content\/uploads\/2020\/11\/logo_pomoc_utecencom.jpg","width":1712,"height":480,"caption":"Slovensk\u00e1 katol\u00edcka charita"},"image":{"@id":"https:\/\/www.charita.sk\/svet\/#\/schema\/logo\/image\/"},"sameAs":["https:\/\/www.facebook.com\/CaritasSlovakia\/","https:\/\/www.instagram.com\/caritas_slovakia\/","https:\/\/www.linkedin.com\/company\/caritas-slovakia-skch-","https:\/\/www.youtube.com\/user\/katolickacharita"]}]}},"featured_image_src":null,"featured_image_src_square":null,"_links":{"self":[{"href":"https:\/\/www.charita.sk\/svet\/wp-json\/wp\/v2\/pages\/3434","targetHints":{"allow":["GET"]}}],"collection":[{"href":"https:\/\/www.charita.sk\/svet\/wp-json\/wp\/v2\/pages"}],"about":[{"href":"https:\/\/www.charita.sk\/svet\/wp-json\/wp\/v2\/types\/page"}],"author":[{"embeddable":true,"href":"https:\/\/www.charita.sk\/svet\/wp-json\/wp\/v2\/users\/10"}],"replies":[{"embeddable":true,"href":"https:\/\/www.charita.sk\/svet\/wp-json\/wp\/v2\/comments?post=3434"}],"version-history":[{"count":2,"href":"https:\/\/www.charita.sk\/svet\/wp-json\/wp\/v2\/pages\/3434\/revisions"}],"predecessor-version":[{"id":3439,"href":"https:\/\/www.charita.sk\/svet\/wp-json\/wp\/v2\/pages\/3434\/revisions\/3439"}],"wp:attachment":[{"href":"https:\/\/www.charita.sk\/svet\/wp-json\/wp\/v2\/media?parent=3434"}],"curies":[{"name":"wp","href":"https:\/\/api.w.org\/{rel}","templated":true}]}}