{"id":3446,"date":"2026-03-03T11:29:53","date_gmt":"2026-03-03T10:29:53","guid":{"rendered":"https:\/\/www.charita.sk\/svet\/?page_id=3446"},"modified":"2026-03-03T11:29:54","modified_gmt":"2026-03-03T10:29:54","slug":"skoliace-stredisko-pre-zeny-v-syrii-cesta-k-nezavislosti-a-dostojnosti","status":"publish","type":"page","link":"https:\/\/www.charita.sk\/svet\/skoliace-stredisko-pre-zeny-v-syrii-cesta-k-nezavislosti-a-dostojnosti\/","title":{"rendered":"\u0160koliace stredisko pre \u017eeny v s\u00fdrii: cesta k nez\u00e1vislosti a d\u00f4stojnosti"},"content":{"rendered":"\n<p class=\"has-white-color has-text-color has-background\" style=\"background-color:#c42f41\"><strong>N\u00e1zov projektu:<\/strong>\u00a0Podpora pre \u0161koliace stredisko pre \u017eeny<br><strong>Miesto implement\u00e1cie:<\/strong> <a>Al Hassaka<\/a>, , Governor\u00e1t Al Hassaka<br>Auton\u00f3mna administrat\u00edva severu a\u00a0v\u00fdchodu S\u00fdrie, S\u00fdria<br><strong>Projektov\u00fd partner:<\/strong>\u00a0Syriac Cross<br><strong>Po\u010det pr\u00edjemcov pomoci:<\/strong>\u00a0200+<br><strong>Suma na podporu projektu:<\/strong>\u00a016 000 EUR<br><strong>Obdobie implement\u00e1cie projektu<\/strong>: 01.09.2025 \u2013 01.08.2026<\/p>\n\n\n\n<p>Dlhotrvaj\u00faci konflikt v S\u00fdrii dramaticky zmenil \u017eivoty tis\u00edcok \u017eien. Mnoh\u00e9 z nich pri\u0161li o man\u017eelov \u2013 hlavn\u00fdch \u017eivite\u013eov rod\u00edn \u2013 a zo d\u0148a na de\u0148 sa stali vdovami zodpovedn\u00fdmi za pre\u017eitie svojich det\u00ed v mimoriadne n\u00e1ro\u010dnom soci\u00e1lnom a ekonomickom prostred\u00ed. Situ\u00e1ciu komplikuje aj fakt, \u017ee pre mnoh\u00e9 diev\u010dat\u00e1 a mlad\u00e9 \u017eeny je cestovanie za pr\u00e1cou \u010di vzdelan\u00edm nebezpe\u010dn\u00e9, nehovoriac o tis\u00edckach vn\u00fatorne vys\u00eddlen\u00fdch os\u00f4b, ktor\u00e9 \u017eij\u00fa v proviz\u00f3rnych podmienkach \u010faleko od svojich domovov.<\/p>\n\n\n\n<p>Na\u0161e \u0161koliace stredisko, ktor\u00e9 vzniklo v\u010faka finan\u010dnej podpore Konferencie biskupov Slovenska a spolupr\u00e1ci Slovenskej katol\u00edckej charity s miestnou organiz\u00e1ciou Syriac Cross, je odpove\u010fou na tieto naliehav\u00e9 v\u00fdzvy. Jeho cie\u013eom je poskytn\u00fa\u0165 \u017een\u00e1m bezpe\u010dn\u00fd priestor, kde m\u00f4\u017eu z\u00edska\u0165 praktick\u00e9 zru\u010dnosti potrebn\u00e9 pre uplatnenie sa na trhu pr\u00e1ce a zabezpe\u010denie vlastn\u00fdch rod\u00edn.<\/p>\n\n\n\n<p>V s\u00fa\u010dasnosti stredisko pon\u00faka \u0161irok\u00e9 spektrum odborn\u00fdch kurzov: od pr\u00e1ce s po\u010d\u00edta\u010dom cez kraj\u010d\u00edrstvo, kadern\u00edctvo a kozmetiku a\u017e po kurzy prvej pomoci. Okrem remesla a technick\u00fdch zru\u010dnost\u00ed v\u0161ak \u017een\u00e1m poskytujeme aj nevyhnutn\u00fa psychologick\u00fa podporu. Odborn\u00e9 poradenstvo im pom\u00e1ha spracova\u0165 pre\u017eit\u00e9 traumy a u\u013eah\u010duje ich integr\u00e1ciu do nov\u00fdch, \u010dasto neist\u00fdch \u017eivotn\u00fdch podmienok.<\/p>\n\n\n\n<p>V\u00fdsledky strediska s\u00fa hmatate\u013en\u00e9 \u2013 absolventky neodch\u00e1dzaj\u00fa len s nov\u00fdmi vedomos\u0165ami, ale predov\u0161etk\u00fdm so znovun\u00e1jden\u00fdm sebavedom\u00edm a pocitom spolupatri\u010dnosti. Vytv\u00e1raj\u00fa komunitu, ktor\u00e1 sa navz\u00e1jom podporuje a pozit\u00edvne ovplyv\u0148uje cel\u00fa miestnu spolo\u010dnos\u0165. Va\u0161a podpora n\u00e1m umo\u017en\u00ed zabezpe\u010di\u0165 prev\u00e1dzku strediska na \u010fal\u0161\u00edch 12 mesiacov a pom\u00f4c\u0165 \u010fal\u0161\u00edm s\u00fdrskym matk\u00e1m a \u017een\u00e1m postavi\u0165 sa na vlastn\u00e9 nohy.<\/p>\n\n\n\n<p class=\"has-text-align-center has-background\" style=\"background-color:#e2e2e2\"><strong>Projekt finan\u010dne podporuje&nbsp;<a href=\"https:\/\/kbs.sk\" target=\"_blank\" rel=\"noreferrer noopener\">Konferencia biskupov Slovenska<\/a><\/strong><\/p>\n\n\n\n<p><\/p>\n\n\n\n<p><\/p>\n","protected":false},"excerpt":{"rendered":"<p>N\u00e1zov projektu:\u00a0Podpora pre \u0161koliace stredisko pre \u017eenyMiesto implement\u00e1cie: Al Hassaka, , Governor\u00e1t [&hellip;]<\/p>\n","protected":false},"author":10,"featured_media":0,"parent":0,"menu_order":0,"comment_status":"closed","ping_status":"closed","template":"","meta":{"footnotes":""},"class_list":["post-3446","page","type-page","status-publish","hentry"],"yoast_head":"<!-- This site is optimized with the Yoast SEO plugin v25.4 - https:\/\/yoast.com\/wordpress\/plugins\/seo\/ -->\n<title>\u0160koliace stredisko pre \u017eeny v s\u00fdrii: cesta k nez\u00e1vislosti a d\u00f4stojnosti | Charita vo svete<\/title>\n<meta name=\"robots\" content=\"index, follow, max-snippet:-1, max-image-preview:large, max-video-preview:-1\" \/>\n<link rel=\"canonical\" href=\"https:\/\/www.charita.sk\/svet\/skoliace-stredisko-pre-zeny-v-syrii-cesta-k-nezavislosti-a-dostojnosti\/\" \/>\n<meta property=\"og:locale\" content=\"sk_SK\" \/>\n<meta property=\"og:type\" content=\"article\" \/>\n<meta property=\"og:title\" content=\"\u0160koliace stredisko pre \u017eeny v s\u00fdrii: cesta k nez\u00e1vislosti a d\u00f4stojnosti | Charita vo svete\" \/>\n<meta property=\"og:description\" content=\"N\u00e1zov projektu:\u00a0Podpora pre \u0161koliace stredisko pre \u017eenyMiesto implement\u00e1cie: Al Hassaka, , Governor\u00e1t [&hellip;]\" \/>\n<meta property=\"og:url\" content=\"https:\/\/www.charita.sk\/svet\/skoliace-stredisko-pre-zeny-v-syrii-cesta-k-nezavislosti-a-dostojnosti\/\" \/>\n<meta property=\"og:site_name\" content=\"Charita vo svete\" \/>\n<meta property=\"article:publisher\" content=\"https:\/\/www.facebook.com\/CaritasSlovakia\/\" \/>\n<meta property=\"article:modified_time\" content=\"2026-03-03T10:29:54+00:00\" \/>\n<meta name=\"twitter:card\" content=\"summary_large_image\" \/>\n<meta name=\"twitter:label1\" content=\"Predpokladan\u00fd \u010das \u010d\u00edtania\" \/>\n\t<meta name=\"twitter:data1\" content=\"2 min\u00faty\" \/>\n<script type=\"application\/ld+json\" class=\"yoast-schema-graph\">{\"@context\":\"https:\/\/schema.org\",\"@graph\":[{\"@type\":\"WebPage\",\"@id\":\"https:\/\/www.charita.sk\/svet\/skoliace-stredisko-pre-zeny-v-syrii-cesta-k-nezavislosti-a-dostojnosti\/\",\"url\":\"https:\/\/www.charita.sk\/svet\/skoliace-stredisko-pre-zeny-v-syrii-cesta-k-nezavislosti-a-dostojnosti\/\",\"name\":\"\u0160koliace stredisko pre \u017eeny v s\u00fdrii: cesta k nez\u00e1vislosti a d\u00f4stojnosti | Charita vo svete\",\"isPartOf\":{\"@id\":\"https:\/\/www.charita.sk\/svet\/#website\"},\"datePublished\":\"2026-03-03T10:29:53+00:00\",\"dateModified\":\"2026-03-03T10:29:54+00:00\",\"breadcrumb\":{\"@id\":\"https:\/\/www.charita.sk\/svet\/skoliace-stredisko-pre-zeny-v-syrii-cesta-k-nezavislosti-a-dostojnosti\/#breadcrumb\"},\"inLanguage\":\"sk-SK\",\"potentialAction\":[{\"@type\":\"ReadAction\",\"target\":[\"https:\/\/www.charita.sk\/svet\/skoliace-stredisko-pre-zeny-v-syrii-cesta-k-nezavislosti-a-dostojnosti\/\"]}]},{\"@type\":\"BreadcrumbList\",\"@id\":\"https:\/\/www.charita.sk\/svet\/skoliace-stredisko-pre-zeny-v-syrii-cesta-k-nezavislosti-a-dostojnosti\/#breadcrumb\",\"itemListElement\":[{\"@type\":\"ListItem\",\"position\":1,\"name\":\"Domovsk\u00e1 str\u00e1nka\",\"item\":\"https:\/\/www.charita.sk\/svet\/\"},{\"@type\":\"ListItem\",\"position\":2,\"name\":\"\u0160koliace stredisko pre \u017eeny v s\u00fdrii: cesta k nez\u00e1vislosti a d\u00f4stojnosti\"}]},{\"@type\":\"WebSite\",\"@id\":\"https:\/\/www.charita.sk\/svet\/#website\",\"url\":\"https:\/\/www.charita.sk\/svet\/\",\"name\":\"Charita vo svete\",\"description\":\"Slovensk\u00e1 katol\u00edcka charita pom\u00e1ha \u013eu\u010fom v n\u00fadzi vo svete\",\"publisher\":{\"@id\":\"https:\/\/www.charita.sk\/svet\/#organization\"},\"potentialAction\":[{\"@type\":\"SearchAction\",\"target\":{\"@type\":\"EntryPoint\",\"urlTemplate\":\"https:\/\/www.charita.sk\/svet\/?s={search_term_string}\"},\"query-input\":{\"@type\":\"PropertyValueSpecification\",\"valueRequired\":true,\"valueName\":\"search_term_string\"}}],\"inLanguage\":\"sk-SK\"},{\"@type\":\"Organization\",\"@id\":\"https:\/\/www.charita.sk\/svet\/#organization\",\"name\":\"Slovensk\u00e1 katol\u00edcka charita\",\"url\":\"https:\/\/www.charita.sk\/svet\/\",\"logo\":{\"@type\":\"ImageObject\",\"inLanguage\":\"sk-SK\",\"@id\":\"https:\/\/www.charita.sk\/svet\/#\/schema\/logo\/image\/\",\"url\":\"https:\/\/www.charita.sk\/pomoc-utecencom\/wp-content\/uploads\/2020\/11\/logo_pomoc_utecencom.jpg\",\"contentUrl\":\"https:\/\/www.charita.sk\/pomoc-utecencom\/wp-content\/uploads\/2020\/11\/logo_pomoc_utecencom.jpg\",\"width\":1712,\"height\":480,\"caption\":\"Slovensk\u00e1 katol\u00edcka charita\"},\"image\":{\"@id\":\"https:\/\/www.charita.sk\/svet\/#\/schema\/logo\/image\/\"},\"sameAs\":[\"https:\/\/www.facebook.com\/CaritasSlovakia\/\",\"https:\/\/www.instagram.com\/caritas_slovakia\/\",\"https:\/\/www.linkedin.com\/company\/caritas-slovakia-skch-\",\"https:\/\/www.youtube.com\/user\/katolickacharita\"]}]}<\/script>\n<!-- \/ Yoast SEO plugin. -->","yoast_head_json":{"title":"\u0160koliace stredisko pre \u017eeny v s\u00fdrii: cesta k nez\u00e1vislosti a d\u00f4stojnosti | Charita vo svete","robots":{"index":"index","follow":"follow","max-snippet":"max-snippet:-1","max-image-preview":"max-image-preview:large","max-video-preview":"max-video-preview:-1"},"canonical":"https:\/\/www.charita.sk\/svet\/skoliace-stredisko-pre-zeny-v-syrii-cesta-k-nezavislosti-a-dostojnosti\/","og_locale":"sk_SK","og_type":"article","og_title":"\u0160koliace stredisko pre \u017eeny v s\u00fdrii: cesta k nez\u00e1vislosti a d\u00f4stojnosti | Charita vo svete","og_description":"N\u00e1zov projektu:\u00a0Podpora pre \u0161koliace stredisko pre \u017eenyMiesto implement\u00e1cie: Al Hassaka, , Governor\u00e1t [&hellip;]","og_url":"https:\/\/www.charita.sk\/svet\/skoliace-stredisko-pre-zeny-v-syrii-cesta-k-nezavislosti-a-dostojnosti\/","og_site_name":"Charita vo svete","article_publisher":"https:\/\/www.facebook.com\/CaritasSlovakia\/","article_modified_time":"2026-03-03T10:29:54+00:00","twitter_card":"summary_large_image","twitter_misc":{"Predpokladan\u00fd \u010das \u010d\u00edtania":"2 min\u00faty"},"schema":{"@context":"https:\/\/schema.org","@graph":[{"@type":"WebPage","@id":"https:\/\/www.charita.sk\/svet\/skoliace-stredisko-pre-zeny-v-syrii-cesta-k-nezavislosti-a-dostojnosti\/","url":"https:\/\/www.charita.sk\/svet\/skoliace-stredisko-pre-zeny-v-syrii-cesta-k-nezavislosti-a-dostojnosti\/","name":"\u0160koliace stredisko pre \u017eeny v s\u00fdrii: cesta k nez\u00e1vislosti a d\u00f4stojnosti | Charita vo svete","isPartOf":{"@id":"https:\/\/www.charita.sk\/svet\/#website"},"datePublished":"2026-03-03T10:29:53+00:00","dateModified":"2026-03-03T10:29:54+00:00","breadcrumb":{"@id":"https:\/\/www.charita.sk\/svet\/skoliace-stredisko-pre-zeny-v-syrii-cesta-k-nezavislosti-a-dostojnosti\/#breadcrumb"},"inLanguage":"sk-SK","potentialAction":[{"@type":"ReadAction","target":["https:\/\/www.charita.sk\/svet\/skoliace-stredisko-pre-zeny-v-syrii-cesta-k-nezavislosti-a-dostojnosti\/"]}]},{"@type":"BreadcrumbList","@id":"https:\/\/www.charita.sk\/svet\/skoliace-stredisko-pre-zeny-v-syrii-cesta-k-nezavislosti-a-dostojnosti\/#breadcrumb","itemListElement":[{"@type":"ListItem","position":1,"name":"Domovsk\u00e1 str\u00e1nka","item":"https:\/\/www.charita.sk\/svet\/"},{"@type":"ListItem","position":2,"name":"\u0160koliace stredisko pre \u017eeny v s\u00fdrii: cesta k nez\u00e1vislosti a d\u00f4stojnosti"}]},{"@type":"WebSite","@id":"https:\/\/www.charita.sk\/svet\/#website","url":"https:\/\/www.charita.sk\/svet\/","name":"Charita vo svete","description":"Slovensk\u00e1 katol\u00edcka charita pom\u00e1ha \u013eu\u010fom v n\u00fadzi vo svete","publisher":{"@id":"https:\/\/www.charita.sk\/svet\/#organization"},"potentialAction":[{"@type":"SearchAction","target":{"@type":"EntryPoint","urlTemplate":"https:\/\/www.charita.sk\/svet\/?s={search_term_string}"},"query-input":{"@type":"PropertyValueSpecification","valueRequired":true,"valueName":"search_term_string"}}],"inLanguage":"sk-SK"},{"@type":"Organization","@id":"https:\/\/www.charita.sk\/svet\/#organization","name":"Slovensk\u00e1 katol\u00edcka charita","url":"https:\/\/www.charita.sk\/svet\/","logo":{"@type":"ImageObject","inLanguage":"sk-SK","@id":"https:\/\/www.charita.sk\/svet\/#\/schema\/logo\/image\/","url":"https:\/\/www.charita.sk\/pomoc-utecencom\/wp-content\/uploads\/2020\/11\/logo_pomoc_utecencom.jpg","contentUrl":"https:\/\/www.charita.sk\/pomoc-utecencom\/wp-content\/uploads\/2020\/11\/logo_pomoc_utecencom.jpg","width":1712,"height":480,"caption":"Slovensk\u00e1 katol\u00edcka charita"},"image":{"@id":"https:\/\/www.charita.sk\/svet\/#\/schema\/logo\/image\/"},"sameAs":["https:\/\/www.facebook.com\/CaritasSlovakia\/","https:\/\/www.instagram.com\/caritas_slovakia\/","https:\/\/www.linkedin.com\/company\/caritas-slovakia-skch-","https:\/\/www.youtube.com\/user\/katolickacharita"]}]}},"featured_image_src":null,"featured_image_src_square":null,"_links":{"self":[{"href":"https:\/\/www.charita.sk\/svet\/wp-json\/wp\/v2\/pages\/3446","targetHints":{"allow":["GET"]}}],"collection":[{"href":"https:\/\/www.charita.sk\/svet\/wp-json\/wp\/v2\/pages"}],"about":[{"href":"https:\/\/www.charita.sk\/svet\/wp-json\/wp\/v2\/types\/page"}],"author":[{"embeddable":true,"href":"https:\/\/www.charita.sk\/svet\/wp-json\/wp\/v2\/users\/10"}],"replies":[{"embeddable":true,"href":"https:\/\/www.charita.sk\/svet\/wp-json\/wp\/v2\/comments?post=3446"}],"version-history":[{"count":1,"href":"https:\/\/www.charita.sk\/svet\/wp-json\/wp\/v2\/pages\/3446\/revisions"}],"predecessor-version":[{"id":3449,"href":"https:\/\/www.charita.sk\/svet\/wp-json\/wp\/v2\/pages\/3446\/revisions\/3449"}],"wp:attachment":[{"href":"https:\/\/www.charita.sk\/svet\/wp-json\/wp\/v2\/media?parent=3446"}],"curies":[{"name":"wp","href":"https:\/\/api.w.org\/{rel}","templated":true}]}}