{"id":3497,"date":"2026-03-04T14:31:08","date_gmt":"2026-03-04T13:31:08","guid":{"rendered":"https:\/\/www.charita.sk\/svet\/?page_id=3497"},"modified":"2026-03-04T14:48:13","modified_gmt":"2026-03-04T13:48:13","slug":"rodinna-pomoc-a-adaptacia-na-skolu","status":"publish","type":"page","link":"https:\/\/www.charita.sk\/svet\/rodinna-pomoc-a-adaptacia-na-skolu\/","title":{"rendered":"RODINN\u00c1 POMOC A ADAPT\u00c1CIA NA \u0160KOLU"},"content":{"rendered":"\n<p class=\"has-white-color has-text-color has-background has-link-color wp-elements-19739b4ec9a938eb7820a31e1ceee93d\" style=\"background-color:#c42f41\"><strong>N\u00e1zov projektu:\u00a0\u00a0<\/strong>\u201ePoint of Support\u201c \u2013 rodinn\u00e1 podpora a adapt\u00e1cia det\u00ed na \u0161kolu<br><strong>Lokalita implement\u00e1cie:\u00a0<\/strong>Dnipro\u00a0a\u00a0Dnepropetrovsk\u00e1\u00a0oblas\u0165, Ukrajina<br><strong>Meno partnera:\u00a0<\/strong>Caritas\u00a0Donetsk\u00a0<br><strong>Trvanie projektu:\u00a0<\/strong>10.07.2025 \u2013 09.09.2025<br><strong>Po\u010det pr\u00edjemcov pomoci:\u00a0<\/strong>567 (332 det\u00ed a 235 dospel\u00fdch)<br><strong>V\u00fd\u0161ka podpory:\u00a0<\/strong>20 000 EUR<\/p>\n\n\n\n<p>V lete a na jese\u0148 roku 2025 sme v Dnipre a Dnipropetrovskej oblasti \u00faspe\u0161ne zrealizovali projekt \u201ePoint of Support\u201c. V spolupr\u00e1ci s na\u0161\u00edm partnerom <strong>Caritas Donetsk<\/strong> sme pomohli rodin\u00e1m a de\u0165om zvl\u00e1dnu\u0165 n\u00e1ro\u010dn\u00e9 obdobie pr\u00edprav na \u0161kolsk\u00fd rok v podmienkach pretrv\u00e1vaj\u00faceho konfliktu. Na\u0161\u00edm cie\u013eom bolo zmierni\u0165 psycho-emocion\u00e1lnu z\u00e1\u0165a\u017e a posilni\u0165 motiv\u00e1ciu det\u00ed k vzdel\u00e1vaniu.<\/p>\n\n\n\n<p><strong>Psychologick\u00e1 stabiliz\u00e1cia a art-terapia<\/strong> Vojna prin\u00e1\u0161a neust\u00e1ly stres zo sir\u00e9n a evaku\u00e1ci\u00ed, \u010do sa negat\u00edvne podpisuje na du\u0161evnom zdrav\u00ed najmen\u0161\u00edch. V r\u00e1mci projektu sme zorganizovali <strong>37 skupinov\u00fdch aktiv\u00edt<\/strong> zameran\u00fdch na art-terapiu a spolo\u010dn\u00e9 rodinn\u00e9 sedenia. Odborn\u00edci poskytovali aj individu\u00e1lne poradenstvo, ktor\u00e9 pomohlo de\u0165om aj dospel\u00fdm stabilizova\u0165 stavy \u00fazkosti, sm\u00fatku \u010di paniky.<\/p>\n\n\n\n<p><strong>D\u00f4stojn\u00e1 pr\u00edprava na vyu\u010dovanie<\/strong> Okrem psychologickej pomoci sme rodin\u00e1m v zlo\u017eitej finan\u010dnej situ\u00e1cii pomohli aj materi\u00e1lne. Distribuovali sme <strong>320 \u0161kolsk\u00fdch voucherov<\/strong>, v\u010faka ktor\u00fdm si rodi\u010dia mohli sami vybra\u0165 a zak\u00fapi\u0165 potrebn\u00e9 pom\u00f4cky pre svoje deti. Tento pr\u00edstup zachov\u00e1va d\u00f4stojnos\u0165 rod\u00edn a zabezpe\u010duje, \u017ee deti nast\u00fapia do \u0161koly pripraven\u00e9.<\/p>\n\n\n\n<p><strong>Hlavn\u00e9 v\u00fdsledky projektu:<\/strong><\/p>\n\n\n\n<ul class=\"wp-block-list\">\n<li><strong>567 priamych pr\u00edjemcov pomoci<\/strong> (332 det\u00ed a 235 dospel\u00fdch).<\/li>\n\n\n\n<li><strong>320 rozdan\u00fdch voucherov<\/strong> na \u0161kolsk\u00e9 pom\u00f4cky v hodnote pribli\u017ene 23 \u20ac na die\u0165a.<\/li>\n\n\n\n<li><strong>Obnova rodinn\u00fdch v\u00e4zieb<\/strong> a vytvorenie bezpe\u010dn\u00e9ho priestoru na vyjadrenie pocitov.<\/li>\n\n\n\n<li><strong>Zn\u00ed\u017eenie stresu<\/strong> u det\u00ed pred n\u00e1vratom do \u0161kolsk\u00e9ho prostredia.<\/li>\n<\/ul>\n\n\n\n<p>Projekt uk\u00e1zal, \u017ee emocion\u00e1lna podpora je rovnako d\u00f4le\u017eit\u00e1 ako materi\u00e1lne zabezpe\u010denie. Deti v Dnipre tak z\u00edskali nielen nov\u00e9 zo\u0161ity, ale aj vedomie, \u017ee na svoje tr\u00e1penie nie s\u00fa samy.<\/p>\n\n\n\n<figure class=\"wp-block-gallery has-nested-images columns-default is-cropped wp-block-gallery-1 is-layout-flex wp-block-gallery-is-layout-flex\">\n<figure class=\"wp-block-image size-large\"><img fetchpriority=\"high\" decoding=\"async\" width=\"1024\" height=\"682\" data-id=\"3499\" src=\"https:\/\/www.charita.sk\/svet\/wp-content\/uploads\/2026\/03\/photo_2025-08-18_09-08-34-1-1024x682.jpg\" alt=\"\" class=\"wp-image-3499\" srcset=\"https:\/\/www.charita.sk\/svet\/wp-content\/uploads\/2026\/03\/photo_2025-08-18_09-08-34-1-1024x682.jpg 1024w, https:\/\/www.charita.sk\/svet\/wp-content\/uploads\/2026\/03\/photo_2025-08-18_09-08-34-1-300x200.jpg 300w, https:\/\/www.charita.sk\/svet\/wp-content\/uploads\/2026\/03\/photo_2025-08-18_09-08-34-1-768x512.jpg 768w, https:\/\/www.charita.sk\/svet\/wp-content\/uploads\/2026\/03\/photo_2025-08-18_09-08-34-1-1536x1023.jpg 1536w, https:\/\/www.charita.sk\/svet\/wp-content\/uploads\/2026\/03\/photo_2025-08-18_09-08-34-1-600x400.jpg 600w, https:\/\/www.charita.sk\/svet\/wp-content\/uploads\/2026\/03\/photo_2025-08-18_09-08-34-1.jpg 2048w\" sizes=\"(max-width: 1024px) 100vw, 1024px\" \/><figcaption class=\"wp-element-caption\">\ud83d\udcf8 Caritas Donetsk<\/figcaption><\/figure>\n<\/figure>\n","protected":false},"excerpt":{"rendered":"<p>N\u00e1zov projektu:\u00a0\u00a0\u201ePoint of Support\u201c \u2013 rodinn\u00e1 podpora a adapt\u00e1cia det\u00ed na \u0161koluLokalita [&hellip;]<\/p>\n","protected":false},"author":10,"featured_media":0,"parent":0,"menu_order":0,"comment_status":"closed","ping_status":"closed","template":"","meta":{"footnotes":""},"class_list":["post-3497","page","type-page","status-publish","hentry"],"yoast_head":"<!-- This site is optimized with the Yoast SEO plugin v25.4 - https:\/\/yoast.com\/wordpress\/plugins\/seo\/ -->\n<title>RODINN\u00c1 POMOC A ADAPT\u00c1CIA NA \u0160KOLU | Charita vo svete<\/title>\n<meta name=\"robots\" content=\"index, follow, max-snippet:-1, max-image-preview:large, max-video-preview:-1\" \/>\n<link rel=\"canonical\" href=\"https:\/\/www.charita.sk\/svet\/rodinna-pomoc-a-adaptacia-na-skolu\/\" \/>\n<meta property=\"og:locale\" content=\"sk_SK\" \/>\n<meta property=\"og:type\" content=\"article\" \/>\n<meta property=\"og:title\" content=\"RODINN\u00c1 POMOC A ADAPT\u00c1CIA NA \u0160KOLU | Charita vo svete\" \/>\n<meta property=\"og:description\" content=\"N\u00e1zov projektu:\u00a0\u00a0\u201ePoint of Support\u201c \u2013 rodinn\u00e1 podpora a adapt\u00e1cia det\u00ed na \u0161koluLokalita [&hellip;]\" \/>\n<meta property=\"og:url\" content=\"https:\/\/www.charita.sk\/svet\/rodinna-pomoc-a-adaptacia-na-skolu\/\" \/>\n<meta property=\"og:site_name\" content=\"Charita vo svete\" \/>\n<meta property=\"article:publisher\" content=\"https:\/\/www.facebook.com\/CaritasSlovakia\/\" \/>\n<meta property=\"article:modified_time\" content=\"2026-03-04T13:48:13+00:00\" \/>\n<meta property=\"og:image\" content=\"https:\/\/www.charita.sk\/svet\/wp-content\/uploads\/2026\/03\/photo_2025-08-18_09-08-34-1.jpg\" \/>\n\t<meta property=\"og:image:width\" content=\"2048\" \/>\n\t<meta property=\"og:image:height\" content=\"1364\" \/>\n\t<meta property=\"og:image:type\" content=\"image\/jpeg\" \/>\n<meta name=\"twitter:card\" content=\"summary_large_image\" \/>\n<meta name=\"twitter:label1\" content=\"Predpokladan\u00fd \u010das \u010d\u00edtania\" \/>\n\t<meta name=\"twitter:data1\" content=\"2 min\u00faty\" \/>\n<script type=\"application\/ld+json\" class=\"yoast-schema-graph\">{\"@context\":\"https:\/\/schema.org\",\"@graph\":[{\"@type\":\"WebPage\",\"@id\":\"https:\/\/www.charita.sk\/svet\/rodinna-pomoc-a-adaptacia-na-skolu\/\",\"url\":\"https:\/\/www.charita.sk\/svet\/rodinna-pomoc-a-adaptacia-na-skolu\/\",\"name\":\"RODINN\u00c1 POMOC A ADAPT\u00c1CIA NA \u0160KOLU | Charita vo svete\",\"isPartOf\":{\"@id\":\"https:\/\/www.charita.sk\/svet\/#website\"},\"primaryImageOfPage\":{\"@id\":\"https:\/\/www.charita.sk\/svet\/rodinna-pomoc-a-adaptacia-na-skolu\/#primaryimage\"},\"image\":{\"@id\":\"https:\/\/www.charita.sk\/svet\/rodinna-pomoc-a-adaptacia-na-skolu\/#primaryimage\"},\"thumbnailUrl\":\"https:\/\/www.charita.sk\/svet\/wp-content\/uploads\/2026\/03\/photo_2025-08-18_09-08-34-1-1024x682.jpg\",\"datePublished\":\"2026-03-04T13:31:08+00:00\",\"dateModified\":\"2026-03-04T13:48:13+00:00\",\"breadcrumb\":{\"@id\":\"https:\/\/www.charita.sk\/svet\/rodinna-pomoc-a-adaptacia-na-skolu\/#breadcrumb\"},\"inLanguage\":\"sk-SK\",\"potentialAction\":[{\"@type\":\"ReadAction\",\"target\":[\"https:\/\/www.charita.sk\/svet\/rodinna-pomoc-a-adaptacia-na-skolu\/\"]}]},{\"@type\":\"ImageObject\",\"inLanguage\":\"sk-SK\",\"@id\":\"https:\/\/www.charita.sk\/svet\/rodinna-pomoc-a-adaptacia-na-skolu\/#primaryimage\",\"url\":\"https:\/\/www.charita.sk\/svet\/wp-content\/uploads\/2026\/03\/photo_2025-08-18_09-08-34-1.jpg\",\"contentUrl\":\"https:\/\/www.charita.sk\/svet\/wp-content\/uploads\/2026\/03\/photo_2025-08-18_09-08-34-1.jpg\",\"width\":2048,\"height\":1364},{\"@type\":\"BreadcrumbList\",\"@id\":\"https:\/\/www.charita.sk\/svet\/rodinna-pomoc-a-adaptacia-na-skolu\/#breadcrumb\",\"itemListElement\":[{\"@type\":\"ListItem\",\"position\":1,\"name\":\"Domovsk\u00e1 str\u00e1nka\",\"item\":\"https:\/\/www.charita.sk\/svet\/\"},{\"@type\":\"ListItem\",\"position\":2,\"name\":\"RODINN\u00c1 POMOC A ADAPT\u00c1CIA NA \u0160KOLU\"}]},{\"@type\":\"WebSite\",\"@id\":\"https:\/\/www.charita.sk\/svet\/#website\",\"url\":\"https:\/\/www.charita.sk\/svet\/\",\"name\":\"Charita vo svete\",\"description\":\"Slovensk\u00e1 katol\u00edcka charita pom\u00e1ha \u013eu\u010fom v n\u00fadzi vo svete\",\"publisher\":{\"@id\":\"https:\/\/www.charita.sk\/svet\/#organization\"},\"potentialAction\":[{\"@type\":\"SearchAction\",\"target\":{\"@type\":\"EntryPoint\",\"urlTemplate\":\"https:\/\/www.charita.sk\/svet\/?s={search_term_string}\"},\"query-input\":{\"@type\":\"PropertyValueSpecification\",\"valueRequired\":true,\"valueName\":\"search_term_string\"}}],\"inLanguage\":\"sk-SK\"},{\"@type\":\"Organization\",\"@id\":\"https:\/\/www.charita.sk\/svet\/#organization\",\"name\":\"Slovensk\u00e1 katol\u00edcka charita\",\"url\":\"https:\/\/www.charita.sk\/svet\/\",\"logo\":{\"@type\":\"ImageObject\",\"inLanguage\":\"sk-SK\",\"@id\":\"https:\/\/www.charita.sk\/svet\/#\/schema\/logo\/image\/\",\"url\":\"https:\/\/www.charita.sk\/pomoc-utecencom\/wp-content\/uploads\/2020\/11\/logo_pomoc_utecencom.jpg\",\"contentUrl\":\"https:\/\/www.charita.sk\/pomoc-utecencom\/wp-content\/uploads\/2020\/11\/logo_pomoc_utecencom.jpg\",\"width\":1712,\"height\":480,\"caption\":\"Slovensk\u00e1 katol\u00edcka charita\"},\"image\":{\"@id\":\"https:\/\/www.charita.sk\/svet\/#\/schema\/logo\/image\/\"},\"sameAs\":[\"https:\/\/www.facebook.com\/CaritasSlovakia\/\",\"https:\/\/www.instagram.com\/caritas_slovakia\/\",\"https:\/\/www.linkedin.com\/company\/caritas-slovakia-skch-\",\"https:\/\/www.youtube.com\/user\/katolickacharita\"]}]}<\/script>\n<!-- \/ Yoast SEO plugin. -->","yoast_head_json":{"title":"RODINN\u00c1 POMOC A ADAPT\u00c1CIA NA \u0160KOLU | Charita vo svete","robots":{"index":"index","follow":"follow","max-snippet":"max-snippet:-1","max-image-preview":"max-image-preview:large","max-video-preview":"max-video-preview:-1"},"canonical":"https:\/\/www.charita.sk\/svet\/rodinna-pomoc-a-adaptacia-na-skolu\/","og_locale":"sk_SK","og_type":"article","og_title":"RODINN\u00c1 POMOC A ADAPT\u00c1CIA NA \u0160KOLU | Charita vo svete","og_description":"N\u00e1zov projektu:\u00a0\u00a0\u201ePoint of Support\u201c \u2013 rodinn\u00e1 podpora a adapt\u00e1cia det\u00ed na \u0161koluLokalita [&hellip;]","og_url":"https:\/\/www.charita.sk\/svet\/rodinna-pomoc-a-adaptacia-na-skolu\/","og_site_name":"Charita vo svete","article_publisher":"https:\/\/www.facebook.com\/CaritasSlovakia\/","article_modified_time":"2026-03-04T13:48:13+00:00","og_image":[{"width":2048,"height":1364,"url":"https:\/\/www.charita.sk\/svet\/wp-content\/uploads\/2026\/03\/photo_2025-08-18_09-08-34-1.jpg","type":"image\/jpeg"}],"twitter_card":"summary_large_image","twitter_misc":{"Predpokladan\u00fd \u010das \u010d\u00edtania":"2 min\u00faty"},"schema":{"@context":"https:\/\/schema.org","@graph":[{"@type":"WebPage","@id":"https:\/\/www.charita.sk\/svet\/rodinna-pomoc-a-adaptacia-na-skolu\/","url":"https:\/\/www.charita.sk\/svet\/rodinna-pomoc-a-adaptacia-na-skolu\/","name":"RODINN\u00c1 POMOC A ADAPT\u00c1CIA NA \u0160KOLU | Charita vo svete","isPartOf":{"@id":"https:\/\/www.charita.sk\/svet\/#website"},"primaryImageOfPage":{"@id":"https:\/\/www.charita.sk\/svet\/rodinna-pomoc-a-adaptacia-na-skolu\/#primaryimage"},"image":{"@id":"https:\/\/www.charita.sk\/svet\/rodinna-pomoc-a-adaptacia-na-skolu\/#primaryimage"},"thumbnailUrl":"https:\/\/www.charita.sk\/svet\/wp-content\/uploads\/2026\/03\/photo_2025-08-18_09-08-34-1-1024x682.jpg","datePublished":"2026-03-04T13:31:08+00:00","dateModified":"2026-03-04T13:48:13+00:00","breadcrumb":{"@id":"https:\/\/www.charita.sk\/svet\/rodinna-pomoc-a-adaptacia-na-skolu\/#breadcrumb"},"inLanguage":"sk-SK","potentialAction":[{"@type":"ReadAction","target":["https:\/\/www.charita.sk\/svet\/rodinna-pomoc-a-adaptacia-na-skolu\/"]}]},{"@type":"ImageObject","inLanguage":"sk-SK","@id":"https:\/\/www.charita.sk\/svet\/rodinna-pomoc-a-adaptacia-na-skolu\/#primaryimage","url":"https:\/\/www.charita.sk\/svet\/wp-content\/uploads\/2026\/03\/photo_2025-08-18_09-08-34-1.jpg","contentUrl":"https:\/\/www.charita.sk\/svet\/wp-content\/uploads\/2026\/03\/photo_2025-08-18_09-08-34-1.jpg","width":2048,"height":1364},{"@type":"BreadcrumbList","@id":"https:\/\/www.charita.sk\/svet\/rodinna-pomoc-a-adaptacia-na-skolu\/#breadcrumb","itemListElement":[{"@type":"ListItem","position":1,"name":"Domovsk\u00e1 str\u00e1nka","item":"https:\/\/www.charita.sk\/svet\/"},{"@type":"ListItem","position":2,"name":"RODINN\u00c1 POMOC A ADAPT\u00c1CIA NA \u0160KOLU"}]},{"@type":"WebSite","@id":"https:\/\/www.charita.sk\/svet\/#website","url":"https:\/\/www.charita.sk\/svet\/","name":"Charita vo svete","description":"Slovensk\u00e1 katol\u00edcka charita pom\u00e1ha \u013eu\u010fom v n\u00fadzi vo svete","publisher":{"@id":"https:\/\/www.charita.sk\/svet\/#organization"},"potentialAction":[{"@type":"SearchAction","target":{"@type":"EntryPoint","urlTemplate":"https:\/\/www.charita.sk\/svet\/?s={search_term_string}"},"query-input":{"@type":"PropertyValueSpecification","valueRequired":true,"valueName":"search_term_string"}}],"inLanguage":"sk-SK"},{"@type":"Organization","@id":"https:\/\/www.charita.sk\/svet\/#organization","name":"Slovensk\u00e1 katol\u00edcka charita","url":"https:\/\/www.charita.sk\/svet\/","logo":{"@type":"ImageObject","inLanguage":"sk-SK","@id":"https:\/\/www.charita.sk\/svet\/#\/schema\/logo\/image\/","url":"https:\/\/www.charita.sk\/pomoc-utecencom\/wp-content\/uploads\/2020\/11\/logo_pomoc_utecencom.jpg","contentUrl":"https:\/\/www.charita.sk\/pomoc-utecencom\/wp-content\/uploads\/2020\/11\/logo_pomoc_utecencom.jpg","width":1712,"height":480,"caption":"Slovensk\u00e1 katol\u00edcka charita"},"image":{"@id":"https:\/\/www.charita.sk\/svet\/#\/schema\/logo\/image\/"},"sameAs":["https:\/\/www.facebook.com\/CaritasSlovakia\/","https:\/\/www.instagram.com\/caritas_slovakia\/","https:\/\/www.linkedin.com\/company\/caritas-slovakia-skch-","https:\/\/www.youtube.com\/user\/katolickacharita"]}]}},"featured_image_src":null,"featured_image_src_square":null,"_links":{"self":[{"href":"https:\/\/www.charita.sk\/svet\/wp-json\/wp\/v2\/pages\/3497","targetHints":{"allow":["GET"]}}],"collection":[{"href":"https:\/\/www.charita.sk\/svet\/wp-json\/wp\/v2\/pages"}],"about":[{"href":"https:\/\/www.charita.sk\/svet\/wp-json\/wp\/v2\/types\/page"}],"author":[{"embeddable":true,"href":"https:\/\/www.charita.sk\/svet\/wp-json\/wp\/v2\/users\/10"}],"replies":[{"embeddable":true,"href":"https:\/\/www.charita.sk\/svet\/wp-json\/wp\/v2\/comments?post=3497"}],"version-history":[{"count":2,"href":"https:\/\/www.charita.sk\/svet\/wp-json\/wp\/v2\/pages\/3497\/revisions"}],"predecessor-version":[{"id":3509,"href":"https:\/\/www.charita.sk\/svet\/wp-json\/wp\/v2\/pages\/3497\/revisions\/3509"}],"wp:attachment":[{"href":"https:\/\/www.charita.sk\/svet\/wp-json\/wp\/v2\/media?parent=3497"}],"curies":[{"name":"wp","href":"https:\/\/api.w.org\/{rel}","templated":true}]}}