{"id":3502,"date":"2026-03-04T14:44:18","date_gmt":"2026-03-04T13:44:18","guid":{"rendered":"https:\/\/www.charita.sk\/svet\/?page_id=3502"},"modified":"2026-03-04T14:44:18","modified_gmt":"2026-03-04T13:44:18","slug":"bezpecne-detske-centra-teplo-svetlo-a-psychologicka-pomoc","status":"publish","type":"page","link":"https:\/\/www.charita.sk\/svet\/bezpecne-detske-centra-teplo-svetlo-a-psychologicka-pomoc\/","title":{"rendered":"Bezpe\u010dn\u00e9 detsk\u00e9 centr\u00e1: teplo, svetlo a psychologick\u00e1 pomoc"},"content":{"rendered":"\n<p class=\"has-white-color has-text-color has-background has-link-color wp-elements-0dcf24481554d62033322b9a4e3b7738\" style=\"background-color:#c42f41\"><strong>N\u00e1zov projektu:\u00a0\u00a0<\/strong>Bezpe\u010dn\u00e9 detsk\u00e9 \u0161kolsk\u00e9 a\u00a0soci\u00e1lne centr\u00e1: teplo, svetlo a\u00a0psychologick\u00e1 pomoc<br><strong>Lokalita implement\u00e1cie:\u00a0<\/strong>\u010cerkasy, Odesa, Kyjev\/\u202fFastiv, \u010cernovce, \u017dytomyr\/\u202fBerdy\u010div, Ternopi\u013e\/\u202fBere\u017eany, Chme\u013enyckyj\/\u202fStarokostiantyniv, \u013dvov, Novyj Rozdi\u013e, Pidkamin\u2019<br><strong>Meno partnera:\u00a0<\/strong>Caritas Ukraine\u00a0<br><strong>Trvanie projektu:\u00a0<\/strong>rok 2026<br><strong>Po\u010det pr\u00edjemcov pomoci:\u00a0<\/strong>567 (332 det\u00ed a 235 dospel\u00fdch)<br><strong>V\u00fd\u0161ka podpory:\u00a0<\/strong>24 500 EUR<\/p>\n\n\n\n<p>Vojna na Ukrajine prin\u00e1\u0161a neust\u00e1le \u00fatoky na energetick\u00fa sie\u0165, \u010do vedie k \u010dast\u00fdm a dlhotrvaj\u00facim v\u00fdpadkom elektriny a tepla. Pre deti to znamen\u00e1 nielen tmu a chlad, ale aj izol\u00e1ciu a preru\u0161enie online vzdel\u00e1vania. Slovensk\u00e1 katol\u00edcka charita preto v roku 2026 akt\u00edvne zasahuje, aby v detsk\u00fdch a soci\u00e1lnych centr\u00e1ch (Child Friendly Spaces) udr\u017eala bezpe\u010dn\u00e9 a stabiln\u00e9 prostredie.<\/p>\n\n\n\n<p><strong>Energia pre vzdel\u00e1vanie a komunitu<\/strong> Aby sme zmiernili dopady energetickej kr\u00edzy, dod\u00e1vame do desiatich vybran\u00fdch centier v\u00fdkonn\u00e9 prenosn\u00e9 nab\u00edjacie stanice. Tieto zariadenia zabezpe\u010duj\u00fa nepretr\u017eit\u00fd chod osvetlenia, ohrevu a internetov\u00e9ho pripojenia. V\u010faka tomu m\u00f4\u017eu deti pokra\u010dova\u0165 v u\u010den\u00ed a nestr\u00e1caj\u00fa kontakt so svojimi u\u010dite\u013emi a rovesn\u00edkmi ani v \u010dase, ke\u010f s\u00fa \u0161koly v ich okol\u00ed zatvoren\u00e9 alebo funguj\u00fa v obmedzenom re\u017eime.<\/p>\n\n\n\n<p><strong>Podpora pre deti a ich rodiny<\/strong> Na\u0161a pomoc smeruje k pribli\u017ene 800 de\u0165om a 400 rodi\u010dom \u010di opatrovate\u013eom. Osobitn\u00fa pozornos\u0165 venujeme sirot\u00e1m a rodin\u00e1m, ktor\u00e9 \u010delia najv\u00e4\u010d\u0161ej miere traumy. Odborn\u00edci v centr\u00e1ch poskytuj\u00fa nepretr\u017eit\u00fa psychosoci\u00e1lnu podporu, ktor\u00e1 pom\u00e1ha de\u0165om spracov\u00e1va\u0165 stres z ostre\u013eovania a budova\u0165 vn\u00fatorn\u00fa odolnos\u0165. Tieto centr\u00e1 tak sl\u00fa\u017eia ako osvetlen\u00e9 ostrovy bezpe\u010dia a d\u00f4stojnosti uprostred n\u00e1ro\u010dnej reality.<\/p>\n\n\n\n<p class=\"has-text-align-center\"><strong>Hlavn\u00e9 pr\u00ednosy projektu:<\/strong><\/p>\n\n\n\n<ul class=\"wp-block-list\">\n<li><strong>Odolnos\u0165 komunity:<\/strong> Vytv\u00e1ranie d\u00f4stojn\u00e9ho priestoru na socializ\u00e1ciu v kr\u00edzov\u00fdch \u010dasoch.<\/li>\n\n\n\n<li><strong>Stabiln\u00fd pr\u00edstup k energii:<\/strong> Zabezpe\u010denie svetla, tepla a nab\u00edjania pre online v\u00fdu\u010dbu.<\/li>\n\n\n\n<li><strong>Nepretr\u017eit\u00e1 pomoc:<\/strong> Odborn\u00e1 psychologick\u00e1 podpora pre deti a ich rodiny.<\/li>\n<\/ul>\n\n\n\n<figure class=\"wp-block-gallery has-nested-images columns-default is-cropped wp-block-gallery-1 is-layout-flex wp-block-gallery-is-layout-flex\">\n<figure class=\"wp-block-image size-large\"><img fetchpriority=\"high\" decoding=\"async\" width=\"1024\" height=\"682\" data-id=\"3499\" src=\"https:\/\/www.charita.sk\/svet\/wp-content\/uploads\/2026\/03\/photo_2025-08-18_09-08-34-1-1024x682.jpg\" alt=\"\" class=\"wp-image-3499\" srcset=\"https:\/\/www.charita.sk\/svet\/wp-content\/uploads\/2026\/03\/photo_2025-08-18_09-08-34-1-1024x682.jpg 1024w, https:\/\/www.charita.sk\/svet\/wp-content\/uploads\/2026\/03\/photo_2025-08-18_09-08-34-1-300x200.jpg 300w, https:\/\/www.charita.sk\/svet\/wp-content\/uploads\/2026\/03\/photo_2025-08-18_09-08-34-1-768x512.jpg 768w, https:\/\/www.charita.sk\/svet\/wp-content\/uploads\/2026\/03\/photo_2025-08-18_09-08-34-1-1536x1023.jpg 1536w, https:\/\/www.charita.sk\/svet\/wp-content\/uploads\/2026\/03\/photo_2025-08-18_09-08-34-1-600x400.jpg 600w, https:\/\/www.charita.sk\/svet\/wp-content\/uploads\/2026\/03\/photo_2025-08-18_09-08-34-1.jpg 2048w\" sizes=\"(max-width: 1024px) 100vw, 1024px\" \/><figcaption class=\"wp-element-caption\">\ud83d\udcf8 Caritas Donetsk<\/figcaption><\/figure>\n<\/figure>\n","protected":false},"excerpt":{"rendered":"<p>N\u00e1zov projektu:\u00a0\u00a0Bezpe\u010dn\u00e9 detsk\u00e9 \u0161kolsk\u00e9 a\u00a0soci\u00e1lne centr\u00e1: teplo, svetlo a\u00a0psychologick\u00e1 pomocLokalita implement\u00e1cie:\u00a0\u010cerkasy, Odesa, [&hellip;]<\/p>\n","protected":false},"author":10,"featured_media":0,"parent":0,"menu_order":0,"comment_status":"closed","ping_status":"closed","template":"","meta":{"footnotes":""},"class_list":["post-3502","page","type-page","status-publish","hentry"],"yoast_head":"<!-- This site is optimized with the Yoast SEO plugin v25.4 - https:\/\/yoast.com\/wordpress\/plugins\/seo\/ -->\n<title>Bezpe\u010dn\u00e9 detsk\u00e9 centr\u00e1: teplo, svetlo a psychologick\u00e1 pomoc | Charita vo svete<\/title>\n<meta name=\"robots\" content=\"index, follow, max-snippet:-1, max-image-preview:large, max-video-preview:-1\" \/>\n<link rel=\"canonical\" href=\"https:\/\/www.charita.sk\/svet\/bezpecne-detske-centra-teplo-svetlo-a-psychologicka-pomoc\/\" \/>\n<meta property=\"og:locale\" content=\"sk_SK\" \/>\n<meta property=\"og:type\" content=\"article\" \/>\n<meta property=\"og:title\" content=\"Bezpe\u010dn\u00e9 detsk\u00e9 centr\u00e1: teplo, svetlo a psychologick\u00e1 pomoc | Charita vo svete\" \/>\n<meta property=\"og:description\" content=\"N\u00e1zov projektu:\u00a0\u00a0Bezpe\u010dn\u00e9 detsk\u00e9 \u0161kolsk\u00e9 a\u00a0soci\u00e1lne centr\u00e1: teplo, svetlo a\u00a0psychologick\u00e1 pomocLokalita implement\u00e1cie:\u00a0\u010cerkasy, Odesa, [&hellip;]\" \/>\n<meta property=\"og:url\" content=\"https:\/\/www.charita.sk\/svet\/bezpecne-detske-centra-teplo-svetlo-a-psychologicka-pomoc\/\" \/>\n<meta property=\"og:site_name\" content=\"Charita vo svete\" \/>\n<meta property=\"article:publisher\" content=\"https:\/\/www.facebook.com\/CaritasSlovakia\/\" \/>\n<meta property=\"og:image\" content=\"https:\/\/www.charita.sk\/svet\/wp-content\/uploads\/2026\/03\/photo_2025-08-18_09-08-34-1.jpg\" \/>\n\t<meta property=\"og:image:width\" content=\"2048\" \/>\n\t<meta property=\"og:image:height\" content=\"1364\" \/>\n\t<meta property=\"og:image:type\" content=\"image\/jpeg\" \/>\n<meta name=\"twitter:card\" content=\"summary_large_image\" \/>\n<meta name=\"twitter:label1\" content=\"Predpokladan\u00fd \u010das \u010d\u00edtania\" \/>\n\t<meta name=\"twitter:data1\" content=\"2 min\u00faty\" \/>\n<script type=\"application\/ld+json\" class=\"yoast-schema-graph\">{\"@context\":\"https:\/\/schema.org\",\"@graph\":[{\"@type\":\"WebPage\",\"@id\":\"https:\/\/www.charita.sk\/svet\/bezpecne-detske-centra-teplo-svetlo-a-psychologicka-pomoc\/\",\"url\":\"https:\/\/www.charita.sk\/svet\/bezpecne-detske-centra-teplo-svetlo-a-psychologicka-pomoc\/\",\"name\":\"Bezpe\u010dn\u00e9 detsk\u00e9 centr\u00e1: teplo, svetlo a psychologick\u00e1 pomoc | Charita vo svete\",\"isPartOf\":{\"@id\":\"https:\/\/www.charita.sk\/svet\/#website\"},\"primaryImageOfPage\":{\"@id\":\"https:\/\/www.charita.sk\/svet\/bezpecne-detske-centra-teplo-svetlo-a-psychologicka-pomoc\/#primaryimage\"},\"image\":{\"@id\":\"https:\/\/www.charita.sk\/svet\/bezpecne-detske-centra-teplo-svetlo-a-psychologicka-pomoc\/#primaryimage\"},\"thumbnailUrl\":\"https:\/\/www.charita.sk\/svet\/wp-content\/uploads\/2026\/03\/photo_2025-08-18_09-08-34-1-1024x682.jpg\",\"datePublished\":\"2026-03-04T13:44:18+00:00\",\"breadcrumb\":{\"@id\":\"https:\/\/www.charita.sk\/svet\/bezpecne-detske-centra-teplo-svetlo-a-psychologicka-pomoc\/#breadcrumb\"},\"inLanguage\":\"sk-SK\",\"potentialAction\":[{\"@type\":\"ReadAction\",\"target\":[\"https:\/\/www.charita.sk\/svet\/bezpecne-detske-centra-teplo-svetlo-a-psychologicka-pomoc\/\"]}]},{\"@type\":\"ImageObject\",\"inLanguage\":\"sk-SK\",\"@id\":\"https:\/\/www.charita.sk\/svet\/bezpecne-detske-centra-teplo-svetlo-a-psychologicka-pomoc\/#primaryimage\",\"url\":\"https:\/\/www.charita.sk\/svet\/wp-content\/uploads\/2026\/03\/photo_2025-08-18_09-08-34-1.jpg\",\"contentUrl\":\"https:\/\/www.charita.sk\/svet\/wp-content\/uploads\/2026\/03\/photo_2025-08-18_09-08-34-1.jpg\",\"width\":2048,\"height\":1364},{\"@type\":\"BreadcrumbList\",\"@id\":\"https:\/\/www.charita.sk\/svet\/bezpecne-detske-centra-teplo-svetlo-a-psychologicka-pomoc\/#breadcrumb\",\"itemListElement\":[{\"@type\":\"ListItem\",\"position\":1,\"name\":\"Domovsk\u00e1 str\u00e1nka\",\"item\":\"https:\/\/www.charita.sk\/svet\/\"},{\"@type\":\"ListItem\",\"position\":2,\"name\":\"Bezpe\u010dn\u00e9 detsk\u00e9 centr\u00e1: teplo, svetlo a psychologick\u00e1 pomoc\"}]},{\"@type\":\"WebSite\",\"@id\":\"https:\/\/www.charita.sk\/svet\/#website\",\"url\":\"https:\/\/www.charita.sk\/svet\/\",\"name\":\"Charita vo svete\",\"description\":\"Slovensk\u00e1 katol\u00edcka charita pom\u00e1ha \u013eu\u010fom v n\u00fadzi vo svete\",\"publisher\":{\"@id\":\"https:\/\/www.charita.sk\/svet\/#organization\"},\"potentialAction\":[{\"@type\":\"SearchAction\",\"target\":{\"@type\":\"EntryPoint\",\"urlTemplate\":\"https:\/\/www.charita.sk\/svet\/?s={search_term_string}\"},\"query-input\":{\"@type\":\"PropertyValueSpecification\",\"valueRequired\":true,\"valueName\":\"search_term_string\"}}],\"inLanguage\":\"sk-SK\"},{\"@type\":\"Organization\",\"@id\":\"https:\/\/www.charita.sk\/svet\/#organization\",\"name\":\"Slovensk\u00e1 katol\u00edcka charita\",\"url\":\"https:\/\/www.charita.sk\/svet\/\",\"logo\":{\"@type\":\"ImageObject\",\"inLanguage\":\"sk-SK\",\"@id\":\"https:\/\/www.charita.sk\/svet\/#\/schema\/logo\/image\/\",\"url\":\"https:\/\/www.charita.sk\/pomoc-utecencom\/wp-content\/uploads\/2020\/11\/logo_pomoc_utecencom.jpg\",\"contentUrl\":\"https:\/\/www.charita.sk\/pomoc-utecencom\/wp-content\/uploads\/2020\/11\/logo_pomoc_utecencom.jpg\",\"width\":1712,\"height\":480,\"caption\":\"Slovensk\u00e1 katol\u00edcka charita\"},\"image\":{\"@id\":\"https:\/\/www.charita.sk\/svet\/#\/schema\/logo\/image\/\"},\"sameAs\":[\"https:\/\/www.facebook.com\/CaritasSlovakia\/\",\"https:\/\/www.instagram.com\/caritas_slovakia\/\",\"https:\/\/www.linkedin.com\/company\/caritas-slovakia-skch-\",\"https:\/\/www.youtube.com\/user\/katolickacharita\"]}]}<\/script>\n<!-- \/ Yoast SEO plugin. -->","yoast_head_json":{"title":"Bezpe\u010dn\u00e9 detsk\u00e9 centr\u00e1: teplo, svetlo a psychologick\u00e1 pomoc | Charita vo svete","robots":{"index":"index","follow":"follow","max-snippet":"max-snippet:-1","max-image-preview":"max-image-preview:large","max-video-preview":"max-video-preview:-1"},"canonical":"https:\/\/www.charita.sk\/svet\/bezpecne-detske-centra-teplo-svetlo-a-psychologicka-pomoc\/","og_locale":"sk_SK","og_type":"article","og_title":"Bezpe\u010dn\u00e9 detsk\u00e9 centr\u00e1: teplo, svetlo a psychologick\u00e1 pomoc | Charita vo svete","og_description":"N\u00e1zov projektu:\u00a0\u00a0Bezpe\u010dn\u00e9 detsk\u00e9 \u0161kolsk\u00e9 a\u00a0soci\u00e1lne centr\u00e1: teplo, svetlo a\u00a0psychologick\u00e1 pomocLokalita implement\u00e1cie:\u00a0\u010cerkasy, Odesa, [&hellip;]","og_url":"https:\/\/www.charita.sk\/svet\/bezpecne-detske-centra-teplo-svetlo-a-psychologicka-pomoc\/","og_site_name":"Charita vo svete","article_publisher":"https:\/\/www.facebook.com\/CaritasSlovakia\/","og_image":[{"width":2048,"height":1364,"url":"https:\/\/www.charita.sk\/svet\/wp-content\/uploads\/2026\/03\/photo_2025-08-18_09-08-34-1.jpg","type":"image\/jpeg"}],"twitter_card":"summary_large_image","twitter_misc":{"Predpokladan\u00fd \u010das \u010d\u00edtania":"2 min\u00faty"},"schema":{"@context":"https:\/\/schema.org","@graph":[{"@type":"WebPage","@id":"https:\/\/www.charita.sk\/svet\/bezpecne-detske-centra-teplo-svetlo-a-psychologicka-pomoc\/","url":"https:\/\/www.charita.sk\/svet\/bezpecne-detske-centra-teplo-svetlo-a-psychologicka-pomoc\/","name":"Bezpe\u010dn\u00e9 detsk\u00e9 centr\u00e1: teplo, svetlo a psychologick\u00e1 pomoc | Charita vo svete","isPartOf":{"@id":"https:\/\/www.charita.sk\/svet\/#website"},"primaryImageOfPage":{"@id":"https:\/\/www.charita.sk\/svet\/bezpecne-detske-centra-teplo-svetlo-a-psychologicka-pomoc\/#primaryimage"},"image":{"@id":"https:\/\/www.charita.sk\/svet\/bezpecne-detske-centra-teplo-svetlo-a-psychologicka-pomoc\/#primaryimage"},"thumbnailUrl":"https:\/\/www.charita.sk\/svet\/wp-content\/uploads\/2026\/03\/photo_2025-08-18_09-08-34-1-1024x682.jpg","datePublished":"2026-03-04T13:44:18+00:00","breadcrumb":{"@id":"https:\/\/www.charita.sk\/svet\/bezpecne-detske-centra-teplo-svetlo-a-psychologicka-pomoc\/#breadcrumb"},"inLanguage":"sk-SK","potentialAction":[{"@type":"ReadAction","target":["https:\/\/www.charita.sk\/svet\/bezpecne-detske-centra-teplo-svetlo-a-psychologicka-pomoc\/"]}]},{"@type":"ImageObject","inLanguage":"sk-SK","@id":"https:\/\/www.charita.sk\/svet\/bezpecne-detske-centra-teplo-svetlo-a-psychologicka-pomoc\/#primaryimage","url":"https:\/\/www.charita.sk\/svet\/wp-content\/uploads\/2026\/03\/photo_2025-08-18_09-08-34-1.jpg","contentUrl":"https:\/\/www.charita.sk\/svet\/wp-content\/uploads\/2026\/03\/photo_2025-08-18_09-08-34-1.jpg","width":2048,"height":1364},{"@type":"BreadcrumbList","@id":"https:\/\/www.charita.sk\/svet\/bezpecne-detske-centra-teplo-svetlo-a-psychologicka-pomoc\/#breadcrumb","itemListElement":[{"@type":"ListItem","position":1,"name":"Domovsk\u00e1 str\u00e1nka","item":"https:\/\/www.charita.sk\/svet\/"},{"@type":"ListItem","position":2,"name":"Bezpe\u010dn\u00e9 detsk\u00e9 centr\u00e1: teplo, svetlo a psychologick\u00e1 pomoc"}]},{"@type":"WebSite","@id":"https:\/\/www.charita.sk\/svet\/#website","url":"https:\/\/www.charita.sk\/svet\/","name":"Charita vo svete","description":"Slovensk\u00e1 katol\u00edcka charita pom\u00e1ha \u013eu\u010fom v n\u00fadzi vo svete","publisher":{"@id":"https:\/\/www.charita.sk\/svet\/#organization"},"potentialAction":[{"@type":"SearchAction","target":{"@type":"EntryPoint","urlTemplate":"https:\/\/www.charita.sk\/svet\/?s={search_term_string}"},"query-input":{"@type":"PropertyValueSpecification","valueRequired":true,"valueName":"search_term_string"}}],"inLanguage":"sk-SK"},{"@type":"Organization","@id":"https:\/\/www.charita.sk\/svet\/#organization","name":"Slovensk\u00e1 katol\u00edcka charita","url":"https:\/\/www.charita.sk\/svet\/","logo":{"@type":"ImageObject","inLanguage":"sk-SK","@id":"https:\/\/www.charita.sk\/svet\/#\/schema\/logo\/image\/","url":"https:\/\/www.charita.sk\/pomoc-utecencom\/wp-content\/uploads\/2020\/11\/logo_pomoc_utecencom.jpg","contentUrl":"https:\/\/www.charita.sk\/pomoc-utecencom\/wp-content\/uploads\/2020\/11\/logo_pomoc_utecencom.jpg","width":1712,"height":480,"caption":"Slovensk\u00e1 katol\u00edcka charita"},"image":{"@id":"https:\/\/www.charita.sk\/svet\/#\/schema\/logo\/image\/"},"sameAs":["https:\/\/www.facebook.com\/CaritasSlovakia\/","https:\/\/www.instagram.com\/caritas_slovakia\/","https:\/\/www.linkedin.com\/company\/caritas-slovakia-skch-","https:\/\/www.youtube.com\/user\/katolickacharita"]}]}},"featured_image_src":null,"featured_image_src_square":null,"_links":{"self":[{"href":"https:\/\/www.charita.sk\/svet\/wp-json\/wp\/v2\/pages\/3502","targetHints":{"allow":["GET"]}}],"collection":[{"href":"https:\/\/www.charita.sk\/svet\/wp-json\/wp\/v2\/pages"}],"about":[{"href":"https:\/\/www.charita.sk\/svet\/wp-json\/wp\/v2\/types\/page"}],"author":[{"embeddable":true,"href":"https:\/\/www.charita.sk\/svet\/wp-json\/wp\/v2\/users\/10"}],"replies":[{"embeddable":true,"href":"https:\/\/www.charita.sk\/svet\/wp-json\/wp\/v2\/comments?post=3502"}],"version-history":[{"count":1,"href":"https:\/\/www.charita.sk\/svet\/wp-json\/wp\/v2\/pages\/3502\/revisions"}],"predecessor-version":[{"id":3506,"href":"https:\/\/www.charita.sk\/svet\/wp-json\/wp\/v2\/pages\/3502\/revisions\/3506"}],"wp:attachment":[{"href":"https:\/\/www.charita.sk\/svet\/wp-json\/wp\/v2\/media?parent=3502"}],"curies":[{"name":"wp","href":"https:\/\/api.w.org\/{rel}","templated":true}]}}