{"id":3508,"date":"2026-03-04T15:02:54","date_gmt":"2026-03-04T14:02:54","guid":{"rendered":"https:\/\/www.charita.sk\/svet\/?page_id=3508"},"modified":"2026-03-04T15:04:14","modified_gmt":"2026-03-04T14:04:14","slug":"power-dignity-and-resilience-for-ukraine-zabezpecenie-bezpecia-tepla-a-dostojnej-podpory-pocas-vojny-a-zimnych-kriz","status":"publish","type":"page","link":"https:\/\/www.charita.sk\/svet\/power-dignity-and-resilience-for-ukraine-zabezpecenie-bezpecia-tepla-a-dostojnej-podpory-pocas-vojny-a-zimnych-kriz\/","title":{"rendered":"Zabezpe\u010denie bezpe\u010dia, tepla a d\u00f4stojnej podpory po\u010das vojny a zimn\u00fdch kr\u00edz"},"content":{"rendered":"\n<p class=\"has-white-color has-text-color has-background has-link-color wp-elements-208ca433ac6ec4b5da1cd8edfae4e75a\" style=\"background-color:#c42f41\"><strong>N\u00e1zov projektu:\u00a0\u00a0<\/strong>\u201ePoint of Support\u201c \u2013 rodinn\u00e1 podpora a adapt\u00e1cia det\u00ed na \u0161kolu<br><strong>Lokalita implement\u00e1cie:\u00a0<\/strong>Kyjev (mesto a oblas\u0165), Charkiv &#8211; Charkivska oblas\u0165), oblas\u0165 Z\u00e1poro\u017eie<br><strong>Meno partnera:\u00a0<\/strong>Caritas Spes\u00a0<br><strong>Trvanie projektu:\u00a0<\/strong>2026<br><strong>Po\u010det pr\u00edjemcov pomoci:\u00a0<\/strong>567 (332 det\u00ed a 235 dospel\u00fdch)<br><strong>V\u00fd\u0161ka podpory:\u00a0<\/strong>75 500 EUR<\/p>\n\n\n\n<p>Zimn\u00e9 mesiace na Ukrajine predstavuj\u00fa v kombin\u00e1cii s vojnov\u00fdm konfliktom a zni\u010denou infra\u0161trukt\u00farou kritick\u00fa sk\u00fa\u0161ku pre mili\u00f3ny civilistov. Extr\u00e9mne mrazy a dlhodob\u00e9 v\u00fdpadky elektriny v oblastiach pod neust\u00e1lym ostre\u013eovan\u00edm v\u00e1\u017ene ohrozuj\u00fa zdravie a \u017eivoty najzranite\u013enej\u0161\u00edch. Slovensk\u00e1 katol\u00edcka charita preto v roku 2026 prin\u00e1\u0161a projekt zameran\u00fd na energetick\u00fa nez\u00e1vislos\u0165 dom\u00e1cnost\u00ed a posilnenie ich zimnej odolnosti.<\/p>\n\n\n\n<p><strong>R\u00fdchla a adresn\u00e1 n\u00fadzov\u00e1 pomoc<\/strong> Humanit\u00e1rna situ\u00e1cia v ter\u00e9ne sa men\u00ed zo d\u0148a na de\u0148, preto je n\u00e1\u0161 pr\u00edstup maxim\u00e1lne flexibiln\u00fd. Distribuujeme vybavenie, ktor\u00e9 je okam\u017eite pou\u017eite\u013en\u00e9 a nevy\u017eaduje pripojenie k po\u0161kodenej elektrickej sieti. Na\u0161\u00edm cie\u013eom je chr\u00e1ni\u0165 \u017eivoty osamel\u00fdch seniorov, os\u00f4b so zdravotn\u00fdm postihnut\u00edm a rod\u00edn v extr\u00e9mnej chudobe, ktor\u00fdm hroz\u00ed podchladenie a strata z\u00e1kladn\u00fdch \u017eivotn\u00fdch funkci\u00ed.<\/p>\n\n\n\n<p><strong>Podpora kr\u00edzovej infra\u0161trukt\u00fary<\/strong> Projekt nepom\u00e1ha len jednotlivcom, ale posil\u0148uje aj d\u00f4le\u017eit\u00e9 z\u00e1chrann\u00e9 body. Zabezpe\u010dujeme vybavenie pre evakua\u010dn\u00e9 centr\u00e1, body odolnosti a mobiln\u00e9 kuchyne. \u0160peci\u00e1lnu pozornos\u0165 venujeme tranzitn\u00e9mu centru v Z\u00e1poro\u017e\u00ed, kde roz\u0161irujeme kapacity pre osoby so zn\u00ed\u017eenou mobilitou. V\u010faka tomu si komunity udr\u017eiavaj\u00fa schopnos\u0165 postara\u0165 sa o svojich \u010dlenov aj v t\u00fdch najzlo\u017eitej\u0161\u00edch podmienkach.<\/p>\n\n\n\n<p><strong>K\u013e\u00fa\u010dov\u00e9 aktivity a v\u00fdstupy projektu:<\/strong><\/p>\n\n\n\n<ul class=\"wp-block-list\">\n<li><strong>Zabezpe\u010denie tepla:<\/strong> Distrib\u00facia 167 plynov\u00fdch ohrieva\u010dov s f\u013ea\u0161ami a \u010fal\u0161\u00edch 350 vykurovac\u00edch zariaden\u00ed.<\/li>\n\n\n\n<li><strong>Pr\u00edprava stravy:<\/strong> Dodanie 100 prenosn\u00fdch plynov\u00fdch vari\u010dov s palivom pre dom\u00e1cnosti bez funk\u010dn\u00fdch kuch\u00fd\u0148.<\/li>\n\n\n\n<li><strong>Roz\u0161\u00edrenie kapac\u00edt:<\/strong> In\u0161tal\u00e1cia ve\u013ekokapacitn\u00e9ho nafukovacieho stanu pre tranzitn\u00e9 centrum v Z\u00e1poro\u017e\u00ed.<\/li>\n\n\n\n<li><strong>Zn\u00ed\u017eenie riz\u00edk:<\/strong> Minimaliz\u00e1cia zdravotn\u00fdch n\u00e1sledkov sp\u00f4soben\u00fdch energetick\u00fdm kolapsom a mrazmi.<\/li>\n<\/ul>\n\n\n\n<p>Tento projekt vracia \u013eu\u010fom pocit kontroly nad ich situ\u00e1ciou a umo\u017e\u0148uje im pre\u010dka\u0165 zimu s potrebnou d\u00f4stojnos\u0165ou. Spolo\u010dne budujeme odolnos\u0165, ktor\u00e1 zachra\u0148uje \u017eivoty priamo tam, kde je to najviac potrebn\u00e9.e zabezpe\u010denie. Deti v Dnipre tak z\u00edskali nielen nov\u00e9 zo\u0161ity, ale aj vedomie, \u017ee na svoje tr\u00e1penie nie s\u00fa samy.<\/p>\n\n\n\n<div class=\"wp-block-columns is-layout-flex wp-container-core-columns-is-layout-9d6595d7 wp-block-columns-is-layout-flex\">\n<div class=\"wp-block-column is-layout-flow wp-block-column-is-layout-flow\" style=\"flex-basis:100%\">\n<div class=\"wp-block-columns is-layout-flex wp-container-core-columns-is-layout-9d6595d7 wp-block-columns-is-layout-flex\">\n<div class=\"wp-block-column is-layout-flow wp-block-column-is-layout-flow\">\n<figure class=\"wp-block-image size-large\"><img fetchpriority=\"high\" decoding=\"async\" width=\"768\" height=\"1024\" src=\"https:\/\/www.charita.sk\/svet\/wp-content\/uploads\/2026\/03\/Ukraine_KyivRegion_260119_LifeInColdAndDark-3.jpeg-768x1024.webp\" alt=\"\" class=\"wp-image-3511\" srcset=\"https:\/\/www.charita.sk\/svet\/wp-content\/uploads\/2026\/03\/Ukraine_KyivRegion_260119_LifeInColdAndDark-3.jpeg-768x1024.webp 768w, https:\/\/www.charita.sk\/svet\/wp-content\/uploads\/2026\/03\/Ukraine_KyivRegion_260119_LifeInColdAndDark-3.jpeg-225x300.webp 225w, https:\/\/www.charita.sk\/svet\/wp-content\/uploads\/2026\/03\/Ukraine_KyivRegion_260119_LifeInColdAndDark-3.jpeg-1152x1536.webp 1152w, https:\/\/www.charita.sk\/svet\/wp-content\/uploads\/2026\/03\/Ukraine_KyivRegion_260119_LifeInColdAndDark-3.jpeg.webp 1200w\" sizes=\"(max-width: 768px) 100vw, 768px\" \/><\/figure>\n<\/div>\n\n\n\n<div class=\"wp-block-column is-layout-flow wp-block-column-is-layout-flow\">\n<figure class=\"wp-block-image size-large\"><img decoding=\"async\" width=\"768\" height=\"1024\" src=\"https:\/\/www.charita.sk\/svet\/wp-content\/uploads\/2026\/03\/Ukraine_KyivRegion_260115_LifeInColdAndDark-9.jpg-768x1024.webp\" alt=\"\" class=\"wp-image-3512\" srcset=\"https:\/\/www.charita.sk\/svet\/wp-content\/uploads\/2026\/03\/Ukraine_KyivRegion_260115_LifeInColdAndDark-9.jpg-768x1024.webp 768w, https:\/\/www.charita.sk\/svet\/wp-content\/uploads\/2026\/03\/Ukraine_KyivRegion_260115_LifeInColdAndDark-9.jpg-225x300.webp 225w, https:\/\/www.charita.sk\/svet\/wp-content\/uploads\/2026\/03\/Ukraine_KyivRegion_260115_LifeInColdAndDark-9.jpg-1152x1536.webp 1152w, https:\/\/www.charita.sk\/svet\/wp-content\/uploads\/2026\/03\/Ukraine_KyivRegion_260115_LifeInColdAndDark-9.jpg.webp 1200w\" sizes=\"(max-width: 768px) 100vw, 768px\" \/><\/figure>\n<\/div>\n\n\n\n<div class=\"wp-block-column is-layout-flow wp-block-column-is-layout-flow\">\n<figure class=\"wp-block-image size-large\"><img decoding=\"async\" width=\"771\" height=\"1024\" src=\"https:\/\/www.charita.sk\/svet\/wp-content\/uploads\/2026\/03\/Ukraine_KyivRegion_260115_LifeInColdAndDark-5.jpg-1-771x1024.webp\" alt=\"\" class=\"wp-image-3513\" srcset=\"https:\/\/www.charita.sk\/svet\/wp-content\/uploads\/2026\/03\/Ukraine_KyivRegion_260115_LifeInColdAndDark-5.jpg-1-771x1024.webp 771w, https:\/\/www.charita.sk\/svet\/wp-content\/uploads\/2026\/03\/Ukraine_KyivRegion_260115_LifeInColdAndDark-5.jpg-1-226x300.webp 226w, https:\/\/www.charita.sk\/svet\/wp-content\/uploads\/2026\/03\/Ukraine_KyivRegion_260115_LifeInColdAndDark-5.jpg-1-768x1020.webp 768w, https:\/\/www.charita.sk\/svet\/wp-content\/uploads\/2026\/03\/Ukraine_KyivRegion_260115_LifeInColdAndDark-5.jpg-1.webp 964w\" sizes=\"(max-width: 771px) 100vw, 771px\" \/><\/figure>\n<\/div>\n<\/div>\n<\/div>\n<\/div>\n\n\n\n<p><\/p>\n","protected":false},"excerpt":{"rendered":"<p>N\u00e1zov projektu:\u00a0\u00a0\u201ePoint of Support\u201c \u2013 rodinn\u00e1 podpora a adapt\u00e1cia det\u00ed na \u0161koluLokalita [&hellip;]<\/p>\n","protected":false},"author":10,"featured_media":0,"parent":0,"menu_order":0,"comment_status":"closed","ping_status":"closed","template":"","meta":{"footnotes":""},"class_list":["post-3508","page","type-page","status-publish","hentry"],"yoast_head":"<!-- This site is optimized with the Yoast SEO plugin v25.4 - https:\/\/yoast.com\/wordpress\/plugins\/seo\/ -->\n<title>Zabezpe\u010denie bezpe\u010dia, tepla a d\u00f4stojnej podpory po\u010das vojny a zimn\u00fdch kr\u00edz | Charita vo svete<\/title>\n<meta name=\"robots\" content=\"index, follow, max-snippet:-1, max-image-preview:large, max-video-preview:-1\" \/>\n<link rel=\"canonical\" href=\"https:\/\/www.charita.sk\/svet\/power-dignity-and-resilience-for-ukraine-zabezpecenie-bezpecia-tepla-a-dostojnej-podpory-pocas-vojny-a-zimnych-kriz\/\" \/>\n<meta property=\"og:locale\" content=\"sk_SK\" \/>\n<meta property=\"og:type\" content=\"article\" \/>\n<meta property=\"og:title\" content=\"Zabezpe\u010denie bezpe\u010dia, tepla a d\u00f4stojnej podpory po\u010das vojny a zimn\u00fdch kr\u00edz | Charita vo svete\" \/>\n<meta property=\"og:description\" content=\"N\u00e1zov projektu:\u00a0\u00a0\u201ePoint of Support\u201c \u2013 rodinn\u00e1 podpora a adapt\u00e1cia det\u00ed na \u0161koluLokalita [&hellip;]\" \/>\n<meta property=\"og:url\" content=\"https:\/\/www.charita.sk\/svet\/power-dignity-and-resilience-for-ukraine-zabezpecenie-bezpecia-tepla-a-dostojnej-podpory-pocas-vojny-a-zimnych-kriz\/\" \/>\n<meta property=\"og:site_name\" content=\"Charita vo svete\" \/>\n<meta property=\"article:publisher\" content=\"https:\/\/www.facebook.com\/CaritasSlovakia\/\" \/>\n<meta property=\"article:modified_time\" content=\"2026-03-04T14:04:14+00:00\" \/>\n<meta property=\"og:image\" content=\"https:\/\/www.charita.sk\/svet\/wp-content\/uploads\/2026\/03\/Ukraine_KyivRegion_260119_LifeInColdAndDark-3.jpeg.webp\" \/>\n\t<meta property=\"og:image:width\" content=\"1200\" \/>\n\t<meta property=\"og:image:height\" content=\"1600\" \/>\n\t<meta property=\"og:image:type\" content=\"image\/webp\" \/>\n<meta name=\"twitter:card\" content=\"summary_large_image\" \/>\n<meta name=\"twitter:label1\" content=\"Predpokladan\u00fd \u010das \u010d\u00edtania\" \/>\n\t<meta name=\"twitter:data1\" content=\"3 min\u00faty\" \/>\n<script type=\"application\/ld+json\" class=\"yoast-schema-graph\">{\"@context\":\"https:\/\/schema.org\",\"@graph\":[{\"@type\":\"WebPage\",\"@id\":\"https:\/\/www.charita.sk\/svet\/power-dignity-and-resilience-for-ukraine-zabezpecenie-bezpecia-tepla-a-dostojnej-podpory-pocas-vojny-a-zimnych-kriz\/\",\"url\":\"https:\/\/www.charita.sk\/svet\/power-dignity-and-resilience-for-ukraine-zabezpecenie-bezpecia-tepla-a-dostojnej-podpory-pocas-vojny-a-zimnych-kriz\/\",\"name\":\"Zabezpe\u010denie bezpe\u010dia, tepla a d\u00f4stojnej podpory po\u010das vojny a zimn\u00fdch kr\u00edz | Charita vo svete\",\"isPartOf\":{\"@id\":\"https:\/\/www.charita.sk\/svet\/#website\"},\"primaryImageOfPage\":{\"@id\":\"https:\/\/www.charita.sk\/svet\/power-dignity-and-resilience-for-ukraine-zabezpecenie-bezpecia-tepla-a-dostojnej-podpory-pocas-vojny-a-zimnych-kriz\/#primaryimage\"},\"image\":{\"@id\":\"https:\/\/www.charita.sk\/svet\/power-dignity-and-resilience-for-ukraine-zabezpecenie-bezpecia-tepla-a-dostojnej-podpory-pocas-vojny-a-zimnych-kriz\/#primaryimage\"},\"thumbnailUrl\":\"https:\/\/www.charita.sk\/svet\/wp-content\/uploads\/2026\/03\/Ukraine_KyivRegion_260119_LifeInColdAndDark-3.jpeg-768x1024.webp\",\"datePublished\":\"2026-03-04T14:02:54+00:00\",\"dateModified\":\"2026-03-04T14:04:14+00:00\",\"breadcrumb\":{\"@id\":\"https:\/\/www.charita.sk\/svet\/power-dignity-and-resilience-for-ukraine-zabezpecenie-bezpecia-tepla-a-dostojnej-podpory-pocas-vojny-a-zimnych-kriz\/#breadcrumb\"},\"inLanguage\":\"sk-SK\",\"potentialAction\":[{\"@type\":\"ReadAction\",\"target\":[\"https:\/\/www.charita.sk\/svet\/power-dignity-and-resilience-for-ukraine-zabezpecenie-bezpecia-tepla-a-dostojnej-podpory-pocas-vojny-a-zimnych-kriz\/\"]}]},{\"@type\":\"ImageObject\",\"inLanguage\":\"sk-SK\",\"@id\":\"https:\/\/www.charita.sk\/svet\/power-dignity-and-resilience-for-ukraine-zabezpecenie-bezpecia-tepla-a-dostojnej-podpory-pocas-vojny-a-zimnych-kriz\/#primaryimage\",\"url\":\"https:\/\/www.charita.sk\/svet\/wp-content\/uploads\/2026\/03\/Ukraine_KyivRegion_260119_LifeInColdAndDark-3.jpeg.webp\",\"contentUrl\":\"https:\/\/www.charita.sk\/svet\/wp-content\/uploads\/2026\/03\/Ukraine_KyivRegion_260119_LifeInColdAndDark-3.jpeg.webp\",\"width\":1200,\"height\":1600},{\"@type\":\"BreadcrumbList\",\"@id\":\"https:\/\/www.charita.sk\/svet\/power-dignity-and-resilience-for-ukraine-zabezpecenie-bezpecia-tepla-a-dostojnej-podpory-pocas-vojny-a-zimnych-kriz\/#breadcrumb\",\"itemListElement\":[{\"@type\":\"ListItem\",\"position\":1,\"name\":\"Domovsk\u00e1 str\u00e1nka\",\"item\":\"https:\/\/www.charita.sk\/svet\/\"},{\"@type\":\"ListItem\",\"position\":2,\"name\":\"Zabezpe\u010denie bezpe\u010dia, tepla a d\u00f4stojnej podpory po\u010das vojny a zimn\u00fdch kr\u00edz\"}]},{\"@type\":\"WebSite\",\"@id\":\"https:\/\/www.charita.sk\/svet\/#website\",\"url\":\"https:\/\/www.charita.sk\/svet\/\",\"name\":\"Charita vo svete\",\"description\":\"Slovensk\u00e1 katol\u00edcka charita pom\u00e1ha \u013eu\u010fom v n\u00fadzi vo svete\",\"publisher\":{\"@id\":\"https:\/\/www.charita.sk\/svet\/#organization\"},\"potentialAction\":[{\"@type\":\"SearchAction\",\"target\":{\"@type\":\"EntryPoint\",\"urlTemplate\":\"https:\/\/www.charita.sk\/svet\/?s={search_term_string}\"},\"query-input\":{\"@type\":\"PropertyValueSpecification\",\"valueRequired\":true,\"valueName\":\"search_term_string\"}}],\"inLanguage\":\"sk-SK\"},{\"@type\":\"Organization\",\"@id\":\"https:\/\/www.charita.sk\/svet\/#organization\",\"name\":\"Slovensk\u00e1 katol\u00edcka charita\",\"url\":\"https:\/\/www.charita.sk\/svet\/\",\"logo\":{\"@type\":\"ImageObject\",\"inLanguage\":\"sk-SK\",\"@id\":\"https:\/\/www.charita.sk\/svet\/#\/schema\/logo\/image\/\",\"url\":\"https:\/\/www.charita.sk\/pomoc-utecencom\/wp-content\/uploads\/2020\/11\/logo_pomoc_utecencom.jpg\",\"contentUrl\":\"https:\/\/www.charita.sk\/pomoc-utecencom\/wp-content\/uploads\/2020\/11\/logo_pomoc_utecencom.jpg\",\"width\":1712,\"height\":480,\"caption\":\"Slovensk\u00e1 katol\u00edcka charita\"},\"image\":{\"@id\":\"https:\/\/www.charita.sk\/svet\/#\/schema\/logo\/image\/\"},\"sameAs\":[\"https:\/\/www.facebook.com\/CaritasSlovakia\/\",\"https:\/\/www.instagram.com\/caritas_slovakia\/\",\"https:\/\/www.linkedin.com\/company\/caritas-slovakia-skch-\",\"https:\/\/www.youtube.com\/user\/katolickacharita\"]}]}<\/script>\n<!-- \/ Yoast SEO plugin. -->","yoast_head_json":{"title":"Zabezpe\u010denie bezpe\u010dia, tepla a d\u00f4stojnej podpory po\u010das vojny a zimn\u00fdch kr\u00edz | Charita vo svete","robots":{"index":"index","follow":"follow","max-snippet":"max-snippet:-1","max-image-preview":"max-image-preview:large","max-video-preview":"max-video-preview:-1"},"canonical":"https:\/\/www.charita.sk\/svet\/power-dignity-and-resilience-for-ukraine-zabezpecenie-bezpecia-tepla-a-dostojnej-podpory-pocas-vojny-a-zimnych-kriz\/","og_locale":"sk_SK","og_type":"article","og_title":"Zabezpe\u010denie bezpe\u010dia, tepla a d\u00f4stojnej podpory po\u010das vojny a zimn\u00fdch kr\u00edz | Charita vo svete","og_description":"N\u00e1zov projektu:\u00a0\u00a0\u201ePoint of Support\u201c \u2013 rodinn\u00e1 podpora a adapt\u00e1cia det\u00ed na \u0161koluLokalita [&hellip;]","og_url":"https:\/\/www.charita.sk\/svet\/power-dignity-and-resilience-for-ukraine-zabezpecenie-bezpecia-tepla-a-dostojnej-podpory-pocas-vojny-a-zimnych-kriz\/","og_site_name":"Charita vo svete","article_publisher":"https:\/\/www.facebook.com\/CaritasSlovakia\/","article_modified_time":"2026-03-04T14:04:14+00:00","og_image":[{"width":1200,"height":1600,"url":"https:\/\/www.charita.sk\/svet\/wp-content\/uploads\/2026\/03\/Ukraine_KyivRegion_260119_LifeInColdAndDark-3.jpeg.webp","type":"image\/webp"}],"twitter_card":"summary_large_image","twitter_misc":{"Predpokladan\u00fd \u010das \u010d\u00edtania":"3 min\u00faty"},"schema":{"@context":"https:\/\/schema.org","@graph":[{"@type":"WebPage","@id":"https:\/\/www.charita.sk\/svet\/power-dignity-and-resilience-for-ukraine-zabezpecenie-bezpecia-tepla-a-dostojnej-podpory-pocas-vojny-a-zimnych-kriz\/","url":"https:\/\/www.charita.sk\/svet\/power-dignity-and-resilience-for-ukraine-zabezpecenie-bezpecia-tepla-a-dostojnej-podpory-pocas-vojny-a-zimnych-kriz\/","name":"Zabezpe\u010denie bezpe\u010dia, tepla a d\u00f4stojnej podpory po\u010das vojny a zimn\u00fdch kr\u00edz | Charita vo svete","isPartOf":{"@id":"https:\/\/www.charita.sk\/svet\/#website"},"primaryImageOfPage":{"@id":"https:\/\/www.charita.sk\/svet\/power-dignity-and-resilience-for-ukraine-zabezpecenie-bezpecia-tepla-a-dostojnej-podpory-pocas-vojny-a-zimnych-kriz\/#primaryimage"},"image":{"@id":"https:\/\/www.charita.sk\/svet\/power-dignity-and-resilience-for-ukraine-zabezpecenie-bezpecia-tepla-a-dostojnej-podpory-pocas-vojny-a-zimnych-kriz\/#primaryimage"},"thumbnailUrl":"https:\/\/www.charita.sk\/svet\/wp-content\/uploads\/2026\/03\/Ukraine_KyivRegion_260119_LifeInColdAndDark-3.jpeg-768x1024.webp","datePublished":"2026-03-04T14:02:54+00:00","dateModified":"2026-03-04T14:04:14+00:00","breadcrumb":{"@id":"https:\/\/www.charita.sk\/svet\/power-dignity-and-resilience-for-ukraine-zabezpecenie-bezpecia-tepla-a-dostojnej-podpory-pocas-vojny-a-zimnych-kriz\/#breadcrumb"},"inLanguage":"sk-SK","potentialAction":[{"@type":"ReadAction","target":["https:\/\/www.charita.sk\/svet\/power-dignity-and-resilience-for-ukraine-zabezpecenie-bezpecia-tepla-a-dostojnej-podpory-pocas-vojny-a-zimnych-kriz\/"]}]},{"@type":"ImageObject","inLanguage":"sk-SK","@id":"https:\/\/www.charita.sk\/svet\/power-dignity-and-resilience-for-ukraine-zabezpecenie-bezpecia-tepla-a-dostojnej-podpory-pocas-vojny-a-zimnych-kriz\/#primaryimage","url":"https:\/\/www.charita.sk\/svet\/wp-content\/uploads\/2026\/03\/Ukraine_KyivRegion_260119_LifeInColdAndDark-3.jpeg.webp","contentUrl":"https:\/\/www.charita.sk\/svet\/wp-content\/uploads\/2026\/03\/Ukraine_KyivRegion_260119_LifeInColdAndDark-3.jpeg.webp","width":1200,"height":1600},{"@type":"BreadcrumbList","@id":"https:\/\/www.charita.sk\/svet\/power-dignity-and-resilience-for-ukraine-zabezpecenie-bezpecia-tepla-a-dostojnej-podpory-pocas-vojny-a-zimnych-kriz\/#breadcrumb","itemListElement":[{"@type":"ListItem","position":1,"name":"Domovsk\u00e1 str\u00e1nka","item":"https:\/\/www.charita.sk\/svet\/"},{"@type":"ListItem","position":2,"name":"Zabezpe\u010denie bezpe\u010dia, tepla a d\u00f4stojnej podpory po\u010das vojny a zimn\u00fdch kr\u00edz"}]},{"@type":"WebSite","@id":"https:\/\/www.charita.sk\/svet\/#website","url":"https:\/\/www.charita.sk\/svet\/","name":"Charita vo svete","description":"Slovensk\u00e1 katol\u00edcka charita pom\u00e1ha \u013eu\u010fom v n\u00fadzi vo svete","publisher":{"@id":"https:\/\/www.charita.sk\/svet\/#organization"},"potentialAction":[{"@type":"SearchAction","target":{"@type":"EntryPoint","urlTemplate":"https:\/\/www.charita.sk\/svet\/?s={search_term_string}"},"query-input":{"@type":"PropertyValueSpecification","valueRequired":true,"valueName":"search_term_string"}}],"inLanguage":"sk-SK"},{"@type":"Organization","@id":"https:\/\/www.charita.sk\/svet\/#organization","name":"Slovensk\u00e1 katol\u00edcka charita","url":"https:\/\/www.charita.sk\/svet\/","logo":{"@type":"ImageObject","inLanguage":"sk-SK","@id":"https:\/\/www.charita.sk\/svet\/#\/schema\/logo\/image\/","url":"https:\/\/www.charita.sk\/pomoc-utecencom\/wp-content\/uploads\/2020\/11\/logo_pomoc_utecencom.jpg","contentUrl":"https:\/\/www.charita.sk\/pomoc-utecencom\/wp-content\/uploads\/2020\/11\/logo_pomoc_utecencom.jpg","width":1712,"height":480,"caption":"Slovensk\u00e1 katol\u00edcka charita"},"image":{"@id":"https:\/\/www.charita.sk\/svet\/#\/schema\/logo\/image\/"},"sameAs":["https:\/\/www.facebook.com\/CaritasSlovakia\/","https:\/\/www.instagram.com\/caritas_slovakia\/","https:\/\/www.linkedin.com\/company\/caritas-slovakia-skch-","https:\/\/www.youtube.com\/user\/katolickacharita"]}]}},"featured_image_src":null,"featured_image_src_square":null,"_links":{"self":[{"href":"https:\/\/www.charita.sk\/svet\/wp-json\/wp\/v2\/pages\/3508","targetHints":{"allow":["GET"]}}],"collection":[{"href":"https:\/\/www.charita.sk\/svet\/wp-json\/wp\/v2\/pages"}],"about":[{"href":"https:\/\/www.charita.sk\/svet\/wp-json\/wp\/v2\/types\/page"}],"author":[{"embeddable":true,"href":"https:\/\/www.charita.sk\/svet\/wp-json\/wp\/v2\/users\/10"}],"replies":[{"embeddable":true,"href":"https:\/\/www.charita.sk\/svet\/wp-json\/wp\/v2\/comments?post=3508"}],"version-history":[{"count":2,"href":"https:\/\/www.charita.sk\/svet\/wp-json\/wp\/v2\/pages\/3508\/revisions"}],"predecessor-version":[{"id":3520,"href":"https:\/\/www.charita.sk\/svet\/wp-json\/wp\/v2\/pages\/3508\/revisions\/3520"}],"wp:attachment":[{"href":"https:\/\/www.charita.sk\/svet\/wp-json\/wp\/v2\/media?parent=3508"}],"curies":[{"name":"wp","href":"https:\/\/api.w.org\/{rel}","templated":true}]}}