{"id":44,"date":"2018-02-02T13:29:00","date_gmt":"2018-02-02T12:29:00","guid":{"rendered":"http:\/\/charita.sk\/_ute\/?page_id=44"},"modified":"2021-03-17T21:26:07","modified_gmt":"2021-03-17T20:26:07","slug":"vystavba-exercicneho-domu","status":"publish","type":"page","link":"https:\/\/www.charita.sk\/svet\/vystavba-exercicneho-domu\/","title":{"rendered":"V\u00fdstavba exerci\u010dn\u00e9ho domu (Sulejmania, Irak)"},"content":{"rendered":"\n<p class=\"has-text-color has-background\" style=\"background-color:#c42f41;color:#ffffff\"><strong>N\u00e1zov projektu:<\/strong> Komunitn\u00fd dom pre reho\u013en\u00e9 sestry a \u017eensk\u00e9 n\u00e1v\u0161tevy<br><strong>Miesto implement\u00e1cie:<\/strong> Sulejmania<br><strong>Obdobie podpory projektu:<\/strong>\u00a0m\u00e1j &#8211; okt\u00f3ber 2017<br><strong>Po\u010det pr\u00edjemcov pomoci: <\/strong>30 os\u00f4b\/de\u0148<br><strong>Suma na podporu projektu:<\/strong> 50 000 EUR<\/p>\n\n\n\n<p>V\u00fdstavba exerci\u010dn\u00e9ho domu pre miestnu komunitu reho\u013en\u00fdch sestier a \u00fa\u010dastn\u00ed\u010dky duchovn\u00e9ho programu ako aj n\u00fadzov\u00e9 ubytovanie pre \u017eeny, ktor\u00e9 museli opusti\u0165 svoj domov kv\u00f4li ozbrojen\u00e9mu konfliktu. Centrum sl\u00fa\u017ei ako miesto stret\u00e1vania a form\u00e1cie ute\u010dencov a vn\u00fatorne pres\u00eddlen\u00fdch os\u00f4b, ktor\u00e9 sa sna\u017eia zalo\u017ei\u0165 si v okol\u00ed kl\u00e1\u0161tora svoj nov\u00fd domov.<\/p>\n\n\n\n<p>Okrem toho sa reho\u013en\u00e1 komunita venuje medzin\u00e1bo\u017eensk\u00e9mu dial\u00f3gu s moslimsk\u00fdmi komunitami, ktor\u00fd m\u00f4\u017ee prispie\u0165 k zlep\u0161eniu situ\u00e1cie medzi n\u00e1bo\u017eensk\u00fdmi komunitami. Exerci\u010dn\u00fd dom bol preto postaven\u00fd aj ako miesto stret\u00e1vania s in\u00fdmi veriacimi.<\/p>\n\n\n\n<figure class=\"wp-block-gallery columns-3 is-cropped wp-block-gallery-1 is-layout-flex wp-block-gallery-is-layout-flex\"><ul class=\"blocks-gallery-grid\"><li class=\"blocks-gallery-item\"><figure><a href=\"https:\/\/www.charita.sk\/svet\/wp-content\/uploads\/2018\/04\/01.jpg\"><img fetchpriority=\"high\" decoding=\"async\" width=\"1024\" height=\"682\" src=\"https:\/\/www.charita.sk\/svet\/wp-content\/uploads\/2018\/04\/01-1024x682.jpg\" alt=\"\" data-id=\"237\" data-full-url=\"https:\/\/www.charita.sk\/svet\/wp-content\/uploads\/2018\/04\/01.jpg\" data-link=\"https:\/\/www.charita.sk\/svet\/vystavba-exercicneho-domu\/attachment\/01\/\" class=\"wp-image-237\" srcset=\"https:\/\/www.charita.sk\/svet\/wp-content\/uploads\/2018\/04\/01-1024x682.jpg 1024w, https:\/\/www.charita.sk\/svet\/wp-content\/uploads\/2018\/04\/01-300x200.jpg 300w, https:\/\/www.charita.sk\/svet\/wp-content\/uploads\/2018\/04\/01-768x512.jpg 768w, https:\/\/www.charita.sk\/svet\/wp-content\/uploads\/2018\/04\/01.jpg 1280w\" sizes=\"(max-width: 1024px) 100vw, 1024px\" \/><\/a><figcaption class=\"blocks-gallery-item__caption\">za\u010diatok v\u00fdstavby <\/figcaption><\/figure><\/li><li class=\"blocks-gallery-item\"><figure><a href=\"https:\/\/www.charita.sk\/svet\/wp-content\/uploads\/2018\/04\/04.jpg\"><img decoding=\"async\" width=\"1024\" height=\"682\" src=\"https:\/\/www.charita.sk\/svet\/wp-content\/uploads\/2018\/04\/04-1024x682.jpg\" alt=\"\" data-id=\"238\" data-full-url=\"https:\/\/www.charita.sk\/svet\/wp-content\/uploads\/2018\/04\/04.jpg\" data-link=\"https:\/\/www.charita.sk\/svet\/vystavba-exercicneho-domu\/attachment\/04\/\" class=\"wp-image-238\" srcset=\"https:\/\/www.charita.sk\/svet\/wp-content\/uploads\/2018\/04\/04-1024x682.jpg 1024w, https:\/\/www.charita.sk\/svet\/wp-content\/uploads\/2018\/04\/04-300x200.jpg 300w, https:\/\/www.charita.sk\/svet\/wp-content\/uploads\/2018\/04\/04-768x512.jpg 768w, https:\/\/www.charita.sk\/svet\/wp-content\/uploads\/2018\/04\/04.jpg 1280w\" sizes=\"(max-width: 1024px) 100vw, 1024px\" \/><\/a><figcaption class=\"blocks-gallery-item__caption\">kopalo sa aj v noci<\/figcaption><\/figure><\/li><li class=\"blocks-gallery-item\"><figure><a href=\"https:\/\/www.charita.sk\/svet\/wp-content\/uploads\/2018\/04\/Sulejmania_02.jpg\"><img decoding=\"async\" width=\"1004\" height=\"706\" src=\"https:\/\/www.charita.sk\/svet\/wp-content\/uploads\/2018\/04\/Sulejmania_02.jpg\" alt=\"\" data-id=\"235\" data-full-url=\"https:\/\/www.charita.sk\/svet\/wp-content\/uploads\/2018\/04\/Sulejmania_02.jpg\" data-link=\"https:\/\/www.charita.sk\/svet\/vystavba-exercicneho-domu\/sulejmania_02\/\" class=\"wp-image-235\" srcset=\"https:\/\/www.charita.sk\/svet\/wp-content\/uploads\/2018\/04\/Sulejmania_02.jpg 1004w, https:\/\/www.charita.sk\/svet\/wp-content\/uploads\/2018\/04\/Sulejmania_02-300x211.jpg 300w, https:\/\/www.charita.sk\/svet\/wp-content\/uploads\/2018\/04\/Sulejmania_02-768x540.jpg 768w\" sizes=\"(max-width: 1004px) 100vw, 1004px\" \/><\/a><figcaption class=\"blocks-gallery-item__caption\">projekt komunitn\u00e9ho domu<\/figcaption><\/figure><\/li><\/ul><\/figure>\n","protected":false},"excerpt":{"rendered":"<p>N\u00e1zov projektu: Komunitn\u00fd dom pre reho\u013en\u00e9 sestry a \u017eensk\u00e9 n\u00e1v\u0161tevyMiesto implement\u00e1cie: SulejmaniaObdobie [&hellip;]<\/p>\n","protected":false},"author":2,"featured_media":0,"parent":0,"menu_order":0,"comment_status":"closed","ping_status":"closed","template":"","meta":{"footnotes":""},"class_list":["post-44","page","type-page","status-publish","hentry"],"yoast_head":"<!-- This site is optimized with the Yoast SEO plugin v25.4 - https:\/\/yoast.com\/wordpress\/plugins\/seo\/ -->\n<title>V\u00fdstavba exerci\u010dn\u00e9ho domu (Sulejmania, Irak) | Charita vo svete<\/title>\n<meta name=\"robots\" content=\"index, follow, max-snippet:-1, max-image-preview:large, max-video-preview:-1\" \/>\n<link rel=\"canonical\" href=\"https:\/\/www.charita.sk\/svet\/vystavba-exercicneho-domu\/\" \/>\n<meta property=\"og:locale\" content=\"sk_SK\" \/>\n<meta property=\"og:type\" content=\"article\" \/>\n<meta property=\"og:title\" content=\"V\u00fdstavba exerci\u010dn\u00e9ho domu (Sulejmania, Irak) | Charita vo svete\" \/>\n<meta property=\"og:description\" content=\"N\u00e1zov projektu: Komunitn\u00fd dom pre reho\u013en\u00e9 sestry a \u017eensk\u00e9 n\u00e1v\u0161tevyMiesto implement\u00e1cie: SulejmaniaObdobie [&hellip;]\" \/>\n<meta property=\"og:url\" content=\"https:\/\/www.charita.sk\/svet\/vystavba-exercicneho-domu\/\" \/>\n<meta property=\"og:site_name\" content=\"Charita vo svete\" \/>\n<meta property=\"article:publisher\" content=\"https:\/\/www.facebook.com\/CaritasSlovakia\/\" \/>\n<meta property=\"article:modified_time\" content=\"2021-03-17T20:26:07+00:00\" \/>\n<meta property=\"og:image\" content=\"https:\/\/www.charita.sk\/pomoc-utecencom\/wp-content\/uploads\/2018\/04\/01-1024x682.jpg\" \/>\n<meta name=\"twitter:card\" content=\"summary_large_image\" \/>\n<meta name=\"twitter:label1\" content=\"Predpokladan\u00fd \u010das \u010d\u00edtania\" \/>\n\t<meta name=\"twitter:data1\" content=\"1 min\u00fata\" \/>\n<script type=\"application\/ld+json\" class=\"yoast-schema-graph\">{\"@context\":\"https:\/\/schema.org\",\"@graph\":[{\"@type\":\"WebPage\",\"@id\":\"https:\/\/www.charita.sk\/svet\/vystavba-exercicneho-domu\/\",\"url\":\"https:\/\/www.charita.sk\/svet\/vystavba-exercicneho-domu\/\",\"name\":\"V\u00fdstavba exerci\u010dn\u00e9ho domu (Sulejmania, Irak) | Charita vo svete\",\"isPartOf\":{\"@id\":\"https:\/\/www.charita.sk\/svet\/#website\"},\"primaryImageOfPage\":{\"@id\":\"https:\/\/www.charita.sk\/svet\/vystavba-exercicneho-domu\/#primaryimage\"},\"image\":{\"@id\":\"https:\/\/www.charita.sk\/svet\/vystavba-exercicneho-domu\/#primaryimage\"},\"thumbnailUrl\":\"https:\/\/www.charita.sk\/svet\/wp-content\/uploads\/2018\/04\/01-1024x682.jpg\",\"datePublished\":\"2018-02-02T12:29:00+00:00\",\"dateModified\":\"2021-03-17T20:26:07+00:00\",\"breadcrumb\":{\"@id\":\"https:\/\/www.charita.sk\/svet\/vystavba-exercicneho-domu\/#breadcrumb\"},\"inLanguage\":\"sk-SK\",\"potentialAction\":[{\"@type\":\"ReadAction\",\"target\":[\"https:\/\/www.charita.sk\/svet\/vystavba-exercicneho-domu\/\"]}]},{\"@type\":\"ImageObject\",\"inLanguage\":\"sk-SK\",\"@id\":\"https:\/\/www.charita.sk\/svet\/vystavba-exercicneho-domu\/#primaryimage\",\"url\":\"https:\/\/www.charita.sk\/svet\/wp-content\/uploads\/2018\/04\/01.jpg\",\"contentUrl\":\"https:\/\/www.charita.sk\/svet\/wp-content\/uploads\/2018\/04\/01.jpg\",\"width\":1280,\"height\":853},{\"@type\":\"BreadcrumbList\",\"@id\":\"https:\/\/www.charita.sk\/svet\/vystavba-exercicneho-domu\/#breadcrumb\",\"itemListElement\":[{\"@type\":\"ListItem\",\"position\":1,\"name\":\"Domovsk\u00e1 str\u00e1nka\",\"item\":\"https:\/\/www.charita.sk\/svet\/\"},{\"@type\":\"ListItem\",\"position\":2,\"name\":\"V\u00fdstavba exerci\u010dn\u00e9ho domu (Sulejmania, Irak)\"}]},{\"@type\":\"WebSite\",\"@id\":\"https:\/\/www.charita.sk\/svet\/#website\",\"url\":\"https:\/\/www.charita.sk\/svet\/\",\"name\":\"Charita vo svete\",\"description\":\"Slovensk\u00e1 katol\u00edcka charita pom\u00e1ha \u013eu\u010fom v n\u00fadzi vo svete\",\"publisher\":{\"@id\":\"https:\/\/www.charita.sk\/svet\/#organization\"},\"potentialAction\":[{\"@type\":\"SearchAction\",\"target\":{\"@type\":\"EntryPoint\",\"urlTemplate\":\"https:\/\/www.charita.sk\/svet\/?s={search_term_string}\"},\"query-input\":{\"@type\":\"PropertyValueSpecification\",\"valueRequired\":true,\"valueName\":\"search_term_string\"}}],\"inLanguage\":\"sk-SK\"},{\"@type\":\"Organization\",\"@id\":\"https:\/\/www.charita.sk\/svet\/#organization\",\"name\":\"Slovensk\u00e1 katol\u00edcka charita\",\"url\":\"https:\/\/www.charita.sk\/svet\/\",\"logo\":{\"@type\":\"ImageObject\",\"inLanguage\":\"sk-SK\",\"@id\":\"https:\/\/www.charita.sk\/svet\/#\/schema\/logo\/image\/\",\"url\":\"https:\/\/www.charita.sk\/pomoc-utecencom\/wp-content\/uploads\/2020\/11\/logo_pomoc_utecencom.jpg\",\"contentUrl\":\"https:\/\/www.charita.sk\/pomoc-utecencom\/wp-content\/uploads\/2020\/11\/logo_pomoc_utecencom.jpg\",\"width\":1712,\"height\":480,\"caption\":\"Slovensk\u00e1 katol\u00edcka charita\"},\"image\":{\"@id\":\"https:\/\/www.charita.sk\/svet\/#\/schema\/logo\/image\/\"},\"sameAs\":[\"https:\/\/www.facebook.com\/CaritasSlovakia\/\",\"https:\/\/www.instagram.com\/caritas_slovakia\/\",\"https:\/\/www.linkedin.com\/company\/caritas-slovakia-skch-\",\"https:\/\/www.youtube.com\/user\/katolickacharita\"]}]}<\/script>\n<!-- \/ Yoast SEO plugin. -->","yoast_head_json":{"title":"V\u00fdstavba exerci\u010dn\u00e9ho domu (Sulejmania, Irak) | Charita vo svete","robots":{"index":"index","follow":"follow","max-snippet":"max-snippet:-1","max-image-preview":"max-image-preview:large","max-video-preview":"max-video-preview:-1"},"canonical":"https:\/\/www.charita.sk\/svet\/vystavba-exercicneho-domu\/","og_locale":"sk_SK","og_type":"article","og_title":"V\u00fdstavba exerci\u010dn\u00e9ho domu (Sulejmania, Irak) | Charita vo svete","og_description":"N\u00e1zov projektu: Komunitn\u00fd dom pre reho\u013en\u00e9 sestry a \u017eensk\u00e9 n\u00e1v\u0161tevyMiesto implement\u00e1cie: SulejmaniaObdobie [&hellip;]","og_url":"https:\/\/www.charita.sk\/svet\/vystavba-exercicneho-domu\/","og_site_name":"Charita vo svete","article_publisher":"https:\/\/www.facebook.com\/CaritasSlovakia\/","article_modified_time":"2021-03-17T20:26:07+00:00","og_image":[{"url":"https:\/\/www.charita.sk\/pomoc-utecencom\/wp-content\/uploads\/2018\/04\/01-1024x682.jpg","type":"","width":"","height":""}],"twitter_card":"summary_large_image","twitter_misc":{"Predpokladan\u00fd \u010das \u010d\u00edtania":"1 min\u00fata"},"schema":{"@context":"https:\/\/schema.org","@graph":[{"@type":"WebPage","@id":"https:\/\/www.charita.sk\/svet\/vystavba-exercicneho-domu\/","url":"https:\/\/www.charita.sk\/svet\/vystavba-exercicneho-domu\/","name":"V\u00fdstavba exerci\u010dn\u00e9ho domu (Sulejmania, Irak) | Charita vo svete","isPartOf":{"@id":"https:\/\/www.charita.sk\/svet\/#website"},"primaryImageOfPage":{"@id":"https:\/\/www.charita.sk\/svet\/vystavba-exercicneho-domu\/#primaryimage"},"image":{"@id":"https:\/\/www.charita.sk\/svet\/vystavba-exercicneho-domu\/#primaryimage"},"thumbnailUrl":"https:\/\/www.charita.sk\/svet\/wp-content\/uploads\/2018\/04\/01-1024x682.jpg","datePublished":"2018-02-02T12:29:00+00:00","dateModified":"2021-03-17T20:26:07+00:00","breadcrumb":{"@id":"https:\/\/www.charita.sk\/svet\/vystavba-exercicneho-domu\/#breadcrumb"},"inLanguage":"sk-SK","potentialAction":[{"@type":"ReadAction","target":["https:\/\/www.charita.sk\/svet\/vystavba-exercicneho-domu\/"]}]},{"@type":"ImageObject","inLanguage":"sk-SK","@id":"https:\/\/www.charita.sk\/svet\/vystavba-exercicneho-domu\/#primaryimage","url":"https:\/\/www.charita.sk\/svet\/wp-content\/uploads\/2018\/04\/01.jpg","contentUrl":"https:\/\/www.charita.sk\/svet\/wp-content\/uploads\/2018\/04\/01.jpg","width":1280,"height":853},{"@type":"BreadcrumbList","@id":"https:\/\/www.charita.sk\/svet\/vystavba-exercicneho-domu\/#breadcrumb","itemListElement":[{"@type":"ListItem","position":1,"name":"Domovsk\u00e1 str\u00e1nka","item":"https:\/\/www.charita.sk\/svet\/"},{"@type":"ListItem","position":2,"name":"V\u00fdstavba exerci\u010dn\u00e9ho domu (Sulejmania, Irak)"}]},{"@type":"WebSite","@id":"https:\/\/www.charita.sk\/svet\/#website","url":"https:\/\/www.charita.sk\/svet\/","name":"Charita vo svete","description":"Slovensk\u00e1 katol\u00edcka charita pom\u00e1ha \u013eu\u010fom v n\u00fadzi vo svete","publisher":{"@id":"https:\/\/www.charita.sk\/svet\/#organization"},"potentialAction":[{"@type":"SearchAction","target":{"@type":"EntryPoint","urlTemplate":"https:\/\/www.charita.sk\/svet\/?s={search_term_string}"},"query-input":{"@type":"PropertyValueSpecification","valueRequired":true,"valueName":"search_term_string"}}],"inLanguage":"sk-SK"},{"@type":"Organization","@id":"https:\/\/www.charita.sk\/svet\/#organization","name":"Slovensk\u00e1 katol\u00edcka charita","url":"https:\/\/www.charita.sk\/svet\/","logo":{"@type":"ImageObject","inLanguage":"sk-SK","@id":"https:\/\/www.charita.sk\/svet\/#\/schema\/logo\/image\/","url":"https:\/\/www.charita.sk\/pomoc-utecencom\/wp-content\/uploads\/2020\/11\/logo_pomoc_utecencom.jpg","contentUrl":"https:\/\/www.charita.sk\/pomoc-utecencom\/wp-content\/uploads\/2020\/11\/logo_pomoc_utecencom.jpg","width":1712,"height":480,"caption":"Slovensk\u00e1 katol\u00edcka charita"},"image":{"@id":"https:\/\/www.charita.sk\/svet\/#\/schema\/logo\/image\/"},"sameAs":["https:\/\/www.facebook.com\/CaritasSlovakia\/","https:\/\/www.instagram.com\/caritas_slovakia\/","https:\/\/www.linkedin.com\/company\/caritas-slovakia-skch-","https:\/\/www.youtube.com\/user\/katolickacharita"]}]}},"featured_image_src":null,"featured_image_src_square":null,"_links":{"self":[{"href":"https:\/\/www.charita.sk\/svet\/wp-json\/wp\/v2\/pages\/44","targetHints":{"allow":["GET"]}}],"collection":[{"href":"https:\/\/www.charita.sk\/svet\/wp-json\/wp\/v2\/pages"}],"about":[{"href":"https:\/\/www.charita.sk\/svet\/wp-json\/wp\/v2\/types\/page"}],"author":[{"embeddable":true,"href":"https:\/\/www.charita.sk\/svet\/wp-json\/wp\/v2\/users\/2"}],"replies":[{"embeddable":true,"href":"https:\/\/www.charita.sk\/svet\/wp-json\/wp\/v2\/comments?post=44"}],"version-history":[{"count":14,"href":"https:\/\/www.charita.sk\/svet\/wp-json\/wp\/v2\/pages\/44\/revisions"}],"predecessor-version":[{"id":1580,"href":"https:\/\/www.charita.sk\/svet\/wp-json\/wp\/v2\/pages\/44\/revisions\/1580"}],"wp:attachment":[{"href":"https:\/\/www.charita.sk\/svet\/wp-json\/wp\/v2\/media?parent=44"}],"curies":[{"name":"wp","href":"https:\/\/api.w.org\/{rel}","templated":true}]}}