{"id":482,"date":"2019-06-03T13:49:14","date_gmt":"2019-06-03T11:49:14","guid":{"rendered":"https:\/\/charita.sk\/pomoc-utecencom\/?page_id=482"},"modified":"2021-03-17T21:29:59","modified_gmt":"2021-03-17T20:29:59","slug":"podpora-dvoch-syriackych-skolok-v-meste-al-qamishli-2","status":"publish","type":"page","link":"https:\/\/www.charita.sk\/svet\/podpora-dvoch-syriackych-skolok-v-meste-al-qamishli-2\/","title":{"rendered":"Podpora dvoch syriack\u00fdch \u0161k\u00f4lok v meste Al-Qamishli"},"content":{"rendered":"\n<p class=\"has-text-color has-background\" style=\"background-color:#c42f41;color:#ffffff\"><strong>N\u00e1zov projektu:<\/strong> Podpora dvoch syriack\u00fdch \u0161k\u00f4lok v meste Al-Qamishli<br><strong>Miesto implement\u00e1cie:<\/strong> Al-Qamishli, S\u00fdria<br><strong>Obdobie podpory projektu:<\/strong> j\u00fan 2019 \u2013 j\u00fan 2020<br><strong>Po\u010det pr\u00edjemcov pomoci:<\/strong>&nbsp;80 det\u00ed + rodinn\u00ed pr\u00edslu\u0161n\u00edci<br><strong>Suma na podporu projektu:<\/strong>&nbsp;14 000 EUR<\/p>\n\n\n\n<p class=\"has-text-align-center has-very-light-gray-background-color has-background\"><strong>\u010eakujeme Konferenci\u00ed biskupov Slovenska za finan\u010dn\u00fa podporu projektu<\/strong><\/p>\n\n\n\n<p><strong>Situ\u00e1cia v krajine:<\/strong><\/p>\n\n\n\n<p>Ozbrojen\u00fd konflikt, ktor\u00fd prebieha na \u00fazem\u00ed S\u00fdrie u\u017e 8 rokov a je podporovan\u00fd viacer\u00fdmi \u0161t\u00e1tmi, sp\u00f4sobil \u00fatek 5,6 mili\u00f3na obyvate\u013eov do in\u00fdch kraj\u00edn a \u010fal\u0161\u00edch 6 mili\u00f3nov \u013eud\u00ed muselo opusti\u0165 svoje domovy a b\u00fdvaj\u00fa v proviz\u00f3rnych podmienkach na inom mieste v r\u00e1mci krajiny \u2013 tzv. vn\u00fatorne vys\u00eddlen\u00e9 osoby (IDP \u2013 Internally Displaced People).<\/p>\n\n\n\n<p>Jedn\u00fdm z regi\u00f3nov, ktor\u00fd poskytuje na \u00fazem\u00ed bezpe\u010die pre \u013eud\u00ed na \u00fateku je Governor\u00e1t Al Hassaka v severov\u00fdchodnej \u010dasti krajiny.<\/p>\n\n\n\n<p>Governor\u00e1t je kontrolovan\u00fd Kurdmi a na jeho \u00fazem\u00ed \u017eij\u00fa aj komunity syriack\u00fdch kres\u0165anov. Situ\u00e1cia miestnych obyvate\u013eov je komplikovan\u00e1 kv\u00f4li prebiehaj\u00facemu konfliktu v krajine ako aj izol\u00e1cii regi\u00f3nu zo strany irack\u00e9ho Kurdistanu a Turecka (irack\u00ed Kurdi patria do inej kurdskej frakcie, preto je medzi irack\u00fdm Kurdistanom a s\u00fdrskymi Kurdmi nap\u00e4tie. Turecko izoluje Governor\u00e1t Al-Hassaka z d\u00f4vodu jeho spolupr\u00e1ce s tureck\u00fdmi Kurdmi, ktor\u00ed bojuj\u00fa za svoju v\u00e4\u010d\u0161iu samostatnos\u0165 na \u00fazem\u00ed Turecka).<\/p>\n\n\n\n<p>Izol\u00e1cia, ktor\u00fa so sebou prin\u00e1\u0161aj\u00fa tieto konflikty v\u0161ak v\u00e1\u017ene zhor\u0161uje \u017eivotn\u00fa \u00farove\u0148 obyvate\u013eov a hlavne komunity IDPs v na \u00fazem\u00ed governor\u00e1tu.<\/p>\n\n\n\n<p><strong>Popis projektu:<\/strong><\/p>\n\n\n\n<p>\u00dania syriack\u00fdch \u017eien zalo\u017eila v\u010faka eur\u00f3pskym donorom v roku 2015 \u0161k\u00f4lku, ktor\u00e1 vytvorila de\u0165om bezpe\u010dn\u00e9, zdrav\u00e9 a podnetn\u00e9 prostredie napriek prebiehaj\u00facemu konfliktu v krajine. Deti tak z\u00edskavali nov\u00e9 vedomosti, kamar\u00e1tstva a ich mamy mohli pracova\u0165, aby zlep\u0161ili finan\u010dn\u00fa situ\u00e1ciu svojej rodiny. \u0160k\u00f4lka pom\u00e1hala 45 de\u0165om a ich rodin\u00e1m (21 rodin\u00e1m syriack\u00fdch kres\u0165anov, 12 Kurdsk\u00fdm rodin\u00e1m a 12 Arabsk\u00fdm rodin\u00e1m). V\u010faka r\u00f4znorodosti det\u00ed sa posil\u0148ovala spolupatri\u010dnos\u0165 aj medzi jednotliv\u00fdmi komunitami rodi\u010dov. \u0160k\u00f4lka zaznamenala medzi rodi\u010dmi ve\u013ek\u00fd \u00faspech a \u010fal\u0161\u00edch 35 rod\u00edn prejavilo z\u00e1ujem, aby \u0161k\u00f4lka pomohla aj ich de\u0165om.<\/p>\n\n\n\n<p>Z d\u00f4vodu vysok\u00e9ho z\u00e1ujmu o \u0161k\u00f4lku \u00dania syriack\u00fdch \u017eien prenajala \u010fal\u0161iu budovu a rozdelila spolu u\u017e 80 det\u00ed do dvoch budov. Av\u0161ak novej budove st\u00e1le ch\u00fdbalo potrebn\u00e9 zariadenie a vybavenie, aby mohla de\u0165om poskytn\u00fa\u0165 potrebn\u00e9 z\u00e1zemie. Projekt bol preto zameran\u00fd na podporu fungovania oboch \u0161k\u00f4lok, ktor\u00e9 tak pom\u00e1haj\u00fa de\u0165om z\u00edskava\u0165 z\u00e1kladn\u00e9 vedomosti a soci\u00e1lne zru\u010dnosti a z\u00e1rove\u0148 podporuj\u00fa rodiny det\u00ed v zlep\u0161ovan\u00ed ich situ\u00e1cie, ktor\u00e1 je v\u00fdrazne pozna\u010den\u00e1 prebiehaj\u00facim ozbrojen\u00fdm konfliktom v krajine.<\/p>\n\n\n\n<div class=\"wp-block-buttons aligncenter is-layout-flex wp-block-buttons-is-layout-flex\">\n<div class=\"wp-block-button\"><a class=\"wp-block-button__link has-vivid-red-background-color has-text-color has-background\" href=\"https:\/\/charita.darujme.sk\/775\/\" style=\"color:#ffffff\" target=\"_blank\" rel=\"noreferrer noopener\"><strong>Chcem podpori\u0165 tak\u00e9to projekty<\/strong><\/a><\/div>\n<\/div>\n\n\n\n<p><strong>Fotky z prvej \u0161k\u00f4lky<\/strong>:<\/p>\n\n\n\n<figure class=\"wp-block-gallery columns-3 is-cropped wp-block-gallery-1 is-layout-flex wp-block-gallery-is-layout-flex\"><ul class=\"blocks-gallery-grid\"><li class=\"blocks-gallery-item\"><figure><a href=\"https:\/\/www.charita.sk\/svet\/wp-content\/uploads\/2020\/08\/P1-Semester-closing-ceremony.jpg\"><img fetchpriority=\"high\" decoding=\"async\" width=\"1024\" height=\"683\" src=\"https:\/\/www.charita.sk\/svet\/wp-content\/uploads\/2020\/08\/P1-Semester-closing-ceremony-1024x683.jpg\" alt=\"\" data-id=\"918\" data-full-url=\"https:\/\/www.charita.sk\/svet\/wp-content\/uploads\/2020\/08\/P1-Semester-closing-ceremony.jpg\" data-link=\"https:\/\/www.charita.sk\/svet\/podpora-dvoch-syriackych-skolok-v-meste-al-qamishli-2\/p1-semester-closing-ceremony\/\" class=\"wp-image-918\" srcset=\"https:\/\/www.charita.sk\/svet\/wp-content\/uploads\/2020\/08\/P1-Semester-closing-ceremony-1024x683.jpg 1024w, https:\/\/www.charita.sk\/svet\/wp-content\/uploads\/2020\/08\/P1-Semester-closing-ceremony-300x200.jpg 300w, https:\/\/www.charita.sk\/svet\/wp-content\/uploads\/2020\/08\/P1-Semester-closing-ceremony-768x512.jpg 768w, https:\/\/www.charita.sk\/svet\/wp-content\/uploads\/2020\/08\/P1-Semester-closing-ceremony-600x400.jpg 600w, https:\/\/www.charita.sk\/svet\/wp-content\/uploads\/2020\/08\/P1-Semester-closing-ceremony.jpg 1200w\" sizes=\"(max-width: 1024px) 100vw, 1024px\" \/><\/a><figcaption class=\"blocks-gallery-item__caption\">Ka\u017ed\u00fd \u0161k\u00f4lkar dostal na konci roka svoj certifik\u00e1t<\/figcaption><\/figure><\/li><li class=\"blocks-gallery-item\"><figure><a href=\"https:\/\/www.charita.sk\/svet\/wp-content\/uploads\/2020\/08\/P6-Children-of-the-Kindergarten.jpg\"><img decoding=\"async\" width=\"1024\" height=\"616\" src=\"https:\/\/www.charita.sk\/svet\/wp-content\/uploads\/2020\/08\/P6-Children-of-the-Kindergarten-1024x616.jpg\" alt=\"\" data-id=\"920\" data-full-url=\"https:\/\/www.charita.sk\/svet\/wp-content\/uploads\/2020\/08\/P6-Children-of-the-Kindergarten.jpg\" data-link=\"https:\/\/www.charita.sk\/svet\/podpora-dvoch-syriackych-skolok-v-meste-al-qamishli-2\/p6-children-of-the-kindergarten\/\" class=\"wp-image-920\" srcset=\"https:\/\/www.charita.sk\/svet\/wp-content\/uploads\/2020\/08\/P6-Children-of-the-Kindergarten-1024x616.jpg 1024w, https:\/\/www.charita.sk\/svet\/wp-content\/uploads\/2020\/08\/P6-Children-of-the-Kindergarten-300x181.jpg 300w, https:\/\/www.charita.sk\/svet\/wp-content\/uploads\/2020\/08\/P6-Children-of-the-Kindergarten-768x462.jpg 768w, https:\/\/www.charita.sk\/svet\/wp-content\/uploads\/2020\/08\/P6-Children-of-the-Kindergarten.jpg 1200w\" sizes=\"(max-width: 1024px) 100vw, 1024px\" \/><\/a><figcaption class=\"blocks-gallery-item__caption\">Spolu\u017eiaci sa maj\u00fa ozaj radi<\/figcaption><\/figure><\/li><li class=\"blocks-gallery-item\"><figure><a href=\"https:\/\/www.charita.sk\/svet\/wp-content\/uploads\/2020\/08\/P4-St.-Barbara-Day.jpg\"><img decoding=\"async\" width=\"1024\" height=\"683\" src=\"https:\/\/www.charita.sk\/svet\/wp-content\/uploads\/2020\/08\/P4-St.-Barbara-Day-1024x683.jpg\" alt=\"\" data-id=\"919\" data-full-url=\"https:\/\/www.charita.sk\/svet\/wp-content\/uploads\/2020\/08\/P4-St.-Barbara-Day.jpg\" data-link=\"https:\/\/www.charita.sk\/svet\/podpora-dvoch-syriackych-skolok-v-meste-al-qamishli-2\/p4-st-barbara-day\/\" class=\"wp-image-919\" srcset=\"https:\/\/www.charita.sk\/svet\/wp-content\/uploads\/2020\/08\/P4-St.-Barbara-Day-1024x683.jpg 1024w, https:\/\/www.charita.sk\/svet\/wp-content\/uploads\/2020\/08\/P4-St.-Barbara-Day-300x200.jpg 300w, https:\/\/www.charita.sk\/svet\/wp-content\/uploads\/2020\/08\/P4-St.-Barbara-Day-768x512.jpg 768w, https:\/\/www.charita.sk\/svet\/wp-content\/uploads\/2020\/08\/P4-St.-Barbara-Day-600x400.jpg 600w, https:\/\/www.charita.sk\/svet\/wp-content\/uploads\/2020\/08\/P4-St.-Barbara-Day.jpg 1200w\" sizes=\"(max-width: 1024px) 100vw, 1024px\" \/><\/a><figcaption class=\"blocks-gallery-item__caption\">Pohostenie na sviatok sv\u00e4tej Barbory<\/figcaption><\/figure><\/li><\/ul><\/figure>\n\n\n\n<p><strong>Fotky z novej budovy \u0161k\u00f4lky:<\/strong><\/p>\n\n\n\n<figure class=\"wp-block-gallery columns-3 is-cropped wp-block-gallery-2 is-layout-flex wp-block-gallery-is-layout-flex\"><ul class=\"blocks-gallery-grid\"><li class=\"blocks-gallery-item\"><figure><a href=\"https:\/\/www.charita.sk\/svet\/wp-content\/uploads\/2020\/08\/P8-Pre-school-class2.jpg\"><img loading=\"lazy\" decoding=\"async\" width=\"1000\" height=\"750\" src=\"https:\/\/www.charita.sk\/svet\/wp-content\/uploads\/2020\/08\/P8-Pre-school-class2.jpg\" alt=\"\" data-id=\"925\" data-full-url=\"https:\/\/www.charita.sk\/svet\/wp-content\/uploads\/2020\/08\/P8-Pre-school-class2.jpg\" data-link=\"https:\/\/www.charita.sk\/svet\/podpora-dvoch-syriackych-skolok-v-meste-al-qamishli-2\/p8-pre-school-class2\/\" class=\"wp-image-925\" srcset=\"https:\/\/www.charita.sk\/svet\/wp-content\/uploads\/2020\/08\/P8-Pre-school-class2.jpg 1000w, https:\/\/www.charita.sk\/svet\/wp-content\/uploads\/2020\/08\/P8-Pre-school-class2-300x225.jpg 300w, https:\/\/www.charita.sk\/svet\/wp-content\/uploads\/2020\/08\/P8-Pre-school-class2-768x576.jpg 768w\" sizes=\"(max-width: 1000px) 100vw, 1000px\" \/><\/a><figcaption class=\"blocks-gallery-item__caption\">Trieda pred\u0161kol\u00e1kov m\u00e1 aj lavice so stoli\u010dkami<\/figcaption><\/figure><\/li><li class=\"blocks-gallery-item\"><figure><a href=\"https:\/\/www.charita.sk\/svet\/wp-content\/uploads\/2020\/08\/P3-Playground.jpg\"><img loading=\"lazy\" decoding=\"async\" width=\"1000\" height=\"750\" src=\"https:\/\/www.charita.sk\/svet\/wp-content\/uploads\/2020\/08\/P3-Playground.jpg\" alt=\"\" data-id=\"926\" data-full-url=\"https:\/\/www.charita.sk\/svet\/wp-content\/uploads\/2020\/08\/P3-Playground.jpg\" data-link=\"https:\/\/www.charita.sk\/svet\/podpora-dvoch-syriackych-skolok-v-meste-al-qamishli-2\/p3-playground\/\" class=\"wp-image-926\" srcset=\"https:\/\/www.charita.sk\/svet\/wp-content\/uploads\/2020\/08\/P3-Playground.jpg 1000w, https:\/\/www.charita.sk\/svet\/wp-content\/uploads\/2020\/08\/P3-Playground-300x225.jpg 300w, https:\/\/www.charita.sk\/svet\/wp-content\/uploads\/2020\/08\/P3-Playground-768x576.jpg 768w\" sizes=\"(max-width: 1000px) 100vw, 1000px\" \/><\/a><figcaption class=\"blocks-gallery-item__caption\">Hojda\u010dka pre najmen\u0161\u00edch vhodne dop\u013a\u0148a \u0161myk\u013eavku<\/figcaption><\/figure><\/li><li class=\"blocks-gallery-item\"><figure><a href=\"https:\/\/www.charita.sk\/svet\/wp-content\/uploads\/2020\/08\/P6-Playing-outside.jpg\"><img loading=\"lazy\" decoding=\"async\" width=\"1000\" height=\"563\" src=\"https:\/\/www.charita.sk\/svet\/wp-content\/uploads\/2020\/08\/P6-Playing-outside.jpg\" alt=\"\" data-id=\"924\" data-full-url=\"https:\/\/www.charita.sk\/svet\/wp-content\/uploads\/2020\/08\/P6-Playing-outside.jpg\" data-link=\"https:\/\/www.charita.sk\/svet\/podpora-dvoch-syriackych-skolok-v-meste-al-qamishli-2\/p6-playing-outside\/\" class=\"wp-image-924\" srcset=\"https:\/\/www.charita.sk\/svet\/wp-content\/uploads\/2020\/08\/P6-Playing-outside.jpg 1000w, https:\/\/www.charita.sk\/svet\/wp-content\/uploads\/2020\/08\/P6-Playing-outside-300x169.jpg 300w, https:\/\/www.charita.sk\/svet\/wp-content\/uploads\/2020\/08\/P6-Playing-outside-768x432.jpg 768w\" sizes=\"(max-width: 1000px) 100vw, 1000px\" \/><\/a><figcaption class=\"blocks-gallery-item__caption\">\u0160k\u00f4lkari \u010dakaj\u00fa na rodi\u010dov<\/figcaption><\/figure><\/li><\/ul><\/figure>\n","protected":false},"excerpt":{"rendered":"<p>N\u00e1zov projektu: Podpora dvoch syriack\u00fdch \u0161k\u00f4lok v meste Al-QamishliMiesto implement\u00e1cie: Al-Qamishli, S\u00fdriaObdobie [&hellip;]<\/p>\n","protected":false},"author":2,"featured_media":0,"parent":0,"menu_order":0,"comment_status":"closed","ping_status":"closed","template":"","meta":{"footnotes":""},"class_list":["post-482","page","type-page","status-publish","hentry"],"yoast_head":"<!-- This site is optimized with the Yoast SEO plugin v25.4 - https:\/\/yoast.com\/wordpress\/plugins\/seo\/ -->\n<title>Podpora dvoch syriack\u00fdch \u0161k\u00f4lok v meste Al-Qamishli | Charita vo svete<\/title>\n<meta name=\"robots\" content=\"index, follow, max-snippet:-1, max-image-preview:large, max-video-preview:-1\" \/>\n<link rel=\"canonical\" href=\"https:\/\/www.charita.sk\/svet\/podpora-dvoch-syriackych-skolok-v-meste-al-qamishli-2\/\" \/>\n<meta property=\"og:locale\" content=\"sk_SK\" \/>\n<meta property=\"og:type\" content=\"article\" \/>\n<meta property=\"og:title\" content=\"Podpora dvoch syriack\u00fdch \u0161k\u00f4lok v meste Al-Qamishli | Charita vo svete\" \/>\n<meta property=\"og:description\" content=\"N\u00e1zov projektu: Podpora dvoch syriack\u00fdch \u0161k\u00f4lok v meste Al-QamishliMiesto implement\u00e1cie: Al-Qamishli, S\u00fdriaObdobie [&hellip;]\" \/>\n<meta property=\"og:url\" content=\"https:\/\/www.charita.sk\/svet\/podpora-dvoch-syriackych-skolok-v-meste-al-qamishli-2\/\" \/>\n<meta property=\"og:site_name\" content=\"Charita vo svete\" \/>\n<meta property=\"article:publisher\" content=\"https:\/\/www.facebook.com\/CaritasSlovakia\/\" \/>\n<meta property=\"article:modified_time\" content=\"2021-03-17T20:29:59+00:00\" \/>\n<meta property=\"og:image\" content=\"https:\/\/www.charita.sk\/pomoc-utecencom\/wp-content\/uploads\/2020\/08\/P1-Semester-closing-ceremony-1024x683.jpg\" \/>\n<meta name=\"twitter:card\" content=\"summary_large_image\" \/>\n<meta name=\"twitter:label1\" content=\"Predpokladan\u00fd \u010das \u010d\u00edtania\" \/>\n\t<meta name=\"twitter:data1\" content=\"3 min\u00faty\" \/>\n<script type=\"application\/ld+json\" class=\"yoast-schema-graph\">{\"@context\":\"https:\/\/schema.org\",\"@graph\":[{\"@type\":\"WebPage\",\"@id\":\"https:\/\/www.charita.sk\/svet\/podpora-dvoch-syriackych-skolok-v-meste-al-qamishli-2\/\",\"url\":\"https:\/\/www.charita.sk\/svet\/podpora-dvoch-syriackych-skolok-v-meste-al-qamishli-2\/\",\"name\":\"Podpora dvoch syriack\u00fdch \u0161k\u00f4lok v meste Al-Qamishli | Charita vo svete\",\"isPartOf\":{\"@id\":\"https:\/\/www.charita.sk\/svet\/#website\"},\"primaryImageOfPage\":{\"@id\":\"https:\/\/www.charita.sk\/svet\/podpora-dvoch-syriackych-skolok-v-meste-al-qamishli-2\/#primaryimage\"},\"image\":{\"@id\":\"https:\/\/www.charita.sk\/svet\/podpora-dvoch-syriackych-skolok-v-meste-al-qamishli-2\/#primaryimage\"},\"thumbnailUrl\":\"https:\/\/www.charita.sk\/svet\/wp-content\/uploads\/2020\/08\/P1-Semester-closing-ceremony-1024x683.jpg\",\"datePublished\":\"2019-06-03T11:49:14+00:00\",\"dateModified\":\"2021-03-17T20:29:59+00:00\",\"breadcrumb\":{\"@id\":\"https:\/\/www.charita.sk\/svet\/podpora-dvoch-syriackych-skolok-v-meste-al-qamishli-2\/#breadcrumb\"},\"inLanguage\":\"sk-SK\",\"potentialAction\":[{\"@type\":\"ReadAction\",\"target\":[\"https:\/\/www.charita.sk\/svet\/podpora-dvoch-syriackych-skolok-v-meste-al-qamishli-2\/\"]}]},{\"@type\":\"ImageObject\",\"inLanguage\":\"sk-SK\",\"@id\":\"https:\/\/www.charita.sk\/svet\/podpora-dvoch-syriackych-skolok-v-meste-al-qamishli-2\/#primaryimage\",\"url\":\"https:\/\/www.charita.sk\/svet\/wp-content\/uploads\/2020\/08\/P1-Semester-closing-ceremony.jpg\",\"contentUrl\":\"https:\/\/www.charita.sk\/svet\/wp-content\/uploads\/2020\/08\/P1-Semester-closing-ceremony.jpg\",\"width\":1200,\"height\":800},{\"@type\":\"BreadcrumbList\",\"@id\":\"https:\/\/www.charita.sk\/svet\/podpora-dvoch-syriackych-skolok-v-meste-al-qamishli-2\/#breadcrumb\",\"itemListElement\":[{\"@type\":\"ListItem\",\"position\":1,\"name\":\"Domovsk\u00e1 str\u00e1nka\",\"item\":\"https:\/\/www.charita.sk\/svet\/\"},{\"@type\":\"ListItem\",\"position\":2,\"name\":\"Podpora dvoch syriack\u00fdch \u0161k\u00f4lok v meste Al-Qamishli\"}]},{\"@type\":\"WebSite\",\"@id\":\"https:\/\/www.charita.sk\/svet\/#website\",\"url\":\"https:\/\/www.charita.sk\/svet\/\",\"name\":\"Charita vo svete\",\"description\":\"Slovensk\u00e1 katol\u00edcka charita pom\u00e1ha \u013eu\u010fom v n\u00fadzi vo svete\",\"publisher\":{\"@id\":\"https:\/\/www.charita.sk\/svet\/#organization\"},\"potentialAction\":[{\"@type\":\"SearchAction\",\"target\":{\"@type\":\"EntryPoint\",\"urlTemplate\":\"https:\/\/www.charita.sk\/svet\/?s={search_term_string}\"},\"query-input\":{\"@type\":\"PropertyValueSpecification\",\"valueRequired\":true,\"valueName\":\"search_term_string\"}}],\"inLanguage\":\"sk-SK\"},{\"@type\":\"Organization\",\"@id\":\"https:\/\/www.charita.sk\/svet\/#organization\",\"name\":\"Slovensk\u00e1 katol\u00edcka charita\",\"url\":\"https:\/\/www.charita.sk\/svet\/\",\"logo\":{\"@type\":\"ImageObject\",\"inLanguage\":\"sk-SK\",\"@id\":\"https:\/\/www.charita.sk\/svet\/#\/schema\/logo\/image\/\",\"url\":\"https:\/\/www.charita.sk\/pomoc-utecencom\/wp-content\/uploads\/2020\/11\/logo_pomoc_utecencom.jpg\",\"contentUrl\":\"https:\/\/www.charita.sk\/pomoc-utecencom\/wp-content\/uploads\/2020\/11\/logo_pomoc_utecencom.jpg\",\"width\":1712,\"height\":480,\"caption\":\"Slovensk\u00e1 katol\u00edcka charita\"},\"image\":{\"@id\":\"https:\/\/www.charita.sk\/svet\/#\/schema\/logo\/image\/\"},\"sameAs\":[\"https:\/\/www.facebook.com\/CaritasSlovakia\/\",\"https:\/\/www.instagram.com\/caritas_slovakia\/\",\"https:\/\/www.linkedin.com\/company\/caritas-slovakia-skch-\",\"https:\/\/www.youtube.com\/user\/katolickacharita\"]}]}<\/script>\n<!-- \/ Yoast SEO plugin. -->","yoast_head_json":{"title":"Podpora dvoch syriack\u00fdch \u0161k\u00f4lok v meste Al-Qamishli | Charita vo svete","robots":{"index":"index","follow":"follow","max-snippet":"max-snippet:-1","max-image-preview":"max-image-preview:large","max-video-preview":"max-video-preview:-1"},"canonical":"https:\/\/www.charita.sk\/svet\/podpora-dvoch-syriackych-skolok-v-meste-al-qamishli-2\/","og_locale":"sk_SK","og_type":"article","og_title":"Podpora dvoch syriack\u00fdch \u0161k\u00f4lok v meste Al-Qamishli | Charita vo svete","og_description":"N\u00e1zov projektu: Podpora dvoch syriack\u00fdch \u0161k\u00f4lok v meste Al-QamishliMiesto implement\u00e1cie: Al-Qamishli, S\u00fdriaObdobie [&hellip;]","og_url":"https:\/\/www.charita.sk\/svet\/podpora-dvoch-syriackych-skolok-v-meste-al-qamishli-2\/","og_site_name":"Charita vo svete","article_publisher":"https:\/\/www.facebook.com\/CaritasSlovakia\/","article_modified_time":"2021-03-17T20:29:59+00:00","og_image":[{"url":"https:\/\/www.charita.sk\/pomoc-utecencom\/wp-content\/uploads\/2020\/08\/P1-Semester-closing-ceremony-1024x683.jpg","type":"","width":"","height":""}],"twitter_card":"summary_large_image","twitter_misc":{"Predpokladan\u00fd \u010das \u010d\u00edtania":"3 min\u00faty"},"schema":{"@context":"https:\/\/schema.org","@graph":[{"@type":"WebPage","@id":"https:\/\/www.charita.sk\/svet\/podpora-dvoch-syriackych-skolok-v-meste-al-qamishli-2\/","url":"https:\/\/www.charita.sk\/svet\/podpora-dvoch-syriackych-skolok-v-meste-al-qamishli-2\/","name":"Podpora dvoch syriack\u00fdch \u0161k\u00f4lok v meste Al-Qamishli | Charita vo svete","isPartOf":{"@id":"https:\/\/www.charita.sk\/svet\/#website"},"primaryImageOfPage":{"@id":"https:\/\/www.charita.sk\/svet\/podpora-dvoch-syriackych-skolok-v-meste-al-qamishli-2\/#primaryimage"},"image":{"@id":"https:\/\/www.charita.sk\/svet\/podpora-dvoch-syriackych-skolok-v-meste-al-qamishli-2\/#primaryimage"},"thumbnailUrl":"https:\/\/www.charita.sk\/svet\/wp-content\/uploads\/2020\/08\/P1-Semester-closing-ceremony-1024x683.jpg","datePublished":"2019-06-03T11:49:14+00:00","dateModified":"2021-03-17T20:29:59+00:00","breadcrumb":{"@id":"https:\/\/www.charita.sk\/svet\/podpora-dvoch-syriackych-skolok-v-meste-al-qamishli-2\/#breadcrumb"},"inLanguage":"sk-SK","potentialAction":[{"@type":"ReadAction","target":["https:\/\/www.charita.sk\/svet\/podpora-dvoch-syriackych-skolok-v-meste-al-qamishli-2\/"]}]},{"@type":"ImageObject","inLanguage":"sk-SK","@id":"https:\/\/www.charita.sk\/svet\/podpora-dvoch-syriackych-skolok-v-meste-al-qamishli-2\/#primaryimage","url":"https:\/\/www.charita.sk\/svet\/wp-content\/uploads\/2020\/08\/P1-Semester-closing-ceremony.jpg","contentUrl":"https:\/\/www.charita.sk\/svet\/wp-content\/uploads\/2020\/08\/P1-Semester-closing-ceremony.jpg","width":1200,"height":800},{"@type":"BreadcrumbList","@id":"https:\/\/www.charita.sk\/svet\/podpora-dvoch-syriackych-skolok-v-meste-al-qamishli-2\/#breadcrumb","itemListElement":[{"@type":"ListItem","position":1,"name":"Domovsk\u00e1 str\u00e1nka","item":"https:\/\/www.charita.sk\/svet\/"},{"@type":"ListItem","position":2,"name":"Podpora dvoch syriack\u00fdch \u0161k\u00f4lok v meste Al-Qamishli"}]},{"@type":"WebSite","@id":"https:\/\/www.charita.sk\/svet\/#website","url":"https:\/\/www.charita.sk\/svet\/","name":"Charita vo svete","description":"Slovensk\u00e1 katol\u00edcka charita pom\u00e1ha \u013eu\u010fom v n\u00fadzi vo svete","publisher":{"@id":"https:\/\/www.charita.sk\/svet\/#organization"},"potentialAction":[{"@type":"SearchAction","target":{"@type":"EntryPoint","urlTemplate":"https:\/\/www.charita.sk\/svet\/?s={search_term_string}"},"query-input":{"@type":"PropertyValueSpecification","valueRequired":true,"valueName":"search_term_string"}}],"inLanguage":"sk-SK"},{"@type":"Organization","@id":"https:\/\/www.charita.sk\/svet\/#organization","name":"Slovensk\u00e1 katol\u00edcka charita","url":"https:\/\/www.charita.sk\/svet\/","logo":{"@type":"ImageObject","inLanguage":"sk-SK","@id":"https:\/\/www.charita.sk\/svet\/#\/schema\/logo\/image\/","url":"https:\/\/www.charita.sk\/pomoc-utecencom\/wp-content\/uploads\/2020\/11\/logo_pomoc_utecencom.jpg","contentUrl":"https:\/\/www.charita.sk\/pomoc-utecencom\/wp-content\/uploads\/2020\/11\/logo_pomoc_utecencom.jpg","width":1712,"height":480,"caption":"Slovensk\u00e1 katol\u00edcka charita"},"image":{"@id":"https:\/\/www.charita.sk\/svet\/#\/schema\/logo\/image\/"},"sameAs":["https:\/\/www.facebook.com\/CaritasSlovakia\/","https:\/\/www.instagram.com\/caritas_slovakia\/","https:\/\/www.linkedin.com\/company\/caritas-slovakia-skch-","https:\/\/www.youtube.com\/user\/katolickacharita"]}]}},"featured_image_src":null,"featured_image_src_square":null,"_links":{"self":[{"href":"https:\/\/www.charita.sk\/svet\/wp-json\/wp\/v2\/pages\/482","targetHints":{"allow":["GET"]}}],"collection":[{"href":"https:\/\/www.charita.sk\/svet\/wp-json\/wp\/v2\/pages"}],"about":[{"href":"https:\/\/www.charita.sk\/svet\/wp-json\/wp\/v2\/types\/page"}],"author":[{"embeddable":true,"href":"https:\/\/www.charita.sk\/svet\/wp-json\/wp\/v2\/users\/2"}],"replies":[{"embeddable":true,"href":"https:\/\/www.charita.sk\/svet\/wp-json\/wp\/v2\/comments?post=482"}],"version-history":[{"count":9,"href":"https:\/\/www.charita.sk\/svet\/wp-json\/wp\/v2\/pages\/482\/revisions"}],"predecessor-version":[{"id":1583,"href":"https:\/\/www.charita.sk\/svet\/wp-json\/wp\/v2\/pages\/482\/revisions\/1583"}],"wp:attachment":[{"href":"https:\/\/www.charita.sk\/svet\/wp-json\/wp\/v2\/media?parent=482"}],"curies":[{"name":"wp","href":"https:\/\/api.w.org\/{rel}","templated":true}]}}