{"id":50,"date":"2018-02-08T15:07:51","date_gmt":"2018-02-08T14:07:51","guid":{"rendered":"http:\/\/charita.sk\/_ute\/?page_id=50"},"modified":"2020-07-22T13:31:44","modified_gmt":"2020-07-22T11:31:44","slug":"centrum-pre-psychologicku-pomoc","status":"publish","type":"page","link":"https:\/\/www.charita.sk\/svet\/centrum-pre-psychologicku-pomoc\/","title":{"rendered":"Centrum pre psychologick\u00fa pomoc (Erbil, Irak)"},"content":{"rendered":"\n<p style=\"color:#ffffff\" class=\"has-text-color has-background has-vivid-red-background-color\"><strong>N\u00e1zov projektu:<\/strong> Centrum pre psychologick\u00fa pomoc<br><strong>Miesto implement\u00e1cie:<\/strong> Erbil, Irak<br><strong>Obdobie podpory projektu:<\/strong> 20. september 2015 \u2013 30. november 2015<br><strong>Po\u010det pr\u00edjemcov pomoci:<\/strong>&nbsp;75 klientov\/1 de\u0148<br><strong>Suma na podporu projektu:<\/strong>&nbsp;47 100,- EUR<\/p>\n\n\n\n<p class=\"has-background has-text-align-center has-very-light-gray-background-color\"><strong>\u010eakujeme Konferenci\u00ed biskupov Slovenska za finan\u010dn\u00fa podporu projektu.<\/strong><\/p>\n\n\n\n<p>Centrum po svojom dokon\u010den\u00ed moment\u00e1lne poskytuje psychosoci\u00e1lnu podporu pre \u013eud\u00ed, ktor\u00ed utrpeli psychologick\u00e9 a emo\u010dn\u00e9 traumy pri \u00fateku pred terorom ISIS (popravy bl\u00edzkych, zneu\u017e\u00edvanie, t\u00fdranie, pocit bezmocnosti z prenasledovania at\u010f.). T\u00edm odborn\u00edkov z centra pou\u017e\u00edva terapiu, ktor\u00e1 vych\u00e1dza z biblick\u00fdch pr\u00edbehov, ktor\u00e9 opisuj\u00fa vyhnanstvo a prenasledovanie veriacich a n\u00e1sledn\u00fa starostlivos\u0165 Boha.<\/p>\n\n\n\n<p>Cez pr\u00edbehy sa sna\u017e\u00ed nielen o psychologick\u00e9 uzdravenie klientov, ale aj o to, aby odpustili svojim prenasledovate\u013eom. Okrem terapi\u00ed centrum z\u00e1rove\u0148 \u0161kol\u00ed \u010fal\u0161\u00edch odborn\u00edkov, ktor\u00ed sa bud\u00fa m\u00f4c\u0165 venova\u0165 \u010fal\u0161\u00edm klientom a tak roz\u0161irova\u0165 svoju pomoc k \u010do najv\u00e4\u010d\u0161iemu po\u010dtu \u013eud\u00ed, ktor\u00ed ju potrebuj\u00fa. S\u00fa\u010das\u0165ou centra je aj kaplnka a centrum pre mal\u00e9 deti, ktor\u00fdm sa venuj\u00fa anim\u00e1tori, zatia\u013e \u010do ich rodi\u010dia s\u00fa v centre.<\/p>\n\n\n\n<figure class=\"wp-block-gallery columns-3 is-cropped wp-block-gallery-1 is-layout-flex wp-block-gallery-is-layout-flex\"><ul class=\"blocks-gallery-grid\"><li class=\"blocks-gallery-item\"><figure><a href=\"https:\/\/www.charita.sk\/svet\/wp-content\/uploads\/2018\/03\/Erbil_03.jpg\"><img fetchpriority=\"high\" decoding=\"async\" width=\"1024\" height=\"697\" src=\"https:\/\/www.charita.sk\/svet\/wp-content\/uploads\/2018\/03\/Erbil_03-1024x697.jpg\" alt=\"\" data-id=\"145\" data-full-url=\"https:\/\/www.charita.sk\/svet\/wp-content\/uploads\/2018\/03\/Erbil_03.jpg\" data-link=\"https:\/\/www.charita.sk\/svet\/centrum-pre-psychologicku-pomoc\/erbil_03\/\" class=\"wp-image-145\" srcset=\"https:\/\/www.charita.sk\/svet\/wp-content\/uploads\/2018\/03\/Erbil_03-1024x697.jpg 1024w, https:\/\/www.charita.sk\/svet\/wp-content\/uploads\/2018\/03\/Erbil_03-300x204.jpg 300w, https:\/\/www.charita.sk\/svet\/wp-content\/uploads\/2018\/03\/Erbil_03-768x523.jpg 768w, https:\/\/www.charita.sk\/svet\/wp-content\/uploads\/2018\/03\/Erbil_03.jpg 2005w\" sizes=\"(max-width: 1024px) 100vw, 1024px\" \/><\/a><figcaption class=\"blocks-gallery-item__caption\">Fotky zo \u017eivota centra<\/figcaption><\/figure><\/li><li class=\"blocks-gallery-item\"><figure><a href=\"https:\/\/www.charita.sk\/svet\/wp-content\/uploads\/2018\/03\/IMG_7399.jpg\"><img decoding=\"async\" width=\"1024\" height=\"768\" src=\"https:\/\/www.charita.sk\/svet\/wp-content\/uploads\/2018\/03\/IMG_7399-1024x768.jpg\" alt=\"\" data-id=\"143\" data-full-url=\"https:\/\/www.charita.sk\/svet\/wp-content\/uploads\/2018\/03\/IMG_7399.jpg\" data-link=\"https:\/\/www.charita.sk\/svet\/centrum-pre-psychologicku-pomoc\/img_7399\/\" class=\"wp-image-143\" srcset=\"https:\/\/www.charita.sk\/svet\/wp-content\/uploads\/2018\/03\/IMG_7399-1024x768.jpg 1024w, https:\/\/www.charita.sk\/svet\/wp-content\/uploads\/2018\/03\/IMG_7399-300x225.jpg 300w, https:\/\/www.charita.sk\/svet\/wp-content\/uploads\/2018\/03\/IMG_7399-768x576.jpg 768w\" sizes=\"(max-width: 1024px) 100vw, 1024px\" \/><\/a><figcaption class=\"blocks-gallery-item__caption\">Kaplnka pon\u00faka ticho, ktor\u00e9 obete ve\u013emi potrebuj\u00fa<\/figcaption><\/figure><\/li><li class=\"blocks-gallery-item\"><figure><a href=\"https:\/\/www.charita.sk\/svet\/wp-content\/uploads\/2018\/03\/IMG_7408.jpg\"><img decoding=\"async\" width=\"1024\" height=\"768\" src=\"https:\/\/www.charita.sk\/svet\/wp-content\/uploads\/2018\/03\/IMG_7408-1024x768.jpg\" alt=\"\" data-id=\"144\" data-full-url=\"https:\/\/www.charita.sk\/svet\/wp-content\/uploads\/2018\/03\/IMG_7408.jpg\" data-link=\"https:\/\/www.charita.sk\/svet\/centrum-pre-psychologicku-pomoc\/img_7408\/\" class=\"wp-image-144\" srcset=\"https:\/\/www.charita.sk\/svet\/wp-content\/uploads\/2018\/03\/IMG_7408-1024x768.jpg 1024w, https:\/\/www.charita.sk\/svet\/wp-content\/uploads\/2018\/03\/IMG_7408-300x225.jpg 300w, https:\/\/www.charita.sk\/svet\/wp-content\/uploads\/2018\/03\/IMG_7408-768x576.jpg 768w\" sizes=\"(max-width: 1024px) 100vw, 1024px\" \/><\/a><figcaption class=\"blocks-gallery-item__caption\">Centrum pre mal\u00e9 deti<\/figcaption><\/figure><\/li><\/ul><\/figure>\n","protected":false},"excerpt":{"rendered":"<p>N\u00e1zov projektu: Centrum pre psychologick\u00fa pomocMiesto implement\u00e1cie: Erbil, IrakObdobie podpory projektu: 20. [&hellip;]<\/p>\n","protected":false},"author":2,"featured_media":0,"parent":0,"menu_order":0,"comment_status":"closed","ping_status":"closed","template":"","meta":{"footnotes":""},"class_list":["post-50","page","type-page","status-publish","hentry"],"yoast_head":"<!-- This site is optimized with the Yoast SEO plugin v25.4 - https:\/\/yoast.com\/wordpress\/plugins\/seo\/ -->\n<title>Centrum pre psychologick\u00fa pomoc (Erbil, Irak) | Charita vo svete<\/title>\n<meta name=\"robots\" content=\"index, follow, max-snippet:-1, max-image-preview:large, max-video-preview:-1\" \/>\n<link rel=\"canonical\" href=\"https:\/\/www.charita.sk\/svet\/centrum-pre-psychologicku-pomoc\/\" \/>\n<meta property=\"og:locale\" content=\"sk_SK\" \/>\n<meta property=\"og:type\" content=\"article\" \/>\n<meta property=\"og:title\" content=\"Centrum pre psychologick\u00fa pomoc (Erbil, Irak) | Charita vo svete\" \/>\n<meta property=\"og:description\" content=\"N\u00e1zov projektu: Centrum pre psychologick\u00fa pomocMiesto implement\u00e1cie: Erbil, IrakObdobie podpory projektu: 20. [&hellip;]\" \/>\n<meta property=\"og:url\" content=\"https:\/\/www.charita.sk\/svet\/centrum-pre-psychologicku-pomoc\/\" \/>\n<meta property=\"og:site_name\" content=\"Charita vo svete\" \/>\n<meta property=\"article:publisher\" content=\"https:\/\/www.facebook.com\/CaritasSlovakia\/\" \/>\n<meta property=\"article:modified_time\" content=\"2020-07-22T11:31:44+00:00\" \/>\n<meta property=\"og:image\" content=\"https:\/\/www.charita.sk\/pomoc-utecencom\/wp-content\/uploads\/2018\/03\/Erbil_03-1024x697.jpg\" \/>\n<meta name=\"twitter:card\" content=\"summary_large_image\" \/>\n<meta name=\"twitter:label1\" content=\"Predpokladan\u00fd \u010das \u010d\u00edtania\" \/>\n\t<meta name=\"twitter:data1\" content=\"1 min\u00fata\" \/>\n<script type=\"application\/ld+json\" class=\"yoast-schema-graph\">{\"@context\":\"https:\/\/schema.org\",\"@graph\":[{\"@type\":\"WebPage\",\"@id\":\"https:\/\/www.charita.sk\/svet\/centrum-pre-psychologicku-pomoc\/\",\"url\":\"https:\/\/www.charita.sk\/svet\/centrum-pre-psychologicku-pomoc\/\",\"name\":\"Centrum pre psychologick\u00fa pomoc (Erbil, Irak) | Charita vo svete\",\"isPartOf\":{\"@id\":\"https:\/\/www.charita.sk\/svet\/#website\"},\"primaryImageOfPage\":{\"@id\":\"https:\/\/www.charita.sk\/svet\/centrum-pre-psychologicku-pomoc\/#primaryimage\"},\"image\":{\"@id\":\"https:\/\/www.charita.sk\/svet\/centrum-pre-psychologicku-pomoc\/#primaryimage\"},\"thumbnailUrl\":\"https:\/\/www.charita.sk\/svet\/wp-content\/uploads\/2018\/03\/Erbil_03-1024x697.jpg\",\"datePublished\":\"2018-02-08T14:07:51+00:00\",\"dateModified\":\"2020-07-22T11:31:44+00:00\",\"breadcrumb\":{\"@id\":\"https:\/\/www.charita.sk\/svet\/centrum-pre-psychologicku-pomoc\/#breadcrumb\"},\"inLanguage\":\"sk-SK\",\"potentialAction\":[{\"@type\":\"ReadAction\",\"target\":[\"https:\/\/www.charita.sk\/svet\/centrum-pre-psychologicku-pomoc\/\"]}]},{\"@type\":\"ImageObject\",\"inLanguage\":\"sk-SK\",\"@id\":\"https:\/\/www.charita.sk\/svet\/centrum-pre-psychologicku-pomoc\/#primaryimage\",\"url\":\"https:\/\/www.charita.sk\/svet\/wp-content\/uploads\/2018\/03\/Erbil_03.jpg\",\"contentUrl\":\"https:\/\/www.charita.sk\/svet\/wp-content\/uploads\/2018\/03\/Erbil_03.jpg\",\"width\":2005,\"height\":1365},{\"@type\":\"BreadcrumbList\",\"@id\":\"https:\/\/www.charita.sk\/svet\/centrum-pre-psychologicku-pomoc\/#breadcrumb\",\"itemListElement\":[{\"@type\":\"ListItem\",\"position\":1,\"name\":\"Domovsk\u00e1 str\u00e1nka\",\"item\":\"https:\/\/www.charita.sk\/svet\/\"},{\"@type\":\"ListItem\",\"position\":2,\"name\":\"Centrum pre psychologick\u00fa pomoc (Erbil, Irak)\"}]},{\"@type\":\"WebSite\",\"@id\":\"https:\/\/www.charita.sk\/svet\/#website\",\"url\":\"https:\/\/www.charita.sk\/svet\/\",\"name\":\"Charita vo svete\",\"description\":\"Slovensk\u00e1 katol\u00edcka charita pom\u00e1ha \u013eu\u010fom v n\u00fadzi vo svete\",\"publisher\":{\"@id\":\"https:\/\/www.charita.sk\/svet\/#organization\"},\"potentialAction\":[{\"@type\":\"SearchAction\",\"target\":{\"@type\":\"EntryPoint\",\"urlTemplate\":\"https:\/\/www.charita.sk\/svet\/?s={search_term_string}\"},\"query-input\":{\"@type\":\"PropertyValueSpecification\",\"valueRequired\":true,\"valueName\":\"search_term_string\"}}],\"inLanguage\":\"sk-SK\"},{\"@type\":\"Organization\",\"@id\":\"https:\/\/www.charita.sk\/svet\/#organization\",\"name\":\"Slovensk\u00e1 katol\u00edcka charita\",\"url\":\"https:\/\/www.charita.sk\/svet\/\",\"logo\":{\"@type\":\"ImageObject\",\"inLanguage\":\"sk-SK\",\"@id\":\"https:\/\/www.charita.sk\/svet\/#\/schema\/logo\/image\/\",\"url\":\"https:\/\/www.charita.sk\/pomoc-utecencom\/wp-content\/uploads\/2020\/11\/logo_pomoc_utecencom.jpg\",\"contentUrl\":\"https:\/\/www.charita.sk\/pomoc-utecencom\/wp-content\/uploads\/2020\/11\/logo_pomoc_utecencom.jpg\",\"width\":1712,\"height\":480,\"caption\":\"Slovensk\u00e1 katol\u00edcka charita\"},\"image\":{\"@id\":\"https:\/\/www.charita.sk\/svet\/#\/schema\/logo\/image\/\"},\"sameAs\":[\"https:\/\/www.facebook.com\/CaritasSlovakia\/\",\"https:\/\/www.instagram.com\/caritas_slovakia\/\",\"https:\/\/www.linkedin.com\/company\/caritas-slovakia-skch-\",\"https:\/\/www.youtube.com\/user\/katolickacharita\"]}]}<\/script>\n<!-- \/ Yoast SEO plugin. -->","yoast_head_json":{"title":"Centrum pre psychologick\u00fa pomoc (Erbil, Irak) | Charita vo svete","robots":{"index":"index","follow":"follow","max-snippet":"max-snippet:-1","max-image-preview":"max-image-preview:large","max-video-preview":"max-video-preview:-1"},"canonical":"https:\/\/www.charita.sk\/svet\/centrum-pre-psychologicku-pomoc\/","og_locale":"sk_SK","og_type":"article","og_title":"Centrum pre psychologick\u00fa pomoc (Erbil, Irak) | Charita vo svete","og_description":"N\u00e1zov projektu: Centrum pre psychologick\u00fa pomocMiesto implement\u00e1cie: Erbil, IrakObdobie podpory projektu: 20. [&hellip;]","og_url":"https:\/\/www.charita.sk\/svet\/centrum-pre-psychologicku-pomoc\/","og_site_name":"Charita vo svete","article_publisher":"https:\/\/www.facebook.com\/CaritasSlovakia\/","article_modified_time":"2020-07-22T11:31:44+00:00","og_image":[{"url":"https:\/\/www.charita.sk\/pomoc-utecencom\/wp-content\/uploads\/2018\/03\/Erbil_03-1024x697.jpg","type":"","width":"","height":""}],"twitter_card":"summary_large_image","twitter_misc":{"Predpokladan\u00fd \u010das \u010d\u00edtania":"1 min\u00fata"},"schema":{"@context":"https:\/\/schema.org","@graph":[{"@type":"WebPage","@id":"https:\/\/www.charita.sk\/svet\/centrum-pre-psychologicku-pomoc\/","url":"https:\/\/www.charita.sk\/svet\/centrum-pre-psychologicku-pomoc\/","name":"Centrum pre psychologick\u00fa pomoc (Erbil, Irak) | Charita vo svete","isPartOf":{"@id":"https:\/\/www.charita.sk\/svet\/#website"},"primaryImageOfPage":{"@id":"https:\/\/www.charita.sk\/svet\/centrum-pre-psychologicku-pomoc\/#primaryimage"},"image":{"@id":"https:\/\/www.charita.sk\/svet\/centrum-pre-psychologicku-pomoc\/#primaryimage"},"thumbnailUrl":"https:\/\/www.charita.sk\/svet\/wp-content\/uploads\/2018\/03\/Erbil_03-1024x697.jpg","datePublished":"2018-02-08T14:07:51+00:00","dateModified":"2020-07-22T11:31:44+00:00","breadcrumb":{"@id":"https:\/\/www.charita.sk\/svet\/centrum-pre-psychologicku-pomoc\/#breadcrumb"},"inLanguage":"sk-SK","potentialAction":[{"@type":"ReadAction","target":["https:\/\/www.charita.sk\/svet\/centrum-pre-psychologicku-pomoc\/"]}]},{"@type":"ImageObject","inLanguage":"sk-SK","@id":"https:\/\/www.charita.sk\/svet\/centrum-pre-psychologicku-pomoc\/#primaryimage","url":"https:\/\/www.charita.sk\/svet\/wp-content\/uploads\/2018\/03\/Erbil_03.jpg","contentUrl":"https:\/\/www.charita.sk\/svet\/wp-content\/uploads\/2018\/03\/Erbil_03.jpg","width":2005,"height":1365},{"@type":"BreadcrumbList","@id":"https:\/\/www.charita.sk\/svet\/centrum-pre-psychologicku-pomoc\/#breadcrumb","itemListElement":[{"@type":"ListItem","position":1,"name":"Domovsk\u00e1 str\u00e1nka","item":"https:\/\/www.charita.sk\/svet\/"},{"@type":"ListItem","position":2,"name":"Centrum pre psychologick\u00fa pomoc (Erbil, Irak)"}]},{"@type":"WebSite","@id":"https:\/\/www.charita.sk\/svet\/#website","url":"https:\/\/www.charita.sk\/svet\/","name":"Charita vo svete","description":"Slovensk\u00e1 katol\u00edcka charita pom\u00e1ha \u013eu\u010fom v n\u00fadzi vo svete","publisher":{"@id":"https:\/\/www.charita.sk\/svet\/#organization"},"potentialAction":[{"@type":"SearchAction","target":{"@type":"EntryPoint","urlTemplate":"https:\/\/www.charita.sk\/svet\/?s={search_term_string}"},"query-input":{"@type":"PropertyValueSpecification","valueRequired":true,"valueName":"search_term_string"}}],"inLanguage":"sk-SK"},{"@type":"Organization","@id":"https:\/\/www.charita.sk\/svet\/#organization","name":"Slovensk\u00e1 katol\u00edcka charita","url":"https:\/\/www.charita.sk\/svet\/","logo":{"@type":"ImageObject","inLanguage":"sk-SK","@id":"https:\/\/www.charita.sk\/svet\/#\/schema\/logo\/image\/","url":"https:\/\/www.charita.sk\/pomoc-utecencom\/wp-content\/uploads\/2020\/11\/logo_pomoc_utecencom.jpg","contentUrl":"https:\/\/www.charita.sk\/pomoc-utecencom\/wp-content\/uploads\/2020\/11\/logo_pomoc_utecencom.jpg","width":1712,"height":480,"caption":"Slovensk\u00e1 katol\u00edcka charita"},"image":{"@id":"https:\/\/www.charita.sk\/svet\/#\/schema\/logo\/image\/"},"sameAs":["https:\/\/www.facebook.com\/CaritasSlovakia\/","https:\/\/www.instagram.com\/caritas_slovakia\/","https:\/\/www.linkedin.com\/company\/caritas-slovakia-skch-","https:\/\/www.youtube.com\/user\/katolickacharita"]}]}},"featured_image_src":null,"featured_image_src_square":null,"_links":{"self":[{"href":"https:\/\/www.charita.sk\/svet\/wp-json\/wp\/v2\/pages\/50","targetHints":{"allow":["GET"]}}],"collection":[{"href":"https:\/\/www.charita.sk\/svet\/wp-json\/wp\/v2\/pages"}],"about":[{"href":"https:\/\/www.charita.sk\/svet\/wp-json\/wp\/v2\/types\/page"}],"author":[{"embeddable":true,"href":"https:\/\/www.charita.sk\/svet\/wp-json\/wp\/v2\/users\/2"}],"replies":[{"embeddable":true,"href":"https:\/\/www.charita.sk\/svet\/wp-json\/wp\/v2\/comments?post=50"}],"version-history":[{"count":16,"href":"https:\/\/www.charita.sk\/svet\/wp-json\/wp\/v2\/pages\/50\/revisions"}],"predecessor-version":[{"id":848,"href":"https:\/\/www.charita.sk\/svet\/wp-json\/wp\/v2\/pages\/50\/revisions\/848"}],"wp:attachment":[{"href":"https:\/\/www.charita.sk\/svet\/wp-json\/wp\/v2\/media?parent=50"}],"curies":[{"name":"wp","href":"https:\/\/api.w.org\/{rel}","templated":true}]}}