{"id":512,"date":"2019-06-03T14:31:51","date_gmt":"2019-06-03T12:31:51","guid":{"rendered":"https:\/\/charita.sk\/pomoc-utecencom\/?page_id=512"},"modified":"2021-03-17T21:27:29","modified_gmt":"2021-03-17T20:27:29","slug":"vybudovanie-spolocenskej-miestnosti-v-pastoracnom-centre","status":"publish","type":"page","link":"https:\/\/www.charita.sk\/svet\/vybudovanie-spolocenskej-miestnosti-v-pastoracnom-centre\/","title":{"rendered":"Vybudovanie spolo\u010denskej miestnosti v pastora\u010dnom centre"},"content":{"rendered":"\n<p class=\"has-text-color has-background\" style=\"background-color:#c42f41;color:#ffffff\"><strong>N\u00e1zov projektu:<\/strong> Vybudovanie spolo\u010denskej miestnosti v pastora\u010dnom centre<br><strong>Miesto implement\u00e1cie:<\/strong> Sulejmania, Irack\u00fd Kurdistan<br><strong>Obdobie podpory projektu:<\/strong> j\u00fan 2019 \u2013 m\u00e1j 2020<br><strong>Po\u010det pr\u00edjemcov pomoci:<\/strong>&nbsp;300 rod\u00edn + veriaci z in\u00fdch miest<br><strong>Suma na podporu projektu:<\/strong>&nbsp;49 500 EUR<\/p>\n\n\n\n<p><strong>Popis projektu:<\/strong><\/p>\n\n\n\n<p>Chaldejskokatol\u00edcka farnos\u0165 sv. Jozefa v Sulejamanii pom\u00e1ha \u013eu\u010fom, ktor\u00ed utiekli pred terorom islamistov Daesh (tzv. Islamsk\u00fd \u0161t\u00e1t) u\u017e od roku 2014. Miestny far\u00e1r dp. Ayman Aziz spolu so svojimi farn\u00edkmi poskytli ubytovanie pre pribli\u017ene 200 vn\u00fatorne vys\u00eddlen\u00fdch os\u00f4b z oblasti Ninivskej planiny. Farnos\u0165 moment\u00e1lne sl\u00fa\u017ei pribli\u017ene 300 rodin\u00e1m a je jedin\u00fdm priestorom, kde sa veriaci stret\u00e1vaj\u00fa.<\/p>\n\n\n\n<figure class=\"wp-block-gallery columns-3 is-cropped wp-block-gallery-1 is-layout-flex wp-block-gallery-is-layout-flex\"><ul class=\"blocks-gallery-grid\"><li class=\"blocks-gallery-item\"><figure><img fetchpriority=\"high\" decoding=\"async\" width=\"1024\" height=\"769\" src=\"https:\/\/www.charita.sk\/svet\/wp-content\/uploads\/2020\/05\/111-11-1024x769.jpg\" alt=\"\" data-id=\"751\" data-full-url=\"https:\/\/www.charita.sk\/svet\/wp-content\/uploads\/2020\/05\/111-11.jpg\" data-link=\"https:\/\/www.charita.sk\/svet\/vybudovanie-spolocenskej-miestnosti-v-pastoracnom-centre\/111-11\/\" class=\"wp-image-751\" srcset=\"https:\/\/www.charita.sk\/svet\/wp-content\/uploads\/2020\/05\/111-11-1024x769.jpg 1024w, https:\/\/www.charita.sk\/svet\/wp-content\/uploads\/2020\/05\/111-11-300x225.jpg 300w, https:\/\/www.charita.sk\/svet\/wp-content\/uploads\/2020\/05\/111-11-768x577.jpg 768w, https:\/\/www.charita.sk\/svet\/wp-content\/uploads\/2020\/05\/111-11-1536x1154.jpg 1536w, https:\/\/www.charita.sk\/svet\/wp-content\/uploads\/2020\/05\/111-11.jpg 2048w\" sizes=\"(max-width: 1024px) 100vw, 1024px\" \/><figcaption class=\"blocks-gallery-item__caption\">vysmiaty mur\u00e1ri<\/figcaption><\/figure><\/li><li class=\"blocks-gallery-item\"><figure><img decoding=\"async\" width=\"1024\" height=\"768\" src=\"https:\/\/www.charita.sk\/svet\/wp-content\/uploads\/2020\/05\/111-16-1024x768.jpg\" alt=\"\" data-id=\"750\" data-full-url=\"https:\/\/www.charita.sk\/svet\/wp-content\/uploads\/2020\/05\/111-16.jpg\" data-link=\"https:\/\/www.charita.sk\/svet\/vybudovanie-spolocenskej-miestnosti-v-pastoracnom-centre\/111-16\/\" class=\"wp-image-750\" srcset=\"https:\/\/www.charita.sk\/svet\/wp-content\/uploads\/2020\/05\/111-16-1024x768.jpg 1024w, https:\/\/www.charita.sk\/svet\/wp-content\/uploads\/2020\/05\/111-16-300x225.jpg 300w, https:\/\/www.charita.sk\/svet\/wp-content\/uploads\/2020\/05\/111-16-768x576.jpg 768w, https:\/\/www.charita.sk\/svet\/wp-content\/uploads\/2020\/05\/111-16-1536x1152.jpg 1536w, https:\/\/www.charita.sk\/svet\/wp-content\/uploads\/2020\/05\/111-16.jpg 2048w\" sizes=\"(max-width: 1024px) 100vw, 1024px\" \/><figcaption class=\"blocks-gallery-item__caption\">podlaha sa rysuje<\/figcaption><\/figure><\/li><li class=\"blocks-gallery-item\"><figure><img decoding=\"async\" width=\"1024\" height=\"768\" src=\"https:\/\/www.charita.sk\/svet\/wp-content\/uploads\/2019\/05\/IMG_0963-1024x768.jpg\" alt=\"\" data-id=\"432\" data-full-url=\"https:\/\/www.charita.sk\/svet\/wp-content\/uploads\/2019\/05\/IMG_0963.jpg\" data-link=\"https:\/\/www.charita.sk\/svet\/pastoracne-centrum-jasle-skolka\/img_0963\/\" class=\"wp-image-432\" srcset=\"https:\/\/www.charita.sk\/svet\/wp-content\/uploads\/2019\/05\/IMG_0963-1024x768.jpg 1024w, https:\/\/www.charita.sk\/svet\/wp-content\/uploads\/2019\/05\/IMG_0963-300x225.jpg 300w, https:\/\/www.charita.sk\/svet\/wp-content\/uploads\/2019\/05\/IMG_0963-768x576.jpg 768w, https:\/\/www.charita.sk\/svet\/wp-content\/uploads\/2019\/05\/IMG_0963.jpg 1920w\" sizes=\"(max-width: 1024px) 100vw, 1024px\" \/><figcaption class=\"blocks-gallery-item__caption\">za\u010diatok stavby<\/figcaption><\/figure><\/li><\/ul><\/figure>\n\n\n\n<p>V r\u00e1mci \u017eivota farnosti sa ka\u017ed\u00fd piatok stret\u00e1va pribli\u017ene 120 \u0161tudentov katechizmu v priestoroch sl\u00fa\u017eiacich na \u00fa\u010dely \u201eposlednej rozl\u00fa\u010dky\u201c, av\u0161ak tieto priestory nie s\u00fa vyhovuj\u00face a nie s\u00fa vhodn\u00e9 pre in\u00e9 druhy udalost\u00ed\/aktiv\u00edt. Okrem vyu\u010dovania n\u00e1bo\u017eenstva farnos\u0165 potrebovala aj priestory, kde by sa mohli jej \u010dlenovia stret\u00e1va\u0165 aj mimo bohoslu\u017eieb. Preto sa vybudovala&nbsp;&nbsp;Spolo\u010densk\u00e1 miestnos\u0165, ktor\u00e1 sl\u00fa\u017ei nielen miestnej komunite farn\u00edkov, ale aj veriacim, ktor\u00ed do farnosti prich\u00e1dzaj\u00fa na duchovn\u00e9 cvi\u010denia alebo kongresy\/predn\u00e1\u0161ky.<\/p>\n\n\n\n<p>J.E. Yousif Thomas Mirkis, arcibiskup Kirkuku a Sulejmanie vyjadril svoju podporu pre projekt spolo\u010denskej miestnosti vo farnosti v Sulejmanii, preto\u017ee farnos\u0165 sa aj v\u010faka pastora\u010dn\u00e9mu centru, ktor\u00e9 vzniklo pr\u00e1ve v\u010faka podpore KBS, st\u00e1va centrom pre\u017e\u00edvania viery v arcidiec\u00e9ze.<\/p>\n\n\n\n<p>Pastora\u010dn\u00e9 centrum moment\u00e1lne poskytuje do\u010dasn\u00e9 ubytovanie pre 4 rodiny, ktor\u00e9 u\u0161li pred tzv. Islamsk\u00fdm \u0161t\u00e1tom a nemaj\u00fa mo\u017enos\u0165 ma\u0165 nov\u00e9 vlastn\u00e9 b\u00fdvanie. Okrem toho pastora\u010dn\u00e9 centrum vytv\u00e1ra priestor pre jasle, ktor\u00e9 nav\u0161tevuje 20 det\u00ed (v\u00e4\u010d\u0161inou z rod\u00edn vn\u00fatorne vys\u00eddlen\u00fdch os\u00f4b). S\u00fa\u010das\u0165ou pastora\u010dn\u00e9ho centra s\u00fa taktie\u017e 4 bytov\u00e9 jednotky, ktor\u00e9 sl\u00fa\u017eia hos\u0165om farnosti alebo veriacim na duchovn\u00fdch cvi\u010deniach.<\/p>\n\n\n\n<p>Spolo\u010densk\u00e1 miestnos\u0165&nbsp;&nbsp;sa nach\u00e1dza na vrchnom poschod\u00ed pastora\u010dn\u00e9ho centra a s\u00fa\u010dasn\u00e1 kapacita je a\u017e 250 os\u00f4b.<\/p>\n","protected":false},"excerpt":{"rendered":"<p>N\u00e1zov projektu: Vybudovanie spolo\u010denskej miestnosti v pastora\u010dnom centreMiesto implement\u00e1cie: Sulejmania, Irack\u00fd KurdistanObdobie [&hellip;]<\/p>\n","protected":false},"author":2,"featured_media":0,"parent":0,"menu_order":0,"comment_status":"closed","ping_status":"closed","template":"","meta":{"footnotes":""},"class_list":["post-512","page","type-page","status-publish","hentry"],"yoast_head":"<!-- This site is optimized with the Yoast SEO plugin v25.4 - https:\/\/yoast.com\/wordpress\/plugins\/seo\/ -->\n<title>Vybudovanie spolo\u010denskej miestnosti v pastora\u010dnom centre | Charita vo svete<\/title>\n<meta name=\"robots\" content=\"index, follow, max-snippet:-1, max-image-preview:large, max-video-preview:-1\" \/>\n<link rel=\"canonical\" href=\"https:\/\/www.charita.sk\/svet\/vybudovanie-spolocenskej-miestnosti-v-pastoracnom-centre\/\" \/>\n<meta property=\"og:locale\" content=\"sk_SK\" \/>\n<meta property=\"og:type\" content=\"article\" \/>\n<meta property=\"og:title\" content=\"Vybudovanie spolo\u010denskej miestnosti v pastora\u010dnom centre | Charita vo svete\" \/>\n<meta property=\"og:description\" content=\"N\u00e1zov projektu: Vybudovanie spolo\u010denskej miestnosti v pastora\u010dnom centreMiesto implement\u00e1cie: Sulejmania, Irack\u00fd KurdistanObdobie [&hellip;]\" \/>\n<meta property=\"og:url\" content=\"https:\/\/www.charita.sk\/svet\/vybudovanie-spolocenskej-miestnosti-v-pastoracnom-centre\/\" \/>\n<meta property=\"og:site_name\" content=\"Charita vo svete\" \/>\n<meta property=\"article:publisher\" content=\"https:\/\/www.facebook.com\/CaritasSlovakia\/\" \/>\n<meta property=\"article:modified_time\" content=\"2021-03-17T20:27:29+00:00\" \/>\n<meta property=\"og:image\" content=\"https:\/\/www.charita.sk\/pomoc-utecencom\/wp-content\/uploads\/2020\/05\/111-11-1024x769.jpg\" \/>\n<meta name=\"twitter:card\" content=\"summary_large_image\" \/>\n<meta name=\"twitter:label1\" content=\"Predpokladan\u00fd \u010das \u010d\u00edtania\" \/>\n\t<meta name=\"twitter:data1\" content=\"2 min\u00faty\" \/>\n<script type=\"application\/ld+json\" class=\"yoast-schema-graph\">{\"@context\":\"https:\/\/schema.org\",\"@graph\":[{\"@type\":\"WebPage\",\"@id\":\"https:\/\/www.charita.sk\/svet\/vybudovanie-spolocenskej-miestnosti-v-pastoracnom-centre\/\",\"url\":\"https:\/\/www.charita.sk\/svet\/vybudovanie-spolocenskej-miestnosti-v-pastoracnom-centre\/\",\"name\":\"Vybudovanie spolo\u010denskej miestnosti v pastora\u010dnom centre | Charita vo svete\",\"isPartOf\":{\"@id\":\"https:\/\/www.charita.sk\/svet\/#website\"},\"primaryImageOfPage\":{\"@id\":\"https:\/\/www.charita.sk\/svet\/vybudovanie-spolocenskej-miestnosti-v-pastoracnom-centre\/#primaryimage\"},\"image\":{\"@id\":\"https:\/\/www.charita.sk\/svet\/vybudovanie-spolocenskej-miestnosti-v-pastoracnom-centre\/#primaryimage\"},\"thumbnailUrl\":\"https:\/\/www.charita.sk\/svet\/wp-content\/uploads\/2020\/05\/111-11-1024x769.jpg\",\"datePublished\":\"2019-06-03T12:31:51+00:00\",\"dateModified\":\"2021-03-17T20:27:29+00:00\",\"breadcrumb\":{\"@id\":\"https:\/\/www.charita.sk\/svet\/vybudovanie-spolocenskej-miestnosti-v-pastoracnom-centre\/#breadcrumb\"},\"inLanguage\":\"sk-SK\",\"potentialAction\":[{\"@type\":\"ReadAction\",\"target\":[\"https:\/\/www.charita.sk\/svet\/vybudovanie-spolocenskej-miestnosti-v-pastoracnom-centre\/\"]}]},{\"@type\":\"ImageObject\",\"inLanguage\":\"sk-SK\",\"@id\":\"https:\/\/www.charita.sk\/svet\/vybudovanie-spolocenskej-miestnosti-v-pastoracnom-centre\/#primaryimage\",\"url\":\"https:\/\/www.charita.sk\/svet\/wp-content\/uploads\/2020\/05\/111-11.jpg\",\"contentUrl\":\"https:\/\/www.charita.sk\/svet\/wp-content\/uploads\/2020\/05\/111-11.jpg\",\"width\":2048,\"height\":1538},{\"@type\":\"BreadcrumbList\",\"@id\":\"https:\/\/www.charita.sk\/svet\/vybudovanie-spolocenskej-miestnosti-v-pastoracnom-centre\/#breadcrumb\",\"itemListElement\":[{\"@type\":\"ListItem\",\"position\":1,\"name\":\"Domovsk\u00e1 str\u00e1nka\",\"item\":\"https:\/\/www.charita.sk\/svet\/\"},{\"@type\":\"ListItem\",\"position\":2,\"name\":\"Vybudovanie spolo\u010denskej miestnosti v pastora\u010dnom centre\"}]},{\"@type\":\"WebSite\",\"@id\":\"https:\/\/www.charita.sk\/svet\/#website\",\"url\":\"https:\/\/www.charita.sk\/svet\/\",\"name\":\"Charita vo svete\",\"description\":\"Slovensk\u00e1 katol\u00edcka charita pom\u00e1ha \u013eu\u010fom v n\u00fadzi vo svete\",\"publisher\":{\"@id\":\"https:\/\/www.charita.sk\/svet\/#organization\"},\"potentialAction\":[{\"@type\":\"SearchAction\",\"target\":{\"@type\":\"EntryPoint\",\"urlTemplate\":\"https:\/\/www.charita.sk\/svet\/?s={search_term_string}\"},\"query-input\":{\"@type\":\"PropertyValueSpecification\",\"valueRequired\":true,\"valueName\":\"search_term_string\"}}],\"inLanguage\":\"sk-SK\"},{\"@type\":\"Organization\",\"@id\":\"https:\/\/www.charita.sk\/svet\/#organization\",\"name\":\"Slovensk\u00e1 katol\u00edcka charita\",\"url\":\"https:\/\/www.charita.sk\/svet\/\",\"logo\":{\"@type\":\"ImageObject\",\"inLanguage\":\"sk-SK\",\"@id\":\"https:\/\/www.charita.sk\/svet\/#\/schema\/logo\/image\/\",\"url\":\"https:\/\/www.charita.sk\/pomoc-utecencom\/wp-content\/uploads\/2020\/11\/logo_pomoc_utecencom.jpg\",\"contentUrl\":\"https:\/\/www.charita.sk\/pomoc-utecencom\/wp-content\/uploads\/2020\/11\/logo_pomoc_utecencom.jpg\",\"width\":1712,\"height\":480,\"caption\":\"Slovensk\u00e1 katol\u00edcka charita\"},\"image\":{\"@id\":\"https:\/\/www.charita.sk\/svet\/#\/schema\/logo\/image\/\"},\"sameAs\":[\"https:\/\/www.facebook.com\/CaritasSlovakia\/\",\"https:\/\/www.instagram.com\/caritas_slovakia\/\",\"https:\/\/www.linkedin.com\/company\/caritas-slovakia-skch-\",\"https:\/\/www.youtube.com\/user\/katolickacharita\"]}]}<\/script>\n<!-- \/ Yoast SEO plugin. -->","yoast_head_json":{"title":"Vybudovanie spolo\u010denskej miestnosti v pastora\u010dnom centre | Charita vo svete","robots":{"index":"index","follow":"follow","max-snippet":"max-snippet:-1","max-image-preview":"max-image-preview:large","max-video-preview":"max-video-preview:-1"},"canonical":"https:\/\/www.charita.sk\/svet\/vybudovanie-spolocenskej-miestnosti-v-pastoracnom-centre\/","og_locale":"sk_SK","og_type":"article","og_title":"Vybudovanie spolo\u010denskej miestnosti v pastora\u010dnom centre | Charita vo svete","og_description":"N\u00e1zov projektu: Vybudovanie spolo\u010denskej miestnosti v pastora\u010dnom centreMiesto implement\u00e1cie: Sulejmania, Irack\u00fd KurdistanObdobie [&hellip;]","og_url":"https:\/\/www.charita.sk\/svet\/vybudovanie-spolocenskej-miestnosti-v-pastoracnom-centre\/","og_site_name":"Charita vo svete","article_publisher":"https:\/\/www.facebook.com\/CaritasSlovakia\/","article_modified_time":"2021-03-17T20:27:29+00:00","og_image":[{"url":"https:\/\/www.charita.sk\/pomoc-utecencom\/wp-content\/uploads\/2020\/05\/111-11-1024x769.jpg","type":"","width":"","height":""}],"twitter_card":"summary_large_image","twitter_misc":{"Predpokladan\u00fd \u010das \u010d\u00edtania":"2 min\u00faty"},"schema":{"@context":"https:\/\/schema.org","@graph":[{"@type":"WebPage","@id":"https:\/\/www.charita.sk\/svet\/vybudovanie-spolocenskej-miestnosti-v-pastoracnom-centre\/","url":"https:\/\/www.charita.sk\/svet\/vybudovanie-spolocenskej-miestnosti-v-pastoracnom-centre\/","name":"Vybudovanie spolo\u010denskej miestnosti v pastora\u010dnom centre | Charita vo svete","isPartOf":{"@id":"https:\/\/www.charita.sk\/svet\/#website"},"primaryImageOfPage":{"@id":"https:\/\/www.charita.sk\/svet\/vybudovanie-spolocenskej-miestnosti-v-pastoracnom-centre\/#primaryimage"},"image":{"@id":"https:\/\/www.charita.sk\/svet\/vybudovanie-spolocenskej-miestnosti-v-pastoracnom-centre\/#primaryimage"},"thumbnailUrl":"https:\/\/www.charita.sk\/svet\/wp-content\/uploads\/2020\/05\/111-11-1024x769.jpg","datePublished":"2019-06-03T12:31:51+00:00","dateModified":"2021-03-17T20:27:29+00:00","breadcrumb":{"@id":"https:\/\/www.charita.sk\/svet\/vybudovanie-spolocenskej-miestnosti-v-pastoracnom-centre\/#breadcrumb"},"inLanguage":"sk-SK","potentialAction":[{"@type":"ReadAction","target":["https:\/\/www.charita.sk\/svet\/vybudovanie-spolocenskej-miestnosti-v-pastoracnom-centre\/"]}]},{"@type":"ImageObject","inLanguage":"sk-SK","@id":"https:\/\/www.charita.sk\/svet\/vybudovanie-spolocenskej-miestnosti-v-pastoracnom-centre\/#primaryimage","url":"https:\/\/www.charita.sk\/svet\/wp-content\/uploads\/2020\/05\/111-11.jpg","contentUrl":"https:\/\/www.charita.sk\/svet\/wp-content\/uploads\/2020\/05\/111-11.jpg","width":2048,"height":1538},{"@type":"BreadcrumbList","@id":"https:\/\/www.charita.sk\/svet\/vybudovanie-spolocenskej-miestnosti-v-pastoracnom-centre\/#breadcrumb","itemListElement":[{"@type":"ListItem","position":1,"name":"Domovsk\u00e1 str\u00e1nka","item":"https:\/\/www.charita.sk\/svet\/"},{"@type":"ListItem","position":2,"name":"Vybudovanie spolo\u010denskej miestnosti v pastora\u010dnom centre"}]},{"@type":"WebSite","@id":"https:\/\/www.charita.sk\/svet\/#website","url":"https:\/\/www.charita.sk\/svet\/","name":"Charita vo svete","description":"Slovensk\u00e1 katol\u00edcka charita pom\u00e1ha \u013eu\u010fom v n\u00fadzi vo svete","publisher":{"@id":"https:\/\/www.charita.sk\/svet\/#organization"},"potentialAction":[{"@type":"SearchAction","target":{"@type":"EntryPoint","urlTemplate":"https:\/\/www.charita.sk\/svet\/?s={search_term_string}"},"query-input":{"@type":"PropertyValueSpecification","valueRequired":true,"valueName":"search_term_string"}}],"inLanguage":"sk-SK"},{"@type":"Organization","@id":"https:\/\/www.charita.sk\/svet\/#organization","name":"Slovensk\u00e1 katol\u00edcka charita","url":"https:\/\/www.charita.sk\/svet\/","logo":{"@type":"ImageObject","inLanguage":"sk-SK","@id":"https:\/\/www.charita.sk\/svet\/#\/schema\/logo\/image\/","url":"https:\/\/www.charita.sk\/pomoc-utecencom\/wp-content\/uploads\/2020\/11\/logo_pomoc_utecencom.jpg","contentUrl":"https:\/\/www.charita.sk\/pomoc-utecencom\/wp-content\/uploads\/2020\/11\/logo_pomoc_utecencom.jpg","width":1712,"height":480,"caption":"Slovensk\u00e1 katol\u00edcka charita"},"image":{"@id":"https:\/\/www.charita.sk\/svet\/#\/schema\/logo\/image\/"},"sameAs":["https:\/\/www.facebook.com\/CaritasSlovakia\/","https:\/\/www.instagram.com\/caritas_slovakia\/","https:\/\/www.linkedin.com\/company\/caritas-slovakia-skch-","https:\/\/www.youtube.com\/user\/katolickacharita"]}]}},"featured_image_src":null,"featured_image_src_square":null,"_links":{"self":[{"href":"https:\/\/www.charita.sk\/svet\/wp-json\/wp\/v2\/pages\/512","targetHints":{"allow":["GET"]}}],"collection":[{"href":"https:\/\/www.charita.sk\/svet\/wp-json\/wp\/v2\/pages"}],"about":[{"href":"https:\/\/www.charita.sk\/svet\/wp-json\/wp\/v2\/types\/page"}],"author":[{"embeddable":true,"href":"https:\/\/www.charita.sk\/svet\/wp-json\/wp\/v2\/users\/2"}],"replies":[{"embeddable":true,"href":"https:\/\/www.charita.sk\/svet\/wp-json\/wp\/v2\/comments?post=512"}],"version-history":[{"count":6,"href":"https:\/\/www.charita.sk\/svet\/wp-json\/wp\/v2\/pages\/512\/revisions"}],"predecessor-version":[{"id":2652,"href":"https:\/\/www.charita.sk\/svet\/wp-json\/wp\/v2\/pages\/512\/revisions\/2652"}],"wp:attachment":[{"href":"https:\/\/www.charita.sk\/svet\/wp-json\/wp\/v2\/media?parent=512"}],"curies":[{"name":"wp","href":"https:\/\/api.w.org\/{rel}","templated":true}]}}