{"id":521,"date":"2019-06-03T15:36:10","date_gmt":"2019-06-03T13:36:10","guid":{"rendered":"https:\/\/charita.sk\/pomoc-utecencom\/?page_id=521"},"modified":"2021-03-17T21:31:54","modified_gmt":"2021-03-17T20:31:54","slug":"poradenske-centrum-pre-zeny-v-meste-al-hassaka","status":"publish","type":"page","link":"https:\/\/www.charita.sk\/svet\/poradenske-centrum-pre-zeny-v-meste-al-hassaka\/","title":{"rendered":"Poradensk\u00e9 centrum pre \u017eeny v meste Al-Hassaka"},"content":{"rendered":"\n<p class=\"has-text-color has-background\" style=\"background-color:#c42f41;color:#ffffff\"><strong>N\u00e1zov projektu:<\/strong> Poradensk\u00e9 centrum pre \u017eeny v meste Al-Hassaka<br><strong>Miesto implement\u00e1cie:<\/strong> Al-Hassaka, Governor\u00e1t Al-Hassaka , severov\u00fdchodn\u00e1 S\u00fdria<br><strong>Obdobie podpory projektu:<\/strong> j\u00fan 2019 &#8211; j\u00fan 2020<br><strong>Po\u010det pr\u00edjemcov pomoci:<\/strong> 140+<br><strong>Suma na podporu projektu:<\/strong>&nbsp;18 600 EUR<\/p>\n\n\n\n<p class=\"has-text-align-center has-very-light-gray-background-color has-background\"><strong>\u010eakujeme Konferenci\u00ed biskupov Slovenska za finan\u010dn\u00fa podporu projektu<\/strong><\/p>\n\n\n\n<p><strong>Popis projektu:<\/strong><\/p>\n\n\n\n<p>Je v\u0161eobecne zn\u00e1me, \u017ee v krajin\u00e1ch Bl\u00edzkeho v\u00fdchodu \u2013 a teda aj S\u00fdrie \u2013 je postavenie \u017eien a ich pr\u00e1v v porovnan\u00ed s Eur\u00f3pou ve\u013emi obmedzen\u00e9 a tieto obmedzenia sa net\u00fdkaj\u00fa len moslimsk\u00fdch \u017eien, ale \u010diasto\u010dne aj miestnych n\u00e1bo\u017eensk\u00fdch men\u0161\u00edn, vr\u00e1tane kres\u0165anov. Situ\u00e1ciu navy\u0161e komplikuje aj prebiehaj\u00faci ozbrojen\u00fd konflikt v krajine.<\/p>\n\n\n\n<p>V pr\u00edpadoch, kedy sa \u017eeny sna\u017eia br\u00e1ni\u0165 vo\u010di nespravodlivosti, ktorej s\u00fa, resp. hroz\u00ed, \u017ee bud\u00fa obe\u0165ou, ve\u013emi \u010dasto ost\u00e1vaj\u00fa v tomto boji sam\u00e9. T\u00fato situ\u00e1ciu rie\u0161i iniciat\u00edva \u00danie syriack\u00fdch \u017eien, ktor\u00e1 zalo\u017eila Poradensk\u00e9 centrum pre \u017eeny. T\u00edm centra sa taktie\u017e venuje medi\u00e1cii, prostredn\u00edctvom ktorej sa sna\u017e\u00ed o kompromis v situ\u00e1ci\u00e1ch, kedy sa na nich obr\u00e1ti jedna zo str\u00e1n konfliktu\/sporu.<\/p>\n\n\n\n<p>Poradensk\u00e9 centrum poskytuje podporu a pomoc pre \u017eeny, ktor\u00e9 sa stali obe\u0165ami r\u00f4znych druhov n\u00e1silia. Centrum im zabezpe\u010duje mo\u017enos\u0165 ubytovania, psychologick\u00e9ho poradenstva, podpory pri h\u013eadan\u00ed zamestnania, sprostredkovanie zdravotnej starostlivosti a zvy\u0161ovania ich povedomia v oblasti ich pr\u00e1v.<\/p>\n\n\n\n<div class=\"wp-block-buttons aligncenter is-layout-flex wp-block-buttons-is-layout-flex\">\n<div class=\"wp-block-button\"><a class=\"wp-block-button__link has-vivid-red-background-color has-background\" href=\"https:\/\/charita.darujme.sk\/775\/\"><strong>Chcem podpori\u0165 tak\u00e9to projekty<\/strong><\/a><\/div>\n<\/div>\n\n\n\n<p><strong>Fotogal\u00e9ria \u00faspe\u0161n\u00e9ho projektu:<\/strong><\/p>\n\n\n\n<figure class=\"wp-block-gallery columns-3 is-cropped wp-block-gallery-1 is-layout-flex wp-block-gallery-is-layout-flex\"><ul class=\"blocks-gallery-grid\"><li class=\"blocks-gallery-item\"><figure><a href=\"https:\/\/www.charita.sk\/svet\/wp-content\/uploads\/2020\/08\/P3-Director-Psychologist-and-Accountant.jpg\"><img fetchpriority=\"high\" decoding=\"async\" width=\"1024\" height=\"680\" src=\"https:\/\/www.charita.sk\/svet\/wp-content\/uploads\/2020\/08\/P3-Director-Psychologist-and-Accountant-1024x680.jpg\" alt=\"\" data-id=\"872\" data-full-url=\"https:\/\/www.charita.sk\/svet\/wp-content\/uploads\/2020\/08\/P3-Director-Psychologist-and-Accountant.jpg\" data-link=\"https:\/\/www.charita.sk\/svet\/poradenske-centrum-pre-zeny-v-meste-al-hassaka\/p3-director-psychologist-and-accountant\/\" class=\"wp-image-872\" srcset=\"https:\/\/www.charita.sk\/svet\/wp-content\/uploads\/2020\/08\/P3-Director-Psychologist-and-Accountant-1024x680.jpg 1024w, https:\/\/www.charita.sk\/svet\/wp-content\/uploads\/2020\/08\/P3-Director-Psychologist-and-Accountant-300x199.jpg 300w, https:\/\/www.charita.sk\/svet\/wp-content\/uploads\/2020\/08\/P3-Director-Psychologist-and-Accountant-768x510.jpg 768w, https:\/\/www.charita.sk\/svet\/wp-content\/uploads\/2020\/08\/P3-Director-Psychologist-and-Accountant.jpg 1200w\" sizes=\"(max-width: 1024px) 100vw, 1024px\" \/><\/a><figcaption class=\"blocks-gallery-item__caption\">Podporn\u00fd t\u00edm &#8211; ved\u00faca, psychologi\u010dka, \u00fa\u010dton\u00ed\u010dka<\/figcaption><\/figure><\/li><li class=\"blocks-gallery-item\"><figure><a href=\"https:\/\/www.charita.sk\/svet\/wp-content\/uploads\/2020\/08\/P5-Nurse-Beneficiary-Director.jpg\"><img decoding=\"async\" width=\"1024\" height=\"768\" src=\"https:\/\/www.charita.sk\/svet\/wp-content\/uploads\/2020\/08\/P5-Nurse-Beneficiary-Director-1024x768.jpg\" alt=\"\" data-id=\"873\" data-full-url=\"https:\/\/www.charita.sk\/svet\/wp-content\/uploads\/2020\/08\/P5-Nurse-Beneficiary-Director.jpg\" data-link=\"https:\/\/www.charita.sk\/svet\/poradenske-centrum-pre-zeny-v-meste-al-hassaka\/p5-nurse-beneficiary-director\/\" class=\"wp-image-873\" srcset=\"https:\/\/www.charita.sk\/svet\/wp-content\/uploads\/2020\/08\/P5-Nurse-Beneficiary-Director-1024x768.jpg 1024w, https:\/\/www.charita.sk\/svet\/wp-content\/uploads\/2020\/08\/P5-Nurse-Beneficiary-Director-300x225.jpg 300w, https:\/\/www.charita.sk\/svet\/wp-content\/uploads\/2020\/08\/P5-Nurse-Beneficiary-Director-768x576.jpg 768w, https:\/\/www.charita.sk\/svet\/wp-content\/uploads\/2020\/08\/P5-Nurse-Beneficiary-Director.jpg 1200w\" sizes=\"(max-width: 1024px) 100vw, 1024px\" \/><\/a><figcaption class=\"blocks-gallery-item__caption\">Z\u013eava: Zdravotn\u00e1 sestra, klientka a ved\u00faca centra <\/figcaption><\/figure><\/li><li class=\"blocks-gallery-item\"><figure><a href=\"https:\/\/www.charita.sk\/svet\/wp-content\/uploads\/2020\/08\/P1-Building-from-outside.jpg\"><img decoding=\"async\" width=\"1024\" height=\"680\" src=\"https:\/\/www.charita.sk\/svet\/wp-content\/uploads\/2020\/08\/P1-Building-from-outside-1024x680.jpg\" alt=\"\" data-id=\"874\" data-full-url=\"https:\/\/www.charita.sk\/svet\/wp-content\/uploads\/2020\/08\/P1-Building-from-outside.jpg\" data-link=\"https:\/\/www.charita.sk\/svet\/poradenske-centrum-pre-zeny-v-meste-al-hassaka\/p1-building-from-outside\/\" class=\"wp-image-874\" srcset=\"https:\/\/www.charita.sk\/svet\/wp-content\/uploads\/2020\/08\/P1-Building-from-outside-1024x680.jpg 1024w, https:\/\/www.charita.sk\/svet\/wp-content\/uploads\/2020\/08\/P1-Building-from-outside-300x199.jpg 300w, https:\/\/www.charita.sk\/svet\/wp-content\/uploads\/2020\/08\/P1-Building-from-outside-768x510.jpg 768w, https:\/\/www.charita.sk\/svet\/wp-content\/uploads\/2020\/08\/P1-Building-from-outside.jpg 1200w\" sizes=\"(max-width: 1024px) 100vw, 1024px\" \/><\/a><figcaption class=\"blocks-gallery-item__caption\">U\u017e zvonku je jasn\u00e9, kde n\u00e1jdu \u017eenu pomoc<\/figcaption><\/figure><\/li><li class=\"blocks-gallery-item\"><figure><a href=\"https:\/\/www.charita.sk\/svet\/wp-content\/uploads\/2020\/08\/P7-Bedroom.jpeg\"><img loading=\"lazy\" decoding=\"async\" width=\"1024\" height=\"767\" src=\"https:\/\/www.charita.sk\/svet\/wp-content\/uploads\/2020\/08\/P7-Bedroom-1024x767.jpeg\" alt=\"\" data-id=\"875\" data-full-url=\"https:\/\/www.charita.sk\/svet\/wp-content\/uploads\/2020\/08\/P7-Bedroom.jpeg\" data-link=\"https:\/\/www.charita.sk\/svet\/poradenske-centrum-pre-zeny-v-meste-al-hassaka\/p7-bedroom\/\" class=\"wp-image-875\" srcset=\"https:\/\/www.charita.sk\/svet\/wp-content\/uploads\/2020\/08\/P7-Bedroom-1024x767.jpeg 1024w, https:\/\/www.charita.sk\/svet\/wp-content\/uploads\/2020\/08\/P7-Bedroom-300x225.jpeg 300w, https:\/\/www.charita.sk\/svet\/wp-content\/uploads\/2020\/08\/P7-Bedroom-768x575.jpeg 768w, https:\/\/www.charita.sk\/svet\/wp-content\/uploads\/2020\/08\/P7-Bedroom.jpeg 1200w\" sizes=\"(max-width: 1024px) 100vw, 1024px\" \/><\/a><figcaption class=\"blocks-gallery-item__caption\">Ubytovanie pre \u017eeny &#8211; obete n\u00e1silia<\/figcaption><\/figure><\/li><li class=\"blocks-gallery-item\"><figure><a href=\"https:\/\/www.charita.sk\/svet\/wp-content\/uploads\/2020\/08\/P9-Bedroom3.jpeg\"><img loading=\"lazy\" decoding=\"async\" width=\"1024\" height=\"767\" src=\"https:\/\/www.charita.sk\/svet\/wp-content\/uploads\/2020\/08\/P9-Bedroom3-1024x767.jpeg\" alt=\"\" data-id=\"876\" data-full-url=\"https:\/\/www.charita.sk\/svet\/wp-content\/uploads\/2020\/08\/P9-Bedroom3.jpeg\" data-link=\"https:\/\/www.charita.sk\/svet\/poradenske-centrum-pre-zeny-v-meste-al-hassaka\/p9-bedroom3\/\" class=\"wp-image-876\" srcset=\"https:\/\/www.charita.sk\/svet\/wp-content\/uploads\/2020\/08\/P9-Bedroom3-1024x767.jpeg 1024w, https:\/\/www.charita.sk\/svet\/wp-content\/uploads\/2020\/08\/P9-Bedroom3-300x225.jpeg 300w, https:\/\/www.charita.sk\/svet\/wp-content\/uploads\/2020\/08\/P9-Bedroom3-768x575.jpeg 768w, https:\/\/www.charita.sk\/svet\/wp-content\/uploads\/2020\/08\/P9-Bedroom3.jpeg 1200w\" sizes=\"(max-width: 1024px) 100vw, 1024px\" \/><\/a><figcaption class=\"blocks-gallery-item__caption\">V izb\u00e1ch sa sna\u0165ia \u017een\u00e1m poskytn\u00fa\u0165 potrebn\u00fd komfort<\/figcaption><\/figure><\/li><li class=\"blocks-gallery-item\"><figure><a href=\"https:\/\/www.charita.sk\/svet\/wp-content\/uploads\/2020\/08\/P6Living-room-beneficiaries.jpg\"><img loading=\"lazy\" decoding=\"async\" width=\"1024\" height=\"680\" src=\"https:\/\/www.charita.sk\/svet\/wp-content\/uploads\/2020\/08\/P6Living-room-beneficiaries-1024x680.jpg\" alt=\"\" data-id=\"877\" data-full-url=\"https:\/\/www.charita.sk\/svet\/wp-content\/uploads\/2020\/08\/P6Living-room-beneficiaries.jpg\" data-link=\"https:\/\/www.charita.sk\/svet\/poradenske-centrum-pre-zeny-v-meste-al-hassaka\/p6living-room-beneficiaries\/\" class=\"wp-image-877\" srcset=\"https:\/\/www.charita.sk\/svet\/wp-content\/uploads\/2020\/08\/P6Living-room-beneficiaries-1024x680.jpg 1024w, https:\/\/www.charita.sk\/svet\/wp-content\/uploads\/2020\/08\/P6Living-room-beneficiaries-300x199.jpg 300w, https:\/\/www.charita.sk\/svet\/wp-content\/uploads\/2020\/08\/P6Living-room-beneficiaries-768x510.jpg 768w, https:\/\/www.charita.sk\/svet\/wp-content\/uploads\/2020\/08\/P6Living-room-beneficiaries.jpg 1200w\" sizes=\"(max-width: 1024px) 100vw, 1024px\" \/><\/a><figcaption class=\"blocks-gallery-item__caption\">D\u00f4le\u017eit\u00fdm miestom stretnut\u00ed na celom Bl\u00edzkom v\u00fdchode je ob\u00fdva\u010dka<\/figcaption><\/figure><\/li><\/ul><\/figure>\n","protected":false},"excerpt":{"rendered":"<p>N\u00e1zov projektu: Poradensk\u00e9 centrum pre \u017eeny v meste Al-HassakaMiesto implement\u00e1cie: Al-Hassaka, Governor\u00e1t [&hellip;]<\/p>\n","protected":false},"author":2,"featured_media":0,"parent":0,"menu_order":0,"comment_status":"closed","ping_status":"closed","template":"","meta":{"footnotes":""},"class_list":["post-521","page","type-page","status-publish","hentry"],"yoast_head":"<!-- This site is optimized with the Yoast SEO plugin v25.4 - https:\/\/yoast.com\/wordpress\/plugins\/seo\/ -->\n<title>Poradensk\u00e9 centrum pre \u017eeny v meste Al-Hassaka | Charita vo svete<\/title>\n<meta name=\"robots\" content=\"index, follow, max-snippet:-1, max-image-preview:large, max-video-preview:-1\" \/>\n<link rel=\"canonical\" href=\"https:\/\/www.charita.sk\/svet\/poradenske-centrum-pre-zeny-v-meste-al-hassaka\/\" \/>\n<meta property=\"og:locale\" content=\"sk_SK\" \/>\n<meta property=\"og:type\" content=\"article\" \/>\n<meta property=\"og:title\" content=\"Poradensk\u00e9 centrum pre \u017eeny v meste Al-Hassaka | Charita vo svete\" \/>\n<meta property=\"og:description\" content=\"N\u00e1zov projektu: Poradensk\u00e9 centrum pre \u017eeny v meste Al-HassakaMiesto implement\u00e1cie: Al-Hassaka, Governor\u00e1t [&hellip;]\" \/>\n<meta property=\"og:url\" content=\"https:\/\/www.charita.sk\/svet\/poradenske-centrum-pre-zeny-v-meste-al-hassaka\/\" \/>\n<meta property=\"og:site_name\" content=\"Charita vo svete\" \/>\n<meta property=\"article:publisher\" content=\"https:\/\/www.facebook.com\/CaritasSlovakia\/\" \/>\n<meta property=\"article:modified_time\" content=\"2021-03-17T20:31:54+00:00\" \/>\n<meta property=\"og:image\" content=\"https:\/\/www.charita.sk\/pomoc-utecencom\/wp-content\/uploads\/2020\/08\/P3-Director-Psychologist-and-Accountant-1024x680.jpg\" \/>\n<meta name=\"twitter:card\" content=\"summary_large_image\" \/>\n<meta name=\"twitter:label1\" content=\"Predpokladan\u00fd \u010das \u010d\u00edtania\" \/>\n\t<meta name=\"twitter:data1\" content=\"2 min\u00faty\" \/>\n<script type=\"application\/ld+json\" class=\"yoast-schema-graph\">{\"@context\":\"https:\/\/schema.org\",\"@graph\":[{\"@type\":\"WebPage\",\"@id\":\"https:\/\/www.charita.sk\/svet\/poradenske-centrum-pre-zeny-v-meste-al-hassaka\/\",\"url\":\"https:\/\/www.charita.sk\/svet\/poradenske-centrum-pre-zeny-v-meste-al-hassaka\/\",\"name\":\"Poradensk\u00e9 centrum pre \u017eeny v meste Al-Hassaka | Charita vo svete\",\"isPartOf\":{\"@id\":\"https:\/\/www.charita.sk\/svet\/#website\"},\"primaryImageOfPage\":{\"@id\":\"https:\/\/www.charita.sk\/svet\/poradenske-centrum-pre-zeny-v-meste-al-hassaka\/#primaryimage\"},\"image\":{\"@id\":\"https:\/\/www.charita.sk\/svet\/poradenske-centrum-pre-zeny-v-meste-al-hassaka\/#primaryimage\"},\"thumbnailUrl\":\"https:\/\/www.charita.sk\/svet\/wp-content\/uploads\/2020\/08\/P3-Director-Psychologist-and-Accountant-1024x680.jpg\",\"datePublished\":\"2019-06-03T13:36:10+00:00\",\"dateModified\":\"2021-03-17T20:31:54+00:00\",\"breadcrumb\":{\"@id\":\"https:\/\/www.charita.sk\/svet\/poradenske-centrum-pre-zeny-v-meste-al-hassaka\/#breadcrumb\"},\"inLanguage\":\"sk-SK\",\"potentialAction\":[{\"@type\":\"ReadAction\",\"target\":[\"https:\/\/www.charita.sk\/svet\/poradenske-centrum-pre-zeny-v-meste-al-hassaka\/\"]}]},{\"@type\":\"ImageObject\",\"inLanguage\":\"sk-SK\",\"@id\":\"https:\/\/www.charita.sk\/svet\/poradenske-centrum-pre-zeny-v-meste-al-hassaka\/#primaryimage\",\"url\":\"https:\/\/www.charita.sk\/svet\/wp-content\/uploads\/2020\/08\/P3-Director-Psychologist-and-Accountant.jpg\",\"contentUrl\":\"https:\/\/www.charita.sk\/svet\/wp-content\/uploads\/2020\/08\/P3-Director-Psychologist-and-Accountant.jpg\",\"width\":1200,\"height\":797},{\"@type\":\"BreadcrumbList\",\"@id\":\"https:\/\/www.charita.sk\/svet\/poradenske-centrum-pre-zeny-v-meste-al-hassaka\/#breadcrumb\",\"itemListElement\":[{\"@type\":\"ListItem\",\"position\":1,\"name\":\"Domovsk\u00e1 str\u00e1nka\",\"item\":\"https:\/\/www.charita.sk\/svet\/\"},{\"@type\":\"ListItem\",\"position\":2,\"name\":\"Poradensk\u00e9 centrum pre \u017eeny v meste Al-Hassaka\"}]},{\"@type\":\"WebSite\",\"@id\":\"https:\/\/www.charita.sk\/svet\/#website\",\"url\":\"https:\/\/www.charita.sk\/svet\/\",\"name\":\"Charita vo svete\",\"description\":\"Slovensk\u00e1 katol\u00edcka charita pom\u00e1ha \u013eu\u010fom v n\u00fadzi vo svete\",\"publisher\":{\"@id\":\"https:\/\/www.charita.sk\/svet\/#organization\"},\"potentialAction\":[{\"@type\":\"SearchAction\",\"target\":{\"@type\":\"EntryPoint\",\"urlTemplate\":\"https:\/\/www.charita.sk\/svet\/?s={search_term_string}\"},\"query-input\":{\"@type\":\"PropertyValueSpecification\",\"valueRequired\":true,\"valueName\":\"search_term_string\"}}],\"inLanguage\":\"sk-SK\"},{\"@type\":\"Organization\",\"@id\":\"https:\/\/www.charita.sk\/svet\/#organization\",\"name\":\"Slovensk\u00e1 katol\u00edcka charita\",\"url\":\"https:\/\/www.charita.sk\/svet\/\",\"logo\":{\"@type\":\"ImageObject\",\"inLanguage\":\"sk-SK\",\"@id\":\"https:\/\/www.charita.sk\/svet\/#\/schema\/logo\/image\/\",\"url\":\"https:\/\/www.charita.sk\/pomoc-utecencom\/wp-content\/uploads\/2020\/11\/logo_pomoc_utecencom.jpg\",\"contentUrl\":\"https:\/\/www.charita.sk\/pomoc-utecencom\/wp-content\/uploads\/2020\/11\/logo_pomoc_utecencom.jpg\",\"width\":1712,\"height\":480,\"caption\":\"Slovensk\u00e1 katol\u00edcka charita\"},\"image\":{\"@id\":\"https:\/\/www.charita.sk\/svet\/#\/schema\/logo\/image\/\"},\"sameAs\":[\"https:\/\/www.facebook.com\/CaritasSlovakia\/\",\"https:\/\/www.instagram.com\/caritas_slovakia\/\",\"https:\/\/www.linkedin.com\/company\/caritas-slovakia-skch-\",\"https:\/\/www.youtube.com\/user\/katolickacharita\"]}]}<\/script>\n<!-- \/ Yoast SEO plugin. -->","yoast_head_json":{"title":"Poradensk\u00e9 centrum pre \u017eeny v meste Al-Hassaka | Charita vo svete","robots":{"index":"index","follow":"follow","max-snippet":"max-snippet:-1","max-image-preview":"max-image-preview:large","max-video-preview":"max-video-preview:-1"},"canonical":"https:\/\/www.charita.sk\/svet\/poradenske-centrum-pre-zeny-v-meste-al-hassaka\/","og_locale":"sk_SK","og_type":"article","og_title":"Poradensk\u00e9 centrum pre \u017eeny v meste Al-Hassaka | Charita vo svete","og_description":"N\u00e1zov projektu: Poradensk\u00e9 centrum pre \u017eeny v meste Al-HassakaMiesto implement\u00e1cie: Al-Hassaka, Governor\u00e1t [&hellip;]","og_url":"https:\/\/www.charita.sk\/svet\/poradenske-centrum-pre-zeny-v-meste-al-hassaka\/","og_site_name":"Charita vo svete","article_publisher":"https:\/\/www.facebook.com\/CaritasSlovakia\/","article_modified_time":"2021-03-17T20:31:54+00:00","og_image":[{"url":"https:\/\/www.charita.sk\/pomoc-utecencom\/wp-content\/uploads\/2020\/08\/P3-Director-Psychologist-and-Accountant-1024x680.jpg","type":"","width":"","height":""}],"twitter_card":"summary_large_image","twitter_misc":{"Predpokladan\u00fd \u010das \u010d\u00edtania":"2 min\u00faty"},"schema":{"@context":"https:\/\/schema.org","@graph":[{"@type":"WebPage","@id":"https:\/\/www.charita.sk\/svet\/poradenske-centrum-pre-zeny-v-meste-al-hassaka\/","url":"https:\/\/www.charita.sk\/svet\/poradenske-centrum-pre-zeny-v-meste-al-hassaka\/","name":"Poradensk\u00e9 centrum pre \u017eeny v meste Al-Hassaka | Charita vo svete","isPartOf":{"@id":"https:\/\/www.charita.sk\/svet\/#website"},"primaryImageOfPage":{"@id":"https:\/\/www.charita.sk\/svet\/poradenske-centrum-pre-zeny-v-meste-al-hassaka\/#primaryimage"},"image":{"@id":"https:\/\/www.charita.sk\/svet\/poradenske-centrum-pre-zeny-v-meste-al-hassaka\/#primaryimage"},"thumbnailUrl":"https:\/\/www.charita.sk\/svet\/wp-content\/uploads\/2020\/08\/P3-Director-Psychologist-and-Accountant-1024x680.jpg","datePublished":"2019-06-03T13:36:10+00:00","dateModified":"2021-03-17T20:31:54+00:00","breadcrumb":{"@id":"https:\/\/www.charita.sk\/svet\/poradenske-centrum-pre-zeny-v-meste-al-hassaka\/#breadcrumb"},"inLanguage":"sk-SK","potentialAction":[{"@type":"ReadAction","target":["https:\/\/www.charita.sk\/svet\/poradenske-centrum-pre-zeny-v-meste-al-hassaka\/"]}]},{"@type":"ImageObject","inLanguage":"sk-SK","@id":"https:\/\/www.charita.sk\/svet\/poradenske-centrum-pre-zeny-v-meste-al-hassaka\/#primaryimage","url":"https:\/\/www.charita.sk\/svet\/wp-content\/uploads\/2020\/08\/P3-Director-Psychologist-and-Accountant.jpg","contentUrl":"https:\/\/www.charita.sk\/svet\/wp-content\/uploads\/2020\/08\/P3-Director-Psychologist-and-Accountant.jpg","width":1200,"height":797},{"@type":"BreadcrumbList","@id":"https:\/\/www.charita.sk\/svet\/poradenske-centrum-pre-zeny-v-meste-al-hassaka\/#breadcrumb","itemListElement":[{"@type":"ListItem","position":1,"name":"Domovsk\u00e1 str\u00e1nka","item":"https:\/\/www.charita.sk\/svet\/"},{"@type":"ListItem","position":2,"name":"Poradensk\u00e9 centrum pre \u017eeny v meste Al-Hassaka"}]},{"@type":"WebSite","@id":"https:\/\/www.charita.sk\/svet\/#website","url":"https:\/\/www.charita.sk\/svet\/","name":"Charita vo svete","description":"Slovensk\u00e1 katol\u00edcka charita pom\u00e1ha \u013eu\u010fom v n\u00fadzi vo svete","publisher":{"@id":"https:\/\/www.charita.sk\/svet\/#organization"},"potentialAction":[{"@type":"SearchAction","target":{"@type":"EntryPoint","urlTemplate":"https:\/\/www.charita.sk\/svet\/?s={search_term_string}"},"query-input":{"@type":"PropertyValueSpecification","valueRequired":true,"valueName":"search_term_string"}}],"inLanguage":"sk-SK"},{"@type":"Organization","@id":"https:\/\/www.charita.sk\/svet\/#organization","name":"Slovensk\u00e1 katol\u00edcka charita","url":"https:\/\/www.charita.sk\/svet\/","logo":{"@type":"ImageObject","inLanguage":"sk-SK","@id":"https:\/\/www.charita.sk\/svet\/#\/schema\/logo\/image\/","url":"https:\/\/www.charita.sk\/pomoc-utecencom\/wp-content\/uploads\/2020\/11\/logo_pomoc_utecencom.jpg","contentUrl":"https:\/\/www.charita.sk\/pomoc-utecencom\/wp-content\/uploads\/2020\/11\/logo_pomoc_utecencom.jpg","width":1712,"height":480,"caption":"Slovensk\u00e1 katol\u00edcka charita"},"image":{"@id":"https:\/\/www.charita.sk\/svet\/#\/schema\/logo\/image\/"},"sameAs":["https:\/\/www.facebook.com\/CaritasSlovakia\/","https:\/\/www.instagram.com\/caritas_slovakia\/","https:\/\/www.linkedin.com\/company\/caritas-slovakia-skch-","https:\/\/www.youtube.com\/user\/katolickacharita"]}]}},"featured_image_src":null,"featured_image_src_square":null,"_links":{"self":[{"href":"https:\/\/www.charita.sk\/svet\/wp-json\/wp\/v2\/pages\/521","targetHints":{"allow":["GET"]}}],"collection":[{"href":"https:\/\/www.charita.sk\/svet\/wp-json\/wp\/v2\/pages"}],"about":[{"href":"https:\/\/www.charita.sk\/svet\/wp-json\/wp\/v2\/types\/page"}],"author":[{"embeddable":true,"href":"https:\/\/www.charita.sk\/svet\/wp-json\/wp\/v2\/users\/2"}],"replies":[{"embeddable":true,"href":"https:\/\/www.charita.sk\/svet\/wp-json\/wp\/v2\/comments?post=521"}],"version-history":[{"count":4,"href":"https:\/\/www.charita.sk\/svet\/wp-json\/wp\/v2\/pages\/521\/revisions"}],"predecessor-version":[{"id":1585,"href":"https:\/\/www.charita.sk\/svet\/wp-json\/wp\/v2\/pages\/521\/revisions\/1585"}],"wp:attachment":[{"href":"https:\/\/www.charita.sk\/svet\/wp-json\/wp\/v2\/media?parent=521"}],"curies":[{"name":"wp","href":"https:\/\/api.w.org\/{rel}","templated":true}]}}