{"id":601,"date":"2019-06-17T14:37:29","date_gmt":"2019-06-17T12:37:29","guid":{"rendered":"https:\/\/charita.sk\/pomoc-utecencom\/?page_id=601"},"modified":"2026-03-02T17:29:56","modified_gmt":"2026-03-02T16:29:56","slug":"irak","status":"publish","type":"page","link":"https:\/\/www.charita.sk\/svet\/irak\/","title":{"rendered":"Irak"},"content":{"rendered":"\n<div class=\"wp-block-columns is-layout-flex wp-container-core-columns-is-layout-9d6595d7 wp-block-columns-is-layout-flex\">\n<div class=\"wp-block-column is-layout-flow wp-block-column-is-layout-flow\" style=\"flex-basis:33.33%\"><div class=\"wp-block-image\">\n<figure class=\"aligncenter size-thumbnail\"><img decoding=\"async\" width=\"150\" height=\"150\" src=\"https:\/\/www.charita.sk\/svet\/wp-content\/uploads\/2022\/02\/iraq-150x150.png\" alt=\"\" class=\"wp-image-1918\" srcset=\"https:\/\/www.charita.sk\/svet\/wp-content\/uploads\/2022\/02\/iraq-150x150.png 150w, https:\/\/www.charita.sk\/svet\/wp-content\/uploads\/2022\/02\/iraq-300x300.png 300w, https:\/\/www.charita.sk\/svet\/wp-content\/uploads\/2022\/02\/iraq.png 512w\" sizes=\"(max-width: 150px) 100vw, 150px\" \/><\/figure><\/div><\/div>\n\n\n\n<div class=\"wp-block-column is-layout-flow wp-block-column-is-layout-flow\" style=\"flex-basis:66.66%\">\n<p>S na\u0161imi lok\u00e1lnymi partnermi pracujeme na pomoci miestnym kres\u0165anom, jez\u00eddom a \u010fal\u0161\u00edm \u013eu\u010fom v n\u00fadzi od roku 2015. Zameriavame sa na podporu vzdel\u00e1vania a zabezpe\u010denia z\u00e1kladn\u00fdch \u017eivotn\u00fdch potrieb. <strong>Doteraz sme postavili 21 studn\u00ed na pitn\u00fa vodu.<\/strong> Po n\u00e1silnostiach zo strany ISIS &#8211; Islamsk\u00e9ho \u0161t\u00e1tu sa potreba pomoci v krajine rap\u00eddne zv\u00fd\u0161ila. 1,6 mili\u00f3na vn\u00fatorn\u00fdch vys\u00eddlencov hovor\u00ed za seba.<\/p>\n<\/div>\n<\/div>\n\n\n<p class=\"art-citate\" style=\"text-align: center;\">Prebiehaj\u00face projekty<\/p>\n\n\n<div class=\"wp-block-columns is-layout-flex wp-container-core-columns-is-layout-9d6595d7 wp-block-columns-is-layout-flex\">\n<div class=\"wp-block-column is-layout-flow wp-block-column-is-layout-flow\">\n<figure class=\"wp-block-gallery has-nested-images columns-default is-cropped wp-block-gallery-1 is-layout-flex wp-block-gallery-is-layout-flex\">\n<figure class=\"wp-block-image size-large\"><img fetchpriority=\"high\" decoding=\"async\" width=\"1200\" height=\"900\" data-id=\"3391\" src=\"https:\/\/www.charita.sk\/svet\/wp-content\/uploads\/2026\/03\/vystavba-studni-v-Qasrok-1-edited.jpg\" alt=\"\" class=\"wp-image-3391\" srcset=\"https:\/\/www.charita.sk\/svet\/wp-content\/uploads\/2026\/03\/vystavba-studni-v-Qasrok-1-edited.jpg 1200w, https:\/\/www.charita.sk\/svet\/wp-content\/uploads\/2026\/03\/vystavba-studni-v-Qasrok-1-edited-300x225.jpg 300w, https:\/\/www.charita.sk\/svet\/wp-content\/uploads\/2026\/03\/vystavba-studni-v-Qasrok-1-edited-1024x768.jpg 1024w, https:\/\/www.charita.sk\/svet\/wp-content\/uploads\/2026\/03\/vystavba-studni-v-Qasrok-1-edited-768x576.jpg 768w\" sizes=\"(max-width: 1200px) 100vw, 1200px\" \/><\/figure>\n<\/figure>\n\n\n\n<div class=\"wp-block-atomic-blocks-ab-button ab-block-button\" style=\"text-align: center;\"><a href=\"https:\/\/www.charita.sk\/svet\/voda-a-podpora-zivobytia-v-shekhane-a-qasroku\/\" class=\"btn btn-primary btn-lg\" style=\"color:#ffffff;background-color:#c42f41; width:100%;\" target=\"_blank\" rel=\"noopener noreferrer\">Voda a podpora \u017eivobytia v Shekhane a Qasroku<\/a><\/div>\n<\/div>\n\n\n\n<div class=\"wp-block-column is-layout-flow wp-block-column-is-layout-flow\">\n<figure class=\"wp-block-gallery has-nested-images columns-default is-cropped wp-block-gallery-2 is-layout-flex wp-block-gallery-is-layout-flex\">\n<figure class=\"wp-block-image size-full\"><img decoding=\"async\" width=\"1000\" height=\"750\" data-id=\"3395\" src=\"https:\/\/www.charita.sk\/svet\/wp-content\/uploads\/2026\/03\/Chaldean_Catholic_Cathedral_of_Saint_Joseph_in_Ankawa_near_Erbil_Iraq.jpg\" alt=\"\" class=\"wp-image-3395\" srcset=\"https:\/\/www.charita.sk\/svet\/wp-content\/uploads\/2026\/03\/Chaldean_Catholic_Cathedral_of_Saint_Joseph_in_Ankawa_near_Erbil_Iraq.jpg 1000w, https:\/\/www.charita.sk\/svet\/wp-content\/uploads\/2026\/03\/Chaldean_Catholic_Cathedral_of_Saint_Joseph_in_Ankawa_near_Erbil_Iraq-300x225.jpg 300w, https:\/\/www.charita.sk\/svet\/wp-content\/uploads\/2026\/03\/Chaldean_Catholic_Cathedral_of_Saint_Joseph_in_Ankawa_near_Erbil_Iraq-768x576.jpg 768w\" sizes=\"(max-width: 1000px) 100vw, 1000px\" \/><\/figure>\n<\/figure>\n\n\n\n<div class=\"wp-block-atomic-blocks-ab-button ab-block-button\" style=\"text-align: center;\"><a href=\"https:\/\/www.charita.sk\/svet\/obnova-farnosti-sv-jozefa-v-kirkuku\/\" class=\"btn btn-primary btn-lg\" style=\"color:#ffffff;background-color:#c42f41; width:100%;\" target=\"_blank\" rel=\"noopener noreferrer\">OBNOVA FARNOSTI SV. JOZEFA V KIRK\u00daKU<\/a><\/div>\n<\/div>\n<\/div>\n\n\n\n<div class=\"wp-block-columns is-layout-flex wp-container-core-columns-is-layout-9d6595d7 wp-block-columns-is-layout-flex\">\n<div class=\"wp-block-column is-layout-flow wp-block-column-is-layout-flow\"><\/div>\n\n\n\n<div class=\"wp-block-column is-layout-flow wp-block-column-is-layout-flow\"><\/div>\n<\/div>\n\n\n<p class=\"art-citate\" style=\"text-align: center;\">Ako m\u00f4\u017eete pom\u00f4c\u0165<\/p>\n\n\n<p class=\"has-text-align-center\">Pomoc v Iraku je financovan\u00e1 z&nbsp;<a href=\"https:\/\/charita.darujme.sk\/svet\/\">individu\u00e1lnych darov<\/a>, z ofici\u00e1lnej rozvojovej pomoci SR,&nbsp;<a href=\"https:\/\/slovakaid.sk\" target=\"_blank\" rel=\"noreferrer noopener\">SlovakAid<\/a> a zo Zbierky na pomoc prenasledovan\u00fdm kres\u0165anom a ute\u010dencom, ktor\u00fa vyhlasuje Konferencia biskupov Slovenska\u2764\ufe0f.<\/p>\n\n\n\n<div class=\"wp-block-buttons is-content-justification-center is-layout-flex wp-container-core-buttons-is-layout-16018d1d wp-block-buttons-is-layout-flex\">\n<div class=\"wp-block-button\"><a class=\"wp-block-button__link has-white-color has-text-color has-background wp-element-button\" href=\"https:\/\/charita.darujme.sk\/svet\/\" style=\"background-color:#d9cb9e\">Chcem pom\u00f4c\u0165<\/a><\/div>\n<\/div>\n\n\n<p class=\"art-citate\" style=\"text-align: center;\">Zrealizovan\u00e9 projekty<\/p>\n\n\n<div style=\"text-align:center\" class=\"wp-block-atomic-blocks-ab-cta ab-block-cta ab-font-size-14\"><div class=\"ab-cta-image-wrap\"><img decoding=\"async\" class=\"ab-cta-image has-background-dim\" src=\"https:\/\/www.charita.sk\/svet\/wp-content\/uploads\/2026\/03\/Inzinier-lokalneho-partnera-so-zastupcom-donora-programu-SlovakAid-a-charity.jpg\" alt=\"\"\/><\/div><div class=\"ab-cta-content\"><h2 class=\"ab-cta-title ab-font-size-24\" style=\"color:#32373c\"><img decoding=\"async\" class=\"wp-image-3382\" style=\"width: 150px;\" src=\"\" alt=\"\"\/><\/h2><div class=\"ab-cta-text ab-font-size-32\" style=\"color:#32373c\"><\/div><\/div><div class=\"ab-cta-button\"><a href=\"https:\/\/www.charita.sk\/svet\/pitna-voda-doghat-dakar\/\" target=\"_self\" rel=\"noopener noreferrer\" class=\"ab-button ab-button-shape-circular ab-button-size-medium\" style=\"color:#ffffff;background-color:#cf2e2e\">Pitn\u00e1 voda pre Doghat and Darkar<\/a><\/div><\/div>\n\n\n\n<div class=\"wp-block-columns is-layout-flex wp-container-core-columns-is-layout-9d6595d7 wp-block-columns-is-layout-flex\">\n<div class=\"wp-block-column is-layout-flow wp-block-column-is-layout-flow\"><\/div>\n<\/div>\n\n\n\n<div class=\"wp-block-columns is-layout-flex wp-container-core-columns-is-layout-9d6595d7 wp-block-columns-is-layout-flex\">\n<div class=\"wp-block-column is-layout-flow wp-block-column-is-layout-flow\">\n<div style=\"text-align:center\" class=\"wp-block-atomic-blocks-ab-cta ab-block-cta ab-font-size-14\"><div class=\"ab-cta-image-wrap\"><img decoding=\"async\" class=\"ab-cta-image has-background-dim\" src=\"https:\/\/www.charita.sk\/svet\/wp-content\/uploads\/2023\/08\/sreshka.jpg\" alt=\"\"\/><\/div><div class=\"ab-cta-content\"><h2 class=\"ab-cta-title ab-font-size-24\" style=\"color:#32373c\"><\/h2><div class=\"ab-cta-text ab-font-size-32\" style=\"color:#32373c\"><\/div><\/div><div class=\"ab-cta-button\"><a href=\"https:\/\/www.charita.sk\/svet\/zabezpecenie-zdroja-pitnej-vody-pre-obec-sreshka\/\" target=\"_self\" rel=\"noopener noreferrer\" class=\"ab-button ab-button-shape-circular ab-button-size-medium\" style=\"color:#ffffff;background-color:#cf2e2e\">Potrubie A \u010derpadlo v Sreshke<\/a><\/div><\/div>\n<\/div>\n\n\n\n<div class=\"wp-block-column is-layout-flow wp-block-column-is-layout-flow\">\n<div style=\"text-align:center\" class=\"wp-block-atomic-blocks-ab-cta ab-block-cta ab-font-size-14\"><div class=\"ab-cta-image-wrap\"><img decoding=\"async\" class=\"ab-cta-image has-background-dim\" src=\"https:\/\/www.charita.sk\/svet\/wp-content\/uploads\/2020\/12\/hasan_ava.jpg\" alt=\"\"\/><\/div><div class=\"ab-cta-content\"><h2 class=\"ab-cta-title ab-font-size-24\" style=\"color:#32373c\"><\/h2><div class=\"ab-cta-text ab-font-size-32\" style=\"color:#32373c\"><\/div><\/div><div class=\"ab-cta-button\"><a href=\"https:\/\/www.charita.sk\/svet\/vybavenie-pre-skolu-panny-marie-milostivej\" target=\"_self\" rel=\"noopener noreferrer\" class=\"ab-button ab-button-shape-circular ab-button-size-medium\" style=\"color:#ffffff;background-color:#cf2e2e\">Vybavenie pre \u0161kolu v Kirk\u00faku<\/a><\/div><\/div>\n<\/div>\n<\/div>\n\n\n\n<div class=\"wp-block-columns is-layout-flex wp-container-core-columns-is-layout-9d6595d7 wp-block-columns-is-layout-flex\">\n<div class=\"wp-block-column is-layout-flow wp-block-column-is-layout-flow\">\n<div style=\"text-align:center\" class=\"wp-block-atomic-blocks-ab-cta ab-block-cta ab-font-size-14\"><div class=\"ab-cta-image-wrap\"><img decoding=\"async\" class=\"ab-cta-image has-background-dim\" src=\"https:\/\/www.charita.sk\/svet\/wp-content\/uploads\/2022\/10\/bagera.jpg\" alt=\"\"\/><\/div><div class=\"ab-cta-content\"><h2 class=\"ab-cta-title ab-font-size-24\" style=\"color:#32373c\"><\/h2><div class=\"ab-cta-text ab-font-size-32\" style=\"color:#32373c\"><\/div><\/div><div class=\"ab-cta-button\"><a href=\"https:\/\/www.charita.sk\/svet\/studne-hatarah-bagera\/\" target=\"_self\" rel=\"noopener noreferrer\" class=\"ab-button ab-button-shape-circular ab-button-size-medium\" style=\"color:#ffffff;background-color:#cf2e2e\">Studne pre obce Hatarah a Bagera<\/a><\/div><\/div>\n<\/div>\n\n\n\n<div class=\"wp-block-column is-layout-flow wp-block-column-is-layout-flow\">\n<div style=\"text-align:center\" class=\"wp-block-atomic-blocks-ab-cta ab-block-cta ab-font-size-14\"><div class=\"ab-cta-image-wrap\"><img decoding=\"async\" class=\"ab-cta-image has-background-dim\" src=\"https:\/\/www.charita.sk\/svet\/wp-content\/uploads\/2023\/08\/358773516_652618196890979_4962639709228854479_n.jpg\" alt=\"\"\/><\/div><div class=\"ab-cta-content\"><h2 class=\"ab-cta-title ab-font-size-24\" style=\"color:#32373c\"><\/h2><div class=\"ab-cta-text ab-font-size-32\" style=\"color:#32373c\"><\/div><\/div><div class=\"ab-cta-button\"><a href=\"https:\/\/www.charita.sk\/svet\/oprava-strechy-a-stropu-na-kostole-sv-jozefa-v-sulejmanii\/\" target=\"_self\" rel=\"noopener noreferrer\" class=\"ab-button ab-button-shape-circular ab-button-size-medium\" style=\"color:#ffffff;background-color:#cf2e2e\">Strecha kostola v Sulejmenii<\/a><\/div><\/div>\n<\/div>\n<\/div>\n\n\n\n<div class=\"wp-block-columns is-layout-flex wp-container-core-columns-is-layout-9d6595d7 wp-block-columns-is-layout-flex\">\n<div class=\"wp-block-column is-layout-flow wp-block-column-is-layout-flow\">\n<div style=\"text-align:center\" class=\"wp-block-atomic-blocks-ab-cta ab-block-cta ab-font-size-14\"><div class=\"ab-cta-image-wrap\"><img decoding=\"async\" class=\"ab-cta-image has-background-dim\" src=\"https:\/\/www.charita.sk\/svet\/wp-content\/uploads\/2022\/10\/irak086.jpg\" alt=\"\"\/><\/div><div class=\"ab-cta-content\"><h2 class=\"ab-cta-title ab-font-size-24\" style=\"color:#32373c\"><\/h2><div class=\"ab-cta-text ab-font-size-32\" style=\"color:#32373c\"><\/div><\/div><div class=\"ab-cta-button\"><a href=\"https:\/\/www.charita.sk\/svet\/zabezpecenie-pitnej-vody-pre-obce-bersavy-a-birstek\/\" target=\"_self\" rel=\"noopener noreferrer\" class=\"ab-button ab-button-shape-circular ab-button-size-medium\" style=\"color:#ffffff;background-color:#cf2e2e\">Studne Bersavy a Birstek<\/a><\/div><\/div>\n<\/div>\n\n\n\n<div class=\"wp-block-column is-layout-flow wp-block-column-is-layout-flow\">\n<div style=\"text-align:center\" class=\"wp-block-atomic-blocks-ab-cta ab-block-cta ab-font-size-14\"><div class=\"ab-cta-image-wrap\"><img decoding=\"async\" class=\"ab-cta-image has-background-dim\" src=\"https:\/\/www.charita.sk\/svet\/wp-content\/uploads\/2022\/10\/irak181.jpg\" alt=\"\"\/><\/div><div class=\"ab-cta-content\"><h2 class=\"ab-cta-title ab-font-size-24\" style=\"color:#32373c\"><\/h2><div class=\"ab-cta-text ab-font-size-32\" style=\"color:#32373c\"><\/div><\/div><div class=\"ab-cta-button\"><a href=\"https:\/\/www.charita.sk\/svet\/dokoncenie-jasli-a-skolky-v-dome-milosti-v-sulejmanii\/\" target=\"_self\" rel=\"noopener noreferrer\" class=\"ab-button ab-button-shape-circular ab-button-size-medium\" style=\"color:#ffffff;background-color:#cf2e2e\">Vodn\u00e9 filtre Daka Kavn<\/a><\/div><\/div>\n<\/div>\n<\/div>\n\n\n\n<div class=\"wp-block-columns is-layout-flex wp-container-core-columns-is-layout-9d6595d7 wp-block-columns-is-layout-flex\">\n<div class=\"wp-block-column is-layout-flow wp-block-column-is-layout-flow\">\n<div style=\"text-align:center\" class=\"wp-block-atomic-blocks-ab-cta ab-block-cta ab-font-size-14\"><div class=\"ab-cta-image-wrap\"><img decoding=\"async\" class=\"ab-cta-image has-background-dim\" src=\"https:\/\/www.charita.sk\/svet\/wp-content\/uploads\/2020\/12\/vodne_filtre_avzeryke.jpg\" alt=\"\"\/><\/div><div class=\"ab-cta-content\"><h2 class=\"ab-cta-title ab-font-size-24\" style=\"color:#32373c\"><\/h2><div class=\"ab-cta-text ab-font-size-32\" style=\"color:#32373c\"><\/div><\/div><div class=\"ab-cta-button\"><a href=\"https:\/\/www.charita.sk\/svet\/filtre-avzeryke\/\" target=\"_self\" rel=\"noopener noreferrer\" class=\"ab-button ab-button-shape-circular ab-button-size-medium\" style=\"color:#ffffff;background-color:#cf2e2e\">Vodn\u00e9 filtre do Avzeryke<\/a><\/div><\/div>\n<\/div>\n\n\n\n<div class=\"wp-block-column is-layout-flow wp-block-column-is-layout-flow\">\n<div style=\"text-align:center\" class=\"wp-block-atomic-blocks-ab-cta ab-block-cta ab-font-size-14\"><div class=\"ab-cta-image-wrap\"><img decoding=\"async\" class=\"ab-cta-image has-background-dim\" src=\"https:\/\/www.charita.sk\/svet\/wp-content\/uploads\/2020\/12\/jasle_suljmania2.jpg\" alt=\"\"\/><\/div><div class=\"ab-cta-content\"><h2 class=\"ab-cta-title ab-font-size-24\" style=\"color:#32373c\"><\/h2><div class=\"ab-cta-text ab-font-size-32\" style=\"color:#32373c\"><\/div><\/div><div class=\"ab-cta-button\"><a href=\"https:\/\/www.charita.sk\/svet\/dokoncenie-jasli-a-skolky-v-dome-milosti-v-sulejmanii\/\" target=\"_self\" rel=\"noopener noreferrer\" class=\"ab-button ab-button-shape-circular ab-button-size-medium\" style=\"color:#ffffff;background-color:#cf2e2e\">Dokon\u010denie jasl\u00ed v Sulejmanii<\/a><\/div><\/div>\n<\/div>\n<\/div>\n\n\n\n<div class=\"wp-block-columns is-layout-flex wp-container-core-columns-is-layout-9d6595d7 wp-block-columns-is-layout-flex\">\n<div class=\"wp-block-column is-layout-flow wp-block-column-is-layout-flow\">\n<div style=\"text-align:center\" class=\"wp-block-atomic-blocks-ab-cta ab-block-cta ab-font-size-14\"><div class=\"ab-cta-image-wrap\"><img decoding=\"async\" class=\"ab-cta-image has-background-dim\" src=\"https:\/\/www.charita.sk\/svet\/wp-content\/uploads\/2020\/12\/7_Solarne_panely_Sulejmania.jpg\" alt=\"\"\/><\/div><div class=\"ab-cta-content\"><h2 class=\"ab-cta-title ab-font-size-24\" style=\"color:#32373c\"><\/h2><div class=\"ab-cta-text ab-font-size-32\" style=\"color:#32373c\"><\/div><\/div><div class=\"ab-cta-button\"><a href=\"https:\/\/www.charita.sk\/svet\/rozsirenie-kapacity-solarnych-panelov-v-deir-maryam-al-adhra-v-sulejmanii\/\" target=\"_self\" rel=\"noopener noreferrer\" class=\"ab-button ab-button-shape-circular ab-button-size-medium\" style=\"color:#ffffff;background-color:#cf2e2e\">Sol\u00e1rne panely do Sulejmanie<\/a><\/div><\/div>\n<\/div>\n\n\n\n<div class=\"wp-block-column is-layout-flow wp-block-column-is-layout-flow\">\n<div style=\"text-align:center\" class=\"wp-block-atomic-blocks-ab-cta ab-block-cta ab-font-size-14\"><div class=\"ab-cta-image-wrap\"><img decoding=\"async\" class=\"ab-cta-image has-background-dim\" src=\"https:\/\/www.charita.sk\/svet\/wp-content\/uploads\/2020\/12\/kniznica_sulejmania.jpg\" alt=\"\"\/><\/div><div class=\"ab-cta-content\"><h2 class=\"ab-cta-title ab-font-size-24\" style=\"color:#32373c\"><\/h2><div class=\"ab-cta-text ab-font-size-32\" style=\"color:#32373c\"><\/div><\/div><div class=\"ab-cta-button\"><a href=\"https:\/\/www.charita.sk\/svet\/uprava-budovy-kniznice-v-deir-maryama-al-adhra\/\" target=\"_self\" rel=\"noopener noreferrer\" class=\"ab-button ab-button-shape-circular ab-button-size-medium\" style=\"color:#ffffff;background-color:#cf2e2e\">\u00daprava budovy kni\u017enice<\/a><\/div><\/div>\n<\/div>\n<\/div>\n\n\n\n<div class=\"wp-block-columns is-layout-flex wp-container-core-columns-is-layout-9d6595d7 wp-block-columns-is-layout-flex\">\n<div class=\"wp-block-column is-layout-flow wp-block-column-is-layout-flow\">\n<div style=\"text-align:center\" class=\"wp-block-atomic-blocks-ab-cta ab-block-cta ab-font-size-14\"><div class=\"ab-cta-image-wrap\"><img decoding=\"async\" class=\"ab-cta-image has-background-dim\" src=\"https:\/\/www.charita.sk\/svet\/wp-content\/uploads\/2021\/10\/HasanAva_hotovo.jpg\" alt=\"\"\/><\/div><div class=\"ab-cta-content\"><h2 class=\"ab-cta-title ab-font-size-24\" style=\"color:#32373c\"><\/h2><div class=\"ab-cta-text ab-font-size-32\" style=\"color:#32373c\"><\/div><\/div><div class=\"ab-cta-button\"><a href=\"https:\/\/www.charita.sk\/svet\/zabezpecenie-pitnej-vody-pre-obce-sekhka-a-hasan-ava\/\" target=\"_self\" rel=\"noopener noreferrer\" class=\"ab-button ab-button-shape-circular ab-button-size-medium\" style=\"color:#ffffff;background-color:#cf2e2e\">Studne v \u0160ekhke a Hasan Ave<\/a><\/div><\/div>\n<\/div>\n\n\n\n<div class=\"wp-block-column is-layout-flow wp-block-column-is-layout-flow\">\n<div style=\"text-align:center\" class=\"wp-block-atomic-blocks-ab-cta ab-block-cta ab-font-size-14\"><div class=\"ab-cta-image-wrap\"><img decoding=\"async\" class=\"ab-cta-image has-background-dim\" src=\"https:\/\/www.charita.sk\/svet\/wp-content\/uploads\/2021\/04\/sreshka5.jpg\" alt=\"\"\/><\/div><div class=\"ab-cta-content\"><h2 class=\"ab-cta-title ab-font-size-24\" style=\"color:#32373c\"><\/h2><div class=\"ab-cta-text ab-font-size-32\" style=\"color:#32373c\"><\/div><\/div><div class=\"ab-cta-button\"><a href=\"https:\/\/www.charita.sk\/svet\/vystavba-studne-v-obci-sreshka\/\" target=\"_self\" rel=\"noopener noreferrer\" class=\"ab-button ab-button-shape-circular ab-button-size-medium\" style=\"color:#ffffff;background-color:#cf2e2e\">Studne v Sreshke<\/a><\/div><\/div>\n<\/div>\n<\/div>\n\n\n\n<div class=\"wp-block-columns is-layout-flex wp-container-core-columns-is-layout-9d6595d7 wp-block-columns-is-layout-flex\">\n<div class=\"wp-block-column is-layout-flow wp-block-column-is-layout-flow\">\n<div style=\"text-align:center\" class=\"wp-block-atomic-blocks-ab-cta ab-block-cta ab-font-size-14\"><div class=\"ab-cta-image-wrap\"><img decoding=\"async\" class=\"ab-cta-image has-background-dim\" src=\"https:\/\/www.charita.sk\/svet\/wp-content\/uploads\/2021\/07\/217135336_547925413305086_4554726846612101058_n.jpg\" alt=\"\"\/><\/div><div class=\"ab-cta-content\"><h2 class=\"ab-cta-title ab-font-size-24\" style=\"color:#32373c\"><\/h2><div class=\"ab-cta-text ab-font-size-32\" style=\"color:#32373c\"><\/div><\/div><div class=\"ab-cta-button\"><a href=\"https:\/\/www.charita.sk\/svet\/slovenska-katolicka-charita-reaguje-na-poziar-v-tabore-sharya-v-autonomnom-regione-kurdistan\/\" target=\"_self\" rel=\"noopener noreferrer\" class=\"ab-button ab-button-shape-circular ab-button-size-medium\" style=\"color:#ffffff;background-color:#cf2e2e\">Spor\u00e1ky do ute\u010deneck\u00e9ho t\u00e1bora<\/a><\/div><\/div>\n\n\n\n<p><\/p>\n<\/div>\n\n\n\n<div class=\"wp-block-column is-layout-flow wp-block-column-is-layout-flow\">\n<div style=\"text-align:center\" class=\"wp-block-atomic-blocks-ab-cta ab-block-cta\"><div class=\"ab-cta-image-wrap\"><img decoding=\"async\" class=\"ab-cta-image has-background-dim\" src=\"https:\/\/www.charita.sk\/svet\/wp-content\/uploads\/2020\/07\/106385099_578233963065985_507655372054477566_n.jpg\" alt=\"\"\/><\/div><div class=\"ab-cta-content\"><h2 class=\"ab-cta-title ab-font-size-32\" style=\"color:#32373c\"><\/h2><div class=\"ab-cta-text ab-font-size-32\" style=\"color:#32373c\"><\/div><\/div><div class=\"ab-cta-button\"><a href=\"https:\/\/www.charita.sk\/svet\/basika-a-bahzani\/\" target=\"_self\" rel=\"noopener noreferrer\" class=\"ab-button ab-button-shape-circular ab-button-size-medium\" style=\"color:#ffffff;background-color:#cf2e2e\">Studne v B\u00e1\u0161ika a Bahzani<\/a><\/div><\/div>\n<\/div>\n<\/div>\n\n\n\n<div class=\"wp-block-columns is-layout-flex wp-container-core-columns-is-layout-9d6595d7 wp-block-columns-is-layout-flex\">\n<div class=\"wp-block-column is-layout-flow wp-block-column-is-layout-flow\">\n<div style=\"text-align:center\" class=\"wp-block-atomic-blocks-ab-cta ab-block-cta\"><div class=\"ab-cta-image-wrap\"><img decoding=\"async\" class=\"ab-cta-image has-background-dim\" src=\"https:\/\/www.charita.sk\/svet\/wp-content\/uploads\/2020\/05\/111-16.jpg\" alt=\"\"\/><\/div><div class=\"ab-cta-content\"><h2 class=\"ab-cta-title ab-font-size-32\" style=\"color:#32373c\"><\/h2><div class=\"ab-cta-text ab-font-size-32\" style=\"color:#32373c\"><\/div><\/div><div class=\"ab-cta-button\"><a href=\"https:\/\/www.charita.sk\/svet\/vybudovanie-spolocenskej-miestnosti-v-pastoracnom-centre\/\" target=\"_self\" rel=\"noopener noreferrer\" class=\"ab-button ab-button-shape-circular ab-button-size-medium\" style=\"color:#ffffff;background-color:#cf2e2e\">Spolo\u010densk\u00e1 miestnos\u0165<\/a><\/div><\/div>\n<\/div>\n\n\n\n<div class=\"wp-block-column is-layout-flow wp-block-column-is-layout-flow\">\n<div style=\"text-align:center\" class=\"wp-block-atomic-blocks-ab-cta ab-block-cta ab-font-size-14\"><div class=\"ab-cta-image-wrap\"><img decoding=\"async\" class=\"ab-cta-image has-background-dim\" src=\"https:\/\/www.charita.sk\/svet\/wp-content\/uploads\/2019\/05\/9.jpg\" alt=\"\"\/><\/div><div class=\"ab-cta-content\"><h2 class=\"ab-cta-title ab-font-size-24\" style=\"color:#32373c\"><\/h2><div class=\"ab-cta-text ab-font-size-32\" style=\"color:#32373c\"><\/div><\/div><div class=\"ab-cta-button\"><a href=\"https:\/\/www.charita.sk\/svet\/zabezpecenie-pitnej-vody-v-obci-bozan\/\" target=\"_self\" rel=\"noopener noreferrer\" class=\"ab-button ab-button-shape-circular ab-button-size-medium\" style=\"color:#ffffff;background-color:#cf2e2e\">Studne v Bozane<\/a><\/div><\/div>\n<\/div>\n<\/div>\n\n\n\n<div class=\"wp-block-columns is-layout-flex wp-container-core-columns-is-layout-9d6595d7 wp-block-columns-is-layout-flex\">\n<div class=\"wp-block-column is-layout-flow wp-block-column-is-layout-flow\">\n<div style=\"text-align:center\" class=\"wp-block-atomic-blocks-ab-cta ab-block-cta\"><div class=\"ab-cta-image-wrap\"><img decoding=\"async\" class=\"ab-cta-image has-background-dim\" src=\"https:\/\/www.charita.sk\/svet\/wp-content\/uploads\/2019\/05\/32.jpg\" alt=\"\"\/><\/div><div class=\"ab-cta-content\"><h2 class=\"ab-cta-title ab-font-size-32\" style=\"color:#32373c\"><\/h2><div class=\"ab-cta-text ab-font-size-32\" style=\"color:#32373c\"><\/div><\/div><div class=\"ab-cta-button\"><a href=\"https:\/\/www.charita.sk\/svet\/zabezpecenie-pitnej-vody-v-obci-fejs-kabur\/\" target=\"_self\" rel=\"noopener noreferrer\" class=\"ab-button ab-button-shape-circular ab-button-size-medium\" style=\"color:#ffffff;background-color:#cf2e2e\">Pitn\u00e1 voda pre Fej\u0161 Kabur<\/a><\/div><\/div>\n<\/div>\n\n\n\n<div class=\"wp-block-column is-layout-flow wp-block-column-is-layout-flow\">\n<div style=\"text-align:center\" class=\"wp-block-atomic-blocks-ab-cta ab-block-cta\"><div class=\"ab-cta-image-wrap\"><img decoding=\"async\" class=\"ab-cta-image has-background-dim\" src=\"https:\/\/www.charita.sk\/svet\/wp-content\/uploads\/2019\/05\/DSC_0630.jpg\" alt=\"\"\/><\/div><div class=\"ab-cta-content\"><h2 class=\"ab-cta-title ab-font-size-24\" style=\"color:#32373c\"><\/h2><div class=\"ab-cta-text ab-font-size-32\" style=\"color:#32373c\"><\/div><\/div><div class=\"ab-cta-button\"><a href=\"https:\/\/www.charita.sk\/svet\/pastoracne-centrum-jasle-skolka\/\" target=\"_self\" rel=\"noopener noreferrer\" class=\"ab-button ab-button-shape-circular ab-button-size-medium\" style=\"color:#ffffff;background-color:#cf2e2e\"> Pastora\u010dn\u00e9 centrum, \u0161k\u00f4lka, jasle<\/a><\/div><\/div>\n<\/div>\n<\/div>\n\n\n\n<div class=\"wp-block-columns is-layout-flex wp-container-core-columns-is-layout-9d6595d7 wp-block-columns-is-layout-flex\">\n<div class=\"wp-block-column is-layout-flow wp-block-column-is-layout-flow\">\n<div style=\"text-align:center\" class=\"wp-block-atomic-blocks-ab-cta ab-block-cta\"><div class=\"ab-cta-image-wrap\"><img decoding=\"async\" class=\"ab-cta-image has-background-dim\" src=\"https:\/\/www.charita.sk\/svet\/wp-content\/uploads\/2018\/04\/121.jpg\" alt=\"\"\/><\/div><div class=\"ab-cta-content\"><h2 class=\"ab-cta-title ab-font-size-24\" style=\"color:#32373c\"><\/h2><div class=\"ab-cta-text ab-font-size-32\" style=\"color:#32373c\"><\/div><\/div><div class=\"ab-cta-button\"><a href=\"https:\/\/www.charita.sk\/svet\/podpora-univerzitnych-studentov-kirkuk\/\" target=\"_self\" rel=\"noopener noreferrer\" class=\"ab-button ab-button-shape-circular ab-button-size-medium\" style=\"color:#ffffff;background-color:#cf2e2e\"> Podpora univerzitn\u00fdch \u0161tudentov<\/a><\/div><\/div>\n<\/div>\n\n\n\n<div class=\"wp-block-column is-layout-flow wp-block-column-is-layout-flow\">\n<div style=\"text-align:center\" class=\"wp-block-atomic-blocks-ab-cta ab-block-cta\"><div class=\"ab-cta-image-wrap\"><img decoding=\"async\" class=\"ab-cta-image has-background-dim\" src=\"https:\/\/www.charita.sk\/svet\/wp-content\/uploads\/2018\/04\/01-1.jpg\" alt=\"\"\/><\/div><div class=\"ab-cta-content\"><h2 class=\"ab-cta-title ab-font-size-32\" style=\"color:#32373c\"><\/h2><div class=\"ab-cta-text ab-font-size-32\" style=\"color:#32373c\"><\/div><\/div><div class=\"ab-cta-button\"><a href=\"https:\/\/www.charita.sk\/svet\/studne-serfadin\/\" target=\"_self\" rel=\"noopener noreferrer\" class=\"ab-button ab-button-shape-circular ab-button-size-medium\" style=\"color:#ffffff;background-color:#cf2e2e\"> Obnova studn\u00ed \u0160erfadin<\/a><\/div><\/div>\n<\/div>\n<\/div>\n\n\n\n<div class=\"wp-block-columns is-layout-flex wp-container-core-columns-is-layout-9d6595d7 wp-block-columns-is-layout-flex\">\n<div class=\"wp-block-column is-layout-flow wp-block-column-is-layout-flow\">\n<div style=\"text-align:center\" class=\"wp-block-atomic-blocks-ab-cta ab-block-cta\"><div class=\"ab-cta-image-wrap\"><img decoding=\"async\" class=\"ab-cta-image has-background-dim\" src=\"https:\/\/www.charita.sk\/svet\/wp-content\/uploads\/2018\/10\/39287855_283419049135591_1803058555402584064_n1.jpg\" alt=\"\"\/><\/div><div class=\"ab-cta-content\"><h2 class=\"ab-cta-title ab-font-size-32\" style=\"color:#32373c\"><\/h2><div class=\"ab-cta-text ab-font-size-32\" style=\"color:#32373c\"><\/div><\/div><div class=\"ab-cta-button\"><a href=\"https:\/\/www.charita.sk\/svet\/vybudovanie-studne-na-pitnu-vodu-v-meste-sindzar\/\" target=\"_self\" rel=\"noopener noreferrer\" class=\"ab-button ab-button-shape-circular ab-button-size-medium\" style=\"color:#ffffff;background-color:#cf2e2e\"> Pitn\u00e1 voda pre Sind\u017e\u00e1r<\/a><\/div><\/div>\n<\/div>\n\n\n\n<div class=\"wp-block-column is-layout-flow wp-block-column-is-layout-flow\">\n<div style=\"text-align:center\" class=\"wp-block-atomic-blocks-ab-cta ab-block-cta\"><div class=\"ab-cta-image-wrap\"><img decoding=\"async\" class=\"ab-cta-image has-background-dim\" src=\"https:\/\/www.charita.sk\/svet\/wp-content\/uploads\/2018\/10\/39248850_1776047215781943_7839694059831558144_n.jpg\" alt=\"\"\/><\/div><div class=\"ab-cta-content\"><h2 class=\"ab-cta-title ab-font-size-32\" style=\"color:#32373c\"><\/h2><div class=\"ab-cta-text ab-font-size-32\" style=\"color:#32373c\"><\/div><\/div><div class=\"ab-cta-button\"><a href=\"https:\/\/www.charita.sk\/svet\/zabezpecenie-elektrickej-energie-a-teplej-vody-pre-klastor-maryam-al-adhra\/\" target=\"_self\" rel=\"noopener noreferrer\" class=\"ab-button ab-button-shape-circular ab-button-size-medium\" style=\"color:#ffffff;background-color:#cf2e2e\">El. energia a tepl\u00e1 voda pre kl\u00e1\u0161tor<\/a><\/div><\/div>\n<\/div>\n<\/div>\n\n\n\n<div class=\"wp-block-columns is-layout-flex wp-container-core-columns-is-layout-9d6595d7 wp-block-columns-is-layout-flex\">\n<div class=\"wp-block-column is-layout-flow wp-block-column-is-layout-flow\">\n<div style=\"text-align:center\" class=\"wp-block-atomic-blocks-ab-cta ab-block-cta ab-font-size-14\"><div class=\"ab-cta-image-wrap\"><img decoding=\"async\" class=\"ab-cta-image has-background-dim\" src=\"https:\/\/www.charita.sk\/svet\/wp-content\/uploads\/2018\/04\/04.jpg\" alt=\"\"\/><\/div><div class=\"ab-cta-content\"><h2 class=\"ab-cta-title ab-font-size-24\" style=\"color:#32373c\"><\/h2><div class=\"ab-cta-text ab-font-size-32\" style=\"color:#32373c\"><\/div><\/div><div class=\"ab-cta-button\"><a href=\"https:\/\/www.charita.sk\/svet\/vystavba-exercicneho-domu\/\" target=\"_self\" rel=\"noopener noreferrer\" class=\"ab-button ab-button-shape-circular ab-button-size-medium\" style=\"color:#ffffff;background-color:#cf2e2e\">Exerci\u010dn\u00fd dom<\/a><\/div><\/div>\n<\/div>\n\n\n\n<div class=\"wp-block-column is-layout-flow wp-block-column-is-layout-flow\">\n<div style=\"text-align:center\" class=\"wp-block-atomic-blocks-ab-cta ab-block-cta\"><div class=\"ab-cta-image-wrap\"><img decoding=\"async\" class=\"ab-cta-image has-background-dim\" src=\"https:\/\/www.charita.sk\/svet\/wp-content\/uploads\/2018\/03\/IMG_7399.jpg\" alt=\"\"\/><\/div><div class=\"ab-cta-content\"><h2 class=\"ab-cta-title ab-font-size-32\" style=\"color:#32373c\"><\/h2><div class=\"ab-cta-text ab-font-size-32\" style=\"color:#32373c\"><\/div><\/div><div class=\"ab-cta-button\"><a href=\"https:\/\/www.charita.sk\/svet\/centrum-pre-psychologicku-pomoc\/\" target=\"_self\" rel=\"noopener noreferrer\" class=\"ab-button ab-button-shape-circular ab-button-size-medium\" style=\"color:#ffffff;background-color:#cf2e2e\">Centrum pre psychologick\u00fa pomoc<\/a><\/div><\/div>\n<\/div>\n<\/div>\n\n\n\n<div class=\"wp-block-columns is-layout-flex wp-container-core-columns-is-layout-9d6595d7 wp-block-columns-is-layout-flex\">\n<div class=\"wp-block-column is-layout-flow wp-block-column-is-layout-flow\">\n<div style=\"text-align:center\" class=\"wp-block-atomic-blocks-ab-cta ab-block-cta\"><div class=\"ab-cta-image-wrap\"><img decoding=\"async\" class=\"ab-cta-image has-background-dim\" src=\"https:\/\/www.charita.sk\/svet\/wp-content\/uploads\/2018\/04\/Deir-Mar-Musa_02.jpg\" alt=\"\"\/><\/div><div class=\"ab-cta-content\"><h2 class=\"ab-cta-title ab-font-size-32\" style=\"color:#32373c\"><\/h2><div class=\"ab-cta-text ab-font-size-32\" style=\"color:#32373c\"><\/div><\/div><div class=\"ab-cta-button\"><a href=\"https:\/\/www.charita.sk\/svet\/zakupenie-generatora-klastor-panny-marie\/\" target=\"_self\" rel=\"noopener noreferrer\" class=\"ab-button ab-button-shape-circular ab-button-size-medium\" style=\"color:#ffffff;background-color:#cf2e2e\">Gener\u00e1tor elektrickej energie<\/a><\/div><\/div>\n<\/div>\n\n\n\n<div class=\"wp-block-column is-layout-flow wp-block-column-is-layout-flow\">\n<div style=\"text-align:center\" class=\"wp-block-atomic-blocks-ab-cta ab-block-cta\"><div class=\"ab-cta-image-wrap\"><img decoding=\"async\" class=\"ab-cta-image has-background-dim\" src=\"https:\/\/www.charita.sk\/svet\/wp-content\/uploads\/2021\/03\/IMG_9636.jpg\" alt=\"\"\/><\/div><div class=\"ab-cta-content\"><h2 class=\"ab-cta-title ab-font-size-32\" style=\"color:#32373c\"><\/h2><div class=\"ab-cta-text ab-font-size-32\" style=\"color:#32373c\"><\/div><\/div><div class=\"ab-cta-button\"><a href=\"https:\/\/www.charita.sk\/svet\/zachrana-a-podpora-zien-unesenych-do-otroctva-tzv-islamskym-statom\/\" target=\"_self\" rel=\"noopener noreferrer\" class=\"ab-button ab-button-shape-circular ab-button-size-medium\" style=\"color:#ffffff;background-color:#cf2e2e\">Z\u00e1chrana \u017eien unesen\u00fdch ISIS<\/a><\/div><\/div>\n<\/div>\n<\/div>\n","protected":false},"excerpt":{"rendered":"<p>S na\u0161imi lok\u00e1lnymi partnermi pracujeme na pomoci miestnym kres\u0165anom, jez\u00eddom a \u010fal\u0161\u00edm [&hellip;]<\/p>\n","protected":false},"author":2,"featured_media":0,"parent":0,"menu_order":0,"comment_status":"closed","ping_status":"closed","template":"","meta":{"footnotes":""},"class_list":["post-601","page","type-page","status-publish","hentry"],"yoast_head":"<!-- This site is optimized with the Yoast SEO plugin v25.4 - https:\/\/yoast.com\/wordpress\/plugins\/seo\/ -->\n<title>Irak | Charita vo svete<\/title>\n<meta name=\"description\" content=\"Pomoc kres\u0165anom v Iraku., jez\u00eddom a moslimom . Staviame studne, opravujeme budovy a podporujeme kres\u0165ansk\u00e9 komunity.\" \/>\n<meta name=\"robots\" content=\"index, follow, max-snippet:-1, max-image-preview:large, max-video-preview:-1\" \/>\n<link rel=\"canonical\" href=\"https:\/\/www.charita.sk\/svet\/irak\/\" \/>\n<meta property=\"og:locale\" content=\"sk_SK\" \/>\n<meta property=\"og:type\" content=\"article\" \/>\n<meta property=\"og:title\" content=\"Irak | Charita vo svete\" \/>\n<meta property=\"og:description\" content=\"Pomoc kres\u0165anom v Iraku., jez\u00eddom a moslimom . Staviame studne, opravujeme budovy a podporujeme kres\u0165ansk\u00e9 komunity.\" \/>\n<meta property=\"og:url\" content=\"https:\/\/www.charita.sk\/svet\/irak\/\" \/>\n<meta property=\"og:site_name\" content=\"Charita vo svete\" \/>\n<meta property=\"article:publisher\" content=\"https:\/\/www.facebook.com\/CaritasSlovakia\/\" \/>\n<meta property=\"article:modified_time\" content=\"2026-03-02T16:29:56+00:00\" \/>\n<meta property=\"og:image\" content=\"https:\/\/www.charita.sk\/svet\/wp-content\/uploads\/2022\/02\/iraq.png\" \/>\n\t<meta property=\"og:image:width\" content=\"512\" \/>\n\t<meta property=\"og:image:height\" content=\"512\" \/>\n\t<meta property=\"og:image:type\" content=\"image\/png\" \/>\n<meta name=\"twitter:card\" content=\"summary_large_image\" \/>\n<meta name=\"twitter:label1\" content=\"Predpokladan\u00fd \u010das \u010d\u00edtania\" \/>\n\t<meta name=\"twitter:data1\" content=\"8 min\u00fat\" \/>\n<script type=\"application\/ld+json\" class=\"yoast-schema-graph\">{\"@context\":\"https:\/\/schema.org\",\"@graph\":[{\"@type\":\"WebPage\",\"@id\":\"https:\/\/www.charita.sk\/svet\/irak\/\",\"url\":\"https:\/\/www.charita.sk\/svet\/irak\/\",\"name\":\"Irak | Charita vo svete\",\"isPartOf\":{\"@id\":\"https:\/\/www.charita.sk\/svet\/#website\"},\"primaryImageOfPage\":{\"@id\":\"https:\/\/www.charita.sk\/svet\/irak\/#primaryimage\"},\"image\":{\"@id\":\"https:\/\/www.charita.sk\/svet\/irak\/#primaryimage\"},\"thumbnailUrl\":\"https:\/\/www.charita.sk\/svet\/wp-content\/uploads\/2022\/02\/iraq-150x150.png\",\"datePublished\":\"2019-06-17T12:37:29+00:00\",\"dateModified\":\"2026-03-02T16:29:56+00:00\",\"description\":\"Pomoc kres\u0165anom v Iraku., jez\u00eddom a moslimom . Staviame studne, opravujeme budovy a podporujeme kres\u0165ansk\u00e9 komunity.\",\"breadcrumb\":{\"@id\":\"https:\/\/www.charita.sk\/svet\/irak\/#breadcrumb\"},\"inLanguage\":\"sk-SK\",\"potentialAction\":[{\"@type\":\"ReadAction\",\"target\":[\"https:\/\/www.charita.sk\/svet\/irak\/\"]}]},{\"@type\":\"ImageObject\",\"inLanguage\":\"sk-SK\",\"@id\":\"https:\/\/www.charita.sk\/svet\/irak\/#primaryimage\",\"url\":\"https:\/\/www.charita.sk\/svet\/wp-content\/uploads\/2022\/02\/iraq.png\",\"contentUrl\":\"https:\/\/www.charita.sk\/svet\/wp-content\/uploads\/2022\/02\/iraq.png\",\"width\":512,\"height\":512},{\"@type\":\"BreadcrumbList\",\"@id\":\"https:\/\/www.charita.sk\/svet\/irak\/#breadcrumb\",\"itemListElement\":[{\"@type\":\"ListItem\",\"position\":1,\"name\":\"Domovsk\u00e1 str\u00e1nka\",\"item\":\"https:\/\/www.charita.sk\/svet\/\"},{\"@type\":\"ListItem\",\"position\":2,\"name\":\"Irak\"}]},{\"@type\":\"WebSite\",\"@id\":\"https:\/\/www.charita.sk\/svet\/#website\",\"url\":\"https:\/\/www.charita.sk\/svet\/\",\"name\":\"Charita vo svete\",\"description\":\"Slovensk\u00e1 katol\u00edcka charita pom\u00e1ha \u013eu\u010fom v n\u00fadzi vo svete\",\"publisher\":{\"@id\":\"https:\/\/www.charita.sk\/svet\/#organization\"},\"potentialAction\":[{\"@type\":\"SearchAction\",\"target\":{\"@type\":\"EntryPoint\",\"urlTemplate\":\"https:\/\/www.charita.sk\/svet\/?s={search_term_string}\"},\"query-input\":{\"@type\":\"PropertyValueSpecification\",\"valueRequired\":true,\"valueName\":\"search_term_string\"}}],\"inLanguage\":\"sk-SK\"},{\"@type\":\"Organization\",\"@id\":\"https:\/\/www.charita.sk\/svet\/#organization\",\"name\":\"Slovensk\u00e1 katol\u00edcka charita\",\"url\":\"https:\/\/www.charita.sk\/svet\/\",\"logo\":{\"@type\":\"ImageObject\",\"inLanguage\":\"sk-SK\",\"@id\":\"https:\/\/www.charita.sk\/svet\/#\/schema\/logo\/image\/\",\"url\":\"https:\/\/www.charita.sk\/pomoc-utecencom\/wp-content\/uploads\/2020\/11\/logo_pomoc_utecencom.jpg\",\"contentUrl\":\"https:\/\/www.charita.sk\/pomoc-utecencom\/wp-content\/uploads\/2020\/11\/logo_pomoc_utecencom.jpg\",\"width\":1712,\"height\":480,\"caption\":\"Slovensk\u00e1 katol\u00edcka charita\"},\"image\":{\"@id\":\"https:\/\/www.charita.sk\/svet\/#\/schema\/logo\/image\/\"},\"sameAs\":[\"https:\/\/www.facebook.com\/CaritasSlovakia\/\",\"https:\/\/www.instagram.com\/caritas_slovakia\/\",\"https:\/\/www.linkedin.com\/company\/caritas-slovakia-skch-\",\"https:\/\/www.youtube.com\/user\/katolickacharita\"]}]}<\/script>\n<!-- \/ Yoast SEO plugin. -->","yoast_head_json":{"title":"Irak | Charita vo svete","description":"Pomoc kres\u0165anom v Iraku., jez\u00eddom a moslimom . Staviame studne, opravujeme budovy a podporujeme kres\u0165ansk\u00e9 komunity.","robots":{"index":"index","follow":"follow","max-snippet":"max-snippet:-1","max-image-preview":"max-image-preview:large","max-video-preview":"max-video-preview:-1"},"canonical":"https:\/\/www.charita.sk\/svet\/irak\/","og_locale":"sk_SK","og_type":"article","og_title":"Irak | Charita vo svete","og_description":"Pomoc kres\u0165anom v Iraku., jez\u00eddom a moslimom . Staviame studne, opravujeme budovy a podporujeme kres\u0165ansk\u00e9 komunity.","og_url":"https:\/\/www.charita.sk\/svet\/irak\/","og_site_name":"Charita vo svete","article_publisher":"https:\/\/www.facebook.com\/CaritasSlovakia\/","article_modified_time":"2026-03-02T16:29:56+00:00","og_image":[{"width":512,"height":512,"url":"https:\/\/www.charita.sk\/svet\/wp-content\/uploads\/2022\/02\/iraq.png","type":"image\/png"}],"twitter_card":"summary_large_image","twitter_misc":{"Predpokladan\u00fd \u010das \u010d\u00edtania":"8 min\u00fat"},"schema":{"@context":"https:\/\/schema.org","@graph":[{"@type":"WebPage","@id":"https:\/\/www.charita.sk\/svet\/irak\/","url":"https:\/\/www.charita.sk\/svet\/irak\/","name":"Irak | Charita vo svete","isPartOf":{"@id":"https:\/\/www.charita.sk\/svet\/#website"},"primaryImageOfPage":{"@id":"https:\/\/www.charita.sk\/svet\/irak\/#primaryimage"},"image":{"@id":"https:\/\/www.charita.sk\/svet\/irak\/#primaryimage"},"thumbnailUrl":"https:\/\/www.charita.sk\/svet\/wp-content\/uploads\/2022\/02\/iraq-150x150.png","datePublished":"2019-06-17T12:37:29+00:00","dateModified":"2026-03-02T16:29:56+00:00","description":"Pomoc kres\u0165anom v Iraku., jez\u00eddom a moslimom . Staviame studne, opravujeme budovy a podporujeme kres\u0165ansk\u00e9 komunity.","breadcrumb":{"@id":"https:\/\/www.charita.sk\/svet\/irak\/#breadcrumb"},"inLanguage":"sk-SK","potentialAction":[{"@type":"ReadAction","target":["https:\/\/www.charita.sk\/svet\/irak\/"]}]},{"@type":"ImageObject","inLanguage":"sk-SK","@id":"https:\/\/www.charita.sk\/svet\/irak\/#primaryimage","url":"https:\/\/www.charita.sk\/svet\/wp-content\/uploads\/2022\/02\/iraq.png","contentUrl":"https:\/\/www.charita.sk\/svet\/wp-content\/uploads\/2022\/02\/iraq.png","width":512,"height":512},{"@type":"BreadcrumbList","@id":"https:\/\/www.charita.sk\/svet\/irak\/#breadcrumb","itemListElement":[{"@type":"ListItem","position":1,"name":"Domovsk\u00e1 str\u00e1nka","item":"https:\/\/www.charita.sk\/svet\/"},{"@type":"ListItem","position":2,"name":"Irak"}]},{"@type":"WebSite","@id":"https:\/\/www.charita.sk\/svet\/#website","url":"https:\/\/www.charita.sk\/svet\/","name":"Charita vo svete","description":"Slovensk\u00e1 katol\u00edcka charita pom\u00e1ha \u013eu\u010fom v n\u00fadzi vo svete","publisher":{"@id":"https:\/\/www.charita.sk\/svet\/#organization"},"potentialAction":[{"@type":"SearchAction","target":{"@type":"EntryPoint","urlTemplate":"https:\/\/www.charita.sk\/svet\/?s={search_term_string}"},"query-input":{"@type":"PropertyValueSpecification","valueRequired":true,"valueName":"search_term_string"}}],"inLanguage":"sk-SK"},{"@type":"Organization","@id":"https:\/\/www.charita.sk\/svet\/#organization","name":"Slovensk\u00e1 katol\u00edcka charita","url":"https:\/\/www.charita.sk\/svet\/","logo":{"@type":"ImageObject","inLanguage":"sk-SK","@id":"https:\/\/www.charita.sk\/svet\/#\/schema\/logo\/image\/","url":"https:\/\/www.charita.sk\/pomoc-utecencom\/wp-content\/uploads\/2020\/11\/logo_pomoc_utecencom.jpg","contentUrl":"https:\/\/www.charita.sk\/pomoc-utecencom\/wp-content\/uploads\/2020\/11\/logo_pomoc_utecencom.jpg","width":1712,"height":480,"caption":"Slovensk\u00e1 katol\u00edcka charita"},"image":{"@id":"https:\/\/www.charita.sk\/svet\/#\/schema\/logo\/image\/"},"sameAs":["https:\/\/www.facebook.com\/CaritasSlovakia\/","https:\/\/www.instagram.com\/caritas_slovakia\/","https:\/\/www.linkedin.com\/company\/caritas-slovakia-skch-","https:\/\/www.youtube.com\/user\/katolickacharita"]}]}},"featured_image_src":null,"featured_image_src_square":null,"_links":{"self":[{"href":"https:\/\/www.charita.sk\/svet\/wp-json\/wp\/v2\/pages\/601","targetHints":{"allow":["GET"]}}],"collection":[{"href":"https:\/\/www.charita.sk\/svet\/wp-json\/wp\/v2\/pages"}],"about":[{"href":"https:\/\/www.charita.sk\/svet\/wp-json\/wp\/v2\/types\/page"}],"author":[{"embeddable":true,"href":"https:\/\/www.charita.sk\/svet\/wp-json\/wp\/v2\/users\/2"}],"replies":[{"embeddable":true,"href":"https:\/\/www.charita.sk\/svet\/wp-json\/wp\/v2\/comments?post=601"}],"version-history":[{"count":122,"href":"https:\/\/www.charita.sk\/svet\/wp-json\/wp\/v2\/pages\/601\/revisions"}],"predecessor-version":[{"id":3398,"href":"https:\/\/www.charita.sk\/svet\/wp-json\/wp\/v2\/pages\/601\/revisions\/3398"}],"wp:attachment":[{"href":"https:\/\/www.charita.sk\/svet\/wp-json\/wp\/v2\/media?parent=601"}],"curies":[{"name":"wp","href":"https:\/\/api.w.org\/{rel}","templated":true}]}}