{"id":609,"date":"2019-06-17T16:14:22","date_gmt":"2019-06-17T14:14:22","guid":{"rendered":"https:\/\/charita.sk\/pomoc-utecencom\/?page_id=609"},"modified":"2026-03-03T11:59:41","modified_gmt":"2026-03-03T10:59:41","slug":"syria","status":"publish","type":"page","link":"https:\/\/www.charita.sk\/svet\/syria\/","title":{"rendered":"S\u00fdria"},"content":{"rendered":"\n<div class=\"wp-block-columns is-layout-flex wp-container-core-columns-is-layout-9d6595d7 wp-block-columns-is-layout-flex\">\n<div class=\"wp-block-column is-vertically-aligned-center is-layout-flow wp-block-column-is-layout-flow\" style=\"flex-basis:33.33%\"><div class=\"wp-block-image\">\n<figure class=\"aligncenter size-thumbnail\"><img decoding=\"async\" width=\"150\" height=\"150\" src=\"https:\/\/www.charita.sk\/svet\/wp-content\/uploads\/2022\/02\/syria-150x150.png\" alt=\"\" class=\"wp-image-1920\" srcset=\"https:\/\/www.charita.sk\/svet\/wp-content\/uploads\/2022\/02\/syria-150x150.png 150w, https:\/\/www.charita.sk\/svet\/wp-content\/uploads\/2022\/02\/syria-300x300.png 300w, https:\/\/www.charita.sk\/svet\/wp-content\/uploads\/2022\/02\/syria.png 512w\" sizes=\"(max-width: 150px) 100vw, 150px\" \/><\/figure><\/div><\/div>\n\n\n\n<div class=\"wp-block-column is-vertically-aligned-top is-layout-flow wp-block-column-is-layout-flow\" style=\"flex-basis:66.66%\">\n<p>Pomoc v S\u00fdrii sme za\u010dali v roku 2017. Odvtedy sa n\u00e1m podarilo dokon\u010di\u0165 18 projektov a \u010fal\u0161ie 7 moment\u00e1lne realizujeme. <strong>Zameriavame sa na podporu kres\u0165ansk\u00fdch komun\u00edt, vzdel\u00e1vanie a zabezpe\u010denie z\u00e1kladn\u00fdch \u017eivotn\u00fdch potrieb pre n\u00fadznych.<\/strong><\/p>\n<\/div>\n<\/div>\n\n\n<p class=\"art-citate\" style=\"text-align: center;\">Prebiehaj\u00face projekty<\/p>\n\n\n<div class=\"wp-block-columns is-layout-flex wp-container-core-columns-is-layout-9d6595d7 wp-block-columns-is-layout-flex\">\n<div class=\"wp-block-column is-layout-flow wp-block-column-is-layout-flow\">\n<figure class=\"wp-block-gallery has-nested-images columns-default is-cropped wp-block-gallery-1 is-layout-flex wp-block-gallery-is-layout-flex\">\n<figure class=\"wp-block-image size-large\"><img fetchpriority=\"high\" decoding=\"async\" width=\"1208\" height=\"805\" data-id=\"3409\" src=\"https:\/\/www.charita.sk\/svet\/wp-content\/uploads\/2026\/03\/children-in-school-1-edited.jpg\" alt=\"\" class=\"wp-image-3409\" srcset=\"https:\/\/www.charita.sk\/svet\/wp-content\/uploads\/2026\/03\/children-in-school-1-edited.jpg 1208w, https:\/\/www.charita.sk\/svet\/wp-content\/uploads\/2026\/03\/children-in-school-1-edited-300x200.jpg 300w, https:\/\/www.charita.sk\/svet\/wp-content\/uploads\/2026\/03\/children-in-school-1-edited-1024x682.jpg 1024w, https:\/\/www.charita.sk\/svet\/wp-content\/uploads\/2026\/03\/children-in-school-1-edited-768x512.jpg 768w, https:\/\/www.charita.sk\/svet\/wp-content\/uploads\/2026\/03\/children-in-school-1-edited-600x400.jpg 600w\" sizes=\"(max-width: 1208px) 100vw, 1208px\" \/><\/figure>\n<\/figure>\n\n\n\n<div class=\"wp-block-atomic-blocks-ab-button ab-block-button\" style=\"text-align: center;\"><a href=\"https:\/\/www.charita.sk\/svet\/navrat-do-skol-vzdelanie-pre-deti-v-syrskom-homse\/\" class=\"btn btn-primary btn-lg\" style=\"color:#ffffff;background-color:#c42f41; width:100%;\" target=\"_blank\" rel=\"noopener noreferrer\">Vzdelanie pre deti v Homse<\/a><\/div>\n<\/div>\n\n\n\n<div class=\"wp-block-column is-layout-flow wp-block-column-is-layout-flow\">\n<figure class=\"wp-block-gallery has-nested-images columns-default is-cropped wp-block-gallery-2 is-layout-flex wp-block-gallery-is-layout-flex\">\n<figure class=\"wp-block-image size-large\"><img decoding=\"async\" width=\"1024\" height=\"680\" data-id=\"3413\" src=\"https:\/\/www.charita.sk\/svet\/wp-content\/uploads\/2026\/03\/hama-school-1024x680.png\" alt=\"\" class=\"wp-image-3413\" srcset=\"https:\/\/www.charita.sk\/svet\/wp-content\/uploads\/2026\/03\/hama-school-1024x680.png 1024w, https:\/\/www.charita.sk\/svet\/wp-content\/uploads\/2026\/03\/hama-school-300x199.png 300w, https:\/\/www.charita.sk\/svet\/wp-content\/uploads\/2026\/03\/hama-school-768x510.png 768w, https:\/\/www.charita.sk\/svet\/wp-content\/uploads\/2026\/03\/hama-school-1536x1020.png 1536w, https:\/\/www.charita.sk\/svet\/wp-content\/uploads\/2026\/03\/hama-school.png 1838w\" sizes=\"(max-width: 1024px) 100vw, 1024px\" \/><\/figure>\n<\/figure>\n\n\n\n<div class=\"wp-block-atomic-blocks-ab-button ab-block-button\" style=\"text-align: center;\"><a href=\"https:\/\/www.charita.sk\/svet\/obnova-skoly-al-ikhlas-bezpecne-vzdelavanie-v-syrskej-hame\/\" class=\"btn btn-primary btn-lg\" style=\"color:#ffffff;background-color:#c42f41; width:100%;\" target=\"_blank\" rel=\"noopener noreferrer\">OBNOVA \u0160KOLY AL-IKHLAS<\/a><\/div>\n<\/div>\n\n\n\n<div class=\"wp-block-column is-layout-flow wp-block-column-is-layout-flow\">\n<figure class=\"wp-block-gallery has-nested-images columns-default is-cropped wp-block-gallery-3 is-layout-flex wp-block-gallery-is-layout-flex\">\n<figure class=\"wp-block-image size-large\"><img loading=\"lazy\" decoding=\"async\" width=\"1080\" height=\"720\" data-id=\"3427\" src=\"https:\/\/www.charita.sk\/svet\/wp-content\/uploads\/2026\/03\/Caritas-Syria-school-edited.jpg\" alt=\"\" class=\"wp-image-3427\" srcset=\"https:\/\/www.charita.sk\/svet\/wp-content\/uploads\/2026\/03\/Caritas-Syria-school-edited.jpg 1080w, https:\/\/www.charita.sk\/svet\/wp-content\/uploads\/2026\/03\/Caritas-Syria-school-edited-300x200.jpg 300w, https:\/\/www.charita.sk\/svet\/wp-content\/uploads\/2026\/03\/Caritas-Syria-school-edited-1024x683.jpg 1024w, https:\/\/www.charita.sk\/svet\/wp-content\/uploads\/2026\/03\/Caritas-Syria-school-edited-768x512.jpg 768w, https:\/\/www.charita.sk\/svet\/wp-content\/uploads\/2026\/03\/Caritas-Syria-school-edited-600x400.jpg 600w\" sizes=\"(max-width: 1080px) 100vw, 1080px\" \/><\/figure>\n<\/figure>\n\n\n\n<div class=\"wp-block-atomic-blocks-ab-button ab-block-button\" style=\"text-align: center;\">\n    <a href=\"https:\/\/www.charita.sk\/svet\/sanca-na-rozvoj-inkluzivne-vzdelavanie-v-skole-al-maahabeh\/\" \n       class=\"btn btn-primary btn-lg\" \n       style=\"color:#ffffff; background-color:#c42f41; width:100%; white-space: normal; height: auto; line-height: 1.2; padding: 10px 5px;\" \n       target=\"_blank\" rel=\"noopener noreferrer\">\n       INKLUZ\u00cdVNE VZDEL\u00c1VANIE V \u0160KOLE AL MAAHABEH\n    <\/a>\n<\/div>\n<\/div>\n<\/div>\n\n\n\n<div class=\"wp-block-columns is-layout-flex wp-container-core-columns-is-layout-9d6595d7 wp-block-columns-is-layout-flex\">\n<div class=\"wp-block-column is-layout-flow wp-block-column-is-layout-flow\">\n<figure class=\"wp-block-gallery has-nested-images columns-default is-cropped wp-block-gallery-4 is-layout-flex wp-block-gallery-is-layout-flex\">\n<figure class=\"wp-block-image size-full\"><img loading=\"lazy\" decoding=\"async\" width=\"900\" height=\"600\" data-id=\"3437\" src=\"https:\/\/www.charita.sk\/svet\/wp-content\/uploads\/2026\/03\/Podpora-pre-rodinne-centrum-Al-Qamishli-edited.jpg\" alt=\"\" class=\"wp-image-3437\" srcset=\"https:\/\/www.charita.sk\/svet\/wp-content\/uploads\/2026\/03\/Podpora-pre-rodinne-centrum-Al-Qamishli-edited.jpg 900w, https:\/\/www.charita.sk\/svet\/wp-content\/uploads\/2026\/03\/Podpora-pre-rodinne-centrum-Al-Qamishli-edited-300x200.jpg 300w, https:\/\/www.charita.sk\/svet\/wp-content\/uploads\/2026\/03\/Podpora-pre-rodinne-centrum-Al-Qamishli-edited-768x512.jpg 768w, https:\/\/www.charita.sk\/svet\/wp-content\/uploads\/2026\/03\/Podpora-pre-rodinne-centrum-Al-Qamishli-edited-600x400.jpg 600w\" sizes=\"(max-width: 900px) 100vw, 900px\" \/><\/figure>\n<\/figure>\n\n\n\n<div class=\"wp-block-atomic-blocks-ab-button ab-block-button\" style=\"text-align: center;\"><a href=\"https:\/\/www.charita.sk\/svet\/rodinne-centrum-v-syrii-miesto-uzdravenia-a-novej-nadeje\/\" class=\"btn btn-primary btn-lg\" style=\"color:#ffffff;background-color:#c42f41; width:100%;\" target=\"_blank\" rel=\"noopener noreferrer\">Podpora pre rodinn\u00e9 centrum<\/a><\/div>\n\n\n\n<div class=\"wp-block-columns is-layout-flex wp-container-core-columns-is-layout-9d6595d7 wp-block-columns-is-layout-flex\">\n<div class=\"wp-block-column is-layout-flow wp-block-column-is-layout-flow\"><\/div>\n<\/div>\n<\/div>\n\n\n\n<div class=\"wp-block-column is-layout-flow wp-block-column-is-layout-flow\">\n<figure class=\"wp-block-gallery has-nested-images columns-default is-cropped wp-block-gallery-5 is-layout-flex wp-block-gallery-is-layout-flex\">\n<figure class=\"wp-block-image size-full\"><img loading=\"lazy\" decoding=\"async\" width=\"1440\" height=\"960\" data-id=\"3445\" src=\"https:\/\/www.charita.sk\/svet\/wp-content\/uploads\/2026\/03\/shible-kindergarten-edited.jpg\" alt=\"\" class=\"wp-image-3445\" srcset=\"https:\/\/www.charita.sk\/svet\/wp-content\/uploads\/2026\/03\/shible-kindergarten-edited.jpg 1440w, https:\/\/www.charita.sk\/svet\/wp-content\/uploads\/2026\/03\/shible-kindergarten-edited-300x200.jpg 300w, https:\/\/www.charita.sk\/svet\/wp-content\/uploads\/2026\/03\/shible-kindergarten-edited-1024x683.jpg 1024w, https:\/\/www.charita.sk\/svet\/wp-content\/uploads\/2026\/03\/shible-kindergarten-edited-768x512.jpg 768w, https:\/\/www.charita.sk\/svet\/wp-content\/uploads\/2026\/03\/shible-kindergarten-edited-600x400.jpg 600w\" sizes=\"(max-width: 1440px) 100vw, 1440px\" \/><\/figure>\n<\/figure>\n\n\n\n<div class=\"wp-block-atomic-blocks-ab-button ab-block-button\" style=\"text-align: center;\">\n<a href=\"https:\/\/www.charita.sk\/svet\/podpora-pre-matersku-skolu-shible-2\/\" \nclass=\"btn btn-primary btn-lg\" \nstyle=\"color:#ffffff; background-color:#c42f41; width:100%; white-space: normal; line-height: 1.2; padding: 10px 5px; display: flex; align-items: center; justify-content: center; min-height: 67px;\" \ntarget=\"_blank\" rel=\"noopener noreferrer\">\nPODPORA PRE MATERSK\u00da \u0160KOLU SHIBLE\n<\/a>\n<\/div>\n<\/div>\n\n\n\n<div class=\"wp-block-column is-layout-flow wp-block-column-is-layout-flow\">\n<figure class=\"wp-block-gallery has-nested-images columns-default is-cropped wp-block-gallery-6 is-layout-flex wp-block-gallery-is-layout-flex\">\n<figure class=\"wp-block-image size-full\"><img loading=\"lazy\" decoding=\"async\" width=\"1024\" height=\"683\" data-id=\"3436\" src=\"https:\/\/www.charita.sk\/svet\/wp-content\/uploads\/2026\/03\/materske-skoly-Zalge.jpg\" alt=\"\" class=\"wp-image-3436\" srcset=\"https:\/\/www.charita.sk\/svet\/wp-content\/uploads\/2026\/03\/materske-skoly-Zalge.jpg 1024w, https:\/\/www.charita.sk\/svet\/wp-content\/uploads\/2026\/03\/materske-skoly-Zalge-300x200.jpg 300w, https:\/\/www.charita.sk\/svet\/wp-content\/uploads\/2026\/03\/materske-skoly-Zalge-768x512.jpg 768w, https:\/\/www.charita.sk\/svet\/wp-content\/uploads\/2026\/03\/materske-skoly-Zalge-600x400.jpg 600w\" sizes=\"(max-width: 1024px) 100vw, 1024px\" \/><\/figure>\n<\/figure>\n\n\n\n<div class=\"wp-block-atomic-blocks-ab-button ab-block-button\" style=\"text-align: center;\"><a href=\"https:\/\/www.charita.sk\/svet\/materske-skoly-zalge-bezpecie-a-vzdelanie-pre-deti-v-syrii\/\" class=\"btn btn-primary btn-lg\" style=\"color:#ffffff;background-color:#c42f41; width:100%;\" target=\"_blank\" rel=\"noopener noreferrer\">MATERSK\u00c9 \u0160KOLY ZALGE<\/a><\/div>\n<\/div>\n<\/div>\n\n\n\n<div class=\"wp-block-columns is-layout-flex wp-container-core-columns-is-layout-9d6595d7 wp-block-columns-is-layout-flex\">\n<div class=\"wp-block-column is-layout-flow wp-block-column-is-layout-flow\">\n<figure class=\"wp-block-gallery has-nested-images columns-default is-cropped wp-block-gallery-7 is-layout-flex wp-block-gallery-is-layout-flex\">\n<figure class=\"wp-block-image size-full\"><img loading=\"lazy\" decoding=\"async\" width=\"1365\" height=\"768\" data-id=\"3455\" src=\"https:\/\/www.charita.sk\/svet\/wp-content\/uploads\/2026\/03\/skoliace-stredisko-pre-zeny-edited-1.jpg\" alt=\"\" class=\"wp-image-3455\" srcset=\"https:\/\/www.charita.sk\/svet\/wp-content\/uploads\/2026\/03\/skoliace-stredisko-pre-zeny-edited-1.jpg 1365w, https:\/\/www.charita.sk\/svet\/wp-content\/uploads\/2026\/03\/skoliace-stredisko-pre-zeny-edited-1-300x169.jpg 300w, https:\/\/www.charita.sk\/svet\/wp-content\/uploads\/2026\/03\/skoliace-stredisko-pre-zeny-edited-1-1024x576.jpg 1024w, https:\/\/www.charita.sk\/svet\/wp-content\/uploads\/2026\/03\/skoliace-stredisko-pre-zeny-edited-1-768x432.jpg 768w\" sizes=\"(max-width: 1365px) 100vw, 1365px\" \/><\/figure>\n<\/figure>\n\n\n\n<div class=\"wp-block-atomic-blocks-ab-button ab-block-button\" style=\"text-align: center;\"><a href=\"https:\/\/www.charita.sk\/svet\/skoliace-stredisko-pre-zeny-v-syrii-cesta-k-nezavislosti-a-dostojnosti\/\" \nclass=\"btn btn-primary btn-lg\"\nstyle=\"color:#ffffff;background-color:#c42f41; width:100%;\" target=\"_blank\" rel=\"noopener noreferrer\">Podpora pre \u0161koliace stredisko pre \u017eeny<\/a><\/div>\n<\/div>\n<\/div>\n\n\n<p class=\"art-citate\" style=\"text-align: center;\">Ako m\u00f4\u017eete pom\u00f4c\u0165<\/p>\n\n\n<p class=\"has-text-align-center\">Pomoc v S\u00fdri\u00ed je financovan\u00e1 z <a href=\"https:\/\/charita.darujme.sk\/svet\/\">individu\u00e1lnych darov<\/a>, verejnej zbierky \u010clovek v n\u00fadzi a zo Zbierky na pomoc prenasledovan\u00fdm kres\u0165anom a ute\u010dencom, ktor\u00fa ka\u017ed\u00e9 dva roky vyhlasuje Konferencia biskupov Slovenska\u2764\ufe0f.<\/p>\n\n\n\n<div class=\"wp-block-buttons is-content-justification-center is-layout-flex wp-container-core-buttons-is-layout-16018d1d wp-block-buttons-is-layout-flex\">\n<div class=\"wp-block-button is-style-outline is-style-outline--8\"><a class=\"wp-block-button__link has-white-color has-text-color has-background wp-element-button\" href=\"https:\/\/charita.darujme.sk\/svet\/\" style=\"background-color:#d9cb9e\">Chcem pom\u00f4c\u0165<\/a><\/div>\n<\/div>\n\n\n<p class=\"art-citate\" style=\"text-align: center;\">Zrealizovan\u00e9 projekty<\/p>\n\n\n<div class=\"wp-block-columns is-layout-flex wp-container-core-columns-is-layout-9d6595d7 wp-block-columns-is-layout-flex\">\n<div class=\"wp-block-column is-layout-flow wp-block-column-is-layout-flow\"><\/div>\n<\/div>\n\n\n\n<div style=\"text-align:center\" class=\"wp-block-atomic-blocks-ab-cta ab-block-cta\"><div class=\"ab-cta-image-wrap\"><img decoding=\"async\" class=\"ab-cta-image has-background-dim\" src=\"https:\/\/www.charita.sk\/svet\/wp-content\/uploads\/2020\/12\/Shible_web.jpg\" alt=\"\"\/><\/div><div class=\"ab-cta-content\"><h2 class=\"ab-cta-title ab-font-size-32\" style=\"color:#32373c\"><\/h2><div class=\"ab-cta-text ab-font-size-32\" style=\"color:#32373c\"><\/div><\/div><div class=\"ab-cta-button\"><a href=\"https:\/\/www.charita.sk\/svet\/podpora-pre-matersku-skolu-shible\/\" target=\"_self\" rel=\"noopener noreferrer\" class=\"ab-button ab-button-shape-circular ab-button-size-medium\" style=\"color:#ffffff;background-color:#cf2e2e\">Podpora \u0161k\u00f4lky Shible 2022<\/a><\/div><\/div>\n\n\n\n<div class=\"wp-block-columns is-layout-flex wp-container-core-columns-is-layout-9d6595d7 wp-block-columns-is-layout-flex\">\n<div class=\"wp-block-column is-layout-flow wp-block-column-is-layout-flow\">\n<div style=\"text-align:center\" class=\"wp-block-atomic-blocks-ab-cta ab-block-cta\"><div class=\"ab-cta-image-wrap\"><img decoding=\"async\" class=\"ab-cta-image has-background-dim\" src=\"https:\/\/www.charita.sk\/svet\/wp-content\/uploads\/2020\/12\/al_hasaka.jpg\" alt=\"\"\/><\/div><div class=\"ab-cta-content\"><h2 class=\"ab-cta-title ab-font-size-32\" style=\"color:#32373c\"><\/h2><div class=\"ab-cta-text ab-font-size-32\" style=\"color:#32373c\"><\/div><\/div><div class=\"ab-cta-button\"><a href=\"https:\/\/www.charita.sk\/svet\/podpora-pre-skoliace-stredisko-pre-zeny\/\" target=\"_self\" rel=\"noopener noreferrer\" class=\"ab-button ab-button-shape-circular ab-button-size-medium\" style=\"color:#ffffff;background-color:#cf2e2e\">\u0160koliace centrum Al-Hassaka<\/a><\/div><\/div>\n<\/div>\n\n\n\n<div class=\"wp-block-column is-layout-flow wp-block-column-is-layout-flow\">\n<div style=\"text-align:center\" class=\"wp-block-atomic-blocks-ab-cta ab-block-cta\"><div class=\"ab-cta-image-wrap\"><img decoding=\"async\" class=\"ab-cta-image has-background-dim\" src=\"https:\/\/www.charita.sk\/svet\/wp-content\/uploads\/2020\/12\/al_qamishli.jpg\" alt=\"\"\/><\/div><div class=\"ab-cta-content\"><h2 class=\"ab-cta-title ab-font-size-32\" style=\"color:#32373c\"><\/h2><div class=\"ab-cta-text ab-font-size-32\" style=\"color:#32373c\"><\/div><\/div><div class=\"ab-cta-button\"><a href=\"https:\/\/www.charita.sk\/svet\/podpora-pre-rodinne-centrum\/\" target=\"_self\" rel=\"noopener noreferrer\" class=\"ab-button ab-button-shape-circular ab-button-size-medium\" style=\"color:#ffffff;background-color:#cf2e2e\">Rodinn\u00e9 centrum Al-Qamishli<\/a><\/div><\/div>\n<\/div>\n<\/div>\n\n\n\n<div class=\"wp-block-columns is-layout-flex wp-container-core-columns-is-layout-9d6595d7 wp-block-columns-is-layout-flex\">\n<div class=\"wp-block-column is-layout-flow wp-block-column-is-layout-flow\">\n<div style=\"text-align:center\" class=\"wp-block-atomic-blocks-ab-cta ab-block-cta\"><div class=\"ab-cta-image-wrap\"><img decoding=\"async\" class=\"ab-cta-image has-background-dim\" src=\"https:\/\/www.charita.sk\/svet\/wp-content\/uploads\/2020\/12\/olaf.jpg\" alt=\"\"\/><\/div><div class=\"ab-cta-content\"><h2 class=\"ab-cta-title ab-font-size-32\" style=\"color:#32373c\"><\/h2><div class=\"ab-cta-text ab-font-size-32\" style=\"color:#32373c\"><\/div><\/div><div class=\"ab-cta-button\"><a href=\"https:\/\/www.charita.sk\/svet\/podpora-kulturneho-institutu-olaf-taw-2022\/\" target=\"_self\" rel=\"noopener noreferrer\" class=\"ab-button ab-button-shape-circular ab-button-size-medium\" style=\"color:#ffffff;background-color:#cf2e2e\">In\u0161tit\u00fat Olaf Taw 2022<\/a><\/div><\/div>\n<\/div>\n\n\n\n<div class=\"wp-block-column is-layout-flow wp-block-column-is-layout-flow\">\n<div style=\"text-align:center\" class=\"wp-block-atomic-blocks-ab-cta ab-block-cta\"><div class=\"ab-cta-image-wrap\"><img decoding=\"async\" class=\"ab-cta-image has-background-dim\" src=\"https:\/\/www.charita.sk\/svet\/wp-content\/uploads\/2023\/02\/syria_aleppo_balicky-2.png\" alt=\"\"\/><\/div><div class=\"ab-cta-content\"><h2 class=\"ab-cta-title ab-font-size-32\" style=\"color:#32373c\"><\/h2><div class=\"ab-cta-text ab-font-size-32\" style=\"color:#32373c\"><\/div><\/div><div class=\"ab-cta-button\"><a href=\"https:\/\/www.charita.sk\/svet\/potravinove-a-hygienicke-balicky-pre-obete-zemetrasenia-2023\/\" target=\"_self\" rel=\"noopener noreferrer\" class=\"ab-button ab-button-shape-circular ab-button-size-medium\" style=\"color:#ffffff;background-color:#cf2e2e\">Bal\u00ed\u010dky po zemetrasen\u00ed<\/a><\/div><\/div>\n<\/div>\n<\/div>\n\n\n\n<div class=\"wp-block-columns is-layout-flex wp-container-core-columns-is-layout-9d6595d7 wp-block-columns-is-layout-flex\">\n<div class=\"wp-block-column is-layout-flow wp-block-column-is-layout-flow\">\n<div style=\"text-align:center\" class=\"wp-block-atomic-blocks-ab-cta ab-block-cta\"><div class=\"ab-cta-image-wrap\"><img decoding=\"async\" class=\"ab-cta-image has-background-dim\" src=\"https:\/\/www.charita.sk\/svet\/wp-content\/uploads\/2023\/08\/mizgefte.jpg\" alt=\"\"\/><\/div><div class=\"ab-cta-content\"><h2 class=\"ab-cta-title ab-font-size-32\" style=\"color:#32373c\"><\/h2><div class=\"ab-cta-text ab-font-size-32\" style=\"color:#32373c\"><\/div><\/div><div class=\"ab-cta-button\"><a href=\"https:\/\/www.charita.sk\/svet\/vystavba-a-prevadzka-pekarne-v-obci-mizgefte\/\" target=\"_self\" rel=\"noopener noreferrer\" class=\"ab-button ab-button-shape-circular ab-button-size-medium\" style=\"color:#ffffff;background-color:#cf2e2e\">V\u00fdstavba pek\u00e1rne Mizgefte<\/a><\/div><\/div>\n<\/div>\n\n\n\n<div class=\"wp-block-column is-layout-flow wp-block-column-is-layout-flow\">\n<div style=\"text-align:center\" class=\"wp-block-atomic-blocks-ab-cta ab-block-cta\"><div class=\"ab-cta-image-wrap\"><img decoding=\"async\" class=\"ab-cta-image has-background-dim\" src=\"https:\/\/www.charita.sk\/svet\/wp-content\/uploads\/2023\/04\/syria_lieky.png\" alt=\"\"\/><\/div><div class=\"ab-cta-content\"><h2 class=\"ab-cta-title ab-font-size-32\" style=\"color:#32373c\"><\/h2><div class=\"ab-cta-text ab-font-size-32\" style=\"color:#32373c\"><\/div><\/div><div class=\"ab-cta-button\"><a href=\"href=&quot;https:\/\/www.charita.sk\/svet\/humanitarne-balicky-a-lieky-po-zemetraseni\/\" target=\"_self\" rel=\"noopener noreferrer\" class=\"ab-button ab-button-shape-circular ab-button-size-medium\" style=\"color:#ffffff;background-color:#cf2e2e\">Bal\u00ed\u010dky a lieky po zemetrasen\u00ed<\/a><\/div><\/div>\n<\/div>\n<\/div>\n\n\n\n<div class=\"wp-block-columns is-layout-flex wp-container-core-columns-is-layout-9d6595d7 wp-block-columns-is-layout-flex\">\n<div class=\"wp-block-column is-layout-flow wp-block-column-is-layout-flow\">\n<div style=\"text-align:center\" class=\"wp-block-atomic-blocks-ab-cta ab-block-cta\"><div class=\"ab-cta-image-wrap\"><img decoding=\"async\" class=\"ab-cta-image has-background-dim\" src=\"https:\/\/www.charita.sk\/svet\/wp-content\/uploads\/2020\/08\/P6-Playing-outside.jpg\" alt=\"\"\/><\/div><div class=\"ab-cta-content\"><h2 class=\"ab-cta-title ab-font-size-32\" style=\"color:#32373c\"><\/h2><div class=\"ab-cta-text ab-font-size-32\" style=\"color:#32373c\"><\/div><\/div><div class=\"ab-cta-button\"><a href=\"https:\/\/www.charita.sk\/svet\/shible-skolka\/\" target=\"_self\" rel=\"noopener noreferrer\" class=\"ab-button ab-button-shape-circular ab-button-size-medium\" style=\"color:#ffffff;background-color:#cf2e2e\">Podpora \u0161k\u00f4lky Shible 2021<\/a><\/div><\/div>\n<\/div>\n\n\n\n<div class=\"wp-block-column is-layout-flow wp-block-column-is-layout-flow\">\n<div style=\"text-align:center\" class=\"wp-block-atomic-blocks-ab-cta ab-block-cta\"><div class=\"ab-cta-image-wrap\"><img decoding=\"async\" class=\"ab-cta-image has-background-dim\" src=\"https:\/\/www.charita.sk\/svet\/wp-content\/uploads\/2020\/12\/al_q1.jpg\" alt=\"\"\/><\/div><div class=\"ab-cta-content\"><h2 class=\"ab-cta-title ab-font-size-32\" style=\"color:#32373c\"><\/h2><div class=\"ab-cta-text ab-font-size-32\" style=\"color:#32373c\"><\/div><\/div><div class=\"ab-cta-button\"><a href=\"https:\/\/www.charita.sk\/svet\/centrum-al-qamishli\/\" target=\"_self\" rel=\"noopener noreferrer\" class=\"ab-button ab-button-shape-circular ab-button-size-medium\" style=\"color:#ffffff;background-color:#cf2e2e\">Podpora rodinn\u00e9ho centra 2021<\/a><\/div><\/div>\n<\/div>\n<\/div>\n\n\n\n<div class=\"wp-block-columns is-layout-flex wp-container-core-columns-is-layout-9d6595d7 wp-block-columns-is-layout-flex\">\n<div class=\"wp-block-column is-layout-flow wp-block-column-is-layout-flow\">\n<div style=\"text-align:center\" class=\"wp-block-atomic-blocks-ab-cta ab-block-cta\"><div class=\"ab-cta-image-wrap\"><img decoding=\"async\" class=\"ab-cta-image has-background-dim\" src=\"https:\/\/www.charita.sk\/svet\/wp-content\/uploads\/2020\/12\/Computer-course-certificates.jpg\" alt=\"\"\/><\/div><div class=\"ab-cta-content\"><h2 class=\"ab-cta-title ab-font-size-32\" style=\"color:#32373c\"><\/h2><div class=\"ab-cta-text ab-font-size-32\" style=\"color:#32373c\"><\/div><\/div><div class=\"ab-cta-button\"><a href=\"https:\/\/www.charita.sk\/svet\/stredisko-al-hassaka\/\" target=\"_self\" rel=\"noopener noreferrer\" class=\"ab-button ab-button-shape-circular ab-button-size-medium\" style=\"color:#ffffff;background-color:#cf2e2e\">\u0160koliace stredisko 2021<\/a><\/div><\/div>\n<\/div>\n\n\n\n<div class=\"wp-block-column is-layout-flow wp-block-column-is-layout-flow\">\n<div style=\"text-align:center\" class=\"wp-block-atomic-blocks-ab-cta ab-block-cta\"><div class=\"ab-cta-image-wrap\"><img decoding=\"async\" class=\"ab-cta-image has-background-dim\" src=\"https:\/\/www.charita.sk\/svet\/wp-content\/uploads\/2020\/12\/dom_pre_zeny.jpg\" alt=\"\"\/><\/div><div class=\"ab-cta-content\"><h2 class=\"ab-cta-title ab-font-size-32\" style=\"color:#32373c\"><\/h2><div class=\"ab-cta-text ab-font-size-32\" style=\"color:#32373c\"><\/div><\/div><div class=\"ab-cta-button\"><a href=\"https:\/\/www.charita.sk\/svet\/dom-pre-zeny-ashtarout-2\/\" target=\"_self\" rel=\"noopener noreferrer\" class=\"ab-button ab-button-shape-circular ab-button-size-medium\" style=\"color:#ffffff;background-color:#cf2e2e\">Dom pre \u017eeny 2021<\/a><\/div><\/div>\n<\/div>\n<\/div>\n\n\n\n<div class=\"wp-block-columns is-layout-flex wp-container-core-columns-is-layout-9d6595d7 wp-block-columns-is-layout-flex\">\n<div class=\"wp-block-column is-layout-flow wp-block-column-is-layout-flow\">\n<div style=\"text-align:center\" class=\"wp-block-atomic-blocks-ab-cta ab-block-cta\"><div class=\"ab-cta-image-wrap\"><img decoding=\"async\" class=\"ab-cta-image has-background-dim\" src=\"https:\/\/www.charita.sk\/svet\/wp-content\/uploads\/2020\/12\/olaf.jpg\" alt=\"\"\/><\/div><div class=\"ab-cta-content\"><h2 class=\"ab-cta-title ab-font-size-32\" style=\"color:#32373c\"><\/h2><div class=\"ab-cta-text ab-font-size-32\" style=\"color:#32373c\"><\/div><\/div><div class=\"ab-cta-button\"><a href=\"https:\/\/www.charita.sk\/svet\/kulturny-institut-olaf-taw\/\" target=\"_self\" rel=\"noopener noreferrer\" class=\"ab-button ab-button-shape-circular ab-button-size-medium\" style=\"color:#ffffff;background-color:#cf2e2e\">Kult\u00farny in\u0161tit\u00fat Olaf Taw 2021<\/a><\/div><\/div>\n<\/div>\n\n\n\n<div class=\"wp-block-column is-layout-flow wp-block-column-is-layout-flow\">\n<div style=\"text-align:center\" class=\"wp-block-atomic-blocks-ab-cta ab-block-cta\"><div class=\"ab-cta-image-wrap\"><img decoding=\"async\" class=\"ab-cta-image has-background-dim\" src=\"https:\/\/www.charita.sk\/svet\/wp-content\/uploads\/2018\/04\/20160323_104553.jpg\" alt=\"\"\/><\/div><div class=\"ab-cta-content\"><h2 class=\"ab-cta-title ab-font-size-32\" style=\"color:#32373c\"><\/h2><div class=\"ab-cta-text ab-font-size-32\" style=\"color:#32373c\"><\/div><\/div><div class=\"ab-cta-button\"><a href=\"https:\/\/www.charita.sk\/svet\/podpora-dvoch-syriackych-skolok-v-meste-al-hassaka\/\" target=\"_self\" rel=\"noopener noreferrer\" class=\"ab-button ab-button-shape-circular ab-button-size-medium\" style=\"color:#ffffff;background-color:#cf2e2e\">Podpora \u0161k\u00f4lok Al-Hassaka 2019\/2020<\/a><\/div><\/div>\n<\/div>\n<\/div>\n\n\n\n<div class=\"wp-block-columns is-layout-flex wp-container-core-columns-is-layout-9d6595d7 wp-block-columns-is-layout-flex\">\n<div class=\"wp-block-column is-layout-flow wp-block-column-is-layout-flow\">\n<div style=\"text-align:center\" class=\"wp-block-atomic-blocks-ab-cta ab-block-cta\"><div class=\"ab-cta-image-wrap\"><img decoding=\"async\" class=\"ab-cta-image has-background-dim\" src=\"https:\/\/www.charita.sk\/svet\/wp-content\/uploads\/2019\/05\/IMG_2722.jpg\" alt=\"\"\/><\/div><div class=\"ab-cta-content\"><h2 class=\"ab-cta-title ab-font-size-32\" style=\"color:#32373c\"><\/h2><div class=\"ab-cta-text ab-font-size-32\" style=\"color:#32373c\"><\/div><\/div><div class=\"ab-cta-button\"><a href=\"https:\/\/www.charita.sk\/svet\/podpora-dvoch-syriackych-skolok-v-meste-al-qamishli-2\/\" target=\"_self\" rel=\"noopener noreferrer\" class=\"ab-button ab-button-shape-circular ab-button-size-medium\" style=\"color:#ffffff;background-color:#cf2e2e\">Podpora \u0161k\u00f4lok Al-Qamishli 2019\/2020<\/a><\/div><\/div>\n<\/div>\n\n\n\n<div class=\"wp-block-column is-layout-flow wp-block-column-is-layout-flow\">\n<div style=\"text-align:center\" class=\"wp-block-atomic-blocks-ab-cta ab-block-cta\"><div class=\"ab-cta-image-wrap\"><img decoding=\"async\" class=\"ab-cta-image has-background-dim\" src=\"https:\/\/www.charita.sk\/svet\/wp-content\/uploads\/2018\/04\/DSC01034.jpg\" alt=\"\"\/><\/div><div class=\"ab-cta-content\"><h2 class=\"ab-cta-title ab-font-size-32\" style=\"color:#32373c\"><\/h2><div class=\"ab-cta-text ab-font-size-32\" style=\"color:#32373c\"><\/div><\/div><div class=\"ab-cta-button\"><a href=\"https:\/\/www.charita.sk\/svet\/poradenske-centrum-pre-zeny-v-meste-al-hassaka\/\" target=\"_self\" rel=\"noopener noreferrer\" class=\"ab-button ab-button-shape-circular ab-button-size-medium\" style=\"color:#ffffff;background-color:#cf2e2e\">Poradensk\u00e9 centrum pre \u017eeny 2019\/2020<\/a><\/div><\/div>\n<\/div>\n<\/div>\n\n\n\n<div class=\"wp-block-columns is-layout-flex wp-container-core-columns-is-layout-9d6595d7 wp-block-columns-is-layout-flex\">\n<div class=\"wp-block-column is-layout-flow wp-block-column-is-layout-flow\">\n<div style=\"text-align:center\" class=\"wp-block-atomic-blocks-ab-cta ab-block-cta\"><div class=\"ab-cta-image-wrap\"><img decoding=\"async\" class=\"ab-cta-image has-background-dim\" src=\"https:\/\/www.charita.sk\/svet\/wp-content\/uploads\/2018\/10\/IMG_5640.jpg\" alt=\"\"\/><\/div><div class=\"ab-cta-content\"><h2 class=\"ab-cta-title ab-font-size-32\" style=\"color:#32373c\"><\/h2><div class=\"ab-cta-text ab-font-size-32\" style=\"color:#32373c\"><\/div><\/div><div class=\"ab-cta-button\"><a href=\"https:\/\/www.charita.sk\/svet\/distribucia-potravinovych-a-hygienickych-balikov-al-hassaka-syria-2018\/\" target=\"_self\" rel=\"noopener noreferrer\" class=\"ab-button ab-button-shape-circular ab-button-size-medium\" style=\"color:#ffffff;background-color:#cf2e2e\">Potraviny a hygienick\u00e9 bal\u00ed\u010dky 2018<\/a><\/div><\/div>\n<\/div>\n\n\n\n<div class=\"wp-block-column is-layout-flow wp-block-column-is-layout-flow\">\n<div style=\"text-align:center\" class=\"wp-block-atomic-blocks-ab-cta ab-block-cta\"><div class=\"ab-cta-image-wrap\"><img decoding=\"async\" class=\"ab-cta-image has-background-dim\" src=\"https:\/\/www.charita.sk\/svet\/wp-content\/uploads\/2019\/05\/\u0662\u0660\u0661\u0666\u0661\u0660\u0662\u0661_\u0661\u0661\u0665\u0665\u0660\u06670.jpg\" alt=\"\"\/><\/div><div class=\"ab-cta-content\"><h2 class=\"ab-cta-title ab-font-size-32\" style=\"color:#32373c\"><\/h2><div class=\"ab-cta-text ab-font-size-32\" style=\"color:#32373c\"><\/div><\/div><div class=\"ab-cta-button\"><a href=\"https:\/\/www.charita.sk\/svet\/zvacsenie-skolky-v-obci-nabk\/\" target=\"_self\" rel=\"noopener noreferrer\" class=\"ab-button ab-button-shape-circular ab-button-size-medium\" style=\"color:#ffffff;background-color:#cf2e2e\">\u0160k\u00f4lka Nabk 2018<\/a><\/div><\/div>\n<\/div>\n<\/div>\n\n\n\n<div class=\"wp-block-columns is-layout-flex wp-container-core-columns-is-layout-9d6595d7 wp-block-columns-is-layout-flex\">\n<div class=\"wp-block-column is-layout-flow wp-block-column-is-layout-flow\">\n<div style=\"text-align:center\" class=\"wp-block-atomic-blocks-ab-cta ab-block-cta\"><div class=\"ab-cta-image-wrap\"><img decoding=\"async\" class=\"ab-cta-image has-background-dim\" src=\"https:\/\/www.charita.sk\/svet\/wp-content\/uploads\/2018\/03\/Syria_02.jpg\" alt=\"\"\/><\/div><div class=\"ab-cta-content\"><h2 class=\"ab-cta-title ab-font-size-32\" style=\"color:#32373c\"><\/h2><div class=\"ab-cta-text ab-font-size-32\" style=\"color:#32373c\"><\/div><\/div><div class=\"ab-cta-button\"><a href=\"https:\/\/www.charita.sk\/svet\/distribucia-potravinovych-a-hygienickych-balikov-2017\/\" target=\"_self\" rel=\"noopener noreferrer\" class=\"ab-button ab-button-shape-circular ab-button-size-medium\" style=\"color:#ffffff;background-color:#cf2e2e\">Potraviny a hygienick\u00e9 bal\u00ed\u010dky 2017<\/a><\/div><\/div>\n<\/div>\n\n\n\n<div class=\"wp-block-column is-layout-flow wp-block-column-is-layout-flow\"><\/div>\n<\/div>\n\n\n\n<p><\/p>\n","protected":false},"excerpt":{"rendered":"<p>Pomoc v S\u00fdrii sme za\u010dali v roku 2017. Odvtedy sa n\u00e1m podarilo [&hellip;]<\/p>\n","protected":false},"author":2,"featured_media":0,"parent":0,"menu_order":0,"comment_status":"closed","ping_status":"closed","template":"","meta":{"footnotes":""},"class_list":["post-609","page","type-page","status-publish","hentry"],"yoast_head":"<!-- This site is optimized with the Yoast SEO plugin v25.4 - https:\/\/yoast.com\/wordpress\/plugins\/seo\/ -->\n<title>S\u00fdria | Charita vo svete<\/title>\n<meta name=\"robots\" content=\"index, follow, max-snippet:-1, max-image-preview:large, max-video-preview:-1\" \/>\n<link rel=\"canonical\" href=\"https:\/\/www.charita.sk\/svet\/syria\/\" \/>\n<meta property=\"og:locale\" content=\"sk_SK\" \/>\n<meta property=\"og:type\" content=\"article\" \/>\n<meta property=\"og:title\" content=\"S\u00fdria | Charita vo svete\" \/>\n<meta property=\"og:description\" content=\"Pomoc v S\u00fdrii sme za\u010dali v roku 2017. Odvtedy sa n\u00e1m podarilo [&hellip;]\" \/>\n<meta property=\"og:url\" content=\"https:\/\/www.charita.sk\/svet\/syria\/\" \/>\n<meta property=\"og:site_name\" content=\"Charita vo svete\" \/>\n<meta property=\"article:publisher\" content=\"https:\/\/www.facebook.com\/CaritasSlovakia\/\" \/>\n<meta property=\"article:modified_time\" content=\"2026-03-03T10:59:41+00:00\" \/>\n<meta property=\"og:image\" content=\"https:\/\/www.charita.sk\/svet\/wp-content\/uploads\/2022\/02\/syria.png\" \/>\n\t<meta property=\"og:image:width\" content=\"512\" \/>\n\t<meta property=\"og:image:height\" content=\"512\" \/>\n\t<meta property=\"og:image:type\" content=\"image\/png\" \/>\n<meta name=\"twitter:card\" content=\"summary_large_image\" \/>\n<meta name=\"twitter:label1\" content=\"Predpokladan\u00fd \u010das \u010d\u00edtania\" \/>\n\t<meta name=\"twitter:data1\" content=\"7 min\u00fat\" \/>\n<script type=\"application\/ld+json\" class=\"yoast-schema-graph\">{\"@context\":\"https:\/\/schema.org\",\"@graph\":[{\"@type\":\"WebPage\",\"@id\":\"https:\/\/www.charita.sk\/svet\/syria\/\",\"url\":\"https:\/\/www.charita.sk\/svet\/syria\/\",\"name\":\"S\u00fdria | Charita vo svete\",\"isPartOf\":{\"@id\":\"https:\/\/www.charita.sk\/svet\/#website\"},\"primaryImageOfPage\":{\"@id\":\"https:\/\/www.charita.sk\/svet\/syria\/#primaryimage\"},\"image\":{\"@id\":\"https:\/\/www.charita.sk\/svet\/syria\/#primaryimage\"},\"thumbnailUrl\":\"https:\/\/www.charita.sk\/svet\/wp-content\/uploads\/2022\/02\/syria-150x150.png\",\"datePublished\":\"2019-06-17T14:14:22+00:00\",\"dateModified\":\"2026-03-03T10:59:41+00:00\",\"breadcrumb\":{\"@id\":\"https:\/\/www.charita.sk\/svet\/syria\/#breadcrumb\"},\"inLanguage\":\"sk-SK\",\"potentialAction\":[{\"@type\":\"ReadAction\",\"target\":[\"https:\/\/www.charita.sk\/svet\/syria\/\"]}]},{\"@type\":\"ImageObject\",\"inLanguage\":\"sk-SK\",\"@id\":\"https:\/\/www.charita.sk\/svet\/syria\/#primaryimage\",\"url\":\"https:\/\/www.charita.sk\/svet\/wp-content\/uploads\/2022\/02\/syria.png\",\"contentUrl\":\"https:\/\/www.charita.sk\/svet\/wp-content\/uploads\/2022\/02\/syria.png\",\"width\":512,\"height\":512},{\"@type\":\"BreadcrumbList\",\"@id\":\"https:\/\/www.charita.sk\/svet\/syria\/#breadcrumb\",\"itemListElement\":[{\"@type\":\"ListItem\",\"position\":1,\"name\":\"Domovsk\u00e1 str\u00e1nka\",\"item\":\"https:\/\/www.charita.sk\/svet\/\"},{\"@type\":\"ListItem\",\"position\":2,\"name\":\"S\u00fdria\"}]},{\"@type\":\"WebSite\",\"@id\":\"https:\/\/www.charita.sk\/svet\/#website\",\"url\":\"https:\/\/www.charita.sk\/svet\/\",\"name\":\"Charita vo svete\",\"description\":\"Slovensk\u00e1 katol\u00edcka charita pom\u00e1ha \u013eu\u010fom v n\u00fadzi vo svete\",\"publisher\":{\"@id\":\"https:\/\/www.charita.sk\/svet\/#organization\"},\"potentialAction\":[{\"@type\":\"SearchAction\",\"target\":{\"@type\":\"EntryPoint\",\"urlTemplate\":\"https:\/\/www.charita.sk\/svet\/?s={search_term_string}\"},\"query-input\":{\"@type\":\"PropertyValueSpecification\",\"valueRequired\":true,\"valueName\":\"search_term_string\"}}],\"inLanguage\":\"sk-SK\"},{\"@type\":\"Organization\",\"@id\":\"https:\/\/www.charita.sk\/svet\/#organization\",\"name\":\"Slovensk\u00e1 katol\u00edcka charita\",\"url\":\"https:\/\/www.charita.sk\/svet\/\",\"logo\":{\"@type\":\"ImageObject\",\"inLanguage\":\"sk-SK\",\"@id\":\"https:\/\/www.charita.sk\/svet\/#\/schema\/logo\/image\/\",\"url\":\"https:\/\/www.charita.sk\/pomoc-utecencom\/wp-content\/uploads\/2020\/11\/logo_pomoc_utecencom.jpg\",\"contentUrl\":\"https:\/\/www.charita.sk\/pomoc-utecencom\/wp-content\/uploads\/2020\/11\/logo_pomoc_utecencom.jpg\",\"width\":1712,\"height\":480,\"caption\":\"Slovensk\u00e1 katol\u00edcka charita\"},\"image\":{\"@id\":\"https:\/\/www.charita.sk\/svet\/#\/schema\/logo\/image\/\"},\"sameAs\":[\"https:\/\/www.facebook.com\/CaritasSlovakia\/\",\"https:\/\/www.instagram.com\/caritas_slovakia\/\",\"https:\/\/www.linkedin.com\/company\/caritas-slovakia-skch-\",\"https:\/\/www.youtube.com\/user\/katolickacharita\"]}]}<\/script>\n<!-- \/ Yoast SEO plugin. -->","yoast_head_json":{"title":"S\u00fdria | Charita vo svete","robots":{"index":"index","follow":"follow","max-snippet":"max-snippet:-1","max-image-preview":"max-image-preview:large","max-video-preview":"max-video-preview:-1"},"canonical":"https:\/\/www.charita.sk\/svet\/syria\/","og_locale":"sk_SK","og_type":"article","og_title":"S\u00fdria | Charita vo svete","og_description":"Pomoc v S\u00fdrii sme za\u010dali v roku 2017. Odvtedy sa n\u00e1m podarilo [&hellip;]","og_url":"https:\/\/www.charita.sk\/svet\/syria\/","og_site_name":"Charita vo svete","article_publisher":"https:\/\/www.facebook.com\/CaritasSlovakia\/","article_modified_time":"2026-03-03T10:59:41+00:00","og_image":[{"width":512,"height":512,"url":"https:\/\/www.charita.sk\/svet\/wp-content\/uploads\/2022\/02\/syria.png","type":"image\/png"}],"twitter_card":"summary_large_image","twitter_misc":{"Predpokladan\u00fd \u010das \u010d\u00edtania":"7 min\u00fat"},"schema":{"@context":"https:\/\/schema.org","@graph":[{"@type":"WebPage","@id":"https:\/\/www.charita.sk\/svet\/syria\/","url":"https:\/\/www.charita.sk\/svet\/syria\/","name":"S\u00fdria | Charita vo svete","isPartOf":{"@id":"https:\/\/www.charita.sk\/svet\/#website"},"primaryImageOfPage":{"@id":"https:\/\/www.charita.sk\/svet\/syria\/#primaryimage"},"image":{"@id":"https:\/\/www.charita.sk\/svet\/syria\/#primaryimage"},"thumbnailUrl":"https:\/\/www.charita.sk\/svet\/wp-content\/uploads\/2022\/02\/syria-150x150.png","datePublished":"2019-06-17T14:14:22+00:00","dateModified":"2026-03-03T10:59:41+00:00","breadcrumb":{"@id":"https:\/\/www.charita.sk\/svet\/syria\/#breadcrumb"},"inLanguage":"sk-SK","potentialAction":[{"@type":"ReadAction","target":["https:\/\/www.charita.sk\/svet\/syria\/"]}]},{"@type":"ImageObject","inLanguage":"sk-SK","@id":"https:\/\/www.charita.sk\/svet\/syria\/#primaryimage","url":"https:\/\/www.charita.sk\/svet\/wp-content\/uploads\/2022\/02\/syria.png","contentUrl":"https:\/\/www.charita.sk\/svet\/wp-content\/uploads\/2022\/02\/syria.png","width":512,"height":512},{"@type":"BreadcrumbList","@id":"https:\/\/www.charita.sk\/svet\/syria\/#breadcrumb","itemListElement":[{"@type":"ListItem","position":1,"name":"Domovsk\u00e1 str\u00e1nka","item":"https:\/\/www.charita.sk\/svet\/"},{"@type":"ListItem","position":2,"name":"S\u00fdria"}]},{"@type":"WebSite","@id":"https:\/\/www.charita.sk\/svet\/#website","url":"https:\/\/www.charita.sk\/svet\/","name":"Charita vo svete","description":"Slovensk\u00e1 katol\u00edcka charita pom\u00e1ha \u013eu\u010fom v n\u00fadzi vo svete","publisher":{"@id":"https:\/\/www.charita.sk\/svet\/#organization"},"potentialAction":[{"@type":"SearchAction","target":{"@type":"EntryPoint","urlTemplate":"https:\/\/www.charita.sk\/svet\/?s={search_term_string}"},"query-input":{"@type":"PropertyValueSpecification","valueRequired":true,"valueName":"search_term_string"}}],"inLanguage":"sk-SK"},{"@type":"Organization","@id":"https:\/\/www.charita.sk\/svet\/#organization","name":"Slovensk\u00e1 katol\u00edcka charita","url":"https:\/\/www.charita.sk\/svet\/","logo":{"@type":"ImageObject","inLanguage":"sk-SK","@id":"https:\/\/www.charita.sk\/svet\/#\/schema\/logo\/image\/","url":"https:\/\/www.charita.sk\/pomoc-utecencom\/wp-content\/uploads\/2020\/11\/logo_pomoc_utecencom.jpg","contentUrl":"https:\/\/www.charita.sk\/pomoc-utecencom\/wp-content\/uploads\/2020\/11\/logo_pomoc_utecencom.jpg","width":1712,"height":480,"caption":"Slovensk\u00e1 katol\u00edcka charita"},"image":{"@id":"https:\/\/www.charita.sk\/svet\/#\/schema\/logo\/image\/"},"sameAs":["https:\/\/www.facebook.com\/CaritasSlovakia\/","https:\/\/www.instagram.com\/caritas_slovakia\/","https:\/\/www.linkedin.com\/company\/caritas-slovakia-skch-","https:\/\/www.youtube.com\/user\/katolickacharita"]}]}},"featured_image_src":null,"featured_image_src_square":null,"_links":{"self":[{"href":"https:\/\/www.charita.sk\/svet\/wp-json\/wp\/v2\/pages\/609","targetHints":{"allow":["GET"]}}],"collection":[{"href":"https:\/\/www.charita.sk\/svet\/wp-json\/wp\/v2\/pages"}],"about":[{"href":"https:\/\/www.charita.sk\/svet\/wp-json\/wp\/v2\/types\/page"}],"author":[{"embeddable":true,"href":"https:\/\/www.charita.sk\/svet\/wp-json\/wp\/v2\/users\/2"}],"replies":[{"embeddable":true,"href":"https:\/\/www.charita.sk\/svet\/wp-json\/wp\/v2\/comments?post=609"}],"version-history":[{"count":63,"href":"https:\/\/www.charita.sk\/svet\/wp-json\/wp\/v2\/pages\/609\/revisions"}],"predecessor-version":[{"id":3466,"href":"https:\/\/www.charita.sk\/svet\/wp-json\/wp\/v2\/pages\/609\/revisions\/3466"}],"wp:attachment":[{"href":"https:\/\/www.charita.sk\/svet\/wp-json\/wp\/v2\/media?parent=609"}],"curies":[{"name":"wp","href":"https:\/\/api.w.org\/{rel}","templated":true}]}}