{"id":63,"date":"2018-02-08T16:50:58","date_gmt":"2018-02-08T15:50:58","guid":{"rendered":"http:\/\/charita.sk\/_ute\/?page_id=63"},"modified":"2020-08-10T11:16:15","modified_gmt":"2020-08-10T09:16:15","slug":"zakupenie-generatora-klastor-panny-marie","status":"publish","type":"page","link":"https:\/\/www.charita.sk\/svet\/zakupenie-generatora-klastor-panny-marie\/","title":{"rendered":"Gener\u00e1tor elektrickej energie pre Kl\u00e1\u0161tor Panny M\u00e1rie (Sulejmania, Irak)"},"content":{"rendered":"\n<p style=\"color:#ffffff\" class=\"has-text-color has-background has-vivid-red-background-color\"><strong>N\u00e1zov projektu:<\/strong> Zak\u00fapenie gener\u00e1tora elektrickej energie pre Kl\u00e1\u0161tor Panny M\u00e1rie<br><strong>Miesto implement\u00e1cie:<\/strong> Sulejmania<br><strong>Obdobie podpory projektu:<\/strong> 20. j\u00fal 2015 \u2013 20. august 2015<br><strong>Po\u010det pr\u00edjemcov pomoci: <\/strong>pribli\u017ene 45 rod\u00edn<br><strong>Suma na podporu projektu:<\/strong> 20 245 EUR<\/p>\n\n\n\n<p class=\"has-background has-text-align-center has-very-light-gray-background-color\"><strong>\u010eakujeme Konferenci\u00ed biskupov Slovenska za finan\u010dn\u00fa podporu projektu.<\/strong><\/p>\n\n\n\n<p><strong>Popis projektu:<\/strong><\/p>\n\n\n\n<p>Cie\u013eom projektu bolo zak\u00fapeniegener\u00e1tora na pokrytie spotreby elektrickej energie, ktor\u00e1 sa zv\u00fd\u0161ila prijat\u00edm vn\u00fatorn\u00fdch vys\u00eddlencov, ktor\u00ed utiekli pred terorom tzv. ISIS a boli prijat\u00ed v kl\u00e1\u0161tore a jeho okol\u00ed. V \u010dase zak\u00fapenia gener\u00e1tora (august 2015) kl\u00e1\u0161torn\u00e1 komunita pom\u00e1ha 160 ute\u010dencom (45 rod\u00edn).<\/p>\n\n\n\n<p>Moment\u00e1lne gener\u00e1tor sl\u00fa\u017ei ute\u010dencom, ktor\u00ed b\u00fdvaj\u00fa v proviz\u00f3rnych pr\u00edbytkoch (mal\u00e9 skladacie domy) v okol\u00ed kl\u00e1\u0161tora v pr\u00edpade, \u017ee d\u00f4jde v v\u00fdpadku el. energie \u2013 k \u010domu doch\u00e1dza na dennej b\u00e1ze. Okrem toho sa komunita vn\u00fatorn\u00fdch vys\u00eddlencov, ktor\u00ed na\u0161li \u00fato\u010disko v okol\u00ed kl\u00e1\u0161tora zv\u00e4\u010d\u0161uje, tak\u017ee gener\u00e1tor sl\u00fa\u017ei v\u00e4\u010d\u0161iemu po\u010dtu \u013eud\u00ed, ako pri jeho zak\u00fapen\u00ed.<\/p>\n\n\n\n<div class=\"wp-block-buttons aligncenter is-layout-flex wp-block-buttons-is-layout-flex\">\n<div class=\"wp-block-button\"><a class=\"wp-block-button__link has-text-color has-background has-vivid-red-background-color\" href=\"https:\/\/charita.darujme.sk\/775\/\" style=\"color:#ffffff\"><strong>Chcem podpori\u0165 tak\u00e9to projekty<\/strong><\/a><\/div>\n<\/div>\n\n\n\n<div style=\"height:30px\" aria-hidden=\"true\" class=\"wp-block-spacer\"><\/div>\n\n\n\n<figure class=\"wp-block-gallery columns-3 is-cropped wp-block-gallery-1 is-layout-flex wp-block-gallery-is-layout-flex\"><ul class=\"blocks-gallery-grid\"><li class=\"blocks-gallery-item\"><figure><a href=\"https:\/\/www.charita.sk\/svet\/wp-content\/uploads\/2018\/04\/Deir-Mar-Musa_01.jpg\"><img fetchpriority=\"high\" decoding=\"async\" width=\"1024\" height=\"683\" src=\"https:\/\/www.charita.sk\/svet\/wp-content\/uploads\/2018\/04\/Deir-Mar-Musa_01-1024x683.jpg\" alt=\"\" data-id=\"270\" data-full-url=\"https:\/\/www.charita.sk\/svet\/wp-content\/uploads\/2018\/04\/Deir-Mar-Musa_01.jpg\" data-link=\"https:\/\/www.charita.sk\/svet\/zakupenie-generatora-klastor-panny-marie\/deir-mar-musa_01\/\" class=\"wp-image-270\" srcset=\"https:\/\/www.charita.sk\/svet\/wp-content\/uploads\/2018\/04\/Deir-Mar-Musa_01-1024x683.jpg 1024w, https:\/\/www.charita.sk\/svet\/wp-content\/uploads\/2018\/04\/Deir-Mar-Musa_01-300x200.jpg 300w, https:\/\/www.charita.sk\/svet\/wp-content\/uploads\/2018\/04\/Deir-Mar-Musa_01-768x512.jpg 768w, https:\/\/www.charita.sk\/svet\/wp-content\/uploads\/2018\/04\/Deir-Mar-Musa_01.jpg 2048w\" sizes=\"(max-width: 1024px) 100vw, 1024px\" \/><\/a><\/figure><\/li><li class=\"blocks-gallery-item\"><figure><a href=\"https:\/\/www.charita.sk\/svet\/wp-content\/uploads\/2018\/04\/Deir-Mar-Musa_02.jpg\"><img decoding=\"async\" width=\"1024\" height=\"683\" src=\"https:\/\/www.charita.sk\/svet\/wp-content\/uploads\/2018\/04\/Deir-Mar-Musa_02-1024x683.jpg\" alt=\"\" data-id=\"271\" data-full-url=\"https:\/\/www.charita.sk\/svet\/wp-content\/uploads\/2018\/04\/Deir-Mar-Musa_02.jpg\" data-link=\"https:\/\/www.charita.sk\/svet\/zakupenie-generatora-klastor-panny-marie\/deir-mar-musa_02\/\" class=\"wp-image-271\" srcset=\"https:\/\/www.charita.sk\/svet\/wp-content\/uploads\/2018\/04\/Deir-Mar-Musa_02-1024x683.jpg 1024w, https:\/\/www.charita.sk\/svet\/wp-content\/uploads\/2018\/04\/Deir-Mar-Musa_02-300x200.jpg 300w, https:\/\/www.charita.sk\/svet\/wp-content\/uploads\/2018\/04\/Deir-Mar-Musa_02-768x512.jpg 768w, https:\/\/www.charita.sk\/svet\/wp-content\/uploads\/2018\/04\/Deir-Mar-Musa_02.jpg 2048w\" sizes=\"(max-width: 1024px) 100vw, 1024px\" \/><\/a><\/figure><\/li><li class=\"blocks-gallery-item\"><figure><a href=\"https:\/\/www.charita.sk\/svet\/wp-content\/uploads\/2018\/04\/Deir-Mar-Musa_03.jpg\"><img decoding=\"async\" width=\"960\" height=\"540\" src=\"https:\/\/www.charita.sk\/svet\/wp-content\/uploads\/2018\/04\/Deir-Mar-Musa_03.jpg\" alt=\"\" data-id=\"272\" data-full-url=\"https:\/\/www.charita.sk\/svet\/wp-content\/uploads\/2018\/04\/Deir-Mar-Musa_03.jpg\" data-link=\"https:\/\/www.charita.sk\/svet\/zakupenie-generatora-klastor-panny-marie\/deir-mar-musa_03\/\" class=\"wp-image-272\" srcset=\"https:\/\/www.charita.sk\/svet\/wp-content\/uploads\/2018\/04\/Deir-Mar-Musa_03.jpg 960w, https:\/\/www.charita.sk\/svet\/wp-content\/uploads\/2018\/04\/Deir-Mar-Musa_03-300x169.jpg 300w, https:\/\/www.charita.sk\/svet\/wp-content\/uploads\/2018\/04\/Deir-Mar-Musa_03-768x432.jpg 768w\" sizes=\"(max-width: 960px) 100vw, 960px\" \/><\/a><\/figure><\/li><\/ul><\/figure>\n\n\n\n<p><strong>Foto \u00a9 :&nbsp;Deir Maryam al-Adhra, Sulaymaniya \u062f\u064a\u0631 \u0645\u0631\u064a\u0645 \u0627\u0644\u0639\u0630\u0631\u0627\u0621\u060c \u0627\u0644\u0633\u0644\u064a\u0645\u0627\u0646\u064a\u0629<\/strong><\/p>\n","protected":false},"excerpt":{"rendered":"<p>N\u00e1zov projektu: Zak\u00fapenie gener\u00e1tora elektrickej energie pre Kl\u00e1\u0161tor Panny M\u00e1rieMiesto implement\u00e1cie: SulejmaniaObdobie [&hellip;]<\/p>\n","protected":false},"author":2,"featured_media":0,"parent":0,"menu_order":0,"comment_status":"closed","ping_status":"closed","template":"","meta":{"footnotes":""},"class_list":["post-63","page","type-page","status-publish","hentry"],"yoast_head":"<!-- This site is optimized with the Yoast SEO plugin v25.4 - https:\/\/yoast.com\/wordpress\/plugins\/seo\/ -->\n<title>Gener\u00e1tor elektrickej energie pre Kl\u00e1\u0161tor Panny M\u00e1rie (Sulejmania, Irak) | Charita vo svete<\/title>\n<meta name=\"robots\" content=\"index, follow, max-snippet:-1, max-image-preview:large, max-video-preview:-1\" \/>\n<link rel=\"canonical\" href=\"https:\/\/www.charita.sk\/svet\/zakupenie-generatora-klastor-panny-marie\/\" \/>\n<meta property=\"og:locale\" content=\"sk_SK\" \/>\n<meta property=\"og:type\" content=\"article\" \/>\n<meta property=\"og:title\" content=\"Gener\u00e1tor elektrickej energie pre Kl\u00e1\u0161tor Panny M\u00e1rie (Sulejmania, Irak) | Charita vo svete\" \/>\n<meta property=\"og:description\" content=\"N\u00e1zov projektu: Zak\u00fapenie gener\u00e1tora elektrickej energie pre Kl\u00e1\u0161tor Panny M\u00e1rieMiesto implement\u00e1cie: SulejmaniaObdobie [&hellip;]\" \/>\n<meta property=\"og:url\" content=\"https:\/\/www.charita.sk\/svet\/zakupenie-generatora-klastor-panny-marie\/\" \/>\n<meta property=\"og:site_name\" content=\"Charita vo svete\" \/>\n<meta property=\"article:publisher\" content=\"https:\/\/www.facebook.com\/CaritasSlovakia\/\" \/>\n<meta property=\"article:modified_time\" content=\"2020-08-10T09:16:15+00:00\" \/>\n<meta property=\"og:image\" content=\"https:\/\/www.charita.sk\/pomoc-utecencom\/wp-content\/uploads\/2018\/04\/Deir-Mar-Musa_01-1024x683.jpg\" \/>\n<meta name=\"twitter:card\" content=\"summary_large_image\" \/>\n<meta name=\"twitter:label1\" content=\"Predpokladan\u00fd \u010das \u010d\u00edtania\" \/>\n\t<meta name=\"twitter:data1\" content=\"1 min\u00fata\" \/>\n<script type=\"application\/ld+json\" class=\"yoast-schema-graph\">{\"@context\":\"https:\/\/schema.org\",\"@graph\":[{\"@type\":\"WebPage\",\"@id\":\"https:\/\/www.charita.sk\/svet\/zakupenie-generatora-klastor-panny-marie\/\",\"url\":\"https:\/\/www.charita.sk\/svet\/zakupenie-generatora-klastor-panny-marie\/\",\"name\":\"Gener\u00e1tor elektrickej energie pre Kl\u00e1\u0161tor Panny M\u00e1rie (Sulejmania, Irak) | Charita vo svete\",\"isPartOf\":{\"@id\":\"https:\/\/www.charita.sk\/svet\/#website\"},\"primaryImageOfPage\":{\"@id\":\"https:\/\/www.charita.sk\/svet\/zakupenie-generatora-klastor-panny-marie\/#primaryimage\"},\"image\":{\"@id\":\"https:\/\/www.charita.sk\/svet\/zakupenie-generatora-klastor-panny-marie\/#primaryimage\"},\"thumbnailUrl\":\"https:\/\/www.charita.sk\/svet\/wp-content\/uploads\/2018\/04\/Deir-Mar-Musa_01-1024x683.jpg\",\"datePublished\":\"2018-02-08T15:50:58+00:00\",\"dateModified\":\"2020-08-10T09:16:15+00:00\",\"breadcrumb\":{\"@id\":\"https:\/\/www.charita.sk\/svet\/zakupenie-generatora-klastor-panny-marie\/#breadcrumb\"},\"inLanguage\":\"sk-SK\",\"potentialAction\":[{\"@type\":\"ReadAction\",\"target\":[\"https:\/\/www.charita.sk\/svet\/zakupenie-generatora-klastor-panny-marie\/\"]}]},{\"@type\":\"ImageObject\",\"inLanguage\":\"sk-SK\",\"@id\":\"https:\/\/www.charita.sk\/svet\/zakupenie-generatora-klastor-panny-marie\/#primaryimage\",\"url\":\"https:\/\/www.charita.sk\/svet\/wp-content\/uploads\/2018\/04\/Deir-Mar-Musa_01.jpg\",\"contentUrl\":\"https:\/\/www.charita.sk\/svet\/wp-content\/uploads\/2018\/04\/Deir-Mar-Musa_01.jpg\",\"width\":2048,\"height\":1365},{\"@type\":\"BreadcrumbList\",\"@id\":\"https:\/\/www.charita.sk\/svet\/zakupenie-generatora-klastor-panny-marie\/#breadcrumb\",\"itemListElement\":[{\"@type\":\"ListItem\",\"position\":1,\"name\":\"Domovsk\u00e1 str\u00e1nka\",\"item\":\"https:\/\/www.charita.sk\/svet\/\"},{\"@type\":\"ListItem\",\"position\":2,\"name\":\"Gener\u00e1tor elektrickej energie pre Kl\u00e1\u0161tor Panny M\u00e1rie (Sulejmania, Irak)\"}]},{\"@type\":\"WebSite\",\"@id\":\"https:\/\/www.charita.sk\/svet\/#website\",\"url\":\"https:\/\/www.charita.sk\/svet\/\",\"name\":\"Charita vo svete\",\"description\":\"Slovensk\u00e1 katol\u00edcka charita pom\u00e1ha \u013eu\u010fom v n\u00fadzi vo svete\",\"publisher\":{\"@id\":\"https:\/\/www.charita.sk\/svet\/#organization\"},\"potentialAction\":[{\"@type\":\"SearchAction\",\"target\":{\"@type\":\"EntryPoint\",\"urlTemplate\":\"https:\/\/www.charita.sk\/svet\/?s={search_term_string}\"},\"query-input\":{\"@type\":\"PropertyValueSpecification\",\"valueRequired\":true,\"valueName\":\"search_term_string\"}}],\"inLanguage\":\"sk-SK\"},{\"@type\":\"Organization\",\"@id\":\"https:\/\/www.charita.sk\/svet\/#organization\",\"name\":\"Slovensk\u00e1 katol\u00edcka charita\",\"url\":\"https:\/\/www.charita.sk\/svet\/\",\"logo\":{\"@type\":\"ImageObject\",\"inLanguage\":\"sk-SK\",\"@id\":\"https:\/\/www.charita.sk\/svet\/#\/schema\/logo\/image\/\",\"url\":\"https:\/\/www.charita.sk\/pomoc-utecencom\/wp-content\/uploads\/2020\/11\/logo_pomoc_utecencom.jpg\",\"contentUrl\":\"https:\/\/www.charita.sk\/pomoc-utecencom\/wp-content\/uploads\/2020\/11\/logo_pomoc_utecencom.jpg\",\"width\":1712,\"height\":480,\"caption\":\"Slovensk\u00e1 katol\u00edcka charita\"},\"image\":{\"@id\":\"https:\/\/www.charita.sk\/svet\/#\/schema\/logo\/image\/\"},\"sameAs\":[\"https:\/\/www.facebook.com\/CaritasSlovakia\/\",\"https:\/\/www.instagram.com\/caritas_slovakia\/\",\"https:\/\/www.linkedin.com\/company\/caritas-slovakia-skch-\",\"https:\/\/www.youtube.com\/user\/katolickacharita\"]}]}<\/script>\n<!-- \/ Yoast SEO plugin. -->","yoast_head_json":{"title":"Gener\u00e1tor elektrickej energie pre Kl\u00e1\u0161tor Panny M\u00e1rie (Sulejmania, Irak) | Charita vo svete","robots":{"index":"index","follow":"follow","max-snippet":"max-snippet:-1","max-image-preview":"max-image-preview:large","max-video-preview":"max-video-preview:-1"},"canonical":"https:\/\/www.charita.sk\/svet\/zakupenie-generatora-klastor-panny-marie\/","og_locale":"sk_SK","og_type":"article","og_title":"Gener\u00e1tor elektrickej energie pre Kl\u00e1\u0161tor Panny M\u00e1rie (Sulejmania, Irak) | Charita vo svete","og_description":"N\u00e1zov projektu: Zak\u00fapenie gener\u00e1tora elektrickej energie pre Kl\u00e1\u0161tor Panny M\u00e1rieMiesto implement\u00e1cie: SulejmaniaObdobie [&hellip;]","og_url":"https:\/\/www.charita.sk\/svet\/zakupenie-generatora-klastor-panny-marie\/","og_site_name":"Charita vo svete","article_publisher":"https:\/\/www.facebook.com\/CaritasSlovakia\/","article_modified_time":"2020-08-10T09:16:15+00:00","og_image":[{"url":"https:\/\/www.charita.sk\/pomoc-utecencom\/wp-content\/uploads\/2018\/04\/Deir-Mar-Musa_01-1024x683.jpg","type":"","width":"","height":""}],"twitter_card":"summary_large_image","twitter_misc":{"Predpokladan\u00fd \u010das \u010d\u00edtania":"1 min\u00fata"},"schema":{"@context":"https:\/\/schema.org","@graph":[{"@type":"WebPage","@id":"https:\/\/www.charita.sk\/svet\/zakupenie-generatora-klastor-panny-marie\/","url":"https:\/\/www.charita.sk\/svet\/zakupenie-generatora-klastor-panny-marie\/","name":"Gener\u00e1tor elektrickej energie pre Kl\u00e1\u0161tor Panny M\u00e1rie (Sulejmania, Irak) | Charita vo svete","isPartOf":{"@id":"https:\/\/www.charita.sk\/svet\/#website"},"primaryImageOfPage":{"@id":"https:\/\/www.charita.sk\/svet\/zakupenie-generatora-klastor-panny-marie\/#primaryimage"},"image":{"@id":"https:\/\/www.charita.sk\/svet\/zakupenie-generatora-klastor-panny-marie\/#primaryimage"},"thumbnailUrl":"https:\/\/www.charita.sk\/svet\/wp-content\/uploads\/2018\/04\/Deir-Mar-Musa_01-1024x683.jpg","datePublished":"2018-02-08T15:50:58+00:00","dateModified":"2020-08-10T09:16:15+00:00","breadcrumb":{"@id":"https:\/\/www.charita.sk\/svet\/zakupenie-generatora-klastor-panny-marie\/#breadcrumb"},"inLanguage":"sk-SK","potentialAction":[{"@type":"ReadAction","target":["https:\/\/www.charita.sk\/svet\/zakupenie-generatora-klastor-panny-marie\/"]}]},{"@type":"ImageObject","inLanguage":"sk-SK","@id":"https:\/\/www.charita.sk\/svet\/zakupenie-generatora-klastor-panny-marie\/#primaryimage","url":"https:\/\/www.charita.sk\/svet\/wp-content\/uploads\/2018\/04\/Deir-Mar-Musa_01.jpg","contentUrl":"https:\/\/www.charita.sk\/svet\/wp-content\/uploads\/2018\/04\/Deir-Mar-Musa_01.jpg","width":2048,"height":1365},{"@type":"BreadcrumbList","@id":"https:\/\/www.charita.sk\/svet\/zakupenie-generatora-klastor-panny-marie\/#breadcrumb","itemListElement":[{"@type":"ListItem","position":1,"name":"Domovsk\u00e1 str\u00e1nka","item":"https:\/\/www.charita.sk\/svet\/"},{"@type":"ListItem","position":2,"name":"Gener\u00e1tor elektrickej energie pre Kl\u00e1\u0161tor Panny M\u00e1rie (Sulejmania, Irak)"}]},{"@type":"WebSite","@id":"https:\/\/www.charita.sk\/svet\/#website","url":"https:\/\/www.charita.sk\/svet\/","name":"Charita vo svete","description":"Slovensk\u00e1 katol\u00edcka charita pom\u00e1ha \u013eu\u010fom v n\u00fadzi vo svete","publisher":{"@id":"https:\/\/www.charita.sk\/svet\/#organization"},"potentialAction":[{"@type":"SearchAction","target":{"@type":"EntryPoint","urlTemplate":"https:\/\/www.charita.sk\/svet\/?s={search_term_string}"},"query-input":{"@type":"PropertyValueSpecification","valueRequired":true,"valueName":"search_term_string"}}],"inLanguage":"sk-SK"},{"@type":"Organization","@id":"https:\/\/www.charita.sk\/svet\/#organization","name":"Slovensk\u00e1 katol\u00edcka charita","url":"https:\/\/www.charita.sk\/svet\/","logo":{"@type":"ImageObject","inLanguage":"sk-SK","@id":"https:\/\/www.charita.sk\/svet\/#\/schema\/logo\/image\/","url":"https:\/\/www.charita.sk\/pomoc-utecencom\/wp-content\/uploads\/2020\/11\/logo_pomoc_utecencom.jpg","contentUrl":"https:\/\/www.charita.sk\/pomoc-utecencom\/wp-content\/uploads\/2020\/11\/logo_pomoc_utecencom.jpg","width":1712,"height":480,"caption":"Slovensk\u00e1 katol\u00edcka charita"},"image":{"@id":"https:\/\/www.charita.sk\/svet\/#\/schema\/logo\/image\/"},"sameAs":["https:\/\/www.facebook.com\/CaritasSlovakia\/","https:\/\/www.instagram.com\/caritas_slovakia\/","https:\/\/www.linkedin.com\/company\/caritas-slovakia-skch-","https:\/\/www.youtube.com\/user\/katolickacharita"]}]}},"featured_image_src":null,"featured_image_src_square":null,"_links":{"self":[{"href":"https:\/\/www.charita.sk\/svet\/wp-json\/wp\/v2\/pages\/63","targetHints":{"allow":["GET"]}}],"collection":[{"href":"https:\/\/www.charita.sk\/svet\/wp-json\/wp\/v2\/pages"}],"about":[{"href":"https:\/\/www.charita.sk\/svet\/wp-json\/wp\/v2\/types\/page"}],"author":[{"embeddable":true,"href":"https:\/\/www.charita.sk\/svet\/wp-json\/wp\/v2\/users\/2"}],"replies":[{"embeddable":true,"href":"https:\/\/www.charita.sk\/svet\/wp-json\/wp\/v2\/comments?post=63"}],"version-history":[{"count":12,"href":"https:\/\/www.charita.sk\/svet\/wp-json\/wp\/v2\/pages\/63\/revisions"}],"predecessor-version":[{"id":879,"href":"https:\/\/www.charita.sk\/svet\/wp-json\/wp\/v2\/pages\/63\/revisions\/879"}],"wp:attachment":[{"href":"https:\/\/www.charita.sk\/svet\/wp-json\/wp\/v2\/media?parent=63"}],"curies":[{"name":"wp","href":"https:\/\/api.w.org\/{rel}","templated":true}]}}