{"id":67,"date":"2018-02-08T17:22:17","date_gmt":"2018-02-08T16:22:17","guid":{"rendered":"http:\/\/charita.sk\/_ute\/?page_id=67"},"modified":"2020-07-17T14:17:11","modified_gmt":"2020-07-17T12:17:11","slug":"distribucia-potravinovych-a-hygienickych-balikov-2017","status":"publish","type":"page","link":"https:\/\/www.charita.sk\/svet\/distribucia-potravinovych-a-hygienickych-balikov-2017\/","title":{"rendered":"Distrib\u00facia potravinov\u00fdch a hygienick\u00fdch bal\u00edkov (Al-Hassaka, S\u00fdria) &#8211; 2017"},"content":{"rendered":"\n<p style=\"color:#ffffff\" class=\"has-text-color has-background has-vivid-red-background-color\"><strong>N\u00e1zov projektu:<\/strong> Distrib\u00facia potravinov\u00fdch a hygienick\u00fdch bal\u00edkov (Al-Hassaka, S\u00fdria) &#8211; 2017<br><strong>Miesto implement\u00e1cie:<\/strong> Governor\u00e1t al-Hassaka, S\u00fdria<br><strong>Obdobie podpory projektu:<\/strong> m\u00e1j 2017 &#8211; j\u00fan 2017<br><strong>Po\u010det pr\u00edjemcov pomoci: <\/strong>4 448 os\u00f4b<br><strong>Suma na podporu projektu:<\/strong> 51 838 EUR<\/p>\n\n\n\n<p>Cie\u013eom projektu bola distrib\u00facia potravinov\u00fdch a hygienick\u00fdch bal\u00ed\u010dkov pre vn\u00fatorne pres\u00eddlen\u00e9 pre rodiny, ktor\u00e9 u\u0161li pred ozbrojen\u00fdm konfliktom v S\u00fdrii a na\u0161li \u00fato\u010disko v governor\u00e1te Al-Hassaka (severov\u00fdchodn\u00e1 S\u00fdria). V\u010faka projektu&nbsp; bolo rozdan\u00fdch 378 potravinov\u00fdch bal\u00edkov a 379 hygienick\u00fdch bal\u00edkov pre najviac ohrozen\u00e9 rodiny.<\/p>\n\n\n\n<p><strong>1 hygienick\u00fd bal\u00edk :<\/strong> 5 zubn\u00fdch kefiek, 2 uter\u00e1ky, 3 zubn\u00e9 pasty, 5 mydiel, 3 kg \u0161amp\u00f3nu, 3 kg sapon\u00e1tu, 2 bal\u00edky detsk\u00fdch plienok, 3 bal\u00edky hygienick\u00fdch vlo\u017eiek, 2 kusy kr\u00e9mu na spareniny<\/p>\n\n\n\n<p><strong>1 potravinov\u00fd bal\u00edk :<\/strong> 6 konzerv (hr\u00e1\u0161ok + raj\u010diny), 10 tuniakov\u00fdch konzerv, 10 konzerv sardiniek, 10 konzerv jedla humus, 3 kg syru, 3 kg d\u017eemu, 1,8 kg detsk\u00e9ho mlieka, 3 kg ry\u017ee, 3 kg zemiakovej pasty, 3 l oleja na varenie<\/p>\n\n\n\n<figure class=\"wp-block-gallery columns-3 is-cropped wp-block-gallery-1 is-layout-flex wp-block-gallery-is-layout-flex\"><ul class=\"blocks-gallery-grid\"><li class=\"blocks-gallery-item\"><figure><a href=\"https:\/\/www.charita.sk\/svet\/wp-content\/uploads\/2020\/07\/Syria_hygienicke_balicky.jpg\"><img fetchpriority=\"high\" decoding=\"async\" width=\"1000\" height=\"667\" src=\"https:\/\/www.charita.sk\/svet\/wp-content\/uploads\/2020\/07\/Syria_hygienicke_balicky.jpg\" alt=\"\" data-id=\"796\" data-full-url=\"https:\/\/www.charita.sk\/svet\/wp-content\/uploads\/2020\/07\/Syria_hygienicke_balicky.jpg\" data-link=\"https:\/\/www.charita.sk\/svet\/distribucia-potravinovych-a-hygienickych-balikov-2017\/syria_hygienicke_balicky\/\" class=\"wp-image-796\" srcset=\"https:\/\/www.charita.sk\/svet\/wp-content\/uploads\/2020\/07\/Syria_hygienicke_balicky.jpg 1000w, https:\/\/www.charita.sk\/svet\/wp-content\/uploads\/2020\/07\/Syria_hygienicke_balicky-300x200.jpg 300w, https:\/\/www.charita.sk\/svet\/wp-content\/uploads\/2020\/07\/Syria_hygienicke_balicky-768x512.jpg 768w, https:\/\/www.charita.sk\/svet\/wp-content\/uploads\/2020\/07\/Syria_hygienicke_balicky-600x400.jpg 600w\" sizes=\"(max-width: 1000px) 100vw, 1000px\" \/><\/a><figcaption class=\"blocks-gallery-item__caption\">naj\u0165a\u017e\u0161ie sa zh\u00e1\u0148aj\u00fa veci pre deti<\/figcaption><\/figure><\/li><li class=\"blocks-gallery-item\"><figure><a href=\"https:\/\/www.charita.sk\/svet\/wp-content\/uploads\/2020\/07\/Syria_potraviny_odovzdanie.jpg\"><img decoding=\"async\" width=\"1000\" height=\"836\" src=\"https:\/\/www.charita.sk\/svet\/wp-content\/uploads\/2020\/07\/Syria_potraviny_odovzdanie.jpg\" alt=\"\" data-id=\"798\" data-full-url=\"https:\/\/www.charita.sk\/svet\/wp-content\/uploads\/2020\/07\/Syria_potraviny_odovzdanie.jpg\" data-link=\"https:\/\/www.charita.sk\/svet\/distribucia-potravinovych-a-hygienickych-balikov-2017\/syria_potraviny_odovzdanie\/\" class=\"wp-image-798\" srcset=\"https:\/\/www.charita.sk\/svet\/wp-content\/uploads\/2020\/07\/Syria_potraviny_odovzdanie.jpg 1000w, https:\/\/www.charita.sk\/svet\/wp-content\/uploads\/2020\/07\/Syria_potraviny_odovzdanie-300x251.jpg 300w, https:\/\/www.charita.sk\/svet\/wp-content\/uploads\/2020\/07\/Syria_potraviny_odovzdanie-768x642.jpg 768w\" sizes=\"(max-width: 1000px) 100vw, 1000px\" \/><\/a><figcaption class=\"blocks-gallery-item__caption\">do projektu sme vyberali najn\u00fadnej\u0161ie rodiny<\/figcaption><\/figure><\/li><li class=\"blocks-gallery-item\"><figure><a href=\"https:\/\/www.charita.sk\/svet\/wp-content\/uploads\/2020\/07\/Al-Hassaka_potraviny.jpg\"><img decoding=\"async\" width=\"1000\" height=\"667\" src=\"https:\/\/www.charita.sk\/svet\/wp-content\/uploads\/2020\/07\/Al-Hassaka_potraviny.jpg\" alt=\"\" data-id=\"797\" data-full-url=\"https:\/\/www.charita.sk\/svet\/wp-content\/uploads\/2020\/07\/Al-Hassaka_potraviny.jpg\" data-link=\"https:\/\/www.charita.sk\/svet\/distribucia-potravinovych-a-hygienickych-balikov-2017\/al-hassaka_potraviny\/\" class=\"wp-image-797\" srcset=\"https:\/\/www.charita.sk\/svet\/wp-content\/uploads\/2020\/07\/Al-Hassaka_potraviny.jpg 1000w, https:\/\/www.charita.sk\/svet\/wp-content\/uploads\/2020\/07\/Al-Hassaka_potraviny-300x200.jpg 300w, https:\/\/www.charita.sk\/svet\/wp-content\/uploads\/2020\/07\/Al-Hassaka_potraviny-768x512.jpg 768w, https:\/\/www.charita.sk\/svet\/wp-content\/uploads\/2020\/07\/Al-Hassaka_potraviny-600x400.jpg 600w\" sizes=\"(max-width: 1000px) 100vw, 1000px\" \/><\/a><figcaption class=\"blocks-gallery-item__caption\">pestros\u0165 miestnej stravy sme sa sna\u017eili uk\u00e1za\u0165 aj na bal\u00ed\u010dku<\/figcaption><\/figure><\/li><\/ul><\/figure>\n","protected":false},"excerpt":{"rendered":"<p>N\u00e1zov projektu: Distrib\u00facia potravinov\u00fdch a hygienick\u00fdch bal\u00edkov (Al-Hassaka, S\u00fdria) &#8211; 2017Miesto implement\u00e1cie: [&hellip;]<\/p>\n","protected":false},"author":2,"featured_media":0,"parent":0,"menu_order":0,"comment_status":"closed","ping_status":"closed","template":"","meta":{"footnotes":""},"class_list":["post-67","page","type-page","status-publish","hentry"],"yoast_head":"<!-- This site is optimized with the Yoast SEO plugin v25.4 - https:\/\/yoast.com\/wordpress\/plugins\/seo\/ -->\n<title>Distrib\u00facia potravinov\u00fdch a hygienick\u00fdch bal\u00edkov (Al-Hassaka, S\u00fdria) - 2017 | Charita vo svete<\/title>\n<meta name=\"robots\" content=\"index, follow, max-snippet:-1, max-image-preview:large, max-video-preview:-1\" \/>\n<link rel=\"canonical\" href=\"https:\/\/www.charita.sk\/svet\/distribucia-potravinovych-a-hygienickych-balikov-2017\/\" \/>\n<meta property=\"og:locale\" content=\"sk_SK\" \/>\n<meta property=\"og:type\" content=\"article\" \/>\n<meta property=\"og:title\" content=\"Distrib\u00facia potravinov\u00fdch a hygienick\u00fdch bal\u00edkov (Al-Hassaka, S\u00fdria) - 2017 | Charita vo svete\" \/>\n<meta property=\"og:description\" content=\"N\u00e1zov projektu: Distrib\u00facia potravinov\u00fdch a hygienick\u00fdch bal\u00edkov (Al-Hassaka, S\u00fdria) &#8211; 2017Miesto implement\u00e1cie: [&hellip;]\" \/>\n<meta property=\"og:url\" content=\"https:\/\/www.charita.sk\/svet\/distribucia-potravinovych-a-hygienickych-balikov-2017\/\" \/>\n<meta property=\"og:site_name\" content=\"Charita vo svete\" \/>\n<meta property=\"article:publisher\" content=\"https:\/\/www.facebook.com\/CaritasSlovakia\/\" \/>\n<meta property=\"article:modified_time\" content=\"2020-07-17T12:17:11+00:00\" \/>\n<meta property=\"og:image\" content=\"https:\/\/www.charita.sk\/pomoc-utecencom\/wp-content\/uploads\/2020\/07\/Syria_hygienicke_balicky.jpg\" \/>\n<meta name=\"twitter:card\" content=\"summary_large_image\" \/>\n<meta name=\"twitter:label1\" content=\"Predpokladan\u00fd \u010das \u010d\u00edtania\" \/>\n\t<meta name=\"twitter:data1\" content=\"1 min\u00fata\" \/>\n<script type=\"application\/ld+json\" class=\"yoast-schema-graph\">{\"@context\":\"https:\/\/schema.org\",\"@graph\":[{\"@type\":\"WebPage\",\"@id\":\"https:\/\/www.charita.sk\/svet\/distribucia-potravinovych-a-hygienickych-balikov-2017\/\",\"url\":\"https:\/\/www.charita.sk\/svet\/distribucia-potravinovych-a-hygienickych-balikov-2017\/\",\"name\":\"Distrib\u00facia potravinov\u00fdch a hygienick\u00fdch bal\u00edkov (Al-Hassaka, S\u00fdria) - 2017 | Charita vo svete\",\"isPartOf\":{\"@id\":\"https:\/\/www.charita.sk\/svet\/#website\"},\"primaryImageOfPage\":{\"@id\":\"https:\/\/www.charita.sk\/svet\/distribucia-potravinovych-a-hygienickych-balikov-2017\/#primaryimage\"},\"image\":{\"@id\":\"https:\/\/www.charita.sk\/svet\/distribucia-potravinovych-a-hygienickych-balikov-2017\/#primaryimage\"},\"thumbnailUrl\":\"https:\/\/www.charita.sk\/svet\/wp-content\/uploads\/2020\/07\/Syria_hygienicke_balicky.jpg\",\"datePublished\":\"2018-02-08T16:22:17+00:00\",\"dateModified\":\"2020-07-17T12:17:11+00:00\",\"breadcrumb\":{\"@id\":\"https:\/\/www.charita.sk\/svet\/distribucia-potravinovych-a-hygienickych-balikov-2017\/#breadcrumb\"},\"inLanguage\":\"sk-SK\",\"potentialAction\":[{\"@type\":\"ReadAction\",\"target\":[\"https:\/\/www.charita.sk\/svet\/distribucia-potravinovych-a-hygienickych-balikov-2017\/\"]}]},{\"@type\":\"ImageObject\",\"inLanguage\":\"sk-SK\",\"@id\":\"https:\/\/www.charita.sk\/svet\/distribucia-potravinovych-a-hygienickych-balikov-2017\/#primaryimage\",\"url\":\"https:\/\/www.charita.sk\/svet\/wp-content\/uploads\/2020\/07\/Syria_hygienicke_balicky.jpg\",\"contentUrl\":\"https:\/\/www.charita.sk\/svet\/wp-content\/uploads\/2020\/07\/Syria_hygienicke_balicky.jpg\",\"width\":1000,\"height\":667},{\"@type\":\"BreadcrumbList\",\"@id\":\"https:\/\/www.charita.sk\/svet\/distribucia-potravinovych-a-hygienickych-balikov-2017\/#breadcrumb\",\"itemListElement\":[{\"@type\":\"ListItem\",\"position\":1,\"name\":\"Domovsk\u00e1 str\u00e1nka\",\"item\":\"https:\/\/www.charita.sk\/svet\/\"},{\"@type\":\"ListItem\",\"position\":2,\"name\":\"Distrib\u00facia potravinov\u00fdch a hygienick\u00fdch bal\u00edkov (Al-Hassaka, S\u00fdria) &#8211; 2017\"}]},{\"@type\":\"WebSite\",\"@id\":\"https:\/\/www.charita.sk\/svet\/#website\",\"url\":\"https:\/\/www.charita.sk\/svet\/\",\"name\":\"Charita vo svete\",\"description\":\"Slovensk\u00e1 katol\u00edcka charita pom\u00e1ha \u013eu\u010fom v n\u00fadzi vo svete\",\"publisher\":{\"@id\":\"https:\/\/www.charita.sk\/svet\/#organization\"},\"potentialAction\":[{\"@type\":\"SearchAction\",\"target\":{\"@type\":\"EntryPoint\",\"urlTemplate\":\"https:\/\/www.charita.sk\/svet\/?s={search_term_string}\"},\"query-input\":{\"@type\":\"PropertyValueSpecification\",\"valueRequired\":true,\"valueName\":\"search_term_string\"}}],\"inLanguage\":\"sk-SK\"},{\"@type\":\"Organization\",\"@id\":\"https:\/\/www.charita.sk\/svet\/#organization\",\"name\":\"Slovensk\u00e1 katol\u00edcka charita\",\"url\":\"https:\/\/www.charita.sk\/svet\/\",\"logo\":{\"@type\":\"ImageObject\",\"inLanguage\":\"sk-SK\",\"@id\":\"https:\/\/www.charita.sk\/svet\/#\/schema\/logo\/image\/\",\"url\":\"https:\/\/www.charita.sk\/pomoc-utecencom\/wp-content\/uploads\/2020\/11\/logo_pomoc_utecencom.jpg\",\"contentUrl\":\"https:\/\/www.charita.sk\/pomoc-utecencom\/wp-content\/uploads\/2020\/11\/logo_pomoc_utecencom.jpg\",\"width\":1712,\"height\":480,\"caption\":\"Slovensk\u00e1 katol\u00edcka charita\"},\"image\":{\"@id\":\"https:\/\/www.charita.sk\/svet\/#\/schema\/logo\/image\/\"},\"sameAs\":[\"https:\/\/www.facebook.com\/CaritasSlovakia\/\",\"https:\/\/www.instagram.com\/caritas_slovakia\/\",\"https:\/\/www.linkedin.com\/company\/caritas-slovakia-skch-\",\"https:\/\/www.youtube.com\/user\/katolickacharita\"]}]}<\/script>\n<!-- \/ Yoast SEO plugin. -->","yoast_head_json":{"title":"Distrib\u00facia potravinov\u00fdch a hygienick\u00fdch bal\u00edkov (Al-Hassaka, S\u00fdria) - 2017 | Charita vo svete","robots":{"index":"index","follow":"follow","max-snippet":"max-snippet:-1","max-image-preview":"max-image-preview:large","max-video-preview":"max-video-preview:-1"},"canonical":"https:\/\/www.charita.sk\/svet\/distribucia-potravinovych-a-hygienickych-balikov-2017\/","og_locale":"sk_SK","og_type":"article","og_title":"Distrib\u00facia potravinov\u00fdch a hygienick\u00fdch bal\u00edkov (Al-Hassaka, S\u00fdria) - 2017 | Charita vo svete","og_description":"N\u00e1zov projektu: Distrib\u00facia potravinov\u00fdch a hygienick\u00fdch bal\u00edkov (Al-Hassaka, S\u00fdria) &#8211; 2017Miesto implement\u00e1cie: [&hellip;]","og_url":"https:\/\/www.charita.sk\/svet\/distribucia-potravinovych-a-hygienickych-balikov-2017\/","og_site_name":"Charita vo svete","article_publisher":"https:\/\/www.facebook.com\/CaritasSlovakia\/","article_modified_time":"2020-07-17T12:17:11+00:00","og_image":[{"url":"https:\/\/www.charita.sk\/pomoc-utecencom\/wp-content\/uploads\/2020\/07\/Syria_hygienicke_balicky.jpg","type":"","width":"","height":""}],"twitter_card":"summary_large_image","twitter_misc":{"Predpokladan\u00fd \u010das \u010d\u00edtania":"1 min\u00fata"},"schema":{"@context":"https:\/\/schema.org","@graph":[{"@type":"WebPage","@id":"https:\/\/www.charita.sk\/svet\/distribucia-potravinovych-a-hygienickych-balikov-2017\/","url":"https:\/\/www.charita.sk\/svet\/distribucia-potravinovych-a-hygienickych-balikov-2017\/","name":"Distrib\u00facia potravinov\u00fdch a hygienick\u00fdch bal\u00edkov (Al-Hassaka, S\u00fdria) - 2017 | Charita vo svete","isPartOf":{"@id":"https:\/\/www.charita.sk\/svet\/#website"},"primaryImageOfPage":{"@id":"https:\/\/www.charita.sk\/svet\/distribucia-potravinovych-a-hygienickych-balikov-2017\/#primaryimage"},"image":{"@id":"https:\/\/www.charita.sk\/svet\/distribucia-potravinovych-a-hygienickych-balikov-2017\/#primaryimage"},"thumbnailUrl":"https:\/\/www.charita.sk\/svet\/wp-content\/uploads\/2020\/07\/Syria_hygienicke_balicky.jpg","datePublished":"2018-02-08T16:22:17+00:00","dateModified":"2020-07-17T12:17:11+00:00","breadcrumb":{"@id":"https:\/\/www.charita.sk\/svet\/distribucia-potravinovych-a-hygienickych-balikov-2017\/#breadcrumb"},"inLanguage":"sk-SK","potentialAction":[{"@type":"ReadAction","target":["https:\/\/www.charita.sk\/svet\/distribucia-potravinovych-a-hygienickych-balikov-2017\/"]}]},{"@type":"ImageObject","inLanguage":"sk-SK","@id":"https:\/\/www.charita.sk\/svet\/distribucia-potravinovych-a-hygienickych-balikov-2017\/#primaryimage","url":"https:\/\/www.charita.sk\/svet\/wp-content\/uploads\/2020\/07\/Syria_hygienicke_balicky.jpg","contentUrl":"https:\/\/www.charita.sk\/svet\/wp-content\/uploads\/2020\/07\/Syria_hygienicke_balicky.jpg","width":1000,"height":667},{"@type":"BreadcrumbList","@id":"https:\/\/www.charita.sk\/svet\/distribucia-potravinovych-a-hygienickych-balikov-2017\/#breadcrumb","itemListElement":[{"@type":"ListItem","position":1,"name":"Domovsk\u00e1 str\u00e1nka","item":"https:\/\/www.charita.sk\/svet\/"},{"@type":"ListItem","position":2,"name":"Distrib\u00facia potravinov\u00fdch a hygienick\u00fdch bal\u00edkov (Al-Hassaka, S\u00fdria) &#8211; 2017"}]},{"@type":"WebSite","@id":"https:\/\/www.charita.sk\/svet\/#website","url":"https:\/\/www.charita.sk\/svet\/","name":"Charita vo svete","description":"Slovensk\u00e1 katol\u00edcka charita pom\u00e1ha \u013eu\u010fom v n\u00fadzi vo svete","publisher":{"@id":"https:\/\/www.charita.sk\/svet\/#organization"},"potentialAction":[{"@type":"SearchAction","target":{"@type":"EntryPoint","urlTemplate":"https:\/\/www.charita.sk\/svet\/?s={search_term_string}"},"query-input":{"@type":"PropertyValueSpecification","valueRequired":true,"valueName":"search_term_string"}}],"inLanguage":"sk-SK"},{"@type":"Organization","@id":"https:\/\/www.charita.sk\/svet\/#organization","name":"Slovensk\u00e1 katol\u00edcka charita","url":"https:\/\/www.charita.sk\/svet\/","logo":{"@type":"ImageObject","inLanguage":"sk-SK","@id":"https:\/\/www.charita.sk\/svet\/#\/schema\/logo\/image\/","url":"https:\/\/www.charita.sk\/pomoc-utecencom\/wp-content\/uploads\/2020\/11\/logo_pomoc_utecencom.jpg","contentUrl":"https:\/\/www.charita.sk\/pomoc-utecencom\/wp-content\/uploads\/2020\/11\/logo_pomoc_utecencom.jpg","width":1712,"height":480,"caption":"Slovensk\u00e1 katol\u00edcka charita"},"image":{"@id":"https:\/\/www.charita.sk\/svet\/#\/schema\/logo\/image\/"},"sameAs":["https:\/\/www.facebook.com\/CaritasSlovakia\/","https:\/\/www.instagram.com\/caritas_slovakia\/","https:\/\/www.linkedin.com\/company\/caritas-slovakia-skch-","https:\/\/www.youtube.com\/user\/katolickacharita"]}]}},"featured_image_src":null,"featured_image_src_square":null,"_links":{"self":[{"href":"https:\/\/www.charita.sk\/svet\/wp-json\/wp\/v2\/pages\/67","targetHints":{"allow":["GET"]}}],"collection":[{"href":"https:\/\/www.charita.sk\/svet\/wp-json\/wp\/v2\/pages"}],"about":[{"href":"https:\/\/www.charita.sk\/svet\/wp-json\/wp\/v2\/types\/page"}],"author":[{"embeddable":true,"href":"https:\/\/www.charita.sk\/svet\/wp-json\/wp\/v2\/users\/2"}],"replies":[{"embeddable":true,"href":"https:\/\/www.charita.sk\/svet\/wp-json\/wp\/v2\/comments?post=67"}],"version-history":[{"count":10,"href":"https:\/\/www.charita.sk\/svet\/wp-json\/wp\/v2\/pages\/67\/revisions"}],"predecessor-version":[{"id":799,"href":"https:\/\/www.charita.sk\/svet\/wp-json\/wp\/v2\/pages\/67\/revisions\/799"}],"wp:attachment":[{"href":"https:\/\/www.charita.sk\/svet\/wp-json\/wp\/v2\/media?parent=67"}],"curies":[{"name":"wp","href":"https:\/\/api.w.org\/{rel}","templated":true}]}}